{"id":6097,"date":"2026-03-02T13:41:28","date_gmt":"2026-03-02T12:41:28","guid":{"rendered":"https:\/\/www.campingdes2plages.fr\/werbeaktionen\/"},"modified":"2026-07-30T15:50:53","modified_gmt":"2026-07-30T13:50:53","slug":"werbeaktionen","status":"publish","type":"page","link":"https:\/\/www.campingdes2plages.fr\/de\/werbeaktionen\/","title":{"rendered":"Angebote &#038; Aktionen 5-Sterne-Campingplatz in Saint-Palais-sur-Mer"},"content":{"rendered":"\n<div class=\"wp-block-group gt_1-cta-1photo_005 has-global-padding is-layout-constrained wp-container-core-group-is-layout-3240c459 wp-block-group-is-layout-constrained\" style=\"padding-top:4rem;padding-right:5rem;padding-bottom:6rem;padding-left:5rem\">\n<div class=\"wp-block-columns are-vertically-aligned-center is-layout-flex wp-container-core-columns-is-layout-35268d4b wp-block-columns-is-layout-flex\">\n<div class=\"wp-block-column is-vertically-aligned-center left animated slideInLeft is-layout-flow wp-block-column-is-layout-flow\">\n<figure class=\"wp-block-image size-full has-custom-border img-1\"><img decoding=\"async\" width=\"2560\" height=\"1920\" src=\"https:\/\/www.campingdes2plages.fr\/wp-content\/uploads\/2026\/01\/sebastien-jermer-getiodlljiq-unsplash-scaled.jpg\" alt=\"sebastien jermer getiodlljiq unsplash\" class=\"wp-image-5770\" style=\"border-radius:15px\" srcset=\"https:\/\/www.campingdes2plages.fr\/wp-content\/uploads\/2026\/01\/sebastien-jermer-getiodlljiq-unsplash-scaled.jpg 2560w, https:\/\/www.campingdes2plages.fr\/wp-content\/uploads\/2026\/01\/sebastien-jermer-getiodlljiq-unsplash-300x225.jpg 300w, https:\/\/www.campingdes2plages.fr\/wp-content\/uploads\/2026\/01\/sebastien-jermer-getiodlljiq-unsplash-1024x768.jpg 1024w, https:\/\/www.campingdes2plages.fr\/wp-content\/uploads\/2026\/01\/sebastien-jermer-getiodlljiq-unsplash-768x576.jpg 768w, https:\/\/www.campingdes2plages.fr\/wp-content\/uploads\/2026\/01\/sebastien-jermer-getiodlljiq-unsplash-1536x1152.jpg 1536w, https:\/\/www.campingdes2plages.fr\/wp-content\/uploads\/2026\/01\/sebastien-jermer-getiodlljiq-unsplash-2048x1536.jpg 2048w\" sizes=\"(max-width: 2560px) 100vw, 2560px\" \/><\/figure>\n\n\n\n<figure class=\"wp-block-image size-full has-custom-border img-2\" style=\"margin-top:0px;margin-bottom:0px\"><img decoding=\"async\" width=\"1920\" height=\"768\" src=\"https:\/\/www.campingdes2plages.fr\/wp-content\/uploads\/2026\/01\/restaurant-saint-palais-sur-mer-camping-des-2-plages-royan.jpg\" alt=\"restaurant saint palais sur mer camping des 2 plages royan\" class=\"wp-image-3786\" style=\"border-radius:15px\" srcset=\"https:\/\/www.campingdes2plages.fr\/wp-content\/uploads\/2026\/01\/restaurant-saint-palais-sur-mer-camping-des-2-plages-royan.jpg 1920w, https:\/\/www.campingdes2plages.fr\/wp-content\/uploads\/2026\/01\/restaurant-saint-palais-sur-mer-camping-des-2-plages-royan-300x120.jpg 300w, https:\/\/www.campingdes2plages.fr\/wp-content\/uploads\/2026\/01\/restaurant-saint-palais-sur-mer-camping-des-2-plages-royan-1024x410.jpg 1024w, https:\/\/www.campingdes2plages.fr\/wp-content\/uploads\/2026\/01\/restaurant-saint-palais-sur-mer-camping-des-2-plages-royan-768x307.jpg 768w, https:\/\/www.campingdes2plages.fr\/wp-content\/uploads\/2026\/01\/restaurant-saint-palais-sur-mer-camping-des-2-plages-royan-1536x614.jpg 1536w\" sizes=\"(max-width: 1920px) 100vw, 1920px\" \/><\/figure>\n\n\n\n<figure class=\"wp-block-image size-full has-custom-border img-3\" style=\"margin-top:0px;margin-bottom:0px\"><img decoding=\"async\" width=\"1160\" height=\"1376\" src=\"https:\/\/www.campingdes2plages.fr\/wp-content\/uploads\/2026\/01\/fond-metallique.jpg\" alt=\"Metallischer Boden\" class=\"wp-image-3337\" style=\"border-radius:0px\" srcset=\"https:\/\/www.campingdes2plages.fr\/wp-content\/uploads\/2026\/01\/fond-metallique.jpg 1160w, https:\/\/www.campingdes2plages.fr\/wp-content\/uploads\/2026\/01\/fond-metallique-253x300.jpg 253w, https:\/\/www.campingdes2plages.fr\/wp-content\/uploads\/2026\/01\/fond-metallique-863x1024.jpg 863w, https:\/\/www.campingdes2plages.fr\/wp-content\/uploads\/2026\/01\/fond-metallique-768x911.jpg 768w\" sizes=\"(max-width: 1160px) 100vw, 1160px\" \/><\/figure>\n<\/div>\n\n\n\n<div class=\"wp-block-column is-vertically-aligned-center right animated slideInUp is-layout-flow wp-block-column-is-layout-flow\" style=\"padding-right:5rem\">\n<div class=\"wp-block-group is-nowrap is-layout-flex wp-container-core-group-is-layout-f238930a wp-block-group-is-layout-flex\">\n<figure class=\"wp-block-image size-full is-resized\"><img decoding=\"async\" width=\"21\" height=\"21\" src=\"https:\/\/www.campingdes2plages.fr\/wp-content\/uploads\/2025\/11\/etoile-custom-beige.svg\" alt=\"Stern Custom beige\" class=\"wp-image-223\" style=\"object-fit:contain;width:21px;height:21px\"\/><\/figure>\n\n\n\n<p class=\"has-custom-color-4-color has-text-color has-link-color wp-elements-1 wp-block-paragraph\" style=\"font-size:clamp(0.875rem, 0.875rem + ((1vw - 0.2rem) * 0.525), 1.19rem);font-style:normal;font-weight:400;text-transform:uppercase\">Promotionen<\/p>\n<\/div>\n\n\n\n<h1 class=\"wp-block-heading has-calming-font-family\" style=\"font-size:clamp(2.178rem, 2.178rem + ((1vw - 0.2rem) * 2.953), 3.95rem);line-height:1;text-transform:uppercase\">Unsere Angebote F\u00fcr einen Aufenthalt zu wettbewerbsf\u00e4higen Preisen in Saint-Palais-sur-Mer<\/h1>\n\n\n\n<div class=\"wp-block-group content has-global-padding is-layout-constrained wp-container-core-group-is-layout-828f26ab wp-block-group-is-layout-constrained\" style=\"margin-top:0px;margin-bottom:0px;padding-top:4rem;padding-right:5rem;padding-bottom:4rem\">\n<figure class=\"wp-block-image aligncenter size-large\"><img decoding=\"async\" width=\"264\" height=\"22\" src=\"https:\/\/www.campingdes2plages.fr\/wp-content\/uploads\/2025\/11\/ligne-horizontale-et-point-beige.svg\" alt=\"horizontale Linie und beiger Punkt\" class=\"wp-image-377\"\/><\/figure>\n\n\n\n<p class=\"wp-block-paragraph\">Sind Sie auf der Suche nach einem prestigetr\u00e4chtigen Urlaub ohne Kompromisse bei Ihrem Budget?  <\/p>\n\n\n\n<p class=\"wp-block-paragraph\">Der <a href=\"https:\/\/www.campingdes2plages.fr\/de\/\">Camping des 2 Plages<\/a> bietet Ihnen die M\u00f6glichkeit, eine <strong>5-Sterne-Umgebung in der Charente-Maritime<\/strong> zu genie\u00dfen und gleichzeitig Ihre Ausgaben zu kontrollieren! Bei jeder Reservierung eines Aufenthalts verpflichten wir uns, Ihnen eine erstklassige Leistung zum g\u00fcnstigsten Preis anzubieten. Dar\u00fcber hinaus bieten wir Ihnen <strong>Sonderangebote<\/strong>, die Ihren Geldbeutel schonen.   \u00dcber die luxuri\u00f6se Unterkunft hinaus sind es die <strong>im Preis inbegriffenen Leistungen und Vorteile<\/strong>, die Ihr Erlebnis bei uns zu etwas ganz Besonderem machen!<\/p>\n\n\n\n<p class=\"wp-block-paragraph\">Folgen Sie unseren <strong>guten Tipps<\/strong> und nutzen Sie die <strong>besten Angebote<\/strong> f\u00fcr Ihren <strong>Urlaub an der C\u00f4te de Beaut\u00e9<\/strong>, nur 600 Meter von den feinen Sandstr\u00e4nden entfernt!<\/p>\n\n\n<p><script>\n    window.ctoutvert = {\n\t\tid: 5028, \n\t\tlang: 'fr', \n\t\turl: 'https:\/\/reservation.secureholiday.net\/widgets\/'\n    };\n    (function (w, d, s, ctv, r, js, fjs) {\n        r=new XMLHttpRequest();r.open('GET',w[ctv].url+'js\/src.json');\n        r.responseType='json';r.json=true;r.send();\n        r.onload=function(){w[ctv].src=r.responseType=='json'?r.response:JSON.parse(r.response);\n        js.src=w[ctv].src[0];fjs.parentNode.insertBefore(js, fjs);}\n        js=d.createElement(s),fjs=d.getElementsByTagName(s)[0];\n        js.id='ctvwidget';js.async=1;\n    }(window, document, 'script', 'ctoutvert'));\n<\/script><br \/>\n<ctv-stays ><\/ctv-stays><\/p>\n<\/div>\n<\/div>\n<\/div>\n\n\n\n<figure class=\"wp-block-image size-full background-image\"><img decoding=\"async\" width=\"615\" height=\"622\" src=\"https:\/\/www.campingdes2plages.fr\/wp-content\/uploads\/2025\/11\/dessin-coquillages-fond.webp\" alt=\"Zeichnung Muscheln Hintergrund\" class=\"wp-image-297\" style=\"aspect-ratio:1;object-fit:contain\" srcset=\"https:\/\/www.campingdes2plages.fr\/wp-content\/uploads\/2025\/11\/dessin-coquillages-fond.webp 615w, https:\/\/www.campingdes2plages.fr\/wp-content\/uploads\/2025\/11\/dessin-coquillages-fond-297x300.webp 297w\" sizes=\"(max-width: 615px) 100vw, 615px\" \/><\/figure>\n<\/div>\n\n<div class=\"wp-block-group section-simple has-global-padding is-layout-constrained wp-container-core-group-is-layout-7172484c wp-block-group-is-layout-constrained\" style=\"margin-top:0px;margin-bottom:0px;padding-top:2rem;padding-right:10rem;padding-bottom:2rem;padding-left:10rem\">\n<div class=\"wp-block-columns are-vertically-aligned-center is-layout-flex wp-container-core-columns-is-layout-63b5c8f0 wp-block-columns-is-layout-flex\">\n<div class=\"wp-block-column is-vertically-aligned-center is-layout-flow wp-block-column-is-layout-flow\">\n<h2 class=\"wp-block-heading\">Sommerausfl\u00fcge: Genie\u00dfen Sie unsere Kurzurlaube am Meer in der N\u00e4he von Royan<\/h2>\n\n\n\n<p class=\"wp-block-paragraph\">Haben Sie Lust auf ein paar Tage Entspannung, ohne auf die gro\u00dfen Ferien warten zu m\u00fcssen? Nutzen Sie unsere Verf\u00fcgbarkeiten f\u00fcr Kurzaufenthalte den ganzen Sommer \u00fcber und g\u00f6nnen Sie sich eine Auszeit voller Wohlbefinden, nur wenige Schritte vom Strand von Saint-Palais-sur-Mer entfernt. <\/p>\n\n\n\n<h3 class=\"wp-block-heading\">Unsere aktuellen Angebote in Saint-Palais-sur-Mer<\/h3>\n\n\n\n<h4 class=\"wp-block-heading\">Cottage Cordouan Spa mit 2 Schlafzimmern<\/h4>\n\n\n\n<p class=\"wp-block-paragraph\">\u2728 Premium-Unterkunft mit eigenem Spa<\/p>\n\n\n\n<ul class=\"wp-block-list\">\n<li><\/li>\n<\/ul>\n\n\n\n<h4 class=\"wp-block-heading\">Mobilheim Prestige 2 Schlafzimmer mit festen Betten, Wifi, Klimaanlage, Grill, 2 Fahrr\u00e4der und Reinigung inbegriffen.<\/h4>\n\n\n\n<p class=\"wp-block-paragraph\">\ud83c\udf3f Komfort und Platz f\u00fcr einen Urlaub in aller Ruhe<\/p>\n\n\n\n<ul class=\"wp-block-list\">\n<li>Vom 22. bis 26. Juli 2026 (4 \u00dcbernachtungen): <strong>924 \u20ac<\/strong> <strong><a href=\"https:\/\/reservation.secureholiday.net\/fr\/5028\/search\/product-list?_gl=1%2ad8hqvo%2a_ga%2aMTczMDYxMjUxNy4xNzcyNzg5MTg5%2a_ga_SNWNH0476V%2aczE3ODA2NDc4NTEkbzQ0JGcxJHQxNzgwNjUyNTkxJGo2MCRsMCRoMA..%2a_ga_GSX6C1DYG3%2aczE3ODA2NDc4NTEkbzE5JGcxJHQxNzgwNjUyNTkxJGo2MCRsMCRoMA..%2a_ga_BNGDS4YQX0%2aczE3ODA2NDc4NTEkbzkyJGcxJHQxNzgwNjUyNTkxJGo2MCRsMCRoMA..&amp;filterStatus=hideFilters&amp;travelers=2%40&amp;dateStart=22%2F07%2F2026&amp;dateEnd=26%2F07%2F2026\" data-type=\"link\" data-id=\"https:\/\/reservation.secureholiday.net\/fr\/5028\/search\/product-list?_gl=1%2ad8hqvo%2a_ga%2aMTczMDYxMjUxNy4xNzcyNzg5MTg5%2a_ga_SNWNH0476V%2aczE3ODA2NDc4NTEkbzQ0JGcxJHQxNzgwNjUyNTkxJGo2MCRsMCRoMA..%2a_ga_GSX6C1DYG3%2aczE3ODA2NDc4NTEkbzE5JGcxJHQxNzgwNjUyNTkxJGo2MCRsMCRoMA..%2a_ga_BNGDS4YQX0%2aczE3ODA2NDc4NTEkbzkyJGcxJHQxNzgwNjUyNTkxJGo2MCRsMCRoMA..&amp;filterStatus=hideFilters&amp;travelers=2%40&amp;dateStart=22%2F07%2F2026&amp;dateEnd=26%2F07%2F2026\" target=\"_blank\" rel=\"noreferrer noopener nofollow\">Ich mache eine Reservierung f\u00fcr diesen Aufenthalt<\/a><\/strong><\/li>\n\n\n\n<li>Vom 29. Juli bis zum 2. August 2026 (4 \u00dcbernachtungen): <strong>980 \u20ac<\/strong> <a href=\"https:\/\/reservation.secureholiday.net\/fr\/5028\/search\/product-list?_gl=1%2ad8hqvo%2a_ga%2aMTczMDYxMjUxNy4xNzcyNzg5MTg5%2a_ga_SNWNH0476V%2aczE3ODA2NDc4NTEkbzQ0JGcxJHQxNzgwNjUyNTkxJGo2MCRsMCRoMA..%2a_ga_GSX6C1DYG3%2aczE3ODA2NDc4NTEkbzE5JGcxJHQxNzgwNjUyNTkxJGo2MCRsMCRoMA..%2a_ga_BNGDS4YQX0%2aczE3ODA2NDc4NTEkbzkyJGcxJHQxNzgwNjUyNTkxJGo2MCRsMCRoMA..&amp;filterStatus=hideFilters&amp;travelers=2%40&amp;dateStart=29%2F07%2F2026&amp;dateEnd=02%2F08%2F2026\" data-type=\"link\" data-id=\"https:\/\/reservation.secureholiday.net\/fr\/5028\/search\/product-list?_gl=1%2ad8hqvo%2a_ga%2aMTczMDYxMjUxNy4xNzcyNzg5MTg5%2a_ga_SNWNH0476V%2aczE3ODA2NDc4NTEkbzQ0JGcxJHQxNzgwNjUyNTkxJGo2MCRsMCRoMA..%2a_ga_GSX6C1DYG3%2aczE3ODA2NDc4NTEkbzE5JGcxJHQxNzgwNjUyNTkxJGo2MCRsMCRoMA..%2a_ga_BNGDS4YQX0%2aczE3ODA2NDc4NTEkbzkyJGcxJHQxNzgwNjUyNTkxJGo2MCRsMCRoMA..&amp;filterStatus=hideFilters&amp;travelers=2%40&amp;dateStart=29%2F07%2F2026&amp;dateEnd=02%2F08%2F2026\" target=\"_blank\" rel=\"noreferrer noopener nofollow\">Ich mache eine Reservierung f\u00fcr diesen Aufenthalt<\/a><\/li>\n\n\n\n<li>Vom 19. bis 22. August 2026 (3 \u00dcbernachtungen): <strong>726 \u20ac<\/strong> <a href=\"https:\/\/reservation.secureholiday.net\/fr\/5028\/search\/product-list?_gl=1%2ad8hqvo%2a_ga%2aMTczMDYxMjUxNy4xNzcyNzg5MTg5%2a_ga_SNWNH0476V%2aczE3ODA2NDc4NTEkbzQ0JGcxJHQxNzgwNjUyNTkxJGo2MCRsMCRoMA..%2a_ga_GSX6C1DYG3%2aczE3ODA2NDc4NTEkbzE5JGcxJHQxNzgwNjUyNTkxJGo2MCRsMCRoMA..%2a_ga_BNGDS4YQX0%2aczE3ODA2NDc4NTEkbzkyJGcxJHQxNzgwNjUyNTkxJGo2MCRsMCRoMA..&amp;filterStatus=hideFilters&amp;travelers=2%40&amp;dateStart=19%2F08%2F2026&amp;dateEnd=22%2F08%2F2026\" data-type=\"link\" data-id=\"https:\/\/reservation.secureholiday.net\/fr\/5028\/search\/product-list?_gl=1%2ad8hqvo%2a_ga%2aMTczMDYxMjUxNy4xNzcyNzg5MTg5%2a_ga_SNWNH0476V%2aczE3ODA2NDc4NTEkbzQ0JGcxJHQxNzgwNjUyNTkxJGo2MCRsMCRoMA..%2a_ga_GSX6C1DYG3%2aczE3ODA2NDc4NTEkbzE5JGcxJHQxNzgwNjUyNTkxJGo2MCRsMCRoMA..%2a_ga_BNGDS4YQX0%2aczE3ODA2NDc4NTEkbzkyJGcxJHQxNzgwNjUyNTkxJGo2MCRsMCRoMA..&amp;filterStatus=hideFilters&amp;travelers=2%40&amp;dateStart=19%2F08%2F2026&amp;dateEnd=22%2F08%2F2026\" target=\"_blank\" rel=\"noreferrer noopener nofollow\">Ich mache eine Reservierung f\u00fcr diesen Aufenthalt<\/a><\/li>\n<\/ul>\n\n\n\n<h4 class=\"wp-block-heading\">Mobilheim \u201eFamily Fun Clim\u201c mit 2 Schlafzimmern<\/h4>\n\n\n\n<p class=\"wp-block-paragraph\">\u2600\ufe0f Ideal f\u00fcr einen Familienurlaub<\/p>\n\n\n\n<ul class=\"wp-block-list\">\n<li>Vom 4. bis 8. Juli 2026 (4 \u00dcbernachtungen): <strong>596 \u20ac<\/strong><a href=\"https:\/\/reservation.secureholiday.net\/fr\/5028\/search\/product-list?_gl=1%2ad8hqvo%2a_ga%2aMTczMDYxMjUxNy4xNzcyNzg5MTg5%2a_ga_SNWNH0476V%2aczE3ODA2NDc4NTEkbzQ0JGcxJHQxNzgwNjUyNTkxJGo2MCRsMCRoMA..%2a_ga_GSX6C1DYG3%2aczE3ODA2NDc4NTEkbzE5JGcxJHQxNzgwNjUyNTkxJGo2MCRsMCRoMA..%2a_ga_BNGDS4YQX0%2aczE3ODA2NDc4NTEkbzkyJGcxJHQxNzgwNjUyNTkxJGo2MCRsMCRoMA..&amp;filterStatus=hideFilters&amp;travelers=2%40&amp;dateStart=04%2F07%2F2026&amp;dateEnd=08%2F07%2F2026\" data-type=\"link\" data-id=\"https:\/\/reservation.secureholiday.net\/fr\/5028\/search\/product-list?_gl=1%2ad8hqvo%2a_ga%2aMTczMDYxMjUxNy4xNzcyNzg5MTg5%2a_ga_SNWNH0476V%2aczE3ODA2NDc4NTEkbzQ0JGcxJHQxNzgwNjUyNTkxJGo2MCRsMCRoMA..%2a_ga_GSX6C1DYG3%2aczE3ODA2NDc4NTEkbzE5JGcxJHQxNzgwNjUyNTkxJGo2MCRsMCRoMA..%2a_ga_BNGDS4YQX0%2aczE3ODA2NDc4NTEkbzkyJGcxJHQxNzgwNjUyNTkxJGo2MCRsMCRoMA..&amp;filterStatus=hideFilters&amp;travelers=2%40&amp;dateStart=04%2F07%2F2026&amp;dateEnd=08%2F07%2F2026\" target=\"_blank\" rel=\"noreferrer noopener nofollow\">Ich mache eine Reservierung f\u00fcr diesen Aufenthalt<\/a><\/li>\n\n\n\n<li>Vom 19. bis 22. August 2026 (3 \u00dcbernachtungen): <strong>600 \u20ac<\/strong> <a href=\"https:\/\/reservation.secureholiday.net\/fr\/5028\/search\/product-list?_gl=1%2ad8hqvo%2a_ga%2aMTczMDYxMjUxNy4xNzcyNzg5MTg5%2a_ga_SNWNH0476V%2aczE3ODA2NDc4NTEkbzQ0JGcxJHQxNzgwNjUyNTkxJGo2MCRsMCRoMA..%2a_ga_GSX6C1DYG3%2aczE3ODA2NDc4NTEkbzE5JGcxJHQxNzgwNjUyNTkxJGo2MCRsMCRoMA..%2a_ga_BNGDS4YQX0%2aczE3ODA2NDc4NTEkbzkyJGcxJHQxNzgwNjUyNTkxJGo2MCRsMCRoMA..&amp;filterStatus=hideFilters&amp;travelers=2%40&amp;dateStart=19%2F08%2F2026&amp;dateEnd=22%2F08%2F2026\" data-type=\"link\" data-id=\"https:\/\/reservation.secureholiday.net\/fr\/5028\/search\/product-list?_gl=1%2ad8hqvo%2a_ga%2aMTczMDYxMjUxNy4xNzcyNzg5MTg5%2a_ga_SNWNH0476V%2aczE3ODA2NDc4NTEkbzQ0JGcxJHQxNzgwNjUyNTkxJGo2MCRsMCRoMA..%2a_ga_GSX6C1DYG3%2aczE3ODA2NDc4NTEkbzE5JGcxJHQxNzgwNjUyNTkxJGo2MCRsMCRoMA..%2a_ga_BNGDS4YQX0%2aczE3ODA2NDc4NTEkbzkyJGcxJHQxNzgwNjUyNTkxJGo2MCRsMCRoMA..&amp;filterStatus=hideFilters&amp;travelers=2%40&amp;dateStart=19%2F08%2F2026&amp;dateEnd=22%2F08%2F2026\" target=\"_blank\" rel=\"noreferrer noopener nofollow\">Ich mache eine Reservierung f\u00fcr diesen Aufenthalt<\/a><\/li>\n<\/ul>\n\n\n\n<h4 class=\"wp-block-heading\">Eco&#8217;Lodge<\/h4>\n\n\n\n<p class=\"wp-block-paragraph\">\ud83c\udf32 Ein Naturerlebnis zum g\u00fcnstigen Preis<\/p>\n\n\n\n<ul class=\"wp-block-list\">\n<li>Vom 29. Juli bis zum 1. August 2026 (3 \u00dcbernachtungen): <strong>471 \u20ac<\/strong> <a href=\"https:\/\/reservation.secureholiday.net\/fr\/5028\/search\/product-list?_gl=1%2ad8hqvo%2a_ga%2aMTczMDYxMjUxNy4xNzcyNzg5MTg5%2a_ga_SNWNH0476V%2aczE3ODA2NDc4NTEkbzQ0JGcxJHQxNzgwNjUyNTkxJGo2MCRsMCRoMA..%2a_ga_GSX6C1DYG3%2aczE3ODA2NDc4NTEkbzE5JGcxJHQxNzgwNjUyNTkxJGo2MCRsMCRoMA..%2a_ga_BNGDS4YQX0%2aczE3ODA2NDc4NTEkbzkyJGcxJHQxNzgwNjUyNTkxJGo2MCRsMCRoMA..&amp;filterStatus=hideFilters&amp;travelers=2%40&amp;dateStart=29%2F07%2F2026&amp;dateEnd=01%2F08%2F2026\" data-type=\"link\" data-id=\"https:\/\/reservation.secureholiday.net\/fr\/5028\/search\/product-list?_gl=1%2ad8hqvo%2a_ga%2aMTczMDYxMjUxNy4xNzcyNzg5MTg5%2a_ga_SNWNH0476V%2aczE3ODA2NDc4NTEkbzQ0JGcxJHQxNzgwNjUyNTkxJGo2MCRsMCRoMA..%2a_ga_GSX6C1DYG3%2aczE3ODA2NDc4NTEkbzE5JGcxJHQxNzgwNjUyNTkxJGo2MCRsMCRoMA..%2a_ga_BNGDS4YQX0%2aczE3ODA2NDc4NTEkbzkyJGcxJHQxNzgwNjUyNTkxJGo2MCRsMCRoMA..&amp;filterStatus=hideFilters&amp;travelers=2%40&amp;dateStart=29%2F07%2F2026&amp;dateEnd=01%2F08%2F2026\" target=\"_blank\" rel=\"noreferrer noopener nofollow\">Ich erstelle eine Reservierung f\u00fcr diesen Aufenthalt<\/a><\/li>\n<\/ul>\n\n\n\n<h3 class=\"wp-block-heading\">F\u00fchren Sie eine Reservierung zum besten Preis durch<\/h3>\n\n\n\n<p class=\"wp-block-paragraph\">Diese Angebote sind ausschlie\u00dflich bei einer Direktreservierung \u00fcber unsere offizielle Website verf\u00fcgbar. Profitieren Sie von unseren garantierten Bestpreisen ohne Vermittlungsgeb\u00fchren und genie\u00dfen Sie alle Vorteile einer Direktreservierung. <\/p>\n\n\n\n<p class=\"wp-block-paragraph\"><strong>Bitte beachten Sie, dass diese Pl\u00e4tze begrenzt sind und m\u00f6glicherweise schnell f\u00fcr Reservierungen zur Verf\u00fcgung stehen k\u00f6nnten.<\/strong><\/p>\n<\/div>\n\n\n\n<div class=\"wp-block-column is-vertically-aligned-center is-layout-flow wp-block-column-is-layout-flow\">\n<figure class=\"wp-block-image size-full has-custom-border\"><img decoding=\"async\" width=\"1254\" height=\"1254\" src=\"https:\/\/www.campingdes2plages.fr\/wp-content\/uploads\/2026\/06\/chatgpt-image-5-juin-2026-12_22_28.png\" alt=\"Angebote f&#xFC;r Kurzaufenthalte in Royan\" class=\"wp-image-7267\" style=\"border-radius:15px;box-shadow:var(--wp--preset--shadow--natural)\" srcset=\"https:\/\/www.campingdes2plages.fr\/wp-content\/uploads\/2026\/06\/chatgpt-image-5-juin-2026-12_22_28.png 1254w, https:\/\/www.campingdes2plages.fr\/wp-content\/uploads\/2026\/06\/chatgpt-image-5-juin-2026-12_22_28-300x300.png 300w, https:\/\/www.campingdes2plages.fr\/wp-content\/uploads\/2026\/06\/chatgpt-image-5-juin-2026-12_22_28-1024x1024.png 1024w, https:\/\/www.campingdes2plages.fr\/wp-content\/uploads\/2026\/06\/chatgpt-image-5-juin-2026-12_22_28-150x150.png 150w, https:\/\/www.campingdes2plages.fr\/wp-content\/uploads\/2026\/06\/chatgpt-image-5-juin-2026-12_22_28-768x768.png 768w\" sizes=\"(max-width: 1254px) 100vw, 1254px\" \/><\/figure>\n<\/div>\n<\/div>\n<\/div>\n\n<div class=\"wp-block-group gt_1-cta-1photofull_001 has-global-padding is-layout-constrained wp-container-core-group-is-layout-31d61911 wp-block-group-is-layout-constrained\" style=\"margin-top:0px;margin-bottom:0px;padding-right:2rem;padding-left:2rem\">\n<div class=\"wp-block-cover is-light gt-multiple-images-cover has-slider\" style=\"border-radius:25px;min-height:100vh;aspect-ratio:unset;\" data-image-ids=\"[2665]\"><div class=\"gt-is-slider swiper-container\" data-swiper=\"{&quot;speed&quot;:1000,&quot;autoplay&quot;:{&quot;delay&quot;:5000,&quot;disableOnInteraction&quot;:false},&quot;spaceBetween&quot;:0,&quot;slidesPerView&quot;:1,&quot;pagination&quot;:{&quot;el&quot;:&quot;.swiper-pagination&quot;,&quot;dynamicBullets&quot;:true,&quot;clickable&quot;:true,&quot;type&quot;:&quot;bullets&quot;},&quot;navigation&quot;:{&quot;nextEl&quot;:&quot;.gt_1-cta-1photofull_001 .arrow-slider-next&quot;,&quot;prevEl&quot;:&quot;.gt_1-cta-1photofull_001 .arrow-slider-prev&quot;},&quot;breakpoints&quot;:[{&quot;slidesPerView&quot;:1}],&quot;effect&quot;:&quot;fade&quot;}\"><div class=\"swiper-wrapper\"><div class=\"swiper-slide\"><img decoding=\"async\" src=\"https:\/\/www.campingdes2plages.fr\/wp-content\/uploads\/2026\/01\/le-meilleur-prix-en-reservant-en-direct.jpg\" alt=\"le meilleur prix en reservant en direct\" class=\"gt-cover-image\" \/><\/div><\/div><\/div><span aria-hidden=\"true\" class=\"wp-block-cover__background has-background-dim-0 has-background-dim\"><\/span><div class=\"wp-block-cover__inner-container has-global-padding is-layout-constrained wp-container-core-cover-is-layout-6b3b7742 wp-block-cover-is-layout-constrained\">\n<div class=\"wp-block-group content has-custom-color-1-background-color has-background has-global-padding is-layout-constrained wp-container-core-group-is-layout-25b9619d wp-block-group-is-layout-constrained\" style=\"border-radius:25px;padding-top:0rem;padding-right:6rem;padding-bottom:4rem;padding-left:6rem\">\n<figure class=\"wp-block-image aligncenter size-large\"><img decoding=\"async\" width=\"22\" height=\"122\" src=\"https:\/\/www.campingdes2plages.fr\/wp-content\/uploads\/2025\/11\/ligne-verticale-et-point-beige.svg\" alt=\"vertikale Linie und beiger Punkt\" class=\"wp-image-334\"\/><\/figure>\n\n\n\n<p class=\"has-text-align-center animated slideInUp has-custom-color-3-color has-text-color has-link-color has-calming-font-family wp-elements-2 wp-block-paragraph\" style=\"font-size:clamp(2.178rem, 2.178rem + ((1vw - 0.2rem) * 2.953), 3.95rem);line-height:1;text-transform:uppercase\"><strong>Reservierung<\/strong><\/p>\n\n\n\n<h2 class=\"wp-block-heading has-text-align-center animated slideInUp has-custom-color-3-color has-text-color has-link-color wp-elements-3\">Exklusive Angebote f\u00fcr einen erschwinglichen Aufenthalt in Charente-Maritime<\/h2>\n\n\n\n<p class=\"has-text-align-center animated slideInUp has-custom-color-3-color has-text-color has-link-color wp-elements-4 wp-block-paragraph\">Mit jeder <strong>Reservierung<\/strong> erhalten Sie Zugang zu einem erstklassigen Kinderclub, Abendunterhaltung und unseren Sport- und Wasserkomplexen. Dies ist die Garantie, dass Sie eine 5-Sterne-Infrastruktur genie\u00dfen k\u00f6nnen, ohne einen Cent mehr zu bezahlen, unabh\u00e4ngig von der Art der Unterkunft, die Sie f\u00fcr Ihren Aufenthalt gew\u00e4hlt haben. <\/p>\n\n\n\n<p class=\"animated slideInUp has-custom-color-3-color has-text-color has-link-color wp-elements-5 wp-block-paragraph\">Wir werten Ihren Besuch mit <strong>speziellen Angeboten<\/strong> auf, die von der Dauer Ihres Aufenthaltes und der Dauer Ihrer Reservierung abh\u00e4ngen. So k\u00f6nnen wir Ihnen z.B. Folgendes anbieten <\/p>\n\n\n\n<ul class=\"wp-block-list\">\n<li class=\"animated slideInUp has-custom-color-3-color has-text-color has-link-color wp-elements-6\">Ein <strong>Familienpaket<\/strong>.<\/li>\n\n\n\n<li class=\"animated slideInUp has-custom-color-3-color has-text-color has-link-color wp-elements-7\">Ein <strong>Angebot f\u00fcr einen Kurzaufenthalt<\/strong>.<\/li>\n\n\n\n<li class=\"animated slideInUp has-custom-color-3-color has-text-color has-link-color wp-elements-8\"><strong>Befreiung von Bearbeitungsgeb\u00fchren<\/strong> f\u00fcr bestimmte Angebote.<\/li>\n\n\n\n<li class=\"animated slideInUp has-custom-color-3-color has-text-color has-link-color wp-elements-9\">Eine <strong>degressive Erm\u00e4\u00dfigung, die von der Dauer Ihres Aufenthalts abh\u00e4ngt<\/strong>.<\/li>\n\n\n\n<li class=\"animated slideInUp has-custom-color-3-color has-text-color has-link-color wp-elements-10\">Und noch viel mehr!<\/li>\n<\/ul>\n\n\n\n<p class=\"has-text-align-center animated slideInUp has-custom-color-3-color has-text-color has-link-color wp-elements-11 wp-block-paragraph\">Bei jeder Promotion achten wir stets darauf, dass unsere <strong>touristischen<\/strong> <strong>Produkte<\/strong> Ihren finanziellen Erwartungen und Ihrem Wunsch nach Komfort entsprechen!<\/p>\n<\/div>\n\n\n\n<figure class=\"wp-block-image size-large arrow-slider-prev\"><img decoding=\"async\" width=\"87\" height=\"11\" src=\"https:\/\/www.campingdes2plages.fr\/wp-content\/uploads\/2025\/11\/fleche-longue-gauche-beige.svg\" alt=\"Langpfeil links beige\" class=\"wp-image-351\"\/><\/figure>\n\n\n\n<figure class=\"wp-block-image size-large arrow-slider-next\"><img decoding=\"async\" width=\"87\" height=\"11\" src=\"https:\/\/www.campingdes2plages.fr\/wp-content\/uploads\/2025\/11\/fleche-longue-droite-beige.svg\" alt=\"Langpfeil gerade beige\" class=\"wp-image-347\"\/><\/figure>\n<\/div><\/div>\n<\/div>\n\n<div class=\"wp-block-group section-simple has-global-padding is-layout-constrained wp-container-core-group-is-layout-7172484c wp-block-group-is-layout-constrained\" style=\"margin-top:0px;margin-bottom:0px;padding-top:2rem;padding-right:10rem;padding-bottom:2rem;padding-left:10rem\">\n<div class=\"wp-block-columns are-vertically-aligned-center is-layout-flex wp-container-core-columns-is-layout-63b5c8f0 wp-block-columns-is-layout-flex\">\n<div class=\"wp-block-column is-vertically-aligned-center is-layout-flow wp-block-column-is-layout-flow\">\n<h2 class=\"wp-block-heading\">Profitieren Sie von einem ausgezeichneten Preis-Leistungs-Verh\u00e4ltnis, indem Sie online reservieren!<\/h2>\n\n\n\n<p class=\"wp-block-paragraph\">Der <strong>Weg \u00fcber unsere offizielle Website<\/strong> ist die ideale Strategie, um Luxus und Sparen ohne Kompromisse zu verbinden!<\/p>\n\n\n\n<p class=\"wp-block-paragraph\">Profitieren Sie von einer erheblichen <strong>Reduzierung<\/strong> Ihres Urlaubsbudgets, indem Sie von den <strong>Sonderangeboten<\/strong> profitieren, die Ihnen bei der <strong>Online-Reservierung<\/strong> angeboten werden. Diese Vorgehensweise sichert Ihnen eine <strong>Web-Exklusivit\u00e4t<\/strong>, die Ihnen den Zugang zu den besten aktuellen <strong>Preisen<\/strong> erm\u00f6glicht, und das ohne Agenturgeb\u00fchren! Wenn Sie sich f\u00fcr ein <strong>Paket<\/strong> oder ein einmaliges <strong>Angebot<\/strong> entscheiden, k\u00f6nnen Sie sicher sein, dass Sie nicht nur von einem ausgezeichneten <strong>Preis<\/strong>, sondern auch von der Einhaltung unserer <strong>Datenschutzrichtlinie<\/strong> profitieren.    <\/p>\n\n\n\n<p class=\"wp-block-paragraph\">Nutzen Sie diese <strong>Angebote<\/strong> jetzt und <strong>buchen Sie Ihren 5-Sterne-Aufenthalt in Saint-Palais-sur-Mer zum g\u00fcnstigsten Preis auf dem Markt<\/strong>!<\/p>\n\n\n\n<div data-swiper=\"{&quot;speed&quot;:400,&quot;spaceBetween&quot;:16,&quot;slidesPerView&quot;:2,&quot;createElements&quot;:true,&quot;loop&quot;:true,&quot;freemode&quot;:true,&quot;navigation&quot;:{&quot;nextEl&quot;:&quot;buttonNext&quot;,&quot;prevEl&quot;:&quot;buttonPrev&quot;},&quot;pagination&quot;:{&quot;el&quot;:&quot;.swiper-pagination&quot;,&quot;dynamicBullets&quot;:true},&quot;breakpoints&quot;:{&quot;0&quot;:{&quot;slidesPerView&quot;:1},&quot;1450&quot;:{&quot;slidesPerView&quot;:2}},&quot;autoplay&quot;:true,&quot;delay&quot;:3000}\" class=\"wp-block-query alignwide gt-ws-ctv-offres-speciales-query gt-is-slider gt-is-slider-desktop is-layout-flow wp-block-query-is-layout-flow\"><ul class=\"wp-block-post-template is-layout-flow wp-block-post-template-is-layout-flow\"><li class=\"wp-block-post post-7651 offre_speciale type-offre_speciale status-publish has-post-thumbnail hentry\">\n\n<div class=\"wp-block-group has-base-2-background-color has-background is-layout-flow wp-block-group-is-layout-flow\" style=\"border-top-left-radius:20px;border-top-right-radius:20px;border-bottom-left-radius:20px;border-bottom-right-radius:20px;padding-top:var(--wp--preset--spacing--10);padding-right:var(--wp--preset--spacing--10);padding-bottom:var(--wp--preset--spacing--10);padding-left:var(--wp--preset--spacing--10)\">\n\n<h2 style=\"font-size:clamp(0.984rem, 0.984rem + ((1vw - 0.2rem) * 0.86), 1.5rem)\" class=\"has-text-align-center wp-block-post-title\">Mietunterkunft - Sonntag 16  August - 6 Tage : **Aktionsangebot<\/h2>\n\n\n<div class=\"wp-block-group is-content-justification-center is-layout-flex wp-container-core-group-is-layout-94b61000 wp-block-group-is-layout-flex\" style=\"font-size:clamp(0.875rem, 0.875rem + ((1vw - 0.2rem) * 0.042), 0.9rem);\">\n<div class=\"wp-block-gt-gt-ws-ctv-offer-dates\">\n    Von 16\/08\/2026 au 22\/08\/2026<\/div>\n\n<\/div>\n\n\n\n<div class=\"wp-block-group is-content-justification-center is-nowrap is-layout-flex wp-container-core-group-is-layout-82936891 wp-block-group-is-layout-flex\"><div class=\"wp-block-gt-gt-ws-ctv-offer-conditions\">\n            <ul>\n                            <li>Buchungsgeb\u00fchr : 25 \u20ac<\/li>\n                    <\/ul>\n    <\/div>\n\n<\/div>\n\n\n<a \n    class=\"is-style-lien-cover has-sr-only-text wp-block-gt-gt-ws-ctv-offer-reservation-link\"    href=\"https:\/\/reservation.secureholiday.net\/de\/5028\/search\/product-list\/?widgetOfferId=173917\" \n    target=\"_blank\"\n    aria-label=\"Das Angebot ansehen Mietunterkunft - Sonntag 16  August - 6 Tage : **Aktionsangebot\"\n    rel=\"noopener noreferrer\">\n    <span class=\"sr-only\">Voir l&#039;offre<\/span>\n<\/a>\n\n\n\n\n<div class=\"wp-block-buttons is-content-justification-center is-layout-flex wp-container-core-buttons-is-layout-4937f1ce wp-block-buttons-is-layout-flex\" style=\"padding-top:1rem\">\n<div class=\"wp-block-button btn-1 is-style-outline is-style-outline--1\"><a class=\"wp-block-button__link has-custom-color-1-color has-text-color has-link-color has-border-color has-text-align-center has-custom-font-size wp-element-button\" style=\"border-color:#cfa379;border-width:1px;border-radius:100px;padding-right:30px;padding-left:30px;font-size:clamp(0.875rem, 0.875rem + ((1vw - 0.2rem) * 0.492), 1.17rem);font-style:normal;font-weight:300;text-transform:uppercase\"><img decoding=\"async\" width=\"43\" height=\"1\" class=\"wp-image-289\" style=\"width: 43px;\" src=\"https:\/\/www.campingdes2plages.fr\/wp-content\/uploads\/2025\/11\/ligne-beige.svg\" alt=\"beige Linie\"\/><img decoding=\"async\" width=\"21\" height=\"21\" class=\"wp-image-223\" style=\"width: 21px;\" src=\"https:\/\/www.campingdes2plages.fr\/wp-content\/uploads\/2025\/11\/etoile-custom-beige.svg\" alt=\"Stern Custom beige\"\/>SEHEN Sie das Angebot<\/a><\/div>\n<\/div>\n<\/div>\n\n<\/li><li class=\"wp-block-post post-7656 offre_speciale type-offre_speciale status-publish has-post-thumbnail hentry\">\n\n<div class=\"wp-block-group has-base-2-background-color has-background is-layout-flow wp-block-group-is-layout-flow\" style=\"border-top-left-radius:20px;border-top-right-radius:20px;border-bottom-left-radius:20px;border-bottom-right-radius:20px;padding-top:var(--wp--preset--spacing--10);padding-right:var(--wp--preset--spacing--10);padding-bottom:var(--wp--preset--spacing--10);padding-left:var(--wp--preset--spacing--10)\">\n\n<h2 style=\"font-size:clamp(0.984rem, 0.984rem + ((1vw - 0.2rem) * 0.86), 1.5rem)\" class=\"has-text-align-center wp-block-post-title\">Mietunterkunft - Sonntag 16  August - 6 Tage : **Achtung: letzte Verf\u00fcgbarkeiten<\/h2>\n\n\n<div class=\"wp-block-group is-content-justification-center is-layout-flex wp-container-core-group-is-layout-94b61000 wp-block-group-is-layout-flex\" style=\"font-size:clamp(0.875rem, 0.875rem + ((1vw - 0.2rem) * 0.042), 0.9rem);\">\n<div class=\"wp-block-gt-gt-ws-ctv-offer-dates\">\n    Von 16\/08\/2026 au 22\/08\/2026<\/div>\n\n<\/div>\n\n\n\n<div class=\"wp-block-group is-content-justification-center is-nowrap is-layout-flex wp-container-core-group-is-layout-82936891 wp-block-group-is-layout-flex\"><div class=\"wp-block-gt-gt-ws-ctv-offer-conditions\">\n            <ul>\n                            <li>Buchungsgeb\u00fchr : 25 \u20ac<\/li>\n                    <\/ul>\n    <\/div>\n\n<\/div>\n\n\n<a \n    class=\"is-style-lien-cover has-sr-only-text wp-block-gt-gt-ws-ctv-offer-reservation-link\"    href=\"https:\/\/reservation.secureholiday.net\/de\/5028\/search\/product-list\/?widgetOfferId=173929\" \n    target=\"_blank\"\n    aria-label=\"Das Angebot ansehen Mietunterkunft - Sonntag 16  August - 6 Tage : **Achtung: letzte Verf\u00fcgbarkeiten\"\n    rel=\"noopener noreferrer\">\n    <span class=\"sr-only\">Voir l&#039;offre<\/span>\n<\/a>\n\n\n\n\n<div class=\"wp-block-buttons is-content-justification-center is-layout-flex wp-container-core-buttons-is-layout-4937f1ce wp-block-buttons-is-layout-flex\" style=\"padding-top:1rem\">\n<div class=\"wp-block-button btn-1 is-style-outline is-style-outline--2\"><a class=\"wp-block-button__link has-custom-color-1-color has-text-color has-link-color has-border-color has-text-align-center has-custom-font-size wp-element-button\" style=\"border-color:#cfa379;border-width:1px;border-radius:100px;padding-right:30px;padding-left:30px;font-size:clamp(0.875rem, 0.875rem + ((1vw - 0.2rem) * 0.492), 1.17rem);font-style:normal;font-weight:300;text-transform:uppercase\"><img decoding=\"async\" width=\"43\" height=\"1\" class=\"wp-image-289\" style=\"width: 43px;\" src=\"https:\/\/www.campingdes2plages.fr\/wp-content\/uploads\/2025\/11\/ligne-beige.svg\" alt=\"beige Linie\"\/><img decoding=\"async\" width=\"21\" height=\"21\" class=\"wp-image-223\" style=\"width: 21px;\" src=\"https:\/\/www.campingdes2plages.fr\/wp-content\/uploads\/2025\/11\/etoile-custom-beige.svg\" alt=\"Stern Custom beige\"\/>SEHEN Sie das Angebot<\/a><\/div>\n<\/div>\n<\/div>\n\n<\/li><li class=\"wp-block-post post-7393 offre_speciale type-offre_speciale status-publish has-post-thumbnail hentry\">\n\n<div class=\"wp-block-group has-base-2-background-color has-background is-layout-flow wp-block-group-is-layout-flow\" style=\"border-top-left-radius:20px;border-top-right-radius:20px;border-bottom-left-radius:20px;border-bottom-right-radius:20px;padding-top:var(--wp--preset--spacing--10);padding-right:var(--wp--preset--spacing--10);padding-bottom:var(--wp--preset--spacing--10);padding-left:var(--wp--preset--spacing--10)\">\n\n<h2 style=\"font-size:clamp(0.984rem, 0.984rem + ((1vw - 0.2rem) * 0.86), 1.5rem)\" class=\"has-text-align-center wp-block-post-title\">Mietunterkunft - Sonntag 12  Juli - 7 Tage : **Warten Sie nicht l\u00e4nger, buchen Sie jetzt!<\/h2>\n\n\n<div class=\"wp-block-group is-content-justification-center is-layout-flex wp-container-core-group-is-layout-94b61000 wp-block-group-is-layout-flex\" style=\"font-size:clamp(0.875rem, 0.875rem + ((1vw - 0.2rem) * 0.042), 0.9rem);\">\n<div class=\"wp-block-gt-gt-ws-ctv-offer-dates\">\n    Von 12\/07\/2026 au 19\/07\/2026<\/div>\n\n<\/div>\n\n\n\n<div class=\"wp-block-group is-content-justification-center is-nowrap is-layout-flex wp-container-core-group-is-layout-82936891 wp-block-group-is-layout-flex\"><div class=\"wp-block-gt-gt-ws-ctv-offer-conditions\">\n            <ul>\n                            <li>Buchungsgeb\u00fchr : 25 \u20ac<\/li>\n                    <\/ul>\n    <\/div>\n\n<\/div>\n\n\n<a \n    class=\"is-style-lien-cover has-sr-only-text wp-block-gt-gt-ws-ctv-offer-reservation-link\"    href=\"https:\/\/reservation.secureholiday.net\/de\/5028\/search\/product-list\/?widgetOfferId=172895\" \n    target=\"_blank\"\n    aria-label=\"Das Angebot ansehen Mietunterkunft - Sonntag 12  Juli - 7 Tage : **Warten Sie nicht l\u00e4nger, buchen Sie jetzt!\"\n    rel=\"noopener noreferrer\">\n    <span class=\"sr-only\">Voir l&#039;offre<\/span>\n<\/a>\n\n\n\n\n<div class=\"wp-block-buttons is-content-justification-center is-layout-flex wp-container-core-buttons-is-layout-4937f1ce wp-block-buttons-is-layout-flex\" style=\"padding-top:1rem\">\n<div class=\"wp-block-button btn-1 is-style-outline is-style-outline--3\"><a class=\"wp-block-button__link has-custom-color-1-color has-text-color has-link-color has-border-color has-text-align-center has-custom-font-size wp-element-button\" style=\"border-color:#cfa379;border-width:1px;border-radius:100px;padding-right:30px;padding-left:30px;font-size:clamp(0.875rem, 0.875rem + ((1vw - 0.2rem) * 0.492), 1.17rem);font-style:normal;font-weight:300;text-transform:uppercase\"><img decoding=\"async\" width=\"43\" height=\"1\" class=\"wp-image-289\" style=\"width: 43px;\" src=\"https:\/\/www.campingdes2plages.fr\/wp-content\/uploads\/2025\/11\/ligne-beige.svg\" alt=\"beige Linie\"\/><img decoding=\"async\" width=\"21\" height=\"21\" class=\"wp-image-223\" style=\"width: 21px;\" src=\"https:\/\/www.campingdes2plages.fr\/wp-content\/uploads\/2025\/11\/etoile-custom-beige.svg\" alt=\"Stern Custom beige\"\/>SEHEN Sie das Angebot<\/a><\/div>\n<\/div>\n<\/div>\n\n<\/li><li class=\"wp-block-post post-7245 offre_speciale type-offre_speciale status-publish has-post-thumbnail hentry\">\n\n<div class=\"wp-block-group has-base-2-background-color has-background is-layout-flow wp-block-group-is-layout-flow\" style=\"border-top-left-radius:20px;border-top-right-radius:20px;border-bottom-left-radius:20px;border-bottom-right-radius:20px;padding-top:var(--wp--preset--spacing--10);padding-right:var(--wp--preset--spacing--10);padding-bottom:var(--wp--preset--spacing--10);padding-left:var(--wp--preset--spacing--10)\">\n\n<h2 style=\"font-size:clamp(0.984rem, 0.984rem + ((1vw - 0.2rem) * 0.86), 1.5rem)\" class=\"has-text-align-center wp-block-post-title\">Mietunterkunft - Samstag 23  Mai - 2 Tage : **Achtung: letzte Verf\u00fcgbarkeiten<\/h2>\n\n\n<div class=\"wp-block-group is-content-justification-center is-layout-flex wp-container-core-group-is-layout-94b61000 wp-block-group-is-layout-flex\" style=\"font-size:clamp(0.875rem, 0.875rem + ((1vw - 0.2rem) * 0.042), 0.9rem);\">\n<div class=\"wp-block-gt-gt-ws-ctv-offer-dates\">\n    Von 23\/05\/2026 au 25\/05\/2026<\/div>\n\n<\/div>\n\n\n\n<div class=\"wp-block-group is-content-justification-center is-nowrap is-layout-flex wp-container-core-group-is-layout-82936891 wp-block-group-is-layout-flex\"><div class=\"wp-block-gt-gt-ws-ctv-offer-conditions\">\n            <ul>\n                            <li>Buchungsgeb\u00fchr : 10 \u20ac<\/li>\n                    <\/ul>\n    <\/div>\n\n<\/div>\n\n\n<a \n    class=\"is-style-lien-cover has-sr-only-text wp-block-gt-gt-ws-ctv-offer-reservation-link\"    href=\"https:\/\/reservation.secureholiday.net\/de\/5028\/search\/product-list\/?widgetOfferId=171393\" \n    target=\"_blank\"\n    aria-label=\"Das Angebot ansehen Mietunterkunft - Samstag 23  Mai - 2 Tage : **Achtung: letzte Verf\u00fcgbarkeiten\"\n    rel=\"noopener noreferrer\">\n    <span class=\"sr-only\">Voir l&#039;offre<\/span>\n<\/a>\n\n\n\n\n<div class=\"wp-block-buttons is-content-justification-center is-layout-flex wp-container-core-buttons-is-layout-4937f1ce wp-block-buttons-is-layout-flex\" style=\"padding-top:1rem\">\n<div class=\"wp-block-button btn-1 is-style-outline is-style-outline--4\"><a class=\"wp-block-button__link has-custom-color-1-color has-text-color has-link-color has-border-color has-text-align-center has-custom-font-size wp-element-button\" style=\"border-color:#cfa379;border-width:1px;border-radius:100px;padding-right:30px;padding-left:30px;font-size:clamp(0.875rem, 0.875rem + ((1vw - 0.2rem) * 0.492), 1.17rem);font-style:normal;font-weight:300;text-transform:uppercase\"><img decoding=\"async\" width=\"43\" height=\"1\" class=\"wp-image-289\" style=\"width: 43px;\" src=\"https:\/\/www.campingdes2plages.fr\/wp-content\/uploads\/2025\/11\/ligne-beige.svg\" alt=\"beige Linie\"\/><img decoding=\"async\" width=\"21\" height=\"21\" class=\"wp-image-223\" style=\"width: 21px;\" src=\"https:\/\/www.campingdes2plages.fr\/wp-content\/uploads\/2025\/11\/etoile-custom-beige.svg\" alt=\"Stern Custom beige\"\/>SEHEN Sie das Angebot<\/a><\/div>\n<\/div>\n<\/div>\n\n<\/li><li class=\"wp-block-post post-6990 offre_speciale type-offre_speciale status-publish has-post-thumbnail hentry\">\n\n<div class=\"wp-block-group has-base-2-background-color has-background is-layout-flow wp-block-group-is-layout-flow\" style=\"border-top-left-radius:20px;border-top-right-radius:20px;border-bottom-left-radius:20px;border-bottom-right-radius:20px;padding-top:var(--wp--preset--spacing--10);padding-right:var(--wp--preset--spacing--10);padding-bottom:var(--wp--preset--spacing--10);padding-left:var(--wp--preset--spacing--10)\">\n\n<h2 style=\"font-size:clamp(0.984rem, 0.984rem + ((1vw - 0.2rem) * 0.86), 1.5rem)\" class=\"has-text-align-center wp-block-post-title\">Mietunterkunft - Montag 06  April - 5 Tage : **Unser Schn\u00e4ppchen-Angebot<\/h2>\n\n\n<div class=\"wp-block-group is-content-justification-center is-layout-flex wp-container-core-group-is-layout-94b61000 wp-block-group-is-layout-flex\" style=\"font-size:clamp(0.875rem, 0.875rem + ((1vw - 0.2rem) * 0.042), 0.9rem);\">\n<div class=\"wp-block-gt-gt-ws-ctv-offer-dates\">\n    Von 06\/04\/2026 au 11\/04\/2026<\/div>\n\n<\/div>\n\n\n\n<div class=\"wp-block-group is-content-justification-center is-nowrap is-layout-flex wp-container-core-group-is-layout-82936891 wp-block-group-is-layout-flex\"><div class=\"wp-block-gt-gt-ws-ctv-offer-conditions\">\n            <ul>\n                            <li>Buchungsgeb\u00fchr : 10 \u20ac<\/li>\n                    <\/ul>\n    <\/div>\n\n<\/div>\n\n\n<a \n    class=\"is-style-lien-cover has-sr-only-text wp-block-gt-gt-ws-ctv-offer-reservation-link\"    href=\"https:\/\/reservation.secureholiday.net\/de\/5028\/search\/product-list\/?widgetOfferId=170614\" \n    target=\"_blank\"\n    aria-label=\"Das Angebot ansehen Mietunterkunft - Montag 06  April - 5 Tage : **Unser Schn\u00e4ppchen-Angebot\"\n    rel=\"noopener noreferrer\">\n    <span class=\"sr-only\">Voir l&#039;offre<\/span>\n<\/a>\n\n\n\n\n<div class=\"wp-block-buttons is-content-justification-center is-layout-flex wp-container-core-buttons-is-layout-4937f1ce wp-block-buttons-is-layout-flex\" style=\"padding-top:1rem\">\n<div class=\"wp-block-button btn-1 is-style-outline is-style-outline--5\"><a class=\"wp-block-button__link has-custom-color-1-color has-text-color has-link-color has-border-color has-text-align-center has-custom-font-size wp-element-button\" style=\"border-color:#cfa379;border-width:1px;border-radius:100px;padding-right:30px;padding-left:30px;font-size:clamp(0.875rem, 0.875rem + ((1vw - 0.2rem) * 0.492), 1.17rem);font-style:normal;font-weight:300;text-transform:uppercase\"><img decoding=\"async\" width=\"43\" height=\"1\" class=\"wp-image-289\" style=\"width: 43px;\" src=\"https:\/\/www.campingdes2plages.fr\/wp-content\/uploads\/2025\/11\/ligne-beige.svg\" alt=\"beige Linie\"\/><img decoding=\"async\" width=\"21\" height=\"21\" class=\"wp-image-223\" style=\"width: 21px;\" src=\"https:\/\/www.campingdes2plages.fr\/wp-content\/uploads\/2025\/11\/etoile-custom-beige.svg\" alt=\"Stern Custom beige\"\/>SEHEN Sie das Angebot<\/a><\/div>\n<\/div>\n<\/div>\n\n<\/li><li class=\"wp-block-post post-7672 offre_speciale type-offre_speciale status-publish has-post-thumbnail hentry\">\n\n<div class=\"wp-block-group has-base-2-background-color has-background is-layout-flow wp-block-group-is-layout-flow\" style=\"border-top-left-radius:20px;border-top-right-radius:20px;border-bottom-left-radius:20px;border-bottom-right-radius:20px;padding-top:var(--wp--preset--spacing--10);padding-right:var(--wp--preset--spacing--10);padding-bottom:var(--wp--preset--spacing--10);padding-left:var(--wp--preset--spacing--10)\">\n\n<h2 style=\"font-size:clamp(0.984rem, 0.984rem + ((1vw - 0.2rem) * 0.86), 1.5rem)\" class=\"has-text-align-center wp-block-post-title\">Mietunterkunft - Mittwoch 19  August - 3 Tage : **Achtung: letzte Verf\u00fcgbarkeiten<\/h2>\n\n\n<div class=\"wp-block-group is-content-justification-center is-layout-flex wp-container-core-group-is-layout-94b61000 wp-block-group-is-layout-flex\" style=\"font-size:clamp(0.875rem, 0.875rem + ((1vw - 0.2rem) * 0.042), 0.9rem);\">\n<div class=\"wp-block-gt-gt-ws-ctv-offer-dates\">\n    Von 19\/08\/2026 au 22\/08\/2026<\/div>\n\n<\/div>\n\n\n\n<div class=\"wp-block-group is-content-justification-center is-nowrap is-layout-flex wp-container-core-group-is-layout-82936891 wp-block-group-is-layout-flex\"><div class=\"wp-block-gt-gt-ws-ctv-offer-conditions\">\n            <ul>\n                            <li>Buchungsgeb\u00fchr : 25 \u20ac<\/li>\n                    <\/ul>\n    <\/div>\n\n<\/div>\n\n\n<a \n    class=\"is-style-lien-cover has-sr-only-text wp-block-gt-gt-ws-ctv-offer-reservation-link\"    href=\"https:\/\/reservation.secureholiday.net\/de\/5028\/search\/product-list\/?widgetOfferId=174075\" \n    target=\"_blank\"\n    aria-label=\"Das Angebot ansehen Mietunterkunft - Mittwoch 19  August - 3 Tage : **Achtung: letzte Verf\u00fcgbarkeiten\"\n    rel=\"noopener noreferrer\">\n    <span class=\"sr-only\">Voir l&#039;offre<\/span>\n<\/a>\n\n\n\n\n<div class=\"wp-block-buttons is-content-justification-center is-layout-flex wp-container-core-buttons-is-layout-4937f1ce wp-block-buttons-is-layout-flex\" style=\"padding-top:1rem\">\n<div class=\"wp-block-button btn-1 is-style-outline is-style-outline--6\"><a class=\"wp-block-button__link has-custom-color-1-color has-text-color has-link-color has-border-color has-text-align-center has-custom-font-size wp-element-button\" style=\"border-color:#cfa379;border-width:1px;border-radius:100px;padding-right:30px;padding-left:30px;font-size:clamp(0.875rem, 0.875rem + ((1vw - 0.2rem) * 0.492), 1.17rem);font-style:normal;font-weight:300;text-transform:uppercase\"><img decoding=\"async\" width=\"43\" height=\"1\" class=\"wp-image-289\" style=\"width: 43px;\" src=\"https:\/\/www.campingdes2plages.fr\/wp-content\/uploads\/2025\/11\/ligne-beige.svg\" alt=\"beige Linie\"\/><img decoding=\"async\" width=\"21\" height=\"21\" class=\"wp-image-223\" style=\"width: 21px;\" src=\"https:\/\/www.campingdes2plages.fr\/wp-content\/uploads\/2025\/11\/etoile-custom-beige.svg\" alt=\"Stern Custom beige\"\/>SEHEN Sie das Angebot<\/a><\/div>\n<\/div>\n<\/div>\n\n<\/li><li class=\"wp-block-post post-7634 offre_speciale type-offre_speciale status-publish has-post-thumbnail hentry\">\n\n<div class=\"wp-block-group has-base-2-background-color has-background is-layout-flow wp-block-group-is-layout-flow\" style=\"border-top-left-radius:20px;border-top-right-radius:20px;border-bottom-left-radius:20px;border-bottom-right-radius:20px;padding-top:var(--wp--preset--spacing--10);padding-right:var(--wp--preset--spacing--10);padding-bottom:var(--wp--preset--spacing--10);padding-left:var(--wp--preset--spacing--10)\">\n\n<h2 style=\"font-size:clamp(0.984rem, 0.984rem + ((1vw - 0.2rem) * 0.86), 1.5rem)\" class=\"has-text-align-center wp-block-post-title\">Kombinierbares angebot -8%<\/h2>\n\n\n<div class=\"wp-block-group is-content-justification-center is-layout-flex wp-container-core-group-is-layout-94b61000 wp-block-group-is-layout-flex\" style=\"font-size:clamp(0.875rem, 0.875rem + ((1vw - 0.2rem) * 0.042), 0.9rem);\">\n<div class=\"wp-block-gt-gt-ws-ctv-offer-dates\">\n    Von 12\/08\/2026 au 15\/08\/2026<\/div>\n\n<\/div>\n\n\n\n<div class=\"wp-block-group is-content-justification-center is-nowrap is-layout-flex wp-container-core-group-is-layout-82936891 wp-block-group-is-layout-flex\"><div class=\"wp-block-gt-gt-ws-ctv-offer-conditions\">\n            <ul>\n                            <li>Minimale Aufenthaltsdauer : 3<\/li>\n                    <\/ul>\n    <\/div>\n\n<\/div>\n\n\n<a \n    class=\"is-style-lien-cover has-sr-only-text wp-block-gt-gt-ws-ctv-offer-reservation-link\"    href=\"https:\/\/reservation.secureholiday.net\/de\/5028\/search\/product-list\/?widgetOfferId=2962227\" \n    target=\"_blank\"\n    aria-label=\"Das Angebot ansehen Kombinierbares angebot -8%\"\n    rel=\"noopener noreferrer\">\n    <span class=\"sr-only\">Voir l&#039;offre<\/span>\n<\/a>\n\n\n\n\n<div class=\"wp-block-buttons is-content-justification-center is-layout-flex wp-container-core-buttons-is-layout-4937f1ce wp-block-buttons-is-layout-flex\" style=\"padding-top:1rem\">\n<div class=\"wp-block-button btn-1 is-style-outline is-style-outline--7\"><a class=\"wp-block-button__link has-custom-color-1-color has-text-color has-link-color has-border-color has-text-align-center has-custom-font-size wp-element-button\" style=\"border-color:#cfa379;border-width:1px;border-radius:100px;padding-right:30px;padding-left:30px;font-size:clamp(0.875rem, 0.875rem + ((1vw - 0.2rem) * 0.492), 1.17rem);font-style:normal;font-weight:300;text-transform:uppercase\"><img decoding=\"async\" width=\"43\" height=\"1\" class=\"wp-image-289\" style=\"width: 43px;\" src=\"https:\/\/www.campingdes2plages.fr\/wp-content\/uploads\/2025\/11\/ligne-beige.svg\" alt=\"beige Linie\"\/><img decoding=\"async\" width=\"21\" height=\"21\" class=\"wp-image-223\" style=\"width: 21px;\" src=\"https:\/\/www.campingdes2plages.fr\/wp-content\/uploads\/2025\/11\/etoile-custom-beige.svg\" alt=\"Stern Custom beige\"\/>SEHEN Sie das Angebot<\/a><\/div>\n<\/div>\n<\/div>\n\n<\/li><li class=\"wp-block-post post-7696 offre_speciale type-offre_speciale status-publish has-post-thumbnail hentry\">\n\n<div class=\"wp-block-group has-base-2-background-color has-background is-layout-flow wp-block-group-is-layout-flow\" style=\"border-top-left-radius:20px;border-top-right-radius:20px;border-bottom-left-radius:20px;border-bottom-right-radius:20px;padding-top:var(--wp--preset--spacing--10);padding-right:var(--wp--preset--spacing--10);padding-bottom:var(--wp--preset--spacing--10);padding-left:var(--wp--preset--spacing--10)\">\n\n<h2 style=\"font-size:clamp(0.984rem, 0.984rem + ((1vw - 0.2rem) * 0.86), 1.5rem)\" class=\"has-text-align-center wp-block-post-title\">Kombinierbares angebot -25%<\/h2>\n\n\n<div class=\"wp-block-group is-content-justification-center is-layout-flex wp-container-core-group-is-layout-94b61000 wp-block-group-is-layout-flex\" style=\"font-size:clamp(0.875rem, 0.875rem + ((1vw - 0.2rem) * 0.042), 0.9rem);\">\n<div class=\"wp-block-gt-gt-ws-ctv-offer-dates\">\n    Von 30\/08\/2026 au 06\/09\/2026<\/div>\n\n<\/div>\n\n\n\n<div class=\"wp-block-group is-content-justification-center is-nowrap is-layout-flex wp-container-core-group-is-layout-82936891 wp-block-group-is-layout-flex\"><div class=\"wp-block-gt-gt-ws-ctv-offer-conditions\">\n            <ul>\n                            <li>Minimale Aufenthaltsdauer : 3<\/li>\n                    <\/ul>\n    <\/div>\n\n<\/div>\n\n\n<a \n    class=\"is-style-lien-cover has-sr-only-text wp-block-gt-gt-ws-ctv-offer-reservation-link\"    href=\"https:\/\/reservation.secureholiday.net\/de\/5028\/search\/product-list\/?widgetOfferId=2968318\" \n    target=\"_blank\"\n    aria-label=\"Das Angebot ansehen Kombinierbares angebot -25%\"\n    rel=\"noopener noreferrer\">\n    <span class=\"sr-only\">Voir l&#039;offre<\/span>\n<\/a>\n\n\n\n\n<div class=\"wp-block-buttons is-content-justification-center is-layout-flex wp-container-core-buttons-is-layout-4937f1ce wp-block-buttons-is-layout-flex\" style=\"padding-top:1rem\">\n<div class=\"wp-block-button btn-1 is-style-outline is-style-outline--8\"><a class=\"wp-block-button__link has-custom-color-1-color has-text-color has-link-color has-border-color has-text-align-center has-custom-font-size wp-element-button\" style=\"border-color:#cfa379;border-width:1px;border-radius:100px;padding-right:30px;padding-left:30px;font-size:clamp(0.875rem, 0.875rem + ((1vw - 0.2rem) * 0.492), 1.17rem);font-style:normal;font-weight:300;text-transform:uppercase\"><img decoding=\"async\" width=\"43\" height=\"1\" class=\"wp-image-289\" style=\"width: 43px;\" src=\"https:\/\/www.campingdes2plages.fr\/wp-content\/uploads\/2025\/11\/ligne-beige.svg\" alt=\"beige Linie\"\/><img decoding=\"async\" width=\"21\" height=\"21\" class=\"wp-image-223\" style=\"width: 21px;\" src=\"https:\/\/www.campingdes2plages.fr\/wp-content\/uploads\/2025\/11\/etoile-custom-beige.svg\" alt=\"Stern Custom beige\"\/>SEHEN Sie das Angebot<\/a><\/div>\n<\/div>\n<\/div>\n\n<\/li><li class=\"wp-block-post post-7288 offre_speciale type-offre_speciale status-publish has-post-thumbnail hentry\">\n\n<div class=\"wp-block-group has-base-2-background-color has-background is-layout-flow wp-block-group-is-layout-flow\" style=\"border-top-left-radius:20px;border-top-right-radius:20px;border-bottom-left-radius:20px;border-bottom-right-radius:20px;padding-top:var(--wp--preset--spacing--10);padding-right:var(--wp--preset--spacing--10);padding-bottom:var(--wp--preset--spacing--10);padding-left:var(--wp--preset--spacing--10)\">\n\n<h2 style=\"font-size:clamp(0.984rem, 0.984rem + ((1vw - 0.2rem) * 0.86), 1.5rem)\" class=\"has-text-align-center wp-block-post-title\">Kombinierbares angebot -25%<\/h2>\n\n\n<div class=\"wp-block-group is-content-justification-center is-layout-flex wp-container-core-group-is-layout-94b61000 wp-block-group-is-layout-flex\" style=\"font-size:clamp(0.875rem, 0.875rem + ((1vw - 0.2rem) * 0.042), 0.9rem);\">\n<div class=\"wp-block-gt-gt-ws-ctv-offer-dates\">\n    Von 29\/08\/2026 au 26\/09\/2026<\/div>\n\n<\/div>\n\n\n\n<div class=\"wp-block-group is-content-justification-center is-nowrap is-layout-flex wp-container-core-group-is-layout-82936891 wp-block-group-is-layout-flex\"><div class=\"wp-block-gt-gt-ws-ctv-offer-conditions\">\n            <ul>\n                            <li>Minimale Aufenthaltsdauer : 14<\/li>\n                    <\/ul>\n    <\/div>\n\n<\/div>\n\n\n<a \n    class=\"is-style-lien-cover has-sr-only-text wp-block-gt-gt-ws-ctv-offer-reservation-link\"    href=\"https:\/\/reservation.secureholiday.net\/de\/5028\/search\/product-list\/?widgetOfferId=2938307\" \n    target=\"_blank\"\n    aria-label=\"Das Angebot ansehen Kombinierbares angebot -25%\"\n    rel=\"noopener noreferrer\">\n    <span class=\"sr-only\">Voir l&#039;offre<\/span>\n<\/a>\n\n\n\n\n<div class=\"wp-block-buttons is-content-justification-center is-layout-flex wp-container-core-buttons-is-layout-4937f1ce wp-block-buttons-is-layout-flex\" style=\"padding-top:1rem\">\n<div class=\"wp-block-button btn-1 is-style-outline is-style-outline--9\"><a class=\"wp-block-button__link has-custom-color-1-color has-text-color has-link-color has-border-color has-text-align-center has-custom-font-size wp-element-button\" style=\"border-color:#cfa379;border-width:1px;border-radius:100px;padding-right:30px;padding-left:30px;font-size:clamp(0.875rem, 0.875rem + ((1vw - 0.2rem) * 0.492), 1.17rem);font-style:normal;font-weight:300;text-transform:uppercase\"><img decoding=\"async\" width=\"43\" height=\"1\" class=\"wp-image-289\" style=\"width: 43px;\" src=\"https:\/\/www.campingdes2plages.fr\/wp-content\/uploads\/2025\/11\/ligne-beige.svg\" alt=\"beige Linie\"\/><img decoding=\"async\" width=\"21\" height=\"21\" class=\"wp-image-223\" style=\"width: 21px;\" src=\"https:\/\/www.campingdes2plages.fr\/wp-content\/uploads\/2025\/11\/etoile-custom-beige.svg\" alt=\"Stern Custom beige\"\/>SEHEN Sie das Angebot<\/a><\/div>\n<\/div>\n<\/div>\n\n<\/li><li class=\"wp-block-post post-7429 offre_speciale type-offre_speciale status-publish has-post-thumbnail hentry\">\n\n<div class=\"wp-block-group has-base-2-background-color has-background is-layout-flow wp-block-group-is-layout-flow\" style=\"border-top-left-radius:20px;border-top-right-radius:20px;border-bottom-left-radius:20px;border-bottom-right-radius:20px;padding-top:var(--wp--preset--spacing--10);padding-right:var(--wp--preset--spacing--10);padding-bottom:var(--wp--preset--spacing--10);padding-left:var(--wp--preset--spacing--10)\">\n\n<h2 style=\"font-size:clamp(0.984rem, 0.984rem + ((1vw - 0.2rem) * 0.86), 1.5rem)\" class=\"has-text-align-center wp-block-post-title\">Kombinierbares angebot -20%<\/h2>\n\n\n<div class=\"wp-block-group is-content-justification-center is-layout-flex wp-container-core-group-is-layout-94b61000 wp-block-group-is-layout-flex\" style=\"font-size:clamp(0.875rem, 0.875rem + ((1vw - 0.2rem) * 0.042), 0.9rem);\">\n<div class=\"wp-block-gt-gt-ws-ctv-offer-dates\">\n    Von 01\/08\/2026 au 09\/08\/2026<\/div>\n\n<\/div>\n\n\n\n<div class=\"wp-block-group is-content-justification-center is-nowrap is-layout-flex wp-container-core-group-is-layout-82936891 wp-block-group-is-layout-flex\"><div class=\"wp-block-gt-gt-ws-ctv-offer-conditions\">\n            <ul>\n                            <li>Minimale Aufenthaltsdauer : 2<\/li>\n                    <\/ul>\n    <\/div>\n\n<\/div>\n\n\n<a \n    class=\"is-style-lien-cover has-sr-only-text wp-block-gt-gt-ws-ctv-offer-reservation-link\"    href=\"https:\/\/reservation.secureholiday.net\/de\/5028\/search\/product-list\/?widgetOfferId=2958822\" \n    target=\"_blank\"\n    aria-label=\"Das Angebot ansehen Kombinierbares angebot -20%\"\n    rel=\"noopener noreferrer\">\n    <span class=\"sr-only\">Voir l&#039;offre<\/span>\n<\/a>\n\n\n\n\n<div class=\"wp-block-buttons is-content-justification-center is-layout-flex wp-container-core-buttons-is-layout-4937f1ce wp-block-buttons-is-layout-flex\" style=\"padding-top:1rem\">\n<div class=\"wp-block-button btn-1 is-style-outline is-style-outline--10\"><a class=\"wp-block-button__link has-custom-color-1-color has-text-color has-link-color has-border-color has-text-align-center has-custom-font-size wp-element-button\" style=\"border-color:#cfa379;border-width:1px;border-radius:100px;padding-right:30px;padding-left:30px;font-size:clamp(0.875rem, 0.875rem + ((1vw - 0.2rem) * 0.492), 1.17rem);font-style:normal;font-weight:300;text-transform:uppercase\"><img decoding=\"async\" width=\"43\" height=\"1\" class=\"wp-image-289\" style=\"width: 43px;\" src=\"https:\/\/www.campingdes2plages.fr\/wp-content\/uploads\/2025\/11\/ligne-beige.svg\" alt=\"beige Linie\"\/><img decoding=\"async\" width=\"21\" height=\"21\" class=\"wp-image-223\" style=\"width: 21px;\" src=\"https:\/\/www.campingdes2plages.fr\/wp-content\/uploads\/2025\/11\/etoile-custom-beige.svg\" alt=\"Stern Custom beige\"\/>SEHEN Sie das Angebot<\/a><\/div>\n<\/div>\n<\/div>\n\n<\/li><li class=\"wp-block-post post-7155 offre_speciale type-offre_speciale status-publish has-post-thumbnail hentry\">\n\n<div class=\"wp-block-group has-base-2-background-color has-background is-layout-flow wp-block-group-is-layout-flow\" style=\"border-top-left-radius:20px;border-top-right-radius:20px;border-bottom-left-radius:20px;border-bottom-right-radius:20px;padding-top:var(--wp--preset--spacing--10);padding-right:var(--wp--preset--spacing--10);padding-bottom:var(--wp--preset--spacing--10);padding-left:var(--wp--preset--spacing--10)\">\n\n<h2 style=\"font-size:clamp(0.984rem, 0.984rem + ((1vw - 0.2rem) * 0.86), 1.5rem)\" class=\"has-text-align-center wp-block-post-title\">Kombinierbares angebot -20%<\/h2>\n\n\n<div class=\"wp-block-group is-content-justification-center is-layout-flex wp-container-core-group-is-layout-94b61000 wp-block-group-is-layout-flex\" style=\"font-size:clamp(0.875rem, 0.875rem + ((1vw - 0.2rem) * 0.042), 0.9rem);\">\n<div class=\"wp-block-gt-gt-ws-ctv-offer-dates\">\n    Von 23\/05\/2026 au 25\/05\/2026<\/div>\n\n<\/div>\n\n\n\n<div class=\"wp-block-group is-content-justification-center is-nowrap is-layout-flex wp-container-core-group-is-layout-82936891 wp-block-group-is-layout-flex\"><div class=\"wp-block-gt-gt-ws-ctv-offer-conditions\">\n            <ul>\n                            <li>Minimale Aufenthaltsdauer : 2<\/li>\n                    <\/ul>\n    <\/div>\n\n<\/div>\n\n\n<a \n    class=\"is-style-lien-cover has-sr-only-text wp-block-gt-gt-ws-ctv-offer-reservation-link\"    href=\"https:\/\/reservation.secureholiday.net\/de\/5028\/search\/product-list\/?widgetOfferId=2926770\" \n    target=\"_blank\"\n    aria-label=\"Das Angebot ansehen Kombinierbares angebot -20%\"\n    rel=\"noopener noreferrer\">\n    <span class=\"sr-only\">Voir l&#039;offre<\/span>\n<\/a>\n\n\n\n\n<div class=\"wp-block-buttons is-content-justification-center is-layout-flex wp-container-core-buttons-is-layout-4937f1ce wp-block-buttons-is-layout-flex\" style=\"padding-top:1rem\">\n<div class=\"wp-block-button btn-1 is-style-outline is-style-outline--11\"><a class=\"wp-block-button__link has-custom-color-1-color has-text-color has-link-color has-border-color has-text-align-center has-custom-font-size wp-element-button\" style=\"border-color:#cfa379;border-width:1px;border-radius:100px;padding-right:30px;padding-left:30px;font-size:clamp(0.875rem, 0.875rem + ((1vw - 0.2rem) * 0.492), 1.17rem);font-style:normal;font-weight:300;text-transform:uppercase\"><img decoding=\"async\" width=\"43\" height=\"1\" class=\"wp-image-289\" style=\"width: 43px;\" src=\"https:\/\/www.campingdes2plages.fr\/wp-content\/uploads\/2025\/11\/ligne-beige.svg\" alt=\"beige Linie\"\/><img decoding=\"async\" width=\"21\" height=\"21\" class=\"wp-image-223\" style=\"width: 21px;\" src=\"https:\/\/www.campingdes2plages.fr\/wp-content\/uploads\/2025\/11\/etoile-custom-beige.svg\" alt=\"Stern Custom beige\"\/>SEHEN Sie das Angebot<\/a><\/div>\n<\/div>\n<\/div>\n\n<\/li><li class=\"wp-block-post post-7423 offre_speciale type-offre_speciale status-publish has-post-thumbnail hentry\">\n\n<div class=\"wp-block-group has-base-2-background-color has-background is-layout-flow wp-block-group-is-layout-flow\" style=\"border-top-left-radius:20px;border-top-right-radius:20px;border-bottom-left-radius:20px;border-bottom-right-radius:20px;padding-top:var(--wp--preset--spacing--10);padding-right:var(--wp--preset--spacing--10);padding-bottom:var(--wp--preset--spacing--10);padding-left:var(--wp--preset--spacing--10)\">\n\n<h2 style=\"font-size:clamp(0.984rem, 0.984rem + ((1vw - 0.2rem) * 0.86), 1.5rem)\" class=\"has-text-align-center wp-block-post-title\">Kombinierbares angebot -16%<\/h2>\n\n\n<div class=\"wp-block-group is-content-justification-center is-layout-flex wp-container-core-group-is-layout-94b61000 wp-block-group-is-layout-flex\" style=\"font-size:clamp(0.875rem, 0.875rem + ((1vw - 0.2rem) * 0.042), 0.9rem);\">\n<div class=\"wp-block-gt-gt-ws-ctv-offer-dates\">\n    Von 25\/07\/2026 au 02\/08\/2026<\/div>\n\n<\/div>\n\n\n\n<div class=\"wp-block-group is-content-justification-center is-nowrap is-layout-flex wp-container-core-group-is-layout-82936891 wp-block-group-is-layout-flex\"><div class=\"wp-block-gt-gt-ws-ctv-offer-conditions\">\n            <ul>\n                            <li>Minimale Aufenthaltsdauer : 2<\/li>\n                    <\/ul>\n    <\/div>\n\n<\/div>\n\n\n<a \n    class=\"is-style-lien-cover has-sr-only-text wp-block-gt-gt-ws-ctv-offer-reservation-link\"    href=\"https:\/\/reservation.secureholiday.net\/de\/5028\/search\/product-list\/?widgetOfferId=2958756\" \n    target=\"_blank\"\n    aria-label=\"Das Angebot ansehen Kombinierbares angebot -16%\"\n    rel=\"noopener noreferrer\">\n    <span class=\"sr-only\">Voir l&#039;offre<\/span>\n<\/a>\n\n\n\n\n<div class=\"wp-block-buttons is-content-justification-center is-layout-flex wp-container-core-buttons-is-layout-4937f1ce wp-block-buttons-is-layout-flex\" style=\"padding-top:1rem\">\n<div class=\"wp-block-button btn-1 is-style-outline is-style-outline--12\"><a class=\"wp-block-button__link has-custom-color-1-color has-text-color has-link-color has-border-color has-text-align-center has-custom-font-size wp-element-button\" style=\"border-color:#cfa379;border-width:1px;border-radius:100px;padding-right:30px;padding-left:30px;font-size:clamp(0.875rem, 0.875rem + ((1vw - 0.2rem) * 0.492), 1.17rem);font-style:normal;font-weight:300;text-transform:uppercase\"><img decoding=\"async\" width=\"43\" height=\"1\" class=\"wp-image-289\" style=\"width: 43px;\" src=\"https:\/\/www.campingdes2plages.fr\/wp-content\/uploads\/2025\/11\/ligne-beige.svg\" alt=\"beige Linie\"\/><img decoding=\"async\" width=\"21\" height=\"21\" class=\"wp-image-223\" style=\"width: 21px;\" src=\"https:\/\/www.campingdes2plages.fr\/wp-content\/uploads\/2025\/11\/etoile-custom-beige.svg\" alt=\"Stern Custom beige\"\/>SEHEN Sie das Angebot<\/a><\/div>\n<\/div>\n<\/div>\n\n<\/li><li class=\"wp-block-post post-7250 offre_speciale type-offre_speciale status-publish has-post-thumbnail hentry\">\n\n<div class=\"wp-block-group has-base-2-background-color has-background is-layout-flow wp-block-group-is-layout-flow\" style=\"border-top-left-radius:20px;border-top-right-radius:20px;border-bottom-left-radius:20px;border-bottom-right-radius:20px;padding-top:var(--wp--preset--spacing--10);padding-right:var(--wp--preset--spacing--10);padding-bottom:var(--wp--preset--spacing--10);padding-left:var(--wp--preset--spacing--10)\">\n\n<h2 style=\"font-size:clamp(0.984rem, 0.984rem + ((1vw - 0.2rem) * 0.86), 1.5rem)\" class=\"has-text-align-center wp-block-post-title\">Kombinierbares angebot -15%<\/h2>\n\n\n<div class=\"wp-block-group is-content-justification-center is-layout-flex wp-container-core-group-is-layout-94b61000 wp-block-group-is-layout-flex\" style=\"font-size:clamp(0.875rem, 0.875rem + ((1vw - 0.2rem) * 0.042), 0.9rem);\">\n<div class=\"wp-block-gt-gt-ws-ctv-offer-dates\">\n    Von 25\/05\/2026 au 13\/06\/2026<\/div>\n\n<\/div>\n\n\n\n<div class=\"wp-block-group is-content-justification-center is-nowrap is-layout-flex wp-container-core-group-is-layout-82936891 wp-block-group-is-layout-flex\"><div class=\"wp-block-gt-gt-ws-ctv-offer-conditions\">\n            <ul>\n                            <li>Minimale Aufenthaltsdauer : 13<\/li>\n                    <\/ul>\n    <\/div>\n\n<\/div>\n\n\n<a \n    class=\"is-style-lien-cover has-sr-only-text wp-block-gt-gt-ws-ctv-offer-reservation-link\"    href=\"https:\/\/reservation.secureholiday.net\/de\/5028\/search\/product-list\/?widgetOfferId=2930429\" \n    target=\"_blank\"\n    aria-label=\"Das Angebot ansehen Kombinierbares angebot -15%\"\n    rel=\"noopener noreferrer\">\n    <span class=\"sr-only\">Voir l&#039;offre<\/span>\n<\/a>\n\n\n\n\n<div class=\"wp-block-buttons is-content-justification-center is-layout-flex wp-container-core-buttons-is-layout-4937f1ce wp-block-buttons-is-layout-flex\" style=\"padding-top:1rem\">\n<div class=\"wp-block-button btn-1 is-style-outline is-style-outline--13\"><a class=\"wp-block-button__link has-custom-color-1-color has-text-color has-link-color has-border-color has-text-align-center has-custom-font-size wp-element-button\" style=\"border-color:#cfa379;border-width:1px;border-radius:100px;padding-right:30px;padding-left:30px;font-size:clamp(0.875rem, 0.875rem + ((1vw - 0.2rem) * 0.492), 1.17rem);font-style:normal;font-weight:300;text-transform:uppercase\"><img decoding=\"async\" width=\"43\" height=\"1\" class=\"wp-image-289\" style=\"width: 43px;\" src=\"https:\/\/www.campingdes2plages.fr\/wp-content\/uploads\/2025\/11\/ligne-beige.svg\" alt=\"beige Linie\"\/><img decoding=\"async\" width=\"21\" height=\"21\" class=\"wp-image-223\" style=\"width: 21px;\" src=\"https:\/\/www.campingdes2plages.fr\/wp-content\/uploads\/2025\/11\/etoile-custom-beige.svg\" alt=\"Stern Custom beige\"\/>SEHEN Sie das Angebot<\/a><\/div>\n<\/div>\n<\/div>\n\n<\/li><li class=\"wp-block-post post-7025 offre_speciale type-offre_speciale status-publish has-post-thumbnail hentry\">\n\n<div class=\"wp-block-group has-base-2-background-color has-background is-layout-flow wp-block-group-is-layout-flow\" style=\"border-top-left-radius:20px;border-top-right-radius:20px;border-bottom-left-radius:20px;border-bottom-right-radius:20px;padding-top:var(--wp--preset--spacing--10);padding-right:var(--wp--preset--spacing--10);padding-bottom:var(--wp--preset--spacing--10);padding-left:var(--wp--preset--spacing--10)\">\n\n<h2 style=\"font-size:clamp(0.984rem, 0.984rem + ((1vw - 0.2rem) * 0.86), 1.5rem)\" class=\"has-text-align-center wp-block-post-title\">Kombinierbares angebot -15%<\/h2>\n\n\n<div class=\"wp-block-group is-content-justification-center is-layout-flex wp-container-core-group-is-layout-94b61000 wp-block-group-is-layout-flex\" style=\"font-size:clamp(0.875rem, 0.875rem + ((1vw - 0.2rem) * 0.042), 0.9rem);\">\n<div class=\"wp-block-gt-gt-ws-ctv-offer-dates\">\n    Von 01\/05\/2026 au 03\/05\/2026<\/div>\n\n<\/div>\n\n\n\n<div class=\"wp-block-group is-content-justification-center is-nowrap is-layout-flex wp-container-core-group-is-layout-82936891 wp-block-group-is-layout-flex\"><div class=\"wp-block-gt-gt-ws-ctv-offer-conditions\">\n            <ul>\n                            <li>{&quot;conditionOS&quot;:&quot;Der Rabatt gilt f\u00fcr: : Nur Basispreis&quot;}<\/li>\n                    <\/ul>\n    <\/div>\n\n<\/div>\n\n\n<a \n    class=\"is-style-lien-cover has-sr-only-text wp-block-gt-gt-ws-ctv-offer-reservation-link\"    href=\"https:\/\/reservation.secureholiday.net\/de\/5028\/search\/product-list\/?widgetOfferId=2911827\" \n    target=\"_blank\"\n    aria-label=\"Das Angebot ansehen Kombinierbares angebot -15%\"\n    rel=\"noopener noreferrer\">\n    <span class=\"sr-only\">Voir l&#039;offre<\/span>\n<\/a>\n\n\n\n\n<div class=\"wp-block-buttons is-content-justification-center is-layout-flex wp-container-core-buttons-is-layout-4937f1ce wp-block-buttons-is-layout-flex\" style=\"padding-top:1rem\">\n<div class=\"wp-block-button btn-1 is-style-outline is-style-outline--14\"><a class=\"wp-block-button__link has-custom-color-1-color has-text-color has-link-color has-border-color has-text-align-center has-custom-font-size wp-element-button\" style=\"border-color:#cfa379;border-width:1px;border-radius:100px;padding-right:30px;padding-left:30px;font-size:clamp(0.875rem, 0.875rem + ((1vw - 0.2rem) * 0.492), 1.17rem);font-style:normal;font-weight:300;text-transform:uppercase\"><img decoding=\"async\" width=\"43\" height=\"1\" class=\"wp-image-289\" style=\"width: 43px;\" src=\"https:\/\/www.campingdes2plages.fr\/wp-content\/uploads\/2025\/11\/ligne-beige.svg\" alt=\"beige Linie\"\/><img decoding=\"async\" width=\"21\" height=\"21\" class=\"wp-image-223\" style=\"width: 21px;\" src=\"https:\/\/www.campingdes2plages.fr\/wp-content\/uploads\/2025\/11\/etoile-custom-beige.svg\" alt=\"Stern Custom beige\"\/>SEHEN Sie das Angebot<\/a><\/div>\n<\/div>\n<\/div>\n\n<\/li><li class=\"wp-block-post post-7289 offre_speciale type-offre_speciale status-publish has-post-thumbnail hentry\">\n\n<div class=\"wp-block-group has-base-2-background-color has-background is-layout-flow wp-block-group-is-layout-flow\" style=\"border-top-left-radius:20px;border-top-right-radius:20px;border-bottom-left-radius:20px;border-bottom-right-radius:20px;padding-top:var(--wp--preset--spacing--10);padding-right:var(--wp--preset--spacing--10);padding-bottom:var(--wp--preset--spacing--10);padding-left:var(--wp--preset--spacing--10)\">\n\n<h2 style=\"font-size:clamp(0.984rem, 0.984rem + ((1vw - 0.2rem) * 0.86), 1.5rem)\" class=\"has-text-align-center wp-block-post-title\">Kombinierbares angebot -15%<\/h2>\n\n\n<div class=\"wp-block-group is-content-justification-center is-layout-flex wp-container-core-group-is-layout-94b61000 wp-block-group-is-layout-flex\" style=\"font-size:clamp(0.875rem, 0.875rem + ((1vw - 0.2rem) * 0.042), 0.9rem);\">\n<div class=\"wp-block-gt-gt-ws-ctv-offer-dates\">\n    Von 29\/08\/2026 au 26\/09\/2026<\/div>\n\n<\/div>\n\n\n\n<div class=\"wp-block-group is-content-justification-center is-nowrap is-layout-flex wp-container-core-group-is-layout-82936891 wp-block-group-is-layout-flex\"><div class=\"wp-block-gt-gt-ws-ctv-offer-conditions\">\n            <ul>\n                            <li>Minimale Aufenthaltsdauer : 7<\/li>\n                    <\/ul>\n    <\/div>\n\n<\/div>\n\n\n<a \n    class=\"is-style-lien-cover has-sr-only-text wp-block-gt-gt-ws-ctv-offer-reservation-link\"    href=\"https:\/\/reservation.secureholiday.net\/de\/5028\/search\/product-list\/?widgetOfferId=2938306\" \n    target=\"_blank\"\n    aria-label=\"Das Angebot ansehen Kombinierbares angebot -15%\"\n    rel=\"noopener noreferrer\">\n    <span class=\"sr-only\">Voir l&#039;offre<\/span>\n<\/a>\n\n\n\n\n<div class=\"wp-block-buttons is-content-justification-center is-layout-flex wp-container-core-buttons-is-layout-4937f1ce wp-block-buttons-is-layout-flex\" style=\"padding-top:1rem\">\n<div class=\"wp-block-button btn-1 is-style-outline is-style-outline--15\"><a class=\"wp-block-button__link has-custom-color-1-color has-text-color has-link-color has-border-color has-text-align-center has-custom-font-size wp-element-button\" style=\"border-color:#cfa379;border-width:1px;border-radius:100px;padding-right:30px;padding-left:30px;font-size:clamp(0.875rem, 0.875rem + ((1vw - 0.2rem) * 0.492), 1.17rem);font-style:normal;font-weight:300;text-transform:uppercase\"><img decoding=\"async\" width=\"43\" height=\"1\" class=\"wp-image-289\" style=\"width: 43px;\" src=\"https:\/\/www.campingdes2plages.fr\/wp-content\/uploads\/2025\/11\/ligne-beige.svg\" alt=\"beige Linie\"\/><img decoding=\"async\" width=\"21\" height=\"21\" class=\"wp-image-223\" style=\"width: 21px;\" src=\"https:\/\/www.campingdes2plages.fr\/wp-content\/uploads\/2025\/11\/etoile-custom-beige.svg\" alt=\"Stern Custom beige\"\/>SEHEN Sie das Angebot<\/a><\/div>\n<\/div>\n<\/div>\n\n<\/li><li class=\"wp-block-post post-7119 offre_speciale type-offre_speciale status-publish has-post-thumbnail hentry\">\n\n<div class=\"wp-block-group has-base-2-background-color has-background is-layout-flow wp-block-group-is-layout-flow\" style=\"border-top-left-radius:20px;border-top-right-radius:20px;border-bottom-left-radius:20px;border-bottom-right-radius:20px;padding-top:var(--wp--preset--spacing--10);padding-right:var(--wp--preset--spacing--10);padding-bottom:var(--wp--preset--spacing--10);padding-left:var(--wp--preset--spacing--10)\">\n\n<h2 style=\"font-size:clamp(0.984rem, 0.984rem + ((1vw - 0.2rem) * 0.86), 1.5rem)\" class=\"has-text-align-center wp-block-post-title\">Kombinierbares angebot -15%<\/h2>\n\n\n<div class=\"wp-block-group is-content-justification-center is-layout-flex wp-container-core-group-is-layout-94b61000 wp-block-group-is-layout-flex\" style=\"font-size:clamp(0.875rem, 0.875rem + ((1vw - 0.2rem) * 0.042), 0.9rem);\">\n<div class=\"wp-block-gt-gt-ws-ctv-offer-dates\">\n    Von 14\/05\/2026 au 17\/05\/2026<\/div>\n\n<\/div>\n\n\n\n<div class=\"wp-block-group is-content-justification-center is-nowrap is-layout-flex wp-container-core-group-is-layout-82936891 wp-block-group-is-layout-flex\"><div class=\"wp-block-gt-gt-ws-ctv-offer-conditions\">\n            <ul>\n                            <li>{&quot;conditionOS&quot;:&quot;Der Rabatt gilt f\u00fcr: : Nur Basispreis&quot;}<\/li>\n                    <\/ul>\n    <\/div>\n\n<\/div>\n\n\n<a \n    class=\"is-style-lien-cover has-sr-only-text wp-block-gt-gt-ws-ctv-offer-reservation-link\"    href=\"https:\/\/reservation.secureholiday.net\/de\/5028\/search\/product-list\/?widgetOfferId=2918026\" \n    target=\"_blank\"\n    aria-label=\"Das Angebot ansehen Kombinierbares angebot -15%\"\n    rel=\"noopener noreferrer\">\n    <span class=\"sr-only\">Voir l&#039;offre<\/span>\n<\/a>\n\n\n\n\n<div class=\"wp-block-buttons is-content-justification-center is-layout-flex wp-container-core-buttons-is-layout-4937f1ce wp-block-buttons-is-layout-flex\" style=\"padding-top:1rem\">\n<div class=\"wp-block-button btn-1 is-style-outline is-style-outline--16\"><a class=\"wp-block-button__link has-custom-color-1-color has-text-color has-link-color has-border-color has-text-align-center has-custom-font-size wp-element-button\" style=\"border-color:#cfa379;border-width:1px;border-radius:100px;padding-right:30px;padding-left:30px;font-size:clamp(0.875rem, 0.875rem + ((1vw - 0.2rem) * 0.492), 1.17rem);font-style:normal;font-weight:300;text-transform:uppercase\"><img decoding=\"async\" width=\"43\" height=\"1\" class=\"wp-image-289\" style=\"width: 43px;\" src=\"https:\/\/www.campingdes2plages.fr\/wp-content\/uploads\/2025\/11\/ligne-beige.svg\" alt=\"beige Linie\"\/><img decoding=\"async\" width=\"21\" height=\"21\" class=\"wp-image-223\" style=\"width: 21px;\" src=\"https:\/\/www.campingdes2plages.fr\/wp-content\/uploads\/2025\/11\/etoile-custom-beige.svg\" alt=\"Stern Custom beige\"\/>SEHEN Sie das Angebot<\/a><\/div>\n<\/div>\n<\/div>\n\n<\/li><li class=\"wp-block-post post-7439 offre_speciale type-offre_speciale status-publish has-post-thumbnail hentry\">\n\n<div class=\"wp-block-group has-base-2-background-color has-background is-layout-flow wp-block-group-is-layout-flow\" style=\"border-top-left-radius:20px;border-top-right-radius:20px;border-bottom-left-radius:20px;border-bottom-right-radius:20px;padding-top:var(--wp--preset--spacing--10);padding-right:var(--wp--preset--spacing--10);padding-bottom:var(--wp--preset--spacing--10);padding-left:var(--wp--preset--spacing--10)\">\n\n<h2 style=\"font-size:clamp(0.984rem, 0.984rem + ((1vw - 0.2rem) * 0.86), 1.5rem)\" class=\"has-text-align-center wp-block-post-title\">Kombinierbares angebot -12%<\/h2>\n\n\n<div class=\"wp-block-group is-content-justification-center is-layout-flex wp-container-core-group-is-layout-94b61000 wp-block-group-is-layout-flex\" style=\"font-size:clamp(0.875rem, 0.875rem + ((1vw - 0.2rem) * 0.042), 0.9rem);\">\n<div class=\"wp-block-gt-gt-ws-ctv-offer-dates\">\n    Von 01\/08\/2026 au 05\/08\/2026<\/div>\n\n<\/div>\n\n\n\n<div class=\"wp-block-group is-content-justification-center is-nowrap is-layout-flex wp-container-core-group-is-layout-82936891 wp-block-group-is-layout-flex\"><div class=\"wp-block-gt-gt-ws-ctv-offer-conditions\">\n            <ul>\n                            <li>Minimale Aufenthaltsdauer : 4<\/li>\n                    <\/ul>\n    <\/div>\n\n<\/div>\n\n\n<a \n    class=\"is-style-lien-cover has-sr-only-text wp-block-gt-gt-ws-ctv-offer-reservation-link\"    href=\"https:\/\/reservation.secureholiday.net\/de\/5028\/search\/product-list\/?widgetOfferId=2959347\" \n    target=\"_blank\"\n    aria-label=\"Das Angebot ansehen Kombinierbares angebot -12%\"\n    rel=\"noopener noreferrer\">\n    <span class=\"sr-only\">Voir l&#039;offre<\/span>\n<\/a>\n\n\n\n\n<div class=\"wp-block-buttons is-content-justification-center is-layout-flex wp-container-core-buttons-is-layout-4937f1ce wp-block-buttons-is-layout-flex\" style=\"padding-top:1rem\">\n<div class=\"wp-block-button btn-1 is-style-outline is-style-outline--17\"><a class=\"wp-block-button__link has-custom-color-1-color has-text-color has-link-color has-border-color has-text-align-center has-custom-font-size wp-element-button\" style=\"border-color:#cfa379;border-width:1px;border-radius:100px;padding-right:30px;padding-left:30px;font-size:clamp(0.875rem, 0.875rem + ((1vw - 0.2rem) * 0.492), 1.17rem);font-style:normal;font-weight:300;text-transform:uppercase\"><img decoding=\"async\" width=\"43\" height=\"1\" class=\"wp-image-289\" style=\"width: 43px;\" src=\"https:\/\/www.campingdes2plages.fr\/wp-content\/uploads\/2025\/11\/ligne-beige.svg\" alt=\"beige Linie\"\/><img decoding=\"async\" width=\"21\" height=\"21\" class=\"wp-image-223\" style=\"width: 21px;\" src=\"https:\/\/www.campingdes2plages.fr\/wp-content\/uploads\/2025\/11\/etoile-custom-beige.svg\" alt=\"Stern Custom beige\"\/>SEHEN Sie das Angebot<\/a><\/div>\n<\/div>\n<\/div>\n\n<\/li><li class=\"wp-block-post post-7403 offre_speciale type-offre_speciale status-publish has-post-thumbnail hentry\">\n\n<div class=\"wp-block-group has-base-2-background-color has-background is-layout-flow wp-block-group-is-layout-flow\" style=\"border-top-left-radius:20px;border-top-right-radius:20px;border-bottom-left-radius:20px;border-bottom-right-radius:20px;padding-top:var(--wp--preset--spacing--10);padding-right:var(--wp--preset--spacing--10);padding-bottom:var(--wp--preset--spacing--10);padding-left:var(--wp--preset--spacing--10)\">\n\n<h2 style=\"font-size:clamp(0.984rem, 0.984rem + ((1vw - 0.2rem) * 0.86), 1.5rem)\" class=\"has-text-align-center wp-block-post-title\">Kombinierbares angebot -12%<\/h2>\n\n\n<div class=\"wp-block-group is-content-justification-center is-layout-flex wp-container-core-group-is-layout-94b61000 wp-block-group-is-layout-flex\" style=\"font-size:clamp(0.875rem, 0.875rem + ((1vw - 0.2rem) * 0.042), 0.9rem);\">\n<div class=\"wp-block-gt-gt-ws-ctv-offer-dates\">\n    Von 29\/08\/2026 au 19\/09\/2026<\/div>\n\n<\/div>\n\n\n\n<div class=\"wp-block-group is-content-justification-center is-nowrap is-layout-flex wp-container-core-group-is-layout-82936891 wp-block-group-is-layout-flex\"><div class=\"wp-block-gt-gt-ws-ctv-offer-conditions\">\n            <ul>\n                            <li>Minimale Aufenthaltsdauer : 7<\/li>\n                    <\/ul>\n    <\/div>\n\n<\/div>\n\n\n<a \n    class=\"is-style-lien-cover has-sr-only-text wp-block-gt-gt-ws-ctv-offer-reservation-link\"    href=\"https:\/\/reservation.secureholiday.net\/de\/5028\/search\/product-list\/?widgetOfferId=2954398\" \n    target=\"_blank\"\n    aria-label=\"Das Angebot ansehen Kombinierbares angebot -12%\"\n    rel=\"noopener noreferrer\">\n    <span class=\"sr-only\">Voir l&#039;offre<\/span>\n<\/a>\n\n\n\n\n<div class=\"wp-block-buttons is-content-justification-center is-layout-flex wp-container-core-buttons-is-layout-4937f1ce wp-block-buttons-is-layout-flex\" style=\"padding-top:1rem\">\n<div class=\"wp-block-button btn-1 is-style-outline is-style-outline--18\"><a class=\"wp-block-button__link has-custom-color-1-color has-text-color has-link-color has-border-color has-text-align-center has-custom-font-size wp-element-button\" style=\"border-color:#cfa379;border-width:1px;border-radius:100px;padding-right:30px;padding-left:30px;font-size:clamp(0.875rem, 0.875rem + ((1vw - 0.2rem) * 0.492), 1.17rem);font-style:normal;font-weight:300;text-transform:uppercase\"><img decoding=\"async\" width=\"43\" height=\"1\" class=\"wp-image-289\" style=\"width: 43px;\" src=\"https:\/\/www.campingdes2plages.fr\/wp-content\/uploads\/2025\/11\/ligne-beige.svg\" alt=\"beige Linie\"\/><img decoding=\"async\" width=\"21\" height=\"21\" class=\"wp-image-223\" style=\"width: 21px;\" src=\"https:\/\/www.campingdes2plages.fr\/wp-content\/uploads\/2025\/11\/etoile-custom-beige.svg\" alt=\"Stern Custom beige\"\/>SEHEN Sie das Angebot<\/a><\/div>\n<\/div>\n<\/div>\n\n<\/li><li class=\"wp-block-post post-6998 offre_speciale type-offre_speciale status-publish has-post-thumbnail hentry\">\n\n<div class=\"wp-block-group has-base-2-background-color has-background is-layout-flow wp-block-group-is-layout-flow\" style=\"border-top-left-radius:20px;border-top-right-radius:20px;border-bottom-left-radius:20px;border-bottom-right-radius:20px;padding-top:var(--wp--preset--spacing--10);padding-right:var(--wp--preset--spacing--10);padding-bottom:var(--wp--preset--spacing--10);padding-left:var(--wp--preset--spacing--10)\">\n\n<h2 style=\"font-size:clamp(0.984rem, 0.984rem + ((1vw - 0.2rem) * 0.86), 1.5rem)\" class=\"has-text-align-center wp-block-post-title\">Kombinierbares angebot -10%<\/h2>\n\n\n<div class=\"wp-block-group is-content-justification-center is-layout-flex wp-container-core-group-is-layout-94b61000 wp-block-group-is-layout-flex\" style=\"font-size:clamp(0.875rem, 0.875rem + ((1vw - 0.2rem) * 0.042), 0.9rem);\">\n<div class=\"wp-block-gt-gt-ws-ctv-offer-dates\">\n    Von 06\/04\/2026 au 15\/04\/2026<\/div>\n\n<\/div>\n\n\n\n<div class=\"wp-block-group is-content-justification-center is-nowrap is-layout-flex wp-container-core-group-is-layout-82936891 wp-block-group-is-layout-flex\"><div class=\"wp-block-gt-gt-ws-ctv-offer-conditions\">\n            <ul>\n                            <li>Minimale Aufenthaltsdauer : 2<\/li>\n                    <\/ul>\n    <\/div>\n\n<\/div>\n\n\n<a \n    class=\"is-style-lien-cover has-sr-only-text wp-block-gt-gt-ws-ctv-offer-reservation-link\"    href=\"https:\/\/reservation.secureholiday.net\/de\/5028\/search\/product-list\/?widgetOfferId=2896352\" \n    target=\"_blank\"\n    aria-label=\"Das Angebot ansehen Kombinierbares angebot -10%\"\n    rel=\"noopener noreferrer\">\n    <span class=\"sr-only\">Voir l&#039;offre<\/span>\n<\/a>\n\n\n\n\n<div class=\"wp-block-buttons is-content-justification-center is-layout-flex wp-container-core-buttons-is-layout-4937f1ce wp-block-buttons-is-layout-flex\" style=\"padding-top:1rem\">\n<div class=\"wp-block-button btn-1 is-style-outline is-style-outline--19\"><a class=\"wp-block-button__link has-custom-color-1-color has-text-color has-link-color has-border-color has-text-align-center has-custom-font-size wp-element-button\" style=\"border-color:#cfa379;border-width:1px;border-radius:100px;padding-right:30px;padding-left:30px;font-size:clamp(0.875rem, 0.875rem + ((1vw - 0.2rem) * 0.492), 1.17rem);font-style:normal;font-weight:300;text-transform:uppercase\"><img decoding=\"async\" width=\"43\" height=\"1\" class=\"wp-image-289\" style=\"width: 43px;\" src=\"https:\/\/www.campingdes2plages.fr\/wp-content\/uploads\/2025\/11\/ligne-beige.svg\" alt=\"beige Linie\"\/><img decoding=\"async\" width=\"21\" height=\"21\" class=\"wp-image-223\" style=\"width: 21px;\" src=\"https:\/\/www.campingdes2plages.fr\/wp-content\/uploads\/2025\/11\/etoile-custom-beige.svg\" alt=\"Stern Custom beige\"\/>SEHEN Sie das Angebot<\/a><\/div>\n<\/div>\n<\/div>\n\n<\/li><li class=\"wp-block-post post-7275 offre_speciale type-offre_speciale status-publish has-post-thumbnail hentry\">\n\n<div class=\"wp-block-group has-base-2-background-color has-background is-layout-flow wp-block-group-is-layout-flow\" style=\"border-top-left-radius:20px;border-top-right-radius:20px;border-bottom-left-radius:20px;border-bottom-right-radius:20px;padding-top:var(--wp--preset--spacing--10);padding-right:var(--wp--preset--spacing--10);padding-bottom:var(--wp--preset--spacing--10);padding-left:var(--wp--preset--spacing--10)\">\n\n<h2 style=\"font-size:clamp(0.984rem, 0.984rem + ((1vw - 0.2rem) * 0.86), 1.5rem)\" class=\"has-text-align-center wp-block-post-title\">Kombinierbares angebot -10%<\/h2>\n\n\n<div class=\"wp-block-group is-content-justification-center is-layout-flex wp-container-core-group-is-layout-94b61000 wp-block-group-is-layout-flex\" style=\"font-size:clamp(0.875rem, 0.875rem + ((1vw - 0.2rem) * 0.042), 0.9rem);\">\n<div class=\"wp-block-gt-gt-ws-ctv-offer-dates\">\n    Von 04\/07\/2026 au 18\/07\/2026<\/div>\n\n<\/div>\n\n\n\n<div class=\"wp-block-group is-content-justification-center is-nowrap is-layout-flex wp-container-core-group-is-layout-82936891 wp-block-group-is-layout-flex\"><div class=\"wp-block-gt-gt-ws-ctv-offer-conditions\">\n            <ul>\n                            <li>Minimale Aufenthaltsdauer : 7<\/li>\n                    <\/ul>\n    <\/div>\n\n<\/div>\n\n\n<a \n    class=\"is-style-lien-cover has-sr-only-text wp-block-gt-gt-ws-ctv-offer-reservation-link\"    href=\"https:\/\/reservation.secureholiday.net\/de\/5028\/search\/product-list\/?widgetOfferId=2938153\" \n    target=\"_blank\"\n    aria-label=\"Das Angebot ansehen Kombinierbares angebot -10%\"\n    rel=\"noopener noreferrer\">\n    <span class=\"sr-only\">Voir l&#039;offre<\/span>\n<\/a>\n\n\n\n\n<div class=\"wp-block-buttons is-content-justification-center is-layout-flex wp-container-core-buttons-is-layout-4937f1ce wp-block-buttons-is-layout-flex\" style=\"padding-top:1rem\">\n<div class=\"wp-block-button btn-1 is-style-outline is-style-outline--20\"><a class=\"wp-block-button__link has-custom-color-1-color has-text-color has-link-color has-border-color has-text-align-center has-custom-font-size wp-element-button\" style=\"border-color:#cfa379;border-width:1px;border-radius:100px;padding-right:30px;padding-left:30px;font-size:clamp(0.875rem, 0.875rem + ((1vw - 0.2rem) * 0.492), 1.17rem);font-style:normal;font-weight:300;text-transform:uppercase\"><img decoding=\"async\" width=\"43\" height=\"1\" class=\"wp-image-289\" style=\"width: 43px;\" src=\"https:\/\/www.campingdes2plages.fr\/wp-content\/uploads\/2025\/11\/ligne-beige.svg\" alt=\"beige Linie\"\/><img decoding=\"async\" width=\"21\" height=\"21\" class=\"wp-image-223\" style=\"width: 21px;\" src=\"https:\/\/www.campingdes2plages.fr\/wp-content\/uploads\/2025\/11\/etoile-custom-beige.svg\" alt=\"Stern Custom beige\"\/>SEHEN Sie das Angebot<\/a><\/div>\n<\/div>\n<\/div>\n\n<\/li><li class=\"wp-block-post post-7287 offre_speciale type-offre_speciale status-publish has-post-thumbnail hentry\">\n\n<div class=\"wp-block-group has-base-2-background-color has-background is-layout-flow wp-block-group-is-layout-flow\" style=\"border-top-left-radius:20px;border-top-right-radius:20px;border-bottom-left-radius:20px;border-bottom-right-radius:20px;padding-top:var(--wp--preset--spacing--10);padding-right:var(--wp--preset--spacing--10);padding-bottom:var(--wp--preset--spacing--10);padding-left:var(--wp--preset--spacing--10)\">\n\n<h2 style=\"font-size:clamp(0.984rem, 0.984rem + ((1vw - 0.2rem) * 0.86), 1.5rem)\" class=\"has-text-align-center wp-block-post-title\">Kombinierbares angebot -10%<\/h2>\n\n\n<div class=\"wp-block-group is-content-justification-center is-layout-flex wp-container-core-group-is-layout-94b61000 wp-block-group-is-layout-flex\" style=\"font-size:clamp(0.875rem, 0.875rem + ((1vw - 0.2rem) * 0.042), 0.9rem);\">\n<div class=\"wp-block-gt-gt-ws-ctv-offer-dates\">\n    Von 29\/08\/2026 au 26\/09\/2026<\/div>\n\n<\/div>\n\n\n\n<div class=\"wp-block-group is-content-justification-center is-nowrap is-layout-flex wp-container-core-group-is-layout-82936891 wp-block-group-is-layout-flex\"><div class=\"wp-block-gt-gt-ws-ctv-offer-conditions\">\n            <ul>\n                            <li>Minimale Aufenthaltsdauer : 14<\/li>\n                    <\/ul>\n    <\/div>\n\n<\/div>\n\n\n<a \n    class=\"is-style-lien-cover has-sr-only-text wp-block-gt-gt-ws-ctv-offer-reservation-link\"    href=\"https:\/\/reservation.secureholiday.net\/de\/5028\/search\/product-list\/?widgetOfferId=2938310\" \n    target=\"_blank\"\n    aria-label=\"Das Angebot ansehen Kombinierbares angebot -10%\"\n    rel=\"noopener noreferrer\">\n    <span class=\"sr-only\">Voir l&#039;offre<\/span>\n<\/a>\n\n\n\n\n<div class=\"wp-block-buttons is-content-justification-center is-layout-flex wp-container-core-buttons-is-layout-4937f1ce wp-block-buttons-is-layout-flex\" style=\"padding-top:1rem\">\n<div class=\"wp-block-button btn-1 is-style-outline is-style-outline--21\"><a class=\"wp-block-button__link has-custom-color-1-color has-text-color has-link-color has-border-color has-text-align-center has-custom-font-size wp-element-button\" style=\"border-color:#cfa379;border-width:1px;border-radius:100px;padding-right:30px;padding-left:30px;font-size:clamp(0.875rem, 0.875rem + ((1vw - 0.2rem) * 0.492), 1.17rem);font-style:normal;font-weight:300;text-transform:uppercase\"><img decoding=\"async\" width=\"43\" height=\"1\" class=\"wp-image-289\" style=\"width: 43px;\" src=\"https:\/\/www.campingdes2plages.fr\/wp-content\/uploads\/2025\/11\/ligne-beige.svg\" alt=\"beige Linie\"\/><img decoding=\"async\" width=\"21\" height=\"21\" class=\"wp-image-223\" style=\"width: 21px;\" src=\"https:\/\/www.campingdes2plages.fr\/wp-content\/uploads\/2025\/11\/etoile-custom-beige.svg\" alt=\"Stern Custom beige\"\/>SEHEN Sie das Angebot<\/a><\/div>\n<\/div>\n<\/div>\n\n<\/li><li class=\"wp-block-post post-6810 offre_speciale type-offre_speciale status-publish has-post-thumbnail hentry\">\n\n<div class=\"wp-block-group has-base-2-background-color has-background is-layout-flow wp-block-group-is-layout-flow\" style=\"border-top-left-radius:20px;border-top-right-radius:20px;border-bottom-left-radius:20px;border-bottom-right-radius:20px;padding-top:var(--wp--preset--spacing--10);padding-right:var(--wp--preset--spacing--10);padding-bottom:var(--wp--preset--spacing--10);padding-left:var(--wp--preset--spacing--10)\">\n\n<h2 style=\"font-size:clamp(0.984rem, 0.984rem + ((1vw - 0.2rem) * 0.86), 1.5rem)\" class=\"has-text-align-center wp-block-post-title\">Kombinierbares angebot -10%<\/h2>\n\n\n<div class=\"wp-block-group is-content-justification-center is-layout-flex wp-container-core-group-is-layout-94b61000 wp-block-group-is-layout-flex\" style=\"font-size:clamp(0.875rem, 0.875rem + ((1vw - 0.2rem) * 0.042), 0.9rem);\">\n<div class=\"wp-block-gt-gt-ws-ctv-offer-dates\">\n    Von 03\/04\/2026 au 06\/04\/2026<\/div>\n\n<\/div>\n\n\n\n<div class=\"wp-block-group is-content-justification-center is-nowrap is-layout-flex wp-container-core-group-is-layout-82936891 wp-block-group-is-layout-flex\"><div class=\"wp-block-gt-gt-ws-ctv-offer-conditions\">\n            <ul>\n                            <li>Minimale Aufenthaltsdauer : 2<\/li>\n                    <\/ul>\n    <\/div>\n\n<\/div>\n\n\n<a \n    class=\"is-style-lien-cover has-sr-only-text wp-block-gt-gt-ws-ctv-offer-reservation-link\"    href=\"https:\/\/reservation.secureholiday.net\/de\/5028\/search\/product-list\/?widgetOfferId=2890483\" \n    target=\"_blank\"\n    aria-label=\"Das Angebot ansehen Kombinierbares angebot -10%\"\n    rel=\"noopener noreferrer\">\n    <span class=\"sr-only\">Voir l&#039;offre<\/span>\n<\/a>\n\n\n\n\n<div class=\"wp-block-buttons is-content-justification-center is-layout-flex wp-container-core-buttons-is-layout-4937f1ce wp-block-buttons-is-layout-flex\" style=\"padding-top:1rem\">\n<div class=\"wp-block-button btn-1 is-style-outline is-style-outline--22\"><a class=\"wp-block-button__link has-custom-color-1-color has-text-color has-link-color has-border-color has-text-align-center has-custom-font-size wp-element-button\" style=\"border-color:#cfa379;border-width:1px;border-radius:100px;padding-right:30px;padding-left:30px;font-size:clamp(0.875rem, 0.875rem + ((1vw - 0.2rem) * 0.492), 1.17rem);font-style:normal;font-weight:300;text-transform:uppercase\"><img decoding=\"async\" width=\"43\" height=\"1\" class=\"wp-image-289\" style=\"width: 43px;\" src=\"https:\/\/www.campingdes2plages.fr\/wp-content\/uploads\/2025\/11\/ligne-beige.svg\" alt=\"beige Linie\"\/><img decoding=\"async\" width=\"21\" height=\"21\" class=\"wp-image-223\" style=\"width: 21px;\" src=\"https:\/\/www.campingdes2plages.fr\/wp-content\/uploads\/2025\/11\/etoile-custom-beige.svg\" alt=\"Stern Custom beige\"\/>SEHEN Sie das Angebot<\/a><\/div>\n<\/div>\n<\/div>\n\n<\/li><li class=\"wp-block-post post-7368 offre_speciale type-offre_speciale status-publish has-post-thumbnail hentry\">\n\n<div class=\"wp-block-group has-base-2-background-color has-background is-layout-flow wp-block-group-is-layout-flow\" style=\"border-top-left-radius:20px;border-top-right-radius:20px;border-bottom-left-radius:20px;border-bottom-right-radius:20px;padding-top:var(--wp--preset--spacing--10);padding-right:var(--wp--preset--spacing--10);padding-bottom:var(--wp--preset--spacing--10);padding-left:var(--wp--preset--spacing--10)\">\n\n<h2 style=\"font-size:clamp(0.984rem, 0.984rem + ((1vw - 0.2rem) * 0.86), 1.5rem)\" class=\"has-text-align-center wp-block-post-title\">Kombinierbares angebot -10%<\/h2>\n\n\n<div class=\"wp-block-group is-content-justification-center is-layout-flex wp-container-core-group-is-layout-94b61000 wp-block-group-is-layout-flex\" style=\"font-size:clamp(0.875rem, 0.875rem + ((1vw - 0.2rem) * 0.042), 0.9rem);\">\n<div class=\"wp-block-gt-gt-ws-ctv-offer-dates\">\n    Von 22\/06\/2026 au 03\/07\/2026<\/div>\n\n<\/div>\n\n\n\n<div class=\"wp-block-group is-content-justification-center is-nowrap is-layout-flex wp-container-core-group-is-layout-82936891 wp-block-group-is-layout-flex\"><div class=\"wp-block-gt-gt-ws-ctv-offer-conditions\">\n            <ul>\n                            <li>Minimale Aufenthaltsdauer : 5<\/li>\n                    <\/ul>\n    <\/div>\n\n<\/div>\n\n\n<a \n    class=\"is-style-lien-cover has-sr-only-text wp-block-gt-gt-ws-ctv-offer-reservation-link\"    href=\"https:\/\/reservation.secureholiday.net\/de\/5028\/search\/product-list\/?widgetOfferId=2941401\" \n    target=\"_blank\"\n    aria-label=\"Das Angebot ansehen Kombinierbares angebot -10%\"\n    rel=\"noopener noreferrer\">\n    <span class=\"sr-only\">Voir l&#039;offre<\/span>\n<\/a>\n\n\n\n\n<div class=\"wp-block-buttons is-content-justification-center is-layout-flex wp-container-core-buttons-is-layout-4937f1ce wp-block-buttons-is-layout-flex\" style=\"padding-top:1rem\">\n<div class=\"wp-block-button btn-1 is-style-outline is-style-outline--23\"><a class=\"wp-block-button__link has-custom-color-1-color has-text-color has-link-color has-border-color has-text-align-center has-custom-font-size wp-element-button\" style=\"border-color:#cfa379;border-width:1px;border-radius:100px;padding-right:30px;padding-left:30px;font-size:clamp(0.875rem, 0.875rem + ((1vw - 0.2rem) * 0.492), 1.17rem);font-style:normal;font-weight:300;text-transform:uppercase\"><img decoding=\"async\" width=\"43\" height=\"1\" class=\"wp-image-289\" style=\"width: 43px;\" src=\"https:\/\/www.campingdes2plages.fr\/wp-content\/uploads\/2025\/11\/ligne-beige.svg\" alt=\"beige Linie\"\/><img decoding=\"async\" width=\"21\" height=\"21\" class=\"wp-image-223\" style=\"width: 21px;\" src=\"https:\/\/www.campingdes2plages.fr\/wp-content\/uploads\/2025\/11\/etoile-custom-beige.svg\" alt=\"Stern Custom beige\"\/>SEHEN Sie das Angebot<\/a><\/div>\n<\/div>\n<\/div>\n\n<\/li><li class=\"wp-block-post post-7118 offre_speciale type-offre_speciale status-publish has-post-thumbnail hentry\">\n\n<div class=\"wp-block-group has-base-2-background-color has-background is-layout-flow wp-block-group-is-layout-flow\" style=\"border-top-left-radius:20px;border-top-right-radius:20px;border-bottom-left-radius:20px;border-bottom-right-radius:20px;padding-top:var(--wp--preset--spacing--10);padding-right:var(--wp--preset--spacing--10);padding-bottom:var(--wp--preset--spacing--10);padding-left:var(--wp--preset--spacing--10)\">\n\n<h2 style=\"font-size:clamp(0.984rem, 0.984rem + ((1vw - 0.2rem) * 0.86), 1.5rem)\" class=\"has-text-align-center wp-block-post-title\">Kombinierbares angebot -10%<\/h2>\n\n\n<div class=\"wp-block-group is-content-justification-center is-layout-flex wp-container-core-group-is-layout-94b61000 wp-block-group-is-layout-flex\" style=\"font-size:clamp(0.875rem, 0.875rem + ((1vw - 0.2rem) * 0.042), 0.9rem);\">\n<div class=\"wp-block-gt-gt-ws-ctv-offer-dates\">\n    Von 14\/05\/2026 au 17\/05\/2026<\/div>\n\n<\/div>\n\n\n\n<div class=\"wp-block-group is-content-justification-center is-nowrap is-layout-flex wp-container-core-group-is-layout-82936891 wp-block-group-is-layout-flex\"><div class=\"wp-block-gt-gt-ws-ctv-offer-conditions\">\n            <ul>\n                            <li>{&quot;conditionOS&quot;:&quot;Der Rabatt gilt f\u00fcr: : Nur Basispreis&quot;}<\/li>\n                    <\/ul>\n    <\/div>\n\n<\/div>\n\n\n<a \n    class=\"is-style-lien-cover has-sr-only-text wp-block-gt-gt-ws-ctv-offer-reservation-link\"    href=\"https:\/\/reservation.secureholiday.net\/de\/5028\/search\/product-list\/?widgetOfferId=2918027\" \n    target=\"_blank\"\n    aria-label=\"Das Angebot ansehen Kombinierbares angebot -10%\"\n    rel=\"noopener noreferrer\">\n    <span class=\"sr-only\">Voir l&#039;offre<\/span>\n<\/a>\n\n\n\n\n<div class=\"wp-block-buttons is-content-justification-center is-layout-flex wp-container-core-buttons-is-layout-4937f1ce wp-block-buttons-is-layout-flex\" style=\"padding-top:1rem\">\n<div class=\"wp-block-button btn-1 is-style-outline is-style-outline--24\"><a class=\"wp-block-button__link has-custom-color-1-color has-text-color has-link-color has-border-color has-text-align-center has-custom-font-size wp-element-button\" style=\"border-color:#cfa379;border-width:1px;border-radius:100px;padding-right:30px;padding-left:30px;font-size:clamp(0.875rem, 0.875rem + ((1vw - 0.2rem) * 0.492), 1.17rem);font-style:normal;font-weight:300;text-transform:uppercase\"><img decoding=\"async\" width=\"43\" height=\"1\" class=\"wp-image-289\" style=\"width: 43px;\" src=\"https:\/\/www.campingdes2plages.fr\/wp-content\/uploads\/2025\/11\/ligne-beige.svg\" alt=\"beige Linie\"\/><img decoding=\"async\" width=\"21\" height=\"21\" class=\"wp-image-223\" style=\"width: 21px;\" src=\"https:\/\/www.campingdes2plages.fr\/wp-content\/uploads\/2025\/11\/etoile-custom-beige.svg\" alt=\"Stern Custom beige\"\/>SEHEN Sie das Angebot<\/a><\/div>\n<\/div>\n<\/div>\n\n<\/li><li class=\"wp-block-post post-7165 offre_speciale type-offre_speciale status-publish has-post-thumbnail hentry\">\n\n<div class=\"wp-block-group has-base-2-background-color has-background is-layout-flow wp-block-group-is-layout-flow\" style=\"border-top-left-radius:20px;border-top-right-radius:20px;border-bottom-left-radius:20px;border-bottom-right-radius:20px;padding-top:var(--wp--preset--spacing--10);padding-right:var(--wp--preset--spacing--10);padding-bottom:var(--wp--preset--spacing--10);padding-left:var(--wp--preset--spacing--10)\">\n\n<h2 style=\"font-size:clamp(0.984rem, 0.984rem + ((1vw - 0.2rem) * 0.86), 1.5rem)\" class=\"has-text-align-center wp-block-post-title\">Kombinierbares angebot -10%<\/h2>\n\n\n<div class=\"wp-block-group is-content-justification-center is-layout-flex wp-container-core-group-is-layout-94b61000 wp-block-group-is-layout-flex\" style=\"font-size:clamp(0.875rem, 0.875rem + ((1vw - 0.2rem) * 0.042), 0.9rem);\">\n<div class=\"wp-block-gt-gt-ws-ctv-offer-dates\">\n    Von 23\/05\/2026 au 25\/05\/2026<\/div>\n\n<\/div>\n\n\n\n<div class=\"wp-block-group is-content-justification-center is-nowrap is-layout-flex wp-container-core-group-is-layout-82936891 wp-block-group-is-layout-flex\"><div class=\"wp-block-gt-gt-ws-ctv-offer-conditions\">\n            <ul>\n                            <li>Minimale Aufenthaltsdauer : 2<\/li>\n                    <\/ul>\n    <\/div>\n\n<\/div>\n\n\n<a \n    class=\"is-style-lien-cover has-sr-only-text wp-block-gt-gt-ws-ctv-offer-reservation-link\"    href=\"https:\/\/reservation.secureholiday.net\/de\/5028\/search\/product-list\/?widgetOfferId=2927197\" \n    target=\"_blank\"\n    aria-label=\"Das Angebot ansehen Kombinierbares angebot -10%\"\n    rel=\"noopener noreferrer\">\n    <span class=\"sr-only\">Voir l&#039;offre<\/span>\n<\/a>\n\n\n\n\n<div class=\"wp-block-buttons is-content-justification-center is-layout-flex wp-container-core-buttons-is-layout-4937f1ce wp-block-buttons-is-layout-flex\" style=\"padding-top:1rem\">\n<div class=\"wp-block-button btn-1 is-style-outline is-style-outline--25\"><a class=\"wp-block-button__link has-custom-color-1-color has-text-color has-link-color has-border-color has-text-align-center has-custom-font-size wp-element-button\" style=\"border-color:#cfa379;border-width:1px;border-radius:100px;padding-right:30px;padding-left:30px;font-size:clamp(0.875rem, 0.875rem + ((1vw - 0.2rem) * 0.492), 1.17rem);font-style:normal;font-weight:300;text-transform:uppercase\"><img decoding=\"async\" width=\"43\" height=\"1\" class=\"wp-image-289\" style=\"width: 43px;\" src=\"https:\/\/www.campingdes2plages.fr\/wp-content\/uploads\/2025\/11\/ligne-beige.svg\" alt=\"beige Linie\"\/><img decoding=\"async\" width=\"21\" height=\"21\" class=\"wp-image-223\" style=\"width: 21px;\" src=\"https:\/\/www.campingdes2plages.fr\/wp-content\/uploads\/2025\/11\/etoile-custom-beige.svg\" alt=\"Stern Custom beige\"\/>SEHEN Sie das Angebot<\/a><\/div>\n<\/div>\n<\/div>\n\n<\/li><li class=\"wp-block-post post-6357 offre_speciale type-offre_speciale status-publish has-post-thumbnail hentry\">\n\n<div class=\"wp-block-group has-base-2-background-color has-background is-layout-flow wp-block-group-is-layout-flow\" style=\"border-top-left-radius:20px;border-top-right-radius:20px;border-bottom-left-radius:20px;border-bottom-right-radius:20px;padding-top:var(--wp--preset--spacing--10);padding-right:var(--wp--preset--spacing--10);padding-bottom:var(--wp--preset--spacing--10);padding-left:var(--wp--preset--spacing--10)\">\n\n<h2 style=\"font-size:clamp(0.984rem, 0.984rem + ((1vw - 0.2rem) * 0.86), 1.5rem)\" class=\"has-text-align-center wp-block-post-title\">Keine Buchungsgeb\u00fchren : Kostenlose Buchungsgeb\u00fchr<\/h2>\n\n\n<div class=\"wp-block-group is-content-justification-center is-layout-flex wp-container-core-group-is-layout-94b61000 wp-block-group-is-layout-flex\" style=\"font-size:clamp(0.875rem, 0.875rem + ((1vw - 0.2rem) * 0.042), 0.9rem);\">\n<div class=\"wp-block-gt-gt-ws-ctv-offer-dates\">\n    Von 05\/09\/2026 au 26\/09\/2026<\/div>\n\n<\/div>\n\n\n\n<div class=\"wp-block-group is-content-justification-center is-nowrap is-layout-flex wp-container-core-group-is-layout-82936891 wp-block-group-is-layout-flex\"><div class=\"wp-block-gt-gt-ws-ctv-offer-conditions\">\n            <ul>\n                            <li>Maximale Aufenthaltsdauer : 6<\/li>\n                    <\/ul>\n    <\/div>\n\n<\/div>\n\n\n<a \n    class=\"is-style-lien-cover has-sr-only-text wp-block-gt-gt-ws-ctv-offer-reservation-link\"    href=\"https:\/\/reservation.secureholiday.net\/de\/5028\/search\/product-list\/?widgetOfferId=2767777\" \n    target=\"_blank\"\n    aria-label=\"Das Angebot ansehen Keine Buchungsgeb\u00fchren : Kostenlose Buchungsgeb\u00fchr\"\n    rel=\"noopener noreferrer\">\n    <span class=\"sr-only\">Voir l&#039;offre<\/span>\n<\/a>\n\n\n\n\n<div class=\"wp-block-buttons is-content-justification-center is-layout-flex wp-container-core-buttons-is-layout-4937f1ce wp-block-buttons-is-layout-flex\" style=\"padding-top:1rem\">\n<div class=\"wp-block-button btn-1 is-style-outline is-style-outline--26\"><a class=\"wp-block-button__link has-custom-color-1-color has-text-color has-link-color has-border-color has-text-align-center has-custom-font-size wp-element-button\" style=\"border-color:#cfa379;border-width:1px;border-radius:100px;padding-right:30px;padding-left:30px;font-size:clamp(0.875rem, 0.875rem + ((1vw - 0.2rem) * 0.492), 1.17rem);font-style:normal;font-weight:300;text-transform:uppercase\"><img decoding=\"async\" width=\"43\" height=\"1\" class=\"wp-image-289\" style=\"width: 43px;\" src=\"https:\/\/www.campingdes2plages.fr\/wp-content\/uploads\/2025\/11\/ligne-beige.svg\" alt=\"beige Linie\"\/><img decoding=\"async\" width=\"21\" height=\"21\" class=\"wp-image-223\" style=\"width: 21px;\" src=\"https:\/\/www.campingdes2plages.fr\/wp-content\/uploads\/2025\/11\/etoile-custom-beige.svg\" alt=\"Stern Custom beige\"\/>SEHEN Sie das Angebot<\/a><\/div>\n<\/div>\n<\/div>\n\n<\/li><li class=\"wp-block-post post-6358 offre_speciale type-offre_speciale status-publish has-post-thumbnail hentry\">\n\n<div class=\"wp-block-group has-base-2-background-color has-background is-layout-flow wp-block-group-is-layout-flow\" style=\"border-top-left-radius:20px;border-top-right-radius:20px;border-bottom-left-radius:20px;border-bottom-right-radius:20px;padding-top:var(--wp--preset--spacing--10);padding-right:var(--wp--preset--spacing--10);padding-bottom:var(--wp--preset--spacing--10);padding-left:var(--wp--preset--spacing--10)\">\n\n<h2 style=\"font-size:clamp(0.984rem, 0.984rem + ((1vw - 0.2rem) * 0.86), 1.5rem)\" class=\"has-text-align-center wp-block-post-title\">-7,5% : Ab 7 N\u00e4chten<\/h2>\n\n\n<div class=\"wp-block-group is-content-justification-center is-layout-flex wp-container-core-group-is-layout-94b61000 wp-block-group-is-layout-flex\" style=\"font-size:clamp(0.875rem, 0.875rem + ((1vw - 0.2rem) * 0.042), 0.9rem);\">\n<div class=\"wp-block-gt-gt-ws-ctv-offer-dates\">\n    Von 03\/04\/2026 au 13\/06\/2026<\/div>\n\n<\/div>\n\n\n\n<div class=\"wp-block-group is-content-justification-center is-nowrap is-layout-flex wp-container-core-group-is-layout-82936891 wp-block-group-is-layout-flex\"><div class=\"wp-block-gt-gt-ws-ctv-offer-conditions\">\n            <ul>\n                            <li>Minimale Aufenthaltsdauer : 7<\/li>\n                    <\/ul>\n    <\/div>\n\n<\/div>\n\n\n<a \n    class=\"is-style-lien-cover has-sr-only-text wp-block-gt-gt-ws-ctv-offer-reservation-link\"    href=\"https:\/\/reservation.secureholiday.net\/de\/5028\/search\/product-list\/?widgetOfferId=2767414\" \n    target=\"_blank\"\n    aria-label=\"Das Angebot ansehen -7,5% : Ab 7 N\u00e4chten\"\n    rel=\"noopener noreferrer\">\n    <span class=\"sr-only\">Voir l&#039;offre<\/span>\n<\/a>\n\n\n\n\n<div class=\"wp-block-buttons is-content-justification-center is-layout-flex wp-container-core-buttons-is-layout-4937f1ce wp-block-buttons-is-layout-flex\" style=\"padding-top:1rem\">\n<div class=\"wp-block-button btn-1 is-style-outline is-style-outline--27\"><a class=\"wp-block-button__link has-custom-color-1-color has-text-color has-link-color has-border-color has-text-align-center has-custom-font-size wp-element-button\" style=\"border-color:#cfa379;border-width:1px;border-radius:100px;padding-right:30px;padding-left:30px;font-size:clamp(0.875rem, 0.875rem + ((1vw - 0.2rem) * 0.492), 1.17rem);font-style:normal;font-weight:300;text-transform:uppercase\"><img decoding=\"async\" width=\"43\" height=\"1\" class=\"wp-image-289\" style=\"width: 43px;\" src=\"https:\/\/www.campingdes2plages.fr\/wp-content\/uploads\/2025\/11\/ligne-beige.svg\" alt=\"beige Linie\"\/><img decoding=\"async\" width=\"21\" height=\"21\" class=\"wp-image-223\" style=\"width: 21px;\" src=\"https:\/\/www.campingdes2plages.fr\/wp-content\/uploads\/2025\/11\/etoile-custom-beige.svg\" alt=\"Stern Custom beige\"\/>SEHEN Sie das Angebot<\/a><\/div>\n<\/div>\n<\/div>\n\n<\/li><li class=\"wp-block-post post-6359 offre_speciale type-offre_speciale status-publish has-post-thumbnail hentry\">\n\n<div class=\"wp-block-group has-base-2-background-color has-background is-layout-flow wp-block-group-is-layout-flow\" style=\"border-top-left-radius:20px;border-top-right-radius:20px;border-bottom-left-radius:20px;border-bottom-right-radius:20px;padding-top:var(--wp--preset--spacing--10);padding-right:var(--wp--preset--spacing--10);padding-bottom:var(--wp--preset--spacing--10);padding-left:var(--wp--preset--spacing--10)\">\n\n<h2 style=\"font-size:clamp(0.984rem, 0.984rem + ((1vw - 0.2rem) * 0.86), 1.5rem)\" class=\"has-text-align-center wp-block-post-title\">-7,5% : Ab 7 N\u00e4chten<\/h2>\n\n\n<div class=\"wp-block-group is-content-justification-center is-layout-flex wp-container-core-group-is-layout-94b61000 wp-block-group-is-layout-flex\" style=\"font-size:clamp(0.875rem, 0.875rem + ((1vw - 0.2rem) * 0.042), 0.9rem);\">\n<div class=\"wp-block-gt-gt-ws-ctv-offer-dates\">\n    Von 03\/04\/2026 au 04\/07\/2026<\/div>\n\n<\/div>\n\n\n\n<div class=\"wp-block-group is-content-justification-center is-nowrap is-layout-flex wp-container-core-group-is-layout-82936891 wp-block-group-is-layout-flex\"><div class=\"wp-block-gt-gt-ws-ctv-offer-conditions\">\n            <ul>\n                            <li>Minimale Aufenthaltsdauer : 7<\/li>\n                    <\/ul>\n    <\/div>\n\n<\/div>\n\n\n<a \n    class=\"is-style-lien-cover has-sr-only-text wp-block-gt-gt-ws-ctv-offer-reservation-link\"    href=\"https:\/\/reservation.secureholiday.net\/de\/5028\/search\/product-list\/?widgetOfferId=2767413\" \n    target=\"_blank\"\n    aria-label=\"Das Angebot ansehen -7,5% : Ab 7 N\u00e4chten\"\n    rel=\"noopener noreferrer\">\n    <span class=\"sr-only\">Voir l&#039;offre<\/span>\n<\/a>\n\n\n\n\n<div class=\"wp-block-buttons is-content-justification-center is-layout-flex wp-container-core-buttons-is-layout-4937f1ce wp-block-buttons-is-layout-flex\" style=\"padding-top:1rem\">\n<div class=\"wp-block-button btn-1 is-style-outline is-style-outline--28\"><a class=\"wp-block-button__link has-custom-color-1-color has-text-color has-link-color has-border-color has-text-align-center has-custom-font-size wp-element-button\" style=\"border-color:#cfa379;border-width:1px;border-radius:100px;padding-right:30px;padding-left:30px;font-size:clamp(0.875rem, 0.875rem + ((1vw - 0.2rem) * 0.492), 1.17rem);font-style:normal;font-weight:300;text-transform:uppercase\"><img decoding=\"async\" width=\"43\" height=\"1\" class=\"wp-image-289\" style=\"width: 43px;\" src=\"https:\/\/www.campingdes2plages.fr\/wp-content\/uploads\/2025\/11\/ligne-beige.svg\" alt=\"beige Linie\"\/><img decoding=\"async\" width=\"21\" height=\"21\" class=\"wp-image-223\" style=\"width: 21px;\" src=\"https:\/\/www.campingdes2plages.fr\/wp-content\/uploads\/2025\/11\/etoile-custom-beige.svg\" alt=\"Stern Custom beige\"\/>SEHEN Sie das Angebot<\/a><\/div>\n<\/div>\n<\/div>\n\n<\/li><li class=\"wp-block-post post-6356 offre_speciale type-offre_speciale status-publish has-post-thumbnail hentry\">\n\n<div class=\"wp-block-group has-base-2-background-color has-background is-layout-flow wp-block-group-is-layout-flow\" style=\"border-top-left-radius:20px;border-top-right-radius:20px;border-bottom-left-radius:20px;border-bottom-right-radius:20px;padding-top:var(--wp--preset--spacing--10);padding-right:var(--wp--preset--spacing--10);padding-bottom:var(--wp--preset--spacing--10);padding-left:var(--wp--preset--spacing--10)\">\n\n<h2 style=\"font-size:clamp(0.984rem, 0.984rem + ((1vw - 0.2rem) * 0.86), 1.5rem)\" class=\"has-text-align-center wp-block-post-title\">-5% : **Unser Schn\u00e4ppchen-Angebot<\/h2>\n\n\n<div class=\"wp-block-group is-content-justification-center is-layout-flex wp-container-core-group-is-layout-94b61000 wp-block-group-is-layout-flex\" style=\"font-size:clamp(0.875rem, 0.875rem + ((1vw - 0.2rem) * 0.042), 0.9rem);\">\n<div class=\"wp-block-gt-gt-ws-ctv-offer-dates\">\n    Von 04\/07\/2026 au 11\/07\/2026<\/div>\n\n<\/div>\n\n\n\n<div class=\"wp-block-group is-content-justification-center is-nowrap is-layout-flex wp-container-core-group-is-layout-82936891 wp-block-group-is-layout-flex\"><div class=\"wp-block-gt-gt-ws-ctv-offer-conditions\">\n            <ul>\n                            <li>Minimale Aufenthaltsdauer : 7<\/li>\n                    <\/ul>\n    <\/div>\n\n<\/div>\n\n\n<a \n    class=\"is-style-lien-cover has-sr-only-text wp-block-gt-gt-ws-ctv-offer-reservation-link\"    href=\"https:\/\/reservation.secureholiday.net\/de\/5028\/search\/product-list\/?widgetOfferId=2871771\" \n    target=\"_blank\"\n    aria-label=\"Das Angebot ansehen -5% : **Unser Schn\u00e4ppchen-Angebot\"\n    rel=\"noopener noreferrer\">\n    <span class=\"sr-only\">Voir l&#039;offre<\/span>\n<\/a>\n\n\n\n\n<div class=\"wp-block-buttons is-content-justification-center is-layout-flex wp-container-core-buttons-is-layout-4937f1ce wp-block-buttons-is-layout-flex\" style=\"padding-top:1rem\">\n<div class=\"wp-block-button btn-1 is-style-outline is-style-outline--29\"><a class=\"wp-block-button__link has-custom-color-1-color has-text-color has-link-color has-border-color has-text-align-center has-custom-font-size wp-element-button\" style=\"border-color:#cfa379;border-width:1px;border-radius:100px;padding-right:30px;padding-left:30px;font-size:clamp(0.875rem, 0.875rem + ((1vw - 0.2rem) * 0.492), 1.17rem);font-style:normal;font-weight:300;text-transform:uppercase\"><img decoding=\"async\" width=\"43\" height=\"1\" class=\"wp-image-289\" style=\"width: 43px;\" src=\"https:\/\/www.campingdes2plages.fr\/wp-content\/uploads\/2025\/11\/ligne-beige.svg\" alt=\"beige Linie\"\/><img decoding=\"async\" width=\"21\" height=\"21\" class=\"wp-image-223\" style=\"width: 21px;\" src=\"https:\/\/www.campingdes2plages.fr\/wp-content\/uploads\/2025\/11\/etoile-custom-beige.svg\" alt=\"Stern Custom beige\"\/>SEHEN Sie das Angebot<\/a><\/div>\n<\/div>\n<\/div>\n\n<\/li><li class=\"wp-block-post post-6366 offre_speciale type-offre_speciale status-publish has-post-thumbnail hentry\">\n\n<div class=\"wp-block-group has-base-2-background-color has-background is-layout-flow wp-block-group-is-layout-flow\" style=\"border-top-left-radius:20px;border-top-right-radius:20px;border-bottom-left-radius:20px;border-bottom-right-radius:20px;padding-top:var(--wp--preset--spacing--10);padding-right:var(--wp--preset--spacing--10);padding-bottom:var(--wp--preset--spacing--10);padding-left:var(--wp--preset--spacing--10)\">\n\n<h2 style=\"font-size:clamp(0.984rem, 0.984rem + ((1vw - 0.2rem) * 0.86), 1.5rem)\" class=\"has-text-align-center wp-block-post-title\">-21% : Ab 7 N\u00e4chten<\/h2>\n\n\n<div class=\"wp-block-group is-content-justification-center is-layout-flex wp-container-core-group-is-layout-94b61000 wp-block-group-is-layout-flex\" style=\"font-size:clamp(0.875rem, 0.875rem + ((1vw - 0.2rem) * 0.042), 0.9rem);\">\n<div class=\"wp-block-gt-gt-ws-ctv-offer-dates\">\n    Von 29\/08\/2026 au 26\/09\/2026<\/div>\n\n<\/div>\n\n\n\n<div class=\"wp-block-group is-content-justification-center is-nowrap is-layout-flex wp-container-core-group-is-layout-82936891 wp-block-group-is-layout-flex\"><div class=\"wp-block-gt-gt-ws-ctv-offer-conditions\">\n            <ul>\n                            <li>Minimale Aufenthaltsdauer : 7<\/li>\n                    <\/ul>\n    <\/div>\n\n<\/div>\n\n\n<a \n    class=\"is-style-lien-cover has-sr-only-text wp-block-gt-gt-ws-ctv-offer-reservation-link\"    href=\"https:\/\/reservation.secureholiday.net\/de\/5028\/search\/product-list\/?widgetOfferId=2761198\" \n    target=\"_blank\"\n    aria-label=\"Das Angebot ansehen -21% : Ab 7 N\u00e4chten\"\n    rel=\"noopener noreferrer\">\n    <span class=\"sr-only\">Voir l&#039;offre<\/span>\n<\/a>\n\n\n\n\n<div class=\"wp-block-buttons is-content-justification-center is-layout-flex wp-container-core-buttons-is-layout-4937f1ce wp-block-buttons-is-layout-flex\" style=\"padding-top:1rem\">\n<div class=\"wp-block-button btn-1 is-style-outline is-style-outline--30\"><a class=\"wp-block-button__link has-custom-color-1-color has-text-color has-link-color has-border-color has-text-align-center has-custom-font-size wp-element-button\" style=\"border-color:#cfa379;border-width:1px;border-radius:100px;padding-right:30px;padding-left:30px;font-size:clamp(0.875rem, 0.875rem + ((1vw - 0.2rem) * 0.492), 1.17rem);font-style:normal;font-weight:300;text-transform:uppercase\"><img decoding=\"async\" width=\"43\" height=\"1\" class=\"wp-image-289\" style=\"width: 43px;\" src=\"https:\/\/www.campingdes2plages.fr\/wp-content\/uploads\/2025\/11\/ligne-beige.svg\" alt=\"beige Linie\"\/><img decoding=\"async\" width=\"21\" height=\"21\" class=\"wp-image-223\" style=\"width: 21px;\" src=\"https:\/\/www.campingdes2plages.fr\/wp-content\/uploads\/2025\/11\/etoile-custom-beige.svg\" alt=\"Stern Custom beige\"\/>SEHEN Sie das Angebot<\/a><\/div>\n<\/div>\n<\/div>\n\n<\/li><li class=\"wp-block-post post-6360 offre_speciale type-offre_speciale status-publish has-post-thumbnail hentry\">\n\n<div class=\"wp-block-group has-base-2-background-color has-background is-layout-flow wp-block-group-is-layout-flow\" style=\"border-top-left-radius:20px;border-top-right-radius:20px;border-bottom-left-radius:20px;border-bottom-right-radius:20px;padding-top:var(--wp--preset--spacing--10);padding-right:var(--wp--preset--spacing--10);padding-bottom:var(--wp--preset--spacing--10);padding-left:var(--wp--preset--spacing--10)\">\n\n<h2 style=\"font-size:clamp(0.984rem, 0.984rem + ((1vw - 0.2rem) * 0.86), 1.5rem)\" class=\"has-text-align-center wp-block-post-title\">-20% : Ab 7 N\u00e4chten<\/h2>\n\n\n<div class=\"wp-block-group is-content-justification-center is-layout-flex wp-container-core-group-is-layout-94b61000 wp-block-group-is-layout-flex\" style=\"font-size:clamp(0.875rem, 0.875rem + ((1vw - 0.2rem) * 0.042), 0.9rem);\">\n<div class=\"wp-block-gt-gt-ws-ctv-offer-dates\">\n    Von 23\/05\/2026 au 13\/06\/2026<\/div>\n\n<\/div>\n\n\n\n<div class=\"wp-block-group is-content-justification-center is-nowrap is-layout-flex wp-container-core-group-is-layout-82936891 wp-block-group-is-layout-flex\"><div class=\"wp-block-gt-gt-ws-ctv-offer-conditions\">\n            <ul>\n                            <li>Minimale Aufenthaltsdauer : 7<\/li>\n                    <\/ul>\n    <\/div>\n\n<\/div>\n\n\n<a \n    class=\"is-style-lien-cover has-sr-only-text wp-block-gt-gt-ws-ctv-offer-reservation-link\"    href=\"https:\/\/reservation.secureholiday.net\/de\/5028\/search\/product-list\/?widgetOfferId=2767091\" \n    target=\"_blank\"\n    aria-label=\"Das Angebot ansehen -20% : Ab 7 N\u00e4chten\"\n    rel=\"noopener noreferrer\">\n    <span class=\"sr-only\">Voir l&#039;offre<\/span>\n<\/a>\n\n\n\n\n<div class=\"wp-block-buttons is-content-justification-center is-layout-flex wp-container-core-buttons-is-layout-4937f1ce wp-block-buttons-is-layout-flex\" style=\"padding-top:1rem\">\n<div class=\"wp-block-button btn-1 is-style-outline is-style-outline--31\"><a class=\"wp-block-button__link has-custom-color-1-color has-text-color has-link-color has-border-color has-text-align-center has-custom-font-size wp-element-button\" style=\"border-color:#cfa379;border-width:1px;border-radius:100px;padding-right:30px;padding-left:30px;font-size:clamp(0.875rem, 0.875rem + ((1vw - 0.2rem) * 0.492), 1.17rem);font-style:normal;font-weight:300;text-transform:uppercase\"><img decoding=\"async\" width=\"43\" height=\"1\" class=\"wp-image-289\" style=\"width: 43px;\" src=\"https:\/\/www.campingdes2plages.fr\/wp-content\/uploads\/2025\/11\/ligne-beige.svg\" alt=\"beige Linie\"\/><img decoding=\"async\" width=\"21\" height=\"21\" class=\"wp-image-223\" style=\"width: 21px;\" src=\"https:\/\/www.campingdes2plages.fr\/wp-content\/uploads\/2025\/11\/etoile-custom-beige.svg\" alt=\"Stern Custom beige\"\/>SEHEN Sie das Angebot<\/a><\/div>\n<\/div>\n<\/div>\n\n<\/li><li class=\"wp-block-post post-6365 offre_speciale type-offre_speciale status-publish has-post-thumbnail hentry\">\n\n<div class=\"wp-block-group has-base-2-background-color has-background is-layout-flow wp-block-group-is-layout-flow\" style=\"border-top-left-radius:20px;border-top-right-radius:20px;border-bottom-left-radius:20px;border-bottom-right-radius:20px;padding-top:var(--wp--preset--spacing--10);padding-right:var(--wp--preset--spacing--10);padding-bottom:var(--wp--preset--spacing--10);padding-left:var(--wp--preset--spacing--10)\">\n\n<h2 style=\"font-size:clamp(0.984rem, 0.984rem + ((1vw - 0.2rem) * 0.86), 1.5rem)\" class=\"has-text-align-center wp-block-post-title\">-20% : Ab 7 N\u00e4chten<\/h2>\n\n\n<div class=\"wp-block-group is-content-justification-center is-layout-flex wp-container-core-group-is-layout-94b61000 wp-block-group-is-layout-flex\" style=\"font-size:clamp(0.875rem, 0.875rem + ((1vw - 0.2rem) * 0.042), 0.9rem);\">\n<div class=\"wp-block-gt-gt-ws-ctv-offer-dates\">\n    Von 19\/09\/2026 au 26\/09\/2026<\/div>\n\n<\/div>\n\n\n\n<div class=\"wp-block-group is-content-justification-center is-nowrap is-layout-flex wp-container-core-group-is-layout-82936891 wp-block-group-is-layout-flex\"><div class=\"wp-block-gt-gt-ws-ctv-offer-conditions\">\n            <ul>\n                            <li>Minimale Aufenthaltsdauer : 7<\/li>\n                    <\/ul>\n    <\/div>\n\n<\/div>\n\n\n<a \n    class=\"is-style-lien-cover has-sr-only-text wp-block-gt-gt-ws-ctv-offer-reservation-link\"    href=\"https:\/\/reservation.secureholiday.net\/de\/5028\/search\/product-list\/?widgetOfferId=2767084\" \n    target=\"_blank\"\n    aria-label=\"Das Angebot ansehen -20% : Ab 7 N\u00e4chten\"\n    rel=\"noopener noreferrer\">\n    <span class=\"sr-only\">Voir l&#039;offre<\/span>\n<\/a>\n\n\n\n\n<div class=\"wp-block-buttons is-content-justification-center is-layout-flex wp-container-core-buttons-is-layout-4937f1ce wp-block-buttons-is-layout-flex\" style=\"padding-top:1rem\">\n<div class=\"wp-block-button btn-1 is-style-outline is-style-outline--32\"><a class=\"wp-block-button__link has-custom-color-1-color has-text-color has-link-color has-border-color has-text-align-center has-custom-font-size wp-element-button\" style=\"border-color:#cfa379;border-width:1px;border-radius:100px;padding-right:30px;padding-left:30px;font-size:clamp(0.875rem, 0.875rem + ((1vw - 0.2rem) * 0.492), 1.17rem);font-style:normal;font-weight:300;text-transform:uppercase\"><img decoding=\"async\" width=\"43\" height=\"1\" class=\"wp-image-289\" style=\"width: 43px;\" src=\"https:\/\/www.campingdes2plages.fr\/wp-content\/uploads\/2025\/11\/ligne-beige.svg\" alt=\"beige Linie\"\/><img decoding=\"async\" width=\"21\" height=\"21\" class=\"wp-image-223\" style=\"width: 21px;\" src=\"https:\/\/www.campingdes2plages.fr\/wp-content\/uploads\/2025\/11\/etoile-custom-beige.svg\" alt=\"Stern Custom beige\"\/>SEHEN Sie das Angebot<\/a><\/div>\n<\/div>\n<\/div>\n\n<\/li><li class=\"wp-block-post post-7117 offre_speciale type-offre_speciale status-publish has-post-thumbnail hentry\">\n\n<div class=\"wp-block-group has-base-2-background-color has-background is-layout-flow wp-block-group-is-layout-flow\" style=\"border-top-left-radius:20px;border-top-right-radius:20px;border-bottom-left-radius:20px;border-bottom-right-radius:20px;padding-top:var(--wp--preset--spacing--10);padding-right:var(--wp--preset--spacing--10);padding-bottom:var(--wp--preset--spacing--10);padding-left:var(--wp--preset--spacing--10)\">\n\n<h2 style=\"font-size:clamp(0.984rem, 0.984rem + ((1vw - 0.2rem) * 0.86), 1.5rem)\" class=\"has-text-align-center wp-block-post-title\">-18% : **Achtung: letzte Verf\u00fcgbarkeiten<\/h2>\n\n\n<div class=\"wp-block-group is-content-justification-center is-layout-flex wp-container-core-group-is-layout-94b61000 wp-block-group-is-layout-flex\" style=\"font-size:clamp(0.875rem, 0.875rem + ((1vw - 0.2rem) * 0.042), 0.9rem);\">\n<div class=\"wp-block-gt-gt-ws-ctv-offer-dates\">\n    Von 14\/05\/2026 au 17\/05\/2026<\/div>\n\n<\/div>\n\n\n\n<div class=\"wp-block-group is-content-justification-center is-nowrap is-layout-flex wp-container-core-group-is-layout-82936891 wp-block-group-is-layout-flex\"><div class=\"wp-block-gt-gt-ws-ctv-offer-conditions\">\n            <ul>\n                            <li>{&quot;conditionOS&quot;:&quot;Der Rabatt gilt f\u00fcr: : Nur Basispreis&quot;}<\/li>\n                    <\/ul>\n    <\/div>\n\n<\/div>\n\n\n<a \n    class=\"is-style-lien-cover has-sr-only-text wp-block-gt-gt-ws-ctv-offer-reservation-link\"    href=\"https:\/\/reservation.secureholiday.net\/de\/5028\/search\/product-list\/?widgetOfferId=2918028\" \n    target=\"_blank\"\n    aria-label=\"Das Angebot ansehen -18% : **Achtung: letzte Verf\u00fcgbarkeiten\"\n    rel=\"noopener noreferrer\">\n    <span class=\"sr-only\">Voir l&#039;offre<\/span>\n<\/a>\n\n\n\n\n<div class=\"wp-block-buttons is-content-justification-center is-layout-flex wp-container-core-buttons-is-layout-4937f1ce wp-block-buttons-is-layout-flex\" style=\"padding-top:1rem\">\n<div class=\"wp-block-button btn-1 is-style-outline is-style-outline--33\"><a class=\"wp-block-button__link has-custom-color-1-color has-text-color has-link-color has-border-color has-text-align-center has-custom-font-size wp-element-button\" style=\"border-color:#cfa379;border-width:1px;border-radius:100px;padding-right:30px;padding-left:30px;font-size:clamp(0.875rem, 0.875rem + ((1vw - 0.2rem) * 0.492), 1.17rem);font-style:normal;font-weight:300;text-transform:uppercase\"><img decoding=\"async\" width=\"43\" height=\"1\" class=\"wp-image-289\" style=\"width: 43px;\" src=\"https:\/\/www.campingdes2plages.fr\/wp-content\/uploads\/2025\/11\/ligne-beige.svg\" alt=\"beige Linie\"\/><img decoding=\"async\" width=\"21\" height=\"21\" class=\"wp-image-223\" style=\"width: 21px;\" src=\"https:\/\/www.campingdes2plages.fr\/wp-content\/uploads\/2025\/11\/etoile-custom-beige.svg\" alt=\"Stern Custom beige\"\/>SEHEN Sie das Angebot<\/a><\/div>\n<\/div>\n<\/div>\n\n<\/li><li class=\"wp-block-post post-6355 offre_speciale type-offre_speciale status-publish has-post-thumbnail hentry\">\n\n<div class=\"wp-block-group has-base-2-background-color has-background is-layout-flow wp-block-group-is-layout-flow\" style=\"border-top-left-radius:20px;border-top-right-radius:20px;border-bottom-left-radius:20px;border-bottom-right-radius:20px;padding-top:var(--wp--preset--spacing--10);padding-right:var(--wp--preset--spacing--10);padding-bottom:var(--wp--preset--spacing--10);padding-left:var(--wp--preset--spacing--10)\">\n\n<h2 style=\"font-size:clamp(0.984rem, 0.984rem + ((1vw - 0.2rem) * 0.86), 1.5rem)\" class=\"has-text-align-center wp-block-post-title\">-17% : Ab 14 N\u00e4chten<\/h2>\n\n\n<div class=\"wp-block-group is-content-justification-center is-layout-flex wp-container-core-group-is-layout-94b61000 wp-block-group-is-layout-flex\" style=\"font-size:clamp(0.875rem, 0.875rem + ((1vw - 0.2rem) * 0.042), 0.9rem);\">\n<div class=\"wp-block-gt-gt-ws-ctv-offer-dates\">\n    Von 29\/08\/2026 au 26\/09\/2026<\/div>\n\n<\/div>\n\n\n\n<div class=\"wp-block-group is-content-justification-center is-nowrap is-layout-flex wp-container-core-group-is-layout-82936891 wp-block-group-is-layout-flex\"><div class=\"wp-block-gt-gt-ws-ctv-offer-conditions\">\n            <ul>\n                            <li>Minimale Aufenthaltsdauer : 14<\/li>\n                    <\/ul>\n    <\/div>\n\n<\/div>\n\n\n<a \n    class=\"is-style-lien-cover has-sr-only-text wp-block-gt-gt-ws-ctv-offer-reservation-link\"    href=\"https:\/\/reservation.secureholiday.net\/de\/5028\/search\/product-list\/?widgetOfferId=2871803\" \n    target=\"_blank\"\n    aria-label=\"Das Angebot ansehen -17% : Ab 14 N\u00e4chten\"\n    rel=\"noopener noreferrer\">\n    <span class=\"sr-only\">Voir l&#039;offre<\/span>\n<\/a>\n\n\n\n\n<div class=\"wp-block-buttons is-content-justification-center is-layout-flex wp-container-core-buttons-is-layout-4937f1ce wp-block-buttons-is-layout-flex\" style=\"padding-top:1rem\">\n<div class=\"wp-block-button btn-1 is-style-outline is-style-outline--34\"><a class=\"wp-block-button__link has-custom-color-1-color has-text-color has-link-color has-border-color has-text-align-center has-custom-font-size wp-element-button\" style=\"border-color:#cfa379;border-width:1px;border-radius:100px;padding-right:30px;padding-left:30px;font-size:clamp(0.875rem, 0.875rem + ((1vw - 0.2rem) * 0.492), 1.17rem);font-style:normal;font-weight:300;text-transform:uppercase\"><img decoding=\"async\" width=\"43\" height=\"1\" class=\"wp-image-289\" style=\"width: 43px;\" src=\"https:\/\/www.campingdes2plages.fr\/wp-content\/uploads\/2025\/11\/ligne-beige.svg\" alt=\"beige Linie\"\/><img decoding=\"async\" width=\"21\" height=\"21\" class=\"wp-image-223\" style=\"width: 21px;\" src=\"https:\/\/www.campingdes2plages.fr\/wp-content\/uploads\/2025\/11\/etoile-custom-beige.svg\" alt=\"Stern Custom beige\"\/>SEHEN Sie das Angebot<\/a><\/div>\n<\/div>\n<\/div>\n\n<\/li><li class=\"wp-block-post post-6362 offre_speciale type-offre_speciale status-publish has-post-thumbnail hentry\">\n\n<div class=\"wp-block-group has-base-2-background-color has-background is-layout-flow wp-block-group-is-layout-flow\" style=\"border-top-left-radius:20px;border-top-right-radius:20px;border-bottom-left-radius:20px;border-bottom-right-radius:20px;padding-top:var(--wp--preset--spacing--10);padding-right:var(--wp--preset--spacing--10);padding-bottom:var(--wp--preset--spacing--10);padding-left:var(--wp--preset--spacing--10)\">\n\n<h2 style=\"font-size:clamp(0.984rem, 0.984rem + ((1vw - 0.2rem) * 0.86), 1.5rem)\" class=\"has-text-align-center wp-block-post-title\">-15% : Ab 7 N\u00e4chten<\/h2>\n\n\n<div class=\"wp-block-group is-content-justification-center is-layout-flex wp-container-core-group-is-layout-94b61000 wp-block-group-is-layout-flex\" style=\"font-size:clamp(0.875rem, 0.875rem + ((1vw - 0.2rem) * 0.042), 0.9rem);\">\n<div class=\"wp-block-gt-gt-ws-ctv-offer-dates\">\n    Von 29\/08\/2026 au 26\/09\/2026<\/div>\n\n<\/div>\n\n\n\n<div class=\"wp-block-group is-content-justification-center is-nowrap is-layout-flex wp-container-core-group-is-layout-82936891 wp-block-group-is-layout-flex\"><div class=\"wp-block-gt-gt-ws-ctv-offer-conditions\">\n            <ul>\n                            <li>Minimale Aufenthaltsdauer : 7<\/li>\n                    <\/ul>\n    <\/div>\n\n<\/div>\n\n\n<a \n    class=\"is-style-lien-cover has-sr-only-text wp-block-gt-gt-ws-ctv-offer-reservation-link\"    href=\"https:\/\/reservation.secureholiday.net\/de\/5028\/search\/product-list\/?widgetOfferId=2767087\" \n    target=\"_blank\"\n    aria-label=\"Das Angebot ansehen -15% : Ab 7 N\u00e4chten\"\n    rel=\"noopener noreferrer\">\n    <span class=\"sr-only\">Voir l&#039;offre<\/span>\n<\/a>\n\n\n\n\n<div class=\"wp-block-buttons is-content-justification-center is-layout-flex wp-container-core-buttons-is-layout-4937f1ce wp-block-buttons-is-layout-flex\" style=\"padding-top:1rem\">\n<div class=\"wp-block-button btn-1 is-style-outline is-style-outline--35\"><a class=\"wp-block-button__link has-custom-color-1-color has-text-color has-link-color has-border-color has-text-align-center has-custom-font-size wp-element-button\" style=\"border-color:#cfa379;border-width:1px;border-radius:100px;padding-right:30px;padding-left:30px;font-size:clamp(0.875rem, 0.875rem + ((1vw - 0.2rem) * 0.492), 1.17rem);font-style:normal;font-weight:300;text-transform:uppercase\"><img decoding=\"async\" width=\"43\" height=\"1\" class=\"wp-image-289\" style=\"width: 43px;\" src=\"https:\/\/www.campingdes2plages.fr\/wp-content\/uploads\/2025\/11\/ligne-beige.svg\" alt=\"beige Linie\"\/><img decoding=\"async\" width=\"21\" height=\"21\" class=\"wp-image-223\" style=\"width: 21px;\" src=\"https:\/\/www.campingdes2plages.fr\/wp-content\/uploads\/2025\/11\/etoile-custom-beige.svg\" alt=\"Stern Custom beige\"\/>SEHEN Sie das Angebot<\/a><\/div>\n<\/div>\n<\/div>\n\n<\/li><li class=\"wp-block-post post-6367 offre_speciale type-offre_speciale status-publish has-post-thumbnail hentry\">\n\n<div class=\"wp-block-group has-base-2-background-color has-background is-layout-flow wp-block-group-is-layout-flow\" style=\"border-top-left-radius:20px;border-top-right-radius:20px;border-bottom-left-radius:20px;border-bottom-right-radius:20px;padding-top:var(--wp--preset--spacing--10);padding-right:var(--wp--preset--spacing--10);padding-bottom:var(--wp--preset--spacing--10);padding-left:var(--wp--preset--spacing--10)\">\n\n<h2 style=\"font-size:clamp(0.984rem, 0.984rem + ((1vw - 0.2rem) * 0.86), 1.5rem)\" class=\"has-text-align-center wp-block-post-title\">-15% : Ab 7 N\u00e4chten<\/h2>\n\n\n<div class=\"wp-block-group is-content-justification-center is-layout-flex wp-container-core-group-is-layout-94b61000 wp-block-group-is-layout-flex\" style=\"font-size:clamp(0.875rem, 0.875rem + ((1vw - 0.2rem) * 0.042), 0.9rem);\">\n<div class=\"wp-block-gt-gt-ws-ctv-offer-dates\">\n    Von 03\/04\/2026 au 04\/07\/2026<\/div>\n\n<\/div>\n\n\n\n<div class=\"wp-block-group is-content-justification-center is-nowrap is-layout-flex wp-container-core-group-is-layout-82936891 wp-block-group-is-layout-flex\"><div class=\"wp-block-gt-gt-ws-ctv-offer-conditions\">\n            <ul>\n                            <li>Minimale Aufenthaltsdauer : 7<\/li>\n                    <\/ul>\n    <\/div>\n\n<\/div>\n\n\n<a \n    class=\"is-style-lien-cover has-sr-only-text wp-block-gt-gt-ws-ctv-offer-reservation-link\"    href=\"https:\/\/reservation.secureholiday.net\/de\/5028\/search\/product-list\/?widgetOfferId=2761197\" \n    target=\"_blank\"\n    aria-label=\"Das Angebot ansehen -15% : Ab 7 N\u00e4chten\"\n    rel=\"noopener noreferrer\">\n    <span class=\"sr-only\">Voir l&#039;offre<\/span>\n<\/a>\n\n\n\n\n<div class=\"wp-block-buttons is-content-justification-center is-layout-flex wp-container-core-buttons-is-layout-4937f1ce wp-block-buttons-is-layout-flex\" style=\"padding-top:1rem\">\n<div class=\"wp-block-button btn-1 is-style-outline is-style-outline--36\"><a class=\"wp-block-button__link has-custom-color-1-color has-text-color has-link-color has-border-color has-text-align-center has-custom-font-size wp-element-button\" style=\"border-color:#cfa379;border-width:1px;border-radius:100px;padding-right:30px;padding-left:30px;font-size:clamp(0.875rem, 0.875rem + ((1vw - 0.2rem) * 0.492), 1.17rem);font-style:normal;font-weight:300;text-transform:uppercase\"><img decoding=\"async\" width=\"43\" height=\"1\" class=\"wp-image-289\" style=\"width: 43px;\" src=\"https:\/\/www.campingdes2plages.fr\/wp-content\/uploads\/2025\/11\/ligne-beige.svg\" alt=\"beige Linie\"\/><img decoding=\"async\" width=\"21\" height=\"21\" class=\"wp-image-223\" style=\"width: 21px;\" src=\"https:\/\/www.campingdes2plages.fr\/wp-content\/uploads\/2025\/11\/etoile-custom-beige.svg\" alt=\"Stern Custom beige\"\/>SEHEN Sie das Angebot<\/a><\/div>\n<\/div>\n<\/div>\n\n<\/li><li class=\"wp-block-post post-7385 offre_speciale type-offre_speciale status-publish has-post-thumbnail hentry\">\n\n<div class=\"wp-block-group has-base-2-background-color has-background is-layout-flow wp-block-group-is-layout-flow\" style=\"border-top-left-radius:20px;border-top-right-radius:20px;border-bottom-left-radius:20px;border-bottom-right-radius:20px;padding-top:var(--wp--preset--spacing--10);padding-right:var(--wp--preset--spacing--10);padding-bottom:var(--wp--preset--spacing--10);padding-left:var(--wp--preset--spacing--10)\">\n\n<h2 style=\"font-size:clamp(0.984rem, 0.984rem + ((1vw - 0.2rem) * 0.86), 1.5rem)\" class=\"has-text-align-center wp-block-post-title\">-15% : **Achtung: letzte Verf\u00fcgbarkeiten<\/h2>\n\n\n<div class=\"wp-block-group is-content-justification-center is-layout-flex wp-container-core-group-is-layout-94b61000 wp-block-group-is-layout-flex\" style=\"font-size:clamp(0.875rem, 0.875rem + ((1vw - 0.2rem) * 0.042), 0.9rem);\">\n<div class=\"wp-block-gt-gt-ws-ctv-offer-dates\">\n    Von 04\/07\/2026 au 12\/07\/2026<\/div>\n\n<\/div>\n\n\n\n<div class=\"wp-block-group is-content-justification-center is-nowrap is-layout-flex wp-container-core-group-is-layout-82936891 wp-block-group-is-layout-flex\"><div class=\"wp-block-gt-gt-ws-ctv-offer-conditions\">\n            <ul>\n                            <li>Aufenthaltsdauer : 7<\/li>\n                    <\/ul>\n    <\/div>\n\n<\/div>\n\n\n<a \n    class=\"is-style-lien-cover has-sr-only-text wp-block-gt-gt-ws-ctv-offer-reservation-link\"    href=\"https:\/\/reservation.secureholiday.net\/de\/5028\/search\/product-list\/?widgetOfferId=2948815\" \n    target=\"_blank\"\n    aria-label=\"Das Angebot ansehen -15% : **Achtung: letzte Verf\u00fcgbarkeiten\"\n    rel=\"noopener noreferrer\">\n    <span class=\"sr-only\">Voir l&#039;offre<\/span>\n<\/a>\n\n\n\n\n<div class=\"wp-block-buttons is-content-justification-center is-layout-flex wp-container-core-buttons-is-layout-4937f1ce wp-block-buttons-is-layout-flex\" style=\"padding-top:1rem\">\n<div class=\"wp-block-button btn-1 is-style-outline is-style-outline--37\"><a class=\"wp-block-button__link has-custom-color-1-color has-text-color has-link-color has-border-color has-text-align-center has-custom-font-size wp-element-button\" style=\"border-color:#cfa379;border-width:1px;border-radius:100px;padding-right:30px;padding-left:30px;font-size:clamp(0.875rem, 0.875rem + ((1vw - 0.2rem) * 0.492), 1.17rem);font-style:normal;font-weight:300;text-transform:uppercase\"><img decoding=\"async\" width=\"43\" height=\"1\" class=\"wp-image-289\" style=\"width: 43px;\" src=\"https:\/\/www.campingdes2plages.fr\/wp-content\/uploads\/2025\/11\/ligne-beige.svg\" alt=\"beige Linie\"\/><img decoding=\"async\" width=\"21\" height=\"21\" class=\"wp-image-223\" style=\"width: 21px;\" src=\"https:\/\/www.campingdes2plages.fr\/wp-content\/uploads\/2025\/11\/etoile-custom-beige.svg\" alt=\"Stern Custom beige\"\/>SEHEN Sie das Angebot<\/a><\/div>\n<\/div>\n<\/div>\n\n<\/li><li class=\"wp-block-post post-6361 offre_speciale type-offre_speciale status-publish has-post-thumbnail hentry\">\n\n<div class=\"wp-block-group has-base-2-background-color has-background is-layout-flow wp-block-group-is-layout-flow\" style=\"border-top-left-radius:20px;border-top-right-radius:20px;border-bottom-left-radius:20px;border-bottom-right-radius:20px;padding-top:var(--wp--preset--spacing--10);padding-right:var(--wp--preset--spacing--10);padding-bottom:var(--wp--preset--spacing--10);padding-left:var(--wp--preset--spacing--10)\">\n\n<h2 style=\"font-size:clamp(0.984rem, 0.984rem + ((1vw - 0.2rem) * 0.86), 1.5rem)\" class=\"has-text-align-center wp-block-post-title\">-13% : Ab 7 N\u00e4chten<\/h2>\n\n\n<div class=\"wp-block-group is-content-justification-center is-layout-flex wp-container-core-group-is-layout-94b61000 wp-block-group-is-layout-flex\" style=\"font-size:clamp(0.875rem, 0.875rem + ((1vw - 0.2rem) * 0.042), 0.9rem);\">\n<div class=\"wp-block-gt-gt-ws-ctv-offer-dates\">\n    Von 29\/08\/2026 au 26\/09\/2026<\/div>\n\n<\/div>\n\n\n\n<div class=\"wp-block-group is-content-justification-center is-nowrap is-layout-flex wp-container-core-group-is-layout-82936891 wp-block-group-is-layout-flex\"><div class=\"wp-block-gt-gt-ws-ctv-offer-conditions\">\n            <ul>\n                            <li>Minimale Aufenthaltsdauer : 7<\/li>\n                    <\/ul>\n    <\/div>\n\n<\/div>\n\n\n<a \n    class=\"is-style-lien-cover has-sr-only-text wp-block-gt-gt-ws-ctv-offer-reservation-link\"    href=\"https:\/\/reservation.secureholiday.net\/de\/5028\/search\/product-list\/?widgetOfferId=2767090\" \n    target=\"_blank\"\n    aria-label=\"Das Angebot ansehen -13% : Ab 7 N\u00e4chten\"\n    rel=\"noopener noreferrer\">\n    <span class=\"sr-only\">Voir l&#039;offre<\/span>\n<\/a>\n\n\n\n\n<div class=\"wp-block-buttons is-content-justification-center is-layout-flex wp-container-core-buttons-is-layout-4937f1ce wp-block-buttons-is-layout-flex\" style=\"padding-top:1rem\">\n<div class=\"wp-block-button btn-1 is-style-outline is-style-outline--38\"><a class=\"wp-block-button__link has-custom-color-1-color has-text-color has-link-color has-border-color has-text-align-center has-custom-font-size wp-element-button\" style=\"border-color:#cfa379;border-width:1px;border-radius:100px;padding-right:30px;padding-left:30px;font-size:clamp(0.875rem, 0.875rem + ((1vw - 0.2rem) * 0.492), 1.17rem);font-style:normal;font-weight:300;text-transform:uppercase\"><img decoding=\"async\" width=\"43\" height=\"1\" class=\"wp-image-289\" style=\"width: 43px;\" src=\"https:\/\/www.campingdes2plages.fr\/wp-content\/uploads\/2025\/11\/ligne-beige.svg\" alt=\"beige Linie\"\/><img decoding=\"async\" width=\"21\" height=\"21\" class=\"wp-image-223\" style=\"width: 21px;\" src=\"https:\/\/www.campingdes2plages.fr\/wp-content\/uploads\/2025\/11\/etoile-custom-beige.svg\" alt=\"Stern Custom beige\"\/>SEHEN Sie das Angebot<\/a><\/div>\n<\/div>\n<\/div>\n\n<\/li><li class=\"wp-block-post post-6364 offre_speciale type-offre_speciale status-publish has-post-thumbnail hentry\">\n\n<div class=\"wp-block-group has-base-2-background-color has-background is-layout-flow wp-block-group-is-layout-flow\" style=\"border-top-left-radius:20px;border-top-right-radius:20px;border-bottom-left-radius:20px;border-bottom-right-radius:20px;padding-top:var(--wp--preset--spacing--10);padding-right:var(--wp--preset--spacing--10);padding-bottom:var(--wp--preset--spacing--10);padding-left:var(--wp--preset--spacing--10)\">\n\n<h2 style=\"font-size:clamp(0.984rem, 0.984rem + ((1vw - 0.2rem) * 0.86), 1.5rem)\" class=\"has-text-align-center wp-block-post-title\">-13% : Ab 7 N\u00e4chten<\/h2>\n\n\n<div class=\"wp-block-group is-content-justification-center is-layout-flex wp-container-core-group-is-layout-94b61000 wp-block-group-is-layout-flex\" style=\"font-size:clamp(0.875rem, 0.875rem + ((1vw - 0.2rem) * 0.042), 0.9rem);\">\n<div class=\"wp-block-gt-gt-ws-ctv-offer-dates\">\n    Von 13\/06\/2026 au 27\/06\/2026<\/div>\n\n<\/div>\n\n\n\n<div class=\"wp-block-group is-content-justification-center is-nowrap is-layout-flex wp-container-core-group-is-layout-82936891 wp-block-group-is-layout-flex\"><div class=\"wp-block-gt-gt-ws-ctv-offer-conditions\">\n            <ul>\n                            <li>Minimale Aufenthaltsdauer : 7<\/li>\n                    <\/ul>\n    <\/div>\n\n<\/div>\n\n\n<a \n    class=\"is-style-lien-cover has-sr-only-text wp-block-gt-gt-ws-ctv-offer-reservation-link\"    href=\"https:\/\/reservation.secureholiday.net\/de\/5028\/search\/product-list\/?widgetOfferId=2767085\" \n    target=\"_blank\"\n    aria-label=\"Das Angebot ansehen -13% : Ab 7 N\u00e4chten\"\n    rel=\"noopener noreferrer\">\n    <span class=\"sr-only\">Voir l&#039;offre<\/span>\n<\/a>\n\n\n\n\n<div class=\"wp-block-buttons is-content-justification-center is-layout-flex wp-container-core-buttons-is-layout-4937f1ce wp-block-buttons-is-layout-flex\" style=\"padding-top:1rem\">\n<div class=\"wp-block-button btn-1 is-style-outline is-style-outline--39\"><a class=\"wp-block-button__link has-custom-color-1-color has-text-color has-link-color has-border-color has-text-align-center has-custom-font-size wp-element-button\" style=\"border-color:#cfa379;border-width:1px;border-radius:100px;padding-right:30px;padding-left:30px;font-size:clamp(0.875rem, 0.875rem + ((1vw - 0.2rem) * 0.492), 1.17rem);font-style:normal;font-weight:300;text-transform:uppercase\"><img decoding=\"async\" width=\"43\" height=\"1\" class=\"wp-image-289\" style=\"width: 43px;\" src=\"https:\/\/www.campingdes2plages.fr\/wp-content\/uploads\/2025\/11\/ligne-beige.svg\" alt=\"beige Linie\"\/><img decoding=\"async\" width=\"21\" height=\"21\" class=\"wp-image-223\" style=\"width: 21px;\" src=\"https:\/\/www.campingdes2plages.fr\/wp-content\/uploads\/2025\/11\/etoile-custom-beige.svg\" alt=\"Stern Custom beige\"\/>SEHEN Sie das Angebot<\/a><\/div>\n<\/div>\n<\/div>\n\n<\/li><li class=\"wp-block-post post-6369 offre_speciale type-offre_speciale status-publish has-post-thumbnail hentry\">\n\n<div class=\"wp-block-group has-base-2-background-color has-background is-layout-flow wp-block-group-is-layout-flow\" style=\"border-top-left-radius:20px;border-top-right-radius:20px;border-bottom-left-radius:20px;border-bottom-right-radius:20px;padding-top:var(--wp--preset--spacing--10);padding-right:var(--wp--preset--spacing--10);padding-bottom:var(--wp--preset--spacing--10);padding-left:var(--wp--preset--spacing--10)\">\n\n<h2 style=\"font-size:clamp(0.984rem, 0.984rem + ((1vw - 0.2rem) * 0.86), 1.5rem)\" class=\"has-text-align-center wp-block-post-title\">-13% : Ab 7 N\u00e4chten<\/h2>\n\n\n<div class=\"wp-block-group is-content-justification-center is-layout-flex wp-container-core-group-is-layout-94b61000 wp-block-group-is-layout-flex\" style=\"font-size:clamp(0.875rem, 0.875rem + ((1vw - 0.2rem) * 0.042), 0.9rem);\">\n<div class=\"wp-block-gt-gt-ws-ctv-offer-dates\">\n    Von 19\/09\/2026 au 26\/09\/2026<\/div>\n\n<\/div>\n\n\n\n<div class=\"wp-block-group is-content-justification-center is-nowrap is-layout-flex wp-container-core-group-is-layout-82936891 wp-block-group-is-layout-flex\"><div class=\"wp-block-gt-gt-ws-ctv-offer-conditions\">\n            <ul>\n                            <li>Minimale Aufenthaltsdauer : 7<\/li>\n                    <\/ul>\n    <\/div>\n\n<\/div>\n\n\n<a \n    class=\"is-style-lien-cover has-sr-only-text wp-block-gt-gt-ws-ctv-offer-reservation-link\"    href=\"https:\/\/reservation.secureholiday.net\/de\/5028\/search\/product-list\/?widgetOfferId=2760797\" \n    target=\"_blank\"\n    aria-label=\"Das Angebot ansehen -13% : Ab 7 N\u00e4chten\"\n    rel=\"noopener noreferrer\">\n    <span class=\"sr-only\">Voir l&#039;offre<\/span>\n<\/a>\n\n\n\n\n<div class=\"wp-block-buttons is-content-justification-center is-layout-flex wp-container-core-buttons-is-layout-4937f1ce wp-block-buttons-is-layout-flex\" style=\"padding-top:1rem\">\n<div class=\"wp-block-button btn-1 is-style-outline is-style-outline--40\"><a class=\"wp-block-button__link has-custom-color-1-color has-text-color has-link-color has-border-color has-text-align-center has-custom-font-size wp-element-button\" style=\"border-color:#cfa379;border-width:1px;border-radius:100px;padding-right:30px;padding-left:30px;font-size:clamp(0.875rem, 0.875rem + ((1vw - 0.2rem) * 0.492), 1.17rem);font-style:normal;font-weight:300;text-transform:uppercase\"><img decoding=\"async\" width=\"43\" height=\"1\" class=\"wp-image-289\" style=\"width: 43px;\" src=\"https:\/\/www.campingdes2plages.fr\/wp-content\/uploads\/2025\/11\/ligne-beige.svg\" alt=\"beige Linie\"\/><img decoding=\"async\" width=\"21\" height=\"21\" class=\"wp-image-223\" style=\"width: 21px;\" src=\"https:\/\/www.campingdes2plages.fr\/wp-content\/uploads\/2025\/11\/etoile-custom-beige.svg\" alt=\"Stern Custom beige\"\/>SEHEN Sie das Angebot<\/a><\/div>\n<\/div>\n<\/div>\n\n<\/li><li class=\"wp-block-post post-6363 offre_speciale type-offre_speciale status-publish has-post-thumbnail hentry\">\n\n<div class=\"wp-block-group has-base-2-background-color has-background is-layout-flow wp-block-group-is-layout-flow\" style=\"border-top-left-radius:20px;border-top-right-radius:20px;border-bottom-left-radius:20px;border-bottom-right-radius:20px;padding-top:var(--wp--preset--spacing--10);padding-right:var(--wp--preset--spacing--10);padding-bottom:var(--wp--preset--spacing--10);padding-left:var(--wp--preset--spacing--10)\">\n\n<h2 style=\"font-size:clamp(0.984rem, 0.984rem + ((1vw - 0.2rem) * 0.86), 1.5rem)\" class=\"has-text-align-center wp-block-post-title\">-10% : Ab 7 N\u00e4chten<\/h2>\n\n\n<div class=\"wp-block-group is-content-justification-center is-layout-flex wp-container-core-group-is-layout-94b61000 wp-block-group-is-layout-flex\" style=\"font-size:clamp(0.875rem, 0.875rem + ((1vw - 0.2rem) * 0.042), 0.9rem);\">\n<div class=\"wp-block-gt-gt-ws-ctv-offer-dates\">\n    Von 22\/08\/2026 au 29\/08\/2026<\/div>\n\n<\/div>\n\n\n\n<div class=\"wp-block-group is-content-justification-center is-nowrap is-layout-flex wp-container-core-group-is-layout-82936891 wp-block-group-is-layout-flex\"><div class=\"wp-block-gt-gt-ws-ctv-offer-conditions\">\n            <ul>\n                            <li>Minimale Aufenthaltsdauer : 7<\/li>\n                    <\/ul>\n    <\/div>\n\n<\/div>\n\n\n<a \n    class=\"is-style-lien-cover has-sr-only-text wp-block-gt-gt-ws-ctv-offer-reservation-link\"    href=\"https:\/\/reservation.secureholiday.net\/de\/5028\/search\/product-list\/?widgetOfferId=2767086\" \n    target=\"_blank\"\n    aria-label=\"Das Angebot ansehen -10% : Ab 7 N\u00e4chten\"\n    rel=\"noopener noreferrer\">\n    <span class=\"sr-only\">Voir l&#039;offre<\/span>\n<\/a>\n\n\n\n\n<div class=\"wp-block-buttons is-content-justification-center is-layout-flex wp-container-core-buttons-is-layout-4937f1ce wp-block-buttons-is-layout-flex\" style=\"padding-top:1rem\">\n<div class=\"wp-block-button btn-1 is-style-outline is-style-outline--41\"><a class=\"wp-block-button__link has-custom-color-1-color has-text-color has-link-color has-border-color has-text-align-center has-custom-font-size wp-element-button\" style=\"border-color:#cfa379;border-width:1px;border-radius:100px;padding-right:30px;padding-left:30px;font-size:clamp(0.875rem, 0.875rem + ((1vw - 0.2rem) * 0.492), 1.17rem);font-style:normal;font-weight:300;text-transform:uppercase\"><img decoding=\"async\" width=\"43\" height=\"1\" class=\"wp-image-289\" style=\"width: 43px;\" src=\"https:\/\/www.campingdes2plages.fr\/wp-content\/uploads\/2025\/11\/ligne-beige.svg\" alt=\"beige Linie\"\/><img decoding=\"async\" width=\"21\" height=\"21\" class=\"wp-image-223\" style=\"width: 21px;\" src=\"https:\/\/www.campingdes2plages.fr\/wp-content\/uploads\/2025\/11\/etoile-custom-beige.svg\" alt=\"Stern Custom beige\"\/>SEHEN Sie das Angebot<\/a><\/div>\n<\/div>\n<\/div>\n\n<\/li><li class=\"wp-block-post post-6368 offre_speciale type-offre_speciale status-publish has-post-thumbnail hentry\">\n\n<div class=\"wp-block-group has-base-2-background-color has-background is-layout-flow wp-block-group-is-layout-flow\" style=\"border-top-left-radius:20px;border-top-right-radius:20px;border-bottom-left-radius:20px;border-bottom-right-radius:20px;padding-top:var(--wp--preset--spacing--10);padding-right:var(--wp--preset--spacing--10);padding-bottom:var(--wp--preset--spacing--10);padding-left:var(--wp--preset--spacing--10)\">\n\n<h2 style=\"font-size:clamp(0.984rem, 0.984rem + ((1vw - 0.2rem) * 0.86), 1.5rem)\" class=\"has-text-align-center wp-block-post-title\">-10% : Ab 7 N\u00e4chten<\/h2>\n\n\n<div class=\"wp-block-group is-content-justification-center is-layout-flex wp-container-core-group-is-layout-94b61000 wp-block-group-is-layout-flex\" style=\"font-size:clamp(0.875rem, 0.875rem + ((1vw - 0.2rem) * 0.042), 0.9rem);\">\n<div class=\"wp-block-gt-gt-ws-ctv-offer-dates\">\n    Von 22\/08\/2026 au 29\/08\/2026<\/div>\n\n<\/div>\n\n\n\n<div class=\"wp-block-group is-content-justification-center is-nowrap is-layout-flex wp-container-core-group-is-layout-82936891 wp-block-group-is-layout-flex\"><div class=\"wp-block-gt-gt-ws-ctv-offer-conditions\">\n            <ul>\n                            <li>Minimale Aufenthaltsdauer : 7<\/li>\n                    <\/ul>\n    <\/div>\n\n<\/div>\n\n\n<a \n    class=\"is-style-lien-cover has-sr-only-text wp-block-gt-gt-ws-ctv-offer-reservation-link\"    href=\"https:\/\/reservation.secureholiday.net\/de\/5028\/search\/product-list\/?widgetOfferId=2760798\" \n    target=\"_blank\"\n    aria-label=\"Das Angebot ansehen -10% : Ab 7 N\u00e4chten\"\n    rel=\"noopener noreferrer\">\n    <span class=\"sr-only\">Voir l&#039;offre<\/span>\n<\/a>\n\n\n\n\n<div class=\"wp-block-buttons is-content-justification-center is-layout-flex wp-container-core-buttons-is-layout-4937f1ce wp-block-buttons-is-layout-flex\" style=\"padding-top:1rem\">\n<div class=\"wp-block-button btn-1 is-style-outline is-style-outline--42\"><a class=\"wp-block-button__link has-custom-color-1-color has-text-color has-link-color has-border-color has-text-align-center has-custom-font-size wp-element-button\" style=\"border-color:#cfa379;border-width:1px;border-radius:100px;padding-right:30px;padding-left:30px;font-size:clamp(0.875rem, 0.875rem + ((1vw - 0.2rem) * 0.492), 1.17rem);font-style:normal;font-weight:300;text-transform:uppercase\"><img decoding=\"async\" width=\"43\" height=\"1\" class=\"wp-image-289\" style=\"width: 43px;\" src=\"https:\/\/www.campingdes2plages.fr\/wp-content\/uploads\/2025\/11\/ligne-beige.svg\" alt=\"beige Linie\"\/><img decoding=\"async\" width=\"21\" height=\"21\" class=\"wp-image-223\" style=\"width: 21px;\" src=\"https:\/\/www.campingdes2plages.fr\/wp-content\/uploads\/2025\/11\/etoile-custom-beige.svg\" alt=\"Stern Custom beige\"\/>SEHEN Sie das Angebot<\/a><\/div>\n<\/div>\n<\/div>\n\n<\/li><li class=\"wp-block-post post-6792 offre_speciale type-offre_speciale status-publish has-post-thumbnail hentry\">\n\n<div class=\"wp-block-group has-base-2-background-color has-background is-layout-flow wp-block-group-is-layout-flow\" style=\"border-top-left-radius:20px;border-top-right-radius:20px;border-bottom-left-radius:20px;border-bottom-right-radius:20px;padding-top:var(--wp--preset--spacing--10);padding-right:var(--wp--preset--spacing--10);padding-bottom:var(--wp--preset--spacing--10);padding-left:var(--wp--preset--spacing--10)\">\n\n<h2 style=\"font-size:clamp(0.984rem, 0.984rem + ((1vw - 0.2rem) * 0.86), 1.5rem)\" class=\"has-text-align-center wp-block-post-title\">-10% : **Begrenztes Angebot, buchen Sie jetzt!<\/h2>\n\n\n<div class=\"wp-block-group is-content-justification-center is-layout-flex wp-container-core-group-is-layout-94b61000 wp-block-group-is-layout-flex\" style=\"font-size:clamp(0.875rem, 0.875rem + ((1vw - 0.2rem) * 0.042), 0.9rem);\">\n<div class=\"wp-block-gt-gt-ws-ctv-offer-dates\">\n    Von 03\/04\/2026 au 06\/04\/2026<\/div>\n\n<\/div>\n\n\n\n<div class=\"wp-block-group is-content-justification-center is-nowrap is-layout-flex wp-container-core-group-is-layout-82936891 wp-block-group-is-layout-flex\"><div class=\"wp-block-gt-gt-ws-ctv-offer-conditions\">\n            <ul>\n                            <li>Minimale Aufenthaltsdauer : 2<\/li>\n                    <\/ul>\n    <\/div>\n\n<\/div>\n\n\n<a \n    class=\"is-style-lien-cover has-sr-only-text wp-block-gt-gt-ws-ctv-offer-reservation-link\"    href=\"https:\/\/reservation.secureholiday.net\/de\/5028\/search\/product-list\/?widgetOfferId=2886494\" \n    target=\"_blank\"\n    aria-label=\"Das Angebot ansehen -10% : **Begrenztes Angebot, buchen Sie jetzt!\"\n    rel=\"noopener noreferrer\">\n    <span class=\"sr-only\">Voir l&#039;offre<\/span>\n<\/a>\n\n\n\n\n<div class=\"wp-block-buttons is-content-justification-center is-layout-flex wp-container-core-buttons-is-layout-4937f1ce wp-block-buttons-is-layout-flex\" style=\"padding-top:1rem\">\n<div class=\"wp-block-button btn-1 is-style-outline is-style-outline--43\"><a class=\"wp-block-button__link has-custom-color-1-color has-text-color has-link-color has-border-color has-text-align-center has-custom-font-size wp-element-button\" style=\"border-color:#cfa379;border-width:1px;border-radius:100px;padding-right:30px;padding-left:30px;font-size:clamp(0.875rem, 0.875rem + ((1vw - 0.2rem) * 0.492), 1.17rem);font-style:normal;font-weight:300;text-transform:uppercase\"><img decoding=\"async\" width=\"43\" height=\"1\" class=\"wp-image-289\" style=\"width: 43px;\" src=\"https:\/\/www.campingdes2plages.fr\/wp-content\/uploads\/2025\/11\/ligne-beige.svg\" alt=\"beige Linie\"\/><img decoding=\"async\" width=\"21\" height=\"21\" class=\"wp-image-223\" style=\"width: 21px;\" src=\"https:\/\/www.campingdes2plages.fr\/wp-content\/uploads\/2025\/11\/etoile-custom-beige.svg\" alt=\"Stern Custom beige\"\/>SEHEN Sie das Angebot<\/a><\/div>\n<\/div>\n<\/div>\n\n<\/li><li class=\"wp-block-post post-7415 offre_speciale type-offre_speciale status-publish has-post-thumbnail hentry\">\n\n<div class=\"wp-block-group has-base-2-background-color has-background is-layout-flow wp-block-group-is-layout-flow\" style=\"border-top-left-radius:20px;border-top-right-radius:20px;border-bottom-left-radius:20px;border-bottom-right-radius:20px;padding-top:var(--wp--preset--spacing--10);padding-right:var(--wp--preset--spacing--10);padding-bottom:var(--wp--preset--spacing--10);padding-left:var(--wp--preset--spacing--10)\">\n\n<h2 style=\"font-size:clamp(0.984rem, 0.984rem + ((1vw - 0.2rem) * 0.86), 1.5rem)\" class=\"has-text-align-center wp-block-post-title\">-10%<\/h2>\n\n\n<div class=\"wp-block-group is-content-justification-center is-layout-flex wp-container-core-group-is-layout-94b61000 wp-block-group-is-layout-flex\" style=\"font-size:clamp(0.875rem, 0.875rem + ((1vw - 0.2rem) * 0.042), 0.9rem);\">\n<div class=\"wp-block-gt-gt-ws-ctv-offer-dates\">\n    Von 25\/07\/2026 au 01\/08\/2026<\/div>\n\n<\/div>\n\n\n\n<div class=\"wp-block-group is-content-justification-center is-nowrap is-layout-flex wp-container-core-group-is-layout-82936891 wp-block-group-is-layout-flex\"><div class=\"wp-block-gt-gt-ws-ctv-offer-conditions\">\n            <ul>\n                            <li>Minimale Aufenthaltsdauer : 2<\/li>\n                    <\/ul>\n    <\/div>\n\n<\/div>\n\n\n<a \n    class=\"is-style-lien-cover has-sr-only-text wp-block-gt-gt-ws-ctv-offer-reservation-link\"    href=\"https:\/\/reservation.secureholiday.net\/de\/5028\/search\/product-list\/?widgetOfferId=2955220\" \n    target=\"_blank\"\n    aria-label=\"Das Angebot ansehen -10%\"\n    rel=\"noopener noreferrer\">\n    <span class=\"sr-only\">Voir l&#039;offre<\/span>\n<\/a>\n\n\n\n\n<div class=\"wp-block-buttons is-content-justification-center is-layout-flex wp-container-core-buttons-is-layout-4937f1ce wp-block-buttons-is-layout-flex\" style=\"padding-top:1rem\">\n<div class=\"wp-block-button btn-1 is-style-outline is-style-outline--44\"><a class=\"wp-block-button__link has-custom-color-1-color has-text-color has-link-color has-border-color has-text-align-center has-custom-font-size wp-element-button\" style=\"border-color:#cfa379;border-width:1px;border-radius:100px;padding-right:30px;padding-left:30px;font-size:clamp(0.875rem, 0.875rem + ((1vw - 0.2rem) * 0.492), 1.17rem);font-style:normal;font-weight:300;text-transform:uppercase\"><img decoding=\"async\" width=\"43\" height=\"1\" class=\"wp-image-289\" style=\"width: 43px;\" src=\"https:\/\/www.campingdes2plages.fr\/wp-content\/uploads\/2025\/11\/ligne-beige.svg\" alt=\"beige Linie\"\/><img decoding=\"async\" width=\"21\" height=\"21\" class=\"wp-image-223\" style=\"width: 21px;\" src=\"https:\/\/www.campingdes2plages.fr\/wp-content\/uploads\/2025\/11\/etoile-custom-beige.svg\" alt=\"Stern Custom beige\"\/>SEHEN Sie das Angebot<\/a><\/div>\n<\/div>\n<\/div>\n\n<\/li><\/ul><\/div>\n<\/div>\n\n\n\n<div class=\"wp-block-column is-vertically-aligned-center is-layout-flow wp-block-column-is-layout-flow\">\n<figure class=\"wp-block-image size-full has-custom-border\"><img decoding=\"async\" width=\"1920\" height=\"1440\" src=\"https:\/\/www.campingdes2plages.fr\/wp-content\/uploads\/2026\/01\/location-mobil-home-saint-palais-sur-mer-camping-des-2-plages.jpg\" alt=\"vermietung mobilheim saint palais sur mer camping des 2 plages\" class=\"wp-image-3851\" style=\"border-radius:15px;box-shadow:var(--wp--preset--shadow--natural)\" srcset=\"https:\/\/www.campingdes2plages.fr\/wp-content\/uploads\/2026\/01\/location-mobil-home-saint-palais-sur-mer-camping-des-2-plages.jpg 1920w, https:\/\/www.campingdes2plages.fr\/wp-content\/uploads\/2026\/01\/location-mobil-home-saint-palais-sur-mer-camping-des-2-plages-300x225.jpg 300w, https:\/\/www.campingdes2plages.fr\/wp-content\/uploads\/2026\/01\/location-mobil-home-saint-palais-sur-mer-camping-des-2-plages-1024x768.jpg 1024w, https:\/\/www.campingdes2plages.fr\/wp-content\/uploads\/2026\/01\/location-mobil-home-saint-palais-sur-mer-camping-des-2-plages-768x576.jpg 768w, https:\/\/www.campingdes2plages.fr\/wp-content\/uploads\/2026\/01\/location-mobil-home-saint-palais-sur-mer-camping-des-2-plages-1536x1152.jpg 1536w\" sizes=\"(max-width: 1920px) 100vw, 1920px\" \/><\/figure>\n<\/div>\n<\/div>\n<\/div>\n\n<div class=\"wp-block-group section-maillage has-global-padding is-layout-constrained wp-container-core-group-is-layout-6cf67f90 wp-block-group-is-layout-constrained\" style=\"padding-top:0px;padding-right:1rem;padding-bottom:0rem;padding-left:1rem\">\n<div class=\"wp-block-group top has-custom-color-3-background-color has-background has-global-padding is-layout-constrained wp-container-core-group-is-layout-83b17b42 wp-block-group-is-layout-constrained\" style=\"margin-top:0px;margin-bottom:0px;padding-top:4rem;padding-right:4rem;padding-bottom:4rem;padding-left:4rem\">\n<div class=\"wp-block-group is-content-justification-center is-nowrap is-layout-flex wp-container-core-group-is-layout-af92de17 wp-block-group-is-layout-flex\">\n<figure class=\"wp-block-image size-full is-resized\"><img decoding=\"async\" width=\"21\" height=\"21\" src=\"https:\/\/www.campingdes2plages.fr\/wp-content\/uploads\/2025\/11\/etoile-custom-beige.svg\" alt=\"Stern Custom beige\" class=\"wp-image-223\" style=\"object-fit:contain;width:21px;height:21px\"\/><\/figure>\n\n\n\n<p class=\"has-custom-color-4-color has-text-color has-link-color wp-elements-12 wp-block-paragraph\" style=\"font-size:clamp(0.875rem, 0.875rem + ((1vw - 0.2rem) * 0.525), 1.19rem);font-style:normal;font-weight:400;text-transform:uppercase\">Entdecken Sie mehr<\/p>\n<\/div>\n\n\n\n<p class=\"has-text-align-center has-custom-color-1-color has-text-color has-link-color has-calming-font-family wp-elements-13 wp-block-paragraph\" style=\"font-size:clamp(2.423rem, 2.423rem + ((1vw - 0.2rem) * 3.483), 4.513rem);line-height:1;text-transform:uppercase\">Entdecken Sie unsere ungew\u00f6hnlichen Ferienh\u00e4user <br\/> &amp; unsere luxuri\u00f6sen Mobilheime<\/p>\n\n\n\n<figure class=\"wp-block-image aligncenter size-large\"><img decoding=\"async\" width=\"264\" height=\"22\" src=\"https:\/\/www.campingdes2plages.fr\/wp-content\/uploads\/2025\/11\/ligne-horizontale-et-point-beige.svg\" alt=\"horizontale Linie und beiger Punkt\" class=\"wp-image-377\"\/><\/figure>\n<\/div>\n\n\n\n<figure class=\"wp-block-image size-large arrow-slider-prev\"><img decoding=\"async\" width=\"87\" height=\"11\" src=\"https:\/\/www.campingdes2plages.fr\/wp-content\/uploads\/2025\/11\/fleche-longue-gauche-beige.svg\" alt=\"Langpfeil links beige\" class=\"wp-image-351\"\/><\/figure>\n\n\n\n<figure class=\"wp-block-image size-large arrow-slider-next\"><img decoding=\"async\" width=\"87\" height=\"11\" src=\"https:\/\/www.campingdes2plages.fr\/wp-content\/uploads\/2025\/11\/fleche-longue-droite-beige.svg\" alt=\"Langpfeil gerade beige\" class=\"wp-image-347\"\/><\/figure>\n\n\n\n<div data-swiper=\"{&quot;speed&quot;:400,&quot;spaceBetween&quot;:16,&quot;slidesPerView&quot;:3,&quot;createElements&quot;:true,&quot;loop&quot;:true,&quot;freemode&quot;:true,&quot;navigation&quot;:{&quot;nextEl&quot;:&quot;.section-maillage .arrow-slider-next&quot;,&quot;prevEl&quot;:&quot;.section-maillage .arrow-slider-prev&quot;},&quot;pagination&quot;:{&quot;el&quot;:&quot;.swiper-pagination&quot;,&quot;dynamicBullets&quot;:true},&quot;breakpoints&quot;:{&quot;0&quot;:{&quot;slidesPerView&quot;:1},&quot;768&quot;:{&quot;slidesPerView&quot;:2},&quot;1024&quot;:{&quot;slidesPerView&quot;:2},&quot;1025&quot;:{&quot;slidesPerView&quot;:3}},&quot;autoplay&quot;:{&quot;delay&quot;:3000}}\" data-wp-context=\"{}\" data-wp-interactive=\"core\/query\" data-wp-key=\"1\" data-wp-router-region=\"query-1\" class=\"wp-block-query alignwide gt-fse-maillage-query gt-is-slider gt-is-slider-desktop is-layout-flow wp-block-query-is-layout-flow\"><ul class=\"columns-3 wp-block-post-template is-layout-grid wp-container-core-post-template-is-layout-7e964c02 wp-block-post-template-is-layout-grid\"><li data-wp-key=\"post-template-item-4193\" class=\"wp-block-post post-4193 page type-page status-publish has-post-thumbnail hentry\">\n<a href=\"https:\/\/www.campingdes2plages.fr\/de\/unterkuenfte-cottage-aqua-suite\/\"    class=\"wp-block-tiptip-hyperlink-group-block\" >\n<div data-swiper=\"{&quot;speed&quot;:1000,&quot;autoplay&quot;:{&quot;delay&quot;:5000,&quot;disableOnInteraction&quot;:false},&quot;spaceBetween&quot;:0,&quot;slidesPerView&quot;:1,&quot;pagination&quot;:{&quot;el&quot;:&quot;.swiper-pagination&quot;,&quot;dynamicBullets&quot;:true,&quot;clickable&quot;:true,&quot;type&quot;:&quot;bullets&quot;},&quot;navigation&quot;:{&quot;nextEl&quot;:&quot;.swiper-button-next&quot;,&quot;prevEl&quot;:&quot;.swiper-button-prev&quot;},&quot;breakpoints&quot;:[{&quot;slidesPerView&quot;:1}]}\" class=\"wp-block-cover\" style=\"border-radius:15px\"><span aria-hidden=\"true\" class=\"wp-block-cover__background has-background-dim-60 has-background-dim has-background-gradient\" style=\"background:linear-gradient(0deg,rgb(0,0,0) 0%,rgba(255,255,255,0) 100%)\"><\/span><img decoding=\"async\" width=\"1920\" height=\"1440\" src=\"https:\/\/www.campingdes2plages.fr\/wp-content\/uploads\/2026\/01\/hebergements-cottage-aqua-suite-camping-des-2-plages.jpg\" class=\"wp-block-cover__image-background wp-post-image\" alt=\"Unterk\u00fcnfte Cottage Aqua Suite Campingplatz Des 2 Plages\" data-object-fit=\"cover\" srcset=\"https:\/\/www.campingdes2plages.fr\/wp-content\/uploads\/2026\/01\/hebergements-cottage-aqua-suite-camping-des-2-plages.jpg 1920w, https:\/\/www.campingdes2plages.fr\/wp-content\/uploads\/2026\/01\/hebergements-cottage-aqua-suite-camping-des-2-plages-300x225.jpg 300w, https:\/\/www.campingdes2plages.fr\/wp-content\/uploads\/2026\/01\/hebergements-cottage-aqua-suite-camping-des-2-plages-1024x768.jpg 1024w, https:\/\/www.campingdes2plages.fr\/wp-content\/uploads\/2026\/01\/hebergements-cottage-aqua-suite-camping-des-2-plages-768x576.jpg 768w, https:\/\/www.campingdes2plages.fr\/wp-content\/uploads\/2026\/01\/hebergements-cottage-aqua-suite-camping-des-2-plages-1536x1152.jpg 1536w\" sizes=\"(max-width: 1920px) 100vw, 1920px\" \/><div class=\"wp-block-cover__inner-container has-global-padding is-layout-constrained wp-container-core-cover-is-layout-6b3b7742 wp-block-cover-is-layout-constrained\">\n<div class=\"wp-block-group has-global-padding is-layout-constrained wp-block-group-is-layout-constrained\">\n<div class=\"wp-block-group icon has-custom-color-4-background-color has-background has-global-padding is-layout-constrained wp-container-core-group-is-layout-6b3b7742 wp-block-group-is-layout-constrained\" style=\"border-radius:7px\">\n<figure class=\"wp-block-image size-full is-resized wp-duotone-ffebb3-ffebb3-46\"><img decoding=\"async\" width=\"21\" height=\"21\" src=\"https:\/\/www.campingdes2plages.fr\/wp-content\/uploads\/2025\/11\/etoile-custom-beige.svg\" alt=\"Stern Custom beige\" class=\"wp-image-223\" style=\"object-fit:contain;width:26px;height:26px\"\/><\/figure>\n<\/div>\n<\/div>\n\n\n\n<p class=\"has-text-align-center has-base-2-color has-text-color has-link-color has-sosro-font-family wp-elements-14 wp-block-paragraph\" style=\"font-size:clamp(2.089rem, 2.089rem + ((1vw - 0.2rem) * 2.768), 3.75rem);line-height:1\">Mobilheime mit eigenem Schwimmbad<\/p>\n<\/div><\/div>\n<\/a>\n<\/li><li data-wp-key=\"post-template-item-4138\" class=\"wp-block-post post-4138 page type-page status-publish has-post-thumbnail hentry\">\n<a href=\"https:\/\/www.campingdes2plages.fr\/de\/ungeoehnliche-vermietung-royan\/\"    class=\"wp-block-tiptip-hyperlink-group-block\" >\n<div data-swiper=\"{&quot;speed&quot;:1000,&quot;autoplay&quot;:{&quot;delay&quot;:5000,&quot;disableOnInteraction&quot;:false},&quot;spaceBetween&quot;:0,&quot;slidesPerView&quot;:1,&quot;pagination&quot;:{&quot;el&quot;:&quot;.swiper-pagination&quot;,&quot;dynamicBullets&quot;:true,&quot;clickable&quot;:true,&quot;type&quot;:&quot;bullets&quot;},&quot;navigation&quot;:{&quot;nextEl&quot;:&quot;.swiper-button-next&quot;,&quot;prevEl&quot;:&quot;.swiper-button-prev&quot;},&quot;breakpoints&quot;:[{&quot;slidesPerView&quot;:1}]}\" class=\"wp-block-cover\" style=\"border-radius:15px\"><span aria-hidden=\"true\" class=\"wp-block-cover__background has-background-dim-60 has-background-dim has-background-gradient\" style=\"background:linear-gradient(0deg,rgb(0,0,0) 0%,rgba(255,255,255,0) 100%)\"><\/span><img decoding=\"async\" width=\"1920\" height=\"1473\" src=\"https:\/\/www.campingdes2plages.fr\/wp-content\/uploads\/2026\/01\/location-insolite-royan-camping-des-2-plages.jpg\" class=\"wp-block-cover__image-background wp-post-image\" alt=\"Ungew\u00f6hnliche Unterkunft in Royan Campingplatz Des 2 Plages\" data-object-fit=\"cover\" srcset=\"https:\/\/www.campingdes2plages.fr\/wp-content\/uploads\/2026\/01\/location-insolite-royan-camping-des-2-plages.jpg 1920w, https:\/\/www.campingdes2plages.fr\/wp-content\/uploads\/2026\/01\/location-insolite-royan-camping-des-2-plages-300x230.jpg 300w, https:\/\/www.campingdes2plages.fr\/wp-content\/uploads\/2026\/01\/location-insolite-royan-camping-des-2-plages-1024x786.jpg 1024w, https:\/\/www.campingdes2plages.fr\/wp-content\/uploads\/2026\/01\/location-insolite-royan-camping-des-2-plages-768x589.jpg 768w, https:\/\/www.campingdes2plages.fr\/wp-content\/uploads\/2026\/01\/location-insolite-royan-camping-des-2-plages-1536x1178.jpg 1536w\" sizes=\"(max-width: 1920px) 100vw, 1920px\" \/><div class=\"wp-block-cover__inner-container has-global-padding is-layout-constrained wp-container-core-cover-is-layout-6b3b7742 wp-block-cover-is-layout-constrained\">\n<div class=\"wp-block-group has-global-padding is-layout-constrained wp-block-group-is-layout-constrained\">\n<div class=\"wp-block-group icon has-custom-color-4-background-color has-background has-global-padding is-layout-constrained wp-container-core-group-is-layout-6b3b7742 wp-block-group-is-layout-constrained\" style=\"border-radius:7px\">\n<figure class=\"wp-block-image size-full is-resized wp-duotone-ffebb3-ffebb3-48\"><img decoding=\"async\" width=\"21\" height=\"21\" src=\"https:\/\/www.campingdes2plages.fr\/wp-content\/uploads\/2025\/11\/etoile-custom-beige.svg\" alt=\"Stern Custom beige\" class=\"wp-image-223\" style=\"object-fit:contain;width:26px;height:26px\"\/><\/figure>\n<\/div>\n<\/div>\n\n\n\n<p class=\"has-text-align-center has-base-2-color has-text-color has-link-color has-sosro-font-family wp-elements-16 wp-block-paragraph\" style=\"font-size:clamp(2.089rem, 2.089rem + ((1vw - 0.2rem) * 2.768), 3.75rem);line-height:1\">Ungew\u00f6hnliche<\/p>\n<\/div><\/div>\n<\/a>\n<\/li><li data-wp-key=\"post-template-item-4189\" class=\"wp-block-post post-4189 page type-page status-publish has-post-thumbnail hentry\">\n<a href=\"https:\/\/www.campingdes2plages.fr\/de\/vermietung-von-luxus-mobilheimen-royan\/\"    class=\"wp-block-tiptip-hyperlink-group-block\" >\n<div data-swiper=\"{&quot;speed&quot;:1000,&quot;autoplay&quot;:{&quot;delay&quot;:5000,&quot;disableOnInteraction&quot;:false},&quot;spaceBetween&quot;:0,&quot;slidesPerView&quot;:1,&quot;pagination&quot;:{&quot;el&quot;:&quot;.swiper-pagination&quot;,&quot;dynamicBullets&quot;:true,&quot;clickable&quot;:true,&quot;type&quot;:&quot;bullets&quot;},&quot;navigation&quot;:{&quot;nextEl&quot;:&quot;.swiper-button-next&quot;,&quot;prevEl&quot;:&quot;.swiper-button-prev&quot;},&quot;breakpoints&quot;:[{&quot;slidesPerView&quot;:1}]}\" class=\"wp-block-cover\" style=\"border-radius:15px\"><span aria-hidden=\"true\" class=\"wp-block-cover__background has-background-dim-60 has-background-dim has-background-gradient\" style=\"background:linear-gradient(0deg,rgb(0,0,0) 0%,rgba(255,255,255,0) 100%)\"><\/span><img decoding=\"async\" width=\"1920\" height=\"1280\" src=\"https:\/\/www.campingdes2plages.fr\/wp-content\/uploads\/2026\/01\/location-mobil-home-luxe-royan-camping-des-2-plages.jpg\" class=\"wp-block-cover__image-background wp-post-image\" alt=\"Vermietung von Luxus-Mobilheimen in Royan, Campingplatz Des 2 Plages\" data-object-fit=\"cover\" srcset=\"https:\/\/www.campingdes2plages.fr\/wp-content\/uploads\/2026\/01\/location-mobil-home-luxe-royan-camping-des-2-plages.jpg 1920w, https:\/\/www.campingdes2plages.fr\/wp-content\/uploads\/2026\/01\/location-mobil-home-luxe-royan-camping-des-2-plages-300x200.jpg 300w, https:\/\/www.campingdes2plages.fr\/wp-content\/uploads\/2026\/01\/location-mobil-home-luxe-royan-camping-des-2-plages-1024x683.jpg 1024w, https:\/\/www.campingdes2plages.fr\/wp-content\/uploads\/2026\/01\/location-mobil-home-luxe-royan-camping-des-2-plages-768x512.jpg 768w, https:\/\/www.campingdes2plages.fr\/wp-content\/uploads\/2026\/01\/location-mobil-home-luxe-royan-camping-des-2-plages-1536x1024.jpg 1536w\" sizes=\"(max-width: 1920px) 100vw, 1920px\" \/><div class=\"wp-block-cover__inner-container has-global-padding is-layout-constrained wp-container-core-cover-is-layout-6b3b7742 wp-block-cover-is-layout-constrained\">\n<div class=\"wp-block-group has-global-padding is-layout-constrained wp-block-group-is-layout-constrained\">\n<div class=\"wp-block-group icon has-custom-color-4-background-color has-background has-global-padding is-layout-constrained wp-container-core-group-is-layout-6b3b7742 wp-block-group-is-layout-constrained\" style=\"border-radius:7px\">\n<figure class=\"wp-block-image size-full is-resized wp-duotone-ffebb3-ffebb3-50\"><img decoding=\"async\" width=\"21\" height=\"21\" src=\"https:\/\/www.campingdes2plages.fr\/wp-content\/uploads\/2025\/11\/etoile-custom-beige.svg\" alt=\"Stern Custom beige\" class=\"wp-image-223\" style=\"object-fit:contain;width:26px;height:26px\"\/><\/figure>\n<\/div>\n<\/div>\n\n\n\n<p class=\"has-text-align-center has-base-2-color has-text-color has-link-color has-sosro-font-family wp-elements-18 wp-block-paragraph\" style=\"font-size:clamp(2.089rem, 2.089rem + ((1vw - 0.2rem) * 2.768), 3.75rem);line-height:1\">Luxus Mobilheime<\/p>\n<\/div><\/div>\n<\/a>\n<\/li><\/ul><\/div>\n<\/div>\n","protected":false},"excerpt":{"rendered":"<p>Promotionen Unsere Angebote F\u00fcr einen Aufenthalt zu wettbewerbsf\u00e4higen Preisen in Saint-Palais-sur-Mer Sind Sie auf der Suche nach einem prestigetr\u00e4chtigen Urlaub ohne Kompromisse bei Ihrem Budget? Der Camping des 2 Plages bietet Ihnen die M\u00f6glichkeit, eine 5-Sterne-Umgebung in der Charente-Maritime zu genie\u00dfen und gleichzeitig Ihre Ausgaben zu kontrollieren! Bei jeder Reservierung eines Aufenthalts verpflichten wir uns, [&hellip;]<\/p>\n","protected":false},"author":1,"featured_media":3972,"parent":0,"menu_order":0,"comment_status":"closed","ping_status":"closed","template":"","meta":{"_acf_changed":false,"_seopress_titles_title":"Angebote & Aktionen 5-Sterne-Campingplatz in Saint-Palais-sur-Mer","_seopress_titles_desc":"Reservieren Sie einen 5-Sterne-Aufenthalt in Saint-Palais-sur-Mer zum besten Preis dank unserer exklusiven Angebote: Wochenendangebot, Familienpaket, Webrabatte","_seopress_robots_index":"","_seopress_robots_follow":"","_seopress_robots_imageindex":"","_seopress_robots_snippet":"","_seopress_robots_primary_cat":"","_seopress_robots_breadcrumbs":"","_seopress_robots_freeze_modified_date":"","_seopress_robots_custom_modified_date":"","_seopress_robots_canonical":"","_seopress_social_fb_title":"","_seopress_social_fb_desc":"","_seopress_social_fb_img":"","_seopress_social_fb_img_attachment_id":0,"_seopress_social_fb_img_width":0,"_seopress_social_fb_img_height":0,"_seopress_social_twitter_title":"","_seopress_social_twitter_desc":"","_seopress_social_twitter_img":"","_seopress_social_twitter_img_attachment_id":0,"_seopress_social_twitter_img_width":0,"_seopress_social_twitter_img_height":0,"_seopress_redirections_value":"","_seopress_redirections_enabled":"","_seopress_redirections_enabled_regex":"","_seopress_redirections_logged_status":"beide","_seopress_redirections_param":"","_seopress_redirections_type":301,"_seopress_analysis_target_kw":"","inline_featured_image":false,"gt_fse_maillage_image":"https:\/\/www.campingdes2plages.fr\/wp-content\/uploads\/2026\/01\/mobil-homes-avec-jacuzzi-privatif-camping-des-2-plages.jpg","gt_fse_maillage_titre":"Automatischer Entwurf","gt_fse_maillage_alt":"Automatischer Entwurf","gt_fse_maillage_resume":"","footnotes":""},"categories":[],"tags":[],"class_list":["post-6097","page","type-page","status-publish","has-post-thumbnail","hentry"],"acf":[],"_links":{"self":[{"href":"https:\/\/www.campingdes2plages.fr\/de\/wp-json\/wp\/v2\/pages\/6097","targetHints":{"allow":["GET"]}}],"collection":[{"href":"https:\/\/www.campingdes2plages.fr\/de\/wp-json\/wp\/v2\/pages"}],"about":[{"href":"https:\/\/www.campingdes2plages.fr\/de\/wp-json\/wp\/v2\/types\/page"}],"author":[{"embeddable":true,"href":"https:\/\/www.campingdes2plages.fr\/de\/wp-json\/wp\/v2\/users\/1"}],"replies":[{"embeddable":true,"href":"https:\/\/www.campingdes2plages.fr\/de\/wp-json\/wp\/v2\/comments?post=6097"}],"version-history":[{"count":6,"href":"https:\/\/www.campingdes2plages.fr\/de\/wp-json\/wp\/v2\/pages\/6097\/revisions"}],"predecessor-version":[{"id":7464,"href":"https:\/\/www.campingdes2plages.fr\/de\/wp-json\/wp\/v2\/pages\/6097\/revisions\/7464"}],"wp:featuredmedia":[{"embeddable":true,"href":"https:\/\/www.campingdes2plages.fr\/de\/wp-json\/wp\/v2\/media\/3972"}],"wp:attachment":[{"href":"https:\/\/www.campingdes2plages.fr\/de\/wp-json\/wp\/v2\/media?parent=6097"}],"wp:term":[{"taxonomy":"category","embeddable":true,"href":"https:\/\/www.campingdes2plages.fr\/de\/wp-json\/wp\/v2\/categories?post=6097"},{"taxonomy":"post_tag","embeddable":true,"href":"https:\/\/www.campingdes2plages.fr\/de\/wp-json\/wp\/v2\/tags?post=6097"}],"curies":[{"name":"wp","href":"https:\/\/api.w.org\/{rel}","templated":true}]}}