{"id":6496,"date":"2026-01-05T16:08:58","date_gmt":"2026-01-05T15:08:58","guid":{"rendered":"https:\/\/www.campingdes2plages.fr\/campingplatz-vaux-sur-mer\/"},"modified":"2026-03-05T13:34:19","modified_gmt":"2026-03-05T12:34:19","slug":"campingplatz-vaux-sur-mer","status":"publish","type":"page","link":"https:\/\/www.campingdes2plages.fr\/de\/campingplatz-vaux-sur-mer\/","title":{"rendered":"Campingplatz Vaux-sur-Mer"},"content":{"rendered":"\n<div class=\"wp-block-group gt_1-cta-1photo_005 has-global-padding is-layout-constrained wp-container-core-group-is-layout-95847c2b wp-block-group-is-layout-constrained\" style=\"padding-top:4rem;padding-right:5rem;padding-bottom:6rem;padding-left:5rem\">\n<div class=\"wp-block-columns are-vertically-aligned-center is-layout-flex wp-container-core-columns-is-layout-2ce42527 wp-block-columns-is-layout-flex\">\n<div class=\"wp-block-column is-vertically-aligned-center left animated slideInLeft is-layout-flow wp-block-column-is-layout-flow\">\n<figure class=\"wp-block-image size-full has-custom-border img-1\"><img decoding=\"async\" width=\"1920\" height=\"1232\" src=\"https:\/\/www.campingdes2plages.fr\/wp-content\/uploads\/2026\/01\/charente-maritime.jpg\" alt=\"Charente Maritime\" class=\"wp-image-2497\" style=\"border-radius:15px\" srcset=\"https:\/\/www.campingdes2plages.fr\/wp-content\/uploads\/2026\/01\/charente-maritime.jpg 1920w, https:\/\/www.campingdes2plages.fr\/wp-content\/uploads\/2026\/01\/charente-maritime-300x193.jpg 300w, https:\/\/www.campingdes2plages.fr\/wp-content\/uploads\/2026\/01\/charente-maritime-1024x657.jpg 1024w, https:\/\/www.campingdes2plages.fr\/wp-content\/uploads\/2026\/01\/charente-maritime-768x493.jpg 768w, https:\/\/www.campingdes2plages.fr\/wp-content\/uploads\/2026\/01\/charente-maritime-1536x986.jpg 1536w\" sizes=\"(max-width: 1920px) 100vw, 1920px\" \/><\/figure>\n\n\n\n<figure class=\"wp-block-image size-full has-custom-border img-2\" style=\"margin-top:0px;margin-bottom:0px\"><img decoding=\"async\" width=\"1000\" height=\"667\" src=\"https:\/\/www.campingdes2plages.fr\/wp-content\/uploads\/2026\/01\/decouvrez-la-charente-maritime-et-son-bord-de-mer.jpg\" alt=\"Entdecken Sie die Charente Maritime und ihre K&#xFC;ste\" class=\"wp-image-2511\" style=\"border-radius:15px\" srcset=\"https:\/\/www.campingdes2plages.fr\/wp-content\/uploads\/2026\/01\/decouvrez-la-charente-maritime-et-son-bord-de-mer.jpg 1000w, https:\/\/www.campingdes2plages.fr\/wp-content\/uploads\/2026\/01\/decouvrez-la-charente-maritime-et-son-bord-de-mer-300x200.jpg 300w, https:\/\/www.campingdes2plages.fr\/wp-content\/uploads\/2026\/01\/decouvrez-la-charente-maritime-et-son-bord-de-mer-768x512.jpg 768w\" sizes=\"(max-width: 1000px) 100vw, 1000px\" \/><\/figure>\n\n\n\n<figure class=\"wp-block-image size-full has-custom-border img-3\" style=\"margin-top:0px;margin-bottom:0px\"><img decoding=\"async\" width=\"1160\" height=\"1376\" src=\"https:\/\/www.campingdes2plages.fr\/wp-content\/uploads\/2026\/01\/fond-metallique.jpg\" alt=\"Metallischer Boden\" class=\"wp-image-3337\" style=\"border-radius:0px\" srcset=\"https:\/\/www.campingdes2plages.fr\/wp-content\/uploads\/2026\/01\/fond-metallique.jpg 1160w, https:\/\/www.campingdes2plages.fr\/wp-content\/uploads\/2026\/01\/fond-metallique-253x300.jpg 253w, https:\/\/www.campingdes2plages.fr\/wp-content\/uploads\/2026\/01\/fond-metallique-863x1024.jpg 863w, https:\/\/www.campingdes2plages.fr\/wp-content\/uploads\/2026\/01\/fond-metallique-768x911.jpg 768w\" sizes=\"(max-width: 1160px) 100vw, 1160px\" \/><\/figure>\n<\/div>\n\n\n\n<div class=\"wp-block-column is-vertically-aligned-center right animated slideInUp is-layout-flow wp-block-column-is-layout-flow\" style=\"padding-right:5rem\">\n<div class=\"wp-block-group is-nowrap is-layout-flex wp-container-core-group-is-layout-4b0a85f0 wp-block-group-is-layout-flex\">\n<figure class=\"wp-block-image size-full is-resized\"><img decoding=\"async\" width=\"21\" height=\"21\" src=\"https:\/\/www.campingdes2plages.fr\/wp-content\/uploads\/2025\/11\/etoile-custom-beige.svg\" alt=\"Stern Custom beige\" class=\"wp-image-223\" style=\"object-fit:contain;width:21px;height:21px\" \/><\/figure>\n\n\n\n<p class=\"has-custom-color-4-color has-text-color has-link-color wp-elements-c9a28e369f0a64fd0986bb537e3cb9db\" style=\"font-size:clamp(0.875rem, 0.875rem + ((1vw - 0.2rem) * 0.525), 1.19rem);font-style:normal;font-weight:400;text-transform:uppercase\">Campingplatz Vaux-sur-Mer<\/p>\n<\/div>\n\n\n\n<h1 class=\"wp-block-heading has-calming-font-family\" style=\"font-size:clamp(2.178rem, 2.178rem + ((1vw - 0.2rem) * 2.953), 3.95rem);line-height:1;text-transform:uppercase\">Urlaub am Ozean<\/h1>\n\n\n\n<div class=\"wp-block-group content has-global-padding is-layout-constrained wp-container-core-group-is-layout-bfec7e37 wp-block-group-is-layout-constrained\" style=\"margin-top:0px;margin-bottom:0px;padding-top:4rem;padding-right:5rem;padding-bottom:4rem\">\n<figure class=\"wp-block-image aligncenter size-large\"><img decoding=\"async\" width=\"264\" height=\"22\" src=\"https:\/\/www.campingdes2plages.fr\/wp-content\/uploads\/2025\/11\/ligne-horizontale-et-point-beige.svg\" alt=\"horizontale Linie und beiger Punkt\" class=\"wp-image-377\" \/><\/figure>\n\n\n\n<p style=\"margin-bottom:0px\">F\u00fcr einen einfachen Urlaub in einer <strong>entspannenden Umgebung<\/strong> bietet unser <strong>Campingplatz am Meer in Vaux-sur-Mer<\/strong> verschiedene Dienstleistungen und Animationen f\u00fcr die ganze Familie. Mit einem gemieteten Fahrrad k\u00f6nnen Sie entlang der K\u00fcste auf dem Radweg von Royan nach Marennes fahren. <strong>Nur 700 m<\/strong> von unserem <a href=\"\/\">Campingplatz in Saint-Palais-sur-Mer<\/a> entfernt befindet sich ein sch\u00f6ner Markt, auf dem Sie frische Qualit\u00e4tsprodukte finden k\u00f6nnen. Vielleicht ist dies die Gelegenheit f\u00fcr ein Picknick am Strand? Der Markt ist t\u00e4glich vom 1. April bis zum 30. September ge\u00f6ffnet. Sie brauchen nur <strong>wenige Minuten zu Fu\u00df<\/strong>, um barfu\u00df in den feinen Sand zu treten:    <\/p>\n\n\n\n<ul style=\"margin-top:0px;padding-left:var(--wp--preset--spacing--30)\" class=\"wp-block-list\">\n<li>Die herrlichen Str\u00e4nde von Nauzan und Le Bureau werden \u00fcberwacht und sind gut ausgestattet.<\/li>\n\n\n\n<li>Die Str\u00e4nde von Grande Conche, Les Nonnes, Pointe Espagnole und Platin sind ebenfalls nicht weit entfernt.<\/li>\n<\/ul>\n\n\n\n<div class=\"wp-block-group list-icon is-vertical is-content-justification-left is-nowrap is-layout-flex wp-container-core-group-is-layout-bab64386 wp-block-group-is-layout-flex\">\n<div class=\"wp-block-group is-vertical is-content-justification-center is-layout-flex wp-container-core-group-is-layout-ce155fab wp-block-group-is-layout-flex\">\n<div class=\"wp-block-group icon has-border-color has-custom-color-4-border-color has-global-padding is-layout-constrained wp-block-group-is-layout-constrained\" style=\"border-width:1px;border-radius:100px\">\n<figure class=\"wp-block-image size-full is-resized\"><img decoding=\"async\" width=\"44\" height=\"44\" src=\"https:\/\/www.campingdes2plages.fr\/wp-content\/uploads\/2025\/11\/icon-ensemble-beige.svg\" alt=\"icon set beige\" class=\"wp-image-267\" style=\"object-fit:contain;width:43px;height:43px\" \/><\/figure>\n<\/div>\n\n\n\n<p class=\"has-text-align-center has-custom-color-4-color has-text-color has-link-color has-sosro-font-family wp-elements-efe6da9273a5d2175b5418ed8657f8e2\" style=\"font-size:clamp(0.89rem, 0.89rem + ((1vw - 0.2rem) * 0.733), 1.33rem);\">Neben dem Zentrum<\/p>\n<\/div>\n\n\n\n<figure class=\"wp-block-image size-full is-resized separator\"><img decoding=\"async\" width=\"43\" height=\"1\" src=\"https:\/\/www.campingdes2plages.fr\/wp-content\/uploads\/2025\/11\/ligne-beige.svg\" alt=\"beige Linie\" class=\"wp-image-289\" style=\"object-fit:cover;width:44px;height:1px\" \/><\/figure>\n\n\n\n<div class=\"wp-block-group is-vertical is-content-justification-center is-layout-flex wp-container-core-group-is-layout-ce155fab wp-block-group-is-layout-flex\">\n<div class=\"wp-block-group icon has-border-color has-custom-color-4-border-color has-global-padding is-layout-constrained wp-block-group-is-layout-constrained\" style=\"border-width:1px;border-radius:100px\">\n<figure class=\"wp-block-image size-full is-resized\"><img decoding=\"async\" width=\"49\" height=\"44\" src=\"https:\/\/www.campingdes2plages.fr\/wp-content\/uploads\/2025\/11\/icon-amour-plage-beige.svg\" alt=\"icon amour plage beige\" class=\"wp-image-276\" style=\"object-fit:contain;width:43px;height:43px\" \/><\/figure>\n<\/div>\n\n\n\n<p class=\"has-text-align-center has-custom-color-4-color has-text-color has-link-color has-sosro-font-family wp-elements-b121b22299a3da39c0fa4af90f23486f\" style=\"font-size:clamp(0.89rem, 0.89rem + ((1vw - 0.2rem) * 0.733), 1.33rem);\">Am Meer<\/p>\n<\/div>\n<\/div>\n\n\n\n<div class=\"wp-block-buttons animated slideInUp is-content-justification-center is-layout-flex wp-container-core-buttons-is-layout-d8c0be80 wp-block-buttons-is-layout-flex\" style=\"margin-top:var(--wp--preset--spacing--40)\">\n<div class=\"wp-block-button btn-1 is-style-outline light is-style-outline--1\"><a class=\"wp-block-button__link has-custom-color-1-color has-text-color has-link-color has-border-color has-text-align-center has-custom-font-size wp-element-button\" href=\"https:\/\/www.campingdes2plages.fr\/de\/campingplatz-am-meer-saint-palais-sur-mer\/\" style=\"border-color:#cfa379;border-width:1px;border-radius:100px;padding-right:30px;padding-left:30px;font-size:clamp(0.875rem, 0.875rem + ((1vw - 0.2rem) * 0.492), 1.17rem);font-style:normal;font-weight:300;text-transform:uppercase\"><img decoding=\"async\" width=\"43\" height=\"1\" class=\"wp-image-289\" style=\"width: 43px\" src=\"https:\/\/www.campingdes2plages.fr\/wp-content\/uploads\/2025\/11\/ligne-beige.svg\" alt=\"beige Linie\" \/><img decoding=\"async\" width=\"21\" height=\"21\" class=\"wp-image-223\" style=\"width: 21px\" src=\"https:\/\/www.campingdes2plages.fr\/wp-content\/uploads\/2025\/11\/etoile-custom-beige.svg\" alt=\"Stern Custom beige\" \/>Aufenthalt am Meer<\/a><\/div>\n<\/div>\n<\/div>\n<\/div>\n<\/div>\n\n\n\n<figure class=\"wp-block-image size-full background-image\"><img decoding=\"async\" width=\"615\" height=\"622\" src=\"https:\/\/www.campingdes2plages.fr\/wp-content\/uploads\/2025\/11\/dessin-coquillages-fond.webp\" alt=\"Zeichnung Muscheln Hintergrund\" class=\"wp-image-297\" style=\"aspect-ratio:1;object-fit:contain\" srcset=\"https:\/\/www.campingdes2plages.fr\/wp-content\/uploads\/2025\/11\/dessin-coquillages-fond.webp 615w, https:\/\/www.campingdes2plages.fr\/wp-content\/uploads\/2025\/11\/dessin-coquillages-fond-297x300.webp 297w\" sizes=\"(max-width: 615px) 100vw, 615px\" \/><\/figure>\n<\/div>\n\n<div class=\"wp-block-group gt_2-cta_004 has-custom-color-1-background-color has-background has-global-padding is-layout-constrained wp-container-core-group-is-layout-4de09ffe wp-block-group-is-layout-constrained\" style=\"border-top-left-radius:10px;border-top-right-radius:10px;border-bottom-left-radius:10px;border-bottom-right-radius:10px;margin-top:3rem;margin-bottom:3rem;padding-top:4rem;padding-right:4rem;padding-bottom:4rem;padding-left:4rem\">\n<div class=\"wp-block-group ctas has-global-padding is-layout-constrained wp-container-core-group-is-layout-07b29094 wp-block-group-is-layout-constrained\" style=\"margin-top:0px;margin-bottom:0px;padding-right:0px;padding-left:0px\">\n<figure class=\"wp-block-image size-large arrow-slider-prev\"><img decoding=\"async\" width=\"87\" height=\"11\" src=\"https:\/\/www.campingdes2plages.fr\/wp-content\/uploads\/2025\/11\/fleche-longue-gauche-beige.svg\" alt=\"Langpfeil links beige\" class=\"wp-image-351\" \/><\/figure>\n\n\n\n<figure class=\"wp-block-image size-large arrow-slider-next\"><img decoding=\"async\" width=\"87\" height=\"11\" src=\"https:\/\/www.campingdes2plages.fr\/wp-content\/uploads\/2025\/11\/fleche-longue-droite-beige.svg\" alt=\"Langpfeil gerade beige\" class=\"wp-image-347\" \/><\/figure>\n\n\n\n<div data-swiper=\"{&quot;speed&quot;:400,&quot;spaceBetween&quot;:16,&quot;slidesPerView&quot;:2,&quot;createElements&quot;:true,&quot;loop&quot;:true,&quot;freemode&quot;:true,&quot;navigation&quot;:{&quot;nextEl&quot;:&quot;.gt_2-cta_004 .arrow-slider-next&quot;,&quot;prevEl&quot;:&quot;.gt_2-cta_004 .arrow-slider-prev&quot;},&quot;pagination&quot;:{&quot;el&quot;:&quot;.swiper-pagination&quot;,&quot;dynamicBullets&quot;:true},&quot;breakpoints&quot;:{&quot;0&quot;:{&quot;slidesPerView&quot;:1},&quot;1024&quot;:{&quot;slidesPerView&quot;:1},&quot;1025&quot;:{&quot;slidesPerView&quot;:2}},&quot;autoplay&quot;:{&quot;delay&quot;:3000}}\" class=\"wp-block-group gt-is-slider gt-is-slider-desktop is-nowrap is-layout-flex wp-container-core-group-is-layout-ee308172 wp-block-group-is-layout-flex\" style=\"margin-top:0px;margin-bottom:0px\">\n<div class=\"wp-block-group cta has-global-padding is-layout-constrained wp-container-core-group-is-layout-12243e0f wp-block-group-is-layout-constrained\"><a href=\"https:\/\/www.campingdes2plages.fr\/camping-parc-aquatique-saint-palais-sur-mer\/\"    class=\"wp-block-tiptip-hyperlink-group-block\" >\n<div data-swiper=\"{&quot;speed&quot;:1000,&quot;autoplay&quot;:{&quot;delay&quot;:5000,&quot;disableOnInteraction&quot;:false},&quot;spaceBetween&quot;:0,&quot;slidesPerView&quot;:1,&quot;pagination&quot;:{&quot;el&quot;:&quot;.swiper-pagination&quot;,&quot;dynamicBullets&quot;:true,&quot;clickable&quot;:true,&quot;type&quot;:&quot;bullets&quot;},&quot;navigation&quot;:{&quot;nextEl&quot;:&quot;.swiper-button-next&quot;,&quot;prevEl&quot;:&quot;.swiper-button-prev&quot;},&quot;breakpoints&quot;:[{&quot;slidesPerView&quot;:1}]}\" class=\"wp-block-cover\" style=\"border-radius:15px\"><img decoding=\"async\" width=\"1920\" height=\"1280\" class=\"wp-block-cover__image-background wp-image-2661 size-full\" alt=\"camping au meilleur rapport qualite prix en charente maritime\" src=\"https:\/\/www.campingdes2plages.fr\/wp-content\/uploads\/2026\/01\/camping-au-meilleur-rapport-qualite-prix-en-charente-maritime.jpg\" data-object-fit=\"cover\" srcset=\"https:\/\/www.campingdes2plages.fr\/wp-content\/uploads\/2026\/01\/camping-au-meilleur-rapport-qualite-prix-en-charente-maritime.jpg 1920w, https:\/\/www.campingdes2plages.fr\/wp-content\/uploads\/2026\/01\/camping-au-meilleur-rapport-qualite-prix-en-charente-maritime-300x200.jpg 300w, https:\/\/www.campingdes2plages.fr\/wp-content\/uploads\/2026\/01\/camping-au-meilleur-rapport-qualite-prix-en-charente-maritime-1024x683.jpg 1024w, https:\/\/www.campingdes2plages.fr\/wp-content\/uploads\/2026\/01\/camping-au-meilleur-rapport-qualite-prix-en-charente-maritime-768x512.jpg 768w, https:\/\/www.campingdes2plages.fr\/wp-content\/uploads\/2026\/01\/camping-au-meilleur-rapport-qualite-prix-en-charente-maritime-1536x1024.jpg 1536w\" sizes=\"(max-width: 1920px) 100vw, 1920px\" \/><span aria-hidden=\"true\" class=\"wp-block-cover__background has-background-dim-60 has-background-dim wp-block-cover__gradient-background has-background-gradient\" style=\"background:linear-gradient(0deg,rgb(0,0,0) 0%,rgba(255,255,255,0) 100%)\"><\/span><div class=\"wp-block-cover__inner-container has-global-padding is-layout-constrained wp-block-cover-is-layout-constrained\">\n<div class=\"wp-block-group has-global-padding is-layout-constrained wp-block-group-is-layout-constrained\">\n<div class=\"wp-block-group icon has-custom-color-4-background-color has-background has-global-padding is-layout-constrained wp-container-core-group-is-layout-12243e0f wp-block-group-is-layout-constrained\" style=\"border-radius:7px\">\n<figure class=\"wp-block-image size-full is-resized wp-duotone-ffebb3-ffebb3-3\"><img decoding=\"async\" width=\"21\" height=\"21\" src=\"https:\/\/www.campingdes2plages.fr\/wp-content\/uploads\/2025\/11\/etoile-custom-beige.svg\" alt=\"Stern Custom beige\" class=\"wp-image-223\" style=\"object-fit:contain;width:26px;height:26px\" \/><\/figure>\n<\/div>\n<\/div>\n\n\n\n<p class=\"has-text-align-center has-base-2-color has-text-color has-link-color has-sosro-font-family wp-elements-c96878cfc1018f1e7982185133a7767d\" style=\"font-size:clamp(7.517rem, 7.517rem + ((1vw - 0.2rem) * 20.805), 20rem);line-height:1\">+<\/p>\n<\/div><\/div>\n<\/a><\/div>\n\n\n\n<div class=\"wp-block-group cta has-global-padding is-layout-constrained wp-container-core-group-is-layout-12243e0f wp-block-group-is-layout-constrained\"><a href=\"https:\/\/www.campingdes2plages.fr\/camping-spa-saint-palais-sur-mer\/\"    class=\"wp-block-tiptip-hyperlink-group-block\" >\n<div data-swiper=\"{&quot;speed&quot;:1000,&quot;autoplay&quot;:{&quot;delay&quot;:5000,&quot;disableOnInteraction&quot;:false},&quot;spaceBetween&quot;:0,&quot;slidesPerView&quot;:1,&quot;pagination&quot;:{&quot;el&quot;:&quot;.swiper-pagination&quot;,&quot;dynamicBullets&quot;:true,&quot;clickable&quot;:true,&quot;type&quot;:&quot;bullets&quot;},&quot;navigation&quot;:{&quot;nextEl&quot;:&quot;.swiper-button-next&quot;,&quot;prevEl&quot;:&quot;.swiper-button-prev&quot;},&quot;breakpoints&quot;:[{&quot;slidesPerView&quot;:1}]}\" class=\"wp-block-cover\" style=\"border-radius:15px\"><img decoding=\"async\" width=\"1920\" height=\"1281\" class=\"wp-block-cover__image-background wp-image-3781 size-full\" alt=\"camping spa saint palais sur mer camping des 2 plages royan\" src=\"https:\/\/www.campingdes2plages.fr\/wp-content\/uploads\/2026\/01\/camping-spa-saint-palais-sur-mer-camping-des-2-plages-royan.jpg\" data-object-fit=\"cover\" srcset=\"https:\/\/www.campingdes2plages.fr\/wp-content\/uploads\/2026\/01\/camping-spa-saint-palais-sur-mer-camping-des-2-plages-royan.jpg 1920w, https:\/\/www.campingdes2plages.fr\/wp-content\/uploads\/2026\/01\/camping-spa-saint-palais-sur-mer-camping-des-2-plages-royan-300x200.jpg 300w, https:\/\/www.campingdes2plages.fr\/wp-content\/uploads\/2026\/01\/camping-spa-saint-palais-sur-mer-camping-des-2-plages-royan-1024x683.jpg 1024w, https:\/\/www.campingdes2plages.fr\/wp-content\/uploads\/2026\/01\/camping-spa-saint-palais-sur-mer-camping-des-2-plages-royan-768x512.jpg 768w, https:\/\/www.campingdes2plages.fr\/wp-content\/uploads\/2026\/01\/camping-spa-saint-palais-sur-mer-camping-des-2-plages-royan-1536x1025.jpg 1536w\" sizes=\"(max-width: 1920px) 100vw, 1920px\" \/><span aria-hidden=\"true\" class=\"wp-block-cover__background has-background-dim-60 has-background-dim wp-block-cover__gradient-background has-background-gradient\" style=\"background:linear-gradient(0deg,rgb(0,0,0) 0%,rgba(255,255,255,0) 100%)\"><\/span><div class=\"wp-block-cover__inner-container has-global-padding is-layout-constrained wp-block-cover-is-layout-constrained\">\n<div class=\"wp-block-group has-global-padding is-layout-constrained wp-block-group-is-layout-constrained\">\n<div class=\"wp-block-group icon has-custom-color-4-background-color has-background has-global-padding is-layout-constrained wp-container-core-group-is-layout-12243e0f wp-block-group-is-layout-constrained\" style=\"border-radius:7px\">\n<figure class=\"wp-block-image size-full is-resized wp-duotone-ffebb3-ffebb3-5\"><img decoding=\"async\" width=\"21\" height=\"21\" src=\"https:\/\/www.campingdes2plages.fr\/wp-content\/uploads\/2025\/11\/etoile-custom-beige.svg\" alt=\"Stern Custom beige\" class=\"wp-image-223\" style=\"object-fit:contain;width:26px;height:26px\" \/><\/figure>\n<\/div>\n<\/div>\n\n\n\n<p class=\"has-text-align-center has-base-2-color has-text-color has-link-color has-sosro-font-family wp-elements-c96878cfc1018f1e7982185133a7767d\" style=\"font-size:clamp(7.517rem, 7.517rem + ((1vw - 0.2rem) * 20.805), 20rem);line-height:1\">+<\/p>\n<\/div><\/div>\n<\/a><\/div>\n<\/div>\n<\/div>\n\n\n\n<div class=\"wp-block-columns content is-layout-flex wp-container-core-columns-is-layout-ab9fc780 wp-block-columns-is-layout-flex\" style=\"padding-top:5rem;padding-bottom:3rem\">\n<div class=\"wp-block-column is-layout-flow wp-block-column-is-layout-flow\" style=\"flex-basis:33.33%\">\n<div class=\"wp-block-group is-content-justification-left is-nowrap is-layout-flex wp-container-core-group-is-layout-d19eee88 wp-block-group-is-layout-flex\">\n<figure class=\"wp-block-image size-full is-resized\"><img decoding=\"async\" width=\"21\" height=\"21\" src=\"https:\/\/www.campingdes2plages.fr\/wp-content\/uploads\/2025\/11\/etoile-custom-beige.svg\" alt=\"Stern Custom beige\" class=\"wp-image-223\" style=\"object-fit:contain;width:21px;height:21px\" \/><\/figure>\n\n\n\n<p class=\"has-custom-color-4-color has-text-color has-link-color wp-elements-ef5bcb51071a57e10e14118529f47780\" style=\"font-size:clamp(0.875rem, 0.875rem + ((1vw - 0.2rem) * 0.525), 1.19rem);font-style:normal;font-weight:400;text-transform:uppercase\">5-Sterne-Service<\/p>\n<\/div>\n\n\n\n<p class=\"has-text-align-left has-base-2-color has-text-color has-link-color has-calming-font-family wp-elements-f771318894d1f6025b12e762106bc32e\" style=\"font-size:clamp(2.439rem, 2.439rem + ((1vw - 0.2rem) * 3.518), 4.55rem);line-height:1;text-transform:uppercase\">Campingplatz Vaux sur Mer<\/p>\n<\/div>\n\n\n\n<div class=\"wp-block-column is-vertically-aligned-center is-layout-flow wp-block-column-is-layout-flow\" style=\"flex-basis:66.66%\">\n<h2 class=\"wp-block-heading has-base-2-color has-text-color has-link-color wp-elements-4c9d5868152a5abb394c960138532cdb\">Genie\u00dfen Sie einen Aufenthalt mit 5-Sterne-Service in Vaux sur Mer<\/h2>\n\n\n\n<div class=\"wp-block-columns is-layout-flex wp-container-core-columns-is-layout-28f84493 wp-block-columns-is-layout-flex\">\n<div class=\"wp-block-column is-layout-flow wp-block-column-is-layout-flow\">\n<p class=\"has-base-2-color has-text-color has-link-color wp-elements-ce1e2b1035df33332e83d7d37d2dfa9a\">Unter den Campingpl\u00e4tzen in der Charente-Maritime ist Les 2 Plages der <strong>attraktivste in Bezug auf Preise und Service<\/strong>.<\/p>\n\n\n\n<p class=\"has-base-2-color has-text-color has-link-color wp-elements-0e2a04f4862bb5161b33f19d1b31ef80\">Mit seinem Premium-Wasserpark ist er ideal f\u00fcr Familien mit Kindern. Die Kleinen k\u00f6nnen sich auf dem Spielplatz vergn\u00fcgen. <\/p>\n\n\n\n<p class=\"has-base-2-color has-text-color has-link-color wp-elements-52ebf4f43b54420842c099300ca90982\">Wenn Sie sich f\u00fcr eine Woche auf unserem Campingplatz entscheiden, ist dies eine Garantie f\u00fcr einen gelungenen Aufenthalt.<\/p>\n<\/div>\n\n\n\n<div class=\"wp-block-column is-layout-flow wp-block-column-is-layout-flow\">\n<p class=\"has-base-2-color has-text-color has-link-color wp-elements-338de327e06fd5a4f1b67d680cd0618f\">Sie k\u00f6nnen auch eine<strong>Reiser\u00fccktrittsversicherung<\/strong> abschlie\u00dfen, kontaktieren Sie uns f\u00fcr weitere Informationen.<\/p>\n\n\n\n<p class=\"has-base-2-color has-text-color has-link-color wp-elements-a6d04534391ada6568f68bf020654518\">F\u00fcr einen <strong>100% naturnahen Urlaub<\/strong> sollten Sie einen Campingplatz reservieren. Vergessen Sie nicht, sich die Bewertungen der Urlauber anzusehen. <\/p>\n\n\n\n<p class=\"has-base-2-color has-text-color has-link-color wp-elements-da2dba2d3a481d1544389e5814c1e9d8\">Ihre Reservierung ist v\u00f6llig kostenlos, also warten Sie nicht l\u00e4nger!<\/p>\n<\/div>\n<\/div>\n<\/div>\n<\/div>\n<\/div>\n\n<div class=\"wp-block-group gt_mosaiquegrid_001 gt-no-margin-mobile has-global-padding is-layout-constrained wp-container-core-group-is-layout-93523baa wp-block-group-is-layout-constrained\" style=\"margin-top:16rem;margin-bottom:8rem;padding-right:0rem;padding-left:0rem\">\n<figure class=\"wp-block-image size-full map\"><img decoding=\"async\" width=\"691\" height=\"490\" src=\"https:\/\/www.campingdes2plages.fr\/wp-content\/uploads\/2025\/11\/carte-localisation-camping-des-2-plages-saint-palais-sur-mer.webp\" alt=\"karte standort camping des plages saint palais sur mer\" class=\"wp-image-382\" srcset=\"https:\/\/www.campingdes2plages.fr\/wp-content\/uploads\/2025\/11\/carte-localisation-camping-des-2-plages-saint-palais-sur-mer.webp 691w, https:\/\/www.campingdes2plages.fr\/wp-content\/uploads\/2025\/11\/carte-localisation-camping-des-2-plages-saint-palais-sur-mer-300x213.webp 300w\" sizes=\"(max-width: 691px) 100vw, 691px\" \/><\/figure>\n\n\n\n<div class=\"wp-block-group content has-global-padding is-layout-constrained wp-container-core-group-is-layout-6ebfde21 wp-block-group-is-layout-constrained\" style=\"margin-bottom:var(--wp--preset--spacing--20);padding-right:10rem;padding-left:10rem\">\n<div class=\"wp-block-group is-content-justification-center is-nowrap is-layout-flex wp-container-core-group-is-layout-60758a6d wp-block-group-is-layout-flex\">\n<figure class=\"wp-block-image size-full is-resized\"><img decoding=\"async\" width=\"21\" height=\"21\" src=\"https:\/\/www.campingdes2plages.fr\/wp-content\/uploads\/2025\/11\/etoile-custom-beige.svg\" alt=\"Stern Custom beige\" class=\"wp-image-223\" style=\"object-fit:contain;width:21px;height:21px\" \/><\/figure>\n\n\n\n<p class=\"has-custom-color-4-color has-text-color has-link-color wp-elements-11f262b8fba2d035b2b6e2be0dd10d93\" style=\"font-size:clamp(0.875rem, 0.875rem + ((1vw - 0.2rem) * 0.525), 1.19rem);font-style:normal;font-weight:400;text-transform:uppercase\">Unterk\u00fcnfte<\/p>\n<\/div>\n\n\n\n<p class=\"has-text-align-center has-calming-font-family\" style=\"font-size:clamp(2.422rem, 2.422rem + ((1vw - 0.2rem) * 3.48), 4.51rem);line-height:1;text-transform:uppercase\">Reservierung Ihrer Unterkunft<\/p>\n\n\n\n<figure class=\"wp-block-image aligncenter size-large\"><img decoding=\"async\" width=\"264\" height=\"22\" src=\"https:\/\/www.campingdes2plages.fr\/wp-content\/uploads\/2025\/11\/ligne-horizontale-et-point-beige.svg\" alt=\"horizontale Linie und beiger Punkt\" class=\"wp-image-377\" \/><\/figure>\n\n\n\n<h2 class=\"wp-block-heading has-text-align-center\" style=\"margin-top:var(--wp--preset--spacing--30);margin-bottom:var(--wp--preset--spacing--30)\">Reservieren Sie Ihr passendes Mobilheim<\/h2>\n\n\n\n<div class=\"wp-block-group alignwide section-list-hebergements gt-no-padding-mobile has-global-padding is-layout-constrained wp-container-core-group-is-layout-80e270e4 wp-block-group-is-layout-constrained\" style=\"padding-right:var(--wp--preset--spacing--50);padding-left:var(--wp--preset--spacing--50)\">\n<div class=\"wp-block-group alignwide is-layout-flow wp-block-group-is-layout-flow\" style=\"padding-right:var(--wp--preset--spacing--20);padding-left:var(--wp--preset--spacing--20)\">\n<div data-wp-context=\"{}\" data-wp-interactive=\"core\/query\" data-wp-key=\"0\" data-wp-router-region=\"query-0\" class=\"wp-block-query alignwide gt-fse-hebergements is-layout-flow wp-block-query-is-layout-flow\"><\/div>\n<\/div>\n<\/div>\n\n\n\n<h2 class=\"wp-block-heading has-text-align-center\" style=\"margin-top:var(--wp--preset--spacing--40)\">Entdecken Sie unsere 5-Sterne-Unterk\u00fcnfte<\/h2>\n\n\n\n<p class=\"has-text-align-center has-custom-color-1-color has-text-color has-link-color wp-elements-eb91464b2ebdc508d937a04caeb07dd0\">Sie k\u00f6nnen sich f\u00fcr einen fabelhaften Familienurlaub auf einem g\u00fcnstigen Campingplatz in Vaux-sur-Mer entscheiden, ohne auf Komfort und Service verzichten zu m\u00fcssen. Der <strong>Campingplatz Les 2 Plages<\/strong> bietet Ihnen verschiedene Arten von Unterk\u00fcnften: <\/p>\n\n\n\n<p class=\"has-text-align-center has-custom-color-1-color has-text-color has-link-color wp-elements-1965ff077f1c769e0cbec003ede27408\">- Campen Sie mit Ihrem <strong>Zelt<\/strong>, <strong>Wohnwagen <\/strong>oder <strong>Wohnmobil <\/strong>: die Stellpl\u00e4tze sind schattig und breit und bieten Ihnen die Privatsph\u00e4re, die Sie f\u00fcr einen gelungenen Urlaub ben\u00f6tigen. <br \/>- <strong>Mieten Sie ein Mobilheim in Vaux-sur-Mer<\/strong>, das perfekt ausgestattet ist und Ihnen den Komfort bietet, den Sie brauchen. <br \/>- Oder machen Sie eine originelle Erfahrung, indem Sie sich f\u00fcr <strong>Glamping <\/strong>entscheiden und ein Insolit&#8217;Coco mieten, eine <strong>atypische Unterkunft zwischen Zelt und Mobilheim<\/strong>. <br \/>- Sie k\u00f6nnen auch ein <a href=\"https:\/\/www.campingdes2plages.fr\/de\/unterkuenfte-cottage-aqua-suite\/\">Mobilheim mit privatem Schwimmbad<\/a> mieten.<\/p>\n\n\n\n<p class=\"has-text-align-center has-custom-color-1-color has-text-color has-link-color wp-elements-c0b52f58681e7183e0d59facdf781478\">Der Last-Minute-Campingplatz in der Charente-Maritime bietet das <strong>beste Preis-Leistungs-Verh\u00e4ltnis in der Umgebung von Royan<\/strong>.<\/p>\n\n\n\n<div class=\"wp-block-buttons animated slideInUp is-content-justification-center is-layout-flex wp-container-core-buttons-is-layout-a89b3969 wp-block-buttons-is-layout-flex\">\n<div class=\"wp-block-button btn-1 is-style-outline light is-style-outline--6\"><a class=\"wp-block-button__link has-custom-color-1-color has-text-color has-link-color has-border-color has-text-align-center has-custom-font-size wp-element-button\" href=\"https:\/\/www.campingdes2plages.fr\/de\/guenstiger-campingplatz-saint-palais-sur-mer\/\" style=\"border-color:#cfa379;border-width:1px;border-radius:100px;padding-right:30px;padding-left:30px;font-size:clamp(0.875rem, 0.875rem + ((1vw - 0.2rem) * 0.492), 1.17rem);font-style:normal;font-weight:300;text-transform:uppercase\"><img decoding=\"async\" width=\"43\" height=\"1\" class=\"wp-image-289\" style=\"width: 43px\" src=\"https:\/\/www.campingdes2plages.fr\/wp-content\/uploads\/2025\/11\/ligne-beige.svg\" alt=\"beige Linie\" \/><img decoding=\"async\" width=\"21\" height=\"21\" class=\"wp-image-223\" style=\"width: 21px\" src=\"https:\/\/www.campingdes2plages.fr\/wp-content\/uploads\/2025\/11\/etoile-custom-beige.svg\" alt=\"Stern Custom beige\" \/>Nutzen Sie die besten Angebote<\/a><\/div>\n<\/div>\n<\/div>\n\n\n\n<div class=\"wp-block-group alignwide section-maillage has-global-padding is-layout-constrained wp-container-core-group-is-layout-10723b62 wp-block-group-is-layout-constrained\" style=\"padding-top:0px;padding-right:var(--wp--preset--spacing--10);padding-bottom:0rem;padding-left:var(--wp--preset--spacing--10)\">\n<figure class=\"wp-block-image size-large arrow-slider-prev\"><img decoding=\"async\" width=\"87\" height=\"11\" src=\"https:\/\/www.campingdes2plages.fr\/wp-content\/uploads\/2025\/11\/fleche-longue-gauche-beige.svg\" alt=\"Langpfeil links beige\" class=\"wp-image-351\" \/><\/figure>\n\n\n\n<figure class=\"wp-block-image size-large arrow-slider-next\"><img decoding=\"async\" width=\"87\" height=\"11\" src=\"https:\/\/www.campingdes2plages.fr\/wp-content\/uploads\/2025\/11\/fleche-longue-droite-beige.svg\" alt=\"Langpfeil gerade beige\" class=\"wp-image-347\" \/><\/figure>\n\n\n\n<div data-swiper=\"{&quot;speed&quot;:400,&quot;spaceBetween&quot;:16,&quot;slidesPerView&quot;:3,&quot;createElements&quot;:true,&quot;loop&quot;:true,&quot;freemode&quot;:true,&quot;navigation&quot;:{&quot;nextEl&quot;:&quot;.section-maillage .arrow-slider-next&quot;,&quot;prevEl&quot;:&quot;.section-maillage .arrow-slider-prev&quot;},&quot;pagination&quot;:{&quot;el&quot;:&quot;.swiper-pagination&quot;,&quot;dynamicBullets&quot;:true},&quot;breakpoints&quot;:{&quot;0&quot;:{&quot;slidesPerView&quot;:1},&quot;768&quot;:{&quot;slidesPerView&quot;:2},&quot;1024&quot;:{&quot;slidesPerView&quot;:2},&quot;1025&quot;:{&quot;slidesPerView&quot;:3}},&quot;autoplay&quot;:{&quot;delay&quot;:3000}}\" data-wp-context=\"{}\" data-wp-interactive=\"core\/query\" data-wp-key=\"1\" data-wp-router-region=\"query-1\" class=\"wp-block-query alignwide gt-fse-maillage-query gt-is-slider gt-is-slider-desktop is-layout-flow wp-block-query-is-layout-flow\"><ul class=\"columns-3 wp-block-post-template is-layout-grid wp-container-core-post-template-is-layout-6d3fbd8f wp-block-post-template-is-layout-grid\"><li data-wp-key=\"post-template-item-4193\" class=\"wp-block-post post-4193 page type-page status-publish has-post-thumbnail hentry\">\n<a href=\"https:\/\/www.campingdes2plages.fr\/de\/unterkuenfte-cottage-aqua-suite\/\"    class=\"wp-block-tiptip-hyperlink-group-block\" >\n<div data-swiper=\"{&quot;speed&quot;:1000,&quot;autoplay&quot;:{&quot;delay&quot;:5000,&quot;disableOnInteraction&quot;:false},&quot;spaceBetween&quot;:0,&quot;slidesPerView&quot;:1,&quot;pagination&quot;:{&quot;el&quot;:&quot;.swiper-pagination&quot;,&quot;dynamicBullets&quot;:true,&quot;clickable&quot;:true,&quot;type&quot;:&quot;bullets&quot;},&quot;navigation&quot;:{&quot;nextEl&quot;:&quot;.swiper-button-next&quot;,&quot;prevEl&quot;:&quot;.swiper-button-prev&quot;},&quot;breakpoints&quot;:[{&quot;slidesPerView&quot;:1}]}\" class=\"wp-block-cover\" style=\"border-radius:15px\"><span aria-hidden=\"true\" class=\"wp-block-cover__background has-background-dim-60 has-background-dim has-background-gradient\" style=\"background:linear-gradient(0deg,rgb(0,0,0) 0%,rgba(255,255,255,0) 100%)\"><\/span><img decoding=\"async\" width=\"1920\" height=\"1440\" src=\"https:\/\/www.campingdes2plages.fr\/wp-content\/uploads\/2026\/01\/hebergements-cottage-aqua-suite-camping-des-2-plages.jpg\" class=\"wp-block-cover__image-background wp-post-image\" alt=\"Unterk\u00fcnfte Cottage Aqua Suite Campingplatz Des 2 Plages\" data-object-fit=\"cover\" srcset=\"https:\/\/www.campingdes2plages.fr\/wp-content\/uploads\/2026\/01\/hebergements-cottage-aqua-suite-camping-des-2-plages.jpg 1920w, https:\/\/www.campingdes2plages.fr\/wp-content\/uploads\/2026\/01\/hebergements-cottage-aqua-suite-camping-des-2-plages-300x225.jpg 300w, https:\/\/www.campingdes2plages.fr\/wp-content\/uploads\/2026\/01\/hebergements-cottage-aqua-suite-camping-des-2-plages-1024x768.jpg 1024w, https:\/\/www.campingdes2plages.fr\/wp-content\/uploads\/2026\/01\/hebergements-cottage-aqua-suite-camping-des-2-plages-768x576.jpg 768w, https:\/\/www.campingdes2plages.fr\/wp-content\/uploads\/2026\/01\/hebergements-cottage-aqua-suite-camping-des-2-plages-1536x1152.jpg 1536w\" sizes=\"(max-width: 1920px) 100vw, 1920px\" \/><div class=\"wp-block-cover__inner-container has-global-padding is-layout-constrained wp-container-core-cover-is-layout-12243e0f wp-block-cover-is-layout-constrained\">\n<div class=\"wp-block-group has-global-padding is-layout-constrained wp-block-group-is-layout-constrained\">\n<div class=\"wp-block-group icon has-custom-color-4-background-color has-background has-global-padding is-layout-constrained wp-container-core-group-is-layout-12243e0f wp-block-group-is-layout-constrained\" style=\"border-radius:7px\">\n<figure class=\"wp-block-image size-full is-resized wp-duotone-ffebb3-ffebb3-8\"><img decoding=\"async\" width=\"21\" height=\"21\" src=\"https:\/\/www.campingdes2plages.fr\/wp-content\/uploads\/2025\/11\/etoile-custom-beige.svg\" alt=\"Stern Custom beige\" class=\"wp-image-223\" style=\"object-fit:contain;width:26px;height:26px\" \/><\/figure>\n<\/div>\n<\/div>\n\n\n\n<p class=\"has-text-align-center has-base-2-color has-text-color has-link-color has-sosro-font-family wp-elements-fae88359324170708bba5cd143a776b0\" style=\"font-size:clamp(2.089rem, 2.089rem + ((1vw - 0.2rem) * 2.768), 3.75rem);line-height:1\">Mobilheime mit eigenem Schwimmbad<\/p>\n<\/div><\/div>\n<\/a>\n<\/li><li data-wp-key=\"post-template-item-4189\" class=\"wp-block-post post-4189 page type-page status-publish has-post-thumbnail hentry\">\n<a href=\"https:\/\/www.campingdes2plages.fr\/de\/vermietung-von-luxus-mobilheimen-royan\/\"    class=\"wp-block-tiptip-hyperlink-group-block\" >\n<div data-swiper=\"{&quot;speed&quot;:1000,&quot;autoplay&quot;:{&quot;delay&quot;:5000,&quot;disableOnInteraction&quot;:false},&quot;spaceBetween&quot;:0,&quot;slidesPerView&quot;:1,&quot;pagination&quot;:{&quot;el&quot;:&quot;.swiper-pagination&quot;,&quot;dynamicBullets&quot;:true,&quot;clickable&quot;:true,&quot;type&quot;:&quot;bullets&quot;},&quot;navigation&quot;:{&quot;nextEl&quot;:&quot;.swiper-button-next&quot;,&quot;prevEl&quot;:&quot;.swiper-button-prev&quot;},&quot;breakpoints&quot;:[{&quot;slidesPerView&quot;:1}]}\" class=\"wp-block-cover\" style=\"border-radius:15px\"><span aria-hidden=\"true\" class=\"wp-block-cover__background has-background-dim-60 has-background-dim has-background-gradient\" style=\"background:linear-gradient(0deg,rgb(0,0,0) 0%,rgba(255,255,255,0) 100%)\"><\/span><img decoding=\"async\" width=\"1920\" height=\"1280\" src=\"https:\/\/www.campingdes2plages.fr\/wp-content\/uploads\/2026\/01\/location-mobil-home-luxe-royan-camping-des-2-plages.jpg\" class=\"wp-block-cover__image-background wp-post-image\" alt=\"Vermietung von Luxus-Mobilheimen in Royan, Campingplatz Des 2 Plages\" data-object-fit=\"cover\" srcset=\"https:\/\/www.campingdes2plages.fr\/wp-content\/uploads\/2026\/01\/location-mobil-home-luxe-royan-camping-des-2-plages.jpg 1920w, https:\/\/www.campingdes2plages.fr\/wp-content\/uploads\/2026\/01\/location-mobil-home-luxe-royan-camping-des-2-plages-300x200.jpg 300w, https:\/\/www.campingdes2plages.fr\/wp-content\/uploads\/2026\/01\/location-mobil-home-luxe-royan-camping-des-2-plages-1024x683.jpg 1024w, https:\/\/www.campingdes2plages.fr\/wp-content\/uploads\/2026\/01\/location-mobil-home-luxe-royan-camping-des-2-plages-768x512.jpg 768w, https:\/\/www.campingdes2plages.fr\/wp-content\/uploads\/2026\/01\/location-mobil-home-luxe-royan-camping-des-2-plages-1536x1024.jpg 1536w\" sizes=\"(max-width: 1920px) 100vw, 1920px\" \/><div class=\"wp-block-cover__inner-container has-global-padding is-layout-constrained wp-container-core-cover-is-layout-12243e0f wp-block-cover-is-layout-constrained\">\n<div class=\"wp-block-group has-global-padding is-layout-constrained wp-block-group-is-layout-constrained\">\n<div class=\"wp-block-group icon has-custom-color-4-background-color has-background has-global-padding is-layout-constrained wp-container-core-group-is-layout-12243e0f wp-block-group-is-layout-constrained\" style=\"border-radius:7px\">\n<figure class=\"wp-block-image size-full is-resized wp-duotone-ffebb3-ffebb3-10\"><img decoding=\"async\" width=\"21\" height=\"21\" src=\"https:\/\/www.campingdes2plages.fr\/wp-content\/uploads\/2025\/11\/etoile-custom-beige.svg\" alt=\"Stern Custom beige\" class=\"wp-image-223\" style=\"object-fit:contain;width:26px;height:26px\" \/><\/figure>\n<\/div>\n<\/div>\n\n\n\n<p class=\"has-text-align-center has-base-2-color has-text-color has-link-color has-sosro-font-family wp-elements-fae88359324170708bba5cd143a776b0\" style=\"font-size:clamp(2.089rem, 2.089rem + ((1vw - 0.2rem) * 2.768), 3.75rem);line-height:1\">Luxus Mobilheime<\/p>\n<\/div><\/div>\n<\/a>\n<\/li><li data-wp-key=\"post-template-item-4316\" class=\"wp-block-post post-4316 page type-page status-publish has-post-thumbnail hentry\">\n<a href=\"https:\/\/www.campingdes2plages.fr\/de\/guenstiger-campingplatz-saint-palais-sur-mer\/\"    class=\"wp-block-tiptip-hyperlink-group-block\" >\n<div data-swiper=\"{&quot;speed&quot;:1000,&quot;autoplay&quot;:{&quot;delay&quot;:5000,&quot;disableOnInteraction&quot;:false},&quot;spaceBetween&quot;:0,&quot;slidesPerView&quot;:1,&quot;pagination&quot;:{&quot;el&quot;:&quot;.swiper-pagination&quot;,&quot;dynamicBullets&quot;:true,&quot;clickable&quot;:true,&quot;type&quot;:&quot;bullets&quot;},&quot;navigation&quot;:{&quot;nextEl&quot;:&quot;.swiper-button-next&quot;,&quot;prevEl&quot;:&quot;.swiper-button-prev&quot;},&quot;breakpoints&quot;:[{&quot;slidesPerView&quot;:1}]}\" class=\"wp-block-cover\" style=\"border-radius:15px\"><span aria-hidden=\"true\" class=\"wp-block-cover__background has-background-dim-60 has-background-dim has-background-gradient\" style=\"background:linear-gradient(0deg,rgb(0,0,0) 0%,rgba(255,255,255,0) 100%)\"><\/span><img decoding=\"async\" width=\"1920\" height=\"1234\" src=\"https:\/\/www.campingdes2plages.fr\/wp-content\/uploads\/2026\/01\/camping-pas-cher-saint-palais-sur-mer.jpg\" class=\"wp-block-cover__image-background wp-post-image\" alt=\"G\u00fcnstiger Campingplatz in Saint-Palais-sur-Mer\" data-object-fit=\"cover\" srcset=\"https:\/\/www.campingdes2plages.fr\/wp-content\/uploads\/2026\/01\/camping-pas-cher-saint-palais-sur-mer.jpg 1920w, https:\/\/www.campingdes2plages.fr\/wp-content\/uploads\/2026\/01\/camping-pas-cher-saint-palais-sur-mer-300x193.jpg 300w, https:\/\/www.campingdes2plages.fr\/wp-content\/uploads\/2026\/01\/camping-pas-cher-saint-palais-sur-mer-1024x658.jpg 1024w, https:\/\/www.campingdes2plages.fr\/wp-content\/uploads\/2026\/01\/camping-pas-cher-saint-palais-sur-mer-768x494.jpg 768w, https:\/\/www.campingdes2plages.fr\/wp-content\/uploads\/2026\/01\/camping-pas-cher-saint-palais-sur-mer-1536x987.jpg 1536w\" sizes=\"(max-width: 1920px) 100vw, 1920px\" \/><div class=\"wp-block-cover__inner-container has-global-padding is-layout-constrained wp-container-core-cover-is-layout-12243e0f wp-block-cover-is-layout-constrained\">\n<div class=\"wp-block-group has-global-padding is-layout-constrained wp-block-group-is-layout-constrained\">\n<div class=\"wp-block-group icon has-custom-color-4-background-color has-background has-global-padding is-layout-constrained wp-container-core-group-is-layout-12243e0f wp-block-group-is-layout-constrained\" style=\"border-radius:7px\">\n<figure class=\"wp-block-image size-full is-resized wp-duotone-ffebb3-ffebb3-12\"><img decoding=\"async\" width=\"21\" height=\"21\" src=\"https:\/\/www.campingdes2plages.fr\/wp-content\/uploads\/2025\/11\/etoile-custom-beige.svg\" alt=\"Stern Custom beige\" class=\"wp-image-223\" style=\"object-fit:contain;width:26px;height:26px\" \/><\/figure>\n<\/div>\n<\/div>\n\n\n\n<p class=\"has-text-align-center has-base-2-color has-text-color has-link-color has-sosro-font-family wp-elements-fae88359324170708bba5cd143a776b0\" style=\"font-size:clamp(2.089rem, 2.089rem + ((1vw - 0.2rem) * 2.768), 3.75rem);line-height:1\">Promos Aufenthalt<\/p>\n<\/div><\/div>\n<\/a>\n<\/li><\/ul><\/div>\n<\/div>\n<\/div>\n\n<div class=\"wp-block-group gt_faq_007 has-global-padding is-layout-constrained wp-container-core-group-is-layout-e88e3189 wp-block-group-is-layout-constrained\" style=\"margin-top:0px;margin-bottom:0px;padding-top:4rem;padding-right:0px;padding-bottom:10rem;padding-left:0px\">\n<div class=\"wp-block-columns are-vertically-aligned-center is-layout-flex wp-container-core-columns-is-layout-b23a18ed wp-block-columns-is-layout-flex\">\n<div class=\"wp-block-column is-vertically-aligned-center left is-layout-flow wp-block-column-is-layout-flow\">\n<figure class=\"wp-block-image size-full background\"><img decoding=\"async\" width=\"1160\" height=\"1376\" src=\"https:\/\/www.campingdes2plages.fr\/wp-content\/uploads\/2026\/01\/fond-metallique.jpg\" alt=\"Metallischer Boden\" class=\"wp-image-3337\" srcset=\"https:\/\/www.campingdes2plages.fr\/wp-content\/uploads\/2026\/01\/fond-metallique.jpg 1160w, https:\/\/www.campingdes2plages.fr\/wp-content\/uploads\/2026\/01\/fond-metallique-253x300.jpg 253w, https:\/\/www.campingdes2plages.fr\/wp-content\/uploads\/2026\/01\/fond-metallique-863x1024.jpg 863w, https:\/\/www.campingdes2plages.fr\/wp-content\/uploads\/2026\/01\/fond-metallique-768x911.jpg 768w\" sizes=\"(max-width: 1160px) 100vw, 1160px\" \/><\/figure>\n\n\n\n<figure class=\"wp-block-image size-full accroche-porte\"><img decoding=\"async\" width=\"1919\" height=\"1473\" src=\"https:\/\/www.campingdes2plages.fr\/wp-content\/uploads\/2026\/01\/salle-de-bain-hebergements-camping-des-2-plages-royan.jpg\" alt=\"Badezimmer Unterk&#xFC;nfte Camping des 2 plages royan\" class=\"wp-image-3806\" srcset=\"https:\/\/www.campingdes2plages.fr\/wp-content\/uploads\/2026\/01\/salle-de-bain-hebergements-camping-des-2-plages-royan.jpg 1919w, https:\/\/www.campingdes2plages.fr\/wp-content\/uploads\/2026\/01\/salle-de-bain-hebergements-camping-des-2-plages-royan-300x230.jpg 300w, https:\/\/www.campingdes2plages.fr\/wp-content\/uploads\/2026\/01\/salle-de-bain-hebergements-camping-des-2-plages-royan-1024x786.jpg 1024w, https:\/\/www.campingdes2plages.fr\/wp-content\/uploads\/2026\/01\/salle-de-bain-hebergements-camping-des-2-plages-royan-768x590.jpg 768w, https:\/\/www.campingdes2plages.fr\/wp-content\/uploads\/2026\/01\/salle-de-bain-hebergements-camping-des-2-plages-royan-1536x1179.jpg 1536w\" sizes=\"(max-width: 1919px) 100vw, 1919px\" \/><\/figure>\n\n\n\n<figure class=\"wp-block-image size-full dessin\"><img decoding=\"async\" width=\"423\" height=\"266\" src=\"https:\/\/www.campingdes2plages.fr\/wp-content\/uploads\/2025\/11\/dessin-femme-sur-la-plage.webp\" alt=\"Zeichnung Frau am Strand\" class=\"wp-image-673\" srcset=\"https:\/\/www.campingdes2plages.fr\/wp-content\/uploads\/2025\/11\/dessin-femme-sur-la-plage.webp 423w, https:\/\/www.campingdes2plages.fr\/wp-content\/uploads\/2025\/11\/dessin-femme-sur-la-plage-300x189.webp 300w\" sizes=\"(max-width: 423px) 100vw, 423px\" \/><\/figure>\n<\/div>\n\n\n\n<div class=\"wp-block-column is-vertically-aligned-center right is-layout-flow wp-block-column-is-layout-flow\" style=\"padding-right:10rem;padding-bottom:0\">\n<div class=\"wp-block-group is-content-justification-left is-nowrap is-layout-flex wp-container-core-group-is-layout-d19eee88 wp-block-group-is-layout-flex\">\n<figure class=\"wp-block-image size-full is-resized\"><img decoding=\"async\" width=\"21\" height=\"21\" src=\"https:\/\/www.campingdes2plages.fr\/wp-content\/uploads\/2025\/11\/etoile-custom-beige.svg\" alt=\"Stern Custom beige\" class=\"wp-image-223\" style=\"object-fit:contain;width:21px;height:21px\" \/><\/figure>\n\n\n\n<p class=\"has-custom-color-4-color has-text-color has-link-color wp-elements-ff1788aa4074009de486b518a1fb88e7\" style=\"font-size:clamp(0.875rem, 0.875rem + ((1vw - 0.2rem) * 0.525), 1.19rem);font-style:normal;font-weight:400;text-transform:uppercase\">H\u00c4UFIG GESTELLTE FRAGEN<\/p>\n<\/div>\n\n\n\n<p class=\"has-text-align-left has-custom-color-1-color has-text-color has-link-color has-calming-font-family wp-elements-f7742b6b442d267a36d340ba3191115d\" style=\"font-size:clamp(2.766rem, 2.766rem + ((1vw - 0.2rem) * 4.273), 5.33rem);line-height:1;text-transform:uppercase\">H\u00e4ufig gestellte Fragen<\/p>\n\n\n\n<div class=\"wp-block-wpseopress-faq-block-v2 is-layout-flow wp-block-wpseopress-faq-block-v2-is-layout-flow\">\n<details id=\"est-il-possible-de-choisir-ma-parcelle\" class=\"wp-block-details has-medium-font-size is-layout-flow wp-block-details-is-layout-flow\" style=\"border-top-color:var(--wp--preset--color--custom-color-4);border-top-width:1px;padding-top:var(--wp--preset--spacing--20);padding-bottom:0\"><summary><strong>Kann ich meine Parzelle ausw\u00e4hlen?<\/strong><\/summary>\n<p>Bei Ihrer Reservierung k\u00f6nnen Sie uns Ihre W\u00fcnsche schriftlich mitteilen (schattig, sonnig, mehr oder weniger weit von den Animationen entfernt&#8230;). Vor Ort k\u00f6nnen Ihnen unsere Rezeptionisten je nach Verf\u00fcgbarkeit einige Stellpl\u00e4tze anbieten. <\/p>\n<\/details>\n\n\n\n<details id=\"les-animaux-sont-ils-autorises-dans-le-camping\" class=\"wp-block-details has-medium-font-size is-layout-flow wp-block-details-is-layout-flow\" style=\"border-top-color:var(--wp--preset--color--custom-color-4);border-top-width:1px;padding-top:var(--wp--preset--spacing--20);padding-bottom:0\"><summary><strong>Sind Tiere auf dem Campingplatz erlaubt?<\/strong><\/summary>\n<p>Wir akzeptieren nur Hunde, die nicht der Kategorie I und II angeh\u00f6ren. Alle Hunde m\u00fcssen auf dem Campingplatz an der Leine gehalten werden und d\u00fcrfen nicht allein auf dem Grundst\u00fcck oder in der Mietunterkunft gelassen werden. Alle Hundehaufen m\u00fcssen aufgesammelt werden. Das Tier muss t\u00e4towiert sein und die Impfungen m\u00fcssen auf dem neuesten Stand sein. Bitte legen Sie den Impfpass bei Ihrer Ankunft an der Rezeption vor.   <\/p>\n<\/details>\n\n\n\n<details id=\"comment-puis-je-regler-mon-sejour\" class=\"wp-block-details has-medium-font-size is-layout-flow wp-block-details-is-layout-flow\" style=\"border-top-color:var(--wp--preset--color--custom-color-4);border-top-width:1px;padding-top:var(--wp--preset--spacing--20);padding-bottom:0\"><summary><strong>Wie kann ich meinen Aufenthalt bezahlen?<\/strong><\/summary>\n<p>Anzahlung: Bei der Reservierung wird eine Anzahlung von 30% verlangt. Die Anzahlung kann in bar, per Scheck, Urlaubsscheck oder Kreditkarte geleistet werden. Restbetrag: Reservierungen von Mobilheimen m\u00fcssen sp\u00e4testens am Tag Ihrer Ankunft bezahlt werden (Zahlung wie Anzahlung). Die Stellpl\u00e4tze k\u00f6nnen am Tag Ihrer Ankunft in bar, mit Urlaubsschecks oder Kreditkarte bezahlt werden.   <\/p>\n<\/details>\n\n\n\n<details id=\"faut-il-apporter-ses-draps\" class=\"wp-block-details has-medium-font-size is-layout-flow wp-block-details-is-layout-flow\" style=\"border-top-color:var(--wp--preset--color--custom-color-4);border-top-width:1px;padding-top:var(--wp--preset--spacing--20);padding-bottom:0\"><summary><strong>M\u00fcssen Sie Ihre eigene Bettw\u00e4sche mitbringen?<\/strong><\/summary>\n<p>Bettw\u00e4sche ist in allen Mobilheimen vorhanden, es gibt eine Option f\u00fcr 20\u20ac, um die Betten vor Ihrer Ankunft zu machen. In unseren Prestige 2 Schlafzimmern gibt es keine Option. <\/p>\n<\/details>\n\n\n\n<details id=\"est-ce-quil-y-la-television-dans-les-locations\" class=\"wp-block-details has-medium-font-size is-layout-flow wp-block-details-is-layout-flow\" style=\"border-top-color:var(--wp--preset--color--custom-color-4);border-top-width:1px;border-bottom-color:var(--wp--preset--color--custom-color-4);border-bottom-width:1px;padding-top:var(--wp--preset--spacing--20);padding-bottom:var(--wp--preset--spacing--20)\"><summary><strong>Gibt es Fernsehen in den Unterk\u00fcnften?<\/strong><\/summary>\n<p>Alle unsere Mobilheime sind mit einem Fernseher ausgestattet.<\/p>\n<\/details>\n{&#8222;@context&#8220;:&#8220;https:\/\/schema.org&#8220;,&#8220;@type&#8220;:&#8220;FAQPage&#8220;,&#8220;url&#8220;:&#8220;https:\/\/www.campingdes2plages.fr\/camping-vaux-sur-mer\/&#8220;,&#8220;@id&#8220;:&#8220;https:\/\/www.campingdes2plages.fr\/camping-vaux-sur-mer\/&#8220;,&#8220;mainEntity&#8220;:[{&#8222;@type&#8220;:&#8220;Question&#8220;,&#8220;url&#8220;:&#8220;https:\/\/www.campingdes2plages.fr\/camping-vaux-sur-mer\/#est-il-possible-de-choisir-ma-parcelle&#8220;,&#8220;name&#8220;:&#8220;Est-il possible de choisir ma parcelle ?&#8220;,&#8220;answerCount&#8220;:1,&#8220;acceptedAnswer&#8220;:{&#8222;@type&#8220;:&#8220;Answer&#8220;,&#8220;text&#8220;:&#8220;&lt;p&gt;Au moment de votre r\u00e9servation, n\u2019h\u00e9sitez pas \u00e0 nous faire part de vos pr\u00e9f\u00e9rences par \u00e9crit (ombrag\u00e9, ensoleill\u00e9, plus ou moins loin des animations \u2026). Sur place, en fonction de nos disponibilit\u00e9s, nos r\u00e9ceptionnistes pourront vous proposer quelques emplacements.&lt;\/p&gt;&#8220;}},{&#8222;@type&#8220;:&#8220;Question&#8220;,&#8220;url&#8220;:&#8220;https:\/\/www.campingdes2plages.fr\/camping-vaux-sur-mer\/#les-animaux-sont-ils-autorises-dans-le-camping&#8220;,&#8220;name&#8220;:&#8220;Les animaux sont-ils autoris\u00e9s dans le camping ?&#8220;,&#8220;answerCount&#8220;:1,&#8220;acceptedAnswer&#8220;:{&#8222;@type&#8220;:&#8220;Answer&#8220;,&#8220;text&#8220;:&#8220;&lt;p&gt;Nous n\u2019acceptons que les chiens hors cat\u00e9gorie I et II. Tous les chiens doivent \u00eatre tenus en laisse dans l\u2019enceinte du camping et ne pas \u00eatre laiss\u00e9s seuls sur la parcelle ou dans la locatif. Toutes les d\u00e9jections canines doivent \u00eatre ramass\u00e9es L\u2019animal devra \u00eatre tatou\u00e9 et \u00e0 jour dans ses vaccins. Merci de pr\u00e9senter son carnet de sant\u00e9 \u00e0 la r\u00e9ception lors de votre arriv\u00e9e.&lt;\/p&gt;&#8220;}},{&#8222;@type&#8220;:&#8220;Question&#8220;,&#8220;url&#8220;:&#8220;https:\/\/www.campingdes2plages.fr\/camping-vaux-sur-mer\/#comment-puis-je-regler-mon-sejour&#8220;,&#8220;name&#8220;:&#8220;Comment puis-je r\u00e9gler mon s\u00e9jour ?&#8220;,&#8220;answerCount&#8220;:1,&#8220;acceptedAnswer&#8220;:{&#8222;@type&#8220;:&#8220;Answer&#8220;,&#8220;text&#8220;:&#8220;&lt;p&gt;Acompte : au moment de votre r\u00e9servation, un acompte de 30% vous sera demand\u00e9. Il peut \u00eatre r\u00e9gl\u00e9 en esp\u00e8ces, ch\u00e8ques, ch\u00e8ques vacances ou CB. Solde : les r\u00e9servations mobil-homes doivent \u00eatre sold\u00e9es au plus tard le jour de votre arriv\u00e9e (paiement idem acompte). Les emplacements peuvent \u00eatre sold\u00e9s le jour de votre arriv\u00e9e en esp\u00e8ces, ch\u00e8ques vacances ou CB .&lt;\/p&gt;&#8220;}},{&#8222;@type&#8220;:&#8220;Question&#8220;,&#8220;url&#8220;:&#8220;https:\/\/www.campingdes2plages.fr\/camping-vaux-sur-mer\/#faut-il-apporter-ses-draps&#8220;,&#8220;name&#8220;:&#8220;Faut-il apporter ses draps ?&#8220;,&#8220;answerCount&#8220;:1,&#8220;acceptedAnswer&#8220;:{&#8222;@type&#8220;:&#8220;Answer&#8220;,&#8220;text&#8220;:&#8220;&lt;p&gt;Les draps sont fournis dans tous les mobil home, il existe une option s\u2019\u00e9levant \u00e0 20\u20ac pour que les lits soient fait avant votre arriv\u00e9e. Sans option dans notre gamme de location prestige 2 chambres.&lt;\/p&gt;&#8220;}},{&#8222;@type&#8220;:&#8220;Question&#8220;,&#8220;url&#8220;:&#8220;https:\/\/www.campingdes2plages.fr\/camping-vaux-sur-mer\/#est-ce-quil-y-la-television-dans-les-locations&#8220;,&#8220;name&#8220;:&#8220;Est-ce qu\u2019il y la t\u00e9l\u00e9vision dans les locations ?&#8220;,&#8220;answerCount&#8220;:1,&#8220;acceptedAnswer&#8220;:{&#8222;@type&#8220;:&#8220;Answer&#8220;,&#8220;text&#8220;:&#8220;&lt;p&gt;Tous nos mobil home sont \u00e9quip\u00e9s de t\u00e9l\u00e9viseur.&lt;\/p&gt;&#8220;}}]}<\/div>\n<\/div>\n<\/div>\n<\/div>\n\n<div class=\"wp-block-group gt_contain-slider_003 has-custom-color-1-background-color has-background has-global-padding is-layout-constrained wp-container-core-group-is-layout-9d592914 wp-block-group-is-layout-constrained\" style=\"margin-top:0px;margin-bottom:0px;padding-top:0rem;padding-right:0px;padding-bottom:4rem;padding-left:0px\">\n<figure class=\"wp-block-image size-full background-image wp-duotone-ffffff-ffffff-13\"><img decoding=\"async\" width=\"615\" height=\"622\" src=\"https:\/\/www.campingdes2plages.fr\/wp-content\/uploads\/2025\/11\/dessin-coquillages-fond.webp\" alt=\"Zeichnung Muscheln Hintergrund\" class=\"wp-image-297\" style=\"aspect-ratio:1;object-fit:contain\" srcset=\"https:\/\/www.campingdes2plages.fr\/wp-content\/uploads\/2025\/11\/dessin-coquillages-fond.webp 615w, https:\/\/www.campingdes2plages.fr\/wp-content\/uploads\/2025\/11\/dessin-coquillages-fond-297x300.webp 297w\" sizes=\"(max-width: 615px) 100vw, 615px\" \/><\/figure>\n\n\n\n<figure class=\"wp-block-image aligncenter size-large\" style=\"margin-top:0px;margin-bottom:4rem\"><img decoding=\"async\" width=\"22\" height=\"122\" src=\"https:\/\/www.campingdes2plages.fr\/wp-content\/uploads\/2025\/11\/ligne-verticale-et-point-beige.svg\" alt=\"vertikale Linie und beiger Punkt\" class=\"wp-image-334\" style=\"object-fit:contain\" \/><\/figure>\n\n\n\n<div class=\"wp-block-group is-content-justification-center is-nowrap is-layout-flex wp-container-core-group-is-layout-06d12f70 wp-block-group-is-layout-flex\">\n<figure class=\"wp-block-image size-full is-resized\"><img decoding=\"async\" width=\"21\" height=\"21\" src=\"https:\/\/www.campingdes2plages.fr\/wp-content\/uploads\/2025\/11\/etoile-custom-beige.svg\" alt=\"Stern Custom beige\" class=\"wp-image-223\" style=\"object-fit:contain;width:21px;height:21px\" \/><\/figure>\n\n\n\n<p class=\"has-custom-color-4-color has-text-color has-link-color wp-elements-805a32b471f6db19e0783949d7e1fda8\" style=\"font-size:clamp(0.875rem, 0.875rem + ((1vw - 0.2rem) * 0.525), 1.19rem);font-style:normal;font-weight:400;text-transform:uppercase\">TOURISMUS<\/p>\n<\/div>\n\n\n\n<p class=\"has-text-align-center has-custom-color-3-color has-text-color has-link-color has-calming-font-family wp-elements-4ee34bca5bc2cd0757c8d2c7c91c6ef2\" style=\"font-size:clamp(2.423rem, 2.423rem + ((1vw - 0.2rem) * 3.483), 4.513rem);line-height:1;text-transform:uppercase\">erkunden Sie Vaux-sur-Mer<\/p>\n\n\n\n<div class=\"wp-block-group content has-global-padding is-layout-constrained wp-container-core-group-is-layout-41a96ae6 wp-block-group-is-layout-constrained\" style=\"margin-top:0px;margin-bottom:0px;padding-top:4rem;padding-right:10rem;padding-left:10rem\">\n<h2 class=\"wp-block-heading has-text-align-center has-custom-color-3-color has-text-color has-link-color wp-elements-82d2274c2ebba498b87a7731a8b29883\">In der Umgebung von Vaux-sur-Mer in der Charente-Maritime<\/h2>\n\n\n\n<p class=\"has-text-align-center has-custom-color-3-color has-text-color has-link-color wp-elements-5cda4334fc32b763762cd64c3b39710d\" style=\"margin-bottom:var(--wp--preset--spacing--20)\"><strong>Musikliebhaber<\/strong> sollten das Festi&#8217;Vaux-sur-Mer nicht verpassen, ein musikalisches Ereignis, das man nicht verpassen sollte. Bei diesem v\u00f6llig kostenlosen Festival treten jeden Sommer mehrere bekannte K\u00fcnstler auf.<br \/>Um <strong>das lokale Kunsthandwerk zu entdecken<\/strong>, besuchen Sie den Nachtmarkt auf der Promenade von Nauzan.<br \/>Royan liegt in der N\u00e4he des Campingplatzes Les 2 Plages und ist eine Stadt, die Sie unbedingt besuchen sollten. Dieser lebhafte Badeort hat alles zu bieten, was das Herz begehrt, darunter einen historischen Leuchtturm, einen langen Sandstrand, ein Museum und einen exotischen Tierpark.  <\/p>\n\n\n\n<p class=\"has-text-align-center has-custom-color-3-color has-text-color has-link-color wp-elements-6bd8f68b3dea6451349067ff8a5b7975\" style=\"margin-bottom:4rem\">Vom <strong>Campingplatz in Vaux-sur-Mer<\/strong> aus k\u00f6nnen Sie mit Ihrer Familie einen Tag im Zoo von La Palmyre verbringen, Mornac-sur-Seudre, eines der sch\u00f6nsten D\u00f6rfer Frankreichs, besuchen, die H\u00f6hlen von Meschers-sur-Gironde erkunden und das <strong>ber\u00fchmte Fort Boyard<\/strong> bestaunen. Die Insel Ol\u00e9ron ist weniger als 40 Minuten mit dem Auto vom Campingplatz entfernt. Weiter in Richtung Norden f\u00fchrt Sie Ihr Weg zur Ile de R\u00e9 und La Rochelle. Haben Sie Lust auf einen lustigen Tag mit Ihren Kindern? Das <strong>Futuroscope<\/strong> in Poitou-Charente ist weniger als 2 Stunden vom Campingplatz Les 2 Plages entfernt.    <\/p>\n<\/div>\n\n\n\n<div class=\"wp-block-group slider has-global-padding is-layout-constrained wp-container-core-group-is-layout-97dffa1e wp-block-group-is-layout-constrained\" style=\"margin-top:6rem;margin-bottom:0px\">\n<figure class=\"wp-block-image size-large arrow-slider-prev\"><img decoding=\"async\" width=\"87\" height=\"11\" src=\"https:\/\/www.campingdes2plages.fr\/wp-content\/uploads\/2025\/11\/fleche-longue-gauche-beige.svg\" alt=\"Langpfeil links beige\" class=\"wp-image-351\" \/><\/figure>\n\n\n\n<figure class=\"wp-block-image size-large arrow-slider-next\"><img decoding=\"async\" width=\"87\" height=\"11\" src=\"https:\/\/www.campingdes2plages.fr\/wp-content\/uploads\/2025\/11\/fleche-longue-droite-beige.svg\" alt=\"Langpfeil gerade beige\" class=\"wp-image-347\" \/><\/figure>\n\n\n\n<div data-swiper=\"{&quot;speed&quot;:400,&quot;spaceBetween&quot;:16,&quot;slidesPerView&quot;:3.5,&quot;createElements&quot;:true,&quot;loop&quot;:false,&quot;freemode&quot;:true,&quot;navigation&quot;:{&quot;nextEl&quot;:&quot;.gt_contain-slider_003 .arrow-slider-next&quot;,&quot;prevEl&quot;:&quot;.gt_contain-slider_003 .arrow-slider-prev&quot;},&quot;pagination&quot;:{&quot;el&quot;:&quot;.swiper-pagination&quot;,&quot;dynamicBullets&quot;:true},&quot;breakpoints&quot;:{&quot;0&quot;:{&quot;slidesPerView&quot;:1},&quot;768&quot;:{&quot;slidesPerView&quot;:2},&quot;1024&quot;:{&quot;slidesPerView&quot;:2.5},&quot;1025&quot;:{&quot;slidesPerView&quot;:3.5}},&quot;autoplay&quot;:{&quot;delay&quot;:3000}}\" class=\"wp-block-group gt-is-slider gt-is-slider-desktop has-global-padding is-layout-constrained wp-container-core-group-is-layout-d6554d75 wp-block-group-is-layout-constrained\" style=\"margin-top:0px;margin-bottom:0px\"><a href=\"https:\/\/www.campingdes2plages.fr\/camping-luxe-royan\/\"    class=\"wp-block-tiptip-hyperlink-group-block\" >\n<div data-swiper=\"{&quot;speed&quot;:1000,&quot;autoplay&quot;:{&quot;delay&quot;:5000,&quot;disableOnInteraction&quot;:false},&quot;spaceBetween&quot;:0,&quot;slidesPerView&quot;:1,&quot;pagination&quot;:{&quot;el&quot;:&quot;.swiper-pagination&quot;,&quot;dynamicBullets&quot;:true,&quot;clickable&quot;:true,&quot;type&quot;:&quot;bullets&quot;},&quot;navigation&quot;:{&quot;nextEl&quot;:&quot;.swiper-button-next&quot;,&quot;prevEl&quot;:&quot;.swiper-button-prev&quot;},&quot;breakpoints&quot;:[{&quot;slidesPerView&quot;:1}]}\" class=\"wp-block-cover\" style=\"border-radius:15px\"><img decoding=\"async\" width=\"1920\" height=\"1280\" class=\"wp-block-cover__image-background wp-image-2931 size-full\" alt=\"camping luxe royan\" src=\"https:\/\/www.campingdes2plages.fr\/wp-content\/uploads\/2026\/01\/camping-luxe-royan.jpg\" data-object-fit=\"cover\" srcset=\"https:\/\/www.campingdes2plages.fr\/wp-content\/uploads\/2026\/01\/camping-luxe-royan.jpg 1920w, https:\/\/www.campingdes2plages.fr\/wp-content\/uploads\/2026\/01\/camping-luxe-royan-300x200.jpg 300w, https:\/\/www.campingdes2plages.fr\/wp-content\/uploads\/2026\/01\/camping-luxe-royan-1024x683.jpg 1024w, https:\/\/www.campingdes2plages.fr\/wp-content\/uploads\/2026\/01\/camping-luxe-royan-768x512.jpg 768w, https:\/\/www.campingdes2plages.fr\/wp-content\/uploads\/2026\/01\/camping-luxe-royan-1536x1024.jpg 1536w\" sizes=\"(max-width: 1920px) 100vw, 1920px\" \/><span aria-hidden=\"true\" class=\"wp-block-cover__background has-background-dim-60 has-background-dim wp-block-cover__gradient-background has-background-gradient\" style=\"background:linear-gradient(0deg,rgb(0,0,0) 0%,rgba(255,255,255,0) 100%)\"><\/span><div class=\"wp-block-cover__inner-container has-global-padding is-layout-constrained wp-container-core-cover-is-layout-12243e0f wp-block-cover-is-layout-constrained\">\n<div class=\"wp-block-group has-global-padding is-layout-constrained wp-block-group-is-layout-constrained\">\n<div class=\"wp-block-group icon has-custom-color-4-background-color has-background has-global-padding is-layout-constrained wp-container-core-group-is-layout-12243e0f wp-block-group-is-layout-constrained\" style=\"border-radius:7px\">\n<figure class=\"wp-block-image size-full is-resized wp-duotone-ffebb3-ffebb3-15\"><img decoding=\"async\" width=\"21\" height=\"21\" src=\"https:\/\/www.campingdes2plages.fr\/wp-content\/uploads\/2025\/11\/etoile-custom-beige.svg\" alt=\"Stern Custom beige\" class=\"wp-image-223\" style=\"object-fit:contain;width:26px;height:26px\" \/><\/figure>\n<\/div>\n<\/div>\n\n\n\n<p class=\"has-text-align-center has-base-2-color has-text-color has-link-color has-sosro-font-family wp-elements-9ecbed4e7c72b66726065589fe1ab7a7\" style=\"font-size:clamp(2.089rem, 2.089rem + ((1vw - 0.2rem) * 2.768), 3.75rem);line-height:1\">Luxus-Campingplatz<\/p>\n<\/div><\/div>\n<\/a>\n\n<a href=\"https:\/\/www.campingdes2plages.fr\/activites-charente-maritime\/zoo-de-la-palmyre\/\"    class=\"wp-block-tiptip-hyperlink-group-block\" >\n<div data-swiper=\"{&quot;speed&quot;:1000,&quot;autoplay&quot;:{&quot;delay&quot;:5000,&quot;disableOnInteraction&quot;:false},&quot;spaceBetween&quot;:0,&quot;slidesPerView&quot;:1,&quot;pagination&quot;:{&quot;el&quot;:&quot;.swiper-pagination&quot;,&quot;dynamicBullets&quot;:true,&quot;clickable&quot;:true,&quot;type&quot;:&quot;bullets&quot;},&quot;navigation&quot;:{&quot;nextEl&quot;:&quot;.swiper-button-next&quot;,&quot;prevEl&quot;:&quot;.swiper-button-prev&quot;},&quot;breakpoints&quot;:[{&quot;slidesPerView&quot;:1}]}\" class=\"wp-block-cover\" style=\"border-radius:15px\"><img decoding=\"async\" width=\"1920\" height=\"1280\" class=\"wp-block-cover__image-background wp-image-2143 size-full\" alt=\"visite zoo enfant palmyre\" src=\"https:\/\/www.campingdes2plages.fr\/wp-content\/uploads\/2026\/01\/visite-zoo-enfant-palmyre.jpg\" data-object-fit=\"cover\" srcset=\"https:\/\/www.campingdes2plages.fr\/wp-content\/uploads\/2026\/01\/visite-zoo-enfant-palmyre.jpg 1920w, https:\/\/www.campingdes2plages.fr\/wp-content\/uploads\/2026\/01\/visite-zoo-enfant-palmyre-300x200.jpg 300w, https:\/\/www.campingdes2plages.fr\/wp-content\/uploads\/2026\/01\/visite-zoo-enfant-palmyre-1024x683.jpg 1024w, https:\/\/www.campingdes2plages.fr\/wp-content\/uploads\/2026\/01\/visite-zoo-enfant-palmyre-768x512.jpg 768w, https:\/\/www.campingdes2plages.fr\/wp-content\/uploads\/2026\/01\/visite-zoo-enfant-palmyre-1536x1024.jpg 1536w\" sizes=\"(max-width: 1920px) 100vw, 1920px\" \/><span aria-hidden=\"true\" class=\"wp-block-cover__background has-background-dim-60 has-background-dim wp-block-cover__gradient-background has-background-gradient\" style=\"background:linear-gradient(0deg,rgb(0,0,0) 0%,rgba(255,255,255,0) 100%)\"><\/span><div class=\"wp-block-cover__inner-container has-global-padding is-layout-constrained wp-container-core-cover-is-layout-12243e0f wp-block-cover-is-layout-constrained\">\n<div class=\"wp-block-group has-global-padding is-layout-constrained wp-block-group-is-layout-constrained\">\n<div class=\"wp-block-group icon has-custom-color-4-background-color has-background has-global-padding is-layout-constrained wp-container-core-group-is-layout-12243e0f wp-block-group-is-layout-constrained\" style=\"border-radius:7px\">\n<figure class=\"wp-block-image size-full is-resized wp-duotone-ffebb3-ffebb3-17\"><img decoding=\"async\" width=\"21\" height=\"21\" src=\"https:\/\/www.campingdes2plages.fr\/wp-content\/uploads\/2025\/11\/etoile-custom-beige.svg\" alt=\"Stern Custom beige\" class=\"wp-image-223\" style=\"object-fit:contain;width:26px;height:26px\" \/><\/figure>\n<\/div>\n<\/div>\n\n\n\n<p class=\"has-text-align-center has-base-2-color has-text-color has-link-color has-sosro-font-family wp-elements-73a16ffff540fcf60749c4ee167b9727\" style=\"font-size:clamp(2.089rem, 2.089rem + ((1vw - 0.2rem) * 2.768), 3.75rem);line-height:1\">Zoo von La Palmyre<\/p>\n<\/div><\/div>\n<\/a>\n\n<a href=\"https:\/\/www.campingdes2plages.fr\/camping-royan\/\"    class=\"wp-block-tiptip-hyperlink-group-block\" >\n<div data-swiper=\"{&quot;speed&quot;:1000,&quot;autoplay&quot;:{&quot;delay&quot;:5000,&quot;disableOnInteraction&quot;:false},&quot;spaceBetween&quot;:0,&quot;slidesPerView&quot;:1,&quot;pagination&quot;:{&quot;el&quot;:&quot;.swiper-pagination&quot;,&quot;dynamicBullets&quot;:true,&quot;clickable&quot;:true,&quot;type&quot;:&quot;bullets&quot;},&quot;navigation&quot;:{&quot;nextEl&quot;:&quot;.swiper-button-next&quot;,&quot;prevEl&quot;:&quot;.swiper-button-prev&quot;},&quot;breakpoints&quot;:[{&quot;slidesPerView&quot;:1}]}\" class=\"wp-block-cover\" style=\"border-radius:15px\"><img decoding=\"async\" width=\"1920\" height=\"1038\" class=\"wp-block-cover__image-background wp-image-2566 size-full\" alt=\"royan\" src=\"https:\/\/www.campingdes2plages.fr\/wp-content\/uploads\/2026\/01\/royan.jpg\" data-object-fit=\"cover\" srcset=\"https:\/\/www.campingdes2plages.fr\/wp-content\/uploads\/2026\/01\/royan.jpg 1920w, https:\/\/www.campingdes2plages.fr\/wp-content\/uploads\/2026\/01\/royan-300x162.jpg 300w, https:\/\/www.campingdes2plages.fr\/wp-content\/uploads\/2026\/01\/royan-1024x554.jpg 1024w, https:\/\/www.campingdes2plages.fr\/wp-content\/uploads\/2026\/01\/royan-768x415.jpg 768w, https:\/\/www.campingdes2plages.fr\/wp-content\/uploads\/2026\/01\/royan-1536x830.jpg 1536w\" sizes=\"(max-width: 1920px) 100vw, 1920px\" \/><span aria-hidden=\"true\" class=\"wp-block-cover__background has-background-dim-60 has-background-dim wp-block-cover__gradient-background has-background-gradient\" style=\"background:linear-gradient(0deg,rgb(0,0,0) 0%,rgba(255,255,255,0) 100%)\"><\/span><div class=\"wp-block-cover__inner-container has-global-padding is-layout-constrained wp-container-core-cover-is-layout-12243e0f wp-block-cover-is-layout-constrained\">\n<div class=\"wp-block-group has-global-padding is-layout-constrained wp-block-group-is-layout-constrained\">\n<div class=\"wp-block-group icon has-custom-color-4-background-color has-background has-global-padding is-layout-constrained wp-container-core-group-is-layout-12243e0f wp-block-group-is-layout-constrained\" style=\"border-radius:7px\">\n<figure class=\"wp-block-image size-full is-resized wp-duotone-ffebb3-ffebb3-19\"><img decoding=\"async\" width=\"21\" height=\"21\" src=\"https:\/\/www.campingdes2plages.fr\/wp-content\/uploads\/2025\/11\/etoile-custom-beige.svg\" alt=\"Stern Custom beige\" class=\"wp-image-223\" style=\"object-fit:contain;width:26px;height:26px\" \/><\/figure>\n<\/div>\n<\/div>\n\n\n\n<p class=\"has-text-align-center has-base-2-color has-text-color has-link-color has-sosro-font-family wp-elements-a922ed4f7e93c3cef3e7743b97583551\" style=\"font-size:clamp(2.089rem, 2.089rem + ((1vw - 0.2rem) * 2.768), 3.75rem);line-height:1\">Campingplatz Royan<\/p>\n<\/div><\/div>\n<\/a>\n\n<a href=\"https:\/\/www.campingdes2plages.fr\/camping-la-palmyre\/\"    class=\"wp-block-tiptip-hyperlink-group-block\" >\n<div data-swiper=\"{&quot;speed&quot;:1000,&quot;autoplay&quot;:{&quot;delay&quot;:5000,&quot;disableOnInteraction&quot;:false},&quot;spaceBetween&quot;:0,&quot;slidesPerView&quot;:1,&quot;pagination&quot;:{&quot;el&quot;:&quot;.swiper-pagination&quot;,&quot;dynamicBullets&quot;:true,&quot;clickable&quot;:true,&quot;type&quot;:&quot;bullets&quot;},&quot;navigation&quot;:{&quot;nextEl&quot;:&quot;.swiper-button-next&quot;,&quot;prevEl&quot;:&quot;.swiper-button-prev&quot;},&quot;breakpoints&quot;:[{&quot;slidesPerView&quot;:1}]}\" class=\"wp-block-cover\" style=\"border-radius:15px\"><img decoding=\"async\" width=\"1920\" height=\"1280\" class=\"wp-block-cover__image-background wp-image-3796 size-full\" alt=\"qualite tourisme camping des 2 plages\" src=\"https:\/\/www.campingdes2plages.fr\/wp-content\/uploads\/2026\/01\/qualite-tourisme-camping-des-2-plages.jpg\" data-object-fit=\"cover\" srcset=\"https:\/\/www.campingdes2plages.fr\/wp-content\/uploads\/2026\/01\/qualite-tourisme-camping-des-2-plages.jpg 1920w, https:\/\/www.campingdes2plages.fr\/wp-content\/uploads\/2026\/01\/qualite-tourisme-camping-des-2-plages-300x200.jpg 300w, https:\/\/www.campingdes2plages.fr\/wp-content\/uploads\/2026\/01\/qualite-tourisme-camping-des-2-plages-1024x683.jpg 1024w, https:\/\/www.campingdes2plages.fr\/wp-content\/uploads\/2026\/01\/qualite-tourisme-camping-des-2-plages-768x512.jpg 768w, https:\/\/www.campingdes2plages.fr\/wp-content\/uploads\/2026\/01\/qualite-tourisme-camping-des-2-plages-1536x1024.jpg 1536w\" sizes=\"(max-width: 1920px) 100vw, 1920px\" \/><span aria-hidden=\"true\" class=\"wp-block-cover__background has-background-dim-60 has-background-dim wp-block-cover__gradient-background has-background-gradient\" style=\"background:linear-gradient(0deg,rgb(0,0,0) 0%,rgba(255,255,255,0) 100%)\"><\/span><div class=\"wp-block-cover__inner-container has-global-padding is-layout-constrained wp-container-core-cover-is-layout-12243e0f wp-block-cover-is-layout-constrained\">\n<div class=\"wp-block-group has-global-padding is-layout-constrained wp-block-group-is-layout-constrained\">\n<div class=\"wp-block-group icon has-custom-color-4-background-color has-background has-global-padding is-layout-constrained wp-container-core-group-is-layout-12243e0f wp-block-group-is-layout-constrained\" style=\"border-radius:7px\">\n<figure class=\"wp-block-image size-full is-resized wp-duotone-ffebb3-ffebb3-21\"><img decoding=\"async\" width=\"21\" height=\"21\" src=\"https:\/\/www.campingdes2plages.fr\/wp-content\/uploads\/2025\/11\/etoile-custom-beige.svg\" alt=\"Stern Custom beige\" class=\"wp-image-223\" style=\"object-fit:contain;width:26px;height:26px\" \/><\/figure>\n<\/div>\n<\/div>\n\n\n\n<p class=\"has-text-align-center has-base-2-color has-text-color has-link-color has-sosro-font-family wp-elements-bf010a35282a45a914c42457e851eda5\" style=\"font-size:clamp(2.089rem, 2.089rem + ((1vw - 0.2rem) * 2.768), 3.75rem);line-height:1\">Campingplatz La Palmyre<\/p>\n<\/div><\/div>\n<\/a><\/div>\n<\/div>\n<\/div>\n\n<div class=\"wp-block-group section-simple has-global-padding is-layout-constrained wp-container-core-group-is-layout-0f40a730 wp-block-group-is-layout-constrained\" style=\"margin-top:0px;margin-bottom:0px;padding-top:8rem;padding-right:10rem;padding-bottom:0rem;padding-left:10rem\">\n<div class=\"wp-block-columns are-vertically-aligned-center is-layout-flex wp-container-core-columns-is-layout-b23a18ed wp-block-columns-is-layout-flex\">\n<div class=\"wp-block-column is-vertically-aligned-center is-layout-flow wp-block-column-is-layout-flow\">\n<h3 class=\"wp-block-heading\" style=\"font-size:clamp(1.039rem, 1.039rem + ((1vw - 0.2rem) * 0.935), 1.6rem);\">Kontaktieren Sie den Campingplatz Les 2 plages<\/h3>\n\n\n<\/div>\n\n\n\n<div class=\"wp-block-column is-vertically-aligned-center is-layout-flow wp-block-column-is-layout-flow\">\n<h2 class=\"wp-block-heading\">Haben Sie noch weitere Fragen?<\/h2>\n\n\n\n<p><strong>\u00d6ffnungszeiten:<\/strong> <br \/>Vom 01.04. bis 30.09.<\/p>\n\n\n\n<p><strong>Adresse:<\/strong> <br \/>41 Avenue des acacias <br \/>17120 Saint-Palais-Sur-mer<\/p>\n\n\n\n<p><strong>Kontakte:<\/strong> <br \/>05 46 23 11 42 <br \/>contact@campingdes2plages.fr <br \/>\u00fcber das Formular<\/p>\n<\/div>\n<\/div>\n<\/div>\n\n<div class=\"wp-block-group section-avis has-global-padding is-layout-constrained wp-container-core-group-is-layout-0c801377 wp-block-group-is-layout-constrained\" style=\"margin-top:0px;margin-bottom:0px;padding-top:var(--wp--preset--spacing--40);padding-right:10rem;padding-bottom:var(--wp--preset--spacing--40);padding-left:10rem\">\n<div class=\"wp-block-group has-global-padding is-layout-constrained wp-container-core-group-is-layout-994ea780 wp-block-group-is-layout-constrained\" style=\"margin-top:0px;margin-bottom:0px;padding-top:3rem;padding-right:3rem;padding-bottom:3rem;padding-left:3rem\">\n<div class=\"wp-block-group is-content-justification-center is-nowrap is-layout-flex wp-container-core-group-is-layout-06d12f70 wp-block-group-is-layout-flex\">\n<figure class=\"wp-block-image size-full is-resized\"><img decoding=\"async\" width=\"21\" height=\"21\" src=\"https:\/\/www.campingdes2plages.fr\/wp-content\/uploads\/2025\/11\/etoile-custom-beige.svg\" alt=\"Stern Custom beige\" class=\"wp-image-223\" style=\"object-fit:contain;width:21px;height:21px\" \/><\/figure>\n\n\n\n<p class=\"has-custom-color-4-color has-text-color has-link-color wp-elements-5c83483aafc82ef1714a80487478b2c0\" style=\"font-size:clamp(0.875rem, 0.875rem + ((1vw - 0.2rem) * 0.525), 1.19rem);font-style:normal;font-weight:400;text-transform:uppercase\">Kundenmeinungen<\/p>\n<\/div>\n\n\n\n<p class=\"has-text-align-center has-custom-color-1-color has-text-color has-link-color has-calming-font-family wp-elements-72bb84e1482af990cb5eb365b9fada4d\" style=\"font-size:clamp(2.766rem, 2.766rem + ((1vw - 0.2rem) * 4.273), 5.33rem);line-height:1;text-transform:uppercase\">Meinungen \u00fcber den Campingplatz<\/p>\n\n\n\n<figure class=\"wp-block-image aligncenter size-large\"><img decoding=\"async\" width=\"264\" height=\"22\" src=\"https:\/\/www.campingdes2plages.fr\/wp-content\/uploads\/2025\/11\/ligne-horizontale-et-point-beige.svg\" alt=\"horizontale Linie und beiger Punkt\" class=\"wp-image-377\" \/><\/figure>\n\n\n<pre class=\"ti-widget\"><template id=\"trustindex-google-widget-html\"><div class=\" ti-widget  ti-goog ti-no-profile-img ti-review-text-mode-readmore ti-text-align-left\" data-no-translation=\"true\" data-time-locale=\"il y a %d %s|aujourd'hui|jour|jours|semaine|semaines|mois|mois|ann\u00e9e|ans\" data-plugin-version=\"13.2.7\" data-layout-id=\"4\" data-layout-category=\"slider\" data-set-id=\"soft\" data-pid=\"\" data-language=\"fr\" data-close-locale=\"Fermer\" data-review-target-width=\"300\" data-css-version=\"2\" data-reply-by-locale=\"R\u00e9ponse du propri\u00e9taire\" data-only-rating-locale=\"Cet utilisateur a uniquement laiss\u00e9 une \u00e9valuation.\" data-pager-autoplay-timeout=\"6\"> <div class=\"ti-widget-container ti-col-3\"> <div class=\"ti-reviews-container\"> <div class=\"ti-controls\"> <div class=\"ti-next\" aria-label=\"Avis suivante\" role=\"button\" tabindex=\"0\"><\/div> <div class=\"ti-prev\" aria-label=\"Avis pr\u00e9c\u00e9dent\" role=\"button\" tabindex=\"0\"><\/div> <\/div> <div class=\"ti-reviews-container-wrapper\">  <div data-empty=\"0\" data-time=\"1763856000\" class=\"ti-review-item source-Google ti-image-layout-thumbnail\" data-id=\"cfcd208495d565ef66e7dff9f98764da\"> <div class=\"ti-inner\"> <div class=\"ti-review-header\"> <div class=\"ti-platform-icon ti-with-tooltip\"> <span class=\"ti-tooltip\">Publi\u00e9 sur <\/span> <trustindex-image data-imgurl=\"https:\/\/cdn.trustindex.io\/assets\/platform\/Google\/icon.svg\" alt=\"\" width=\"20\" height=\"20\" loading=\"lazy\"><\/trustindex-image> <\/div>  <div class=\"ti-profile-details\"> <div class=\"ti-name\"> P Rulliere <\/div> <div class=\"ti-date\"><\/div> <\/div> <\/div> <span class=\"ti-stars\"><trustindex-image class=\"ti-star\" data-imgurl=\"https:\/\/cdn.trustindex.io\/assets\/platform\/Google\/star\/f.svg\" alt=\"Google\" width=\"17\" height=\"17\" loading=\"lazy\"><\/trustindex-image><trustindex-image class=\"ti-star\" data-imgurl=\"https:\/\/cdn.trustindex.io\/assets\/platform\/Google\/star\/f.svg\" alt=\"Google\" width=\"17\" height=\"17\" loading=\"lazy\"><\/trustindex-image><trustindex-image class=\"ti-star\" data-imgurl=\"https:\/\/cdn.trustindex.io\/assets\/platform\/Google\/star\/f.svg\" alt=\"Google\" width=\"17\" height=\"17\" loading=\"lazy\"><\/trustindex-image><trustindex-image class=\"ti-star\" data-imgurl=\"https:\/\/cdn.trustindex.io\/assets\/platform\/Google\/star\/f.svg\" alt=\"Google\" width=\"17\" height=\"17\" loading=\"lazy\"><\/trustindex-image><trustindex-image class=\"ti-star\" data-imgurl=\"https:\/\/cdn.trustindex.io\/assets\/platform\/Google\/star\/f.svg\" alt=\"Google\" width=\"17\" height=\"17\" loading=\"lazy\"><\/trustindex-image><span class=\"ti-verified-review ti-verified-platform\"><span class=\"ti-verified-tooltip\">Trustindex v\u00e9rifie que la source originale de l'avis est Google.<\/span><\/span><\/span> <div class=\"ti-review-text-container ti-review-content\"><!-- R-CONTENT -->tr\u00e8s agr\u00e9able s\u00e9jour fin septembre .endroit calme\net personnes agr\u00e9ables. nous reviendrons<!-- R-CONTENT --><\/div> <span class=\"ti-read-more\" data-container=\".ti-review-content\" data-collapse-text=\"Cacher\" data-open-text=\"Lire la suite\"><\/span> <\/div> <\/div>  <div data-empty=\"0\" data-time=\"1763510400\" class=\"ti-review-item source-Google ti-image-layout-thumbnail\" data-id=\"cfcd208495d565ef66e7dff9f98764da\"> <div class=\"ti-inner\"> <div class=\"ti-review-header\"> <div class=\"ti-platform-icon ti-with-tooltip\"> <span class=\"ti-tooltip\">Publi\u00e9 sur <\/span> <trustindex-image data-imgurl=\"https:\/\/cdn.trustindex.io\/assets\/platform\/Google\/icon.svg\" alt=\"\" width=\"20\" height=\"20\" loading=\"lazy\"><\/trustindex-image> <\/div>  <div class=\"ti-profile-details\"> <div class=\"ti-name\"> D Catherine <\/div> <div class=\"ti-date\"><\/div> <\/div> <\/div> <span class=\"ti-stars\"><trustindex-image class=\"ti-star\" data-imgurl=\"https:\/\/cdn.trustindex.io\/assets\/platform\/Google\/star\/f.svg\" alt=\"Google\" width=\"17\" height=\"17\" loading=\"lazy\"><\/trustindex-image><trustindex-image class=\"ti-star\" data-imgurl=\"https:\/\/cdn.trustindex.io\/assets\/platform\/Google\/star\/f.svg\" alt=\"Google\" width=\"17\" height=\"17\" loading=\"lazy\"><\/trustindex-image><trustindex-image class=\"ti-star\" data-imgurl=\"https:\/\/cdn.trustindex.io\/assets\/platform\/Google\/star\/f.svg\" alt=\"Google\" width=\"17\" height=\"17\" loading=\"lazy\"><\/trustindex-image><trustindex-image class=\"ti-star\" data-imgurl=\"https:\/\/cdn.trustindex.io\/assets\/platform\/Google\/star\/f.svg\" alt=\"Google\" width=\"17\" height=\"17\" loading=\"lazy\"><\/trustindex-image><trustindex-image class=\"ti-star\" data-imgurl=\"https:\/\/cdn.trustindex.io\/assets\/platform\/Google\/star\/f.svg\" alt=\"Google\" width=\"17\" height=\"17\" loading=\"lazy\"><\/trustindex-image><span class=\"ti-verified-review ti-verified-platform\"><span class=\"ti-verified-tooltip\">Trustindex v\u00e9rifie que la source originale de l'avis est Google.<\/span><\/span><\/span> <div class=\"ti-review-text-container ti-review-content\"><!-- R-CONTENT -->Plusieurs s\u00e9jours nous ont permis de d\u00e9couvrir et surtout d \u00eatre s\u00e9duits par ce superbe camping et surtout par toute l \u00c9quipe. La Direction familiale  et les employ\u00e9s nous ont apport\u00e9 r\u00e9activit\u00e9 efficacit\u00e9 et un service \u00e0 l \u00e9coute. Quel que soit votre probl\u00e8me ils trouveront une solution.\nLe camping est con\u00e7u pour le respect des parents des enfants et des seniors.\nL h\u00e9bergement est au top et surtout tr\u00e8s propre. Excellent rapport qualit\u00e9 prix. 5 \u00e9toiles pour la situation g\u00e9ographique et l espace aquatique et la propret\u00e9<!-- R-CONTENT --><\/div> <span class=\"ti-read-more\" data-container=\".ti-review-content\" data-collapse-text=\"Cacher\" data-open-text=\"Lire la suite\"><\/span> <\/div> <\/div>  <div data-empty=\"0\" data-time=\"1763510400\" class=\"ti-review-item source-Google ti-image-layout-thumbnail\" data-id=\"cfcd208495d565ef66e7dff9f98764da\"> <div class=\"ti-inner\"> <div class=\"ti-review-header\"> <div class=\"ti-platform-icon ti-with-tooltip\"> <span class=\"ti-tooltip\">Publi\u00e9 sur <\/span> <trustindex-image data-imgurl=\"https:\/\/cdn.trustindex.io\/assets\/platform\/Google\/icon.svg\" alt=\"\" width=\"20\" height=\"20\" loading=\"lazy\"><\/trustindex-image> <\/div>  <div class=\"ti-profile-details\"> <div class=\"ti-name\"> E FERNANDEZ <\/div> <div class=\"ti-date\"><\/div> <\/div> <\/div> <span class=\"ti-stars\"><trustindex-image class=\"ti-star\" data-imgurl=\"https:\/\/cdn.trustindex.io\/assets\/platform\/Google\/star\/f.svg\" alt=\"Google\" width=\"17\" height=\"17\" loading=\"lazy\"><\/trustindex-image><trustindex-image class=\"ti-star\" data-imgurl=\"https:\/\/cdn.trustindex.io\/assets\/platform\/Google\/star\/f.svg\" alt=\"Google\" width=\"17\" height=\"17\" loading=\"lazy\"><\/trustindex-image><trustindex-image class=\"ti-star\" data-imgurl=\"https:\/\/cdn.trustindex.io\/assets\/platform\/Google\/star\/f.svg\" alt=\"Google\" width=\"17\" height=\"17\" loading=\"lazy\"><\/trustindex-image><trustindex-image class=\"ti-star\" data-imgurl=\"https:\/\/cdn.trustindex.io\/assets\/platform\/Google\/star\/f.svg\" alt=\"Google\" width=\"17\" height=\"17\" loading=\"lazy\"><\/trustindex-image><trustindex-image class=\"ti-star\" data-imgurl=\"https:\/\/cdn.trustindex.io\/assets\/platform\/Google\/star\/f.svg\" alt=\"Google\" width=\"17\" height=\"17\" loading=\"lazy\"><\/trustindex-image><span class=\"ti-verified-review ti-verified-platform\"><span class=\"ti-verified-tooltip\">Trustindex v\u00e9rifie que la source originale de l'avis est Google.<\/span><\/span><\/span> <div class=\"ti-review-text-container ti-review-content\"><!-- R-CONTENT -->Cela fait plusieurs ann\u00e9es que je vais dans ce camping, je m'y sens bien a tout bien de vue. Que vous soyez en famille, entre amis ou seul, le camping des deux plages est juste parfait pour se ressourcer.<!-- R-CONTENT --><\/div> <span class=\"ti-read-more\" data-container=\".ti-review-content\" data-collapse-text=\"Cacher\" data-open-text=\"Lire la suite\"><\/span> <\/div> <\/div>  <div data-empty=\"0\" data-time=\"1757116800\" class=\"ti-review-item source-Google ti-image-layout-thumbnail\" data-id=\"cfcd208495d565ef66e7dff9f98764da\"> <div class=\"ti-inner\"> <div class=\"ti-review-header\"> <div class=\"ti-platform-icon ti-with-tooltip\"> <span class=\"ti-tooltip\">Publi\u00e9 sur <\/span> <trustindex-image data-imgurl=\"https:\/\/cdn.trustindex.io\/assets\/platform\/Google\/icon.svg\" alt=\"\" width=\"20\" height=\"20\" loading=\"lazy\"><\/trustindex-image> <\/div>  <div class=\"ti-profile-details\"> <div class=\"ti-name\"> T Stern <\/div> <div class=\"ti-date\"><\/div> <\/div> <\/div> <span class=\"ti-stars\"><trustindex-image class=\"ti-star\" data-imgurl=\"https:\/\/cdn.trustindex.io\/assets\/platform\/Google\/star\/f.svg\" alt=\"Google\" width=\"17\" height=\"17\" loading=\"lazy\"><\/trustindex-image><trustindex-image class=\"ti-star\" data-imgurl=\"https:\/\/cdn.trustindex.io\/assets\/platform\/Google\/star\/f.svg\" alt=\"Google\" width=\"17\" height=\"17\" loading=\"lazy\"><\/trustindex-image><trustindex-image class=\"ti-star\" data-imgurl=\"https:\/\/cdn.trustindex.io\/assets\/platform\/Google\/star\/f.svg\" alt=\"Google\" width=\"17\" height=\"17\" loading=\"lazy\"><\/trustindex-image><trustindex-image class=\"ti-star\" data-imgurl=\"https:\/\/cdn.trustindex.io\/assets\/platform\/Google\/star\/f.svg\" alt=\"Google\" width=\"17\" height=\"17\" loading=\"lazy\"><\/trustindex-image><trustindex-image class=\"ti-star\" data-imgurl=\"https:\/\/cdn.trustindex.io\/assets\/platform\/Google\/star\/f.svg\" alt=\"Google\" width=\"17\" height=\"17\" loading=\"lazy\"><\/trustindex-image><span class=\"ti-verified-review ti-verified-platform\"><span class=\"ti-verified-tooltip\">Trustindex v\u00e9rifie que la source originale de l'avis est Google.<\/span><\/span><\/span> <div class=\"ti-review-text-container ti-review-content\"><!-- R-CONTENT -->Un camping superbe calme  , animations au top. La brasserie est tr\u00e8s bonne . J'ai trouv\u00e9 mes vacances pour l'ann\u00e9e prochaine qui est au camping des 2 plages \ud83e\udd70\u263a\ufe0f<!-- R-CONTENT --><\/div> <span class=\"ti-read-more\" data-container=\".ti-review-content\" data-collapse-text=\"Cacher\" data-open-text=\"Lire la suite\"><\/span> <\/div> <\/div>  <\/div> <div class=\"ti-controls-line\"> <div class=\"dot\"><\/div> <\/div> <\/div>    <\/div> <\/div> <\/template><\/pre><div data-src=\"https:\/\/cdn.trustindex.io\/loader.js?wp-widget\" data-template-id=\"trustindex-google-widget-html\" data-css-url=\"https:\/\/www.campingdes2plages.fr\/wp-content\/uploads\/trustindex-google-widget.css?1768985821\"><\/div>\n\n\n\n<figure class=\"wp-block-image size-full background-image\"><img decoding=\"async\" width=\"615\" height=\"622\" src=\"https:\/\/www.campingdes2plages.fr\/wp-content\/uploads\/2025\/11\/dessin-coquillages-fond.webp\" alt=\"Zeichnung Muscheln Hintergrund\" class=\"wp-image-297\" srcset=\"https:\/\/www.campingdes2plages.fr\/wp-content\/uploads\/2025\/11\/dessin-coquillages-fond.webp 615w, https:\/\/www.campingdes2plages.fr\/wp-content\/uploads\/2025\/11\/dessin-coquillages-fond-297x300.webp 297w\" sizes=\"(max-width: 615px) 100vw, 615px\" \/><\/figure>\n<\/div>\n<\/div>\n\n<div class=\"wp-block-group section-maillage has-global-padding is-layout-constrained wp-container-core-group-is-layout-b07b1a8a wp-block-group-is-layout-constrained\" style=\"padding-top:0px;padding-right:1rem;padding-bottom:0rem;padding-left:1rem\">\n<div class=\"wp-block-group top has-custom-color-3-background-color has-background has-global-padding is-layout-constrained wp-container-core-group-is-layout-a3553d93 wp-block-group-is-layout-constrained\" style=\"margin-top:0px;margin-bottom:0px;padding-top:4rem;padding-right:4rem;padding-bottom:4rem;padding-left:4rem\">\n<div class=\"wp-block-group is-content-justification-center is-nowrap is-layout-flex wp-container-core-group-is-layout-06d12f70 wp-block-group-is-layout-flex\">\n<figure class=\"wp-block-image size-full is-resized\"><img decoding=\"async\" width=\"21\" height=\"21\" src=\"https:\/\/www.campingdes2plages.fr\/wp-content\/uploads\/2025\/11\/etoile-custom-beige.svg\" alt=\"Stern Custom beige\" class=\"wp-image-223\" style=\"object-fit:contain;width:21px;height:21px\" \/><\/figure>\n\n\n\n<p class=\"has-custom-color-4-color has-text-color has-link-color wp-elements-b476a1788281dfa3efc92b01dbb8e300\" style=\"font-size:clamp(0.875rem, 0.875rem + ((1vw - 0.2rem) * 0.525), 1.19rem);font-style:normal;font-weight:400;text-transform:uppercase\">Entdecken Sie mehr<\/p>\n<\/div>\n\n\n\n<p class=\"has-text-align-center has-custom-color-1-color has-text-color has-link-color has-calming-font-family wp-elements-e7db493d040c28a7324b5fede6d3fa6e\" style=\"font-size:clamp(2.423rem, 2.423rem + ((1vw - 0.2rem) * 3.483), 4.513rem);line-height:1;text-transform:uppercase\">Entdecken Sie unseren Luxus-Campingplatz<\/p>\n\n\n\n<figure class=\"wp-block-image aligncenter size-large\"><img decoding=\"async\" width=\"264\" height=\"22\" src=\"https:\/\/www.campingdes2plages.fr\/wp-content\/uploads\/2025\/11\/ligne-horizontale-et-point-beige.svg\" alt=\"horizontale Linie und beiger Punkt\" class=\"wp-image-377\" \/><\/figure>\n<\/div>\n\n\n\n<figure class=\"wp-block-image size-large arrow-slider-prev\"><img decoding=\"async\" width=\"87\" height=\"11\" src=\"https:\/\/www.campingdes2plages.fr\/wp-content\/uploads\/2025\/11\/fleche-longue-gauche-beige.svg\" alt=\"Langpfeil links beige\" class=\"wp-image-351\" \/><\/figure>\n\n\n\n<figure class=\"wp-block-image size-large arrow-slider-next\"><img decoding=\"async\" width=\"87\" height=\"11\" src=\"https:\/\/www.campingdes2plages.fr\/wp-content\/uploads\/2025\/11\/fleche-longue-droite-beige.svg\" alt=\"Langpfeil gerade beige\" class=\"wp-image-347\" \/><\/figure>\n\n\n\n<div data-swiper=\"{&quot;speed&quot;:400,&quot;spaceBetween&quot;:16,&quot;slidesPerView&quot;:3,&quot;createElements&quot;:true,&quot;loop&quot;:true,&quot;freemode&quot;:true,&quot;navigation&quot;:{&quot;nextEl&quot;:&quot;.section-maillage .arrow-slider-next&quot;,&quot;prevEl&quot;:&quot;.section-maillage .arrow-slider-prev&quot;},&quot;pagination&quot;:{&quot;el&quot;:&quot;.swiper-pagination&quot;,&quot;dynamicBullets&quot;:true},&quot;breakpoints&quot;:{&quot;0&quot;:{&quot;slidesPerView&quot;:1},&quot;768&quot;:{&quot;slidesPerView&quot;:2},&quot;1024&quot;:{&quot;slidesPerView&quot;:2},&quot;1025&quot;:{&quot;slidesPerView&quot;:3}},&quot;autoplay&quot;:{&quot;delay&quot;:3000}}\" data-wp-context=\"{}\" data-wp-interactive=\"core\/query\" data-wp-key=\"1\" data-wp-router-region=\"query-1\" class=\"wp-block-query alignwide gt-fse-maillage-query gt-is-slider gt-is-slider-desktop is-layout-flow wp-block-query-is-layout-flow\"><ul class=\"columns-3 wp-block-post-template is-layout-grid wp-container-core-post-template-is-layout-6d3fbd8f wp-block-post-template-is-layout-grid\"><li data-wp-key=\"post-template-item-4166\" class=\"wp-block-post post-4166 page type-page status-publish has-post-thumbnail hentry\">\n<a href=\"https:\/\/www.campingdes2plages.fr\/de\/mobilheimvermietung-saint-palais-sur-mer\/\"    class=\"wp-block-tiptip-hyperlink-group-block\" >\n<div data-swiper=\"{&quot;speed&quot;:1000,&quot;autoplay&quot;:{&quot;delay&quot;:5000,&quot;disableOnInteraction&quot;:false},&quot;spaceBetween&quot;:0,&quot;slidesPerView&quot;:1,&quot;pagination&quot;:{&quot;el&quot;:&quot;.swiper-pagination&quot;,&quot;dynamicBullets&quot;:true,&quot;clickable&quot;:true,&quot;type&quot;:&quot;bullets&quot;},&quot;navigation&quot;:{&quot;nextEl&quot;:&quot;.swiper-button-next&quot;,&quot;prevEl&quot;:&quot;.swiper-button-prev&quot;},&quot;breakpoints&quot;:[{&quot;slidesPerView&quot;:1}]}\" class=\"wp-block-cover\" style=\"border-radius:15px\"><span aria-hidden=\"true\" class=\"wp-block-cover__background has-background-dim-60 has-background-dim has-background-gradient\" style=\"background:linear-gradient(0deg,rgb(0,0,0) 0%,rgba(255,255,255,0) 100%)\"><\/span><img decoding=\"async\" width=\"1920\" height=\"1440\" src=\"https:\/\/www.campingdes2plages.fr\/wp-content\/uploads\/2026\/01\/location-mobil-home-saint-palais-sur-mer-camping-des-2-plages.jpg\" class=\"wp-block-cover__image-background wp-post-image\" alt=\"Vermietung Mobilheim Saint Palais sur Mer Campingplatz Des 2 Plages\" data-object-fit=\"cover\" srcset=\"https:\/\/www.campingdes2plages.fr\/wp-content\/uploads\/2026\/01\/location-mobil-home-saint-palais-sur-mer-camping-des-2-plages.jpg 1920w, https:\/\/www.campingdes2plages.fr\/wp-content\/uploads\/2026\/01\/location-mobil-home-saint-palais-sur-mer-camping-des-2-plages-300x225.jpg 300w, https:\/\/www.campingdes2plages.fr\/wp-content\/uploads\/2026\/01\/location-mobil-home-saint-palais-sur-mer-camping-des-2-plages-1024x768.jpg 1024w, https:\/\/www.campingdes2plages.fr\/wp-content\/uploads\/2026\/01\/location-mobil-home-saint-palais-sur-mer-camping-des-2-plages-768x576.jpg 768w, https:\/\/www.campingdes2plages.fr\/wp-content\/uploads\/2026\/01\/location-mobil-home-saint-palais-sur-mer-camping-des-2-plages-1536x1152.jpg 1536w\" sizes=\"(max-width: 1920px) 100vw, 1920px\" \/><div class=\"wp-block-cover__inner-container has-global-padding is-layout-constrained wp-container-core-cover-is-layout-12243e0f wp-block-cover-is-layout-constrained\">\n<div class=\"wp-block-group has-global-padding is-layout-constrained wp-block-group-is-layout-constrained\">\n<div class=\"wp-block-group icon has-custom-color-4-background-color has-background has-global-padding is-layout-constrained wp-container-core-group-is-layout-12243e0f wp-block-group-is-layout-constrained\" style=\"border-radius:7px\">\n<figure class=\"wp-block-image size-full is-resized wp-duotone-ffebb3-ffebb3-23\"><img decoding=\"async\" width=\"21\" height=\"21\" src=\"https:\/\/www.campingdes2plages.fr\/wp-content\/uploads\/2025\/11\/etoile-custom-beige.svg\" alt=\"Stern Custom beige\" class=\"wp-image-223\" style=\"object-fit:contain;width:26px;height:26px\" \/><\/figure>\n<\/div>\n<\/div>\n\n\n\n<p class=\"has-text-align-center has-base-2-color has-text-color has-link-color has-sosro-font-family wp-elements-fae88359324170708bba5cd143a776b0\" style=\"font-size:clamp(2.089rem, 2.089rem + ((1vw - 0.2rem) * 2.768), 3.75rem);line-height:1\">Mobilheime<\/p>\n<\/div><\/div>\n<\/a>\n<\/li><li data-wp-key=\"post-template-item-4169\" class=\"wp-block-post post-4169 page type-page status-publish has-post-thumbnail hentry\">\n<a href=\"https:\/\/www.campingdes2plages.fr\/de\/campingplatz-wasserpark-saint-palais-sur-mer\/\"    class=\"wp-block-tiptip-hyperlink-group-block\" >\n<div data-swiper=\"{&quot;speed&quot;:1000,&quot;autoplay&quot;:{&quot;delay&quot;:5000,&quot;disableOnInteraction&quot;:false},&quot;spaceBetween&quot;:0,&quot;slidesPerView&quot;:1,&quot;pagination&quot;:{&quot;el&quot;:&quot;.swiper-pagination&quot;,&quot;dynamicBullets&quot;:true,&quot;clickable&quot;:true,&quot;type&quot;:&quot;bullets&quot;},&quot;navigation&quot;:{&quot;nextEl&quot;:&quot;.swiper-button-next&quot;,&quot;prevEl&quot;:&quot;.swiper-button-prev&quot;},&quot;breakpoints&quot;:[{&quot;slidesPerView&quot;:1}]}\" class=\"wp-block-cover\" style=\"border-radius:15px\"><span aria-hidden=\"true\" class=\"wp-block-cover__background has-background-dim-60 has-background-dim has-background-gradient\" style=\"background:linear-gradient(0deg,rgb(0,0,0) 0%,rgba(255,255,255,0) 100%)\"><\/span><img decoding=\"async\" width=\"1920\" height=\"1280\" src=\"https:\/\/www.campingdes2plages.fr\/wp-content\/uploads\/2026\/01\/camping-parc-aquatique-saint-palais-sur-mer.jpg\" class=\"wp-block-cover__image-background wp-post-image\" alt=\"Campingplatz mit Wasserpark in Saint-Palais-sur-Mer\" data-object-fit=\"cover\" srcset=\"https:\/\/www.campingdes2plages.fr\/wp-content\/uploads\/2026\/01\/camping-parc-aquatique-saint-palais-sur-mer.jpg 1920w, https:\/\/www.campingdes2plages.fr\/wp-content\/uploads\/2026\/01\/camping-parc-aquatique-saint-palais-sur-mer-300x200.jpg 300w, https:\/\/www.campingdes2plages.fr\/wp-content\/uploads\/2026\/01\/camping-parc-aquatique-saint-palais-sur-mer-1024x683.jpg 1024w, https:\/\/www.campingdes2plages.fr\/wp-content\/uploads\/2026\/01\/camping-parc-aquatique-saint-palais-sur-mer-768x512.jpg 768w, https:\/\/www.campingdes2plages.fr\/wp-content\/uploads\/2026\/01\/camping-parc-aquatique-saint-palais-sur-mer-1536x1024.jpg 1536w\" sizes=\"(max-width: 1920px) 100vw, 1920px\" \/><div class=\"wp-block-cover__inner-container has-global-padding is-layout-constrained wp-container-core-cover-is-layout-12243e0f wp-block-cover-is-layout-constrained\">\n<div class=\"wp-block-group has-global-padding is-layout-constrained wp-block-group-is-layout-constrained\">\n<div class=\"wp-block-group icon has-custom-color-4-background-color has-background has-global-padding is-layout-constrained wp-container-core-group-is-layout-12243e0f wp-block-group-is-layout-constrained\" style=\"border-radius:7px\">\n<figure class=\"wp-block-image size-full is-resized wp-duotone-ffebb3-ffebb3-25\"><img decoding=\"async\" width=\"21\" height=\"21\" src=\"https:\/\/www.campingdes2plages.fr\/wp-content\/uploads\/2025\/11\/etoile-custom-beige.svg\" alt=\"Stern Custom beige\" class=\"wp-image-223\" style=\"object-fit:contain;width:26px;height:26px\" \/><\/figure>\n<\/div>\n<\/div>\n\n\n\n<p class=\"has-text-align-center has-base-2-color has-text-color has-link-color has-sosro-font-family wp-elements-fae88359324170708bba5cd143a776b0\" style=\"font-size:clamp(2.089rem, 2.089rem + ((1vw - 0.2rem) * 2.768), 3.75rem);line-height:1\">Beheiztes Schwimmbad<\/p>\n<\/div><\/div>\n<\/a>\n<\/li><li data-wp-key=\"post-template-item-6544\" class=\"wp-block-post post-6544 page type-page status-publish has-post-thumbnail hentry\">\n<a href=\"https:\/\/www.campingdes2plages.fr\/de\/promotions-courts-sejours-au-camping\/\"    class=\"wp-block-tiptip-hyperlink-group-block\" >\n<div data-swiper=\"{&quot;speed&quot;:1000,&quot;autoplay&quot;:{&quot;delay&quot;:5000,&quot;disableOnInteraction&quot;:false},&quot;spaceBetween&quot;:0,&quot;slidesPerView&quot;:1,&quot;pagination&quot;:{&quot;el&quot;:&quot;.swiper-pagination&quot;,&quot;dynamicBullets&quot;:true,&quot;clickable&quot;:true,&quot;type&quot;:&quot;bullets&quot;},&quot;navigation&quot;:{&quot;nextEl&quot;:&quot;.swiper-button-next&quot;,&quot;prevEl&quot;:&quot;.swiper-button-prev&quot;},&quot;breakpoints&quot;:[{&quot;slidesPerView&quot;:1}]}\" class=\"wp-block-cover\" style=\"border-radius:15px\"><span aria-hidden=\"true\" class=\"wp-block-cover__background has-background-dim-60 has-background-dim has-background-gradient\" style=\"background:linear-gradient(0deg,rgb(0,0,0) 0%,rgba(255,255,255,0) 100%)\"><\/span><img decoding=\"async\" width=\"1920\" height=\"1280\" src=\"https:\/\/www.campingdes2plages.fr\/wp-content\/uploads\/2026\/01\/le-meilleur-prix-en-reservant-en-direct.jpg\" class=\"wp-block-cover__image-background wp-post-image\" alt=\"\" data-object-fit=\"cover\" srcset=\"https:\/\/www.campingdes2plages.fr\/wp-content\/uploads\/2026\/01\/le-meilleur-prix-en-reservant-en-direct.jpg 1920w, https:\/\/www.campingdes2plages.fr\/wp-content\/uploads\/2026\/01\/le-meilleur-prix-en-reservant-en-direct-300x200.jpg 300w, https:\/\/www.campingdes2plages.fr\/wp-content\/uploads\/2026\/01\/le-meilleur-prix-en-reservant-en-direct-1024x683.jpg 1024w, https:\/\/www.campingdes2plages.fr\/wp-content\/uploads\/2026\/01\/le-meilleur-prix-en-reservant-en-direct-768x512.jpg 768w, https:\/\/www.campingdes2plages.fr\/wp-content\/uploads\/2026\/01\/le-meilleur-prix-en-reservant-en-direct-1536x1024.jpg 1536w\" sizes=\"(max-width: 1920px) 100vw, 1920px\" \/><div class=\"wp-block-cover__inner-container has-global-padding is-layout-constrained wp-container-core-cover-is-layout-12243e0f wp-block-cover-is-layout-constrained\">\n<div class=\"wp-block-group has-global-padding is-layout-constrained wp-block-group-is-layout-constrained\">\n<div class=\"wp-block-group icon has-custom-color-4-background-color has-background has-global-padding is-layout-constrained wp-container-core-group-is-layout-12243e0f wp-block-group-is-layout-constrained\" style=\"border-radius:7px\">\n<figure class=\"wp-block-image size-full is-resized wp-duotone-ffebb3-ffebb3-27\"><img decoding=\"async\" width=\"21\" height=\"21\" src=\"https:\/\/www.campingdes2plages.fr\/wp-content\/uploads\/2025\/11\/etoile-custom-beige.svg\" alt=\"Stern Custom beige\" class=\"wp-image-223\" style=\"object-fit:contain;width:26px;height:26px\" \/><\/figure>\n<\/div>\n<\/div>\n\n\n\n<p class=\"has-text-align-center has-base-2-color has-text-color has-link-color has-sosro-font-family wp-elements-fae88359324170708bba5cd143a776b0\" style=\"font-size:clamp(2.089rem, 2.089rem + ((1vw - 0.2rem) * 2.768), 3.75rem);line-height:1\">Sonderangebote f\u00fcr Kurzaufenthalte<\/p>\n<\/div><\/div>\n<\/a>\n<\/li><\/ul><\/div>\n<\/div>\n","protected":false},"excerpt":{"rendered":"<p>Campingplatz Vaux-sur-Mer Urlaub am Ozean F\u00fcr einen einfachen Urlaub in einer entspannenden Umgebung bietet unser Campingplatz am Meer in Vaux-sur-Mer verschiedene Dienstleistungen und Animationen f\u00fcr die ganze Familie. Mit einem gemieteten Fahrrad k\u00f6nnen Sie entlang der K\u00fcste auf dem Radweg von Royan nach Marennes fahren. Nur 700 m von unserem Campingplatz in Saint-Palais-sur-Mer entfernt befindet [&hellip;]<\/p>\n","protected":false},"author":1,"featured_media":2528,"parent":0,"menu_order":0,"comment_status":"closed","ping_status":"closed","template":"","meta":{"_acf_changed":false,"_seopress_robots_primary_cat":"","_seopress_titles_title":"Campingplatz Vaux-sur-Mer: 5-Sterne-Campingplatz in der N\u00e4he von Vaux-sur-Mer","_seopress_titles_desc":"Bleiben Sie auf dem Camping des 2 Plages in der N\u00e4he von Vaux-sur-Mer: ein geselliger Campingplatz in der Charente-Maritime, in der N\u00e4he von Str\u00e4nden, Natur, Familienaktivit\u00e4ten und Freizeit am Meer.","_seopress_robots_index":"","inline_featured_image":false,"gt_fse_maillage_image":"https:\/\/www.campingdes2plages.fr\/wp-content\/uploads\/2026\/01\/balade-et-jeux-enfants-autour-du-lac-de-vaux-sur-mer.jpg","gt_fse_maillage_titre":"Campingplatz Vaux-sur-mer","gt_fse_maillage_alt":"Automatischer Entwurf","gt_fse_maillage_resume":"","footnotes":""},"categories":[],"tags":[],"class_list":["post-6496","page","type-page","status-publish","has-post-thumbnail","hentry"],"acf":[],"_links":{"self":[{"href":"https:\/\/www.campingdes2plages.fr\/de\/wp-json\/wp\/v2\/pages\/6496","targetHints":{"allow":["GET"]}}],"collection":[{"href":"https:\/\/www.campingdes2plages.fr\/de\/wp-json\/wp\/v2\/pages"}],"about":[{"href":"https:\/\/www.campingdes2plages.fr\/de\/wp-json\/wp\/v2\/types\/page"}],"author":[{"embeddable":true,"href":"https:\/\/www.campingdes2plages.fr\/de\/wp-json\/wp\/v2\/users\/1"}],"replies":[{"embeddable":true,"href":"https:\/\/www.campingdes2plages.fr\/de\/wp-json\/wp\/v2\/comments?post=6496"}],"version-history":[{"count":4,"href":"https:\/\/www.campingdes2plages.fr\/de\/wp-json\/wp\/v2\/pages\/6496\/revisions"}],"predecessor-version":[{"id":6500,"href":"https:\/\/www.campingdes2plages.fr\/de\/wp-json\/wp\/v2\/pages\/6496\/revisions\/6500"}],"wp:featuredmedia":[{"embeddable":true,"href":"https:\/\/www.campingdes2plages.fr\/de\/wp-json\/wp\/v2\/media\/2528"}],"wp:attachment":[{"href":"https:\/\/www.campingdes2plages.fr\/de\/wp-json\/wp\/v2\/media?parent=6496"}],"wp:term":[{"taxonomy":"category","embeddable":true,"href":"https:\/\/www.campingdes2plages.fr\/de\/wp-json\/wp\/v2\/categories?post=6496"},{"taxonomy":"post_tag","embeddable":true,"href":"https:\/\/www.campingdes2plages.fr\/de\/wp-json\/wp\/v2\/tags?post=6496"}],"curies":[{"name":"wp","href":"https:\/\/api.w.org\/{rel}","templated":true}]}}