{"id":6544,"date":"2026-01-05T16:11:37","date_gmt":"2026-01-05T15:11:37","guid":{"rendered":"https:\/\/www.campingdes2plages.fr\/promotions-courts-sejours-au-camping\/"},"modified":"2026-03-05T13:33:11","modified_gmt":"2026-03-05T12:33:11","slug":"promotions-courts-sejours-au-camping","status":"publish","type":"page","link":"https:\/\/www.campingdes2plages.fr\/de\/promotions-courts-sejours-au-camping\/","title":{"rendered":"Sonderangebote f\u00fcr Kurzaufenthalte"},"content":{"rendered":"\n<div class=\"wp-block-group gt_1-cta-1photo_005 gt-no-padding-mobile has-global-padding is-layout-constrained wp-container-core-group-is-layout-3eeb5980 wp-block-group-is-layout-constrained\" style=\"margin-top:4rem;margin-bottom:6rem;padding-right:5rem;padding-left:5rem\">\n<div class=\"wp-block-columns are-vertically-aligned-center is-layout-flex wp-container-core-columns-is-layout-2ce42527 wp-block-columns-is-layout-flex\">\n<div class=\"wp-block-column is-vertically-aligned-center left animated slideInLeft is-layout-flow wp-block-column-is-layout-flow\">\n<figure class=\"wp-block-image size-full has-custom-border img-1\" style=\"margin-top:0px;margin-bottom:0px\"><img decoding=\"async\" width=\"1920\" height=\"1280\" src=\"https:\/\/www.campingdes2plages.fr\/wp-content\/uploads\/2026\/01\/imgi_19_camping-avec-piscine-chauffee-a-saint-palais-sur-mer.jpg\" alt=\"campingplatz mit beheiztem schwimmbad in saint palais sur mer\" class=\"wp-image-3901\" style=\"border-radius:0px\" srcset=\"https:\/\/www.campingdes2plages.fr\/wp-content\/uploads\/2026\/01\/imgi_19_camping-avec-piscine-chauffee-a-saint-palais-sur-mer.jpg 1920w, https:\/\/www.campingdes2plages.fr\/wp-content\/uploads\/2026\/01\/imgi_19_camping-avec-piscine-chauffee-a-saint-palais-sur-mer-300x200.jpg 300w, https:\/\/www.campingdes2plages.fr\/wp-content\/uploads\/2026\/01\/imgi_19_camping-avec-piscine-chauffee-a-saint-palais-sur-mer-1024x683.jpg 1024w, https:\/\/www.campingdes2plages.fr\/wp-content\/uploads\/2026\/01\/imgi_19_camping-avec-piscine-chauffee-a-saint-palais-sur-mer-768x512.jpg 768w, https:\/\/www.campingdes2plages.fr\/wp-content\/uploads\/2026\/01\/imgi_19_camping-avec-piscine-chauffee-a-saint-palais-sur-mer-1536x1024.jpg 1536w\" sizes=\"(max-width: 1920px) 100vw, 1920px\" \/><\/figure>\n\n\n\n<figure class=\"wp-block-image size-full has-custom-border img-2\"><img decoding=\"async\" width=\"1920\" height=\"1440\" src=\"https:\/\/www.campingdes2plages.fr\/wp-content\/uploads\/2026\/01\/prestations-haut-de-gamme-avec-votre-location-de-luxe-camping-des-2-plages.jpg\" alt=\"Top-Leistungen in Ihrer Luxusunterkunft auf dem Campingplatz Les 2 plages\" class=\"wp-image-3827\" style=\"border-radius:0px\" srcset=\"https:\/\/www.campingdes2plages.fr\/wp-content\/uploads\/2026\/01\/prestations-haut-de-gamme-avec-votre-location-de-luxe-camping-des-2-plages.jpg 1920w, https:\/\/www.campingdes2plages.fr\/wp-content\/uploads\/2026\/01\/prestations-haut-de-gamme-avec-votre-location-de-luxe-camping-des-2-plages-300x225.jpg 300w, https:\/\/www.campingdes2plages.fr\/wp-content\/uploads\/2026\/01\/prestations-haut-de-gamme-avec-votre-location-de-luxe-camping-des-2-plages-1024x768.jpg 1024w, https:\/\/www.campingdes2plages.fr\/wp-content\/uploads\/2026\/01\/prestations-haut-de-gamme-avec-votre-location-de-luxe-camping-des-2-plages-768x576.jpg 768w, https:\/\/www.campingdes2plages.fr\/wp-content\/uploads\/2026\/01\/prestations-haut-de-gamme-avec-votre-location-de-luxe-camping-des-2-plages-1536x1152.jpg 1536w\" sizes=\"(max-width: 1920px) 100vw, 1920px\" \/><\/figure>\n\n\n\n<figure class=\"wp-block-image size-large has-custom-border img-3\" style=\"margin-top:0px;margin-bottom:0px\"><img decoding=\"async\" width=\"1024\" height=\"768\" src=\"https:\/\/www.campingdes2plages.fr\/wp-content\/uploads\/2026\/01\/sebastien-jermer-getiodlljiq-unsplash-1024x768.jpg\" alt=\"sebastien jermer getiodlljiq unsplash\" class=\"wp-image-5770\" style=\"border-radius:0px\" srcset=\"https:\/\/www.campingdes2plages.fr\/wp-content\/uploads\/2026\/01\/sebastien-jermer-getiodlljiq-unsplash-1024x768.jpg 1024w, https:\/\/www.campingdes2plages.fr\/wp-content\/uploads\/2026\/01\/sebastien-jermer-getiodlljiq-unsplash-300x225.jpg 300w, https:\/\/www.campingdes2plages.fr\/wp-content\/uploads\/2026\/01\/sebastien-jermer-getiodlljiq-unsplash-768x576.jpg 768w, https:\/\/www.campingdes2plages.fr\/wp-content\/uploads\/2026\/01\/sebastien-jermer-getiodlljiq-unsplash-1536x1152.jpg 1536w, https:\/\/www.campingdes2plages.fr\/wp-content\/uploads\/2026\/01\/sebastien-jermer-getiodlljiq-unsplash-2048x1536.jpg 2048w\" sizes=\"(max-width: 1024px) 100vw, 1024px\" \/><\/figure>\n<\/div>\n\n\n\n<div class=\"wp-block-column is-vertically-aligned-center right animated slideInUp is-layout-flow wp-block-column-is-layout-flow\" style=\"padding-right:5rem\">\n<div class=\"wp-block-group is-nowrap is-layout-flex wp-container-core-group-is-layout-4b0a85f0 wp-block-group-is-layout-flex\">\n<figure class=\"wp-block-image size-full is-resized\"><img decoding=\"async\" width=\"21\" height=\"21\" src=\"https:\/\/www.campingdes2plages.fr\/wp-content\/uploads\/2025\/11\/etoile-custom-beige.svg\" alt=\"Stern Custom beige\" class=\"wp-image-223\" style=\"object-fit:contain;width:21px;height:21px\"\/><\/figure>\n\n\n\n<p class=\"has-custom-color-4-color has-text-color has-link-color has-rounded-elegance-font-family wp-elements-46b5f881b8c246f27891e62cc0278144\" style=\"font-size:clamp(0.875rem, 0.875rem + ((1vw - 0.2rem) * 0.525), 1.19rem);font-style:normal;font-weight:400;letter-spacing:5px;text-transform:uppercase\">Sonderangebote<\/p>\n<\/div>\n\n\n\n<h1 class=\"wp-block-heading has-magich-font-family\" style=\"font-size:clamp(2.066rem, 2.066rem + ((1vw - 0.2rem) * 2.723), 3.7rem);line-height:1;text-transform:uppercase\">Unsere Angebote f\u00fcr einen g\u00fcnstigen Aufenthalt in Saint-Palais-sur-Mer<\/h1>\n\n\n\n<figure class=\"wp-block-image aligncenter size-large\"><img decoding=\"async\" width=\"264\" height=\"22\" src=\"https:\/\/www.campingdes2plages.fr\/wp-content\/uploads\/2025\/11\/ligne-horizontale-et-point-beige.svg\" alt=\"horizontale Linie und beiger Punkt\" class=\"wp-image-377\"\/><\/figure>\n\n\n\n<div class=\"wp-block-group content has-global-padding is-layout-constrained wp-container-core-group-is-layout-bfec7e37 wp-block-group-is-layout-constrained\" style=\"margin-top:0px;margin-bottom:0px;padding-top:4rem;padding-right:5rem;padding-bottom:4rem\">\n<p>Sind Sie auf der Suche nach einem prestigetr\u00e4chtigen Urlaub ohne Kompromisse bei Ihrem Budget? Auf dem <a href=\"https:\/\/www.campingdes2plages.fr\/de\/\">Camping des 2 Plages<\/a> k\u00f6nnen Sie eine <strong>5-Sterne-Umgebung in der Charente-Maritime<\/strong> genie\u00dfen und gleichzeitig Ihre Kosten unter Kontrolle halten! Bei jeder Reservierung eines Aufenthalts verpflichten wir uns, Ihnen eine erstklassige Leistung zum g\u00fcnstigsten Preis zu bieten. Dar\u00fcber hinaus bieten wir <strong>Sonderangebote<\/strong>, die Ihren Geldbeutel schonen. Neben der Luxusunterkunft sind es die <strong>inbegriffenen Dienstleistungen und Vorteile<\/strong>, die Ihre Erfahrung bei uns so wertvoll machen!    Folgen Sie unseren <strong>guten Tipps<\/strong> und nutzen Sie die <strong>besten Angebote<\/strong> f\u00fcr Ihren <strong>Urlaub an der C\u00f4te de Beaut\u00e9<\/strong>, nur 600 Meter von den feinen Sandstr\u00e4nden entfernt!<\/p>\n\n\n\n<p>Entdecken Sie unsere Lieblingsaufenthalte f\u00fcr einen unvergesslichen Urlaub in Saint Palais de sur Mer in der N\u00e4he von Royan.<\/p>\n\n\n\n<p>Jedes Zimmer wurde in einem <strong>zeitgen\u00f6ssischen Stil<\/strong> mit einer weichen und entspannenden Dekoration neu gestaltet. F\u00fcr <strong>Ihren Komfort<\/strong> verf\u00fcgen Sie \u00fcber eine hochwertige Bettw\u00e4sche mit Bettdecke, einen Flachbildfernseher, einen Safe, einen Haartrockner und ein eigenes Badezimmer mit Dusche und WC. Ob Sie alleine, zu zweit oder mit einem Kind reisen, unsere Zimmer erf\u00fcllen alle Ihre Bed\u00fcrfnisse. Entdecken Sie einen <strong>Ort, an dem Sie sich entspannen<\/strong> k\u00f6nnen, nur wenige Minuten von den <strong>Str\u00e4nden der C\u00f4te de Beaut\u00e9<\/strong> entfernt.   <\/p>\n\n\n\n<p><\/p>\n<\/div>\n<\/div>\n<\/div>\n\n\n\n<p><\/p>\n\n\n\n<figure class=\"wp-block-image size-full background-image\"><img decoding=\"async\" width=\"615\" height=\"622\" src=\"https:\/\/www.campingdes2plages.fr\/wp-content\/uploads\/2025\/11\/dessin-coquillages-fond.webp\" alt=\"Zeichnung Muscheln Hintergrund\" class=\"wp-image-297\" style=\"aspect-ratio:1;object-fit:contain\" srcset=\"https:\/\/www.campingdes2plages.fr\/wp-content\/uploads\/2025\/11\/dessin-coquillages-fond.webp 615w, https:\/\/www.campingdes2plages.fr\/wp-content\/uploads\/2025\/11\/dessin-coquillages-fond-297x300.webp 297w\" sizes=\"(max-width: 615px) 100vw, 615px\" \/><\/figure>\n<\/div>\n\n<div class=\"wp-block-group section-maillage has-global-padding is-layout-constrained wp-container-core-group-is-layout-b07b1a8a wp-block-group-is-layout-constrained\" style=\"padding-top:0px;padding-right:1rem;padding-bottom:0rem;padding-left:1rem\">\n<div class=\"wp-block-group top has-custom-color-3-background-color has-background has-global-padding is-layout-constrained wp-container-core-group-is-layout-a3553d93 wp-block-group-is-layout-constrained\" style=\"margin-top:0px;margin-bottom:0px;padding-top:4rem;padding-right:4rem;padding-bottom:4rem;padding-left:4rem\">\n<div class=\"wp-block-group is-content-justification-center is-nowrap is-layout-flex wp-container-core-group-is-layout-06d12f70 wp-block-group-is-layout-flex\">\n<figure class=\"wp-block-image size-full is-resized\"><img decoding=\"async\" width=\"21\" height=\"21\" src=\"https:\/\/www.campingdes2plages.fr\/wp-content\/uploads\/2025\/11\/etoile-custom-beige.svg\" alt=\"Stern Custom beige\" class=\"wp-image-223\" style=\"object-fit:contain;width:21px;height:21px\"\/><\/figure>\n\n\n\n<p class=\"has-custom-color-4-color has-text-color has-link-color wp-elements-b476a1788281dfa3efc92b01dbb8e300\" style=\"font-size:clamp(0.875rem, 0.875rem + ((1vw - 0.2rem) * 0.525), 1.19rem);font-style:normal;font-weight:400;text-transform:uppercase\">Entdecken Sie mehr<\/p>\n<\/div>\n\n\n\n<p class=\"has-text-align-center has-custom-color-1-color has-text-color has-link-color has-calming-font-family wp-elements-62b6f013cc652b5cce50bca77d9a33b9\" style=\"font-size:clamp(2.423rem, 2.423rem + ((1vw - 0.2rem) * 3.483), 4.513rem);line-height:1;text-transform:uppercase\">Entdecken Sie unsere Unterk\u00fcnfte<\/p>\n\n\n\n<figure class=\"wp-block-image aligncenter size-large\"><img decoding=\"async\" width=\"264\" height=\"22\" src=\"https:\/\/www.campingdes2plages.fr\/wp-content\/uploads\/2025\/11\/ligne-horizontale-et-point-beige.svg\" alt=\"horizontale Linie und beiger Punkt\" class=\"wp-image-377\"\/><\/figure>\n<\/div>\n\n\n\n<figure class=\"wp-block-image size-large arrow-slider-prev\"><img decoding=\"async\" width=\"87\" height=\"11\" src=\"https:\/\/www.campingdes2plages.fr\/wp-content\/uploads\/2025\/11\/fleche-longue-gauche-beige.svg\" alt=\"Langpfeil links beige\" class=\"wp-image-351\"\/><\/figure>\n\n\n\n<figure class=\"wp-block-image size-large arrow-slider-next\"><img decoding=\"async\" width=\"87\" height=\"11\" src=\"https:\/\/www.campingdes2plages.fr\/wp-content\/uploads\/2025\/11\/fleche-longue-droite-beige.svg\" alt=\"Langpfeil gerade beige\" class=\"wp-image-347\"\/><\/figure>\n\n\n\n<div data-swiper=\"{&quot;speed&quot;:400,&quot;spaceBetween&quot;:16,&quot;slidesPerView&quot;:3,&quot;createElements&quot;:true,&quot;loop&quot;:true,&quot;freemode&quot;:true,&quot;navigation&quot;:{&quot;nextEl&quot;:&quot;.section-maillage .arrow-slider-next&quot;,&quot;prevEl&quot;:&quot;.section-maillage .arrow-slider-prev&quot;},&quot;pagination&quot;:{&quot;el&quot;:&quot;.swiper-pagination&quot;,&quot;dynamicBullets&quot;:true},&quot;breakpoints&quot;:{&quot;0&quot;:{&quot;slidesPerView&quot;:1},&quot;768&quot;:{&quot;slidesPerView&quot;:2},&quot;1024&quot;:{&quot;slidesPerView&quot;:2},&quot;1025&quot;:{&quot;slidesPerView&quot;:3}},&quot;autoplay&quot;:{&quot;delay&quot;:3000}}\" data-wp-context=\"{}\" data-wp-interactive=\"core\/query\" data-wp-key=\"1\" data-wp-router-region=\"query-1\" class=\"wp-block-query alignwide gt-fse-maillage-query gt-is-slider gt-is-slider-desktop is-layout-flow wp-block-query-is-layout-flow\"><ul class=\"columns-3 wp-block-post-template is-layout-grid wp-container-core-post-template-is-layout-6d3fbd8f wp-block-post-template-is-layout-grid\"><li data-wp-key=\"post-template-item-4193\" class=\"wp-block-post post-4193 page type-page status-publish has-post-thumbnail hentry\">\n<a href=\"https:\/\/www.campingdes2plages.fr\/de\/unterkuenfte-cottage-aqua-suite\/\"    class=\"wp-block-tiptip-hyperlink-group-block\" >\n<div data-swiper=\"{&quot;speed&quot;:1000,&quot;autoplay&quot;:{&quot;delay&quot;:5000,&quot;disableOnInteraction&quot;:false},&quot;spaceBetween&quot;:0,&quot;slidesPerView&quot;:1,&quot;pagination&quot;:{&quot;el&quot;:&quot;.swiper-pagination&quot;,&quot;dynamicBullets&quot;:true,&quot;clickable&quot;:true,&quot;type&quot;:&quot;bullets&quot;},&quot;navigation&quot;:{&quot;nextEl&quot;:&quot;.swiper-button-next&quot;,&quot;prevEl&quot;:&quot;.swiper-button-prev&quot;},&quot;breakpoints&quot;:[{&quot;slidesPerView&quot;:1}]}\" class=\"wp-block-cover\" style=\"border-radius:15px\"><span aria-hidden=\"true\" class=\"wp-block-cover__background has-background-dim-60 has-background-dim has-background-gradient\" style=\"background:linear-gradient(0deg,rgb(0,0,0) 0%,rgba(255,255,255,0) 100%)\"><\/span><img decoding=\"async\" width=\"1920\" height=\"1440\" src=\"https:\/\/www.campingdes2plages.fr\/wp-content\/uploads\/2026\/01\/hebergements-cottage-aqua-suite-camping-des-2-plages.jpg\" class=\"wp-block-cover__image-background wp-post-image\" alt=\"Unterk\u00fcnfte Cottage Aqua Suite Campingplatz Des 2 Plages\" data-object-fit=\"cover\" srcset=\"https:\/\/www.campingdes2plages.fr\/wp-content\/uploads\/2026\/01\/hebergements-cottage-aqua-suite-camping-des-2-plages.jpg 1920w, https:\/\/www.campingdes2plages.fr\/wp-content\/uploads\/2026\/01\/hebergements-cottage-aqua-suite-camping-des-2-plages-300x225.jpg 300w, https:\/\/www.campingdes2plages.fr\/wp-content\/uploads\/2026\/01\/hebergements-cottage-aqua-suite-camping-des-2-plages-1024x768.jpg 1024w, https:\/\/www.campingdes2plages.fr\/wp-content\/uploads\/2026\/01\/hebergements-cottage-aqua-suite-camping-des-2-plages-768x576.jpg 768w, https:\/\/www.campingdes2plages.fr\/wp-content\/uploads\/2026\/01\/hebergements-cottage-aqua-suite-camping-des-2-plages-1536x1152.jpg 1536w\" sizes=\"(max-width: 1920px) 100vw, 1920px\" \/><div class=\"wp-block-cover__inner-container has-global-padding is-layout-constrained wp-container-core-cover-is-layout-12243e0f wp-block-cover-is-layout-constrained\">\n<div class=\"wp-block-group has-global-padding is-layout-constrained wp-block-group-is-layout-constrained\">\n<div class=\"wp-block-group icon has-custom-color-4-background-color has-background has-global-padding is-layout-constrained wp-container-core-group-is-layout-12243e0f wp-block-group-is-layout-constrained\" style=\"border-radius:7px\">\n<figure class=\"wp-block-image size-full is-resized wp-duotone-ffebb3-ffebb3-2\"><img decoding=\"async\" width=\"21\" height=\"21\" src=\"https:\/\/www.campingdes2plages.fr\/wp-content\/uploads\/2025\/11\/etoile-custom-beige.svg\" alt=\"Stern Custom beige\" class=\"wp-image-223\" style=\"object-fit:contain;width:26px;height:26px\"\/><\/figure>\n<\/div>\n<\/div>\n\n\n\n<p class=\"has-text-align-center has-base-2-color has-text-color has-link-color has-sosro-font-family wp-elements-fae88359324170708bba5cd143a776b0\" style=\"font-size:clamp(2.089rem, 2.089rem + ((1vw - 0.2rem) * 2.768), 3.75rem);line-height:1\">Mobilheime mit eigenem Schwimmbad<\/p>\n<\/div><\/div>\n<\/a>\n<\/li><li data-wp-key=\"post-template-item-4138\" class=\"wp-block-post post-4138 page type-page status-publish has-post-thumbnail hentry\">\n<a href=\"https:\/\/www.campingdes2plages.fr\/de\/ungeoehnliche-vermietung-royan\/\"    class=\"wp-block-tiptip-hyperlink-group-block\" >\n<div data-swiper=\"{&quot;speed&quot;:1000,&quot;autoplay&quot;:{&quot;delay&quot;:5000,&quot;disableOnInteraction&quot;:false},&quot;spaceBetween&quot;:0,&quot;slidesPerView&quot;:1,&quot;pagination&quot;:{&quot;el&quot;:&quot;.swiper-pagination&quot;,&quot;dynamicBullets&quot;:true,&quot;clickable&quot;:true,&quot;type&quot;:&quot;bullets&quot;},&quot;navigation&quot;:{&quot;nextEl&quot;:&quot;.swiper-button-next&quot;,&quot;prevEl&quot;:&quot;.swiper-button-prev&quot;},&quot;breakpoints&quot;:[{&quot;slidesPerView&quot;:1}]}\" class=\"wp-block-cover\" style=\"border-radius:15px\"><span aria-hidden=\"true\" class=\"wp-block-cover__background has-background-dim-60 has-background-dim has-background-gradient\" style=\"background:linear-gradient(0deg,rgb(0,0,0) 0%,rgba(255,255,255,0) 100%)\"><\/span><img decoding=\"async\" width=\"1920\" height=\"1473\" src=\"https:\/\/www.campingdes2plages.fr\/wp-content\/uploads\/2026\/01\/location-insolite-royan-camping-des-2-plages.jpg\" class=\"wp-block-cover__image-background wp-post-image\" alt=\"Ungew\u00f6hnliche Unterkunft in Royan Campingplatz Des 2 Plages\" data-object-fit=\"cover\" srcset=\"https:\/\/www.campingdes2plages.fr\/wp-content\/uploads\/2026\/01\/location-insolite-royan-camping-des-2-plages.jpg 1920w, https:\/\/www.campingdes2plages.fr\/wp-content\/uploads\/2026\/01\/location-insolite-royan-camping-des-2-plages-300x230.jpg 300w, https:\/\/www.campingdes2plages.fr\/wp-content\/uploads\/2026\/01\/location-insolite-royan-camping-des-2-plages-1024x786.jpg 1024w, https:\/\/www.campingdes2plages.fr\/wp-content\/uploads\/2026\/01\/location-insolite-royan-camping-des-2-plages-768x589.jpg 768w, https:\/\/www.campingdes2plages.fr\/wp-content\/uploads\/2026\/01\/location-insolite-royan-camping-des-2-plages-1536x1178.jpg 1536w\" sizes=\"(max-width: 1920px) 100vw, 1920px\" \/><div class=\"wp-block-cover__inner-container has-global-padding is-layout-constrained wp-container-core-cover-is-layout-12243e0f wp-block-cover-is-layout-constrained\">\n<div class=\"wp-block-group has-global-padding is-layout-constrained wp-block-group-is-layout-constrained\">\n<div class=\"wp-block-group icon has-custom-color-4-background-color has-background has-global-padding is-layout-constrained wp-container-core-group-is-layout-12243e0f wp-block-group-is-layout-constrained\" style=\"border-radius:7px\">\n<figure class=\"wp-block-image size-full is-resized wp-duotone-ffebb3-ffebb3-4\"><img decoding=\"async\" width=\"21\" height=\"21\" src=\"https:\/\/www.campingdes2plages.fr\/wp-content\/uploads\/2025\/11\/etoile-custom-beige.svg\" alt=\"Stern Custom beige\" class=\"wp-image-223\" style=\"object-fit:contain;width:26px;height:26px\"\/><\/figure>\n<\/div>\n<\/div>\n\n\n\n<p class=\"has-text-align-center has-base-2-color has-text-color has-link-color has-sosro-font-family wp-elements-fae88359324170708bba5cd143a776b0\" style=\"font-size:clamp(2.089rem, 2.089rem + ((1vw - 0.2rem) * 2.768), 3.75rem);line-height:1\">Ungew\u00f6hnliche<\/p>\n<\/div><\/div>\n<\/a>\n<\/li><li data-wp-key=\"post-template-item-4166\" class=\"wp-block-post post-4166 page type-page status-publish has-post-thumbnail hentry\">\n<a href=\"https:\/\/www.campingdes2plages.fr\/de\/mobilheimvermietung-saint-palais-sur-mer\/\"    class=\"wp-block-tiptip-hyperlink-group-block\" >\n<div data-swiper=\"{&quot;speed&quot;:1000,&quot;autoplay&quot;:{&quot;delay&quot;:5000,&quot;disableOnInteraction&quot;:false},&quot;spaceBetween&quot;:0,&quot;slidesPerView&quot;:1,&quot;pagination&quot;:{&quot;el&quot;:&quot;.swiper-pagination&quot;,&quot;dynamicBullets&quot;:true,&quot;clickable&quot;:true,&quot;type&quot;:&quot;bullets&quot;},&quot;navigation&quot;:{&quot;nextEl&quot;:&quot;.swiper-button-next&quot;,&quot;prevEl&quot;:&quot;.swiper-button-prev&quot;},&quot;breakpoints&quot;:[{&quot;slidesPerView&quot;:1}]}\" class=\"wp-block-cover\" style=\"border-radius:15px\"><span aria-hidden=\"true\" class=\"wp-block-cover__background has-background-dim-60 has-background-dim has-background-gradient\" style=\"background:linear-gradient(0deg,rgb(0,0,0) 0%,rgba(255,255,255,0) 100%)\"><\/span><img decoding=\"async\" width=\"1920\" height=\"1440\" src=\"https:\/\/www.campingdes2plages.fr\/wp-content\/uploads\/2026\/01\/location-mobil-home-saint-palais-sur-mer-camping-des-2-plages.jpg\" class=\"wp-block-cover__image-background wp-post-image\" alt=\"Vermietung Mobilheim Saint Palais sur Mer Campingplatz Des 2 Plages\" data-object-fit=\"cover\" srcset=\"https:\/\/www.campingdes2plages.fr\/wp-content\/uploads\/2026\/01\/location-mobil-home-saint-palais-sur-mer-camping-des-2-plages.jpg 1920w, https:\/\/www.campingdes2plages.fr\/wp-content\/uploads\/2026\/01\/location-mobil-home-saint-palais-sur-mer-camping-des-2-plages-300x225.jpg 300w, https:\/\/www.campingdes2plages.fr\/wp-content\/uploads\/2026\/01\/location-mobil-home-saint-palais-sur-mer-camping-des-2-plages-1024x768.jpg 1024w, https:\/\/www.campingdes2plages.fr\/wp-content\/uploads\/2026\/01\/location-mobil-home-saint-palais-sur-mer-camping-des-2-plages-768x576.jpg 768w, https:\/\/www.campingdes2plages.fr\/wp-content\/uploads\/2026\/01\/location-mobil-home-saint-palais-sur-mer-camping-des-2-plages-1536x1152.jpg 1536w\" sizes=\"(max-width: 1920px) 100vw, 1920px\" \/><div class=\"wp-block-cover__inner-container has-global-padding is-layout-constrained wp-container-core-cover-is-layout-12243e0f wp-block-cover-is-layout-constrained\">\n<div class=\"wp-block-group has-global-padding is-layout-constrained wp-block-group-is-layout-constrained\">\n<div class=\"wp-block-group icon has-custom-color-4-background-color has-background has-global-padding is-layout-constrained wp-container-core-group-is-layout-12243e0f wp-block-group-is-layout-constrained\" style=\"border-radius:7px\">\n<figure class=\"wp-block-image size-full is-resized wp-duotone-ffebb3-ffebb3-6\"><img decoding=\"async\" width=\"21\" height=\"21\" src=\"https:\/\/www.campingdes2plages.fr\/wp-content\/uploads\/2025\/11\/etoile-custom-beige.svg\" alt=\"Stern Custom beige\" class=\"wp-image-223\" style=\"object-fit:contain;width:26px;height:26px\"\/><\/figure>\n<\/div>\n<\/div>\n\n\n\n<p class=\"has-text-align-center has-base-2-color has-text-color has-link-color has-sosro-font-family wp-elements-fae88359324170708bba5cd143a776b0\" style=\"font-size:clamp(2.089rem, 2.089rem + ((1vw - 0.2rem) * 2.768), 3.75rem);line-height:1\">Mobilheime<\/p>\n<\/div><\/div>\n<\/a>\n<\/li><\/ul><\/div>\n<\/div>\n","protected":false},"excerpt":{"rendered":"<p>Sonderangebote Unsere Angebote f\u00fcr einen g\u00fcnstigen Aufenthalt in Saint-Palais-sur-Mer Sind Sie auf der Suche nach einem prestigetr\u00e4chtigen Urlaub ohne Kompromisse bei Ihrem Budget? Auf dem Camping des 2 Plages k\u00f6nnen Sie eine 5-Sterne-Umgebung in der Charente-Maritime genie\u00dfen und gleichzeitig Ihre Kosten unter Kontrolle halten! Bei jeder Reservierung eines Aufenthalts verpflichten wir uns, Ihnen eine erstklassige [&hellip;]<\/p>\n","protected":false},"author":1,"featured_media":2668,"parent":0,"menu_order":0,"comment_status":"closed","ping_status":"closed","template":"","meta":{"_acf_changed":false,"_seopress_robots_primary_cat":"","_seopress_titles_title":"Formeln & Sonderangebote f\u00fcr Campingaufenthalte : Sonderangebote f\u00fcr Campingurlaub","_seopress_titles_desc":"Reservieren Sie einen 5-Sterne-Aufenthalt in Saint-Palais-sur-Mer zum besten Preis dank unserer exklusiven Angebote: Wochenendangebot, Familienpaket, Webrabatte","_seopress_robots_index":"yes","inline_featured_image":false,"gt_fse_maillage_image":"https:\/\/www.campingdes2plages.fr\/wp-content\/uploads\/2026\/01\/le-meilleur-prix-en-reservant-en-direct.jpg","gt_fse_maillage_titre":"Sonderangebote f\u00fcr Kurzaufenthalte","gt_fse_maillage_alt":"Automatischer Entwurf","gt_fse_maillage_resume":"","footnotes":""},"categories":[],"tags":[],"class_list":["post-6544","page","type-page","status-publish","has-post-thumbnail","hentry"],"acf":[],"_links":{"self":[{"href":"https:\/\/www.campingdes2plages.fr\/de\/wp-json\/wp\/v2\/pages\/6544","targetHints":{"allow":["GET"]}}],"collection":[{"href":"https:\/\/www.campingdes2plages.fr\/de\/wp-json\/wp\/v2\/pages"}],"about":[{"href":"https:\/\/www.campingdes2plages.fr\/de\/wp-json\/wp\/v2\/types\/page"}],"author":[{"embeddable":true,"href":"https:\/\/www.campingdes2plages.fr\/de\/wp-json\/wp\/v2\/users\/1"}],"replies":[{"embeddable":true,"href":"https:\/\/www.campingdes2plages.fr\/de\/wp-json\/wp\/v2\/comments?post=6544"}],"version-history":[{"count":1,"href":"https:\/\/www.campingdes2plages.fr\/de\/wp-json\/wp\/v2\/pages\/6544\/revisions"}],"predecessor-version":[{"id":6545,"href":"https:\/\/www.campingdes2plages.fr\/de\/wp-json\/wp\/v2\/pages\/6544\/revisions\/6545"}],"wp:featuredmedia":[{"embeddable":true,"href":"https:\/\/www.campingdes2plages.fr\/de\/wp-json\/wp\/v2\/media\/2668"}],"wp:attachment":[{"href":"https:\/\/www.campingdes2plages.fr\/de\/wp-json\/wp\/v2\/media?parent=6544"}],"wp:term":[{"taxonomy":"category","embeddable":true,"href":"https:\/\/www.campingdes2plages.fr\/de\/wp-json\/wp\/v2\/categories?post=6544"},{"taxonomy":"post_tag","embeddable":true,"href":"https:\/\/www.campingdes2plages.fr\/de\/wp-json\/wp\/v2\/tags?post=6544"}],"curies":[{"name":"wp","href":"https:\/\/api.w.org\/{rel}","templated":true}]}}