{"id":6561,"date":"2026-01-05T15:59:25","date_gmt":"2026-01-05T14:59:25","guid":{"rendered":"https:\/\/www.campingdes2plages.fr\/camping-pas-cher-royan\/"},"modified":"2026-03-05T13:34:19","modified_gmt":"2026-03-05T12:34:19","slug":"camping-pas-cher-royan","status":"publish","type":"page","link":"https:\/\/www.campingdes2plages.fr\/de\/camping-royan\/camping-pas-cher-royan\/","title":{"rendered":"G\u00fcnstiger Campingplatz Royan"},"content":{"rendered":"\n<div class=\"wp-block-group gt_1-cta-1photo_005 has-global-padding is-layout-constrained wp-container-core-group-is-layout-95847c2b wp-block-group-is-layout-constrained\" style=\"padding-top:4rem;padding-right:5rem;padding-bottom:6rem;padding-left:5rem\">\n<div class=\"wp-block-columns are-vertically-aligned-center is-layout-flex wp-container-core-columns-is-layout-2ce42527 wp-block-columns-is-layout-flex\">\n<div class=\"wp-block-column is-vertically-aligned-center left animated slideInLeft is-layout-flow wp-block-column-is-layout-flow\">\n<figure class=\"wp-block-image size-full has-custom-border img-1\"><img decoding=\"async\" width=\"1920\" height=\"1130\" src=\"https:\/\/www.campingdes2plages.fr\/wp-content\/uploads\/2026\/01\/restaurant-avec-terrasse-saint-palais-sur-mer-e1767856834485.jpg\" alt=\"restaurant mit terrasse saint palais sur mer\" class=\"wp-image-3030\" style=\"border-radius:15px\" srcset=\"https:\/\/www.campingdes2plages.fr\/wp-content\/uploads\/2026\/01\/restaurant-avec-terrasse-saint-palais-sur-mer-e1767856834485.jpg 1920w, https:\/\/www.campingdes2plages.fr\/wp-content\/uploads\/2026\/01\/restaurant-avec-terrasse-saint-palais-sur-mer-e1767856834485-300x177.jpg 300w, https:\/\/www.campingdes2plages.fr\/wp-content\/uploads\/2026\/01\/restaurant-avec-terrasse-saint-palais-sur-mer-e1767856834485-1024x603.jpg 1024w, https:\/\/www.campingdes2plages.fr\/wp-content\/uploads\/2026\/01\/restaurant-avec-terrasse-saint-palais-sur-mer-e1767856834485-768x452.jpg 768w, https:\/\/www.campingdes2plages.fr\/wp-content\/uploads\/2026\/01\/restaurant-avec-terrasse-saint-palais-sur-mer-e1767856834485-1536x904.jpg 1536w\" sizes=\"(max-width: 1920px) 100vw, 1920px\" \/><\/figure>\n\n\n\n<figure class=\"wp-block-image size-full has-custom-border img-2\" style=\"margin-top:0px;margin-bottom:0px\"><img decoding=\"async\" width=\"1000\" height=\"767\" src=\"https:\/\/www.campingdes2plages.fr\/wp-content\/uploads\/2026\/01\/louer-un-mobil-home-de-luxe.jpg\" alt=\"ein luxuri&#xF6;ses Mobilheim mieten\" class=\"wp-image-2939\" style=\"border-radius:15px\" srcset=\"https:\/\/www.campingdes2plages.fr\/wp-content\/uploads\/2026\/01\/louer-un-mobil-home-de-luxe.jpg 1000w, https:\/\/www.campingdes2plages.fr\/wp-content\/uploads\/2026\/01\/louer-un-mobil-home-de-luxe-300x230.jpg 300w, https:\/\/www.campingdes2plages.fr\/wp-content\/uploads\/2026\/01\/louer-un-mobil-home-de-luxe-768x589.jpg 768w\" sizes=\"(max-width: 1000px) 100vw, 1000px\" \/><\/figure>\n\n\n\n<figure class=\"wp-block-image size-full has-custom-border img-3\" style=\"margin-top:0px;margin-bottom:0px\"><img decoding=\"async\" width=\"1160\" height=\"1376\" src=\"https:\/\/www.campingdes2plages.fr\/wp-content\/uploads\/2026\/01\/fond-metallique.jpg\" alt=\"Metallischer Boden\" class=\"wp-image-3337\" style=\"border-radius:0px\" srcset=\"https:\/\/www.campingdes2plages.fr\/wp-content\/uploads\/2026\/01\/fond-metallique.jpg 1160w, https:\/\/www.campingdes2plages.fr\/wp-content\/uploads\/2026\/01\/fond-metallique-253x300.jpg 253w, https:\/\/www.campingdes2plages.fr\/wp-content\/uploads\/2026\/01\/fond-metallique-863x1024.jpg 863w, https:\/\/www.campingdes2plages.fr\/wp-content\/uploads\/2026\/01\/fond-metallique-768x911.jpg 768w\" sizes=\"(max-width: 1160px) 100vw, 1160px\" \/><\/figure>\n<\/div>\n\n\n\n<div class=\"wp-block-column is-vertically-aligned-center right animated slideInUp is-layout-flow wp-block-column-is-layout-flow\" style=\"padding-right:5rem\">\n<div class=\"wp-block-group is-nowrap is-layout-flex wp-container-core-group-is-layout-4b0a85f0 wp-block-group-is-layout-flex\">\n<figure class=\"wp-block-image size-full is-resized\"><img decoding=\"async\" width=\"21\" height=\"21\" src=\"https:\/\/www.campingdes2plages.fr\/wp-content\/uploads\/2025\/11\/etoile-custom-beige.svg\" alt=\"Stern Custom beige\" class=\"wp-image-223\" style=\"object-fit:contain;width:21px;height:21px\" \/><\/figure>\n\n\n\n<p class=\"has-custom-color-4-color has-text-color has-link-color wp-elements-72914b49e67a63300ac1de30d9654853\" style=\"font-size:clamp(0.875rem, 0.875rem + ((1vw - 0.2rem) * 0.525), 1.19rem);font-style:normal;font-weight:400;text-transform:uppercase\">milder Preis<\/p>\n<\/div>\n\n\n\n<h1 class=\"wp-block-heading has-calming-font-family\" style=\"font-size:clamp(2.178rem, 2.178rem + ((1vw - 0.2rem) * 2.953), 3.95rem);line-height:1;text-transform:uppercase\">Camping Royan g\u00fcnstig<\/h1>\n\n\n\n<div class=\"wp-block-group content has-global-padding is-layout-constrained wp-container-core-group-is-layout-bfec7e37 wp-block-group-is-layout-constrained\" style=\"margin-top:0px;margin-bottom:0px;padding-top:4rem;padding-right:5rem;padding-bottom:4rem\">\n<p style=\"margin-bottom:var(--wp--preset--spacing--40)\">Sie m\u00f6chten gerne die Charente-Maritime kennenlernen, aber Sie haben nur ein kleines Urlaubsbudget? Keine Sorge, denn auf unserem <a href=\"\/\">Campingplatz in Saint-Palais-sur-Mer<\/a> k\u00f6nnen Sie alle Vorteile und den Komfort eines <strong>5-Sterne-Campingplatzes zum kleinen Preis<\/strong> genie\u00dfen! Ob Stellplatz f\u00fcr ein Wohnmobil, Mobilheim oder atypische Unterkunft&#8230; Egal, welche Art von Unterkunft Sie bevorzugen und wie viele N\u00e4chte Sie bleiben, Sie werden Ihren <strong>Campingplatz in der Charente-Maritime zu einem g\u00fcnstigen Preis<\/strong> genie\u00dfen. <\/p>\n\n\n\n<h2 class=\"wp-block-heading\"><strong>Ihr Campingurlaub zum besten Preis-Leistungs-Verh\u00e4ltnis in Royan<\/strong><\/h2>\n\n\n\n<figure class=\"wp-block-image aligncenter size-large\"><img decoding=\"async\" width=\"264\" height=\"22\" src=\"https:\/\/www.campingdes2plages.fr\/wp-content\/uploads\/2025\/11\/ligne-horizontale-et-point-beige.svg\" alt=\"horizontale Linie und beiger Punkt\" class=\"wp-image-377\" \/><\/figure>\n\n\n\n    <div id=\"gt-fse-lire-plus-1\"\n         class=\"gt-fse-lire-plus\"\n         data-min-height=\"130\"\n         style=\"background-color: #f9f9f9;\">\n\n        <input id=\"gt-fse-lire-plus-1-toggle\"\n               type=\"checkbox\"\n               class=\"gt-fse-lire-plus__toggle\" \/>\n\n        <label for=\"gt-fse-lire-plus-1-toggle\"\n               class=\"gt-fse-lire-plus__toggle-label\">\n            <span>Lire plus<\/span>\n            <span>Lire moins<\/span>\n        <\/label>\n\n        <div class=\"gt-fse-lire-plus__content\"\n             style=\"height: 130px;\">\n\n            \n\n<p>Sie dachten, dass es nicht m\u00f6glich ist, die Dienstleistungen und Einrichtungen eines <a href=\"https:\/\/www.campingdes2plages.fr\/de\/camping-royan\/\">5-Sterne-Campingplatzes in Royan<\/a><strong> zu einem kleinen Preis zu<\/strong> genie\u00dfen? Auf <strong>Camping des 2 Plages<\/strong> ist das m\u00f6glich! Einer der beliebtesten Orte f\u00fcr Camper ist sicherlich der Wasserbereich mit seinem <a href=\"https:\/\/www.campingdes2plages.fr\/de\/camping-royan-piscine-chauffee\/\">beheizten Hallenbad<\/a>, dem <strong>beheizten Au\u00dfenpool<\/strong> und einem <strong>sicheren Wasserbereich<\/strong> mit Spielger\u00e4ten f\u00fcr Kinder. Im <strong>Spa<\/strong> k\u00f6nnen Sie sich entspannen und wohlf\u00fchlen.   <\/p>\n\n\n\n<p>Das Bar-Restaurant l\u00e4dt Sie zu einem geselligen Moment bei einem Glas oder einem hausgemachten Gericht ein. Die Animateure bieten Ihnen <strong>Wassergymnastik<\/strong>, <strong>Strandl\u00e4ufe<\/strong> oder Themenabende an, um Ihren Aufenthalt perfekt zu machen. <\/p>\n\n\n\n<p>Unser <strong>g\u00fcnstiger Campingplatz in der N\u00e4he von Royan<\/strong> verf\u00fcgt \u00fcber einen Kinderclub, der zahlreiche Animationen rund um den herrlichen <strong>Wasserpark<\/strong> anbietet. Sie k\u00f6nnen sich auf den Liegest\u00fchlen am <strong>Schwimmbad<\/strong> oder im <strong>Spa<\/strong> entspannen oder die Region erkunden, w\u00e4hrend Ihre Kleinen unter der Anleitung der professionellen Animateure des Zentrums spielen und Spa\u00df haben. <\/p>\n\n\n\n<p>Ihr <strong>g\u00fcnstiger 5-Sterne-Campingplatz<\/strong> in der <strong>N\u00e4he von Royan<\/strong> liegt in Saint-Palais-sur-Mer in der Charente-Maritime, wo Sie den <strong>Strand<\/strong> und das <strong>Meer<\/strong> genie\u00dfen k\u00f6nnen. In nur 600 Metern Entfernung finden Sie einen <strong>wundersch\u00f6nen Sandstrand<\/strong> und das Stadtzentrum. Sie k\u00f6nnen alles zu Fu\u00df erreichen oder ein Fahrrad an der Rezeption des Campingplatzes mieten. Wenn Sie noch z\u00f6gern, Ihre N\u00e4chte auf einem Last-Minute-Campingplatz in Royan zu buchen, lesen Sie die Bewertungen unserer Kunden, die unsere Freiluftunterkunft aufgrund des ausgezeichneten <strong>Preis-Leistungs-Verh\u00e4ltnisses<\/strong> zu einem der <strong>besten Campingpl\u00e4tze der Charente-Maritime<\/strong> gew\u00e4hlt haben.   <\/p>\n\n\n            <div class=\"gt-fse-lire-plus__gradient\"\n                 style=\"background: linear-gradient(to bottom, rgba(249,249,249,0) 0%, rgba(249,249,249,1) 100%);\"><\/div>\n        <\/div>\n\n    <\/div>\n\n    <\/div>\n<\/div>\n<\/div>\n\n\n\n<figure class=\"wp-block-image size-full background-image\"><img decoding=\"async\" width=\"615\" height=\"622\" src=\"https:\/\/www.campingdes2plages.fr\/wp-content\/uploads\/2025\/11\/dessin-coquillages-fond.webp\" alt=\"Zeichnung Muscheln Hintergrund\" class=\"wp-image-297\" style=\"aspect-ratio:1;object-fit:contain\" srcset=\"https:\/\/www.campingdes2plages.fr\/wp-content\/uploads\/2025\/11\/dessin-coquillages-fond.webp 615w, https:\/\/www.campingdes2plages.fr\/wp-content\/uploads\/2025\/11\/dessin-coquillages-fond-297x300.webp 297w\" sizes=\"(max-width: 615px) 100vw, 615px\" \/><\/figure>\n<\/div>\n\n<div class=\"wp-block-group gt_1-cta-1photofull_001 has-global-padding is-layout-constrained wp-container-core-group-is-layout-f2b0cc95 wp-block-group-is-layout-constrained\" style=\"margin-top:0px;margin-bottom:0px;padding-right:2rem;padding-left:2rem\">\n<div class=\"wp-block-cover is-light gt-multiple-images-cover has-slider\" style=\"border-radius:25px;min-height:100vh;aspect-ratio:unset;\" data-image-ids=\"[3866]\"><div class=\"gt-is-slider swiper-container\" data-swiper=\"{&quot;speed&quot;:1000,&quot;autoplay&quot;:{&quot;delay&quot;:5000,&quot;disableOnInteraction&quot;:false},&quot;spaceBetween&quot;:0,&quot;slidesPerView&quot;:1,&quot;pagination&quot;:{&quot;el&quot;:&quot;.swiper-pagination&quot;,&quot;dynamicBullets&quot;:true,&quot;clickable&quot;:true,&quot;type&quot;:&quot;bullets&quot;},&quot;navigation&quot;:{&quot;nextEl&quot;:&quot;.gt_1-cta-1photofull_001 .arrow-slider-next&quot;,&quot;prevEl&quot;:&quot;.gt_1-cta-1photofull_001 .arrow-slider-prev&quot;},&quot;breakpoints&quot;:[{&quot;slidesPerView&quot;:1}],&quot;effect&quot;:&quot;fade&quot;}\"><div class=\"swiper-wrapper\"><div class=\"swiper-slide\"><img decoding=\"async\" src=\"https:\/\/www.campingdes2plages.fr\/wp-content\/uploads\/2026\/01\/location-insolite-royan-camping-des-2-plages.jpg\" alt=\"location insolite royan camping des 2 plages\" class=\"gt-cover-image\" \/><\/div><\/div><\/div><span aria-hidden=\"true\" class=\"wp-block-cover__background has-background-dim-0 has-background-dim\"><\/span><div class=\"wp-block-cover__inner-container has-global-padding is-layout-constrained wp-container-core-cover-is-layout-12243e0f wp-block-cover-is-layout-constrained\">\n<figure class=\"wp-block-image size-large arrow-slider-prev\"><img decoding=\"async\" width=\"87\" height=\"11\" src=\"https:\/\/www.campingdes2plages.fr\/wp-content\/uploads\/2025\/11\/fleche-longue-gauche-beige.svg\" alt=\"Langpfeil links beige\" class=\"wp-image-351\" \/><\/figure>\n\n\n\n<figure class=\"wp-block-image size-large arrow-slider-next\"><img decoding=\"async\" width=\"87\" height=\"11\" src=\"https:\/\/www.campingdes2plages.fr\/wp-content\/uploads\/2025\/11\/fleche-longue-droite-beige.svg\" alt=\"Langpfeil gerade beige\" class=\"wp-image-347\" \/><\/figure>\n\n\n\n<div class=\"wp-block-group content has-custom-color-1-background-color has-background has-global-padding is-layout-constrained wp-container-core-group-is-layout-3087699c wp-block-group-is-layout-constrained\" style=\"border-radius:25px;padding-top:0rem;padding-right:6rem;padding-bottom:4rem;padding-left:6rem\">\n<figure class=\"wp-block-image aligncenter size-large\"><img decoding=\"async\" width=\"22\" height=\"122\" src=\"https:\/\/www.campingdes2plages.fr\/wp-content\/uploads\/2025\/11\/ligne-verticale-et-point-beige.svg\" alt=\"vertikale Linie und beiger Punkt\" class=\"wp-image-334\" \/><\/figure>\n\n\n\n<p class=\"has-text-align-center animated slideInUp has-custom-color-3-color has-text-color has-link-color has-calming-font-family wp-elements-2342302cc64f16f512f46e427088f09a\" style=\"font-size:clamp(2.178rem, 2.178rem + ((1vw - 0.2rem) * 2.953), 3.95rem);line-height:1;text-transform:uppercase\">ideal<\/p>\n\n\n\n<h2 class=\"wp-block-heading has-text-align-center animated slideInUp has-custom-color-3-color has-text-color has-link-color wp-elements-2c190a55ada2afdd6e75fd0e91dd7f74\">Ihre Campingunterkunft in Royan zum g\u00fcnstigen Preis<\/h2>\n\n\n\n<p class=\"has-text-align-center animated slideInUp has-custom-color-3-color has-text-color has-link-color wp-elements-7f4242b404496cf4ef2e910cc539ea04\">Unser <strong>preisg\u00fcnstiger Campingplatz in der N\u00e4he von Royan<\/strong> bietet verschiedene Arten von Unterk\u00fcnften, vom klassischen Zeltplatz bis zum Mobilheim, ideal f\u00fcr einen mehrt\u00e4gigen Aufenthalt mit Kindern in <strong>Strandn\u00e4he<\/strong>.<\/p>\n\n\n\n    <div id=\"gt-fse-lire-plus-2\"\n         class=\"gt-fse-lire-plus\"\n         data-min-height=\"130\"\n         style=\"background-color: #092c38;\">\n\n        <input id=\"gt-fse-lire-plus-2-toggle\"\n               type=\"checkbox\"\n               class=\"gt-fse-lire-plus__toggle\" \/>\n\n        <label for=\"gt-fse-lire-plus-2-toggle\"\n               class=\"gt-fse-lire-plus__toggle-label\">\n            <span>Lire plus<\/span>\n            <span>Lire moins<\/span>\n        <\/label>\n\n        <div class=\"gt-fse-lire-plus__content\"\n             style=\"height: 130px;\">\n\n            \n\n<p class=\"has-text-align-center animated slideInUp has-custom-color-3-color has-text-color has-link-color wp-elements-cf25f5c5fe4e50037e1e1c4d56441a7c\">Wo auch immer Sie sich niederlassen, k\u00f6nnen Sie sich entspannen und Ihre Lieben in einer gr\u00fcnen Umgebung genie\u00dfen. Jedes <a href=\"https:\/\/www.campingdes2plages.fr\/de\/mobilheimvermietung-saint-palais-sur-mer\/\">Mobilheim<\/a> verf\u00fcgt \u00fcber alle Annehmlichkeiten, die Sie f\u00fcr einen g\u00fcnstigen <strong>Campingurlaub in der N\u00e4he von Royan<\/strong> ben\u00f6tigen: bequeme Betten in den Schlafzimmern, ein ger\u00e4umiges Wohnzimmer, eine voll ausgestattete K\u00fcche, ein gem\u00fctliches Badezimmer und eine Sonnenterrasse, und das alles zu einem g\u00fcnstigen Preis mit Zugang zum <strong>Schwimmbad <\/strong>nur wenige Schritte vom Mobilheim entfernt. <\/p>\n\n\n\n<p class=\"has-text-align-center animated slideInUp has-custom-color-3-color has-text-color has-link-color wp-elements-0e8829a5e08a4037a2afc05d9e2692cf\">Ob zu zweit, mit der Familie oder mit Freunden, Sie werden auf jeden Fall ein Mobilheim mit mehreren Schlafzimmern finden, das Sie aufnehmen kann und Ihnen gleichzeitig viel Platz bietet! Und f\u00fcr einen originellen Aufenthalt entdecken Sie unsere <a href=\"https:\/\/www.campingdes2plages.fr\/de\/ungeoehnliche-vermietung-royan\/\">atypischen Unterk\u00fcnfte in der N\u00e4he von Royan<\/a>, wie das<strong>Insolit&#8217;Coco<\/strong>, eine gelungene Mischung aus Mobilheim und Zelt. <\/p>\n\n\n\n<p class=\"has-text-align-center animated slideInUp has-custom-color-3-color has-text-color has-link-color wp-elements-468c36e4e90f26f26c3690045c556fb4\">Die Stellpl\u00e4tze f\u00fcr Wohnwagen, Wohnmobile und Zelte sind von Hecken umgeben, um die Privatsph\u00e4re zu gew\u00e4hrleisten. Sie befinden sich in der N\u00e4he von<strong>Wasserstellen<\/strong> und anderen Einrichtungen und einige verf\u00fcgen sogar \u00fcber Strom. Sie haben eine Fl\u00e4che von mindestens 80 m\u00b2, auf der Sie Ihr Wohnmobil oder Ihren Wohnwagen abstellen oder Ihr Zelt aufstellen k\u00f6nnen. Die <strong>Duschen<\/strong> und sanit\u00e4ren Einrichtungen werden regelm\u00e4\u00dfig gewartet und f\u00fcr Familien gibt es sogar eine Kabine mit Kinderbadewanne.  <\/p>\n\n\n\n<p class=\"has-text-align-center animated slideInUp has-custom-color-3-color has-text-color has-link-color wp-elements-79b755f8322f203723523cddf4257eee\">Einen Stellplatz zu mieten ist einerseits die Garantie f\u00fcr einen gelungenen traditionellen Campingurlaub und andererseits der beste Kompromiss f\u00fcr einen <strong>preisg\u00fcnstigen Urlaub <\/strong>mit <strong>Schwimmbad <\/strong>!<\/p>\n\n\n            <div class=\"gt-fse-lire-plus__gradient\"\n                 style=\"background: linear-gradient(to bottom, rgba(9,44,56,0) 0%, rgba(9,44,56,1) 100%);\"><\/div>\n        <\/div>\n\n    <\/div>\n\n    <\/div>\n<\/div><\/div>\n<\/div>\n\n<div class=\"wp-block-group section-simple has-global-padding is-layout-constrained wp-container-core-group-is-layout-18d4e37a wp-block-group-is-layout-constrained\" style=\"margin-top:0px;margin-bottom:0px;padding-top:2rem;padding-right:10rem;padding-bottom:2rem;padding-left:10rem\">\n<div class=\"wp-block-columns are-vertically-aligned-center is-layout-flex wp-container-core-columns-is-layout-b23a18ed wp-block-columns-is-layout-flex\">\n<div class=\"wp-block-column is-vertically-aligned-center is-layout-flow wp-block-column-is-layout-flow\">\n<h2 class=\"wp-block-heading\">Guter Plan f\u00fcr Ihren Campingplatz in der Charente-Maritime<\/h2>\n\n\n\n<p>Sie k\u00f6nnen es kaum erwarten, Ihren Aufenthalt auf einem <strong>g\u00fcnstigen Campingplatz in Royan<\/strong> zu genie\u00dfen? Sie kommen nicht nur in den Genuss von zahlreichen Animationen, au\u00dfergew\u00f6hnlichem Service und Qualit\u00e4t, sondern werden auch auf einem der <strong>am besten gelegenen Campingpl\u00e4tze der Region<\/strong> untergebracht. Von Ihrer Unterkunft aus k\u00f6nnen Sie bequem die sch\u00f6nsten St\u00e4dte der Region Poitou-Charentes besuchen: <a href=\"https:\/\/www.campingdes2plages.fr\/de\/tourismus-charente-maritime\/royan-entdecken\/\">Royan<\/a>, <a href=\"https:\/\/www.campingdes2plages.fr\/de\/camping-la-palmyre\/\">La Palmyre<\/a> oder Saint-Georges-de-Didonne, um nur einige zu nennen.  <\/p>\n\n\n\n<p>Um von den <strong>besten Preisen<\/strong> zu profitieren, denken Sie daran, schnell Ihren Urlaub oder Ihr <a href=\"https:\/\/www.campingdes2plages.fr\/de\/weekend-royan\/\">Wochenende in der N\u00e4he von Royan<\/a> auf dem <strong>Camping des 2 Plages<\/strong> zu reservieren. Wenn Sie sich f\u00fcr eine Reservierung auf unserer Website oder direkt per Telefon entscheiden, k\u00f6nnen Sie von<strong>au\u00dfergew\u00f6hnlichen Angeboten<\/strong> und <strong>sehr g\u00fcnstigen Preisen<\/strong> f\u00fcr Ihren Aufenthalt profitieren. Wenn Sie zum Beispiel mehrere N\u00e4chte buchen, profitieren Sie von einem sehr g\u00fcnstigen <strong>Staffelpreis<\/strong>.  <\/p>\n\n\n\n<p>Unser<strong> g\u00fcnstiger Campingplatz in der N\u00e4he von Royan<\/strong> bietet auch Kurzaufenthalte von 1 bis 2 N\u00e4chten an, ideal f\u00fcr Urlauber, die w\u00e4hrend ihrer Reise durch die Poitou-Charentes einen Zwischenstopp auf einem der Campingpl\u00e4tze am <strong>Meer<\/strong> einlegen m\u00f6chten. Familien mit Kindern, die gerne ein paar Tage aus dem Alltag ausbrechen m\u00f6chten, k\u00f6nnen auch einen unbeschwerten Urlaub genie\u00dfen, indem sie ein Mobilheim mit allen notwendigen Annehmlichkeiten mieten; der<strong> preisg\u00fcnstige<\/strong> <strong>Campingplatz in der N\u00e4he von Royan<\/strong> ist auf die Ankunft von kleinen Kindern eingestellt. <\/p>\n\n\n\n<p>F\u00fcr weitere Informationen zu aktuellen Angeboten, Zahlungsaufschub, Stornierungen usw. wenden Sie sich bitte an die Rezeption unseres Campingplatzes Royan. Warten Sie nicht l\u00e4nger und buchen Sie Ihren Urlaub auf einem der <strong>besten Campingpl\u00e4tze in der Region Poitou-Charentes<\/strong>? <\/p>\n<\/div>\n\n\n\n<div class=\"wp-block-column is-vertically-aligned-center is-layout-flow wp-block-column-is-layout-flow\">\n<figure class=\"wp-block-image size-full has-custom-border\"><img decoding=\"async\" width=\"1000\" height=\"667\" src=\"https:\/\/www.campingdes2plages.fr\/wp-content\/uploads\/2026\/01\/camping-famille.jpg\" alt=\"Familiencamping\" class=\"wp-image-3469\" style=\"border-radius:15px\" srcset=\"https:\/\/www.campingdes2plages.fr\/wp-content\/uploads\/2026\/01\/camping-famille.jpg 1000w, https:\/\/www.campingdes2plages.fr\/wp-content\/uploads\/2026\/01\/camping-famille-300x200.jpg 300w, https:\/\/www.campingdes2plages.fr\/wp-content\/uploads\/2026\/01\/camping-famille-768x512.jpg 768w\" sizes=\"(max-width: 1000px) 100vw, 1000px\" \/><\/figure>\n<\/div>\n<\/div>\n<\/div>\n\n<div class=\"wp-block-group gt_mosaiquegrid_001 has-global-padding is-layout-constrained wp-container-core-group-is-layout-f0730bc7 wp-block-group-is-layout-constrained\" style=\"margin-top:0px;margin-bottom:13rem;padding-right:0rem;padding-left:0rem\">\n<div class=\"wp-block-columns galerie animated slideInUp is-layout-flex wp-container-core-columns-is-layout-8a6dcda2 wp-block-columns-is-layout-flex\" style=\"margin-top:3rem\">\n<div class=\"wp-block-column is-vertically-aligned-bottom col-1 is-layout-flow wp-block-column-is-layout-flow\">\n<figure class=\"wp-block-image size-full has-custom-border\"><img decoding=\"async\" width=\"716\" height=\"600\" src=\"https:\/\/www.campingdes2plages.fr\/wp-content\/uploads\/2026\/01\/emplacement-camping-car-royan.jpg\" alt=\"Stellplatz Wohnmobil royan\" class=\"wp-image-3474\" style=\"border-radius:15px\" srcset=\"https:\/\/www.campingdes2plages.fr\/wp-content\/uploads\/2026\/01\/emplacement-camping-car-royan.jpg 716w, https:\/\/www.campingdes2plages.fr\/wp-content\/uploads\/2026\/01\/emplacement-camping-car-royan-300x251.jpg 300w\" sizes=\"(max-width: 716px) 100vw, 716px\" \/><\/figure>\n\n\n\n<figure class=\"wp-block-image size-full has-custom-border\"><img decoding=\"async\" width=\"716\" height=\"600\" src=\"https:\/\/www.campingdes2plages.fr\/wp-content\/uploads\/2026\/01\/royan-tente-emplacement.jpg\" alt=\"royan Zelt Stellplatz\" class=\"wp-image-3486\" style=\"border-radius:15px\" srcset=\"https:\/\/www.campingdes2plages.fr\/wp-content\/uploads\/2026\/01\/royan-tente-emplacement.jpg 716w, https:\/\/www.campingdes2plages.fr\/wp-content\/uploads\/2026\/01\/royan-tente-emplacement-300x251.jpg 300w\" sizes=\"(max-width: 716px) 100vw, 716px\" \/><\/figure>\n<\/div>\n\n\n\n<div class=\"wp-block-column is-vertically-aligned-bottom col-2 is-layout-flow wp-block-column-is-layout-flow\">\n<figure class=\"wp-block-image size-full has-custom-border\"><img decoding=\"async\" width=\"716\" height=\"600\" src=\"https:\/\/www.campingdes2plages.fr\/wp-content\/uploads\/2026\/01\/camping-car-diner.jpg\" alt=\"Wohnmobil Abendessen\" class=\"wp-image-3478\" style=\"border-radius:15px\" srcset=\"https:\/\/www.campingdes2plages.fr\/wp-content\/uploads\/2026\/01\/camping-car-diner.jpg 716w, https:\/\/www.campingdes2plages.fr\/wp-content\/uploads\/2026\/01\/camping-car-diner-300x251.jpg 300w\" sizes=\"(max-width: 716px) 100vw, 716px\" \/><\/figure>\n\n\n\n<figure class=\"wp-block-image size-full has-custom-border\"><img decoding=\"async\" width=\"716\" height=\"600\" src=\"https:\/\/www.campingdes2plages.fr\/wp-content\/uploads\/2026\/01\/royan-mobil-home.jpg\" alt=\"royan mobilheim\" class=\"wp-image-3490\" style=\"border-radius:15px\" srcset=\"https:\/\/www.campingdes2plages.fr\/wp-content\/uploads\/2026\/01\/royan-mobil-home.jpg 716w, https:\/\/www.campingdes2plages.fr\/wp-content\/uploads\/2026\/01\/royan-mobil-home-300x251.jpg 300w\" sizes=\"(max-width: 716px) 100vw, 716px\" \/><\/figure>\n<\/div>\n\n\n\n<div class=\"wp-block-column is-vertically-aligned-bottom col-3 is-layout-flow wp-block-column-is-layout-flow\">\n<figure class=\"wp-block-image size-full has-custom-border\"><img decoding=\"async\" width=\"716\" height=\"600\" src=\"https:\/\/www.campingdes2plages.fr\/wp-content\/uploads\/2026\/01\/mobil-home-terrasse.jpg\" alt=\"Mobilheim Terrasse\" class=\"wp-image-3482\" style=\"border-radius:15px\" srcset=\"https:\/\/www.campingdes2plages.fr\/wp-content\/uploads\/2026\/01\/mobil-home-terrasse.jpg 716w, https:\/\/www.campingdes2plages.fr\/wp-content\/uploads\/2026\/01\/mobil-home-terrasse-300x251.jpg 300w\" sizes=\"(max-width: 716px) 100vw, 716px\" \/><\/figure>\n\n\n\n<figure class=\"wp-block-image size-full has-custom-border\"><img decoding=\"async\" width=\"716\" height=\"600\" src=\"https:\/\/www.campingdes2plages.fr\/wp-content\/uploads\/2026\/01\/emplacement-tente.jpg\" alt=\"Zeltplatz\" class=\"wp-image-3495\" style=\"border-radius:15px\" srcset=\"https:\/\/www.campingdes2plages.fr\/wp-content\/uploads\/2026\/01\/emplacement-tente.jpg 716w, https:\/\/www.campingdes2plages.fr\/wp-content\/uploads\/2026\/01\/emplacement-tente-300x251.jpg 300w\" sizes=\"(max-width: 716px) 100vw, 716px\" \/><\/figure>\n<\/div>\n<\/div>\n<\/div>\n\n<div class=\"wp-block-group section-maillage has-global-padding is-layout-constrained wp-container-core-group-is-layout-b07b1a8a wp-block-group-is-layout-constrained\" style=\"padding-top:0px;padding-right:1rem;padding-bottom:0rem;padding-left:1rem\">\n<div class=\"wp-block-group top has-custom-color-3-background-color has-background has-global-padding is-layout-constrained wp-container-core-group-is-layout-a3553d93 wp-block-group-is-layout-constrained\" style=\"margin-top:0px;margin-bottom:0px;padding-top:4rem;padding-right:4rem;padding-bottom:4rem;padding-left:4rem\">\n<div class=\"wp-block-group is-content-justification-center is-nowrap is-layout-flex wp-container-core-group-is-layout-06d12f70 wp-block-group-is-layout-flex\">\n<figure class=\"wp-block-image size-full is-resized\"><img decoding=\"async\" width=\"21\" height=\"21\" src=\"https:\/\/www.campingdes2plages.fr\/wp-content\/uploads\/2025\/11\/etoile-custom-beige.svg\" alt=\"Stern Custom beige\" class=\"wp-image-223\" style=\"object-fit:contain;width:21px;height:21px\" \/><\/figure>\n\n\n\n<p class=\"has-custom-color-4-color has-text-color has-link-color wp-elements-b476a1788281dfa3efc92b01dbb8e300\" style=\"font-size:clamp(0.875rem, 0.875rem + ((1vw - 0.2rem) * 0.525), 1.19rem);font-style:normal;font-weight:400;text-transform:uppercase\">Entdecken Sie mehr<\/p>\n<\/div>\n\n\n\n<p class=\"has-text-align-center has-custom-color-1-color has-text-color has-link-color has-calming-font-family wp-elements-a2fffb675ed5f51a30d483d627343ea5\" style=\"font-size:clamp(2.423rem, 2.423rem + ((1vw - 0.2rem) * 3.483), 4.513rem);line-height:1;text-transform:uppercase\">Entdecken Sie den Campingplatz Royan <br \/>&amp; unsere sch\u00f6ne Region<\/p>\n\n\n\n<figure class=\"wp-block-image aligncenter size-large\"><img decoding=\"async\" width=\"264\" height=\"22\" src=\"https:\/\/www.campingdes2plages.fr\/wp-content\/uploads\/2025\/11\/ligne-horizontale-et-point-beige.svg\" alt=\"horizontale Linie und beiger Punkt\" class=\"wp-image-377\" \/><\/figure>\n<\/div>\n\n\n\n<figure class=\"wp-block-image size-large arrow-slider-prev\"><img decoding=\"async\" width=\"87\" height=\"11\" src=\"https:\/\/www.campingdes2plages.fr\/wp-content\/uploads\/2025\/11\/fleche-longue-gauche-beige.svg\" alt=\"Langpfeil links beige\" class=\"wp-image-351\" \/><\/figure>\n\n\n\n<figure class=\"wp-block-image size-large arrow-slider-next\"><img decoding=\"async\" width=\"87\" height=\"11\" src=\"https:\/\/www.campingdes2plages.fr\/wp-content\/uploads\/2025\/11\/fleche-longue-droite-beige.svg\" alt=\"Langpfeil gerade beige\" class=\"wp-image-347\" \/><\/figure>\n\n\n\n<div data-swiper=\"{&quot;speed&quot;:400,&quot;spaceBetween&quot;:16,&quot;slidesPerView&quot;:3,&quot;createElements&quot;:true,&quot;loop&quot;:true,&quot;freemode&quot;:true,&quot;navigation&quot;:{&quot;nextEl&quot;:&quot;.section-maillage .arrow-slider-next&quot;,&quot;prevEl&quot;:&quot;.section-maillage .arrow-slider-prev&quot;},&quot;pagination&quot;:{&quot;el&quot;:&quot;.swiper-pagination&quot;,&quot;dynamicBullets&quot;:true},&quot;breakpoints&quot;:{&quot;0&quot;:{&quot;slidesPerView&quot;:1},&quot;768&quot;:{&quot;slidesPerView&quot;:2},&quot;1024&quot;:{&quot;slidesPerView&quot;:2},&quot;1025&quot;:{&quot;slidesPerView&quot;:3}},&quot;autoplay&quot;:{&quot;delay&quot;:3000}}\" data-wp-context=\"{}\" data-wp-interactive=\"core\/query\" data-wp-key=\"1\" data-wp-router-region=\"query-1\" class=\"wp-block-query alignwide gt-fse-maillage-query gt-is-slider gt-is-slider-desktop is-layout-flow wp-block-query-is-layout-flow\"><ul class=\"columns-3 wp-block-post-template is-layout-grid wp-container-core-post-template-is-layout-6d3fbd8f wp-block-post-template-is-layout-grid\"><li data-wp-key=\"post-template-item-6674\" class=\"wp-block-post post-6674 page type-page status-publish has-post-thumbnail hentry\">\n<a href=\"https:\/\/www.campingdes2plages.fr\/de\/camping-royan\/camping-royan-piscine-chauffee\/\"    class=\"wp-block-tiptip-hyperlink-group-block\" >\n<div data-swiper=\"{&quot;speed&quot;:1000,&quot;autoplay&quot;:{&quot;delay&quot;:5000,&quot;disableOnInteraction&quot;:false},&quot;spaceBetween&quot;:0,&quot;slidesPerView&quot;:1,&quot;pagination&quot;:{&quot;el&quot;:&quot;.swiper-pagination&quot;,&quot;dynamicBullets&quot;:true,&quot;clickable&quot;:true,&quot;type&quot;:&quot;bullets&quot;},&quot;navigation&quot;:{&quot;nextEl&quot;:&quot;.swiper-button-next&quot;,&quot;prevEl&quot;:&quot;.swiper-button-prev&quot;},&quot;breakpoints&quot;:[{&quot;slidesPerView&quot;:1}]}\" class=\"wp-block-cover\" style=\"border-radius:15px\"><span aria-hidden=\"true\" class=\"wp-block-cover__background has-background-dim-60 has-background-dim has-background-gradient\" style=\"background:linear-gradient(0deg,rgb(0,0,0) 0%,rgba(255,255,255,0) 100%)\"><\/span><img decoding=\"async\" width=\"1920\" height=\"1280\" src=\"https:\/\/www.campingdes2plages.fr\/wp-content\/uploads\/2026\/01\/le-parc-aquatique-de-notre-camping-5-etoiles-e1767796098424.jpg\" class=\"wp-block-cover__image-background wp-post-image\" alt=\"\" data-object-fit=\"cover\" \/><div class=\"wp-block-cover__inner-container has-global-padding is-layout-constrained wp-container-core-cover-is-layout-12243e0f wp-block-cover-is-layout-constrained\">\n<div class=\"wp-block-group has-global-padding is-layout-constrained wp-block-group-is-layout-constrained\">\n<div class=\"wp-block-group icon has-custom-color-4-background-color has-background has-global-padding is-layout-constrained wp-container-core-group-is-layout-12243e0f wp-block-group-is-layout-constrained\" style=\"border-radius:7px\">\n<figure class=\"wp-block-image size-full is-resized wp-duotone-ffebb3-ffebb3-4\"><img decoding=\"async\" width=\"21\" height=\"21\" src=\"https:\/\/www.campingdes2plages.fr\/wp-content\/uploads\/2025\/11\/etoile-custom-beige.svg\" alt=\"Stern Custom beige\" class=\"wp-image-223\" style=\"object-fit:contain;width:26px;height:26px\" \/><\/figure>\n<\/div>\n<\/div>\n\n\n\n<p class=\"has-text-align-center has-base-2-color has-text-color has-link-color has-sosro-font-family wp-elements-fae88359324170708bba5cd143a776b0\" style=\"font-size:clamp(2.089rem, 2.089rem + ((1vw - 0.2rem) * 2.768), 3.75rem);line-height:1\">Campingplatz Royan mit Schwimmbad<\/p>\n<\/div><\/div>\n<\/a>\n<\/li><li data-wp-key=\"post-template-item-4154\" class=\"wp-block-post post-4154 page type-page status-publish has-post-thumbnail hentry\">\n<a href=\"https:\/\/www.campingdes2plages.fr\/de\/tourismus-charente-maritime\/\"    class=\"wp-block-tiptip-hyperlink-group-block\" >\n<div data-swiper=\"{&quot;speed&quot;:1000,&quot;autoplay&quot;:{&quot;delay&quot;:5000,&quot;disableOnInteraction&quot;:false},&quot;spaceBetween&quot;:0,&quot;slidesPerView&quot;:1,&quot;pagination&quot;:{&quot;el&quot;:&quot;.swiper-pagination&quot;,&quot;dynamicBullets&quot;:true,&quot;clickable&quot;:true,&quot;type&quot;:&quot;bullets&quot;},&quot;navigation&quot;:{&quot;nextEl&quot;:&quot;.swiper-button-next&quot;,&quot;prevEl&quot;:&quot;.swiper-button-prev&quot;},&quot;breakpoints&quot;:[{&quot;slidesPerView&quot;:1}]}\" class=\"wp-block-cover\" style=\"border-radius:15px\"><span aria-hidden=\"true\" class=\"wp-block-cover__background has-background-dim-60 has-background-dim has-background-gradient\" style=\"background:linear-gradient(0deg,rgb(0,0,0) 0%,rgba(255,255,255,0) 100%)\"><\/span><img decoding=\"async\" width=\"1920\" height=\"640\" src=\"https:\/\/www.campingdes2plages.fr\/wp-content\/uploads\/2026\/01\/tourisme-charente-maritime.jpg\" class=\"wp-block-cover__image-background wp-post-image\" alt=\"Tourismus charente maritime\" data-object-fit=\"cover\" srcset=\"https:\/\/www.campingdes2plages.fr\/wp-content\/uploads\/2026\/01\/tourisme-charente-maritime.jpg 1920w, https:\/\/www.campingdes2plages.fr\/wp-content\/uploads\/2026\/01\/tourisme-charente-maritime-300x100.jpg 300w, https:\/\/www.campingdes2plages.fr\/wp-content\/uploads\/2026\/01\/tourisme-charente-maritime-1024x341.jpg 1024w, https:\/\/www.campingdes2plages.fr\/wp-content\/uploads\/2026\/01\/tourisme-charente-maritime-768x256.jpg 768w, https:\/\/www.campingdes2plages.fr\/wp-content\/uploads\/2026\/01\/tourisme-charente-maritime-1536x512.jpg 1536w\" sizes=\"(max-width: 1920px) 100vw, 1920px\" \/><div class=\"wp-block-cover__inner-container has-global-padding is-layout-constrained wp-container-core-cover-is-layout-12243e0f wp-block-cover-is-layout-constrained\">\n<div class=\"wp-block-group has-global-padding is-layout-constrained wp-block-group-is-layout-constrained\">\n<div class=\"wp-block-group icon has-custom-color-4-background-color has-background has-global-padding is-layout-constrained wp-container-core-group-is-layout-12243e0f wp-block-group-is-layout-constrained\" style=\"border-radius:7px\">\n<figure class=\"wp-block-image size-full is-resized wp-duotone-ffebb3-ffebb3-6\"><img decoding=\"async\" width=\"21\" height=\"21\" src=\"https:\/\/www.campingdes2plages.fr\/wp-content\/uploads\/2025\/11\/etoile-custom-beige.svg\" alt=\"Stern Custom beige\" class=\"wp-image-223\" style=\"object-fit:contain;width:26px;height:26px\" \/><\/figure>\n<\/div>\n<\/div>\n\n\n\n<p class=\"has-text-align-center has-base-2-color has-text-color has-link-color has-sosro-font-family wp-elements-fae88359324170708bba5cd143a776b0\" style=\"font-size:clamp(2.089rem, 2.089rem + ((1vw - 0.2rem) * 2.768), 3.75rem);line-height:1\">Charente-Maritime<\/p>\n<\/div><\/div>\n<\/a>\n<\/li><li data-wp-key=\"post-template-item-4166\" class=\"wp-block-post post-4166 page type-page status-publish has-post-thumbnail hentry\">\n<a href=\"https:\/\/www.campingdes2plages.fr\/de\/mobilheimvermietung-saint-palais-sur-mer\/\"    class=\"wp-block-tiptip-hyperlink-group-block\" >\n<div data-swiper=\"{&quot;speed&quot;:1000,&quot;autoplay&quot;:{&quot;delay&quot;:5000,&quot;disableOnInteraction&quot;:false},&quot;spaceBetween&quot;:0,&quot;slidesPerView&quot;:1,&quot;pagination&quot;:{&quot;el&quot;:&quot;.swiper-pagination&quot;,&quot;dynamicBullets&quot;:true,&quot;clickable&quot;:true,&quot;type&quot;:&quot;bullets&quot;},&quot;navigation&quot;:{&quot;nextEl&quot;:&quot;.swiper-button-next&quot;,&quot;prevEl&quot;:&quot;.swiper-button-prev&quot;},&quot;breakpoints&quot;:[{&quot;slidesPerView&quot;:1}]}\" class=\"wp-block-cover\" style=\"border-radius:15px\"><span aria-hidden=\"true\" class=\"wp-block-cover__background has-background-dim-60 has-background-dim has-background-gradient\" style=\"background:linear-gradient(0deg,rgb(0,0,0) 0%,rgba(255,255,255,0) 100%)\"><\/span><img decoding=\"async\" width=\"1920\" height=\"1440\" src=\"https:\/\/www.campingdes2plages.fr\/wp-content\/uploads\/2026\/01\/location-mobil-home-saint-palais-sur-mer-camping-des-2-plages.jpg\" class=\"wp-block-cover__image-background wp-post-image\" alt=\"Vermietung Mobilheim Saint Palais sur Mer Campingplatz Des 2 Plages\" data-object-fit=\"cover\" srcset=\"https:\/\/www.campingdes2plages.fr\/wp-content\/uploads\/2026\/01\/location-mobil-home-saint-palais-sur-mer-camping-des-2-plages.jpg 1920w, https:\/\/www.campingdes2plages.fr\/wp-content\/uploads\/2026\/01\/location-mobil-home-saint-palais-sur-mer-camping-des-2-plages-300x225.jpg 300w, https:\/\/www.campingdes2plages.fr\/wp-content\/uploads\/2026\/01\/location-mobil-home-saint-palais-sur-mer-camping-des-2-plages-1024x768.jpg 1024w, https:\/\/www.campingdes2plages.fr\/wp-content\/uploads\/2026\/01\/location-mobil-home-saint-palais-sur-mer-camping-des-2-plages-768x576.jpg 768w, https:\/\/www.campingdes2plages.fr\/wp-content\/uploads\/2026\/01\/location-mobil-home-saint-palais-sur-mer-camping-des-2-plages-1536x1152.jpg 1536w\" sizes=\"(max-width: 1920px) 100vw, 1920px\" \/><div class=\"wp-block-cover__inner-container has-global-padding is-layout-constrained wp-container-core-cover-is-layout-12243e0f wp-block-cover-is-layout-constrained\">\n<div class=\"wp-block-group has-global-padding is-layout-constrained wp-block-group-is-layout-constrained\">\n<div class=\"wp-block-group icon has-custom-color-4-background-color has-background has-global-padding is-layout-constrained wp-container-core-group-is-layout-12243e0f wp-block-group-is-layout-constrained\" style=\"border-radius:7px\">\n<figure class=\"wp-block-image size-full is-resized wp-duotone-ffebb3-ffebb3-8\"><img decoding=\"async\" width=\"21\" height=\"21\" src=\"https:\/\/www.campingdes2plages.fr\/wp-content\/uploads\/2025\/11\/etoile-custom-beige.svg\" alt=\"Stern Custom beige\" class=\"wp-image-223\" style=\"object-fit:contain;width:26px;height:26px\" \/><\/figure>\n<\/div>\n<\/div>\n\n\n\n<p class=\"has-text-align-center has-base-2-color has-text-color has-link-color has-sosro-font-family wp-elements-fae88359324170708bba5cd143a776b0\" style=\"font-size:clamp(2.089rem, 2.089rem + ((1vw - 0.2rem) * 2.768), 3.75rem);line-height:1\">Mobilheime<\/p>\n<\/div><\/div>\n<\/a>\n<\/li><\/ul><\/div>\n<\/div>\n","protected":false},"excerpt":{"rendered":"<p>milder Preis Camping Royan g\u00fcnstig Sie m\u00f6chten gerne die Charente-Maritime kennenlernen, aber Sie haben nur ein kleines Urlaubsbudget? Keine Sorge, denn auf unserem Campingplatz in Saint-Palais-sur-Mer k\u00f6nnen Sie alle Vorteile und den Komfort eines 5-Sterne-Campingplatzes zum kleinen Preis genie\u00dfen! Ob Stellplatz f\u00fcr ein Wohnmobil, Mobilheim oder atypische Unterkunft&#8230; Egal, welche Art von Unterkunft Sie bevorzugen [&hellip;]<\/p>\n","protected":false},"author":1,"featured_media":3854,"parent":6686,"menu_order":0,"comment_status":"closed","ping_status":"closed","template":"","meta":{"_acf_changed":false,"_seopress_robots_primary_cat":"","_seopress_titles_title":"G\u00fcnstiger Campingplatz Royan: G\u00fcnstiger Aufenthalt in der N\u00e4he von Royan","_seopress_titles_desc":"Ein Urlaub mit knappem Budget, ein Last-Minute-Urlaub, auf der Suche nach g\u00fcnstigen Angeboten? Entdecken Sie schnell die besten Angebote des Campingplatzes Royan! ","_seopress_robots_index":"","inline_featured_image":false,"gt_fse_maillage_image":"https:\/\/www.campingdes2plages.fr\/wp-content\/uploads\/2026\/01\/location-mobil-home-saint-palais-sur-mer-camping-des-2-plages.jpg","gt_fse_maillage_titre":"G\u00fcnstiger Campingplatz Royan","gt_fse_maillage_alt":"vermietung mobilheim saint palais sur mer camping des 2 plages","gt_fse_maillage_resume":"","footnotes":""},"categories":[],"tags":[],"class_list":["post-6561","page","type-page","status-publish","has-post-thumbnail","hentry"],"acf":[],"_links":{"self":[{"href":"https:\/\/www.campingdes2plages.fr\/de\/wp-json\/wp\/v2\/pages\/6561","targetHints":{"allow":["GET"]}}],"collection":[{"href":"https:\/\/www.campingdes2plages.fr\/de\/wp-json\/wp\/v2\/pages"}],"about":[{"href":"https:\/\/www.campingdes2plages.fr\/de\/wp-json\/wp\/v2\/types\/page"}],"author":[{"embeddable":true,"href":"https:\/\/www.campingdes2plages.fr\/de\/wp-json\/wp\/v2\/users\/1"}],"replies":[{"embeddable":true,"href":"https:\/\/www.campingdes2plages.fr\/de\/wp-json\/wp\/v2\/comments?post=6561"}],"version-history":[{"count":4,"href":"https:\/\/www.campingdes2plages.fr\/de\/wp-json\/wp\/v2\/pages\/6561\/revisions"}],"predecessor-version":[{"id":6702,"href":"https:\/\/www.campingdes2plages.fr\/de\/wp-json\/wp\/v2\/pages\/6561\/revisions\/6702"}],"up":[{"embeddable":true,"href":"https:\/\/www.campingdes2plages.fr\/de\/wp-json\/wp\/v2\/pages\/6686"}],"wp:featuredmedia":[{"embeddable":true,"href":"https:\/\/www.campingdes2plages.fr\/de\/wp-json\/wp\/v2\/media\/3854"}],"wp:attachment":[{"href":"https:\/\/www.campingdes2plages.fr\/de\/wp-json\/wp\/v2\/media?parent=6561"}],"wp:term":[{"taxonomy":"category","embeddable":true,"href":"https:\/\/www.campingdes2plages.fr\/de\/wp-json\/wp\/v2\/categories?post=6561"},{"taxonomy":"post_tag","embeddable":true,"href":"https:\/\/www.campingdes2plages.fr\/de\/wp-json\/wp\/v2\/tags?post=6561"}],"curies":[{"name":"wp","href":"https:\/\/api.w.org\/{rel}","templated":true}]}}