{"id":6592,"date":"2026-01-05T15:57:47","date_gmt":"2026-01-05T14:57:47","guid":{"rendered":"https:\/\/www.campingdes2plages.fr\/location-mobil-home-la-palmyre\/"},"modified":"2026-03-05T13:34:19","modified_gmt":"2026-03-05T12:34:19","slug":"location-mobil-home-la-palmyre","status":"publish","type":"page","link":"https:\/\/www.campingdes2plages.fr\/de\/camping-la-palmyre\/location-mobil-home-la-palmyre\/","title":{"rendered":"Campingplatz La Palmyre Mobilheime"},"content":{"rendered":"\n<div class=\"wp-block-group gt_1-cta-1photo_005 has-global-padding is-layout-constrained wp-container-core-group-is-layout-95847c2b wp-block-group-is-layout-constrained\" style=\"padding-top:4rem;padding-right:5rem;padding-bottom:6rem;padding-left:5rem\">\n<div class=\"wp-block-columns are-vertically-aligned-center is-layout-flex wp-container-core-columns-is-layout-2ce42527 wp-block-columns-is-layout-flex\">\n<div class=\"wp-block-column is-vertically-aligned-center left animated slideInLeft is-layout-flow wp-block-column-is-layout-flow\">\n<figure class=\"wp-block-image size-full has-custom-border img-1\"><img decoding=\"async\" width=\"2559\" height=\"1645\" src=\"https:\/\/www.campingdes2plages.fr\/wp-content\/uploads\/2026\/01\/mobil-homes-avec-jacuzzi-privatif-camping-des-2-plages.jpg\" alt=\"Mobilheim mit eigenem Jacuzzi auf dem Campingplatz des 2 plages\" class=\"wp-image-3871\" style=\"border-radius:15px\" srcset=\"https:\/\/www.campingdes2plages.fr\/wp-content\/uploads\/2026\/01\/mobil-homes-avec-jacuzzi-privatif-camping-des-2-plages.jpg 2559w, https:\/\/www.campingdes2plages.fr\/wp-content\/uploads\/2026\/01\/mobil-homes-avec-jacuzzi-privatif-camping-des-2-plages-300x193.jpg 300w, https:\/\/www.campingdes2plages.fr\/wp-content\/uploads\/2026\/01\/mobil-homes-avec-jacuzzi-privatif-camping-des-2-plages-1024x658.jpg 1024w, https:\/\/www.campingdes2plages.fr\/wp-content\/uploads\/2026\/01\/mobil-homes-avec-jacuzzi-privatif-camping-des-2-plages-768x494.jpg 768w, https:\/\/www.campingdes2plages.fr\/wp-content\/uploads\/2026\/01\/mobil-homes-avec-jacuzzi-privatif-camping-des-2-plages-1536x987.jpg 1536w, https:\/\/www.campingdes2plages.fr\/wp-content\/uploads\/2026\/01\/mobil-homes-avec-jacuzzi-privatif-camping-des-2-plages-2048x1317.jpg 2048w\" sizes=\"(max-width: 2559px) 100vw, 2559px\" \/><\/figure>\n\n\n\n<figure class=\"wp-block-image size-full has-custom-border img-2\" style=\"margin-top:0px;margin-bottom:0px\"><img decoding=\"async\" width=\"783\" height=\"469\" src=\"https:\/\/www.campingdes2plages.fr\/wp-content\/uploads\/2025\/11\/mobil-home-prestige-2-chambres.jpg\" alt=\"Mobilheim Prestige 2 Schlafzimmer\" class=\"wp-image-2672\" style=\"border-radius:15px\" srcset=\"https:\/\/www.campingdes2plages.fr\/wp-content\/uploads\/2025\/11\/mobil-home-prestige-2-chambres.jpg 783w, https:\/\/www.campingdes2plages.fr\/wp-content\/uploads\/2025\/11\/mobil-home-prestige-2-chambres-300x180.jpg 300w, https:\/\/www.campingdes2plages.fr\/wp-content\/uploads\/2025\/11\/mobil-home-prestige-2-chambres-768x460.jpg 768w\" sizes=\"(max-width: 783px) 100vw, 783px\" \/><\/figure>\n\n\n\n<figure class=\"wp-block-image size-full has-custom-border img-3\" style=\"margin-top:0px;margin-bottom:0px\"><img decoding=\"async\" width=\"1160\" height=\"1376\" src=\"https:\/\/www.campingdes2plages.fr\/wp-content\/uploads\/2026\/01\/fond-metallique.jpg\" alt=\"Metallischer Boden\" class=\"wp-image-3337\" style=\"border-radius:0px\" srcset=\"https:\/\/www.campingdes2plages.fr\/wp-content\/uploads\/2026\/01\/fond-metallique.jpg 1160w, https:\/\/www.campingdes2plages.fr\/wp-content\/uploads\/2026\/01\/fond-metallique-253x300.jpg 253w, https:\/\/www.campingdes2plages.fr\/wp-content\/uploads\/2026\/01\/fond-metallique-863x1024.jpg 863w, https:\/\/www.campingdes2plages.fr\/wp-content\/uploads\/2026\/01\/fond-metallique-768x911.jpg 768w\" sizes=\"(max-width: 1160px) 100vw, 1160px\" \/><\/figure>\n<\/div>\n\n\n\n<div class=\"wp-block-column is-vertically-aligned-center right animated slideInUp is-layout-flow wp-block-column-is-layout-flow\" style=\"padding-right:5rem\">\n<div class=\"wp-block-group is-nowrap is-layout-flex wp-container-core-group-is-layout-4b0a85f0 wp-block-group-is-layout-flex\">\n<figure class=\"wp-block-image size-full is-resized\"><img decoding=\"async\" width=\"21\" height=\"21\" src=\"https:\/\/www.campingdes2plages.fr\/wp-content\/uploads\/2025\/11\/etoile-custom-beige.svg\" alt=\"Stern Custom beige\" class=\"wp-image-223\" style=\"object-fit:contain;width:21px;height:21px\" \/><\/figure>\n\n\n\n<p class=\"has-custom-color-4-color has-text-color has-link-color wp-elements-a818e8f50e26cb3adc1d5957f5f96e2f\" style=\"font-size:clamp(0.875rem, 0.875rem + ((1vw - 0.2rem) * 0.525), 1.19rem);font-style:normal;font-weight:400;text-transform:uppercase\">Vermietung<\/p>\n<\/div>\n\n\n\n<h1 class=\"wp-block-heading has-calming-font-family\" style=\"font-size:clamp(2.178rem, 2.178rem + ((1vw - 0.2rem) * 2.953), 3.95rem);line-height:1;text-transform:uppercase\">Mieten Sie Ihr Mobilheim in La Palmyre<\/h1>\n\n\n\n<div class=\"wp-block-group content has-global-padding is-layout-constrained wp-container-core-group-is-layout-bfec7e37 wp-block-group-is-layout-constrained\" style=\"margin-top:0px;margin-bottom:0px;padding-top:4rem;padding-right:5rem;padding-bottom:4rem\">\n<h2 class=\"wp-block-heading\"><strong>Verschiedene Sortimente von Ferienh\u00e4usern in der N\u00e4he von La Palmyre<\/strong><\/h2>\n\n\n\n<figure class=\"wp-block-image aligncenter size-large\"><img decoding=\"async\" width=\"264\" height=\"22\" src=\"https:\/\/www.campingdes2plages.fr\/wp-content\/uploads\/2025\/11\/ligne-horizontale-et-point-beige.svg\" alt=\"horizontale Linie und beiger Punkt\" class=\"wp-image-377\" \/><\/figure>\n\n\n\n<p>Unser Campingplatz, der <a href=\"https:\/\/www.campingdes2plages.fr\/de\/\">Camping des 2 Plages in Saint-Palais-sur-Mer<\/a>, setzt alles daran, dass Ihr Urlaub in La Palmyre unter den besten Bedingungen verl\u00e4uft und einen Geschmack von &#8222;wiederkommen&#8220; hinterl\u00e4sst. Und wer von guten Bedingungen spricht, meint Komfort und Zweckm\u00e4\u00dfigkeit. Was w\u00e4re daf\u00fcr besser geeignet als eines unserer <strong>Mobilheime in La Palmyre<\/strong>? Nur 600 Meter von den sch\u00f6nsten Str\u00e4nden der Region Royonnaise entfernt, steht Ihnen eine ganze <strong>Reihe von Mobilheimen in La Palmyre<\/strong> zur Verf\u00fcgung. Vom komfortablen Mobilheim bis hin zum Luxus-Mobilheim, hier finden Sie garantiert die richtige Unterkunft.    <\/p>\n\n\n\n<p>Egal f\u00fcr welche Unterkunft Sie sich entscheiden, unser <a href=\"https:\/\/www.campingdes2plages.fr\/de\/camping-la-palmyre\/\">Campingplatz in der N\u00e4he von La Palmyre<\/a> bietet einen Bettw\u00e4sche-Service mit desinfizierter und sauberer W\u00e4sche, die zwischen jeder Ankunft professionell gereinigt wird. Wenn Sie m\u00f6chten, k\u00f6nnen Sie bei Ihrer Reservierung auch Handt\u00fccher erhalten. <\/p>\n\n\n\n<p>Hier finden Sie unsere vier <strong>Mobilheim-Serien, die Sie in La Palmyre<\/strong> f\u00fcr Ihren Aufenthalt <strong>mieten k\u00f6nnen<\/strong>!<\/p>\n<\/div>\n<\/div>\n<\/div>\n\n\n\n<figure class=\"wp-block-image size-full background-image\"><img decoding=\"async\" width=\"615\" height=\"622\" src=\"https:\/\/www.campingdes2plages.fr\/wp-content\/uploads\/2025\/11\/dessin-coquillages-fond.webp\" alt=\"Zeichnung Muscheln Hintergrund\" class=\"wp-image-297\" style=\"aspect-ratio:1;object-fit:contain\" srcset=\"https:\/\/www.campingdes2plages.fr\/wp-content\/uploads\/2025\/11\/dessin-coquillages-fond.webp 615w, https:\/\/www.campingdes2plages.fr\/wp-content\/uploads\/2025\/11\/dessin-coquillages-fond-297x300.webp 297w\" sizes=\"(max-width: 615px) 100vw, 615px\" \/><\/figure>\n<\/div>\n\n<div class=\"wp-block-group section-simple has-global-padding is-layout-constrained wp-container-core-group-is-layout-c87ba404 wp-block-group-is-layout-constrained\" style=\"margin-top:0px;margin-bottom:0px;padding-top:2rem;padding-right:10rem;padding-bottom:0rem;padding-left:10rem\">\n<div class=\"wp-block-buttons tab-toggle animated slideInUp is-content-justification-center is-layout-flex wp-container-core-buttons-is-layout-32c83559 wp-block-buttons-is-layout-flex\" style=\"margin-bottom:var(--wp--preset--spacing--40)\">\n<div class=\"wp-block-button btn-1 tab-title is-style-outline light is-style-outline--1\"><a class=\"wp-block-button__link has-custom-color-1-color has-text-color has-link-color has-border-color has-text-align-center has-custom-font-size wp-element-button\" style=\"border-color:#cfa379;border-width:1px;border-radius:100px;padding-right:30px;padding-left:30px;font-size:clamp(0.875rem, 0.875rem + ((1vw - 0.2rem) * 0.492), 1.17rem);font-style:normal;font-weight:300;text-transform:uppercase\"><img decoding=\"async\" width=\"43\" height=\"1\" class=\"wp-image-289\" style=\"width: 43px\" src=\"https:\/\/www.campingdes2plages.fr\/wp-content\/uploads\/2025\/11\/ligne-beige.svg\" alt=\"beige Linie\" \/><img decoding=\"async\" width=\"21\" height=\"21\" class=\"wp-image-223\" style=\"width: 21px\" src=\"https:\/\/www.campingdes2plages.fr\/wp-content\/uploads\/2025\/11\/etoile-custom-beige.svg\" alt=\"Stern Custom beige\" \/>Komfort-Reihe<\/a><\/div>\n\n\n\n<div class=\"wp-block-button btn-1 tab-title is-style-outline light is-style-outline--2\"><a class=\"wp-block-button__link has-custom-color-1-color has-text-color has-link-color has-border-color has-text-align-center has-custom-font-size wp-element-button\" style=\"border-color:#cfa379;border-width:1px;border-radius:100px;padding-right:30px;padding-left:30px;font-size:clamp(0.875rem, 0.875rem + ((1vw - 0.2rem) * 0.492), 1.17rem);font-style:normal;font-weight:300;text-transform:uppercase\"><img decoding=\"async\" width=\"43\" height=\"1\" class=\"wp-image-289\" style=\"width: 43px\" src=\"https:\/\/www.campingdes2plages.fr\/wp-content\/uploads\/2025\/11\/ligne-beige.svg\" alt=\"beige Linie\" \/><img decoding=\"async\" width=\"21\" height=\"21\" class=\"wp-image-223\" style=\"width: 21px\" src=\"https:\/\/www.campingdes2plages.fr\/wp-content\/uploads\/2025\/11\/etoile-custom-beige.svg\" alt=\"Stern Custom beige\" \/>Premium-Sortiment<\/a><\/div>\n\n\n\n<div class=\"wp-block-button btn-1 tab-title is-style-outline light is-style-outline--3\"><a class=\"wp-block-button__link has-custom-color-1-color has-text-color has-link-color has-border-color has-text-align-center has-custom-font-size wp-element-button\" style=\"border-color:#cfa379;border-width:1px;border-radius:100px;padding-right:30px;padding-left:30px;font-size:clamp(0.875rem, 0.875rem + ((1vw - 0.2rem) * 0.492), 1.17rem);font-style:normal;font-weight:300;text-transform:uppercase\"><img decoding=\"async\" width=\"43\" height=\"1\" class=\"wp-image-289\" style=\"width: 43px\" src=\"https:\/\/www.campingdes2plages.fr\/wp-content\/uploads\/2025\/11\/ligne-beige.svg\" alt=\"beige Linie\" \/><img decoding=\"async\" width=\"21\" height=\"21\" class=\"wp-image-223\" style=\"width: 21px\" src=\"https:\/\/www.campingdes2plages.fr\/wp-content\/uploads\/2025\/11\/etoile-custom-beige.svg\" alt=\"Stern Custom beige\" \/>Prestige-Reihe<\/a><\/div>\n<\/div>\n\n\n\n<div class=\"wp-block-group tab-content animated fadeInUp is-layout-flow wp-block-group-is-layout-flow\">\n<div class=\"wp-block-group gt_mosaiquegrid_001 gt-no-margin-mobile has-global-padding is-layout-constrained wp-container-core-group-is-layout-97ded5cc wp-block-group-is-layout-constrained\" style=\"margin-top:0rem;margin-bottom:8rem;padding-right:0rem;padding-left:0rem\">\n<div class=\"wp-block-group content has-global-padding is-layout-constrained wp-container-core-group-is-layout-6ebfde21 wp-block-group-is-layout-constrained\" style=\"margin-bottom:var(--wp--preset--spacing--20);padding-right:10rem;padding-left:10rem\">\n<div class=\"wp-block-group is-content-justification-center is-nowrap is-layout-flex wp-container-core-group-is-layout-60758a6d wp-block-group-is-layout-flex\">\n<figure class=\"wp-block-image size-full is-resized\"><img decoding=\"async\" width=\"21\" height=\"21\" src=\"https:\/\/www.campingdes2plages.fr\/wp-content\/uploads\/2025\/11\/etoile-custom-beige.svg\" alt=\"Stern Custom beige\" class=\"wp-image-223\" style=\"object-fit:contain;width:21px;height:21px\" \/><\/figure>\n\n\n\n<p class=\"has-custom-color-4-color has-text-color has-link-color wp-elements-2f6b707f8f844f6605ca82803bf5ff65\" style=\"font-size:clamp(0.875rem, 0.875rem + ((1vw - 0.2rem) * 0.525), 1.19rem);font-style:normal;font-weight:400;text-transform:uppercase\">Komfort-Reihe<\/p>\n<\/div>\n\n\n\n<h3 class=\"wp-block-heading has-text-align-center\" style=\"font-size:clamp(1.039rem, 1.039rem + ((1vw - 0.2rem) * 0.935), 1.6rem);\">Unsere Mobilheime der Komfort-Klasse<\/h3>\n\n\n\n<p class=\"has-text-align-center has-custom-color-1-color has-text-color has-link-color wp-elements-601b3a0b66a120e781ca4777c6bcd34f\">Ob f\u00fcr Paare oder Familien, die ihren Urlaub in der N\u00e4he von La Palmyre verbringen m\u00f6chten und dabei einen g\u00fcnstigen Preis mit einem komfortablen Mietobjekt verbinden wollen, unsere Mobilheime der Serie Confort sind ideal.<\/p>\n<\/div>\n\n\n\n<div class=\"wp-block-group section-list-hebergements has-global-padding is-layout-constrained wp-container-core-group-is-layout-a7472481 wp-block-group-is-layout-constrained\" style=\"margin-top:0px;margin-bottom:6rem;padding-right:10rem;padding-left:10rem\">\n<div data-wp-context=\"{}\" data-wp-interactive=\"core\/query\" data-wp-key=\"0\" data-wp-router-region=\"query-0\" class=\"wp-block-query alignwide gt-fse-hebergements is-layout-flow wp-block-query-is-layout-flow\"><\/div>\n<\/div>\n<\/div>\n<\/div>\n\n\n\n<div class=\"wp-block-group tab-content animated fadeInUp is-layout-flow wp-block-group-is-layout-flow\">\n<div class=\"wp-block-group gt_mosaiquegrid_001 gt-no-margin-mobile has-global-padding is-layout-constrained wp-container-core-group-is-layout-97ded5cc wp-block-group-is-layout-constrained\" style=\"margin-top:0rem;margin-bottom:8rem;padding-right:0rem;padding-left:0rem\">\n<div class=\"wp-block-group content has-global-padding is-layout-constrained wp-container-core-group-is-layout-6ebfde21 wp-block-group-is-layout-constrained\" style=\"margin-bottom:var(--wp--preset--spacing--20);padding-right:10rem;padding-left:10rem\">\n<div class=\"wp-block-group is-content-justification-center is-nowrap is-layout-flex wp-container-core-group-is-layout-60758a6d wp-block-group-is-layout-flex\">\n<figure class=\"wp-block-image size-full is-resized\"><img decoding=\"async\" width=\"21\" height=\"21\" src=\"https:\/\/www.campingdes2plages.fr\/wp-content\/uploads\/2025\/11\/etoile-custom-beige.svg\" alt=\"Stern Custom beige\" class=\"wp-image-223\" style=\"object-fit:contain;width:21px;height:21px\" \/><\/figure>\n\n\n\n<p class=\"has-custom-color-4-color has-text-color has-link-color wp-elements-10abb37358918b7d8eaa3a16a3e3d3e4\" style=\"font-size:clamp(0.875rem, 0.875rem + ((1vw - 0.2rem) * 0.525), 1.19rem);font-style:normal;font-weight:400;text-transform:uppercase\">Premium-Sortiment<\/p>\n<\/div>\n\n\n\n<h3 class=\"wp-block-heading has-text-align-center\" style=\"font-size:clamp(1.039rem, 1.039rem + ((1vw - 0.2rem) * 0.935), 1.6rem);\">Die Premium-Reihe<\/h3>\n\n\n\n<p class=\"has-text-align-center has-custom-color-1-color has-text-color has-link-color wp-elements-393390de1a8654d80fcadea021aaffdb\">F\u00fcr noch mehr Komfort und einen Premium-Urlaub in einem <strong>Mobilheim in La Palmyre<\/strong> sollten Sie sich unsere Premium-Reihe ansehen. Ein elegantes Design und eine komplette Ausstattung, perfekt f\u00fcr einen komfortablen Aufenthalt auf unserem <a href=\"https:\/\/www.campingdes2plages.fr\/de\/camping-la-palmyre-avec-piscine\/\">Campingplatz mit Schwimmbad in der N\u00e4he von La Palmyre<\/a>. Mit zwei bis drei Schlafzimmern sind diese Unterk\u00fcnfte ideal f\u00fcr Familien mit Kindern, sei es f\u00fcr ein Wochenende oder eine ganze Woche.  <\/p>\n\n\n\n<p class=\"has-text-align-center has-custom-color-1-color has-text-color has-link-color wp-elements-ff5d6c4779152457c465fc20c9322b91\">Die Pluspunkte unseres Angebots: <br \/>Mit einem gro\u00dfen Wohnzimmer, Verdunkelungsvorh\u00e4ngen oder einem Rollo, Heizk\u00f6rpern in jedem Raum, einem gro\u00dfen K\u00fchlschrank, einem gro\u00dfen Schlafzimmer f\u00fcr die Eltern und einer \u00fcberdachten Terrasse, ideal, um trotz der Sonne die Terrasse zu genie\u00dfen. <br \/>F\u00fcr jede Person ist der Zugang zum Spa inbegriffen.<\/p>\n<\/div>\n\n\n\n<div class=\"wp-block-group section-list-hebergements has-global-padding is-layout-constrained wp-container-core-group-is-layout-a7472481 wp-block-group-is-layout-constrained\" style=\"margin-top:0px;margin-bottom:6rem;padding-right:10rem;padding-left:10rem\">\n<div data-wp-context=\"{}\" data-wp-interactive=\"core\/query\" data-wp-key=\"0\" data-wp-router-region=\"query-0\" class=\"wp-block-query alignwide gt-fse-hebergements is-layout-flow wp-block-query-is-layout-flow\"><\/div>\n<\/div>\n<\/div>\n<\/div>\n\n\n\n<div class=\"wp-block-group tab-content animated fadeInUp is-layout-flow wp-block-group-is-layout-flow\">\n<div class=\"wp-block-group gt_mosaiquegrid_001 gt-no-margin-mobile has-global-padding is-layout-constrained wp-container-core-group-is-layout-97ded5cc wp-block-group-is-layout-constrained\" style=\"margin-top:0rem;margin-bottom:8rem;padding-right:0rem;padding-left:0rem\">\n<div class=\"wp-block-group content has-global-padding is-layout-constrained wp-container-core-group-is-layout-6ebfde21 wp-block-group-is-layout-constrained\" style=\"margin-bottom:var(--wp--preset--spacing--20);padding-right:10rem;padding-left:10rem\">\n<div class=\"wp-block-group is-content-justification-center is-nowrap is-layout-flex wp-container-core-group-is-layout-60758a6d wp-block-group-is-layout-flex\">\n<figure class=\"wp-block-image size-full is-resized\"><img decoding=\"async\" width=\"21\" height=\"21\" src=\"https:\/\/www.campingdes2plages.fr\/wp-content\/uploads\/2025\/11\/etoile-custom-beige.svg\" alt=\"Stern Custom beige\" class=\"wp-image-223\" style=\"object-fit:contain;width:21px;height:21px\" \/><\/figure>\n\n\n\n<p class=\"has-custom-color-4-color has-text-color has-link-color wp-elements-9fd57e68ec67f3a7152548cb937a6772\" style=\"font-size:clamp(0.875rem, 0.875rem + ((1vw - 0.2rem) * 0.525), 1.19rem);font-style:normal;font-weight:400;text-transform:uppercase\">Prestige-Reihe<\/p>\n<\/div>\n\n\n\n<h3 class=\"wp-block-heading has-text-align-center\" style=\"font-size:clamp(1.039rem, 1.039rem + ((1vw - 0.2rem) * 0.935), 1.6rem);\">Prestige-Reihe<\/h3>\n\n\n\n<p class=\"has-text-align-center has-custom-color-1-color has-text-color has-link-color wp-elements-8d3a6a9d9cafd951ccf18517c769bbaa\">F\u00fcr einen luxuri\u00f6sen Aufenthalt auf einem <a href=\"https:\/\/www.campingdes2plages.fr\/de\/camping-royan\/\">Campingplatz in der N\u00e4he von Royan<\/a>, w\u00e4hlen Sie Ruhe und Gelassenheit mit unseren hochwertigen Mobilheimen von Prestique! Die hochwertigen Einrichtungen und das elegante Design machen den Charme dieser Luxusunterk\u00fcnfte aus. Diese <strong>Mobilheime in La Palmyre<\/strong> sind ideal f\u00fcr Familien, die auf der Suche nach Komfort sind, und verf\u00fcgen \u00fcber 2 oder 3 Schlafzimmer.  <\/p>\n\n\n\n<p class=\"has-text-align-center has-custom-color-1-color has-text-color has-link-color wp-elements-46d362802f7021d8f9bf1d045913b7e0\">Wenn Sie eine dieser Luxusunterk\u00fcnfte reservieren, erhalten Sie : <br \/>- eine Klimaanlage <br \/>- 2 Sonnenliegen <br \/>- kostenloses Wifi <br \/>- ein gro\u00dfes Wohnzimmer <br \/>- eine Verdunkelungsjalousie <br \/>- einen Geschirrsp\u00fcler und eine Dunstabzugshaube <br \/>- eine XXL-Dusche <br \/>- Zugang zum Spa f\u00fcr jeden Teilnehmer des Aufenthaltes.<\/p>\n<\/div>\n\n\n\n<div class=\"wp-block-group section-list-hebergements has-global-padding is-layout-constrained wp-container-core-group-is-layout-a7472481 wp-block-group-is-layout-constrained\" style=\"margin-top:0px;margin-bottom:6rem;padding-right:10rem;padding-left:10rem\">\n<div data-wp-context=\"{}\" data-wp-interactive=\"core\/query\" data-wp-key=\"0\" data-wp-router-region=\"query-0\" class=\"wp-block-query alignwide gt-fse-hebergements is-layout-flow wp-block-query-is-layout-flow\"><\/div>\n<\/div>\n<\/div>\n<\/div>\n\n\n\n\n.tab-toggle div.active a{\n    color:#fff!important;\n    background-color:#092c38!important;}\n.tab-content{display: none;}\n.active{display: block;}\n\n\n\ndocument.addEventListener(&#8222;click&#8220;, e =&gt; {  if (e.target.parentElement.classList.contains(&#8222;tab-title&#8220;)  ) { tabToggle(e); }  });\n[&#8230;document.querySelectorAll(&#8222;div.tab-toggle div&#8220;)].forEach((tabTile, index) =&gt; {tabTile.classList.toggle(&#8218;active&#8216;, index == 0);});\n[&#8230;document.querySelectorAll(&#8222;.tab-content&#8220;)].forEach((tabcontent, index) =&gt; {tabcontent.classList.toggle(&#8218;active&#8216;, index == 0);});\nfunction tabToggle(e) {\t\n    let tabTiles = [&#8230;document.querySelectorAll(&#8222;div.tab-toggle div&#8220;)];\n    let tabcontents = [&#8230;document.querySelectorAll(&#8222;.tab-content&#8220;)];\n    let activeTabIndex = tabTiles.findIndex(tab =&gt; { return tab == e.target.parentElement; });\n    tabTiles.forEach((tabTile, index) =&gt; {\n        tabTile.classList.toggle(&#8218;active&#8216;, index === activeTabIndex);\n    });\n    tabcontents.forEach((tabcontent, index) =&gt; {\n        tabcontent.classList.toggle(&#8218;active&#8216;, index === activeTabIndex);\n    });\n}\n\n<\/div>\n\n<div class=\"wp-block-group gt_2-cta_004 has-custom-color-1-background-color has-background has-global-padding is-layout-constrained wp-container-core-group-is-layout-7f23d0af wp-block-group-is-layout-constrained\" style=\"margin-top:3rem;margin-bottom:10rem;padding-top:4rem;padding-right:4rem;padding-bottom:4rem;padding-left:4rem\">\n<figure class=\"wp-block-image size-full has-custom-border\"><img decoding=\"async\" width=\"1920\" height=\"1280\" src=\"https:\/\/www.campingdes2plages.fr\/wp-content\/uploads\/2026\/01\/un-espace-aquatique-pour-toute-la-famille.jpg\" alt=\"ein Wasserpark f&#xFC;r die ganze Familie\" class=\"wp-image-2901\" style=\"border-radius:15px\" srcset=\"https:\/\/www.campingdes2plages.fr\/wp-content\/uploads\/2026\/01\/un-espace-aquatique-pour-toute-la-famille.jpg 1920w, https:\/\/www.campingdes2plages.fr\/wp-content\/uploads\/2026\/01\/un-espace-aquatique-pour-toute-la-famille-300x200.jpg 300w, https:\/\/www.campingdes2plages.fr\/wp-content\/uploads\/2026\/01\/un-espace-aquatique-pour-toute-la-famille-1024x683.jpg 1024w, https:\/\/www.campingdes2plages.fr\/wp-content\/uploads\/2026\/01\/un-espace-aquatique-pour-toute-la-famille-768x512.jpg 768w, https:\/\/www.campingdes2plages.fr\/wp-content\/uploads\/2026\/01\/un-espace-aquatique-pour-toute-la-famille-1536x1024.jpg 1536w\" sizes=\"(max-width: 1920px) 100vw, 1920px\" \/><\/figure>\n\n\n\n<div class=\"wp-block-columns content is-layout-flex wp-container-core-columns-is-layout-9608ec91 wp-block-columns-is-layout-flex\" style=\"padding-top:3rem;padding-bottom:3rem\">\n<div class=\"wp-block-column is-layout-flow wp-block-column-is-layout-flow\" style=\"flex-basis:33.33%\">\n<div class=\"wp-block-group is-content-justification-left is-nowrap is-layout-flex wp-container-core-group-is-layout-d19eee88 wp-block-group-is-layout-flex\">\n<figure class=\"wp-block-image size-full is-resized\"><img decoding=\"async\" width=\"21\" height=\"21\" src=\"https:\/\/www.campingdes2plages.fr\/wp-content\/uploads\/2025\/11\/etoile-custom-beige.svg\" alt=\"Stern Custom beige\" class=\"wp-image-223\" style=\"object-fit:contain;width:21px;height:21px\" \/><\/figure>\n\n\n\n<p class=\"has-custom-color-4-color has-text-color has-link-color wp-elements-b485c9ae17758aab5482ed5002df859d\" style=\"font-size:clamp(0.875rem, 0.875rem + ((1vw - 0.2rem) * 0.525), 1.19rem);font-style:normal;font-weight:400;text-transform:uppercase\">Mietwohnungen<\/p>\n<\/div>\n\n\n\n<p class=\"has-text-align-left has-base-2-color has-text-color has-link-color has-calming-font-family wp-elements-01398aa4587f18f4496d6857fa2b19ad\" style=\"font-size:clamp(2.439rem, 2.439rem + ((1vw - 0.2rem) * 3.518), 4.55rem);line-height:1;text-transform:uppercase\">Mobilheime<\/p>\n<\/div>\n\n\n\n<div class=\"wp-block-column is-vertically-aligned-center is-layout-flow wp-block-column-is-layout-flow\" style=\"flex-basis:66.66%\">\n<h2 class=\"wp-block-heading has-base-2-color has-text-color has-link-color wp-elements-bd3461dba74c4640d34e169c3ca7cbd7\">Mobilheime f\u00fcr Paare und Familien<\/h2>\n\n\n\n<p class=\"has-base-2-color has-text-color has-link-color wp-elements-4b181707f53b28c6b3280f681fc755ea\">Unsere <strong>Mobilheime in La Palmyre<\/strong> in der N\u00e4he von Royan sind neu und werden in drei verschiedenen Kategorien angeboten: Komfort, Premium und Prestige. Ob Sie alleine, mit der Familie, mit Freunden oder als Paar kommen, wir haben die richtige Unterkunft f\u00fcr Sie, mit 1 Schlafzimmer, 2 Schlafzimmern oder 3 Schlafzimmern. Die K\u00fcchen in unseren Mobilheimen sind komplett ausgestattet, so dass Sie Ihren Aufenthalt in vollen Z\u00fcgen genie\u00dfen k\u00f6nnen:  <\/p>\n\n\n\n<ul style=\"padding-left:var(--wp--preset--spacing--30)\" class=\"wp-block-list has-base-2-color has-text-color has-link-color wp-elements-b1e0ff0b986b8edcaf0fe9187413fb21\">\n<li>K\u00fchlschrank<\/li>\n\n\n\n<li>4-Flammen-Gaskochfeld<\/li>\n\n\n\n<li>Mikrowelle<\/li>\n\n\n\n<li>elektrische Kaffeemaschine<\/li>\n<\/ul>\n\n\n\n<p class=\"has-base-2-color has-text-color has-link-color wp-elements-96075f04db7cda54ecf173beaf5eaca5\">Seit kurzem haben wir einen Sektor mit <strong>Prestige Mobilheimen<\/strong> eingerichtet, um Ihren Komfort zu maximieren. Diese Serie ist dank der Klimaanlage und der \u00fcberdachten Terrasse ideal f\u00fcr den Kampf gegen die Sommerhitze. F\u00fcr noch mehr Komfort k\u00f6nnen Sie sich f\u00fcr unsere <a href=\"https:\/\/www.campingdes2plages.fr\/de\/vermietung-von-luxus-mobilheimen-royan\/\">Mobilheime mit privatem Whirlpool in Royan<\/a> entscheiden.  <\/p>\n\n\n\n<p class=\"has-base-2-color has-text-color has-link-color wp-elements-9d45799bc61e150ef0223704a90df8a5\">Wenn Sie eines unserer <strong>Mobilheime in der N\u00e4he von La Palmyre<\/strong> reservieren, k\u00f6nnen Sie Ihr Auto direkt vor Ihrer Unterkunft parken und erreichen die Str\u00e4nde und das Stadtzentrum von Saint Palais in nur wenigen Minuten zu Fu\u00df. Um La Palmyre und Vaux sur Mer zu erreichen, m\u00fcssen Sie mit dem Auto fahren, aber die Fahrt dauert nur 10 Minuten. <\/p>\n<\/div>\n<\/div>\n<\/div>\n\n<div class=\"wp-block-group section-maillage has-global-padding is-layout-constrained wp-container-core-group-is-layout-b07b1a8a wp-block-group-is-layout-constrained\" style=\"padding-top:0px;padding-right:1rem;padding-bottom:0rem;padding-left:1rem\">\n<div class=\"wp-block-group top has-custom-color-3-background-color has-background has-global-padding is-layout-constrained wp-container-core-group-is-layout-a3553d93 wp-block-group-is-layout-constrained\" style=\"margin-top:0px;margin-bottom:0px;padding-top:4rem;padding-right:4rem;padding-bottom:4rem;padding-left:4rem\">\n<div class=\"wp-block-group is-content-justification-center is-nowrap is-layout-flex wp-container-core-group-is-layout-06d12f70 wp-block-group-is-layout-flex\">\n<figure class=\"wp-block-image size-full is-resized\"><img decoding=\"async\" width=\"21\" height=\"21\" src=\"https:\/\/www.campingdes2plages.fr\/wp-content\/uploads\/2025\/11\/etoile-custom-beige.svg\" alt=\"Stern Custom beige\" class=\"wp-image-223\" style=\"object-fit:contain;width:21px;height:21px\" \/><\/figure>\n\n\n\n<p class=\"has-custom-color-4-color has-text-color has-link-color wp-elements-b476a1788281dfa3efc92b01dbb8e300\" style=\"font-size:clamp(0.875rem, 0.875rem + ((1vw - 0.2rem) * 0.525), 1.19rem);font-style:normal;font-weight:400;text-transform:uppercase\">Entdecken Sie mehr<\/p>\n<\/div>\n\n\n\n<p class=\"has-text-align-center has-custom-color-1-color has-text-color has-link-color has-calming-font-family wp-elements-37576e454c68cc70062a3471c6223a72\" style=\"font-size:clamp(2.423rem, 2.423rem + ((1vw - 0.2rem) * 3.483), 4.513rem);line-height:1;text-transform:uppercase\">Entdecken Sie unsere anderen Campingunterk\u00fcnfte<\/p>\n\n\n\n<figure class=\"wp-block-image aligncenter size-large\"><img decoding=\"async\" width=\"264\" height=\"22\" src=\"https:\/\/www.campingdes2plages.fr\/wp-content\/uploads\/2025\/11\/ligne-horizontale-et-point-beige.svg\" alt=\"horizontale Linie und beiger Punkt\" class=\"wp-image-377\" \/><\/figure>\n<\/div>\n\n\n\n<figure class=\"wp-block-image size-large arrow-slider-prev\"><img decoding=\"async\" width=\"87\" height=\"11\" src=\"https:\/\/www.campingdes2plages.fr\/wp-content\/uploads\/2025\/11\/fleche-longue-gauche-beige.svg\" alt=\"Langpfeil links beige\" class=\"wp-image-351\" \/><\/figure>\n\n\n\n<figure class=\"wp-block-image size-large arrow-slider-next\"><img decoding=\"async\" width=\"87\" height=\"11\" src=\"https:\/\/www.campingdes2plages.fr\/wp-content\/uploads\/2025\/11\/fleche-longue-droite-beige.svg\" alt=\"Langpfeil gerade beige\" class=\"wp-image-347\" \/><\/figure>\n\n\n\n<div data-swiper=\"{&quot;speed&quot;:400,&quot;spaceBetween&quot;:16,&quot;slidesPerView&quot;:3,&quot;createElements&quot;:true,&quot;loop&quot;:true,&quot;freemode&quot;:true,&quot;navigation&quot;:{&quot;nextEl&quot;:&quot;.section-maillage .arrow-slider-next&quot;,&quot;prevEl&quot;:&quot;.section-maillage .arrow-slider-prev&quot;},&quot;pagination&quot;:{&quot;el&quot;:&quot;.swiper-pagination&quot;,&quot;dynamicBullets&quot;:true},&quot;breakpoints&quot;:{&quot;0&quot;:{&quot;slidesPerView&quot;:1},&quot;768&quot;:{&quot;slidesPerView&quot;:2},&quot;1024&quot;:{&quot;slidesPerView&quot;:2},&quot;1025&quot;:{&quot;slidesPerView&quot;:3}},&quot;autoplay&quot;:{&quot;delay&quot;:3000}}\" data-wp-context=\"{}\" data-wp-interactive=\"core\/query\" data-wp-key=\"1\" data-wp-router-region=\"query-1\" class=\"wp-block-query alignwide gt-fse-maillage-query gt-is-slider gt-is-slider-desktop is-layout-flow wp-block-query-is-layout-flow\"><ul class=\"columns-3 wp-block-post-template is-layout-grid wp-container-core-post-template-is-layout-6d3fbd8f wp-block-post-template-is-layout-grid\"><li data-wp-key=\"post-template-item-4138\" class=\"wp-block-post post-4138 page type-page status-publish has-post-thumbnail hentry\">\n<a href=\"https:\/\/www.campingdes2plages.fr\/de\/ungeoehnliche-vermietung-royan\/\"    class=\"wp-block-tiptip-hyperlink-group-block\" >\n<div data-swiper=\"{&quot;speed&quot;:1000,&quot;autoplay&quot;:{&quot;delay&quot;:5000,&quot;disableOnInteraction&quot;:false},&quot;spaceBetween&quot;:0,&quot;slidesPerView&quot;:1,&quot;pagination&quot;:{&quot;el&quot;:&quot;.swiper-pagination&quot;,&quot;dynamicBullets&quot;:true,&quot;clickable&quot;:true,&quot;type&quot;:&quot;bullets&quot;},&quot;navigation&quot;:{&quot;nextEl&quot;:&quot;.swiper-button-next&quot;,&quot;prevEl&quot;:&quot;.swiper-button-prev&quot;},&quot;breakpoints&quot;:[{&quot;slidesPerView&quot;:1}]}\" class=\"wp-block-cover\" style=\"border-radius:15px\"><span aria-hidden=\"true\" class=\"wp-block-cover__background has-background-dim-60 has-background-dim has-background-gradient\" style=\"background:linear-gradient(0deg,rgb(0,0,0) 0%,rgba(255,255,255,0) 100%)\"><\/span><img decoding=\"async\" width=\"1920\" height=\"1473\" src=\"https:\/\/www.campingdes2plages.fr\/wp-content\/uploads\/2026\/01\/location-insolite-royan-camping-des-2-plages.jpg\" class=\"wp-block-cover__image-background wp-post-image\" alt=\"Ungew\u00f6hnliche Unterkunft in Royan Campingplatz Des 2 Plages\" data-object-fit=\"cover\" srcset=\"https:\/\/www.campingdes2plages.fr\/wp-content\/uploads\/2026\/01\/location-insolite-royan-camping-des-2-plages.jpg 1920w, https:\/\/www.campingdes2plages.fr\/wp-content\/uploads\/2026\/01\/location-insolite-royan-camping-des-2-plages-300x230.jpg 300w, https:\/\/www.campingdes2plages.fr\/wp-content\/uploads\/2026\/01\/location-insolite-royan-camping-des-2-plages-1024x786.jpg 1024w, https:\/\/www.campingdes2plages.fr\/wp-content\/uploads\/2026\/01\/location-insolite-royan-camping-des-2-plages-768x589.jpg 768w, https:\/\/www.campingdes2plages.fr\/wp-content\/uploads\/2026\/01\/location-insolite-royan-camping-des-2-plages-1536x1178.jpg 1536w\" sizes=\"(max-width: 1920px) 100vw, 1920px\" \/><div class=\"wp-block-cover__inner-container has-global-padding is-layout-constrained wp-container-core-cover-is-layout-12243e0f wp-block-cover-is-layout-constrained\">\n<div class=\"wp-block-group has-global-padding is-layout-constrained wp-block-group-is-layout-constrained\">\n<div class=\"wp-block-group icon has-custom-color-4-background-color has-background has-global-padding is-layout-constrained wp-container-core-group-is-layout-12243e0f wp-block-group-is-layout-constrained\" style=\"border-radius:7px\">\n<figure class=\"wp-block-image size-full is-resized wp-duotone-ffebb3-ffebb3-5\"><img decoding=\"async\" width=\"21\" height=\"21\" src=\"https:\/\/www.campingdes2plages.fr\/wp-content\/uploads\/2025\/11\/etoile-custom-beige.svg\" alt=\"Stern Custom beige\" class=\"wp-image-223\" style=\"object-fit:contain;width:26px;height:26px\" \/><\/figure>\n<\/div>\n<\/div>\n\n\n\n<p class=\"has-text-align-center has-base-2-color has-text-color has-link-color has-sosro-font-family wp-elements-fae88359324170708bba5cd143a776b0\" style=\"font-size:clamp(2.089rem, 2.089rem + ((1vw - 0.2rem) * 2.768), 3.75rem);line-height:1\">Ungew\u00f6hnliche<\/p>\n<\/div><\/div>\n<\/a>\n<\/li><li data-wp-key=\"post-template-item-4189\" class=\"wp-block-post post-4189 page type-page status-publish has-post-thumbnail hentry\">\n<a href=\"https:\/\/www.campingdes2plages.fr\/de\/vermietung-von-luxus-mobilheimen-royan\/\"    class=\"wp-block-tiptip-hyperlink-group-block\" >\n<div data-swiper=\"{&quot;speed&quot;:1000,&quot;autoplay&quot;:{&quot;delay&quot;:5000,&quot;disableOnInteraction&quot;:false},&quot;spaceBetween&quot;:0,&quot;slidesPerView&quot;:1,&quot;pagination&quot;:{&quot;el&quot;:&quot;.swiper-pagination&quot;,&quot;dynamicBullets&quot;:true,&quot;clickable&quot;:true,&quot;type&quot;:&quot;bullets&quot;},&quot;navigation&quot;:{&quot;nextEl&quot;:&quot;.swiper-button-next&quot;,&quot;prevEl&quot;:&quot;.swiper-button-prev&quot;},&quot;breakpoints&quot;:[{&quot;slidesPerView&quot;:1}]}\" class=\"wp-block-cover\" style=\"border-radius:15px\"><span aria-hidden=\"true\" class=\"wp-block-cover__background has-background-dim-60 has-background-dim has-background-gradient\" style=\"background:linear-gradient(0deg,rgb(0,0,0) 0%,rgba(255,255,255,0) 100%)\"><\/span><img decoding=\"async\" width=\"1920\" height=\"1280\" src=\"https:\/\/www.campingdes2plages.fr\/wp-content\/uploads\/2026\/01\/location-mobil-home-luxe-royan-camping-des-2-plages.jpg\" class=\"wp-block-cover__image-background wp-post-image\" alt=\"Vermietung von Luxus-Mobilheimen in Royan, Campingplatz Des 2 Plages\" data-object-fit=\"cover\" srcset=\"https:\/\/www.campingdes2plages.fr\/wp-content\/uploads\/2026\/01\/location-mobil-home-luxe-royan-camping-des-2-plages.jpg 1920w, https:\/\/www.campingdes2plages.fr\/wp-content\/uploads\/2026\/01\/location-mobil-home-luxe-royan-camping-des-2-plages-300x200.jpg 300w, https:\/\/www.campingdes2plages.fr\/wp-content\/uploads\/2026\/01\/location-mobil-home-luxe-royan-camping-des-2-plages-1024x683.jpg 1024w, https:\/\/www.campingdes2plages.fr\/wp-content\/uploads\/2026\/01\/location-mobil-home-luxe-royan-camping-des-2-plages-768x512.jpg 768w, https:\/\/www.campingdes2plages.fr\/wp-content\/uploads\/2026\/01\/location-mobil-home-luxe-royan-camping-des-2-plages-1536x1024.jpg 1536w\" sizes=\"(max-width: 1920px) 100vw, 1920px\" \/><div class=\"wp-block-cover__inner-container has-global-padding is-layout-constrained wp-container-core-cover-is-layout-12243e0f wp-block-cover-is-layout-constrained\">\n<div class=\"wp-block-group has-global-padding is-layout-constrained wp-block-group-is-layout-constrained\">\n<div class=\"wp-block-group icon has-custom-color-4-background-color has-background has-global-padding is-layout-constrained wp-container-core-group-is-layout-12243e0f wp-block-group-is-layout-constrained\" style=\"border-radius:7px\">\n<figure class=\"wp-block-image size-full is-resized wp-duotone-ffebb3-ffebb3-7\"><img decoding=\"async\" width=\"21\" height=\"21\" src=\"https:\/\/www.campingdes2plages.fr\/wp-content\/uploads\/2025\/11\/etoile-custom-beige.svg\" alt=\"Stern Custom beige\" class=\"wp-image-223\" style=\"object-fit:contain;width:26px;height:26px\" \/><\/figure>\n<\/div>\n<\/div>\n\n\n\n<p class=\"has-text-align-center has-base-2-color has-text-color has-link-color has-sosro-font-family wp-elements-fae88359324170708bba5cd143a776b0\" style=\"font-size:clamp(2.089rem, 2.089rem + ((1vw - 0.2rem) * 2.768), 3.75rem);line-height:1\">Luxus Mobilheime<\/p>\n<\/div><\/div>\n<\/a>\n<\/li><li data-wp-key=\"post-template-item-4316\" class=\"wp-block-post post-4316 page type-page status-publish has-post-thumbnail hentry\">\n<a href=\"https:\/\/www.campingdes2plages.fr\/de\/guenstiger-campingplatz-saint-palais-sur-mer\/\"    class=\"wp-block-tiptip-hyperlink-group-block\" >\n<div data-swiper=\"{&quot;speed&quot;:1000,&quot;autoplay&quot;:{&quot;delay&quot;:5000,&quot;disableOnInteraction&quot;:false},&quot;spaceBetween&quot;:0,&quot;slidesPerView&quot;:1,&quot;pagination&quot;:{&quot;el&quot;:&quot;.swiper-pagination&quot;,&quot;dynamicBullets&quot;:true,&quot;clickable&quot;:true,&quot;type&quot;:&quot;bullets&quot;},&quot;navigation&quot;:{&quot;nextEl&quot;:&quot;.swiper-button-next&quot;,&quot;prevEl&quot;:&quot;.swiper-button-prev&quot;},&quot;breakpoints&quot;:[{&quot;slidesPerView&quot;:1}]}\" class=\"wp-block-cover\" style=\"border-radius:15px\"><span aria-hidden=\"true\" class=\"wp-block-cover__background has-background-dim-60 has-background-dim has-background-gradient\" style=\"background:linear-gradient(0deg,rgb(0,0,0) 0%,rgba(255,255,255,0) 100%)\"><\/span><img decoding=\"async\" width=\"1920\" height=\"1234\" src=\"https:\/\/www.campingdes2plages.fr\/wp-content\/uploads\/2026\/01\/camping-pas-cher-saint-palais-sur-mer.jpg\" class=\"wp-block-cover__image-background wp-post-image\" alt=\"G\u00fcnstiger Campingplatz in Saint-Palais-sur-Mer\" data-object-fit=\"cover\" srcset=\"https:\/\/www.campingdes2plages.fr\/wp-content\/uploads\/2026\/01\/camping-pas-cher-saint-palais-sur-mer.jpg 1920w, https:\/\/www.campingdes2plages.fr\/wp-content\/uploads\/2026\/01\/camping-pas-cher-saint-palais-sur-mer-300x193.jpg 300w, https:\/\/www.campingdes2plages.fr\/wp-content\/uploads\/2026\/01\/camping-pas-cher-saint-palais-sur-mer-1024x658.jpg 1024w, https:\/\/www.campingdes2plages.fr\/wp-content\/uploads\/2026\/01\/camping-pas-cher-saint-palais-sur-mer-768x494.jpg 768w, https:\/\/www.campingdes2plages.fr\/wp-content\/uploads\/2026\/01\/camping-pas-cher-saint-palais-sur-mer-1536x987.jpg 1536w\" sizes=\"(max-width: 1920px) 100vw, 1920px\" \/><div class=\"wp-block-cover__inner-container has-global-padding is-layout-constrained wp-container-core-cover-is-layout-12243e0f wp-block-cover-is-layout-constrained\">\n<div class=\"wp-block-group has-global-padding is-layout-constrained wp-block-group-is-layout-constrained\">\n<div class=\"wp-block-group icon has-custom-color-4-background-color has-background has-global-padding is-layout-constrained wp-container-core-group-is-layout-12243e0f wp-block-group-is-layout-constrained\" style=\"border-radius:7px\">\n<figure class=\"wp-block-image size-full is-resized wp-duotone-ffebb3-ffebb3-9\"><img decoding=\"async\" width=\"21\" height=\"21\" src=\"https:\/\/www.campingdes2plages.fr\/wp-content\/uploads\/2025\/11\/etoile-custom-beige.svg\" alt=\"Stern Custom beige\" class=\"wp-image-223\" style=\"object-fit:contain;width:26px;height:26px\" \/><\/figure>\n<\/div>\n<\/div>\n\n\n\n<p class=\"has-text-align-center has-base-2-color has-text-color has-link-color has-sosro-font-family wp-elements-fae88359324170708bba5cd143a776b0\" style=\"font-size:clamp(2.089rem, 2.089rem + ((1vw - 0.2rem) * 2.768), 3.75rem);line-height:1\">Promos Aufenthalt<\/p>\n<\/div><\/div>\n<\/a>\n<\/li><\/ul><\/div>\n<\/div>\n","protected":false},"excerpt":{"rendered":"<p>Vermietung Mieten Sie Ihr Mobilheim in La Palmyre Verschiedene Sortimente von Ferienh\u00e4usern in der N\u00e4he von La Palmyre Unser Campingplatz, der Camping des 2 Plages in Saint-Palais-sur-Mer, setzt alles daran, dass Ihr Urlaub in La Palmyre unter den besten Bedingungen verl\u00e4uft und einen Geschmack von &#8222;wiederkommen&#8220; hinterl\u00e4sst. Und wer von guten Bedingungen spricht, meint Komfort [&hellip;]<\/p>\n","protected":false},"author":1,"featured_media":3860,"parent":6658,"menu_order":0,"comment_status":"closed","ping_status":"closed","template":"","meta":{"_acf_changed":false,"_seopress_robots_primary_cat":"","_seopress_titles_title":"Mobilheim La Palmyre: Mobilheim mieten in der N\u00e4he von La Palmyre","_seopress_titles_desc":"Von einfach bis ungew\u00f6hnlich, mieten Sie ein Mobilheim mit allem Komfort f\u00fcr einen unbeschwerten Urlaub auf unserem Campingplatz***** in der N\u00e4he von La Palmyre.","_seopress_robots_index":"","inline_featured_image":false,"gt_fse_maillage_image":"https:\/\/www.campingdes2plages.fr\/wp-content\/uploads\/2026\/01\/location-mobil-home-luxe-royan-camping-des-2-plages.jpg","gt_fse_maillage_titre":"Campingplatz La Palmyre Mobilheime","gt_fse_maillage_alt":"vermietung von mobilheimen luxus royan camping des 2 plages","gt_fse_maillage_resume":"","footnotes":""},"categories":[],"tags":[],"class_list":["post-6592","page","type-page","status-publish","has-post-thumbnail","hentry"],"acf":[],"_links":{"self":[{"href":"https:\/\/www.campingdes2plages.fr\/de\/wp-json\/wp\/v2\/pages\/6592","targetHints":{"allow":["GET"]}}],"collection":[{"href":"https:\/\/www.campingdes2plages.fr\/de\/wp-json\/wp\/v2\/pages"}],"about":[{"href":"https:\/\/www.campingdes2plages.fr\/de\/wp-json\/wp\/v2\/types\/page"}],"author":[{"embeddable":true,"href":"https:\/\/www.campingdes2plages.fr\/de\/wp-json\/wp\/v2\/users\/1"}],"replies":[{"embeddable":true,"href":"https:\/\/www.campingdes2plages.fr\/de\/wp-json\/wp\/v2\/comments?post=6592"}],"version-history":[{"count":4,"href":"https:\/\/www.campingdes2plages.fr\/de\/wp-json\/wp\/v2\/pages\/6592\/revisions"}],"predecessor-version":[{"id":6701,"href":"https:\/\/www.campingdes2plages.fr\/de\/wp-json\/wp\/v2\/pages\/6592\/revisions\/6701"}],"up":[{"embeddable":true,"href":"https:\/\/www.campingdes2plages.fr\/de\/wp-json\/wp\/v2\/pages\/6658"}],"wp:featuredmedia":[{"embeddable":true,"href":"https:\/\/www.campingdes2plages.fr\/de\/wp-json\/wp\/v2\/media\/3860"}],"wp:attachment":[{"href":"https:\/\/www.campingdes2plages.fr\/de\/wp-json\/wp\/v2\/media?parent=6592"}],"wp:term":[{"taxonomy":"category","embeddable":true,"href":"https:\/\/www.campingdes2plages.fr\/de\/wp-json\/wp\/v2\/categories?post=6592"},{"taxonomy":"post_tag","embeddable":true,"href":"https:\/\/www.campingdes2plages.fr\/de\/wp-json\/wp\/v2\/tags?post=6592"}],"curies":[{"name":"wp","href":"https:\/\/api.w.org\/{rel}","templated":true}]}}