{"id":6647,"date":"2026-01-05T15:53:42","date_gmt":"2026-01-05T14:53:42","guid":{"rendered":"https:\/\/www.campingdes2plages.fr\/camping-la-palmyre-avec-piscine\/"},"modified":"2026-03-05T13:33:59","modified_gmt":"2026-03-05T12:33:59","slug":"camping-la-palmyre-avec-piscine","status":"publish","type":"page","link":"https:\/\/www.campingdes2plages.fr\/de\/camping-la-palmyre\/camping-la-palmyre-avec-piscine\/","title":{"rendered":"Campingplatz La Palmyre mit Schwimmbad"},"content":{"rendered":"\n<div class=\"wp-block-group gt_1-cta-1photo_005 has-global-padding is-layout-constrained wp-container-core-group-is-layout-95847c2b wp-block-group-is-layout-constrained\" style=\"padding-top:4rem;padding-right:5rem;padding-bottom:6rem;padding-left:5rem\">\n<div class=\"wp-block-columns are-vertically-aligned-center is-layout-flex wp-container-core-columns-is-layout-2ce42527 wp-block-columns-is-layout-flex\">\n<div class=\"wp-block-column is-vertically-aligned-center left animated slideInLeft is-layout-flow wp-block-column-is-layout-flow\">\n<figure class=\"wp-block-image size-full has-custom-border img-1\"><img decoding=\"async\" width=\"1920\" height=\"1440\" src=\"https:\/\/www.campingdes2plages.fr\/wp-content\/uploads\/2026\/01\/camping-avec-toboggans-a-saint-palais-sur-mer.jpg\" alt=\"campingplatz mit rutschen in saint palais sur mer\" class=\"wp-image-2905\" style=\"border-radius:15px\" srcset=\"https:\/\/www.campingdes2plages.fr\/wp-content\/uploads\/2026\/01\/camping-avec-toboggans-a-saint-palais-sur-mer.jpg 1920w, https:\/\/www.campingdes2plages.fr\/wp-content\/uploads\/2026\/01\/camping-avec-toboggans-a-saint-palais-sur-mer-300x225.jpg 300w, https:\/\/www.campingdes2plages.fr\/wp-content\/uploads\/2026\/01\/camping-avec-toboggans-a-saint-palais-sur-mer-1024x768.jpg 1024w, https:\/\/www.campingdes2plages.fr\/wp-content\/uploads\/2026\/01\/camping-avec-toboggans-a-saint-palais-sur-mer-768x576.jpg 768w, https:\/\/www.campingdes2plages.fr\/wp-content\/uploads\/2026\/01\/camping-avec-toboggans-a-saint-palais-sur-mer-1536x1152.jpg 1536w\" sizes=\"(max-width: 1920px) 100vw, 1920px\" \/><\/figure>\n\n\n\n<figure class=\"wp-block-image size-full has-custom-border img-2\" style=\"margin-top:0px;margin-bottom:0px\"><img decoding=\"async\" width=\"1920\" height=\"1280\" src=\"https:\/\/www.campingdes2plages.fr\/wp-content\/uploads\/2026\/01\/camping-parc-aquatique-saint-palais-sur-mer.jpg\" alt=\"campingplatz wasserpark saint palais sur mer\" class=\"wp-image-2888\" style=\"border-radius:15px\" srcset=\"https:\/\/www.campingdes2plages.fr\/wp-content\/uploads\/2026\/01\/camping-parc-aquatique-saint-palais-sur-mer.jpg 1920w, https:\/\/www.campingdes2plages.fr\/wp-content\/uploads\/2026\/01\/camping-parc-aquatique-saint-palais-sur-mer-300x200.jpg 300w, https:\/\/www.campingdes2plages.fr\/wp-content\/uploads\/2026\/01\/camping-parc-aquatique-saint-palais-sur-mer-1024x683.jpg 1024w, https:\/\/www.campingdes2plages.fr\/wp-content\/uploads\/2026\/01\/camping-parc-aquatique-saint-palais-sur-mer-768x512.jpg 768w, https:\/\/www.campingdes2plages.fr\/wp-content\/uploads\/2026\/01\/camping-parc-aquatique-saint-palais-sur-mer-1536x1024.jpg 1536w\" sizes=\"(max-width: 1920px) 100vw, 1920px\" \/><\/figure>\n\n\n\n<figure class=\"wp-block-image size-full has-custom-border img-3\" style=\"margin-top:0px;margin-bottom:0px\"><img decoding=\"async\" width=\"1160\" height=\"1376\" src=\"https:\/\/www.campingdes2plages.fr\/wp-content\/uploads\/2026\/01\/fond-metallique.jpg\" alt=\"Metallischer Boden\" class=\"wp-image-3337\" style=\"border-radius:0px\" srcset=\"https:\/\/www.campingdes2plages.fr\/wp-content\/uploads\/2026\/01\/fond-metallique.jpg 1160w, https:\/\/www.campingdes2plages.fr\/wp-content\/uploads\/2026\/01\/fond-metallique-253x300.jpg 253w, https:\/\/www.campingdes2plages.fr\/wp-content\/uploads\/2026\/01\/fond-metallique-863x1024.jpg 863w, https:\/\/www.campingdes2plages.fr\/wp-content\/uploads\/2026\/01\/fond-metallique-768x911.jpg 768w\" sizes=\"(max-width: 1160px) 100vw, 1160px\" \/><\/figure>\n<\/div>\n\n\n\n<div class=\"wp-block-column is-vertically-aligned-center right animated slideInUp is-layout-flow wp-block-column-is-layout-flow\" style=\"padding-right:5rem\">\n<div class=\"wp-block-group is-nowrap is-layout-flex wp-container-core-group-is-layout-4b0a85f0 wp-block-group-is-layout-flex\">\n<figure class=\"wp-block-image size-full is-resized\"><img decoding=\"async\" width=\"21\" height=\"21\" src=\"https:\/\/www.campingdes2plages.fr\/wp-content\/uploads\/2025\/11\/etoile-custom-beige.svg\" alt=\"Stern Custom beige\" class=\"wp-image-223\" style=\"object-fit:contain;width:21px;height:21px\"\/><\/figure>\n\n\n\n<p class=\"has-custom-color-4-color has-text-color has-link-color wp-elements-790022e65131ec56f756365b91409f24\" style=\"font-size:clamp(0.875rem, 0.875rem + ((1vw - 0.2rem) * 0.525), 1.19rem);font-style:normal;font-weight:400;text-transform:uppercase\">Mathes-La Palmyre<\/p>\n<\/div>\n\n\n\n<h1 class=\"wp-block-heading has-calming-font-family\" style=\"font-size:clamp(2.178rem, 2.178rem + ((1vw - 0.2rem) * 2.953), 3.95rem);line-height:1;text-transform:uppercase\">Campingplatz mit Schwimmbad in der N\u00e4he von La Palmyre<\/h1>\n\n\n\n<div class=\"wp-block-group content has-global-padding is-layout-constrained wp-container-core-group-is-layout-bfec7e37 wp-block-group-is-layout-constrained\" style=\"margin-top:0px;margin-bottom:0px;padding-top:4rem;padding-right:5rem;padding-bottom:4rem\">\n<p style=\"margin-bottom:var(--wp--preset--spacing--40)\">Sie haben f\u00fcr Ihren n\u00e4chsten Campingurlaub die Charente-Maritime und insbesondere die sch\u00f6ne Gemeinde Les Mathes-La Palmyre ins Auge gefasst? Aber Sie haben einen Wunsch: Sie m\u00f6chten auf einem <strong>Campingplatz in der N\u00e4he von La Palmyre mit Schwimmbad<\/strong> wohnen, denn Ihre Kinder sind davon begeistert? <br\/>Entdecken Sie unseren <a href=\"https:\/\/www.campingdes2plages.fr\/de\/\">Campingplatz in Saint-Palais-sur-Mer<\/a> mit Wasserpark, der nur <strong>10 km von La Palmyre<\/strong> entfernt liegt. <\/p>\n\n\n\n<h2 class=\"wp-block-heading\"><strong>Rutschen zur Freude der Kinder<\/strong><\/h2>\n\n\n\n<figure class=\"wp-block-image aligncenter size-large\"><img decoding=\"async\" width=\"264\" height=\"22\" src=\"https:\/\/www.campingdes2plages.fr\/wp-content\/uploads\/2025\/11\/ligne-horizontale-et-point-beige.svg\" alt=\"horizontale Linie und beiger Punkt\" class=\"wp-image-377\"\/><\/figure>\n\n\n\n    <div id=\"gt-fse-lire-plus-1\"\n         class=\"gt-fse-lire-plus\"\n         data-min-height=\"130\"\n         style=\"background-color: #f9f9f9;\">\n\n        <input id=\"gt-fse-lire-plus-1-toggle\"\n               type=\"checkbox\"\n               class=\"gt-fse-lire-plus__toggle\" \/>\n\n        <label for=\"gt-fse-lire-plus-1-toggle\"\n               class=\"gt-fse-lire-plus__toggle-label\">\n            <span>Lire plus<\/span>\n            <span>Lire moins<\/span>\n        <\/label>\n\n        <div class=\"gt-fse-lire-plus__content\"\n             style=\"height: 130px;\">\n\n            \n\n<p>Der Wasserpark auf unserem <strong>Campingplatz in der N\u00e4he von La Palmyre mit Schwimmbad<\/strong> wird die Kinder begeistern! Mehrere Rutschen warten auf sie und versprechen viel Spa\u00df beim Rutschen! Unser Campingplatz in der N\u00e4he von La Palmyre mit Schwimmbad verf\u00fcgt \u00fcber 3 spiralf\u00f6rmige R\u00f6hrenrutschen. Jede Rutsche hat eine andere H\u00f6he, so dass die Kinder w\u00e4hrend Ihres Urlaubs in der Charente-Maritime viel Abwechslung und Nervenkitzel erleben k\u00f6nnen!   <\/p>\n\n\n\n<p>Haben Sie ein kleines Kind? Auch er kann sich auf der Rutsche vergn\u00fcgen, dank unserer <strong>kleinen Wasserrutsche<\/strong>! <\/p>\n\n\n\n<p>Ihre Kinder werden viel Spa\u00df haben, wenn sie mit ihren neuen Urlaubsfreunden <strong>auf den Rutschen rutschen <\/strong>. Wenn sie genug von der Rutsche haben, k\u00f6nnen sie in den Wasserbereich gehen, wo Wasserfont\u00e4nen auf sie warten, und dann ins beheizte Schwimmbad, wo sie mit ihren Freunden oder Eltern <strong>Wasserspiele spielen<\/strong> k\u00f6nnen. <\/p>\n\n\n\n<p>Auf unserem <strong>Campingplatz mit Schwimmbad in der N\u00e4he von La Palmyre <\/strong> gibt es f\u00fcr alle Altersgruppen etwas zu entdecken!<\/p>\n\n\n            <div class=\"gt-fse-lire-plus__gradient\"\n                 style=\"background: linear-gradient(to bottom, rgba(249,249,249,0) 0%, rgba(249,249,249,1) 100%);\"><\/div>\n        <\/div>\n\n    <\/div>\n\n    <\/div>\n<\/div>\n<\/div>\n\n\n\n<figure class=\"wp-block-image size-full background-image\"><img decoding=\"async\" width=\"615\" height=\"622\" src=\"https:\/\/www.campingdes2plages.fr\/wp-content\/uploads\/2025\/11\/dessin-coquillages-fond.webp\" alt=\"Zeichnung Muscheln Hintergrund\" class=\"wp-image-297\" style=\"aspect-ratio:1;object-fit:contain\" srcset=\"https:\/\/www.campingdes2plages.fr\/wp-content\/uploads\/2025\/11\/dessin-coquillages-fond.webp 615w, https:\/\/www.campingdes2plages.fr\/wp-content\/uploads\/2025\/11\/dessin-coquillages-fond-297x300.webp 297w\" sizes=\"(max-width: 615px) 100vw, 615px\" \/><\/figure>\n<\/div>\n\n<div class=\"wp-block-group gt_1-cta-1photofull_001 has-global-padding is-layout-constrained wp-container-core-group-is-layout-f2b0cc95 wp-block-group-is-layout-constrained\" style=\"margin-top:0px;margin-bottom:0px;padding-right:2rem;padding-left:2rem\">\n<div class=\"wp-block-cover is-light gt-multiple-images-cover has-slider\" style=\"border-radius:25px;min-height:100vh;aspect-ratio:unset;\" data-image-ids=\"[2921]\"><div class=\"gt-is-slider swiper-container\" data-swiper=\"{&quot;speed&quot;:1000,&quot;autoplay&quot;:{&quot;delay&quot;:5000,&quot;disableOnInteraction&quot;:false},&quot;spaceBetween&quot;:0,&quot;slidesPerView&quot;:1,&quot;pagination&quot;:{&quot;el&quot;:&quot;.swiper-pagination&quot;,&quot;dynamicBullets&quot;:true,&quot;clickable&quot;:true,&quot;type&quot;:&quot;bullets&quot;},&quot;navigation&quot;:{&quot;nextEl&quot;:&quot;.gt_1-cta-1photofull_001 .arrow-slider-next&quot;,&quot;prevEl&quot;:&quot;.gt_1-cta-1photofull_001 .arrow-slider-prev&quot;},&quot;breakpoints&quot;:[{&quot;slidesPerView&quot;:1}],&quot;effect&quot;:&quot;fade&quot;}\"><div class=\"swiper-wrapper\"><div class=\"swiper-slide\"><img decoding=\"async\" src=\"https:\/\/www.campingdes2plages.fr\/wp-content\/uploads\/2026\/01\/parc-aquatique-saint-palais-sur-mer-e1767795032235.jpg\" alt=\"parc aquatique saint palais sur mer\" class=\"gt-cover-image\" \/><\/div><\/div><\/div><span aria-hidden=\"true\" class=\"wp-block-cover__background has-background-dim-0 has-background-dim\"><\/span><div class=\"wp-block-cover__inner-container has-global-padding is-layout-constrained wp-container-core-cover-is-layout-12243e0f wp-block-cover-is-layout-constrained\">\n<figure class=\"wp-block-image size-large arrow-slider-prev\"><img decoding=\"async\" width=\"87\" height=\"11\" src=\"https:\/\/www.campingdes2plages.fr\/wp-content\/uploads\/2025\/11\/fleche-longue-gauche-beige.svg\" alt=\"Langpfeil links beige\" class=\"wp-image-351\"\/><\/figure>\n\n\n\n<figure class=\"wp-block-image size-large arrow-slider-next\"><img decoding=\"async\" width=\"87\" height=\"11\" src=\"https:\/\/www.campingdes2plages.fr\/wp-content\/uploads\/2025\/11\/fleche-longue-droite-beige.svg\" alt=\"Langpfeil gerade beige\" class=\"wp-image-347\"\/><\/figure>\n\n\n\n<div class=\"wp-block-group content has-custom-color-1-background-color has-background has-global-padding is-layout-constrained wp-container-core-group-is-layout-3087699c wp-block-group-is-layout-constrained\" style=\"border-radius:25px;padding-top:0rem;padding-right:6rem;padding-bottom:4rem;padding-left:6rem\">\n<figure class=\"wp-block-image aligncenter size-large\"><img decoding=\"async\" width=\"22\" height=\"122\" src=\"https:\/\/www.campingdes2plages.fr\/wp-content\/uploads\/2025\/11\/ligne-verticale-et-point-beige.svg\" alt=\"vertikale Linie und beiger Punkt\" class=\"wp-image-334\"\/><\/figure>\n\n\n\n<p class=\"has-text-align-center animated slideInUp has-custom-color-3-color has-text-color has-link-color has-calming-font-family wp-elements-4cf370845088ddad18304a37c1955594\" style=\"font-size:clamp(2.178rem, 2.178rem + ((1vw - 0.2rem) * 2.953), 3.95rem);line-height:1;text-transform:uppercase\"><strong>Aktivit\u00e4ten<\/strong><\/p>\n\n\n\n<h2 class=\"wp-block-heading has-text-align-center animated slideInUp has-custom-color-3-color has-text-color has-link-color wp-elements-5a6a1611c36b0a53c248b6a155a103ed\">Platz f\u00fcr Spiele und Aktivit\u00e4ten<\/h2>\n\n\n\n<p class=\"has-text-align-center animated slideInUp has-custom-color-3-color has-text-color has-link-color wp-elements-03b5f8d0a3104c410ac84fa21bd52b70\">Im Urlaub geht es darum, eine gute Zeit zu verbringen! Deshalb bietet Ihnen unser <strong>Campingplatz in der N\u00e4he von La Palmyre mit Schwimmbad<\/strong> ein <strong>vielf\u00e4ltiges Angebot an Aktivit\u00e4ten und Animationen <\/strong>f\u00fcr die ganze Familie. M\u00f6chten Sie sich w\u00e4hrend Ihres Urlaubs in der Charente-Maritime fit halten? Nehmen Sie an den <strong>Wassergymnastikkursen <\/strong>im Schwimmbad teil! Unsere Kurse werden von einem dynamischen und leidenschaftlichen Trainer geleitet und finden in einer freundlichen Atmosph\u00e4re statt.    <\/p>\n\n\n\n<p class=\"has-text-align-center animated slideInUp has-custom-color-3-color has-text-color has-link-color wp-elements-6c110b48b111ac237f43a93bd318aa8e\">Ziehen Sie den festen Boden dem Wasser im Schwimmbad vor? Auf unserem <strong>Campingplatz in der N\u00e4he von La Palmyre mit Schwimmbad<\/strong> k\u00f6nnen Sie auch im Fitnessstudio trainieren oder an den Str\u00e4nden joggen, die nur 600 Meter von unserem 5-Sterne-Campingplatz entfernt sind. <\/p>\n\n\n\n<p class=\"has-text-align-center animated slideInUp has-custom-color-3-color has-text-color has-link-color wp-elements-251ae86a151133f15f7e08669692a6ea\">Und um sich nach dem Sport zu entspannen, k\u00f6nnen Sie in unserem <a href=\"https:\/\/www.campingdes2plages.fr\/de\/campingplatz-mit-spa-saint-palais-sur-mer\/\">Spa in Saint-Palais-sur-Mer<\/a> Ihre Verspannungen l\u00f6sen, Ihre Muskeln lockern und dem Muskelkater vorbeugen, der bei Sportlern h\u00e4ufig auftritt!<\/p>\n<\/div>\n<\/div><\/div>\n<\/div>\n\n<div class=\"wp-block-group section-simple has-global-padding is-layout-constrained wp-container-core-group-is-layout-18d4e37a wp-block-group-is-layout-constrained\" style=\"margin-top:0px;margin-bottom:0px;padding-top:2rem;padding-right:10rem;padding-bottom:2rem;padding-left:10rem\">\n<div class=\"wp-block-columns are-vertically-aligned-center is-layout-flex wp-container-core-columns-is-layout-b23a18ed wp-block-columns-is-layout-flex\">\n<div class=\"wp-block-column is-vertically-aligned-center is-layout-flow wp-block-column-is-layout-flow\">\n<h2 class=\"wp-block-heading\">Die vielen Vorteile eines Schwimmbads am Meer<\/h2>\n\n\n\n<p>Machen Sie sich bereit f\u00fcr einen <strong>Wasserurlaub<\/strong> auf unserem <a href=\"https:\/\/www.campingdes2plages.fr\/de\/camping-la-palmyre\/camping-la-palmyre-pas-cher\/\">g\u00fcnstigen Campingplatz in der N\u00e4he von La Palmyre<\/a>! Neben unserem beheizten Schwimmbad haben Sie auch Zugang zu den <strong>sch\u00f6nen Str\u00e4nden der Charente-Maritime <\/strong>, die nur wenige Meter von unserem <strong>Campingplatz La Palmyre mit Schwimmbad<\/strong> entfernt sind.<\/p>\n\n\n\n<p>W\u00e4hrend Ihres Campingurlaubs k\u00f6nnen Sie Ihr Handtuch am Strand von Grande-Conche in Royan, am Strand von Saint-Georges-de-Didonne oder am Strand von Les Vergnes in Meschers-sur-Gironde aufh\u00e4ngen. Wechseln Sie also mit Ihren Kindern zwischen Strand und Schwimmbad ab! <\/p>\n\n\n\n<p>Und wenn Ihnen das Wasser des Atlantischen Ozeans zu kalt ist, werden Sie <strong>das 30\u00b0 warme Wasser <\/strong>in unserem Schwimmbad und das 35\u00b0 warme <strong>Wasser <\/strong>in den Whirlpools bevorzugen.<\/p>\n<\/div>\n\n\n\n<div class=\"wp-block-column is-vertically-aligned-center is-layout-flow wp-block-column-is-layout-flow\">\n<figure class=\"wp-block-image size-full has-custom-border\"><img decoding=\"async\" width=\"1920\" height=\"1280\" src=\"https:\/\/www.campingdes2plages.fr\/wp-content\/uploads\/2026\/01\/un-espace-aquatique-pour-toute-la-famille.jpg\" alt=\"ein Wasserpark f&#xFC;r die ganze Familie\" class=\"wp-image-2901\" style=\"border-radius:15px\" srcset=\"https:\/\/www.campingdes2plages.fr\/wp-content\/uploads\/2026\/01\/un-espace-aquatique-pour-toute-la-famille.jpg 1920w, https:\/\/www.campingdes2plages.fr\/wp-content\/uploads\/2026\/01\/un-espace-aquatique-pour-toute-la-famille-300x200.jpg 300w, https:\/\/www.campingdes2plages.fr\/wp-content\/uploads\/2026\/01\/un-espace-aquatique-pour-toute-la-famille-1024x683.jpg 1024w, https:\/\/www.campingdes2plages.fr\/wp-content\/uploads\/2026\/01\/un-espace-aquatique-pour-toute-la-famille-768x512.jpg 768w, https:\/\/www.campingdes2plages.fr\/wp-content\/uploads\/2026\/01\/un-espace-aquatique-pour-toute-la-famille-1536x1024.jpg 1536w\" sizes=\"(max-width: 1920px) 100vw, 1920px\" \/><\/figure>\n<\/div>\n<\/div>\n<\/div>\n\n<div class=\"wp-block-group gt_mosaiquegrid_001 has-global-padding is-layout-constrained wp-container-core-group-is-layout-f0730bc7 wp-block-group-is-layout-constrained\" style=\"margin-top:0px;margin-bottom:13rem;padding-right:0rem;padding-left:0rem\">\n<div class=\"wp-block-columns galerie animated slideInUp is-layout-flex wp-container-core-columns-is-layout-8a6dcda2 wp-block-columns-is-layout-flex\" style=\"margin-top:3rem\">\n<div class=\"wp-block-column is-vertically-aligned-bottom col-1 is-layout-flow wp-block-column-is-layout-flow\">\n<figure class=\"wp-block-image size-full has-custom-border\"><img decoding=\"async\" width=\"716\" height=\"600\" src=\"https:\/\/www.campingdes2plages.fr\/wp-content\/uploads\/2026\/01\/piscine-exterieure-royan.jpg\" alt=\"Schwimmbad im Freien royan\" class=\"wp-image-3384\" style=\"border-radius:15px\" srcset=\"https:\/\/www.campingdes2plages.fr\/wp-content\/uploads\/2026\/01\/piscine-exterieure-royan.jpg 716w, https:\/\/www.campingdes2plages.fr\/wp-content\/uploads\/2026\/01\/piscine-exterieure-royan-300x251.jpg 300w\" sizes=\"(max-width: 716px) 100vw, 716px\" \/><\/figure>\n\n\n\n<figure class=\"wp-block-image size-full has-custom-border\"><img decoding=\"async\" width=\"716\" height=\"600\" src=\"https:\/\/www.campingdes2plages.fr\/wp-content\/uploads\/2026\/01\/piscine-exterieure-charente-maritime.jpg\" alt=\"Schwimmbad im Freien Charente Maritime\" class=\"wp-image-3397\" style=\"border-radius:15px\" srcset=\"https:\/\/www.campingdes2plages.fr\/wp-content\/uploads\/2026\/01\/piscine-exterieure-charente-maritime.jpg 716w, https:\/\/www.campingdes2plages.fr\/wp-content\/uploads\/2026\/01\/piscine-exterieure-charente-maritime-300x251.jpg 300w\" sizes=\"(max-width: 716px) 100vw, 716px\" \/><\/figure>\n<\/div>\n\n\n\n<div class=\"wp-block-column is-vertically-aligned-bottom col-2 is-layout-flow wp-block-column-is-layout-flow\">\n<figure class=\"wp-block-image size-full has-custom-border\"><img decoding=\"async\" width=\"722\" height=\"488\" src=\"https:\/\/www.campingdes2plages.fr\/wp-content\/uploads\/2026\/01\/piscine-royan.jpg\" alt=\"Schwimmbad royan\" class=\"wp-image-3388\" style=\"border-radius:15px\" srcset=\"https:\/\/www.campingdes2plages.fr\/wp-content\/uploads\/2026\/01\/piscine-royan.jpg 722w, https:\/\/www.campingdes2plages.fr\/wp-content\/uploads\/2026\/01\/piscine-royan-300x203.jpg 300w\" sizes=\"(max-width: 722px) 100vw, 722px\" \/><\/figure>\n\n\n\n<figure class=\"wp-block-image size-full has-custom-border\"><img decoding=\"async\" width=\"716\" height=\"600\" src=\"https:\/\/www.campingdes2plages.fr\/wp-content\/uploads\/2026\/01\/espace-aquatique-st-palais.jpg\" alt=\"Wasserpark St. Palais\" class=\"wp-image-3401\" style=\"border-radius:15px\" srcset=\"https:\/\/www.campingdes2plages.fr\/wp-content\/uploads\/2026\/01\/espace-aquatique-st-palais.jpg 716w, https:\/\/www.campingdes2plages.fr\/wp-content\/uploads\/2026\/01\/espace-aquatique-st-palais-300x251.jpg 300w\" sizes=\"(max-width: 716px) 100vw, 716px\" \/><\/figure>\n<\/div>\n\n\n\n<div class=\"wp-block-column is-vertically-aligned-bottom col-3 is-layout-flow wp-block-column-is-layout-flow\">\n<figure class=\"wp-block-image size-full has-custom-border\"><img decoding=\"async\" width=\"716\" height=\"600\" src=\"https:\/\/www.campingdes2plages.fr\/wp-content\/uploads\/2026\/01\/toboggan-piscine.jpg\" alt=\"Rutsche Schwimmbad\" class=\"wp-image-3392\" style=\"border-radius:15px\" srcset=\"https:\/\/www.campingdes2plages.fr\/wp-content\/uploads\/2026\/01\/toboggan-piscine.jpg 716w, https:\/\/www.campingdes2plages.fr\/wp-content\/uploads\/2026\/01\/toboggan-piscine-300x251.jpg 300w\" sizes=\"(max-width: 716px) 100vw, 716px\" \/><\/figure>\n\n\n\n<figure class=\"wp-block-image size-full has-custom-border\"><img decoding=\"async\" width=\"716\" height=\"600\" src=\"https:\/\/www.campingdes2plages.fr\/wp-content\/uploads\/2026\/01\/nage-piscine-royan.jpg\" alt=\"Schwimmen Schwimmbad royan\" class=\"wp-image-3405\" style=\"border-radius:15px\" srcset=\"https:\/\/www.campingdes2plages.fr\/wp-content\/uploads\/2026\/01\/nage-piscine-royan.jpg 716w, https:\/\/www.campingdes2plages.fr\/wp-content\/uploads\/2026\/01\/nage-piscine-royan-300x251.jpg 300w\" sizes=\"(max-width: 716px) 100vw, 716px\" \/><\/figure>\n<\/div>\n<\/div>\n<\/div>\n\n<div class=\"wp-block-group section-maillage has-global-padding is-layout-constrained wp-container-core-group-is-layout-b07b1a8a wp-block-group-is-layout-constrained\" style=\"padding-top:0px;padding-right:1rem;padding-bottom:0rem;padding-left:1rem\">\n<div class=\"wp-block-group top has-custom-color-3-background-color has-background has-global-padding is-layout-constrained wp-container-core-group-is-layout-a3553d93 wp-block-group-is-layout-constrained\" style=\"margin-top:0px;margin-bottom:0px;padding-top:4rem;padding-right:4rem;padding-bottom:4rem;padding-left:4rem\">\n<div class=\"wp-block-group is-content-justification-center is-nowrap is-layout-flex wp-container-core-group-is-layout-06d12f70 wp-block-group-is-layout-flex\">\n<figure class=\"wp-block-image size-full is-resized\"><img decoding=\"async\" width=\"21\" height=\"21\" src=\"https:\/\/www.campingdes2plages.fr\/wp-content\/uploads\/2025\/11\/etoile-custom-beige.svg\" alt=\"Stern Custom beige\" class=\"wp-image-223\" style=\"object-fit:contain;width:21px;height:21px\"\/><\/figure>\n\n\n\n<p class=\"has-custom-color-4-color has-text-color has-link-color wp-elements-b476a1788281dfa3efc92b01dbb8e300\" style=\"font-size:clamp(0.875rem, 0.875rem + ((1vw - 0.2rem) * 0.525), 1.19rem);font-style:normal;font-weight:400;text-transform:uppercase\">Entdecken Sie mehr<\/p>\n<\/div>\n\n\n\n<p class=\"has-text-align-center has-custom-color-1-color has-text-color has-link-color has-calming-font-family wp-elements-cd3ccfb3ce58e365c3c520099ac49896\" style=\"font-size:clamp(2.423rem, 2.423rem + ((1vw - 0.2rem) * 3.483), 4.513rem);line-height:1;text-transform:uppercase\">Entdecken Sie unsere Unterk\u00fcnfte <br\/>&amp; Charente-maritime<\/p>\n\n\n\n<figure class=\"wp-block-image aligncenter size-large\"><img decoding=\"async\" width=\"264\" height=\"22\" src=\"https:\/\/www.campingdes2plages.fr\/wp-content\/uploads\/2025\/11\/ligne-horizontale-et-point-beige.svg\" alt=\"horizontale Linie und beiger Punkt\" class=\"wp-image-377\"\/><\/figure>\n<\/div>\n\n\n\n<figure class=\"wp-block-image size-large arrow-slider-prev\"><img decoding=\"async\" width=\"87\" height=\"11\" src=\"https:\/\/www.campingdes2plages.fr\/wp-content\/uploads\/2025\/11\/fleche-longue-gauche-beige.svg\" alt=\"Langpfeil links beige\" class=\"wp-image-351\"\/><\/figure>\n\n\n\n<figure class=\"wp-block-image size-large arrow-slider-next\"><img decoding=\"async\" width=\"87\" height=\"11\" src=\"https:\/\/www.campingdes2plages.fr\/wp-content\/uploads\/2025\/11\/fleche-longue-droite-beige.svg\" alt=\"Langpfeil gerade beige\" class=\"wp-image-347\"\/><\/figure>\n\n\n\n<div data-swiper=\"{&quot;speed&quot;:400,&quot;spaceBetween&quot;:16,&quot;slidesPerView&quot;:3,&quot;createElements&quot;:true,&quot;loop&quot;:true,&quot;freemode&quot;:true,&quot;navigation&quot;:{&quot;nextEl&quot;:&quot;.section-maillage .arrow-slider-next&quot;,&quot;prevEl&quot;:&quot;.section-maillage .arrow-slider-prev&quot;},&quot;pagination&quot;:{&quot;el&quot;:&quot;.swiper-pagination&quot;,&quot;dynamicBullets&quot;:true},&quot;breakpoints&quot;:{&quot;0&quot;:{&quot;slidesPerView&quot;:1},&quot;768&quot;:{&quot;slidesPerView&quot;:2},&quot;1024&quot;:{&quot;slidesPerView&quot;:2},&quot;1025&quot;:{&quot;slidesPerView&quot;:3}},&quot;autoplay&quot;:{&quot;delay&quot;:3000}}\" data-wp-context=\"{}\" data-wp-interactive=\"core\/query\" data-wp-key=\"1\" data-wp-router-region=\"query-1\" class=\"wp-block-query alignwide gt-fse-maillage-query gt-is-slider gt-is-slider-desktop is-layout-flow wp-block-query-is-layout-flow\"><ul class=\"columns-3 wp-block-post-template is-layout-grid wp-container-core-post-template-is-layout-6d3fbd8f wp-block-post-template-is-layout-grid\"><li data-wp-key=\"post-template-item-6592\" class=\"wp-block-post post-6592 page type-page status-publish has-post-thumbnail hentry\">\n<a href=\"https:\/\/www.campingdes2plages.fr\/de\/camping-la-palmyre\/location-mobil-home-la-palmyre\/\"    class=\"wp-block-tiptip-hyperlink-group-block\" >\n<div data-swiper=\"{&quot;speed&quot;:1000,&quot;autoplay&quot;:{&quot;delay&quot;:5000,&quot;disableOnInteraction&quot;:false},&quot;spaceBetween&quot;:0,&quot;slidesPerView&quot;:1,&quot;pagination&quot;:{&quot;el&quot;:&quot;.swiper-pagination&quot;,&quot;dynamicBullets&quot;:true,&quot;clickable&quot;:true,&quot;type&quot;:&quot;bullets&quot;},&quot;navigation&quot;:{&quot;nextEl&quot;:&quot;.swiper-button-next&quot;,&quot;prevEl&quot;:&quot;.swiper-button-prev&quot;},&quot;breakpoints&quot;:[{&quot;slidesPerView&quot;:1}]}\" class=\"wp-block-cover\" style=\"border-radius:15px\"><span aria-hidden=\"true\" class=\"wp-block-cover__background has-background-dim-60 has-background-dim has-background-gradient\" style=\"background:linear-gradient(0deg,rgb(0,0,0) 0%,rgba(255,255,255,0) 100%)\"><\/span><img decoding=\"async\" width=\"1920\" height=\"1280\" src=\"https:\/\/www.campingdes2plages.fr\/wp-content\/uploads\/2026\/01\/location-mobil-home-luxe-royan-camping-des-2-plages.jpg\" class=\"wp-block-cover__image-background wp-post-image\" alt=\"Vermietung von Luxus-Mobilheimen in Royan, Campingplatz Des 2 Plages\" data-object-fit=\"cover\" srcset=\"https:\/\/www.campingdes2plages.fr\/wp-content\/uploads\/2026\/01\/location-mobil-home-luxe-royan-camping-des-2-plages.jpg 1920w, https:\/\/www.campingdes2plages.fr\/wp-content\/uploads\/2026\/01\/location-mobil-home-luxe-royan-camping-des-2-plages-300x200.jpg 300w, https:\/\/www.campingdes2plages.fr\/wp-content\/uploads\/2026\/01\/location-mobil-home-luxe-royan-camping-des-2-plages-1024x683.jpg 1024w, https:\/\/www.campingdes2plages.fr\/wp-content\/uploads\/2026\/01\/location-mobil-home-luxe-royan-camping-des-2-plages-768x512.jpg 768w, https:\/\/www.campingdes2plages.fr\/wp-content\/uploads\/2026\/01\/location-mobil-home-luxe-royan-camping-des-2-plages-1536x1024.jpg 1536w\" sizes=\"(max-width: 1920px) 100vw, 1920px\" \/><div class=\"wp-block-cover__inner-container has-global-padding is-layout-constrained wp-container-core-cover-is-layout-12243e0f wp-block-cover-is-layout-constrained\">\n<div class=\"wp-block-group has-global-padding is-layout-constrained wp-block-group-is-layout-constrained\">\n<div class=\"wp-block-group icon has-custom-color-4-background-color has-background has-global-padding is-layout-constrained wp-container-core-group-is-layout-12243e0f wp-block-group-is-layout-constrained\" style=\"border-radius:7px\">\n<figure class=\"wp-block-image size-full is-resized wp-duotone-ffebb3-ffebb3-3\"><img decoding=\"async\" width=\"21\" height=\"21\" src=\"https:\/\/www.campingdes2plages.fr\/wp-content\/uploads\/2025\/11\/etoile-custom-beige.svg\" alt=\"Stern Custom beige\" class=\"wp-image-223\" style=\"object-fit:contain;width:26px;height:26px\"\/><\/figure>\n<\/div>\n<\/div>\n\n\n\n<p class=\"has-text-align-center has-base-2-color has-text-color has-link-color has-sosro-font-family wp-elements-fae88359324170708bba5cd143a776b0\" style=\"font-size:clamp(2.089rem, 2.089rem + ((1vw - 0.2rem) * 2.768), 3.75rem);line-height:1\">Campingplatz La Palmyre Mobilheime<\/p>\n<\/div><\/div>\n<\/a>\n<\/li><li data-wp-key=\"post-template-item-6648\" class=\"wp-block-post post-6648 page type-page status-publish has-post-thumbnail hentry\">\n<a href=\"https:\/\/www.campingdes2plages.fr\/de\/camping-la-palmyre\/camping-la-palmyre-pas-cher\/\"    class=\"wp-block-tiptip-hyperlink-group-block\" >\n<div data-swiper=\"{&quot;speed&quot;:1000,&quot;autoplay&quot;:{&quot;delay&quot;:5000,&quot;disableOnInteraction&quot;:false},&quot;spaceBetween&quot;:0,&quot;slidesPerView&quot;:1,&quot;pagination&quot;:{&quot;el&quot;:&quot;.swiper-pagination&quot;,&quot;dynamicBullets&quot;:true,&quot;clickable&quot;:true,&quot;type&quot;:&quot;bullets&quot;},&quot;navigation&quot;:{&quot;nextEl&quot;:&quot;.swiper-button-next&quot;,&quot;prevEl&quot;:&quot;.swiper-button-prev&quot;},&quot;breakpoints&quot;:[{&quot;slidesPerView&quot;:1}]}\" class=\"wp-block-cover\" style=\"border-radius:15px\"><span aria-hidden=\"true\" class=\"wp-block-cover__background has-background-dim-60 has-background-dim has-background-gradient\" style=\"background:linear-gradient(0deg,rgb(0,0,0) 0%,rgba(255,255,255,0) 100%)\"><\/span><img decoding=\"async\" width=\"1920\" height=\"1440\" src=\"https:\/\/www.campingdes2plages.fr\/wp-content\/uploads\/2026\/01\/prestations-haut-de-gamme-avec-votre-location-de-luxe-camping-des-2-plages.jpg\" class=\"wp-block-cover__image-background wp-post-image\" alt=\"\" data-object-fit=\"cover\" srcset=\"https:\/\/www.campingdes2plages.fr\/wp-content\/uploads\/2026\/01\/prestations-haut-de-gamme-avec-votre-location-de-luxe-camping-des-2-plages.jpg 1920w, https:\/\/www.campingdes2plages.fr\/wp-content\/uploads\/2026\/01\/prestations-haut-de-gamme-avec-votre-location-de-luxe-camping-des-2-plages-300x225.jpg 300w, https:\/\/www.campingdes2plages.fr\/wp-content\/uploads\/2026\/01\/prestations-haut-de-gamme-avec-votre-location-de-luxe-camping-des-2-plages-1024x768.jpg 1024w, https:\/\/www.campingdes2plages.fr\/wp-content\/uploads\/2026\/01\/prestations-haut-de-gamme-avec-votre-location-de-luxe-camping-des-2-plages-768x576.jpg 768w, https:\/\/www.campingdes2plages.fr\/wp-content\/uploads\/2026\/01\/prestations-haut-de-gamme-avec-votre-location-de-luxe-camping-des-2-plages-1536x1152.jpg 1536w\" sizes=\"(max-width: 1920px) 100vw, 1920px\" \/><div class=\"wp-block-cover__inner-container has-global-padding is-layout-constrained wp-container-core-cover-is-layout-12243e0f wp-block-cover-is-layout-constrained\">\n<div class=\"wp-block-group has-global-padding is-layout-constrained wp-block-group-is-layout-constrained\">\n<div class=\"wp-block-group icon has-custom-color-4-background-color has-background has-global-padding is-layout-constrained wp-container-core-group-is-layout-12243e0f wp-block-group-is-layout-constrained\" style=\"border-radius:7px\">\n<figure class=\"wp-block-image size-full is-resized wp-duotone-ffebb3-ffebb3-5\"><img decoding=\"async\" width=\"21\" height=\"21\" src=\"https:\/\/www.campingdes2plages.fr\/wp-content\/uploads\/2025\/11\/etoile-custom-beige.svg\" alt=\"Stern Custom beige\" class=\"wp-image-223\" style=\"object-fit:contain;width:26px;height:26px\"\/><\/figure>\n<\/div>\n<\/div>\n\n\n\n<p class=\"has-text-align-center has-base-2-color has-text-color has-link-color has-sosro-font-family wp-elements-fae88359324170708bba5cd143a776b0\" style=\"font-size:clamp(2.089rem, 2.089rem + ((1vw - 0.2rem) * 2.768), 3.75rem);line-height:1\">G\u00fcnstiger Campingplatz La Palmyre<\/p>\n<\/div><\/div>\n<\/a>\n<\/li><li data-wp-key=\"post-template-item-4154\" class=\"wp-block-post post-4154 page type-page status-publish has-post-thumbnail hentry\">\n<a href=\"https:\/\/www.campingdes2plages.fr\/de\/tourismus-charente-maritime\/\"    class=\"wp-block-tiptip-hyperlink-group-block\" >\n<div data-swiper=\"{&quot;speed&quot;:1000,&quot;autoplay&quot;:{&quot;delay&quot;:5000,&quot;disableOnInteraction&quot;:false},&quot;spaceBetween&quot;:0,&quot;slidesPerView&quot;:1,&quot;pagination&quot;:{&quot;el&quot;:&quot;.swiper-pagination&quot;,&quot;dynamicBullets&quot;:true,&quot;clickable&quot;:true,&quot;type&quot;:&quot;bullets&quot;},&quot;navigation&quot;:{&quot;nextEl&quot;:&quot;.swiper-button-next&quot;,&quot;prevEl&quot;:&quot;.swiper-button-prev&quot;},&quot;breakpoints&quot;:[{&quot;slidesPerView&quot;:1}]}\" class=\"wp-block-cover\" style=\"border-radius:15px\"><span aria-hidden=\"true\" class=\"wp-block-cover__background has-background-dim-60 has-background-dim has-background-gradient\" style=\"background:linear-gradient(0deg,rgb(0,0,0) 0%,rgba(255,255,255,0) 100%)\"><\/span><img decoding=\"async\" width=\"1920\" height=\"640\" src=\"https:\/\/www.campingdes2plages.fr\/wp-content\/uploads\/2026\/01\/tourisme-charente-maritime.jpg\" class=\"wp-block-cover__image-background wp-post-image\" alt=\"Tourismus charente maritime\" data-object-fit=\"cover\" srcset=\"https:\/\/www.campingdes2plages.fr\/wp-content\/uploads\/2026\/01\/tourisme-charente-maritime.jpg 1920w, https:\/\/www.campingdes2plages.fr\/wp-content\/uploads\/2026\/01\/tourisme-charente-maritime-300x100.jpg 300w, https:\/\/www.campingdes2plages.fr\/wp-content\/uploads\/2026\/01\/tourisme-charente-maritime-1024x341.jpg 1024w, https:\/\/www.campingdes2plages.fr\/wp-content\/uploads\/2026\/01\/tourisme-charente-maritime-768x256.jpg 768w, https:\/\/www.campingdes2plages.fr\/wp-content\/uploads\/2026\/01\/tourisme-charente-maritime-1536x512.jpg 1536w\" sizes=\"(max-width: 1920px) 100vw, 1920px\" \/><div class=\"wp-block-cover__inner-container has-global-padding is-layout-constrained wp-container-core-cover-is-layout-12243e0f wp-block-cover-is-layout-constrained\">\n<div class=\"wp-block-group has-global-padding is-layout-constrained wp-block-group-is-layout-constrained\">\n<div class=\"wp-block-group icon has-custom-color-4-background-color has-background has-global-padding is-layout-constrained wp-container-core-group-is-layout-12243e0f wp-block-group-is-layout-constrained\" style=\"border-radius:7px\">\n<figure class=\"wp-block-image size-full is-resized wp-duotone-ffebb3-ffebb3-7\"><img decoding=\"async\" width=\"21\" height=\"21\" src=\"https:\/\/www.campingdes2plages.fr\/wp-content\/uploads\/2025\/11\/etoile-custom-beige.svg\" alt=\"Stern Custom beige\" class=\"wp-image-223\" style=\"object-fit:contain;width:26px;height:26px\"\/><\/figure>\n<\/div>\n<\/div>\n\n\n\n<p class=\"has-text-align-center has-base-2-color has-text-color has-link-color has-sosro-font-family wp-elements-fae88359324170708bba5cd143a776b0\" style=\"font-size:clamp(2.089rem, 2.089rem + ((1vw - 0.2rem) * 2.768), 3.75rem);line-height:1\">Charente-Maritime<\/p>\n<\/div><\/div>\n<\/a>\n<\/li><\/ul><\/div>\n<\/div>\n","protected":false},"excerpt":{"rendered":"<p>Mathes-La Palmyre Campingplatz mit Schwimmbad in der N\u00e4he von La Palmyre Sie haben f\u00fcr Ihren n\u00e4chsten Campingurlaub die Charente-Maritime und insbesondere die sch\u00f6ne Gemeinde Les Mathes-La Palmyre ins Auge gefasst? Aber Sie haben einen Wunsch: Sie m\u00f6chten auf einem Campingplatz in der N\u00e4he von La Palmyre mit Schwimmbad wohnen, denn Ihre Kinder sind davon begeistert? [&hellip;]<\/p>\n","protected":false},"author":1,"featured_media":3355,"parent":6658,"menu_order":0,"comment_status":"closed","ping_status":"closed","template":"","meta":{"_acf_changed":false,"_seopress_robots_primary_cat":"","_seopress_titles_title":"Campingplatz La Palmyre mit Schwimmbad: Wasserpark in der N\u00e4he von La Palmyre","_seopress_titles_desc":"Suchen Sie einen Campingplatz in der N\u00e4he von La Palmyre mit Schwimmbad? Entdecken Sie den Wasserpark unseres Campingplatzes f\u00fcr einen traumhaften Urlaub! ","_seopress_robots_index":"","inline_featured_image":false,"gt_fse_maillage_image":"https:\/\/www.campingdes2plages.fr\/wp-content\/uploads\/2026\/01\/camping-avec-piscine-couverte-et-chauffee-a-saint-palais-sur-mer.jpg","gt_fse_maillage_titre":"Wasserpark","gt_fse_maillage_alt":"Automatischer Entwurf","gt_fse_maillage_resume":"","footnotes":""},"categories":[],"tags":[],"class_list":["post-6647","page","type-page","status-publish","has-post-thumbnail","hentry"],"acf":[],"_links":{"self":[{"href":"https:\/\/www.campingdes2plages.fr\/de\/wp-json\/wp\/v2\/pages\/6647","targetHints":{"allow":["GET"]}}],"collection":[{"href":"https:\/\/www.campingdes2plages.fr\/de\/wp-json\/wp\/v2\/pages"}],"about":[{"href":"https:\/\/www.campingdes2plages.fr\/de\/wp-json\/wp\/v2\/types\/page"}],"author":[{"embeddable":true,"href":"https:\/\/www.campingdes2plages.fr\/de\/wp-json\/wp\/v2\/users\/1"}],"replies":[{"embeddable":true,"href":"https:\/\/www.campingdes2plages.fr\/de\/wp-json\/wp\/v2\/comments?post=6647"}],"version-history":[{"count":5,"href":"https:\/\/www.campingdes2plages.fr\/de\/wp-json\/wp\/v2\/pages\/6647\/revisions"}],"predecessor-version":[{"id":6661,"href":"https:\/\/www.campingdes2plages.fr\/de\/wp-json\/wp\/v2\/pages\/6647\/revisions\/6661"}],"up":[{"embeddable":true,"href":"https:\/\/www.campingdes2plages.fr\/de\/wp-json\/wp\/v2\/pages\/6658"}],"wp:featuredmedia":[{"embeddable":true,"href":"https:\/\/www.campingdes2plages.fr\/de\/wp-json\/wp\/v2\/media\/3355"}],"wp:attachment":[{"href":"https:\/\/www.campingdes2plages.fr\/de\/wp-json\/wp\/v2\/media?parent=6647"}],"wp:term":[{"taxonomy":"category","embeddable":true,"href":"https:\/\/www.campingdes2plages.fr\/de\/wp-json\/wp\/v2\/categories?post=6647"},{"taxonomy":"post_tag","embeddable":true,"href":"https:\/\/www.campingdes2plages.fr\/de\/wp-json\/wp\/v2\/tags?post=6647"}],"curies":[{"name":"wp","href":"https:\/\/api.w.org\/{rel}","templated":true}]}}