{"id":6674,"date":"2026-01-05T16:01:31","date_gmt":"2026-01-05T15:01:31","guid":{"rendered":"https:\/\/www.campingdes2plages.fr\/camping-royan-piscine-chauffee\/"},"modified":"2026-04-02T09:06:53","modified_gmt":"2026-04-02T07:06:53","slug":"camping-royan-piscine-chauffee","status":"publish","type":"page","link":"https:\/\/www.campingdes2plages.fr\/de\/camping-royan\/camping-royan-piscine-chauffee\/","title":{"rendered":"Campingplatz Royan mit Schwimmbad"},"content":{"rendered":"\n<div class=\"wp-block-group gt_1-cta-1photo_005 has-global-padding is-layout-constrained wp-container-core-group-is-layout-95847c2b wp-block-group-is-layout-constrained\" style=\"padding-top:4rem;padding-right:5rem;padding-bottom:6rem;padding-left:5rem\">\n<div class=\"wp-block-columns are-vertically-aligned-center is-layout-flex wp-container-core-columns-is-layout-2ce42527 wp-block-columns-is-layout-flex\">\n<div class=\"wp-block-column is-vertically-aligned-center left animated slideInLeft is-layout-flow wp-block-column-is-layout-flow\">\n<figure class=\"wp-block-image size-full has-custom-border img-1\"><img decoding=\"async\" width=\"1920\" height=\"1280\" src=\"https:\/\/www.campingdes2plages.fr\/wp-content\/uploads\/2026\/01\/camping-parc-aquatique-saint-palais-sur-mer.jpg\" alt=\"campingplatz wasserpark saint palais sur mer\" class=\"wp-image-2888\" style=\"border-radius:15px\" srcset=\"https:\/\/www.campingdes2plages.fr\/wp-content\/uploads\/2026\/01\/camping-parc-aquatique-saint-palais-sur-mer.jpg 1920w, https:\/\/www.campingdes2plages.fr\/wp-content\/uploads\/2026\/01\/camping-parc-aquatique-saint-palais-sur-mer-300x200.jpg 300w, https:\/\/www.campingdes2plages.fr\/wp-content\/uploads\/2026\/01\/camping-parc-aquatique-saint-palais-sur-mer-1024x683.jpg 1024w, https:\/\/www.campingdes2plages.fr\/wp-content\/uploads\/2026\/01\/camping-parc-aquatique-saint-palais-sur-mer-768x512.jpg 768w, https:\/\/www.campingdes2plages.fr\/wp-content\/uploads\/2026\/01\/camping-parc-aquatique-saint-palais-sur-mer-1536x1024.jpg 1536w\" sizes=\"(max-width: 1920px) 100vw, 1920px\" \/><\/figure>\n\n\n\n<figure class=\"wp-block-image size-full has-custom-border img-2\" style=\"margin-top:0px;margin-bottom:0px\"><img decoding=\"async\" width=\"1000\" height=\"664\" src=\"https:\/\/www.campingdes2plages.fr\/wp-content\/uploads\/2026\/01\/decouvrez-les-activites-aquatiques-du-camping.jpeg\" alt=\"Entdecken Sie die Wasseraktivit&#xE4;ten des Campingplatzes\" class=\"wp-image-2917\" style=\"border-radius:15px\" srcset=\"https:\/\/www.campingdes2plages.fr\/wp-content\/uploads\/2026\/01\/decouvrez-les-activites-aquatiques-du-camping.jpeg 1000w, https:\/\/www.campingdes2plages.fr\/wp-content\/uploads\/2026\/01\/decouvrez-les-activites-aquatiques-du-camping-300x199.jpeg 300w, https:\/\/www.campingdes2plages.fr\/wp-content\/uploads\/2026\/01\/decouvrez-les-activites-aquatiques-du-camping-768x510.jpeg 768w\" sizes=\"(max-width: 1000px) 100vw, 1000px\" \/><\/figure>\n\n\n\n<figure class=\"wp-block-image size-full has-custom-border img-3\" style=\"margin-top:0px;margin-bottom:0px\"><img decoding=\"async\" width=\"1160\" height=\"1376\" src=\"https:\/\/www.campingdes2plages.fr\/wp-content\/uploads\/2026\/01\/fond-metallique.jpg\" alt=\"Metallischer Boden\" class=\"wp-image-3337\" style=\"border-radius:0px\" srcset=\"https:\/\/www.campingdes2plages.fr\/wp-content\/uploads\/2026\/01\/fond-metallique.jpg 1160w, https:\/\/www.campingdes2plages.fr\/wp-content\/uploads\/2026\/01\/fond-metallique-253x300.jpg 253w, https:\/\/www.campingdes2plages.fr\/wp-content\/uploads\/2026\/01\/fond-metallique-863x1024.jpg 863w, https:\/\/www.campingdes2plages.fr\/wp-content\/uploads\/2026\/01\/fond-metallique-768x911.jpg 768w\" sizes=\"(max-width: 1160px) 100vw, 1160px\" \/><\/figure>\n<\/div>\n\n\n\n<div class=\"wp-block-column is-vertically-aligned-center right animated slideInUp is-layout-flow wp-block-column-is-layout-flow\" style=\"padding-right:5rem\">\n<div class=\"wp-block-group is-nowrap is-layout-flex wp-container-core-group-is-layout-4b0a85f0 wp-block-group-is-layout-flex\">\n<figure class=\"wp-block-image size-full is-resized\"><img decoding=\"async\" width=\"21\" height=\"21\" src=\"https:\/\/www.campingdes2plages.fr\/wp-content\/uploads\/2025\/11\/etoile-custom-beige.svg\" alt=\"Stern Custom beige\" class=\"wp-image-223\" style=\"object-fit:contain;width:21px;height:21px\"\/><\/figure>\n\n\n\n<p class=\"has-custom-color-4-color has-text-color has-link-color wp-elements-bcd9263eb18b4f54748e8980cb4621d5\" style=\"font-size:clamp(0.875rem, 0.875rem + ((1vw - 0.2rem) * 0.525), 1.19rem);font-style:normal;font-weight:400;text-transform:uppercase\">Schwimmbad<\/p>\n<\/div>\n\n\n\n<h1 class=\"wp-block-heading has-calming-font-family\" style=\"font-size:clamp(2.178rem, 2.178rem + ((1vw - 0.2rem) * 2.953), 3.95rem);line-height:1;text-transform:uppercase\">Campingplatz Royan mit Schwimmbad<\/h1>\n\n\n\n<div class=\"wp-block-group content has-global-padding is-layout-constrained wp-container-core-group-is-layout-bfec7e37 wp-block-group-is-layout-constrained\" style=\"margin-top:0px;margin-bottom:0px;padding-top:4rem;padding-right:5rem;padding-bottom:4rem\">\n<p style=\"margin-bottom:var(--wp--preset--spacing--40)\">Wollen Sie Ihren Urlaub in Royan voll ausnutzen, um eine Region mit einem reichen kulturellen Erbe zu entdecken und sich in einer Unterkunft zu entspannen, die den gr\u00f6\u00dften Campingpl\u00e4tzen w\u00fcrdig ist? Dann ist ein <strong>Campingplatz in der N\u00e4he von Royan mit Schwimmbad genau<\/strong> das Richtige f\u00fcr Sie! Der Wasserbereich Ihres <a href=\"\/\">5-Sterne-Campingplatzes in Saint-Palais-sur-Mer<\/a> ist der perfekte Ort f\u00fcr Spa\u00df und Erholung. Auf dem Campingplatz Les 2 Plages erwarten Sie ein <strong>beheiztes<\/strong> und <strong>\u00fcberdachtes<\/strong> <strong>Schwimmbad<\/strong>, <strong>Wasserrutschen<\/strong>, ein <strong>Aquapark<\/strong> und Animationen.  <\/p>\n\n\n\n<h2 class=\"wp-block-heading\"><strong>Der Wasserpark mit seinen Rutschen<\/strong><\/h2>\n\n\n\n<figure class=\"wp-block-image aligncenter size-large\"><img decoding=\"async\" width=\"264\" height=\"22\" src=\"https:\/\/www.campingdes2plages.fr\/wp-content\/uploads\/2025\/11\/ligne-horizontale-et-point-beige.svg\" alt=\"horizontale Linie und beiger Punkt\" class=\"wp-image-377\"\/><\/figure>\n\n\n\n    <div id=\"gt-fse-lire-plus-1\"\n         class=\"gt-fse-lire-plus\"\n         data-min-height=\"130\"\n         style=\"background-color: #f9f9f9;\">\n\n        <input id=\"gt-fse-lire-plus-1-toggle\"\n               type=\"checkbox\"\n               class=\"gt-fse-lire-plus__toggle\" \/>\n\n        <label for=\"gt-fse-lire-plus-1-toggle\"\n               class=\"gt-fse-lire-plus__toggle-label\">\n            <span>Lire plus<\/span>\n            <span>Lire moins<\/span>\n        <\/label>\n\n        <div class=\"gt-fse-lire-plus__content\"\n             style=\"height: 130px;\">\n\n            \n\n<p>Ein Urlaub in der Charente Maritime ist die Gelegenheit, wunderbare Erinnerungen f\u00fcr Gro\u00df und Klein zu schaffen. Nutzen Sie Ihren Aufenthalt auf dem <strong>Campingplatz in Royan mit Schwimmbad,<\/strong> um sich zu am\u00fcsieren, egal wie alt Sie sind! In unserem <strong>Wasserpark<\/strong> finden Sie einen Bereich, der speziell f\u00fcr Kinder konzipiert wurde. Seit 2021 sorgen <strong>Wasserstrahlen<\/strong>, <strong>Wasserrutschen<\/strong>, <strong>Gie\u00dfkannen<\/strong> und <strong>Wasserpistolen<\/strong> f\u00fcr Spa\u00df in diesem<strong>sicheren<\/strong> und farbenfrohen<strong>Wasserbereich<\/strong>.   <\/p>\n\n\n\n<p>Unter der Aufsicht ihrer Eltern k\u00f6nnen die Kleinsten die <strong>Freuden des Wassers<\/strong> entdecken! Am Rand des<strong>Wasserparks<\/strong> befindet sich ein <strong>Strand<\/strong> mit Liegest\u00fchlen und Sonnenschirmen, wo Sie sich entspannen und die Rutschpartien Ihrer Kinder bewundern k\u00f6nnen.<\/p>\n\n\n\n<p>Die Teenager bevorzugen sicher das <strong>Schwimmbad<\/strong> f\u00fcr die Gro\u00dfen, wo sie an verschiedenen <strong>Wasserspielen<\/strong> teilnehmen oder ihre <strong>Crawlk\u00fcnste<\/strong> perfektionieren k\u00f6nnen. Sie werden es sicherlich genie\u00dfen, im <strong>beheizten Schwimmbad<\/strong> oder im Au\u00dfenbereich zu tauchen und die <strong>Rutschen<\/strong> zu nutzen, die allen zur Verf\u00fcgung stehen. Und dabei k\u00f6nnen Sie auf unserem <a href=\"https:\/\/www.campingdes2plages.fr\/de\/camping-royan\/\">Campingplatz in der N\u00e4he von Royan<\/a> neue Freunde finden!  <\/p>\n\n\n            <div class=\"gt-fse-lire-plus__gradient\"\n                 style=\"background: linear-gradient(to bottom, rgba(249,249,249,0) 0%, rgba(249,249,249,1) 100%);\"><\/div>\n        <\/div>\n\n    <\/div>\n\n    <\/div>\n<\/div>\n<\/div>\n\n\n\n<figure class=\"wp-block-image size-full background-image\"><img decoding=\"async\" width=\"615\" height=\"622\" src=\"https:\/\/www.campingdes2plages.fr\/wp-content\/uploads\/2025\/11\/dessin-coquillages-fond.webp\" alt=\"Zeichnung Muscheln Hintergrund\" class=\"wp-image-297\" style=\"aspect-ratio:1;object-fit:contain\" srcset=\"https:\/\/www.campingdes2plages.fr\/wp-content\/uploads\/2025\/11\/dessin-coquillages-fond.webp 615w, https:\/\/www.campingdes2plages.fr\/wp-content\/uploads\/2025\/11\/dessin-coquillages-fond-297x300.webp 297w\" sizes=\"(max-width: 615px) 100vw, 615px\" \/><\/figure>\n<\/div>\n\n<div class=\"wp-block-group gt_1-cta-1photofull_001 has-global-padding is-layout-constrained wp-container-core-group-is-layout-f2b0cc95 wp-block-group-is-layout-constrained\" style=\"margin-top:0px;margin-bottom:0px;padding-right:2rem;padding-left:2rem\">\n<div class=\"wp-block-cover is-light gt-multiple-images-cover has-slider\" style=\"border-radius:25px;min-height:100vh;aspect-ratio:unset;\" data-image-ids=\"[2996]\"><div class=\"gt-is-slider swiper-container\" data-swiper=\"{&quot;speed&quot;:1000,&quot;autoplay&quot;:{&quot;delay&quot;:5000,&quot;disableOnInteraction&quot;:false},&quot;spaceBetween&quot;:0,&quot;slidesPerView&quot;:1,&quot;pagination&quot;:{&quot;el&quot;:&quot;.swiper-pagination&quot;,&quot;dynamicBullets&quot;:true,&quot;clickable&quot;:true,&quot;type&quot;:&quot;bullets&quot;},&quot;navigation&quot;:{&quot;nextEl&quot;:&quot;.gt_1-cta-1photofull_001 .arrow-slider-next&quot;,&quot;prevEl&quot;:&quot;.gt_1-cta-1photofull_001 .arrow-slider-prev&quot;},&quot;breakpoints&quot;:[{&quot;slidesPerView&quot;:1}],&quot;effect&quot;:&quot;fade&quot;}\"><div class=\"swiper-wrapper\"><div class=\"swiper-slide\"><img decoding=\"async\" src=\"https:\/\/www.campingdes2plages.fr\/wp-content\/uploads\/2026\/01\/services-camping-raoyan.jpg\" alt=\"services camping raoyan\" class=\"gt-cover-image\" \/><\/div><\/div><\/div><span aria-hidden=\"true\" class=\"wp-block-cover__background has-background-dim-0 has-background-dim\"><\/span><div class=\"wp-block-cover__inner-container has-global-padding is-layout-constrained wp-container-core-cover-is-layout-12243e0f wp-block-cover-is-layout-constrained\">\n<figure class=\"wp-block-image size-large arrow-slider-prev\"><img decoding=\"async\" width=\"87\" height=\"11\" src=\"https:\/\/www.campingdes2plages.fr\/wp-content\/uploads\/2025\/11\/fleche-longue-gauche-beige.svg\" alt=\"Langpfeil links beige\" class=\"wp-image-351\"\/><\/figure>\n\n\n\n<figure class=\"wp-block-image size-large arrow-slider-next\"><img decoding=\"async\" width=\"87\" height=\"11\" src=\"https:\/\/www.campingdes2plages.fr\/wp-content\/uploads\/2025\/11\/fleche-longue-droite-beige.svg\" alt=\"Langpfeil gerade beige\" class=\"wp-image-347\"\/><\/figure>\n\n\n\n<div class=\"wp-block-group content has-custom-color-1-background-color has-background has-global-padding is-layout-constrained wp-container-core-group-is-layout-3087699c wp-block-group-is-layout-constrained\" style=\"border-radius:25px;padding-top:0rem;padding-right:6rem;padding-bottom:4rem;padding-left:6rem\">\n<figure class=\"wp-block-image aligncenter size-large\"><img decoding=\"async\" width=\"22\" height=\"122\" src=\"https:\/\/www.campingdes2plages.fr\/wp-content\/uploads\/2025\/11\/ligne-verticale-et-point-beige.svg\" alt=\"vertikale Linie und beiger Punkt\" class=\"wp-image-334\"\/><\/figure>\n\n\n\n<p class=\"has-text-align-center animated slideInUp has-custom-color-3-color has-text-color has-link-color has-calming-font-family wp-elements-a46c72ed6b3228790e068bc8642340b8\" style=\"font-size:clamp(2.178rem, 2.178rem + ((1vw - 0.2rem) * 2.953), 3.95rem);line-height:1;text-transform:uppercase\">Wassersport<\/p>\n\n\n\n<h2 class=\"wp-block-heading has-text-align-center animated slideInUp has-custom-color-3-color has-text-color has-link-color wp-elements-0f7112d5c75b3bf9b0bcbd3e4db55951\">Wasseraktivit\u00e4ten und -spiele<\/h2>\n\n\n\n<p class=\"has-text-align-center animated slideInUp has-custom-color-3-color has-text-color has-link-color wp-elements-e6188c081b13ee563e7351b04456c6b2\">Warum nutzen Sie nicht Ihren Aufenthalt auf unserem <a href=\"https:\/\/www.campingdes2plages.fr\/de\/luxus-campingplatz-royan\/\">5-Sterne-Campingplatz in der N\u00e4he von Royan<\/a>, um sich in Form zu bringen? Jeden Morgen bieten unsere Animateure Aktivit\u00e4ten rund um das <strong>beheizte Schwimmbad auf unserem Campingplatz in der N\u00e4he von Royan<\/strong> an. Diejenigen, die sich gerne im Wasser bewegen, werden die Wassergymnastikkurse lieben, bei denen alle Muskeln auf sanfte Weise bewegt werden. F\u00fcr diejenigen, die lieber an Land bleiben, gibt es auch Gymnastikkurse in der N\u00e4he des Wasserbereichs.   <\/p>\n\n\n\n<p class=\"has-text-align-center animated slideInUp has-custom-color-3-color has-text-color has-link-color wp-elements-3a43593a6fac00fbb8efa477c3393d8c\">Laufbegeisterte werden sich \u00fcber den <strong>Strand<\/strong> freuen, der <strong>nur 600 m<\/strong> von Ihrem Mobilheim auf dem <strong>Campingplatz mit Schwimmbad in der N\u00e4he von Royan<\/strong> entfernt ist. Sie k\u00f6nnen an den Animationen teilnehmen, die rund um das Joggen und Walken am Meer geplant sind. Und um sich nach dem Sport zu entspannen, besuchen Sie den <a href=\"https:\/\/www.campingdes2plages.fr\/de\/campingplatz-mit-spa-saint-palais-sur-mer\/\">Wellnessbereich<\/a> des Campingplatzes, um Ihre Muskeln zu lockern und Muskelkater zu vermeiden. <\/p>\n<\/div>\n<\/div><\/div>\n<\/div>\n\n<div class=\"wp-block-group section-simple has-global-padding is-layout-constrained wp-container-core-group-is-layout-18d4e37a wp-block-group-is-layout-constrained\" style=\"margin-top:0px;margin-bottom:0px;padding-top:2rem;padding-right:10rem;padding-bottom:2rem;padding-left:10rem\">\n<div class=\"wp-block-columns are-vertically-aligned-center is-layout-flex wp-container-core-columns-is-layout-b23a18ed wp-block-columns-is-layout-flex\">\n<div class=\"wp-block-column is-vertically-aligned-center is-layout-flow wp-block-column-is-layout-flow\">\n<h2 class=\"wp-block-heading\">Alle Vorteile eines Schwimmbads am Meer<\/h2>\n\n\n\n<p>Glauben Sie uns, Sie werden die Charente Maritime mit wunderbaren Erinnerungen an Ihren Aufenthalt auf dem <strong>Campingplatz in Royan und seinem Schwimmbad<\/strong> verlassen. Die ganze Familie wird sich noch lange an die N\u00e4he <strong>des Campingplatzes zum Ozean<\/strong> und an den <strong>Poolbereich<\/strong> erinnern, in dem sie von den hervorragenden Einrichtungen profitieren konnten: <\/p>\n\n\n\n<ul style=\"padding-left:var(--wp--preset--spacing--30)\" class=\"wp-block-list\">\n<li>Beheiztes und bedecktes Schwimmbad ;<\/li>\n\n\n\n<li>Whirlpool mit 35 \u00b0C ;<\/li>\n\n\n\n<li>Wassersportbereich f\u00fcr die J\u00fcngsten ;<\/li>\n\n\n\n<li>Rutschen f\u00fcr die ganze Familie;<\/li>\n\n\n\n<li>Das Vorhandensein eines Restaurants am Wasser ;<\/li>\n\n\n\n<li>Die N\u00e4he zur K\u00fcste und dem Strand.<\/li>\n<\/ul>\n\n\n\n<p>Um unser Mietangebot zu entdecken und Ihren Aufenthalt oder Ihr <a href=\"https:\/\/www.campingdes2plages.fr\/de\/camping-royan\/weekend-royan\/\">Wochenende in der N\u00e4he von Royan<\/a> auf<strong>einem der besten Campingpl\u00e4tze mit Schwimmbad in der Region zu<\/strong> reservieren, kontaktieren Sie uns!<\/p>\n<\/div>\n\n\n\n<div class=\"wp-block-column is-vertically-aligned-center is-layout-flow wp-block-column-is-layout-flow\">\n<figure class=\"wp-block-image size-full has-custom-border\"><img decoding=\"async\" width=\"1920\" height=\"1280\" src=\"https:\/\/www.campingdes2plages.fr\/wp-content\/uploads\/2026\/01\/qualite-tourisme-camping-des-2-plages.jpg\" alt=\"Tourismusqualit&#xE4;t Camping des 2 plages\" class=\"wp-image-3796\" style=\"border-radius:15px\" srcset=\"https:\/\/www.campingdes2plages.fr\/wp-content\/uploads\/2026\/01\/qualite-tourisme-camping-des-2-plages.jpg 1920w, https:\/\/www.campingdes2plages.fr\/wp-content\/uploads\/2026\/01\/qualite-tourisme-camping-des-2-plages-300x200.jpg 300w, https:\/\/www.campingdes2plages.fr\/wp-content\/uploads\/2026\/01\/qualite-tourisme-camping-des-2-plages-1024x683.jpg 1024w, https:\/\/www.campingdes2plages.fr\/wp-content\/uploads\/2026\/01\/qualite-tourisme-camping-des-2-plages-768x512.jpg 768w, https:\/\/www.campingdes2plages.fr\/wp-content\/uploads\/2026\/01\/qualite-tourisme-camping-des-2-plages-1536x1024.jpg 1536w\" sizes=\"(max-width: 1920px) 100vw, 1920px\" \/><\/figure>\n<\/div>\n<\/div>\n<\/div>\n\n<div class=\"wp-block-group gt_mosaiquegrid_001 has-global-padding is-layout-constrained wp-container-core-group-is-layout-f0730bc7 wp-block-group-is-layout-constrained\" style=\"margin-top:0px;margin-bottom:13rem;padding-right:0rem;padding-left:0rem\">\n<div class=\"wp-block-columns galerie animated slideInUp is-layout-flex wp-container-core-columns-is-layout-8a6dcda2 wp-block-columns-is-layout-flex\" style=\"margin-top:3rem\">\n<div class=\"wp-block-column is-vertically-aligned-bottom col-1 is-layout-flow wp-block-column-is-layout-flow\">\n<figure class=\"wp-block-image size-full has-custom-border\"><img decoding=\"async\" width=\"716\" height=\"600\" src=\"https:\/\/www.campingdes2plages.fr\/wp-content\/uploads\/2026\/01\/transats-piscine.jpg\" alt=\"Liegest&#xFC;hle Schwimmbad\" class=\"wp-image-3508\" style=\"border-radius:15px\" srcset=\"https:\/\/www.campingdes2plages.fr\/wp-content\/uploads\/2026\/01\/transats-piscine.jpg 716w, https:\/\/www.campingdes2plages.fr\/wp-content\/uploads\/2026\/01\/transats-piscine-300x251.jpg 300w\" sizes=\"(max-width: 716px) 100vw, 716px\" \/><\/figure>\n\n\n\n<figure class=\"wp-block-image size-full has-custom-border\"><img decoding=\"async\" width=\"716\" height=\"600\" src=\"https:\/\/www.campingdes2plages.fr\/wp-content\/uploads\/2026\/01\/piscine-bouee-enfants.jpg\" alt=\"Schwimmbad Kinder Boje\" class=\"wp-image-3520\" style=\"border-radius:15px\" srcset=\"https:\/\/www.campingdes2plages.fr\/wp-content\/uploads\/2026\/01\/piscine-bouee-enfants.jpg 716w, https:\/\/www.campingdes2plages.fr\/wp-content\/uploads\/2026\/01\/piscine-bouee-enfants-300x251.jpg 300w\" sizes=\"(max-width: 716px) 100vw, 716px\" \/><\/figure>\n<\/div>\n\n\n\n<div class=\"wp-block-column is-vertically-aligned-bottom col-2 is-layout-flow wp-block-column-is-layout-flow\">\n<figure class=\"wp-block-image size-full has-custom-border\"><img decoding=\"async\" width=\"716\" height=\"600\" src=\"https:\/\/www.campingdes2plages.fr\/wp-content\/uploads\/2026\/01\/enfant-nage-piscine.jpg\" alt=\"Kind schwimmt Schwimmbad\" class=\"wp-image-3512\" style=\"border-radius:15px\" srcset=\"https:\/\/www.campingdes2plages.fr\/wp-content\/uploads\/2026\/01\/enfant-nage-piscine.jpg 716w, https:\/\/www.campingdes2plages.fr\/wp-content\/uploads\/2026\/01\/enfant-nage-piscine-300x251.jpg 300w\" sizes=\"(max-width: 716px) 100vw, 716px\" \/><\/figure>\n\n\n\n<figure class=\"wp-block-image size-full has-custom-border\"><img decoding=\"async\" width=\"716\" height=\"600\" src=\"https:\/\/www.campingdes2plages.fr\/wp-content\/uploads\/2026\/01\/piscine-eau.jpg\" alt=\"Schwimmbad Wasser\" class=\"wp-image-3524\" style=\"border-radius:15px\" srcset=\"https:\/\/www.campingdes2plages.fr\/wp-content\/uploads\/2026\/01\/piscine-eau.jpg 716w, https:\/\/www.campingdes2plages.fr\/wp-content\/uploads\/2026\/01\/piscine-eau-300x251.jpg 300w\" sizes=\"(max-width: 716px) 100vw, 716px\" \/><\/figure>\n<\/div>\n\n\n\n<div class=\"wp-block-column is-vertically-aligned-bottom col-3 is-layout-flow wp-block-column-is-layout-flow\">\n<figure class=\"wp-block-image size-full has-custom-border\"><img decoding=\"async\" width=\"716\" height=\"600\" src=\"https:\/\/www.campingdes2plages.fr\/wp-content\/uploads\/2026\/01\/femme-piscine.jpg\" alt=\"Frau Schwimmbad\" class=\"wp-image-3516\" style=\"border-radius:15px\" srcset=\"https:\/\/www.campingdes2plages.fr\/wp-content\/uploads\/2026\/01\/femme-piscine.jpg 716w, https:\/\/www.campingdes2plages.fr\/wp-content\/uploads\/2026\/01\/femme-piscine-300x251.jpg 300w\" sizes=\"(max-width: 716px) 100vw, 716px\" \/><\/figure>\n\n\n\n<figure class=\"wp-block-image size-full has-custom-border\"><img decoding=\"async\" width=\"716\" height=\"600\" src=\"https:\/\/www.campingdes2plages.fr\/wp-content\/uploads\/2026\/01\/aquagym-piscine.jpg\" alt=\"Wassergymnastik Schwimmbad\" class=\"wp-image-3528\" style=\"border-radius:15px\" srcset=\"https:\/\/www.campingdes2plages.fr\/wp-content\/uploads\/2026\/01\/aquagym-piscine.jpg 716w, https:\/\/www.campingdes2plages.fr\/wp-content\/uploads\/2026\/01\/aquagym-piscine-300x251.jpg 300w\" sizes=\"(max-width: 716px) 100vw, 716px\" \/><\/figure>\n<\/div>\n<\/div>\n<\/div>\n\n<div class=\"wp-block-group section-maillage has-global-padding is-layout-constrained wp-container-core-group-is-layout-b07b1a8a wp-block-group-is-layout-constrained\" style=\"padding-top:0px;padding-right:1rem;padding-bottom:0rem;padding-left:1rem\">\n<div class=\"wp-block-group top has-custom-color-3-background-color has-background has-global-padding is-layout-constrained wp-container-core-group-is-layout-a3553d93 wp-block-group-is-layout-constrained\" style=\"margin-top:0px;margin-bottom:0px;padding-top:4rem;padding-right:4rem;padding-bottom:4rem;padding-left:4rem\">\n<div class=\"wp-block-group is-content-justification-center is-nowrap is-layout-flex wp-container-core-group-is-layout-06d12f70 wp-block-group-is-layout-flex\">\n<figure class=\"wp-block-image size-full is-resized\"><img decoding=\"async\" width=\"21\" height=\"21\" src=\"https:\/\/www.campingdes2plages.fr\/wp-content\/uploads\/2025\/11\/etoile-custom-beige.svg\" alt=\"Stern Custom beige\" class=\"wp-image-223\" style=\"object-fit:contain;width:21px;height:21px\"\/><\/figure>\n\n\n\n<p class=\"has-custom-color-4-color has-text-color has-link-color wp-elements-b476a1788281dfa3efc92b01dbb8e300\" style=\"font-size:clamp(0.875rem, 0.875rem + ((1vw - 0.2rem) * 0.525), 1.19rem);font-style:normal;font-weight:400;text-transform:uppercase\">Entdecken Sie mehr<\/p>\n<\/div>\n\n\n\n<p class=\"has-text-align-center has-custom-color-1-color has-text-color has-link-color has-calming-font-family wp-elements-cd3ccfb3ce58e365c3c520099ac49896\" style=\"font-size:clamp(2.423rem, 2.423rem + ((1vw - 0.2rem) * 3.483), 4.513rem);line-height:1;text-transform:uppercase\">Entdecken Sie unsere Unterk\u00fcnfte <br\/>&amp; Charente-maritime<\/p>\n\n\n\n<figure class=\"wp-block-image aligncenter size-large\"><img decoding=\"async\" width=\"264\" height=\"22\" src=\"https:\/\/www.campingdes2plages.fr\/wp-content\/uploads\/2025\/11\/ligne-horizontale-et-point-beige.svg\" alt=\"horizontale Linie und beiger Punkt\" class=\"wp-image-377\"\/><\/figure>\n<\/div>\n\n\n\n<figure class=\"wp-block-image size-large arrow-slider-prev\"><img decoding=\"async\" width=\"87\" height=\"11\" src=\"https:\/\/www.campingdes2plages.fr\/wp-content\/uploads\/2025\/11\/fleche-longue-gauche-beige.svg\" alt=\"Langpfeil links beige\" class=\"wp-image-351\"\/><\/figure>\n\n\n\n<figure class=\"wp-block-image size-large arrow-slider-next\"><img decoding=\"async\" width=\"87\" height=\"11\" src=\"https:\/\/www.campingdes2plages.fr\/wp-content\/uploads\/2025\/11\/fleche-longue-droite-beige.svg\" alt=\"Langpfeil gerade beige\" class=\"wp-image-347\"\/><\/figure>\n\n\n\n<div data-swiper=\"{&quot;speed&quot;:400,&quot;spaceBetween&quot;:16,&quot;slidesPerView&quot;:3,&quot;createElements&quot;:true,&quot;loop&quot;:true,&quot;freemode&quot;:true,&quot;navigation&quot;:{&quot;nextEl&quot;:&quot;.section-maillage .arrow-slider-next&quot;,&quot;prevEl&quot;:&quot;.section-maillage .arrow-slider-prev&quot;},&quot;pagination&quot;:{&quot;el&quot;:&quot;.swiper-pagination&quot;,&quot;dynamicBullets&quot;:true},&quot;breakpoints&quot;:{&quot;0&quot;:{&quot;slidesPerView&quot;:1},&quot;768&quot;:{&quot;slidesPerView&quot;:2},&quot;1024&quot;:{&quot;slidesPerView&quot;:2},&quot;1025&quot;:{&quot;slidesPerView&quot;:3}},&quot;autoplay&quot;:{&quot;delay&quot;:3000}}\" data-wp-context=\"{}\" data-wp-interactive=\"core\/query\" data-wp-key=\"1\" data-wp-router-region=\"query-1\" class=\"wp-block-query alignwide gt-fse-maillage-query gt-is-slider gt-is-slider-desktop is-layout-flow wp-block-query-is-layout-flow\"><ul class=\"columns-3 wp-block-post-template is-layout-grid wp-container-core-post-template-is-layout-6d3fbd8f wp-block-post-template-is-layout-grid\"><li data-wp-key=\"post-template-item-6561\" class=\"wp-block-post post-6561 page type-page status-publish has-post-thumbnail hentry\">\n<a href=\"https:\/\/www.campingdes2plages.fr\/de\/camping-royan\/camping-pas-cher-royan\/\"    class=\"wp-block-tiptip-hyperlink-group-block\" >\n<div data-swiper=\"{&quot;speed&quot;:1000,&quot;autoplay&quot;:{&quot;delay&quot;:5000,&quot;disableOnInteraction&quot;:false},&quot;spaceBetween&quot;:0,&quot;slidesPerView&quot;:1,&quot;pagination&quot;:{&quot;el&quot;:&quot;.swiper-pagination&quot;,&quot;dynamicBullets&quot;:true,&quot;clickable&quot;:true,&quot;type&quot;:&quot;bullets&quot;},&quot;navigation&quot;:{&quot;nextEl&quot;:&quot;.swiper-button-next&quot;,&quot;prevEl&quot;:&quot;.swiper-button-prev&quot;},&quot;breakpoints&quot;:[{&quot;slidesPerView&quot;:1}]}\" class=\"wp-block-cover\" style=\"border-radius:15px\"><span aria-hidden=\"true\" class=\"wp-block-cover__background has-background-dim-60 has-background-dim has-background-gradient\" style=\"background:linear-gradient(0deg,rgb(0,0,0) 0%,rgba(255,255,255,0) 100%)\"><\/span><img decoding=\"async\" width=\"1920\" height=\"1440\" src=\"https:\/\/www.campingdes2plages.fr\/wp-content\/uploads\/2026\/01\/location-mobil-home-saint-palais-sur-mer-camping-des-2-plages.jpg\" class=\"wp-block-cover__image-background wp-post-image\" alt=\"Vermietung Mobilheim Saint Palais sur Mer Campingplatz Des 2 Plages\" data-object-fit=\"cover\" srcset=\"https:\/\/www.campingdes2plages.fr\/wp-content\/uploads\/2026\/01\/location-mobil-home-saint-palais-sur-mer-camping-des-2-plages.jpg 1920w, https:\/\/www.campingdes2plages.fr\/wp-content\/uploads\/2026\/01\/location-mobil-home-saint-palais-sur-mer-camping-des-2-plages-300x225.jpg 300w, https:\/\/www.campingdes2plages.fr\/wp-content\/uploads\/2026\/01\/location-mobil-home-saint-palais-sur-mer-camping-des-2-plages-1024x768.jpg 1024w, https:\/\/www.campingdes2plages.fr\/wp-content\/uploads\/2026\/01\/location-mobil-home-saint-palais-sur-mer-camping-des-2-plages-768x576.jpg 768w, https:\/\/www.campingdes2plages.fr\/wp-content\/uploads\/2026\/01\/location-mobil-home-saint-palais-sur-mer-camping-des-2-plages-1536x1152.jpg 1536w\" sizes=\"(max-width: 1920px) 100vw, 1920px\" \/><div class=\"wp-block-cover__inner-container has-global-padding is-layout-constrained wp-container-core-cover-is-layout-12243e0f wp-block-cover-is-layout-constrained\">\n<div class=\"wp-block-group has-global-padding is-layout-constrained wp-block-group-is-layout-constrained\">\n<div class=\"wp-block-group icon has-custom-color-4-background-color has-background has-global-padding is-layout-constrained wp-container-core-group-is-layout-12243e0f wp-block-group-is-layout-constrained\" style=\"border-radius:7px\">\n<figure class=\"wp-block-image size-full is-resized wp-duotone-ffebb3-ffebb3-3\"><img decoding=\"async\" width=\"21\" height=\"21\" src=\"https:\/\/www.campingdes2plages.fr\/wp-content\/uploads\/2025\/11\/etoile-custom-beige.svg\" alt=\"Stern Custom beige\" class=\"wp-image-223\" style=\"object-fit:contain;width:26px;height:26px\"\/><\/figure>\n<\/div>\n<\/div>\n\n\n\n<p class=\"has-text-align-center has-base-2-color has-text-color has-link-color has-sosro-font-family wp-elements-fae88359324170708bba5cd143a776b0\" style=\"font-size:clamp(2.089rem, 2.089rem + ((1vw - 0.2rem) * 2.768), 3.75rem);line-height:1\">G\u00fcnstiger Campingplatz Royan<\/p>\n<\/div><\/div>\n<\/a>\n<\/li><li data-wp-key=\"post-template-item-4154\" class=\"wp-block-post post-4154 page type-page status-publish has-post-thumbnail hentry\">\n<a href=\"https:\/\/www.campingdes2plages.fr\/de\/tourismus-charente-maritime\/\"    class=\"wp-block-tiptip-hyperlink-group-block\" >\n<div data-swiper=\"{&quot;speed&quot;:1000,&quot;autoplay&quot;:{&quot;delay&quot;:5000,&quot;disableOnInteraction&quot;:false},&quot;spaceBetween&quot;:0,&quot;slidesPerView&quot;:1,&quot;pagination&quot;:{&quot;el&quot;:&quot;.swiper-pagination&quot;,&quot;dynamicBullets&quot;:true,&quot;clickable&quot;:true,&quot;type&quot;:&quot;bullets&quot;},&quot;navigation&quot;:{&quot;nextEl&quot;:&quot;.swiper-button-next&quot;,&quot;prevEl&quot;:&quot;.swiper-button-prev&quot;},&quot;breakpoints&quot;:[{&quot;slidesPerView&quot;:1}]}\" class=\"wp-block-cover\" style=\"border-radius:15px\"><span aria-hidden=\"true\" class=\"wp-block-cover__background has-background-dim-60 has-background-dim has-background-gradient\" style=\"background:linear-gradient(0deg,rgb(0,0,0) 0%,rgba(255,255,255,0) 100%)\"><\/span><img decoding=\"async\" width=\"1920\" height=\"640\" src=\"https:\/\/www.campingdes2plages.fr\/wp-content\/uploads\/2026\/01\/tourisme-charente-maritime.jpg\" class=\"wp-block-cover__image-background wp-post-image\" alt=\"Tourismus charente maritime\" data-object-fit=\"cover\" srcset=\"https:\/\/www.campingdes2plages.fr\/wp-content\/uploads\/2026\/01\/tourisme-charente-maritime.jpg 1920w, https:\/\/www.campingdes2plages.fr\/wp-content\/uploads\/2026\/01\/tourisme-charente-maritime-300x100.jpg 300w, https:\/\/www.campingdes2plages.fr\/wp-content\/uploads\/2026\/01\/tourisme-charente-maritime-1024x341.jpg 1024w, https:\/\/www.campingdes2plages.fr\/wp-content\/uploads\/2026\/01\/tourisme-charente-maritime-768x256.jpg 768w, https:\/\/www.campingdes2plages.fr\/wp-content\/uploads\/2026\/01\/tourisme-charente-maritime-1536x512.jpg 1536w\" sizes=\"(max-width: 1920px) 100vw, 1920px\" \/><div class=\"wp-block-cover__inner-container has-global-padding is-layout-constrained wp-container-core-cover-is-layout-12243e0f wp-block-cover-is-layout-constrained\">\n<div class=\"wp-block-group has-global-padding is-layout-constrained wp-block-group-is-layout-constrained\">\n<div class=\"wp-block-group icon has-custom-color-4-background-color has-background has-global-padding is-layout-constrained wp-container-core-group-is-layout-12243e0f wp-block-group-is-layout-constrained\" style=\"border-radius:7px\">\n<figure class=\"wp-block-image size-full is-resized wp-duotone-ffebb3-ffebb3-5\"><img decoding=\"async\" width=\"21\" height=\"21\" src=\"https:\/\/www.campingdes2plages.fr\/wp-content\/uploads\/2025\/11\/etoile-custom-beige.svg\" alt=\"Stern Custom beige\" class=\"wp-image-223\" style=\"object-fit:contain;width:26px;height:26px\"\/><\/figure>\n<\/div>\n<\/div>\n\n\n\n<p class=\"has-text-align-center has-base-2-color has-text-color has-link-color has-sosro-font-family wp-elements-fae88359324170708bba5cd143a776b0\" style=\"font-size:clamp(2.089rem, 2.089rem + ((1vw - 0.2rem) * 2.768), 3.75rem);line-height:1\">Charente-Maritime<\/p>\n<\/div><\/div>\n<\/a>\n<\/li><li data-wp-key=\"post-template-item-4189\" class=\"wp-block-post post-4189 page type-page status-publish has-post-thumbnail hentry\">\n<a href=\"https:\/\/www.campingdes2plages.fr\/de\/vermietung-von-luxus-mobilheimen-royan\/\"    class=\"wp-block-tiptip-hyperlink-group-block\" >\n<div data-swiper=\"{&quot;speed&quot;:1000,&quot;autoplay&quot;:{&quot;delay&quot;:5000,&quot;disableOnInteraction&quot;:false},&quot;spaceBetween&quot;:0,&quot;slidesPerView&quot;:1,&quot;pagination&quot;:{&quot;el&quot;:&quot;.swiper-pagination&quot;,&quot;dynamicBullets&quot;:true,&quot;clickable&quot;:true,&quot;type&quot;:&quot;bullets&quot;},&quot;navigation&quot;:{&quot;nextEl&quot;:&quot;.swiper-button-next&quot;,&quot;prevEl&quot;:&quot;.swiper-button-prev&quot;},&quot;breakpoints&quot;:[{&quot;slidesPerView&quot;:1}]}\" class=\"wp-block-cover\" style=\"border-radius:15px\"><span aria-hidden=\"true\" class=\"wp-block-cover__background has-background-dim-60 has-background-dim has-background-gradient\" style=\"background:linear-gradient(0deg,rgb(0,0,0) 0%,rgba(255,255,255,0) 100%)\"><\/span><img decoding=\"async\" width=\"1920\" height=\"1280\" src=\"https:\/\/www.campingdes2plages.fr\/wp-content\/uploads\/2026\/01\/location-mobil-home-luxe-royan-camping-des-2-plages.jpg\" class=\"wp-block-cover__image-background wp-post-image\" alt=\"Vermietung von Luxus-Mobilheimen in Royan, Campingplatz Des 2 Plages\" data-object-fit=\"cover\" srcset=\"https:\/\/www.campingdes2plages.fr\/wp-content\/uploads\/2026\/01\/location-mobil-home-luxe-royan-camping-des-2-plages.jpg 1920w, https:\/\/www.campingdes2plages.fr\/wp-content\/uploads\/2026\/01\/location-mobil-home-luxe-royan-camping-des-2-plages-300x200.jpg 300w, https:\/\/www.campingdes2plages.fr\/wp-content\/uploads\/2026\/01\/location-mobil-home-luxe-royan-camping-des-2-plages-1024x683.jpg 1024w, https:\/\/www.campingdes2plages.fr\/wp-content\/uploads\/2026\/01\/location-mobil-home-luxe-royan-camping-des-2-plages-768x512.jpg 768w, https:\/\/www.campingdes2plages.fr\/wp-content\/uploads\/2026\/01\/location-mobil-home-luxe-royan-camping-des-2-plages-1536x1024.jpg 1536w\" sizes=\"(max-width: 1920px) 100vw, 1920px\" \/><div class=\"wp-block-cover__inner-container has-global-padding is-layout-constrained wp-container-core-cover-is-layout-12243e0f wp-block-cover-is-layout-constrained\">\n<div class=\"wp-block-group has-global-padding is-layout-constrained wp-block-group-is-layout-constrained\">\n<div class=\"wp-block-group icon has-custom-color-4-background-color has-background has-global-padding is-layout-constrained wp-container-core-group-is-layout-12243e0f wp-block-group-is-layout-constrained\" style=\"border-radius:7px\">\n<figure class=\"wp-block-image size-full is-resized wp-duotone-ffebb3-ffebb3-7\"><img decoding=\"async\" width=\"21\" height=\"21\" src=\"https:\/\/www.campingdes2plages.fr\/wp-content\/uploads\/2025\/11\/etoile-custom-beige.svg\" alt=\"Stern Custom beige\" class=\"wp-image-223\" style=\"object-fit:contain;width:26px;height:26px\"\/><\/figure>\n<\/div>\n<\/div>\n\n\n\n<p class=\"has-text-align-center has-base-2-color has-text-color has-link-color has-sosro-font-family wp-elements-fae88359324170708bba5cd143a776b0\" style=\"font-size:clamp(2.089rem, 2.089rem + ((1vw - 0.2rem) * 2.768), 3.75rem);line-height:1\">Luxus Mobilheime<\/p>\n<\/div><\/div>\n<\/a>\n<\/li><\/ul><\/div>\n<\/div>\n","protected":false},"excerpt":{"rendered":"<p>Schwimmbad Campingplatz Royan mit Schwimmbad Wollen Sie Ihren Urlaub in Royan voll ausnutzen, um eine Region mit einem reichen kulturellen Erbe zu entdecken und sich in einer Unterkunft zu entspannen, die den gr\u00f6\u00dften Campingpl\u00e4tzen w\u00fcrdig ist? Dann ist ein Campingplatz in der N\u00e4he von Royan mit Schwimmbad genau das Richtige f\u00fcr Sie! Der Wasserbereich Ihres [&hellip;]<\/p>\n","protected":false},"author":1,"featured_media":2946,"parent":6686,"menu_order":0,"comment_status":"closed","ping_status":"closed","template":"","meta":{"_acf_changed":false,"_seopress_robots_primary_cat":"","_seopress_titles_title":"Camping avec piscine Royan : Parc aquatique du camping pr\u00e8s de Royan","_seopress_titles_desc":"A deux pas de la plage, d\u00e9couvrez l'incroyable piscine chauff\u00e9e du camping pr\u00e8s de Royan : parc aquatique, toboggans, bain bouillonnant, cours d'aquagym, et bien d'autres !","_seopress_robots_index":"","inline_featured_image":false,"gt_fse_maillage_image":"https:\/\/www.campingdes2plages.fr\/wp-content\/uploads\/2026\/01\/le-parc-aquatique-de-notre-camping-5-etoiles-e1767796098424.jpg","gt_fse_maillage_titre":"Campingplatz Royan mit Schwimmbad","gt_fse_maillage_alt":"Automatischer Entwurf","gt_fse_maillage_resume":"","footnotes":""},"categories":[],"tags":[],"class_list":["post-6674","page","type-page","status-publish","has-post-thumbnail","hentry"],"acf":[],"_links":{"self":[{"href":"https:\/\/www.campingdes2plages.fr\/de\/wp-json\/wp\/v2\/pages\/6674","targetHints":{"allow":["GET"]}}],"collection":[{"href":"https:\/\/www.campingdes2plages.fr\/de\/wp-json\/wp\/v2\/pages"}],"about":[{"href":"https:\/\/www.campingdes2plages.fr\/de\/wp-json\/wp\/v2\/types\/page"}],"author":[{"embeddable":true,"href":"https:\/\/www.campingdes2plages.fr\/de\/wp-json\/wp\/v2\/users\/1"}],"replies":[{"embeddable":true,"href":"https:\/\/www.campingdes2plages.fr\/de\/wp-json\/wp\/v2\/comments?post=6674"}],"version-history":[{"count":7,"href":"https:\/\/www.campingdes2plages.fr\/de\/wp-json\/wp\/v2\/pages\/6674\/revisions"}],"predecessor-version":[{"id":6715,"href":"https:\/\/www.campingdes2plages.fr\/de\/wp-json\/wp\/v2\/pages\/6674\/revisions\/6715"}],"up":[{"embeddable":true,"href":"https:\/\/www.campingdes2plages.fr\/de\/wp-json\/wp\/v2\/pages\/6686"}],"wp:featuredmedia":[{"embeddable":true,"href":"https:\/\/www.campingdes2plages.fr\/de\/wp-json\/wp\/v2\/media\/2946"}],"wp:attachment":[{"href":"https:\/\/www.campingdes2plages.fr\/de\/wp-json\/wp\/v2\/media?parent=6674"}],"wp:term":[{"taxonomy":"category","embeddable":true,"href":"https:\/\/www.campingdes2plages.fr\/de\/wp-json\/wp\/v2\/categories?post=6674"},{"taxonomy":"post_tag","embeddable":true,"href":"https:\/\/www.campingdes2plages.fr\/de\/wp-json\/wp\/v2\/tags?post=6674"}],"curies":[{"name":"wp","href":"https:\/\/api.w.org\/{rel}","templated":true}]}}