{"id":6560,"date":"2026-01-05T16:03:33","date_gmt":"2026-01-05T15:03:33","guid":{"rendered":"https:\/\/www.campingdes2plages.fr\/camping-royan\/"},"modified":"2026-03-17T11:03:07","modified_gmt":"2026-03-17T10:03:07","slug":"camping-royan","status":"publish","type":"page","link":"https:\/\/www.campingdes2plages.fr\/en\/camping-royan\/","title":{"rendered":"Camping Royan"},"content":{"rendered":"\n<div class=\"wp-block-group gt_1-cta-1photo_005 has-global-padding is-layout-constrained wp-container-core-group-is-layout-95847c2b wp-block-group-is-layout-constrained\" style=\"padding-top:4rem;padding-right:5rem;padding-bottom:6rem;padding-left:5rem\">\n<div class=\"wp-block-columns are-vertically-aligned-center is-layout-flex wp-container-core-columns-is-layout-2ce42527 wp-block-columns-is-layout-flex\">\n<div class=\"wp-block-column is-vertically-aligned-center left animated slideInLeft is-layout-flow wp-block-column-is-layout-flow\">\n<figure class=\"wp-block-image size-full has-custom-border img-1\"><img decoding=\"async\" width=\"1920\" height=\"1280\" src=\"https:\/\/www.campingdes2plages.fr\/wp-content\/uploads\/2026\/01\/plages-vacances-royan-famille.jpg\" alt=\"vacation beaches royan family\" class=\"wp-image-3150\" style=\"border-radius:15px\" srcset=\"https:\/\/www.campingdes2plages.fr\/wp-content\/uploads\/2026\/01\/plages-vacances-royan-famille.jpg 1920w, https:\/\/www.campingdes2plages.fr\/wp-content\/uploads\/2026\/01\/plages-vacances-royan-famille-300x200.jpg 300w, https:\/\/www.campingdes2plages.fr\/wp-content\/uploads\/2026\/01\/plages-vacances-royan-famille-1024x683.jpg 1024w, https:\/\/www.campingdes2plages.fr\/wp-content\/uploads\/2026\/01\/plages-vacances-royan-famille-768x512.jpg 768w, https:\/\/www.campingdes2plages.fr\/wp-content\/uploads\/2026\/01\/plages-vacances-royan-famille-1536x1024.jpg 1536w\" sizes=\"(max-width: 1920px) 100vw, 1920px\" \/><\/figure>\n\n\n\n<figure class=\"wp-block-image size-full has-custom-border img-2\" style=\"margin-top:0px;margin-bottom:0px\"><img decoding=\"async\" width=\"1920\" height=\"1280\" src=\"https:\/\/www.campingdes2plages.fr\/wp-content\/uploads\/2026\/01\/week-end-couple-camping-royan.jpg\" alt=\"weekend couple camping royan\" class=\"wp-image-3086\" style=\"border-radius:15px\" srcset=\"https:\/\/www.campingdes2plages.fr\/wp-content\/uploads\/2026\/01\/week-end-couple-camping-royan.jpg 1920w, https:\/\/www.campingdes2plages.fr\/wp-content\/uploads\/2026\/01\/week-end-couple-camping-royan-300x200.jpg 300w, https:\/\/www.campingdes2plages.fr\/wp-content\/uploads\/2026\/01\/week-end-couple-camping-royan-1024x683.jpg 1024w, https:\/\/www.campingdes2plages.fr\/wp-content\/uploads\/2026\/01\/week-end-couple-camping-royan-768x512.jpg 768w, https:\/\/www.campingdes2plages.fr\/wp-content\/uploads\/2026\/01\/week-end-couple-camping-royan-1536x1024.jpg 1536w\" sizes=\"(max-width: 1920px) 100vw, 1920px\" \/><\/figure>\n\n\n\n<figure class=\"wp-block-image size-full has-custom-border img-3\" style=\"margin-top:0px;margin-bottom:0px\"><img decoding=\"async\" width=\"1160\" height=\"1376\" src=\"https:\/\/www.campingdes2plages.fr\/wp-content\/uploads\/2026\/01\/fond-metallique.jpg\" alt=\"metal bottom\" class=\"wp-image-3337\" style=\"border-radius:0px\" srcset=\"https:\/\/www.campingdes2plages.fr\/wp-content\/uploads\/2026\/01\/fond-metallique.jpg 1160w, https:\/\/www.campingdes2plages.fr\/wp-content\/uploads\/2026\/01\/fond-metallique-253x300.jpg 253w, https:\/\/www.campingdes2plages.fr\/wp-content\/uploads\/2026\/01\/fond-metallique-863x1024.jpg 863w, https:\/\/www.campingdes2plages.fr\/wp-content\/uploads\/2026\/01\/fond-metallique-768x911.jpg 768w\" sizes=\"(max-width: 1160px) 100vw, 1160px\" \/><\/figure>\n<\/div>\n\n\n\n<div class=\"wp-block-column is-vertically-aligned-center right animated slideInUp is-layout-flow wp-block-column-is-layout-flow\" style=\"padding-right:5rem\">\n<div class=\"wp-block-group is-nowrap is-layout-flex wp-container-core-group-is-layout-4b0a85f0 wp-block-group-is-layout-flex\">\n<figure class=\"wp-block-image size-full is-resized\"><img decoding=\"async\" width=\"21\" height=\"21\" src=\"https:\/\/www.campingdes2plages.fr\/wp-content\/uploads\/2025\/11\/etoile-custom-beige.svg\" alt=\"custom beige star\" class=\"wp-image-223\" style=\"object-fit:contain;width:21px;height:21px\"\/><\/figure>\n\n\n\n<p class=\"has-custom-color-4-color has-text-color has-link-color wp-elements-e575e006234e9ebcd0ea59ff1b254129\" style=\"font-size:clamp(0.875rem, 0.875rem + ((1vw - 0.2rem) * 0.525), 1.19rem);font-style:normal;font-weight:400;text-transform:uppercase\">camping Royan<\/p>\n<\/div>\n\n\n\n<h1 class=\"wp-block-heading has-calming-font-family\" style=\"font-size:clamp(2.178rem, 2.178rem + ((1vw - 0.2rem) * 2.953), 3.95rem);line-height:1;text-transform:uppercase\">Camping near Royan<\/h1>\n\n\n\n<div class=\"wp-block-group content has-global-padding is-layout-constrained wp-container-core-group-is-layout-bfec7e37 wp-block-group-is-layout-constrained\" style=\"margin-top:0px;margin-bottom:0px;padding-top:4rem;padding-right:5rem;padding-bottom:4rem\">\n<figure class=\"wp-block-image aligncenter size-large\"><img decoding=\"async\" width=\"264\" height=\"22\" src=\"https:\/\/www.campingdes2plages.fr\/wp-content\/uploads\/2025\/11\/ligne-horizontale-et-point-beige.svg\" alt=\"horizontal line and beige dot\" class=\"wp-image-377\"\/><\/figure>\n\n\n\n<p>Situated just 600m from the beaches, our <strong>campsite near Royan<\/strong> offers a privileged setting:<\/p>\n\n\n\n<ul style=\"padding-left:var(--wp--preset--spacing--30)\" class=\"wp-block-list\">\n<li>You&#8217;ll have plenty of time to familiarize yourself with <strong>the most beautiful beaches in the Charente-Maritime department<\/strong>, such as the Grande Conche in Royan, or the Pointe Espagnole beach in La Tremblade. The beaches of Nauzan and Le Bureau are only 600 m from the <a href=\"\/\">5-star campsite in Saint-Palais-sur-Mer<\/a>, just a few minutes&#8217; walk away. <\/li>\n\n\n\n<li>There&#8217;s a sailing school, a kids&#8217; club and a superb view of the Cordouan lighthouse.<\/li>\n\n\n\n<li>Enjoy the many <strong>seaside walks<\/strong> and <strong>sunsets<\/strong> at the end of the day.<\/li>\n<\/ul>\n\n\n\n<div class=\"wp-block-group list-icon is-vertical is-content-justification-left is-nowrap is-layout-flex wp-container-core-group-is-layout-bab64386 wp-block-group-is-layout-flex\">\n<div class=\"wp-block-group is-vertical is-content-justification-center is-layout-flex wp-container-core-group-is-layout-ce155fab wp-block-group-is-layout-flex\">\n<div class=\"wp-block-group icon has-border-color has-custom-color-4-border-color has-global-padding is-layout-constrained wp-block-group-is-layout-constrained\" style=\"border-width:1px;border-radius:100px\">\n<figure class=\"wp-block-image size-full is-resized\"><img decoding=\"async\" width=\"44\" height=\"44\" src=\"https:\/\/www.campingdes2plages.fr\/wp-content\/uploads\/2025\/11\/icon-ensemble-beige.svg\" alt=\"icon ensemble beige\" class=\"wp-image-267\" style=\"object-fit:contain;width:43px;height:43px\"\/><\/figure>\n<\/div>\n\n\n\n<p class=\"has-text-align-center has-custom-color-4-color has-text-color has-link-color has-sosro-font-family wp-elements-6c1c3d3cfcd00ea9d24aaa124e1692cf\" style=\"font-size:clamp(0.89rem, 0.89rem + ((1vw - 0.2rem) * 0.733), 1.33rem);\">Close to the center<\/p>\n<\/div>\n\n\n\n<figure class=\"wp-block-image size-full is-resized separator\"><img decoding=\"async\" width=\"43\" height=\"1\" src=\"https:\/\/www.campingdes2plages.fr\/wp-content\/uploads\/2025\/11\/ligne-beige.svg\" alt=\"beige line\" class=\"wp-image-289\" style=\"object-fit:cover;width:44px;height:1px\"\/><\/figure>\n\n\n\n<div class=\"wp-block-group is-vertical is-content-justification-center is-layout-flex wp-container-core-group-is-layout-ce155fab wp-block-group-is-layout-flex\">\n<div class=\"wp-block-group icon has-border-color has-custom-color-4-border-color has-global-padding is-layout-constrained wp-block-group-is-layout-constrained\" style=\"border-width:1px;border-radius:100px\">\n<figure class=\"wp-block-image size-full is-resized\"><img decoding=\"async\" width=\"49\" height=\"44\" src=\"https:\/\/www.campingdes2plages.fr\/wp-content\/uploads\/2025\/11\/icon-amour-plage-beige.svg\" alt=\"icon amour plage beige\" class=\"wp-image-276\" style=\"object-fit:contain;width:43px;height:43px\"\/><\/figure>\n<\/div>\n\n\n\n<p class=\"has-text-align-center has-custom-color-4-color has-text-color has-link-color has-sosro-font-family wp-elements-b51a8ad69548a4798c97d160fa95f0b2\" style=\"font-size:clamp(0.89rem, 0.89rem + ((1vw - 0.2rem) * 0.733), 1.33rem);\">Close to the beach<\/p>\n<\/div>\n<\/div>\n\n\n\n<div class=\"wp-block-buttons animated slideInUp is-content-justification-center is-layout-flex wp-container-core-buttons-is-layout-d8c0be80 wp-block-buttons-is-layout-flex\" style=\"margin-top:var(--wp--preset--spacing--40)\">\n<div class=\"wp-block-button btn-1 is-style-outline light is-style-outline--1\"><a class=\"wp-block-button__link has-custom-color-1-color has-text-color has-link-color has-border-color has-text-align-center has-custom-font-size wp-element-button\" href=\"https:\/\/www.campingdes2plages.fr\/en\/seaside-campsite-saint-palais-sur-mer\/\" style=\"border-color:#cfa379;border-width:1px;border-radius:100px;padding-right:30px;padding-left:30px;font-size:clamp(0.875rem, 0.875rem + ((1vw - 0.2rem) * 0.492), 1.17rem);font-style:normal;font-weight:300;text-transform:uppercase\"><img decoding=\"async\" width=\"43\" height=\"1\" class=\"wp-image-289\" style=\"width: 43px\" src=\"https:\/\/www.campingdes2plages.fr\/wp-content\/uploads\/2025\/11\/ligne-beige.svg\" alt=\"beige line\"><img decoding=\"async\" width=\"21\" height=\"21\" class=\"wp-image-223\" style=\"width: 21px\" src=\"https:\/\/www.campingdes2plages.fr\/wp-content\/uploads\/2025\/11\/etoile-custom-beige.svg\" alt=\"custom beige star\">Enjoy the beaches of Royan<\/a><\/div>\n<\/div>\n<\/div>\n<\/div>\n<\/div>\n\n\n\n<figure class=\"wp-block-image size-full background-image\"><img decoding=\"async\" width=\"615\" height=\"622\" src=\"https:\/\/www.campingdes2plages.fr\/wp-content\/uploads\/2025\/11\/dessin-coquillages-fond.webp\" alt=\"shell design background\" class=\"wp-image-297\" style=\"aspect-ratio:1;object-fit:contain\" srcset=\"https:\/\/www.campingdes2plages.fr\/wp-content\/uploads\/2025\/11\/dessin-coquillages-fond.webp 615w, https:\/\/www.campingdes2plages.fr\/wp-content\/uploads\/2025\/11\/dessin-coquillages-fond-297x300.webp 297w\" sizes=\"(max-width: 615px) 100vw, 615px\" \/><\/figure>\n<\/div>\n\n\n\n<div class=\"wp-block-group gt_2-cta_004 has-custom-color-1-background-color has-background has-global-padding is-layout-constrained wp-container-core-group-is-layout-4de09ffe wp-block-group-is-layout-constrained\" style=\"border-top-left-radius:10px;border-top-right-radius:10px;border-bottom-left-radius:10px;border-bottom-right-radius:10px;margin-top:3rem;margin-bottom:3rem;padding-top:4rem;padding-right:4rem;padding-bottom:4rem;padding-left:4rem\">\n<div class=\"wp-block-group ctas has-global-padding is-layout-constrained wp-container-core-group-is-layout-07b29094 wp-block-group-is-layout-constrained\" style=\"margin-top:0px;margin-bottom:0px;padding-right:0px;padding-left:0px\">\n<figure class=\"wp-block-image size-large arrow-slider-prev\"><img decoding=\"async\" width=\"87\" height=\"11\" src=\"https:\/\/www.campingdes2plages.fr\/wp-content\/uploads\/2025\/11\/fleche-longue-gauche-beige.svg\" alt=\"long left arrow beige\" class=\"wp-image-351\"\/><\/figure>\n\n\n\n<figure class=\"wp-block-image size-large arrow-slider-next\"><img decoding=\"async\" width=\"87\" height=\"11\" src=\"https:\/\/www.campingdes2plages.fr\/wp-content\/uploads\/2025\/11\/fleche-longue-droite-beige.svg\" alt=\"long straight beige arrow\" class=\"wp-image-347\"\/><\/figure>\n\n\n\n<div data-swiper=\"{&quot;speed&quot;:400,&quot;spaceBetween&quot;:16,&quot;slidesPerView&quot;:2,&quot;createElements&quot;:true,&quot;loop&quot;:true,&quot;freemode&quot;:true,&quot;navigation&quot;:{&quot;nextEl&quot;:&quot;.gt_2-cta_004 .arrow-slider-next&quot;,&quot;prevEl&quot;:&quot;.gt_2-cta_004 .arrow-slider-prev&quot;},&quot;pagination&quot;:{&quot;el&quot;:&quot;.swiper-pagination&quot;,&quot;dynamicBullets&quot;:true},&quot;breakpoints&quot;:{&quot;0&quot;:{&quot;slidesPerView&quot;:1},&quot;1024&quot;:{&quot;slidesPerView&quot;:1},&quot;1025&quot;:{&quot;slidesPerView&quot;:2}},&quot;autoplay&quot;:{&quot;delay&quot;:3000}}\" class=\"wp-block-group gt-is-slider gt-is-slider-desktop is-nowrap is-layout-flex wp-container-core-group-is-layout-ee308172 wp-block-group-is-layout-flex\" style=\"margin-top:0px;margin-bottom:0px\">\n<div class=\"wp-block-group cta has-global-padding is-layout-constrained wp-container-core-group-is-layout-12243e0f wp-block-group-is-layout-constrained\"><a href=\"https:\/\/www.campingdes2plages.fr\/camping-royan-piscine-chauffee\/\"    class=\"wp-block-tiptip-hyperlink-group-block\" >\n<div data-swiper=\"{&quot;speed&quot;:1000,&quot;autoplay&quot;:{&quot;delay&quot;:5000,&quot;disableOnInteraction&quot;:false},&quot;spaceBetween&quot;:0,&quot;slidesPerView&quot;:1,&quot;pagination&quot;:{&quot;el&quot;:&quot;.swiper-pagination&quot;,&quot;dynamicBullets&quot;:true,&quot;clickable&quot;:true,&quot;type&quot;:&quot;bullets&quot;},&quot;navigation&quot;:{&quot;nextEl&quot;:&quot;.swiper-button-next&quot;,&quot;prevEl&quot;:&quot;.swiper-button-prev&quot;},&quot;breakpoints&quot;:[{&quot;slidesPerView&quot;:1}]}\" class=\"wp-block-cover\" style=\"border-radius:15px\"><img decoding=\"async\" width=\"1920\" height=\"1280\" class=\"wp-block-cover__image-background wp-image-2888 size-full\" alt=\"camping parc aquatique saint palais sur mer\" src=\"https:\/\/www.campingdes2plages.fr\/wp-content\/uploads\/2026\/01\/camping-parc-aquatique-saint-palais-sur-mer.jpg\" data-object-fit=\"cover\" srcset=\"https:\/\/www.campingdes2plages.fr\/wp-content\/uploads\/2026\/01\/camping-parc-aquatique-saint-palais-sur-mer.jpg 1920w, https:\/\/www.campingdes2plages.fr\/wp-content\/uploads\/2026\/01\/camping-parc-aquatique-saint-palais-sur-mer-300x200.jpg 300w, https:\/\/www.campingdes2plages.fr\/wp-content\/uploads\/2026\/01\/camping-parc-aquatique-saint-palais-sur-mer-1024x683.jpg 1024w, https:\/\/www.campingdes2plages.fr\/wp-content\/uploads\/2026\/01\/camping-parc-aquatique-saint-palais-sur-mer-768x512.jpg 768w, https:\/\/www.campingdes2plages.fr\/wp-content\/uploads\/2026\/01\/camping-parc-aquatique-saint-palais-sur-mer-1536x1024.jpg 1536w\" sizes=\"(max-width: 1920px) 100vw, 1920px\" \/><span aria-hidden=\"true\" class=\"wp-block-cover__background has-background-dim-60 has-background-dim wp-block-cover__gradient-background has-background-gradient\" style=\"background:linear-gradient(0deg,rgb(0,0,0) 0%,rgba(255,255,255,0) 100%)\"><\/span><div class=\"wp-block-cover__inner-container has-global-padding is-layout-constrained wp-block-cover-is-layout-constrained\">\n<div class=\"wp-block-group has-global-padding is-layout-constrained wp-block-group-is-layout-constrained\">\n<div class=\"wp-block-group icon has-custom-color-4-background-color has-background has-global-padding is-layout-constrained wp-container-core-group-is-layout-12243e0f wp-block-group-is-layout-constrained\" style=\"border-radius:7px\">\n<figure class=\"wp-block-image size-full is-resized wp-duotone-ffebb3-ffebb3-3\"><img decoding=\"async\" width=\"21\" height=\"21\" src=\"https:\/\/www.campingdes2plages.fr\/wp-content\/uploads\/2025\/11\/etoile-custom-beige.svg\" alt=\"custom beige star\" class=\"wp-image-223\" style=\"object-fit:contain;width:26px;height:26px\"\/><\/figure>\n<\/div>\n<\/div>\n<\/div><\/div>\n<\/a><\/div>\n\n\n\n<div class=\"wp-block-group cta has-global-padding is-layout-constrained wp-container-core-group-is-layout-12243e0f wp-block-group-is-layout-constrained\"><a href=\"https:\/\/www.campingdes2plages.fr\/camping-spa-saint-palais-sur-mer\/\"    class=\"wp-block-tiptip-hyperlink-group-block\" >\n<div data-swiper=\"{&quot;speed&quot;:1000,&quot;autoplay&quot;:{&quot;delay&quot;:5000,&quot;disableOnInteraction&quot;:false},&quot;spaceBetween&quot;:0,&quot;slidesPerView&quot;:1,&quot;pagination&quot;:{&quot;el&quot;:&quot;.swiper-pagination&quot;,&quot;dynamicBullets&quot;:true,&quot;clickable&quot;:true,&quot;type&quot;:&quot;bullets&quot;},&quot;navigation&quot;:{&quot;nextEl&quot;:&quot;.swiper-button-next&quot;,&quot;prevEl&quot;:&quot;.swiper-button-prev&quot;},&quot;breakpoints&quot;:[{&quot;slidesPerView&quot;:1}]}\" class=\"wp-block-cover\" style=\"border-radius:15px\"><img decoding=\"async\" width=\"1920\" height=\"1280\" class=\"wp-block-cover__image-background wp-image-2871 size-full\" alt=\"spa a saint palais sur mer\" src=\"https:\/\/www.campingdes2plages.fr\/wp-content\/uploads\/2026\/01\/spa-a-saint-palais-sur-mer.jpeg\" data-object-fit=\"cover\" srcset=\"https:\/\/www.campingdes2plages.fr\/wp-content\/uploads\/2026\/01\/spa-a-saint-palais-sur-mer.jpeg 1920w, https:\/\/www.campingdes2plages.fr\/wp-content\/uploads\/2026\/01\/spa-a-saint-palais-sur-mer-300x200.jpeg 300w, https:\/\/www.campingdes2plages.fr\/wp-content\/uploads\/2026\/01\/spa-a-saint-palais-sur-mer-1024x683.jpeg 1024w, https:\/\/www.campingdes2plages.fr\/wp-content\/uploads\/2026\/01\/spa-a-saint-palais-sur-mer-768x512.jpeg 768w, https:\/\/www.campingdes2plages.fr\/wp-content\/uploads\/2026\/01\/spa-a-saint-palais-sur-mer-1536x1024.jpeg 1536w\" sizes=\"(max-width: 1920px) 100vw, 1920px\" \/><span aria-hidden=\"true\" class=\"wp-block-cover__background has-background-dim-60 has-background-dim wp-block-cover__gradient-background has-background-gradient\" style=\"background:linear-gradient(0deg,rgb(0,0,0) 0%,rgba(255,255,255,0) 100%)\"><\/span><div class=\"wp-block-cover__inner-container has-global-padding is-layout-constrained wp-block-cover-is-layout-constrained\">\n<div class=\"wp-block-group has-global-padding is-layout-constrained wp-block-group-is-layout-constrained\">\n<div class=\"wp-block-group icon has-custom-color-4-background-color has-background has-global-padding is-layout-constrained wp-container-core-group-is-layout-12243e0f wp-block-group-is-layout-constrained\" style=\"border-radius:7px\">\n<figure class=\"wp-block-image size-full is-resized wp-duotone-ffebb3-ffebb3-5\"><img decoding=\"async\" width=\"21\" height=\"21\" src=\"https:\/\/www.campingdes2plages.fr\/wp-content\/uploads\/2025\/11\/etoile-custom-beige.svg\" alt=\"custom beige star\" class=\"wp-image-223\" style=\"object-fit:contain;width:26px;height:26px\"\/><\/figure>\n<\/div>\n<\/div>\n<\/div><\/div>\n<\/a><\/div>\n<\/div>\n<\/div>\n\n\n\n<div class=\"wp-block-columns content is-layout-flex wp-container-core-columns-is-layout-ab9fc780 wp-block-columns-is-layout-flex\" style=\"padding-top:5rem;padding-bottom:3rem\">\n<div class=\"wp-block-column is-layout-flow wp-block-column-is-layout-flow\" style=\"flex-basis:33.33%\">\n<div class=\"wp-block-group is-content-justification-left is-nowrap is-layout-flex wp-container-core-group-is-layout-d19eee88 wp-block-group-is-layout-flex\">\n<figure class=\"wp-block-image size-full is-resized\"><img decoding=\"async\" width=\"21\" height=\"21\" src=\"https:\/\/www.campingdes2plages.fr\/wp-content\/uploads\/2025\/11\/etoile-custom-beige.svg\" alt=\"custom beige star\" class=\"wp-image-223\" style=\"object-fit:contain;width:21px;height:21px\"\/><\/figure>\n\n\n\n<p class=\"has-custom-color-4-color has-text-color has-link-color wp-elements-b11cbabe5958f046b4707a831c3ff936\" style=\"font-size:clamp(0.875rem, 0.875rem + ((1vw - 0.2rem) * 0.525), 1.19rem);font-style:normal;font-weight:400;text-transform:uppercase\">Heated to 30\u00b0C<\/p>\n<\/div>\n\n\n\n<p class=\"has-text-align-left has-base-2-color has-text-color has-link-color has-calming-font-family wp-elements-ba6b3d423a32aeac34a1584a190a4f25\" style=\"font-size:clamp(2.439rem, 2.439rem + ((1vw - 0.2rem) * 3.518), 4.55rem);line-height:1;text-transform:uppercase\">Indoor swimming pool <br><\/p>\n<\/div>\n\n\n\n<div class=\"wp-block-column is-vertically-aligned-center is-layout-flow wp-block-column-is-layout-flow\" style=\"flex-basis:66.66%\">\n<h2 class=\"wp-block-heading has-base-2-color has-text-color has-link-color wp-elements-54a370080ff7de5135262735bab7767c\">Enjoy a heated indoor swimming pool at a campsite near Royan<\/h2>\n\n\n\n<div class=\"wp-block-columns is-layout-flex wp-container-core-columns-is-layout-28f84493 wp-block-columns-is-layout-flex\">\n<div class=\"wp-block-column is-layout-flow wp-block-column-is-layout-flow\">\n<p class=\"has-base-2-color has-text-color has-link-color wp-elements-f74691f28046259961a3f6c45ce014c2\">To make the most of your vacation just a stone&#8217;s throw from Royan in Charente-Maritime, discover the<strong>aquatic area<\/strong> of our <strong>5-star campsite in Royan<\/strong>:<\/p>\n\n\n\n<ul style=\"margin-top:0;padding-left:var(--wp--preset--spacing--30)\" class=\"wp-block-list has-base-2-color has-text-color has-link-color wp-elements-ba8c9434e56059bb7523e3366b9df9cc\">\n<li>a <strong>large covered pool<\/strong>, with water heated to 30\u00b0C<\/li>\n\n\n\n<li>a <strong>whirlpool bath<\/strong> heated to 35\u00b0C<\/li>\n<\/ul>\n<\/div>\n\n\n\n<div class=\"wp-block-column is-layout-flow wp-block-column-is-layout-flow\">\n<ul style=\"margin-top:0px;padding-left:var(--wp--preset--spacing--30)\" class=\"wp-block-list has-base-2-color has-text-color has-link-color wp-elements-79cff0159ece9c5ced226b79ed00d114\">\n<li>a large <strong>outdoor pool<\/strong> for swimming fun<\/li>\n\n\n\n<li>a <strong>water play area<\/strong> with <strong>slides<\/strong><\/li>\n\n\n\n<li>and a <strong>secure paddling pool<\/strong> for the little ones<\/li>\n<\/ul>\n<\/div>\n<\/div>\n<\/div>\n<\/div>\n<\/div>\n\n\n\n<div class=\"wp-block-group gt_mosaiquegrid_001 gt-no-margin-mobile has-global-padding is-layout-constrained wp-container-core-group-is-layout-93523baa wp-block-group-is-layout-constrained\" style=\"margin-top:16rem;margin-bottom:8rem;padding-right:0rem;padding-left:0rem\">\n<figure class=\"wp-block-image size-full map\"><img decoding=\"async\" width=\"691\" height=\"490\" src=\"https:\/\/www.campingdes2plages.fr\/wp-content\/uploads\/2025\/11\/carte-localisation-camping-des-2-plages-saint-palais-sur-mer.webp\" alt=\"map location camping des plages saint palais sur mer\" class=\"wp-image-382\" srcset=\"https:\/\/www.campingdes2plages.fr\/wp-content\/uploads\/2025\/11\/carte-localisation-camping-des-2-plages-saint-palais-sur-mer.webp 691w, https:\/\/www.campingdes2plages.fr\/wp-content\/uploads\/2025\/11\/carte-localisation-camping-des-2-plages-saint-palais-sur-mer-300x213.webp 300w\" sizes=\"(max-width: 691px) 100vw, 691px\" \/><\/figure>\n\n\n\n<div class=\"wp-block-group content has-global-padding is-layout-constrained wp-container-core-group-is-layout-6ebfde21 wp-block-group-is-layout-constrained\" style=\"margin-bottom:var(--wp--preset--spacing--20);padding-right:10rem;padding-left:10rem\">\n<div class=\"wp-block-group is-content-justification-center is-nowrap is-layout-flex wp-container-core-group-is-layout-60758a6d wp-block-group-is-layout-flex\">\n<figure class=\"wp-block-image size-full is-resized\"><img decoding=\"async\" width=\"21\" height=\"21\" src=\"https:\/\/www.campingdes2plages.fr\/wp-content\/uploads\/2025\/11\/etoile-custom-beige.svg\" alt=\"custom beige star\" class=\"wp-image-223\" style=\"object-fit:contain;width:21px;height:21px\"\/><\/figure>\n\n\n\n<p class=\"has-custom-color-4-color has-text-color has-link-color wp-elements-d9006a0c2bc1d2338b9448bf30470e85\" style=\"font-size:clamp(0.875rem, 0.875rem + ((1vw - 0.2rem) * 0.525), 1.19rem);font-style:normal;font-weight:400;text-transform:uppercase\">Accommodations<\/p>\n<\/div>\n\n\n\n<p class=\"has-text-align-center has-calming-font-family\" style=\"font-size:clamp(2.422rem, 2.422rem + ((1vw - 0.2rem) * 3.48), 4.51rem);line-height:1;text-transform:uppercase\">Book your accommodation<\/p>\n\n\n\n<figure class=\"wp-block-image aligncenter size-large\"><img decoding=\"async\" width=\"264\" height=\"22\" src=\"https:\/\/www.campingdes2plages.fr\/wp-content\/uploads\/2025\/11\/ligne-horizontale-et-point-beige.svg\" alt=\"horizontal line and beige dot\" class=\"wp-image-377\"\/><\/figure>\n\n\n\n<h2 class=\"wp-block-heading has-text-align-center\" style=\"margin-top:var(--wp--preset--spacing--30);margin-bottom:var(--wp--preset--spacing--30)\">Book the mobile home that suits you best<\/h2>\n\n\n\n<div class=\"wp-block-group alignwide section-list-hebergements gt-no-padding-mobile has-global-padding is-layout-constrained wp-container-core-group-is-layout-80e270e4 wp-block-group-is-layout-constrained\" style=\"padding-right:var(--wp--preset--spacing--50);padding-left:var(--wp--preset--spacing--50)\">\n<div class=\"wp-block-group alignwide is-layout-flow wp-block-group-is-layout-flow\" style=\"padding-right:var(--wp--preset--spacing--20);padding-left:var(--wp--preset--spacing--20)\">\n<div data-wp-context=\"{}\" data-wp-interactive=\"core\/query\" data-wp-key=\"0\" data-wp-router-region=\"query-0\" class=\"wp-block-query alignwide gt-fse-hebergements is-layout-flow wp-block-query-is-layout-flow\"><\/div>\n<\/div>\n<\/div>\n\n\n\n<h2 class=\"wp-block-heading has-text-align-center\" style=\"margin-top:var(--wp--preset--spacing--40)\">Discover the 5-star accommodation at our campsite near Royan<\/h2>\n\n\n\n<p class=\"has-text-align-center has-custom-color-1-color has-text-color has-link-color wp-elements-4f72fd1e51c46dacf911171b6d24e3a4\">The <a href=\"https:\/\/www.campingdes2plages.fr\/en\/camping-royan-piscine-chauffee\/\">campsite with water park near Royan<\/a> offers two types of accommodation, perfectly suited to families, couples and groups of friends:<\/p>\n\n\n\n<p class=\"has-text-align-center has-custom-color-1-color has-text-color has-link-color wp-elements-8e7ea963a890498eddec9f429884627d\">&#8211; We offer <a href=\"https:\/\/www.campingdes2plages.fr\/en\/mobile-home-rental-saint-palais-sur-mer\/\">mobile homes with 5-star comfort<\/a>, and outdoor spaces perfectly suited to families. If you prefer a more comfortable and luxurious vacation in Charente-Maritime, you can choose a fully-equipped mobile home or an <a href=\"https:\/\/www.campingdes2plages.fr\/en\/unusual-rentals-royan\/\">unusual accommodation near Royan<\/a>, the Insolit&#8217;Coco, ideal for glamping. <br>&#8211; We also offer <a href=\"https:\/\/www.campingdes2plages.fr\/en\/luxury-mobile-home-rental-royan\/\">mobile homes with private Jacuzzi<\/a>. These will delight camping and comfort lovers, for a week or a <a href=\"https:\/\/www.campingdes2plages.fr\/en\/camping-royan\/weekend-royan\/\">weekend in Royan<\/a>.  <\/p>\n\n\n\n<div class=\"wp-block-buttons animated slideInUp is-content-justification-center is-layout-flex wp-container-core-buttons-is-layout-a89b3969 wp-block-buttons-is-layout-flex\">\n<div class=\"wp-block-button btn-1 is-style-outline light is-style-outline--6\"><a class=\"wp-block-button__link has-custom-color-1-color has-text-color has-link-color has-border-color has-text-align-center has-custom-font-size wp-element-button\" href=\"https:\/\/www.campingdes2plages.fr\/en\/camping-pas-cher-royan\/\" style=\"border-color:#cfa379;border-width:1px;border-radius:100px;padding-right:30px;padding-left:30px;font-size:clamp(0.875rem, 0.875rem + ((1vw - 0.2rem) * 0.492), 1.17rem);font-style:normal;font-weight:300;text-transform:uppercase\"><img decoding=\"async\" width=\"43\" height=\"1\" class=\"wp-image-289\" style=\"width: 43px\" src=\"https:\/\/www.campingdes2plages.fr\/wp-content\/uploads\/2025\/11\/ligne-beige.svg\" alt=\"beige line\"><img decoding=\"async\" width=\"21\" height=\"21\" class=\"wp-image-223\" style=\"width: 21px\" src=\"https:\/\/www.campingdes2plages.fr\/wp-content\/uploads\/2025\/11\/etoile-custom-beige.svg\" alt=\"custom beige star\">Take advantage of the best offers<\/a><\/div>\n<\/div>\n<\/div>\n\n\n\n<div class=\"wp-block-group alignwide section-maillage has-global-padding is-layout-constrained wp-container-core-group-is-layout-10723b62 wp-block-group-is-layout-constrained\" style=\"padding-top:0px;padding-right:var(--wp--preset--spacing--10);padding-bottom:0rem;padding-left:var(--wp--preset--spacing--10)\">\n<figure class=\"wp-block-image size-large arrow-slider-prev\"><img decoding=\"async\" width=\"87\" height=\"11\" src=\"https:\/\/www.campingdes2plages.fr\/wp-content\/uploads\/2025\/11\/fleche-longue-gauche-beige.svg\" alt=\"long left arrow beige\" class=\"wp-image-351\"\/><\/figure>\n\n\n\n<figure class=\"wp-block-image size-large arrow-slider-next\"><img decoding=\"async\" width=\"87\" height=\"11\" src=\"https:\/\/www.campingdes2plages.fr\/wp-content\/uploads\/2025\/11\/fleche-longue-droite-beige.svg\" alt=\"long straight beige arrow\" class=\"wp-image-347\"\/><\/figure>\n\n\n\n<div data-swiper=\"{&quot;speed&quot;:400,&quot;spaceBetween&quot;:16,&quot;slidesPerView&quot;:3,&quot;createElements&quot;:true,&quot;loop&quot;:true,&quot;freemode&quot;:true,&quot;navigation&quot;:{&quot;nextEl&quot;:&quot;.section-maillage .arrow-slider-next&quot;,&quot;prevEl&quot;:&quot;.section-maillage .arrow-slider-prev&quot;},&quot;pagination&quot;:{&quot;el&quot;:&quot;.swiper-pagination&quot;,&quot;dynamicBullets&quot;:true},&quot;breakpoints&quot;:{&quot;0&quot;:{&quot;slidesPerView&quot;:1},&quot;768&quot;:{&quot;slidesPerView&quot;:2},&quot;1024&quot;:{&quot;slidesPerView&quot;:2},&quot;1025&quot;:{&quot;slidesPerView&quot;:3}},&quot;autoplay&quot;:{&quot;delay&quot;:3000}}\" data-wp-context=\"{}\" data-wp-interactive=\"core\/query\" data-wp-key=\"1\" data-wp-router-region=\"query-1\" class=\"wp-block-query alignwide gt-fse-maillage-query gt-is-slider gt-is-slider-desktop is-layout-flow wp-block-query-is-layout-flow\"><ul class=\"columns-3 wp-block-post-template is-layout-grid wp-container-core-post-template-is-layout-6d3fbd8f wp-block-post-template-is-layout-grid\"><li data-wp-key=\"post-template-item-6598\" class=\"wp-block-post post-6598 page type-page status-publish has-post-thumbnail hentry\">\n<a href=\"https:\/\/www.campingdes2plages.fr\/en\/camping-royan\/camping-pas-cher-royan\/\"    class=\"wp-block-tiptip-hyperlink-group-block\" >\n<div data-swiper=\"{&quot;speed&quot;:1000,&quot;autoplay&quot;:{&quot;delay&quot;:5000,&quot;disableOnInteraction&quot;:false},&quot;spaceBetween&quot;:0,&quot;slidesPerView&quot;:1,&quot;pagination&quot;:{&quot;el&quot;:&quot;.swiper-pagination&quot;,&quot;dynamicBullets&quot;:true,&quot;clickable&quot;:true,&quot;type&quot;:&quot;bullets&quot;},&quot;navigation&quot;:{&quot;nextEl&quot;:&quot;.swiper-button-next&quot;,&quot;prevEl&quot;:&quot;.swiper-button-prev&quot;},&quot;breakpoints&quot;:[{&quot;slidesPerView&quot;:1}]}\" class=\"wp-block-cover\" style=\"border-radius:15px\"><span aria-hidden=\"true\" class=\"wp-block-cover__background has-background-dim-60 has-background-dim has-background-gradient\" style=\"background:linear-gradient(0deg,rgb(0,0,0) 0%,rgba(255,255,255,0) 100%)\"><\/span><img decoding=\"async\" width=\"1920\" height=\"1440\" src=\"https:\/\/www.campingdes2plages.fr\/wp-content\/uploads\/2026\/01\/location-mobil-home-saint-palais-sur-mer-camping-des-2-plages.jpg\" class=\"wp-block-cover__image-background wp-post-image\" alt=\"mobile home rental in Saint-Palais-sur-Mer, Camping des 2 Plages\" data-object-fit=\"cover\" srcset=\"https:\/\/www.campingdes2plages.fr\/wp-content\/uploads\/2026\/01\/location-mobil-home-saint-palais-sur-mer-camping-des-2-plages.jpg 1920w, https:\/\/www.campingdes2plages.fr\/wp-content\/uploads\/2026\/01\/location-mobil-home-saint-palais-sur-mer-camping-des-2-plages-300x225.jpg 300w, https:\/\/www.campingdes2plages.fr\/wp-content\/uploads\/2026\/01\/location-mobil-home-saint-palais-sur-mer-camping-des-2-plages-1024x768.jpg 1024w, https:\/\/www.campingdes2plages.fr\/wp-content\/uploads\/2026\/01\/location-mobil-home-saint-palais-sur-mer-camping-des-2-plages-768x576.jpg 768w, https:\/\/www.campingdes2plages.fr\/wp-content\/uploads\/2026\/01\/location-mobil-home-saint-palais-sur-mer-camping-des-2-plages-1536x1152.jpg 1536w\" sizes=\"(max-width: 1920px) 100vw, 1920px\" \/><div class=\"wp-block-cover__inner-container has-global-padding is-layout-constrained wp-container-core-cover-is-layout-12243e0f wp-block-cover-is-layout-constrained\">\n<div class=\"wp-block-group has-global-padding is-layout-constrained wp-block-group-is-layout-constrained\">\n<div class=\"wp-block-group icon has-custom-color-4-background-color has-background has-global-padding is-layout-constrained wp-container-core-group-is-layout-12243e0f wp-block-group-is-layout-constrained\" style=\"border-radius:7px\">\n<figure class=\"wp-block-image size-full is-resized wp-duotone-ffebb3-ffebb3-8\"><img decoding=\"async\" width=\"21\" height=\"21\" src=\"https:\/\/www.campingdes2plages.fr\/wp-content\/uploads\/2025\/11\/etoile-custom-beige.svg\" alt=\"custom beige star\" class=\"wp-image-223\" style=\"object-fit:contain;width:26px;height:26px\"\/><\/figure>\n<\/div>\n<\/div>\n\n\n\n<p class=\"has-text-align-center has-base-2-color has-text-color has-link-color has-sosro-font-family wp-elements-0aae1bdb27882cdd8352d398559f92ea\" style=\"font-size:clamp(2.089rem, 2.089rem + ((1vw - 0.2rem) * 2.768), 3.75rem);line-height:1\">Camping Royan<\/p>\n<\/div><\/div>\n<\/a>\n<\/li><li data-wp-key=\"post-template-item-4178\" class=\"wp-block-post post-4178 page type-page status-publish has-post-thumbnail hentry\">\n<a href=\"https:\/\/www.campingdes2plages.fr\/en\/unusual-rentals-royan\/\"    class=\"wp-block-tiptip-hyperlink-group-block\" >\n<div data-swiper=\"{&quot;speed&quot;:1000,&quot;autoplay&quot;:{&quot;delay&quot;:5000,&quot;disableOnInteraction&quot;:false},&quot;spaceBetween&quot;:0,&quot;slidesPerView&quot;:1,&quot;pagination&quot;:{&quot;el&quot;:&quot;.swiper-pagination&quot;,&quot;dynamicBullets&quot;:true,&quot;clickable&quot;:true,&quot;type&quot;:&quot;bullets&quot;},&quot;navigation&quot;:{&quot;nextEl&quot;:&quot;.swiper-button-next&quot;,&quot;prevEl&quot;:&quot;.swiper-button-prev&quot;},&quot;breakpoints&quot;:[{&quot;slidesPerView&quot;:1}]}\" class=\"wp-block-cover\" style=\"border-radius:15px\"><span aria-hidden=\"true\" class=\"wp-block-cover__background has-background-dim-60 has-background-dim has-background-gradient\" style=\"background:linear-gradient(0deg,rgb(0,0,0) 0%,rgba(255,255,255,0) 100%)\"><\/span><img decoding=\"async\" width=\"1920\" height=\"1473\" src=\"https:\/\/www.campingdes2plages.fr\/wp-content\/uploads\/2026\/01\/location-insolite-royan-camping-des-2-plages.jpg\" class=\"wp-block-cover__image-background wp-post-image\" alt=\"unusual rentals in Royan, Camping des 2 Plages\" data-object-fit=\"cover\" srcset=\"https:\/\/www.campingdes2plages.fr\/wp-content\/uploads\/2026\/01\/location-insolite-royan-camping-des-2-plages.jpg 1920w, https:\/\/www.campingdes2plages.fr\/wp-content\/uploads\/2026\/01\/location-insolite-royan-camping-des-2-plages-300x230.jpg 300w, https:\/\/www.campingdes2plages.fr\/wp-content\/uploads\/2026\/01\/location-insolite-royan-camping-des-2-plages-1024x786.jpg 1024w, https:\/\/www.campingdes2plages.fr\/wp-content\/uploads\/2026\/01\/location-insolite-royan-camping-des-2-plages-768x589.jpg 768w, https:\/\/www.campingdes2plages.fr\/wp-content\/uploads\/2026\/01\/location-insolite-royan-camping-des-2-plages-1536x1178.jpg 1536w\" sizes=\"(max-width: 1920px) 100vw, 1920px\" \/><div class=\"wp-block-cover__inner-container has-global-padding is-layout-constrained wp-container-core-cover-is-layout-12243e0f wp-block-cover-is-layout-constrained\">\n<div class=\"wp-block-group has-global-padding is-layout-constrained wp-block-group-is-layout-constrained\">\n<div class=\"wp-block-group icon has-custom-color-4-background-color has-background has-global-padding is-layout-constrained wp-container-core-group-is-layout-12243e0f wp-block-group-is-layout-constrained\" style=\"border-radius:7px\">\n<figure class=\"wp-block-image size-full is-resized wp-duotone-ffebb3-ffebb3-10\"><img decoding=\"async\" width=\"21\" height=\"21\" src=\"https:\/\/www.campingdes2plages.fr\/wp-content\/uploads\/2025\/11\/etoile-custom-beige.svg\" alt=\"custom beige star\" class=\"wp-image-223\" style=\"object-fit:contain;width:26px;height:26px\"\/><\/figure>\n<\/div>\n<\/div>\n\n\n\n<p class=\"has-text-align-center has-base-2-color has-text-color has-link-color has-sosro-font-family wp-elements-0aae1bdb27882cdd8352d398559f92ea\" style=\"font-size:clamp(2.089rem, 2.089rem + ((1vw - 0.2rem) * 2.768), 3.75rem);line-height:1\">Unusual<\/p>\n<\/div><\/div>\n<\/a>\n<\/li><li data-wp-key=\"post-template-item-4146\" class=\"wp-block-post post-4146 page type-page status-publish has-post-thumbnail hentry\">\n<a href=\"https:\/\/www.campingdes2plages.fr\/en\/luxury-mobile-home-rental-royan\/\"    class=\"wp-block-tiptip-hyperlink-group-block\" >\n<div data-swiper=\"{&quot;speed&quot;:1000,&quot;autoplay&quot;:{&quot;delay&quot;:5000,&quot;disableOnInteraction&quot;:false},&quot;spaceBetween&quot;:0,&quot;slidesPerView&quot;:1,&quot;pagination&quot;:{&quot;el&quot;:&quot;.swiper-pagination&quot;,&quot;dynamicBullets&quot;:true,&quot;clickable&quot;:true,&quot;type&quot;:&quot;bullets&quot;},&quot;navigation&quot;:{&quot;nextEl&quot;:&quot;.swiper-button-next&quot;,&quot;prevEl&quot;:&quot;.swiper-button-prev&quot;},&quot;breakpoints&quot;:[{&quot;slidesPerView&quot;:1}]}\" class=\"wp-block-cover\" style=\"border-radius:15px\"><span aria-hidden=\"true\" class=\"wp-block-cover__background has-background-dim-60 has-background-dim has-background-gradient\" style=\"background:linear-gradient(0deg,rgb(0,0,0) 0%,rgba(255,255,255,0) 100%)\"><\/span><img decoding=\"async\" width=\"1920\" height=\"1280\" src=\"https:\/\/www.campingdes2plages.fr\/wp-content\/uploads\/2026\/01\/location-mobil-home-luxe-royan-camping-des-2-plages.jpg\" class=\"wp-block-cover__image-background wp-post-image\" alt=\"luxury mobile home rental royan camping des 2 plages\" data-object-fit=\"cover\" srcset=\"https:\/\/www.campingdes2plages.fr\/wp-content\/uploads\/2026\/01\/location-mobil-home-luxe-royan-camping-des-2-plages.jpg 1920w, https:\/\/www.campingdes2plages.fr\/wp-content\/uploads\/2026\/01\/location-mobil-home-luxe-royan-camping-des-2-plages-300x200.jpg 300w, https:\/\/www.campingdes2plages.fr\/wp-content\/uploads\/2026\/01\/location-mobil-home-luxe-royan-camping-des-2-plages-1024x683.jpg 1024w, https:\/\/www.campingdes2plages.fr\/wp-content\/uploads\/2026\/01\/location-mobil-home-luxe-royan-camping-des-2-plages-768x512.jpg 768w, https:\/\/www.campingdes2plages.fr\/wp-content\/uploads\/2026\/01\/location-mobil-home-luxe-royan-camping-des-2-plages-1536x1024.jpg 1536w\" sizes=\"(max-width: 1920px) 100vw, 1920px\" \/><div class=\"wp-block-cover__inner-container has-global-padding is-layout-constrained wp-container-core-cover-is-layout-12243e0f wp-block-cover-is-layout-constrained\">\n<div class=\"wp-block-group has-global-padding is-layout-constrained wp-block-group-is-layout-constrained\">\n<div class=\"wp-block-group icon has-custom-color-4-background-color has-background has-global-padding is-layout-constrained wp-container-core-group-is-layout-12243e0f wp-block-group-is-layout-constrained\" style=\"border-radius:7px\">\n<figure class=\"wp-block-image size-full is-resized wp-duotone-ffebb3-ffebb3-12\"><img decoding=\"async\" width=\"21\" height=\"21\" src=\"https:\/\/www.campingdes2plages.fr\/wp-content\/uploads\/2025\/11\/etoile-custom-beige.svg\" alt=\"custom beige star\" class=\"wp-image-223\" style=\"object-fit:contain;width:26px;height:26px\"\/><\/figure>\n<\/div>\n<\/div>\n\n\n\n<p class=\"has-text-align-center has-base-2-color has-text-color has-link-color has-sosro-font-family wp-elements-0aae1bdb27882cdd8352d398559f92ea\" style=\"font-size:clamp(2.089rem, 2.089rem + ((1vw - 0.2rem) * 2.768), 3.75rem);line-height:1\">Luxury mobile homes<\/p>\n<\/div><\/div>\n<\/a>\n<\/li><\/ul><\/div>\n<\/div>\n<\/div>\n\n\n\n<div class=\"wp-block-group section-simple has-global-padding is-layout-constrained wp-container-core-group-is-layout-18d4e37a wp-block-group-is-layout-constrained\" style=\"margin-top:0px;margin-bottom:0px;padding-top:2rem;padding-right:10rem;padding-bottom:2rem;padding-left:10rem\">\n<div class=\"wp-block-columns are-vertically-aligned-center is-layout-flex wp-container-core-columns-is-layout-b23a18ed wp-block-columns-is-layout-flex\">\n<div class=\"wp-block-column is-vertically-aligned-center is-layout-flow wp-block-column-is-layout-flow\">\n<h2 class=\"wp-block-heading\" style=\"margin-bottom:var(--wp--preset--spacing--30)\">Your questions about accommodation<\/h2>\n\n\n\n<div class=\"wp-block-wpseopress-faq-block-v2 is-layout-flow wp-block-wpseopress-faq-block-v2-is-layout-flow\">\n<details id=\"are-sheets-included-in-the-rental-price\" class=\"wp-block-details has-medium-font-size is-layout-flow wp-block-details-is-layout-flow\" style=\"border-top-color:var(--wp--preset--color--custom-color-4);border-top-width:1px;padding-top:var(--wp--preset--spacing--20);padding-bottom:0\"><summary><strong>Are sheets included in the rental price?<\/strong><\/summary>\n<p>Bed linen is provided in all mobile homes. Beds can be made up as an optional extra (\u20ac20). Beds are made up on arrival in our prestige 2-bedroom rental range.  <\/p>\n<\/details>\n\n\n\n<details id=\"are-the-mobile-homes-recent\" class=\"wp-block-details has-medium-font-size is-layout-flow wp-block-details-is-layout-flow\" style=\"border-top-color:var(--wp--preset--color--custom-color-4);border-top-width:1px;padding-top:var(--wp--preset--spacing--20);padding-bottom:0\"><summary><strong>Are the mobile homes recent?<\/strong><\/summary>\n<p>For your comfort, we regularly renew our mobile homes. At Camping des 2 Beaches, you&#8217;re assured of the latest generation of mobile homes. <\/p>\n<\/details>\n\n\n\n<details id=\"can-we-choose-the-exposure-of-our-rental\" class=\"wp-block-details has-medium-font-size is-layout-flow wp-block-details-is-layout-flow\" style=\"border-top-color:var(--wp--preset--color--custom-color-4);border-top-width:1px;padding-top:var(--wp--preset--spacing--20);padding-bottom:0\"><summary><strong>Can we choose the exposure of our rental?<\/strong><\/summary>\n<p>We have mobile homes with varying degrees of sunshine. Please let us know your preference when you make your booking. <\/p>\n<\/details>\n\n\n\n<details id=\"are-the-mobile-homes-clean\" class=\"wp-block-details has-medium-font-size is-layout-flow wp-block-details-is-layout-flow\" style=\"border-top-color:var(--wp--preset--color--custom-color-4);border-top-width:1px;padding-top:var(--wp--preset--spacing--20);padding-bottom:0\"><summary><strong>Are the mobile homes clean?<\/strong><\/summary>\n<p>We have an in-house cleaning team who apply a strict protocol in line with the latest hygiene standards.<\/p>\n<\/details>\n\n\n\n<details id=\"is-there-tv-in-the-rentals\" class=\"wp-block-details has-medium-font-size is-layout-flow wp-block-details-is-layout-flow\" style=\"border-top-color:var(--wp--preset--color--custom-color-4);border-top-width:1px;border-bottom-color:var(--wp--preset--color--custom-color-4);border-bottom-width:1px;padding-top:var(--wp--preset--spacing--20);padding-bottom:var(--wp--preset--spacing--20)\"><summary><strong>Is there TV in the rentals?<\/strong><\/summary>\n<p>All mobile homes at Camping Royan are equipped with TV sets.<\/p>\n<\/details>\n<script type=\"application\/ld+json\">{\"@context\":\"https:\/\/schema.org\",\"@type\":\"FAQPage\",\"url\":\"https:\/\/www.campingdes2plages.fr\/en\/camping-royan\/\",\"@id\":\"https:\/\/www.campingdes2plages.fr\/en\/camping-royan\/\",\"mainEntity\":[{\"@type\":\"Question\",\"url\":\"https:\/\/www.campingdes2plages.fr\/en\/camping-royan\/#are-sheets-included-in-the-rental-price\",\"name\":\"Are sheets included in the rental price?\",\"answerCount\":1,\"acceptedAnswer\":{\"@type\":\"Answer\",\"text\":\"&lt;p>Bed linen is provided in all mobile homes. Beds can be made up as an optional extra (\u20ac20). Beds are made up on arrival in our prestige 2-bedroom rental range.  &lt;\/p>\"}},{\"@type\":\"Question\",\"url\":\"https:\/\/www.campingdes2plages.fr\/en\/camping-royan\/#are-the-mobile-homes-recent\",\"name\":\"Are the mobile homes recent?\",\"answerCount\":1,\"acceptedAnswer\":{\"@type\":\"Answer\",\"text\":\"&lt;p>For your comfort, we regularly renew our mobile homes. At Camping des 2 Beaches, you're assured of the latest generation of mobile homes. &lt;\/p>\"}},{\"@type\":\"Question\",\"url\":\"https:\/\/www.campingdes2plages.fr\/en\/camping-royan\/#can-we-choose-the-exposure-of-our-rental\",\"name\":\"Can we choose the exposure of our rental?\",\"answerCount\":1,\"acceptedAnswer\":{\"@type\":\"Answer\",\"text\":\"&lt;p>We have mobile homes with varying degrees of sunshine. Please let us know your preference when you make your booking. &lt;\/p>\"}},{\"@type\":\"Question\",\"url\":\"https:\/\/www.campingdes2plages.fr\/en\/camping-royan\/#are-the-mobile-homes-clean\",\"name\":\"Are the mobile homes clean?\",\"answerCount\":1,\"acceptedAnswer\":{\"@type\":\"Answer\",\"text\":\"&lt;p>We have an in-house cleaning team who apply a strict protocol in line with the latest hygiene standards.&lt;\/p>\"}},{\"@type\":\"Question\",\"url\":\"https:\/\/www.campingdes2plages.fr\/en\/camping-royan\/#is-there-tv-in-the-rentals\",\"name\":\"Is there TV in the rentals?\",\"answerCount\":1,\"acceptedAnswer\":{\"@type\":\"Answer\",\"text\":\"&lt;p>All mobile homes at Camping Royan are equipped with TV sets.&lt;\/p>\"}}]}<\/script><\/div>\n<\/div>\n\n\n\n<div class=\"wp-block-column is-vertically-aligned-center is-layout-flow wp-block-column-is-layout-flow\">\n<figure class=\"wp-block-image size-full has-custom-border\"><img decoding=\"async\" width=\"1920\" height=\"1101\" src=\"https:\/\/www.campingdes2plages.fr\/wp-content\/uploads\/2026\/01\/location-cottage-aqua-suite-camping-des-2-plages.jpg\" alt=\"rental cottage aqua suite camping des 2 plages\" class=\"wp-image-3775\" style=\"border-radius:15px\" srcset=\"https:\/\/www.campingdes2plages.fr\/wp-content\/uploads\/2026\/01\/location-cottage-aqua-suite-camping-des-2-plages.jpg 1920w, https:\/\/www.campingdes2plages.fr\/wp-content\/uploads\/2026\/01\/location-cottage-aqua-suite-camping-des-2-plages-300x172.jpg 300w, https:\/\/www.campingdes2plages.fr\/wp-content\/uploads\/2026\/01\/location-cottage-aqua-suite-camping-des-2-plages-1024x587.jpg 1024w, https:\/\/www.campingdes2plages.fr\/wp-content\/uploads\/2026\/01\/location-cottage-aqua-suite-camping-des-2-plages-768x440.jpg 768w, https:\/\/www.campingdes2plages.fr\/wp-content\/uploads\/2026\/01\/location-cottage-aqua-suite-camping-des-2-plages-1536x881.jpg 1536w\" sizes=\"(max-width: 1920px) 100vw, 1920px\" \/><\/figure>\n<\/div>\n<\/div>\n<\/div>\n\n\n\n<div class=\"wp-block-group section-simple has-global-padding is-layout-constrained wp-container-core-group-is-layout-cd544c36 wp-block-group-is-layout-constrained\" style=\"margin-top:0px;margin-bottom:3rem;padding-top:4rem;padding-right:10rem;padding-bottom:2rem;padding-left:10rem\">\n<div class=\"wp-block-columns are-vertically-aligned-center is-layout-flex wp-container-core-columns-is-layout-b23a18ed wp-block-columns-is-layout-flex\">\n<div class=\"wp-block-column is-vertically-aligned-center is-layout-flow wp-block-column-is-layout-flow\">\n<figure class=\"wp-block-image size-full has-custom-border\"><img decoding=\"async\" width=\"1920\" height=\"1440\" src=\"https:\/\/www.campingdes2plages.fr\/wp-content\/uploads\/2026\/01\/prestations-haut-de-gamme-avec-votre-location-de-luxe-camping-des-2-plages.jpg\" alt=\"top-of-the-range services with your luxury rental camping des 2 plages\" class=\"wp-image-3827\" style=\"border-radius:15px\" srcset=\"https:\/\/www.campingdes2plages.fr\/wp-content\/uploads\/2026\/01\/prestations-haut-de-gamme-avec-votre-location-de-luxe-camping-des-2-plages.jpg 1920w, https:\/\/www.campingdes2plages.fr\/wp-content\/uploads\/2026\/01\/prestations-haut-de-gamme-avec-votre-location-de-luxe-camping-des-2-plages-300x225.jpg 300w, https:\/\/www.campingdes2plages.fr\/wp-content\/uploads\/2026\/01\/prestations-haut-de-gamme-avec-votre-location-de-luxe-camping-des-2-plages-1024x768.jpg 1024w, https:\/\/www.campingdes2plages.fr\/wp-content\/uploads\/2026\/01\/prestations-haut-de-gamme-avec-votre-location-de-luxe-camping-des-2-plages-768x576.jpg 768w, https:\/\/www.campingdes2plages.fr\/wp-content\/uploads\/2026\/01\/prestations-haut-de-gamme-avec-votre-location-de-luxe-camping-des-2-plages-1536x1152.jpg 1536w\" sizes=\"(max-width: 1920px) 100vw, 1920px\" \/><\/figure>\n<\/div>\n\n\n\n<div class=\"wp-block-column is-vertically-aligned-center is-layout-flow wp-block-column-is-layout-flow\">\n<h2 class=\"wp-block-heading\">Enjoy a 5-star stay in the Royannais region<\/h2>\n\n\n\n<p>Les 2 Plages is one of the most attractive <strong>campsites in Royan<\/strong> for families. Pleasant and attentive, the campsite&#8217;s staff guarantee guests a <strong>comfortable stay<\/strong> at the <strong>best value for money<\/strong> in the south of France. <\/p>\n\n\n\n<p>Booking one of our accommodations for one or two nights is the guarantee of an <strong>unforgettable 5-star vacation<\/strong>. Our guests&#8217; reviews show that the comfort of the mobile homes and their rooms, the water park and the campsite&#8217;s privileged location are among the main assets of our establishment. <\/p>\n\n\n\n<p>Cancellation insurance, secure payment and wifi are just some of the highlights you won&#8217;t want to miss!<\/p>\n<\/div>\n<\/div>\n<\/div>\n\n\n\n<div class=\"wp-block-group gt_contain-slider_003 has-custom-color-1-background-color has-background has-global-padding is-layout-constrained wp-container-core-group-is-layout-9d592914 wp-block-group-is-layout-constrained\" style=\"margin-top:0px;margin-bottom:0px;padding-top:0rem;padding-right:0px;padding-bottom:4rem;padding-left:0px\">\n<figure class=\"wp-block-image size-full background-image wp-duotone-ffffff-ffffff-13\"><img decoding=\"async\" width=\"615\" height=\"622\" src=\"https:\/\/www.campingdes2plages.fr\/wp-content\/uploads\/2025\/11\/dessin-coquillages-fond.webp\" alt=\"shell design background\" class=\"wp-image-297\" style=\"aspect-ratio:1;object-fit:contain\" srcset=\"https:\/\/www.campingdes2plages.fr\/wp-content\/uploads\/2025\/11\/dessin-coquillages-fond.webp 615w, https:\/\/www.campingdes2plages.fr\/wp-content\/uploads\/2025\/11\/dessin-coquillages-fond-297x300.webp 297w\" sizes=\"(max-width: 615px) 100vw, 615px\" \/><\/figure>\n\n\n\n<figure class=\"wp-block-image aligncenter size-large\" style=\"margin-top:0px;margin-bottom:4rem\"><img decoding=\"async\" width=\"22\" height=\"122\" src=\"https:\/\/www.campingdes2plages.fr\/wp-content\/uploads\/2025\/11\/ligne-verticale-et-point-beige.svg\" alt=\"vertical line and beige dot\" class=\"wp-image-334\" style=\"object-fit:contain\"\/><\/figure>\n\n\n\n<div class=\"wp-block-group is-content-justification-center is-nowrap is-layout-flex wp-container-core-group-is-layout-06d12f70 wp-block-group-is-layout-flex\">\n<figure class=\"wp-block-image size-full is-resized\"><img decoding=\"async\" width=\"21\" height=\"21\" src=\"https:\/\/www.campingdes2plages.fr\/wp-content\/uploads\/2025\/11\/etoile-custom-beige.svg\" alt=\"custom beige star\" class=\"wp-image-223\" style=\"object-fit:contain;width:21px;height:21px\"\/><\/figure>\n\n\n\n<p class=\"has-custom-color-4-color has-text-color has-link-color wp-elements-133fb18916e8528c7d4e413ba8f21943\" style=\"font-size:clamp(0.875rem, 0.875rem + ((1vw - 0.2rem) * 0.525), 1.19rem);font-style:normal;font-weight:400;text-transform:uppercase\">TOURISM<\/p>\n<\/div>\n\n\n\n<p class=\"has-text-align-center has-custom-color-3-color has-text-color has-link-color has-calming-font-family wp-elements-2583fe72327be5b683c08e77ede3ca77\" style=\"font-size:clamp(2.423rem, 2.423rem + ((1vw - 0.2rem) * 3.483), 4.513rem);line-height:1;text-transform:uppercase\">explore Royan<\/p>\n\n\n\n<div class=\"wp-block-group content has-global-padding is-layout-constrained wp-container-core-group-is-layout-41a96ae6 wp-block-group-is-layout-constrained\" style=\"margin-top:0px;margin-bottom:0px;padding-top:4rem;padding-right:10rem;padding-left:10rem\">\n<h2 class=\"wp-block-heading has-text-align-center has-custom-color-3-color has-text-color has-link-color wp-elements-b2951759dc1d5e660b697d1f630ba94b\">Discover Royan and the surrounding area<\/h2>\n\n\n\n<p class=\"has-text-align-center has-custom-color-3-color has-text-color has-link-color wp-elements-1574d5c7362d56f5a39f11b5d3d417ab\" style=\"margin-bottom:var(--wp--preset--spacing--20)\">Whether you&#8217;re looking for a festive vacation, long <strong>sunny days<\/strong> on the beach or cultural visits, you&#8217;ll find what you&#8217;re looking for in the Charente-Maritime region, at our <strong>campsite near Royan<\/strong>. Royan is a typical early 20th century seaside resort, just a few minutes by bike from our <strong>campsite near Royan<\/strong>. Here you&#8217;ll discover the port, the beautiful central market, Notre-Dame-de-Royan, the Grande Conche beach and the chic Pontaillac district. If you feel like it, you can also take a trip to the casino.   <\/p>\n\n\n\n<p class=\"has-text-align-center has-custom-color-3-color has-text-color has-link-color wp-elements-851f7038598674845b7fb621fd6b4a73\" style=\"margin-bottom:4rem\">The Mus\u00e9e de Royan, meanwhile, tells the story of the town in a remarkable new scenography. After visiting Royan, you can explore the Charente-Maritime region: the islands of R\u00e9 and Ol\u00e9ron, the troglodytic caves of Meschers-sur-Gironde, La Rochelle, the pretty village of Mornac-sur-Seudre, <strong>Fort Boyard<\/strong> and many other <strong>must-see sites on the Charente-Maritime coast.<br><\/strong>Plan your next family holiday at our <a href=\"https:\/\/www.campingdes2plages.fr\/en\/camping-la-palmyre\/\">campsite 11km from La Palmyre<\/a>, or at our <a href=\"https:\/\/www.campingdes2plages.fr\/en\/campsite-vaux-sur-mer\/\">campsite 2km from Vaux-sur-Mer<\/a> in Charente-Maritime. <\/p>\n<\/div>\n\n\n\n<div class=\"wp-block-group slider has-global-padding is-layout-constrained wp-container-core-group-is-layout-97dffa1e wp-block-group-is-layout-constrained\" style=\"margin-top:6rem;margin-bottom:0px\">\n<figure class=\"wp-block-image size-large arrow-slider-prev\"><img decoding=\"async\" width=\"87\" height=\"11\" src=\"https:\/\/www.campingdes2plages.fr\/wp-content\/uploads\/2025\/11\/fleche-longue-gauche-beige.svg\" alt=\"long left arrow beige\" class=\"wp-image-351\"\/><\/figure>\n\n\n\n<figure class=\"wp-block-image size-large arrow-slider-next\"><img decoding=\"async\" width=\"87\" height=\"11\" src=\"https:\/\/www.campingdes2plages.fr\/wp-content\/uploads\/2025\/11\/fleche-longue-droite-beige.svg\" alt=\"long straight beige arrow\" class=\"wp-image-347\"\/><\/figure>\n\n\n\n<div data-swiper=\"{&quot;speed&quot;:400,&quot;spaceBetween&quot;:16,&quot;slidesPerView&quot;:3.5,&quot;createElements&quot;:true,&quot;loop&quot;:false,&quot;freemode&quot;:true,&quot;navigation&quot;:{&quot;nextEl&quot;:&quot;.gt_contain-slider_003 .arrow-slider-next&quot;,&quot;prevEl&quot;:&quot;.gt_contain-slider_003 .arrow-slider-prev&quot;},&quot;pagination&quot;:{&quot;el&quot;:&quot;.swiper-pagination&quot;,&quot;dynamicBullets&quot;:true},&quot;breakpoints&quot;:{&quot;0&quot;:{&quot;slidesPerView&quot;:1},&quot;768&quot;:{&quot;slidesPerView&quot;:2},&quot;1024&quot;:{&quot;slidesPerView&quot;:2.5},&quot;1025&quot;:{&quot;slidesPerView&quot;:3.5}},&quot;autoplay&quot;:{&quot;delay&quot;:3000}}\" class=\"wp-block-group gt-is-slider gt-is-slider-desktop has-global-padding is-layout-constrained wp-container-core-group-is-layout-d6554d75 wp-block-group-is-layout-constrained\" style=\"margin-top:0px;margin-bottom:0px\"><a href=\"https:\/\/www.campingdes2plages.fr\/tourisme-charente-maritime\/royan\/\"    class=\"wp-block-tiptip-hyperlink-group-block\" >\n<div data-swiper=\"{&quot;speed&quot;:1000,&quot;autoplay&quot;:{&quot;delay&quot;:5000,&quot;disableOnInteraction&quot;:false},&quot;spaceBetween&quot;:0,&quot;slidesPerView&quot;:1,&quot;pagination&quot;:{&quot;el&quot;:&quot;.swiper-pagination&quot;,&quot;dynamicBullets&quot;:true,&quot;clickable&quot;:true,&quot;type&quot;:&quot;bullets&quot;},&quot;navigation&quot;:{&quot;nextEl&quot;:&quot;.swiper-button-next&quot;,&quot;prevEl&quot;:&quot;.swiper-button-prev&quot;},&quot;breakpoints&quot;:[{&quot;slidesPerView&quot;:1}]}\" class=\"wp-block-cover\" style=\"border-radius:15px\"><img decoding=\"async\" width=\"1920\" height=\"1038\" class=\"wp-block-cover__image-background wp-image-2566 size-full\" alt=\"royan\" src=\"https:\/\/www.campingdes2plages.fr\/wp-content\/uploads\/2026\/01\/royan.jpg\" data-object-fit=\"cover\" srcset=\"https:\/\/www.campingdes2plages.fr\/wp-content\/uploads\/2026\/01\/royan.jpg 1920w, https:\/\/www.campingdes2plages.fr\/wp-content\/uploads\/2026\/01\/royan-300x162.jpg 300w, https:\/\/www.campingdes2plages.fr\/wp-content\/uploads\/2026\/01\/royan-1024x554.jpg 1024w, https:\/\/www.campingdes2plages.fr\/wp-content\/uploads\/2026\/01\/royan-768x415.jpg 768w, https:\/\/www.campingdes2plages.fr\/wp-content\/uploads\/2026\/01\/royan-1536x830.jpg 1536w\" sizes=\"(max-width: 1920px) 100vw, 1920px\" \/><span aria-hidden=\"true\" class=\"wp-block-cover__background has-background-dim-60 has-background-dim wp-block-cover__gradient-background has-background-gradient\" style=\"background:linear-gradient(0deg,rgb(0,0,0) 0%,rgba(255,255,255,0) 100%)\"><\/span><div class=\"wp-block-cover__inner-container has-global-padding is-layout-constrained wp-container-core-cover-is-layout-12243e0f wp-block-cover-is-layout-constrained\">\n<div class=\"wp-block-group has-global-padding is-layout-constrained wp-block-group-is-layout-constrained\">\n<div class=\"wp-block-group icon has-custom-color-4-background-color has-background has-global-padding is-layout-constrained wp-container-core-group-is-layout-12243e0f wp-block-group-is-layout-constrained\" style=\"border-radius:7px\">\n<figure class=\"wp-block-image size-full is-resized wp-duotone-ffebb3-ffebb3-15\"><img decoding=\"async\" width=\"21\" height=\"21\" src=\"https:\/\/www.campingdes2plages.fr\/wp-content\/uploads\/2025\/11\/etoile-custom-beige.svg\" alt=\"custom beige star\" class=\"wp-image-223\" style=\"object-fit:contain;width:26px;height:26px\"\/><\/figure>\n<\/div>\n<\/div>\n\n\n\n<p class=\"has-text-align-center has-base-2-color has-text-color has-link-color has-sosro-font-family wp-elements-496a088d8b11565a3eb7596cc752e594\" style=\"font-size:clamp(2.089rem, 2.089rem + ((1vw - 0.2rem) * 2.768), 3.75rem);line-height:1\">Royan<\/p>\n<\/div><\/div>\n<\/a>\n\n<a href=\"https:\/\/www.campingdes2plages.fr\/activites-charente-maritime\/zoo-de-la-palmyre\/\"    class=\"wp-block-tiptip-hyperlink-group-block\" >\n<div data-swiper=\"{&quot;speed&quot;:1000,&quot;autoplay&quot;:{&quot;delay&quot;:5000,&quot;disableOnInteraction&quot;:false},&quot;spaceBetween&quot;:0,&quot;slidesPerView&quot;:1,&quot;pagination&quot;:{&quot;el&quot;:&quot;.swiper-pagination&quot;,&quot;dynamicBullets&quot;:true,&quot;clickable&quot;:true,&quot;type&quot;:&quot;bullets&quot;},&quot;navigation&quot;:{&quot;nextEl&quot;:&quot;.swiper-button-next&quot;,&quot;prevEl&quot;:&quot;.swiper-button-prev&quot;},&quot;breakpoints&quot;:[{&quot;slidesPerView&quot;:1}]}\" class=\"wp-block-cover\" style=\"border-radius:15px\"><img decoding=\"async\" width=\"1920\" height=\"1280\" class=\"wp-block-cover__image-background wp-image-2143 size-full\" alt=\"visite zoo enfant palmyre\" src=\"https:\/\/www.campingdes2plages.fr\/wp-content\/uploads\/2026\/01\/visite-zoo-enfant-palmyre.jpg\" data-object-fit=\"cover\" srcset=\"https:\/\/www.campingdes2plages.fr\/wp-content\/uploads\/2026\/01\/visite-zoo-enfant-palmyre.jpg 1920w, https:\/\/www.campingdes2plages.fr\/wp-content\/uploads\/2026\/01\/visite-zoo-enfant-palmyre-300x200.jpg 300w, https:\/\/www.campingdes2plages.fr\/wp-content\/uploads\/2026\/01\/visite-zoo-enfant-palmyre-1024x683.jpg 1024w, https:\/\/www.campingdes2plages.fr\/wp-content\/uploads\/2026\/01\/visite-zoo-enfant-palmyre-768x512.jpg 768w, https:\/\/www.campingdes2plages.fr\/wp-content\/uploads\/2026\/01\/visite-zoo-enfant-palmyre-1536x1024.jpg 1536w\" sizes=\"(max-width: 1920px) 100vw, 1920px\" \/><span aria-hidden=\"true\" class=\"wp-block-cover__background has-background-dim-60 has-background-dim wp-block-cover__gradient-background has-background-gradient\" style=\"background:linear-gradient(0deg,rgb(0,0,0) 0%,rgba(255,255,255,0) 100%)\"><\/span><div class=\"wp-block-cover__inner-container has-global-padding is-layout-constrained wp-container-core-cover-is-layout-12243e0f wp-block-cover-is-layout-constrained\">\n<div class=\"wp-block-group has-global-padding is-layout-constrained wp-block-group-is-layout-constrained\">\n<div class=\"wp-block-group icon has-custom-color-4-background-color has-background has-global-padding is-layout-constrained wp-container-core-group-is-layout-12243e0f wp-block-group-is-layout-constrained\" style=\"border-radius:7px\">\n<figure class=\"wp-block-image size-full is-resized wp-duotone-ffebb3-ffebb3-17\"><img decoding=\"async\" width=\"21\" height=\"21\" src=\"https:\/\/www.campingdes2plages.fr\/wp-content\/uploads\/2025\/11\/etoile-custom-beige.svg\" alt=\"custom beige star\" class=\"wp-image-223\" style=\"object-fit:contain;width:26px;height:26px\"\/><\/figure>\n<\/div>\n<\/div>\n\n\n\n<p class=\"has-text-align-center has-base-2-color has-text-color has-link-color has-sosro-font-family wp-elements-907e067a175f118e4bf54119536e8f5a\" style=\"font-size:clamp(2.089rem, 2.089rem + ((1vw - 0.2rem) * 2.768), 3.75rem);line-height:1\">La Palmyre Zoo<\/p>\n<\/div><\/div>\n<\/a>\n\n<a href=\"https:\/\/www.campingdes2plages.fr\/camping-vaux-sur-mer\/\"    class=\"wp-block-tiptip-hyperlink-group-block\" >\n<div data-swiper=\"{&quot;speed&quot;:1000,&quot;autoplay&quot;:{&quot;delay&quot;:5000,&quot;disableOnInteraction&quot;:false},&quot;spaceBetween&quot;:0,&quot;slidesPerView&quot;:1,&quot;pagination&quot;:{&quot;el&quot;:&quot;.swiper-pagination&quot;,&quot;dynamicBullets&quot;:true,&quot;clickable&quot;:true,&quot;type&quot;:&quot;bullets&quot;},&quot;navigation&quot;:{&quot;nextEl&quot;:&quot;.swiper-button-next&quot;,&quot;prevEl&quot;:&quot;.swiper-button-prev&quot;},&quot;breakpoints&quot;:[{&quot;slidesPerView&quot;:1}]}\" class=\"wp-block-cover\" style=\"border-radius:15px\"><img decoding=\"async\" width=\"1920\" height=\"1317\" class=\"wp-block-cover__image-background wp-image-2521 size-full\" alt=\"camping vaux sur mer\" src=\"https:\/\/www.campingdes2plages.fr\/wp-content\/uploads\/2026\/01\/camping-vaux-sur-mer.jpg\" data-object-fit=\"cover\" srcset=\"https:\/\/www.campingdes2plages.fr\/wp-content\/uploads\/2026\/01\/camping-vaux-sur-mer.jpg 1920w, https:\/\/www.campingdes2plages.fr\/wp-content\/uploads\/2026\/01\/camping-vaux-sur-mer-300x206.jpg 300w, https:\/\/www.campingdes2plages.fr\/wp-content\/uploads\/2026\/01\/camping-vaux-sur-mer-1024x702.jpg 1024w, https:\/\/www.campingdes2plages.fr\/wp-content\/uploads\/2026\/01\/camping-vaux-sur-mer-768x527.jpg 768w, https:\/\/www.campingdes2plages.fr\/wp-content\/uploads\/2026\/01\/camping-vaux-sur-mer-1536x1054.jpg 1536w\" sizes=\"(max-width: 1920px) 100vw, 1920px\" \/><span aria-hidden=\"true\" class=\"wp-block-cover__background has-background-dim-60 has-background-dim wp-block-cover__gradient-background has-background-gradient\" style=\"background:linear-gradient(0deg,rgb(0,0,0) 0%,rgba(255,255,255,0) 100%)\"><\/span><div class=\"wp-block-cover__inner-container has-global-padding is-layout-constrained wp-container-core-cover-is-layout-12243e0f wp-block-cover-is-layout-constrained\">\n<div class=\"wp-block-group has-global-padding is-layout-constrained wp-block-group-is-layout-constrained\">\n<div class=\"wp-block-group icon has-custom-color-4-background-color has-background has-global-padding is-layout-constrained wp-container-core-group-is-layout-12243e0f wp-block-group-is-layout-constrained\" style=\"border-radius:7px\">\n<figure class=\"wp-block-image size-full is-resized wp-duotone-ffebb3-ffebb3-19\"><img decoding=\"async\" width=\"21\" height=\"21\" src=\"https:\/\/www.campingdes2plages.fr\/wp-content\/uploads\/2025\/11\/etoile-custom-beige.svg\" alt=\"custom beige star\" class=\"wp-image-223\" style=\"object-fit:contain;width:26px;height:26px\"\/><\/figure>\n<\/div>\n<\/div>\n\n\n\n<p class=\"has-text-align-center has-base-2-color has-text-color has-link-color has-sosro-font-family wp-elements-1cc996da03cd80b25a6c257e18c1a8a8\" style=\"font-size:clamp(2.089rem, 2.089rem + ((1vw - 0.2rem) * 2.768), 3.75rem);line-height:1\">Vaux-sur-Mer<\/p>\n<\/div><\/div>\n<\/a>\n\n<a href=\"https:\/\/www.campingdes2plages.fr\/tourisme-charente-maritime\/charente-maritime\/\"    class=\"wp-block-tiptip-hyperlink-group-block\" >\n<div data-swiper=\"{&quot;speed&quot;:1000,&quot;autoplay&quot;:{&quot;delay&quot;:5000,&quot;disableOnInteraction&quot;:false},&quot;spaceBetween&quot;:0,&quot;slidesPerView&quot;:1,&quot;pagination&quot;:{&quot;el&quot;:&quot;.swiper-pagination&quot;,&quot;dynamicBullets&quot;:true,&quot;clickable&quot;:true,&quot;type&quot;:&quot;bullets&quot;},&quot;navigation&quot;:{&quot;nextEl&quot;:&quot;.swiper-button-next&quot;,&quot;prevEl&quot;:&quot;.swiper-button-prev&quot;},&quot;breakpoints&quot;:[{&quot;slidesPerView&quot;:1}]}\" class=\"wp-block-cover\" style=\"border-radius:15px\"><img decoding=\"async\" width=\"1920\" height=\"1281\" class=\"wp-block-cover__image-background wp-image-2082 size-full\" alt=\"plus belles plages charente maritime vacances\" src=\"https:\/\/www.campingdes2plages.fr\/wp-content\/uploads\/2026\/01\/plus-belles-plages-charente-maritime-vacances.jpg\" data-object-fit=\"cover\" srcset=\"https:\/\/www.campingdes2plages.fr\/wp-content\/uploads\/2026\/01\/plus-belles-plages-charente-maritime-vacances.jpg 1920w, https:\/\/www.campingdes2plages.fr\/wp-content\/uploads\/2026\/01\/plus-belles-plages-charente-maritime-vacances-300x200.jpg 300w, https:\/\/www.campingdes2plages.fr\/wp-content\/uploads\/2026\/01\/plus-belles-plages-charente-maritime-vacances-1024x683.jpg 1024w, https:\/\/www.campingdes2plages.fr\/wp-content\/uploads\/2026\/01\/plus-belles-plages-charente-maritime-vacances-768x512.jpg 768w, https:\/\/www.campingdes2plages.fr\/wp-content\/uploads\/2026\/01\/plus-belles-plages-charente-maritime-vacances-1536x1025.jpg 1536w\" sizes=\"(max-width: 1920px) 100vw, 1920px\" \/><span aria-hidden=\"true\" class=\"wp-block-cover__background has-background-dim-60 has-background-dim wp-block-cover__gradient-background has-background-gradient\" style=\"background:linear-gradient(0deg,rgb(0,0,0) 0%,rgba(255,255,255,0) 100%)\"><\/span><div class=\"wp-block-cover__inner-container has-global-padding is-layout-constrained wp-container-core-cover-is-layout-12243e0f wp-block-cover-is-layout-constrained\">\n\n<div class=\"wp-block-group has-global-padding is-layout-constrained wp-block-group-is-layout-constrained\">\n\n<div class=\"wp-block-group icon has-custom-color-4-background-color has-background has-global-padding is-layout-constrained wp-container-core-group-is-layout-12243e0f wp-block-group-is-layout-constrained\" style=\"border-radius:7px\">\n\n<figure class=\"wp-block-image size-full is-resized wp-duotone-ffebb3-ffebb3-21\"><img decoding=\"async\" width=\"21\" height=\"21\" src=\"https:\/\/www.campingdes2plages.fr\/wp-content\/uploads\/2025\/11\/etoile-custom-beige.svg\" alt=\"custom beige star\" class=\"wp-image-223\" style=\"object-fit:contain;width:26px;height:26px\"\/><\/figure>\n\n<\/div>\n\n<\/div>\n\n\n<p class=\"has-text-align-center has-base-2-color has-text-color has-link-color has-sosro-font-family wp-elements-5d135c7837f650d06aef9afeff380bf4\" style=\"font-size:clamp(2.089rem, 2.089rem + ((1vw - 0.2rem) * 2.768), 3.75rem);line-height:1\">Charente-Maritime<\/p>\n\n<\/div><\/div>\n<\/a><\/div>\n<\/div>\n<\/div>\n\n\n\n<div class=\"wp-block-group gt_faq_007 has-global-padding is-layout-constrained wp-container-core-group-is-layout-3a93e7d2 wp-block-group-is-layout-constrained\" style=\"margin-top:0px;margin-bottom:0px;padding-top:8rem;padding-right:0px;padding-bottom:10rem;padding-left:0px\">\n<div class=\"wp-block-columns are-vertically-aligned-center is-layout-flex wp-container-core-columns-is-layout-b23a18ed wp-block-columns-is-layout-flex\">\n<div class=\"wp-block-column is-vertically-aligned-center left is-layout-flow wp-block-column-is-layout-flow\">\n<figure class=\"wp-block-image size-full background\"><img decoding=\"async\" width=\"1160\" height=\"1376\" src=\"https:\/\/www.campingdes2plages.fr\/wp-content\/uploads\/2026\/01\/fond-metallique.jpg\" alt=\"metal bottom\" class=\"wp-image-3337\" srcset=\"https:\/\/www.campingdes2plages.fr\/wp-content\/uploads\/2026\/01\/fond-metallique.jpg 1160w, https:\/\/www.campingdes2plages.fr\/wp-content\/uploads\/2026\/01\/fond-metallique-253x300.jpg 253w, https:\/\/www.campingdes2plages.fr\/wp-content\/uploads\/2026\/01\/fond-metallique-863x1024.jpg 863w, https:\/\/www.campingdes2plages.fr\/wp-content\/uploads\/2026\/01\/fond-metallique-768x911.jpg 768w\" sizes=\"(max-width: 1160px) 100vw, 1160px\" \/><\/figure>\n\n\n\n<figure class=\"wp-block-image size-full accroche-porte\"><img decoding=\"async\" width=\"1919\" height=\"1473\" src=\"https:\/\/www.campingdes2plages.fr\/wp-content\/uploads\/2026\/01\/salle-de-bain-hebergements-camping-des-2-plages-royan.jpg\" alt=\"bathroom accommodation camping des 2 plages royan\" class=\"wp-image-3806\" srcset=\"https:\/\/www.campingdes2plages.fr\/wp-content\/uploads\/2026\/01\/salle-de-bain-hebergements-camping-des-2-plages-royan.jpg 1919w, https:\/\/www.campingdes2plages.fr\/wp-content\/uploads\/2026\/01\/salle-de-bain-hebergements-camping-des-2-plages-royan-300x230.jpg 300w, https:\/\/www.campingdes2plages.fr\/wp-content\/uploads\/2026\/01\/salle-de-bain-hebergements-camping-des-2-plages-royan-1024x786.jpg 1024w, https:\/\/www.campingdes2plages.fr\/wp-content\/uploads\/2026\/01\/salle-de-bain-hebergements-camping-des-2-plages-royan-768x590.jpg 768w, https:\/\/www.campingdes2plages.fr\/wp-content\/uploads\/2026\/01\/salle-de-bain-hebergements-camping-des-2-plages-royan-1536x1179.jpg 1536w\" sizes=\"(max-width: 1919px) 100vw, 1919px\" \/><\/figure>\n\n\n\n<figure class=\"wp-block-image size-full dessin\"><img decoding=\"async\" width=\"423\" height=\"266\" src=\"https:\/\/www.campingdes2plages.fr\/wp-content\/uploads\/2025\/11\/dessin-femme-sur-la-plage.webp\" alt=\"drawing woman on the beach\" class=\"wp-image-673\" srcset=\"https:\/\/www.campingdes2plages.fr\/wp-content\/uploads\/2025\/11\/dessin-femme-sur-la-plage.webp 423w, https:\/\/www.campingdes2plages.fr\/wp-content\/uploads\/2025\/11\/dessin-femme-sur-la-plage-300x189.webp 300w\" sizes=\"(max-width: 423px) 100vw, 423px\" \/><\/figure>\n<\/div>\n\n\n\n<div class=\"wp-block-column is-vertically-aligned-center right is-layout-flow wp-block-column-is-layout-flow\" style=\"padding-right:10rem;padding-bottom:0\">\n<div class=\"wp-block-group is-content-justification-left is-nowrap is-layout-flex wp-container-core-group-is-layout-d19eee88 wp-block-group-is-layout-flex\">\n<figure class=\"wp-block-image size-full is-resized\"><img decoding=\"async\" width=\"21\" height=\"21\" src=\"https:\/\/www.campingdes2plages.fr\/wp-content\/uploads\/2025\/11\/etoile-custom-beige.svg\" alt=\"custom beige star\" class=\"wp-image-223\" style=\"object-fit:contain;width:21px;height:21px\"\/><\/figure>\n\n\n\n<p class=\"has-custom-color-4-color has-text-color has-link-color wp-elements-66a66d9d833932b513f563164bb283f9\" style=\"font-size:clamp(0.875rem, 0.875rem + ((1vw - 0.2rem) * 0.525), 1.19rem);font-style:normal;font-weight:400;text-transform:uppercase\">Your questions about Royan<\/p>\n<\/div>\n\n\n\n<p class=\"has-text-align-left has-custom-color-1-color has-text-color has-link-color has-calming-font-family wp-elements-15ea81064658457fe3c0c55c3179d1aa\" style=\"font-size:clamp(2.766rem, 2.766rem + ((1vw - 0.2rem) * 4.273), 5.33rem);line-height:1;text-transform:uppercase\">without<br>shadows<\/p>\n\n\n\n<div class=\"wp-block-wpseopress-faq-block-v2 is-layout-flow wp-block-wpseopress-faq-block-v2-is-layout-flow\">\n<details id=\"is-royan-a-good-place-to-stay\" class=\"wp-block-details has-medium-font-size is-layout-flow wp-block-details-is-layout-flow\" style=\"border-top-color:var(--wp--preset--color--custom-color-4);border-top-width:1px;padding-top:var(--wp--preset--spacing--20);padding-bottom:0\"><summary><strong>Is Royan a good place to stay?<\/strong><\/summary>\n<p>Royan&#8217;s climate is mild and sunny. Temperatures range from 16 to 25\u00b0C in July. <\/p>\n<\/details>\n\n\n\n<details id=\"where-to-go-in-royan\" class=\"wp-block-details has-medium-font-size is-layout-flow wp-block-details-is-layout-flow\" style=\"border-top-color:var(--wp--preset--color--custom-color-4);border-top-width:1px;padding-top:var(--wp--preset--spacing--20);padding-bottom:0\"><summary><strong>Where to go in Royan?<\/strong><\/summary>\n<p>If you&#8217;d like to explore the town, we recommend visiting the Pontaillac, Foncillon or M\u00e9tairie districts.<\/p>\n<\/details>\n\n\n\n<details id=\"what-are-the-best-outdoor-activities-in-royan\" class=\"wp-block-details has-medium-font-size is-layout-flow wp-block-details-is-layout-flow\" style=\"border-top-color:var(--wp--preset--color--custom-color-4);border-top-width:1px;padding-top:var(--wp--preset--spacing--20);padding-bottom:0\"><summary><strong>What are the best outdoor activities in Royan?<\/strong><\/summary>\n<p>There&#8217;s plenty to do in Royan. We recommend the Pontaillac mini golf course, sea excursions or water sports. <\/p>\n<\/details>\n\n\n\n<details id=\"what-tourist-attractions-are-there-in-royan\" class=\"wp-block-details has-medium-font-size is-layout-flow wp-block-details-is-layout-flow\" style=\"border-top-color:var(--wp--preset--color--custom-color-4);border-top-width:1px;padding-top:var(--wp--preset--spacing--20);padding-bottom:0\"><summary><strong>What tourist attractions are there in Royan?<\/strong><\/summary>\n<p>The central market, Notre-Dame de Royan and the Pont du Diable are must-sees during your stay in Royan.<\/p>\n<\/details>\n\n\n\n<details id=\"how-do-i-get-around-royan\" class=\"wp-block-details has-medium-font-size is-layout-flow wp-block-details-is-layout-flow\" style=\"border-top-color:var(--wp--preset--color--custom-color-4);border-top-width:1px;border-bottom-color:var(--wp--preset--color--custom-color-4);border-bottom-width:1px;padding-top:var(--wp--preset--spacing--20);padding-bottom:var(--wp--preset--spacing--20)\"><summary><strong>How do I get around Royan?<\/strong><\/summary>\n<p>The Carabus bus network makes it easy to get around all day. You can also rent a bike. <\/p>\n<\/details>\n<script type=\"application\/ld+json\">{\"@context\":\"https:\/\/schema.org\",\"@type\":\"FAQPage\",\"url\":\"https:\/\/www.campingdes2plages.fr\/en\/camping-royan\/\",\"@id\":\"https:\/\/www.campingdes2plages.fr\/en\/camping-royan\/\",\"mainEntity\":[{\"@type\":\"Question\",\"url\":\"https:\/\/www.campingdes2plages.fr\/en\/camping-royan\/#is-royan-a-good-place-to-stay\",\"name\":\"Is Royan a good place to stay?\",\"answerCount\":1,\"acceptedAnswer\":{\"@type\":\"Answer\",\"text\":\"&lt;p>Royan's climate is mild and sunny. Temperatures range from 16 to 25\u00b0C in July. &lt;\/p>\"}},{\"@type\":\"Question\",\"url\":\"https:\/\/www.campingdes2plages.fr\/en\/camping-royan\/#where-to-go-in-royan\",\"name\":\"Where to go in Royan?\",\"answerCount\":1,\"acceptedAnswer\":{\"@type\":\"Answer\",\"text\":\"&lt;p>If you'd like to explore the town, we recommend visiting the Pontaillac, Foncillon or M\u00e9tairie districts.&lt;\/p>\"}},{\"@type\":\"Question\",\"url\":\"https:\/\/www.campingdes2plages.fr\/en\/camping-royan\/#what-are-the-best-outdoor-activities-in-royan\",\"name\":\"What are the best outdoor activities in Royan?\",\"answerCount\":1,\"acceptedAnswer\":{\"@type\":\"Answer\",\"text\":\"&lt;p>There's plenty to do in Royan. We recommend the Pontaillac mini golf course, sea excursions or water sports. &lt;\/p>\"}},{\"@type\":\"Question\",\"url\":\"https:\/\/www.campingdes2plages.fr\/en\/camping-royan\/#what-tourist-attractions-are-there-in-royan\",\"name\":\"What tourist attractions are there in Royan?\",\"answerCount\":1,\"acceptedAnswer\":{\"@type\":\"Answer\",\"text\":\"&lt;p>The central market, Notre-Dame de Royan and the Pont du Diable are must-sees during your stay in Royan.&lt;\/p>\"}},{\"@type\":\"Question\",\"url\":\"https:\/\/www.campingdes2plages.fr\/en\/camping-royan\/#how-do-i-get-around-royan\",\"name\":\"How do I get around Royan?\",\"answerCount\":1,\"acceptedAnswer\":{\"@type\":\"Answer\",\"text\":\"&lt;p>The Carabus bus network makes it easy to get around all day. You can also rent a bike. &lt;\/p>\"}}]}<\/script><\/div>\n<\/div>\n<\/div>\n<\/div>\n\n\n\n<div class=\"wp-block-group section-simple has-custom-color-1-background-color has-background has-global-padding is-layout-constrained wp-container-core-group-is-layout-2b91c0ce wp-block-group-is-layout-constrained\" style=\"margin-top:0rem;margin-bottom:0px;padding-top:6rem;padding-right:10rem;padding-bottom:6rem;padding-left:10rem\">\n<div class=\"wp-block-columns are-vertically-aligned-center is-layout-flex wp-container-core-columns-is-layout-b23a18ed wp-block-columns-is-layout-flex\">\n<div class=\"wp-block-column is-vertically-aligned-center is-layout-flow wp-block-column-is-layout-flow\">\n<h2 class=\"wp-block-heading has-base-2-color has-text-color has-link-color wp-elements-6b8c237cbf3e8dd39d1f0f34c39edcf6\">More information for your vacation near Royan<\/h2>\n\n\n\n<p class=\"has-base-2-color has-text-color has-link-color wp-elements-0c72555ea0dfca5fbfbbc8fac04e5fbb\"><strong>Opening hours :<\/strong> <br>From 01\/04\/ to 30\/09\/<\/p>\n\n\n\n<p class=\"has-base-2-color has-text-color has-link-color wp-elements-4bf55059199ff32b4808a96d4807b15c\"><strong>Address:<\/strong> <br>41 Avenue des acacias <br>17120 Saint-Palais-Sur-mer<\/p>\n\n\n\n<p class=\"has-base-2-color has-text-color has-link-color wp-elements-0bc85f858679f75fd701734b4a70b8f1\"><strong>Contacts:<\/strong> <br>05 46 23 11 42 <br>contact@campingdes2plages.fr <br>via the contact form<\/p>\n<\/div>\n\n\n\n<div class=\"wp-block-column is-vertically-aligned-center is-layout-flow wp-block-column-is-layout-flow\">\n<h3 class=\"wp-block-heading has-base-2-color has-text-color has-link-color wp-elements-4cc3242a2381f2d4e695a81412f007ed\" style=\"font-size:clamp(1.039rem, 1.039rem + ((1vw - 0.2rem) * 0.935), 1.6rem);\"><strong>Contact Camping des 2 Plages<\/strong><\/h3>\n\n\n<\/div>\n<\/div>\n<\/div>\n\n\n\n<div class=\"wp-block-group section-avis has-global-padding is-layout-constrained wp-container-core-group-is-layout-0c801377 wp-block-group-is-layout-constrained\" style=\"margin-top:0px;margin-bottom:0px;padding-top:var(--wp--preset--spacing--40);padding-right:10rem;padding-bottom:var(--wp--preset--spacing--40);padding-left:10rem\">\n<div class=\"wp-block-group has-global-padding is-layout-constrained wp-container-core-group-is-layout-994ea780 wp-block-group-is-layout-constrained\" style=\"margin-top:0px;margin-bottom:0px;padding-top:3rem;padding-right:3rem;padding-bottom:3rem;padding-left:3rem\">\n<div class=\"wp-block-group is-content-justification-center is-nowrap is-layout-flex wp-container-core-group-is-layout-06d12f70 wp-block-group-is-layout-flex\">\n<figure class=\"wp-block-image size-full is-resized\"><img decoding=\"async\" width=\"21\" height=\"21\" src=\"https:\/\/www.campingdes2plages.fr\/wp-content\/uploads\/2025\/11\/etoile-custom-beige.svg\" alt=\"custom beige star\" class=\"wp-image-223\" style=\"object-fit:contain;width:21px;height:21px\"\/><\/figure>\n\n\n\n<p class=\"has-custom-color-4-color has-text-color has-link-color wp-elements-9b8b994b4363e5f819aad556319b583d\" style=\"font-size:clamp(0.875rem, 0.875rem + ((1vw - 0.2rem) * 0.525), 1.19rem);font-style:normal;font-weight:400;text-transform:uppercase\">customer reviews<\/p>\n<\/div>\n\n\n\n<p class=\"has-text-align-center has-custom-color-1-color has-text-color has-link-color has-calming-font-family wp-elements-5869a94675129f41a690bb3460dd54d3\" style=\"font-size:clamp(2.766rem, 2.766rem + ((1vw - 0.2rem) * 4.273), 5.33rem);line-height:1;text-transform:uppercase\">They liked the campsite<\/p>\n\n\n\n<figure class=\"wp-block-image aligncenter size-large\"><img decoding=\"async\" width=\"264\" height=\"22\" src=\"https:\/\/www.campingdes2plages.fr\/wp-content\/uploads\/2025\/11\/ligne-horizontale-et-point-beige.svg\" alt=\"horizontal line and beige dot\" class=\"wp-image-377\"\/><\/figure>\n\n\n<pre class=\"ti-widget\"><template id=\"trustindex-google-widget-html\"><div class=\" ti-widget  ti-goog ti-no-profile-img ti-review-text-mode-readmore ti-text-align-left\" data-no-translation=\"true\" data-time-locale=\"il y a %d %s|aujourd'hui|jour|jours|semaine|semaines|mois|mois|ann\u00e9e|ans\" data-plugin-version=\"13.2.7\" data-layout-id=\"4\" data-layout-category=\"slider\" data-set-id=\"soft\" data-pid=\"\" data-language=\"fr\" data-close-locale=\"Fermer\" data-review-target-width=\"300\" data-css-version=\"2\" data-reply-by-locale=\"R\u00e9ponse du propri\u00e9taire\" data-only-rating-locale=\"Cet utilisateur a uniquement laiss\u00e9 une \u00e9valuation.\" data-pager-autoplay-timeout=\"6\"> <div class=\"ti-widget-container ti-col-3\"> <div class=\"ti-reviews-container\"> <div class=\"ti-controls\"> <div class=\"ti-next\" aria-label=\"Avis suivante\" role=\"button\" tabindex=\"0\"><\/div> <div class=\"ti-prev\" aria-label=\"Avis pr\u00e9c\u00e9dent\" role=\"button\" tabindex=\"0\"><\/div> <\/div> <div class=\"ti-reviews-container-wrapper\">  <div data-empty=\"0\" data-time=\"1763856000\" class=\"ti-review-item source-Google ti-image-layout-thumbnail\" data-id=\"cfcd208495d565ef66e7dff9f98764da\"> <div class=\"ti-inner\"> <div class=\"ti-review-header\"> <div class=\"ti-platform-icon ti-with-tooltip\"> <span class=\"ti-tooltip\">Publi\u00e9 sur <\/span> <trustindex-image data-imgurl=\"https:\/\/cdn.trustindex.io\/assets\/platform\/Google\/icon.svg\" alt=\"\" width=\"20\" height=\"20\" loading=\"lazy\"><\/trustindex-image> <\/div>  <div class=\"ti-profile-details\"> <div class=\"ti-name\"> P Rulliere <\/div> <div class=\"ti-date\"><\/div> <\/div> <\/div> <span class=\"ti-stars\"><trustindex-image class=\"ti-star\" data-imgurl=\"https:\/\/cdn.trustindex.io\/assets\/platform\/Google\/star\/f.svg\" alt=\"Google\" width=\"17\" height=\"17\" loading=\"lazy\"><\/trustindex-image><trustindex-image class=\"ti-star\" data-imgurl=\"https:\/\/cdn.trustindex.io\/assets\/platform\/Google\/star\/f.svg\" alt=\"Google\" width=\"17\" height=\"17\" loading=\"lazy\"><\/trustindex-image><trustindex-image class=\"ti-star\" data-imgurl=\"https:\/\/cdn.trustindex.io\/assets\/platform\/Google\/star\/f.svg\" alt=\"Google\" width=\"17\" height=\"17\" loading=\"lazy\"><\/trustindex-image><trustindex-image class=\"ti-star\" data-imgurl=\"https:\/\/cdn.trustindex.io\/assets\/platform\/Google\/star\/f.svg\" alt=\"Google\" width=\"17\" height=\"17\" loading=\"lazy\"><\/trustindex-image><trustindex-image class=\"ti-star\" data-imgurl=\"https:\/\/cdn.trustindex.io\/assets\/platform\/Google\/star\/f.svg\" alt=\"Google\" width=\"17\" height=\"17\" loading=\"lazy\"><\/trustindex-image><span class=\"ti-verified-review ti-verified-platform\"><span class=\"ti-verified-tooltip\">Trustindex v\u00e9rifie que la source originale de l'avis est Google.<\/span><\/span><\/span> <div class=\"ti-review-text-container ti-review-content\"><!-- R-CONTENT -->tr\u00e8s agr\u00e9able s\u00e9jour fin septembre .endroit calme\net personnes agr\u00e9ables. nous reviendrons<!-- R-CONTENT --><\/div> <span class=\"ti-read-more\" data-container=\".ti-review-content\" data-collapse-text=\"Cacher\" data-open-text=\"Lire la suite\"><\/span> <\/div> <\/div>  <div data-empty=\"0\" data-time=\"1763510400\" class=\"ti-review-item source-Google ti-image-layout-thumbnail\" data-id=\"cfcd208495d565ef66e7dff9f98764da\"> <div class=\"ti-inner\"> <div class=\"ti-review-header\"> <div class=\"ti-platform-icon ti-with-tooltip\"> <span class=\"ti-tooltip\">Publi\u00e9 sur <\/span> <trustindex-image data-imgurl=\"https:\/\/cdn.trustindex.io\/assets\/platform\/Google\/icon.svg\" alt=\"\" width=\"20\" height=\"20\" loading=\"lazy\"><\/trustindex-image> <\/div>  <div class=\"ti-profile-details\"> <div class=\"ti-name\"> D Catherine <\/div> <div class=\"ti-date\"><\/div> <\/div> <\/div> <span class=\"ti-stars\"><trustindex-image class=\"ti-star\" data-imgurl=\"https:\/\/cdn.trustindex.io\/assets\/platform\/Google\/star\/f.svg\" alt=\"Google\" width=\"17\" height=\"17\" loading=\"lazy\"><\/trustindex-image><trustindex-image class=\"ti-star\" data-imgurl=\"https:\/\/cdn.trustindex.io\/assets\/platform\/Google\/star\/f.svg\" alt=\"Google\" width=\"17\" height=\"17\" loading=\"lazy\"><\/trustindex-image><trustindex-image class=\"ti-star\" data-imgurl=\"https:\/\/cdn.trustindex.io\/assets\/platform\/Google\/star\/f.svg\" alt=\"Google\" width=\"17\" height=\"17\" loading=\"lazy\"><\/trustindex-image><trustindex-image class=\"ti-star\" data-imgurl=\"https:\/\/cdn.trustindex.io\/assets\/platform\/Google\/star\/f.svg\" alt=\"Google\" width=\"17\" height=\"17\" loading=\"lazy\"><\/trustindex-image><trustindex-image class=\"ti-star\" data-imgurl=\"https:\/\/cdn.trustindex.io\/assets\/platform\/Google\/star\/f.svg\" alt=\"Google\" width=\"17\" height=\"17\" loading=\"lazy\"><\/trustindex-image><span class=\"ti-verified-review ti-verified-platform\"><span class=\"ti-verified-tooltip\">Trustindex v\u00e9rifie que la source originale de l'avis est Google.<\/span><\/span><\/span> <div class=\"ti-review-text-container ti-review-content\"><!-- R-CONTENT -->Plusieurs s\u00e9jours nous ont permis de d\u00e9couvrir et surtout d \u00eatre s\u00e9duits par ce superbe camping et surtout par toute l \u00c9quipe. La Direction familiale  et les employ\u00e9s nous ont apport\u00e9 r\u00e9activit\u00e9 efficacit\u00e9 et un service \u00e0 l \u00e9coute. Quel que soit votre probl\u00e8me ils trouveront une solution.\nLe camping est con\u00e7u pour le respect des parents des enfants et des seniors.\nL h\u00e9bergement est au top et surtout tr\u00e8s propre. Excellent rapport qualit\u00e9 prix. 5 \u00e9toiles pour la situation g\u00e9ographique et l espace aquatique et la propret\u00e9<!-- R-CONTENT --><\/div> <span class=\"ti-read-more\" data-container=\".ti-review-content\" data-collapse-text=\"Cacher\" data-open-text=\"Lire la suite\"><\/span> <\/div> <\/div>  <div data-empty=\"0\" data-time=\"1763510400\" class=\"ti-review-item source-Google ti-image-layout-thumbnail\" data-id=\"cfcd208495d565ef66e7dff9f98764da\"> <div class=\"ti-inner\"> <div class=\"ti-review-header\"> <div class=\"ti-platform-icon ti-with-tooltip\"> <span class=\"ti-tooltip\">Publi\u00e9 sur <\/span> <trustindex-image data-imgurl=\"https:\/\/cdn.trustindex.io\/assets\/platform\/Google\/icon.svg\" alt=\"\" width=\"20\" height=\"20\" loading=\"lazy\"><\/trustindex-image> <\/div>  <div class=\"ti-profile-details\"> <div class=\"ti-name\"> E FERNANDEZ <\/div> <div class=\"ti-date\"><\/div> <\/div> <\/div> <span class=\"ti-stars\"><trustindex-image class=\"ti-star\" data-imgurl=\"https:\/\/cdn.trustindex.io\/assets\/platform\/Google\/star\/f.svg\" alt=\"Google\" width=\"17\" height=\"17\" loading=\"lazy\"><\/trustindex-image><trustindex-image class=\"ti-star\" data-imgurl=\"https:\/\/cdn.trustindex.io\/assets\/platform\/Google\/star\/f.svg\" alt=\"Google\" width=\"17\" height=\"17\" loading=\"lazy\"><\/trustindex-image><trustindex-image class=\"ti-star\" data-imgurl=\"https:\/\/cdn.trustindex.io\/assets\/platform\/Google\/star\/f.svg\" alt=\"Google\" width=\"17\" height=\"17\" loading=\"lazy\"><\/trustindex-image><trustindex-image class=\"ti-star\" data-imgurl=\"https:\/\/cdn.trustindex.io\/assets\/platform\/Google\/star\/f.svg\" alt=\"Google\" width=\"17\" height=\"17\" loading=\"lazy\"><\/trustindex-image><trustindex-image class=\"ti-star\" data-imgurl=\"https:\/\/cdn.trustindex.io\/assets\/platform\/Google\/star\/f.svg\" alt=\"Google\" width=\"17\" height=\"17\" loading=\"lazy\"><\/trustindex-image><span class=\"ti-verified-review ti-verified-platform\"><span class=\"ti-verified-tooltip\">Trustindex v\u00e9rifie que la source originale de l'avis est Google.<\/span><\/span><\/span> <div class=\"ti-review-text-container ti-review-content\"><!-- R-CONTENT -->Cela fait plusieurs ann\u00e9es que je vais dans ce camping, je m'y sens bien a tout bien de vue. Que vous soyez en famille, entre amis ou seul, le camping des deux plages est juste parfait pour se ressourcer.<!-- R-CONTENT --><\/div> <span class=\"ti-read-more\" data-container=\".ti-review-content\" data-collapse-text=\"Cacher\" data-open-text=\"Lire la suite\"><\/span> <\/div> <\/div>  <div data-empty=\"0\" data-time=\"1757116800\" class=\"ti-review-item source-Google ti-image-layout-thumbnail\" data-id=\"cfcd208495d565ef66e7dff9f98764da\"> <div class=\"ti-inner\"> <div class=\"ti-review-header\"> <div class=\"ti-platform-icon ti-with-tooltip\"> <span class=\"ti-tooltip\">Publi\u00e9 sur <\/span> <trustindex-image data-imgurl=\"https:\/\/cdn.trustindex.io\/assets\/platform\/Google\/icon.svg\" alt=\"\" width=\"20\" height=\"20\" loading=\"lazy\"><\/trustindex-image> <\/div>  <div class=\"ti-profile-details\"> <div class=\"ti-name\"> T Stern <\/div> <div class=\"ti-date\"><\/div> <\/div> <\/div> <span class=\"ti-stars\"><trustindex-image class=\"ti-star\" data-imgurl=\"https:\/\/cdn.trustindex.io\/assets\/platform\/Google\/star\/f.svg\" alt=\"Google\" width=\"17\" height=\"17\" loading=\"lazy\"><\/trustindex-image><trustindex-image class=\"ti-star\" data-imgurl=\"https:\/\/cdn.trustindex.io\/assets\/platform\/Google\/star\/f.svg\" alt=\"Google\" width=\"17\" height=\"17\" loading=\"lazy\"><\/trustindex-image><trustindex-image class=\"ti-star\" data-imgurl=\"https:\/\/cdn.trustindex.io\/assets\/platform\/Google\/star\/f.svg\" alt=\"Google\" width=\"17\" height=\"17\" loading=\"lazy\"><\/trustindex-image><trustindex-image class=\"ti-star\" data-imgurl=\"https:\/\/cdn.trustindex.io\/assets\/platform\/Google\/star\/f.svg\" alt=\"Google\" width=\"17\" height=\"17\" loading=\"lazy\"><\/trustindex-image><trustindex-image class=\"ti-star\" data-imgurl=\"https:\/\/cdn.trustindex.io\/assets\/platform\/Google\/star\/f.svg\" alt=\"Google\" width=\"17\" height=\"17\" loading=\"lazy\"><\/trustindex-image><span class=\"ti-verified-review ti-verified-platform\"><span class=\"ti-verified-tooltip\">Trustindex v\u00e9rifie que la source originale de l'avis est Google.<\/span><\/span><\/span> <div class=\"ti-review-text-container ti-review-content\"><!-- R-CONTENT -->Un camping superbe calme  , animations au top. La brasserie est tr\u00e8s bonne . J'ai trouv\u00e9 mes vacances pour l'ann\u00e9e prochaine qui est au camping des 2 plages \ud83e\udd70\u263a\ufe0f<!-- R-CONTENT --><\/div> <span class=\"ti-read-more\" data-container=\".ti-review-content\" data-collapse-text=\"Cacher\" data-open-text=\"Lire la suite\"><\/span> <\/div> <\/div>  <\/div> <div class=\"ti-controls-line\"> <div class=\"dot\"><\/div> <\/div> <\/div>    <\/div> <\/div> <\/template><\/pre><div data-src=\"https:\/\/cdn.trustindex.io\/loader.js?wp-widget\" data-template-id=\"trustindex-google-widget-html\" data-css-url=\"https:\/\/www.campingdes2plages.fr\/wp-content\/uploads\/trustindex-google-widget.css?1768985821\"><\/div>\n\n\n\n<figure class=\"wp-block-image size-full background-image\"><img decoding=\"async\" width=\"615\" height=\"622\" src=\"https:\/\/www.campingdes2plages.fr\/wp-content\/uploads\/2025\/11\/dessin-coquillages-fond.webp\" alt=\"shell design background\" class=\"wp-image-297\" srcset=\"https:\/\/www.campingdes2plages.fr\/wp-content\/uploads\/2025\/11\/dessin-coquillages-fond.webp 615w, https:\/\/www.campingdes2plages.fr\/wp-content\/uploads\/2025\/11\/dessin-coquillages-fond-297x300.webp 297w\" sizes=\"(max-width: 615px) 100vw, 615px\" \/><\/figure>\n<\/div>\n<\/div>\n\n\n\n<div class=\"wp-block-group section-maillage has-global-padding is-layout-constrained wp-container-core-group-is-layout-b07b1a8a wp-block-group-is-layout-constrained\" style=\"padding-top:0px;padding-right:1rem;padding-bottom:0rem;padding-left:1rem\">\n<div class=\"wp-block-group top has-custom-color-3-background-color has-background has-global-padding is-layout-constrained wp-container-core-group-is-layout-a3553d93 wp-block-group-is-layout-constrained\" style=\"margin-top:0px;margin-bottom:0px;padding-top:4rem;padding-right:4rem;padding-bottom:4rem;padding-left:4rem\">\n<div class=\"wp-block-group is-content-justification-center is-nowrap is-layout-flex wp-container-core-group-is-layout-06d12f70 wp-block-group-is-layout-flex\">\n<figure class=\"wp-block-image size-full is-resized\"><img decoding=\"async\" width=\"21\" height=\"21\" src=\"https:\/\/www.campingdes2plages.fr\/wp-content\/uploads\/2025\/11\/etoile-custom-beige.svg\" alt=\"custom beige star\" class=\"wp-image-223\" style=\"object-fit:contain;width:21px;height:21px\"\/><\/figure>\n\n\n\n<p class=\"has-custom-color-4-color has-text-color has-link-color wp-elements-1a558d138bc29b6c4b8bfedd5c0a9ad4\" style=\"font-size:clamp(0.875rem, 0.875rem + ((1vw - 0.2rem) * 0.525), 1.19rem);font-style:normal;font-weight:400;text-transform:uppercase\">Find out more<\/p>\n<\/div>\n\n\n\n<p class=\"has-text-align-center has-custom-color-1-color has-text-color has-link-color has-calming-font-family wp-elements-6f601aceef0e8cfcf55303fed3f3cc90\" style=\"font-size:clamp(2.423rem, 2.423rem + ((1vw - 0.2rem) * 3.483), 4.513rem);line-height:1;text-transform:uppercase\">Discover Royan<\/p>\n\n\n\n<figure class=\"wp-block-image aligncenter size-large\"><img decoding=\"async\" width=\"264\" height=\"22\" src=\"https:\/\/www.campingdes2plages.fr\/wp-content\/uploads\/2025\/11\/ligne-horizontale-et-point-beige.svg\" alt=\"horizontal line and beige dot\" class=\"wp-image-377\"\/><\/figure>\n<\/div>\n\n\n\n<figure class=\"wp-block-image size-large arrow-slider-prev\"><img decoding=\"async\" width=\"87\" height=\"11\" src=\"https:\/\/www.campingdes2plages.fr\/wp-content\/uploads\/2025\/11\/fleche-longue-gauche-beige.svg\" alt=\"long left arrow beige\" class=\"wp-image-351\"\/><\/figure>\n\n\n\n<figure class=\"wp-block-image size-large arrow-slider-next\"><img decoding=\"async\" width=\"87\" height=\"11\" src=\"https:\/\/www.campingdes2plages.fr\/wp-content\/uploads\/2025\/11\/fleche-longue-droite-beige.svg\" alt=\"long straight beige arrow\" class=\"wp-image-347\"\/><\/figure>\n\n\n\n<div data-swiper=\"{&quot;speed&quot;:400,&quot;spaceBetween&quot;:16,&quot;slidesPerView&quot;:3,&quot;createElements&quot;:true,&quot;loop&quot;:true,&quot;freemode&quot;:true,&quot;navigation&quot;:{&quot;nextEl&quot;:&quot;.section-maillage .arrow-slider-next&quot;,&quot;prevEl&quot;:&quot;.section-maillage .arrow-slider-prev&quot;},&quot;pagination&quot;:{&quot;el&quot;:&quot;.swiper-pagination&quot;,&quot;dynamicBullets&quot;:true},&quot;breakpoints&quot;:{&quot;0&quot;:{&quot;slidesPerView&quot;:1},&quot;768&quot;:{&quot;slidesPerView&quot;:2},&quot;1024&quot;:{&quot;slidesPerView&quot;:2},&quot;1025&quot;:{&quot;slidesPerView&quot;:3}},&quot;autoplay&quot;:{&quot;delay&quot;:3000}}\" data-wp-context=\"{}\" data-wp-interactive=\"core\/query\" data-wp-key=\"1\" data-wp-router-region=\"query-1\" class=\"wp-block-query alignwide gt-fse-maillage-query gt-is-slider gt-is-slider-desktop is-layout-flow wp-block-query-is-layout-flow\"><ul class=\"columns-3 wp-block-post-template is-layout-grid wp-container-core-post-template-is-layout-6d3fbd8f wp-block-post-template-is-layout-grid\"><li data-wp-key=\"post-template-item-6483\" class=\"wp-block-post post-6483 page type-page status-publish has-post-thumbnail hentry\">\n<a href=\"https:\/\/www.campingdes2plages.fr\/en\/camping-royan\/weekend-royan\/\"    class=\"wp-block-tiptip-hyperlink-group-block\" >\n<div data-swiper=\"{&quot;speed&quot;:1000,&quot;autoplay&quot;:{&quot;delay&quot;:5000,&quot;disableOnInteraction&quot;:false},&quot;spaceBetween&quot;:0,&quot;slidesPerView&quot;:1,&quot;pagination&quot;:{&quot;el&quot;:&quot;.swiper-pagination&quot;,&quot;dynamicBullets&quot;:true,&quot;clickable&quot;:true,&quot;type&quot;:&quot;bullets&quot;},&quot;navigation&quot;:{&quot;nextEl&quot;:&quot;.swiper-button-next&quot;,&quot;prevEl&quot;:&quot;.swiper-button-prev&quot;},&quot;breakpoints&quot;:[{&quot;slidesPerView&quot;:1}]}\" class=\"wp-block-cover\" style=\"border-radius:15px\"><span aria-hidden=\"true\" class=\"wp-block-cover__background has-background-dim-60 has-background-dim has-background-gradient\" style=\"background:linear-gradient(0deg,rgb(0,0,0) 0%,rgba(255,255,255,0) 100%)\"><\/span><img decoding=\"async\" width=\"1920\" height=\"1233\" src=\"https:\/\/www.campingdes2plages.fr\/wp-content\/uploads\/2026\/01\/visite-royan-sejour-en-famille.jpg\" class=\"wp-block-cover__image-background wp-post-image\" alt=\"\" data-object-fit=\"cover\" srcset=\"https:\/\/www.campingdes2plages.fr\/wp-content\/uploads\/2026\/01\/visite-royan-sejour-en-famille.jpg 1920w, https:\/\/www.campingdes2plages.fr\/wp-content\/uploads\/2026\/01\/visite-royan-sejour-en-famille-300x193.jpg 300w, https:\/\/www.campingdes2plages.fr\/wp-content\/uploads\/2026\/01\/visite-royan-sejour-en-famille-1024x658.jpg 1024w, https:\/\/www.campingdes2plages.fr\/wp-content\/uploads\/2026\/01\/visite-royan-sejour-en-famille-768x493.jpg 768w, https:\/\/www.campingdes2plages.fr\/wp-content\/uploads\/2026\/01\/visite-royan-sejour-en-famille-1536x986.jpg 1536w\" sizes=\"(max-width: 1920px) 100vw, 1920px\" \/><div class=\"wp-block-cover__inner-container has-global-padding is-layout-constrained wp-container-core-cover-is-layout-12243e0f wp-block-cover-is-layout-constrained\">\n<div class=\"wp-block-group has-global-padding is-layout-constrained wp-block-group-is-layout-constrained\">\n<div class=\"wp-block-group icon has-custom-color-4-background-color has-background has-global-padding is-layout-constrained wp-container-core-group-is-layout-12243e0f wp-block-group-is-layout-constrained\" style=\"border-radius:7px\">\n<figure class=\"wp-block-image size-full is-resized wp-duotone-ffebb3-ffebb3-23\"><img decoding=\"async\" width=\"21\" height=\"21\" src=\"https:\/\/www.campingdes2plages.fr\/wp-content\/uploads\/2025\/11\/etoile-custom-beige.svg\" alt=\"custom beige star\" class=\"wp-image-223\" style=\"object-fit:contain;width:26px;height:26px\"\/><\/figure>\n<\/div>\n<\/div>\n\n\n\n<p class=\"has-text-align-center has-base-2-color has-text-color has-link-color has-sosro-font-family wp-elements-0aae1bdb27882cdd8352d398559f92ea\" style=\"font-size:clamp(2.089rem, 2.089rem + ((1vw - 0.2rem) * 2.768), 3.75rem);line-height:1\">Weekend Royan<\/p>\n<\/div><\/div>\n<\/a>\n<\/li><li data-wp-key=\"post-template-item-4147\" class=\"wp-block-post post-4147 page type-page status-publish has-post-thumbnail hentry\">\n<a href=\"https:\/\/www.campingdes2plages.fr\/en\/tourism-charente-maritime\/discover-royan\/\"    class=\"wp-block-tiptip-hyperlink-group-block\" >\n<div data-swiper=\"{&quot;speed&quot;:1000,&quot;autoplay&quot;:{&quot;delay&quot;:5000,&quot;disableOnInteraction&quot;:false},&quot;spaceBetween&quot;:0,&quot;slidesPerView&quot;:1,&quot;pagination&quot;:{&quot;el&quot;:&quot;.swiper-pagination&quot;,&quot;dynamicBullets&quot;:true,&quot;clickable&quot;:true,&quot;type&quot;:&quot;bullets&quot;},&quot;navigation&quot;:{&quot;nextEl&quot;:&quot;.swiper-button-next&quot;,&quot;prevEl&quot;:&quot;.swiper-button-prev&quot;},&quot;breakpoints&quot;:[{&quot;slidesPerView&quot;:1}]}\" class=\"wp-block-cover\" style=\"border-radius:15px\"><span aria-hidden=\"true\" class=\"wp-block-cover__background has-background-dim-60 has-background-dim has-background-gradient\" style=\"background:linear-gradient(0deg,rgb(0,0,0) 0%,rgba(255,255,255,0) 100%)\"><\/span><img decoding=\"async\" width=\"1920\" height=\"1038\" src=\"https:\/\/www.campingdes2plages.fr\/wp-content\/uploads\/2026\/01\/royan.jpg\" class=\"wp-block-cover__image-background wp-post-image\" alt=\"royan\" data-object-fit=\"cover\" srcset=\"https:\/\/www.campingdes2plages.fr\/wp-content\/uploads\/2026\/01\/royan.jpg 1920w, https:\/\/www.campingdes2plages.fr\/wp-content\/uploads\/2026\/01\/royan-300x162.jpg 300w, https:\/\/www.campingdes2plages.fr\/wp-content\/uploads\/2026\/01\/royan-1024x554.jpg 1024w, https:\/\/www.campingdes2plages.fr\/wp-content\/uploads\/2026\/01\/royan-768x415.jpg 768w, https:\/\/www.campingdes2plages.fr\/wp-content\/uploads\/2026\/01\/royan-1536x830.jpg 1536w\" sizes=\"(max-width: 1920px) 100vw, 1920px\" \/><div class=\"wp-block-cover__inner-container has-global-padding is-layout-constrained wp-container-core-cover-is-layout-12243e0f wp-block-cover-is-layout-constrained\">\n<div class=\"wp-block-group has-global-padding is-layout-constrained wp-block-group-is-layout-constrained\">\n<div class=\"wp-block-group icon has-custom-color-4-background-color has-background has-global-padding is-layout-constrained wp-container-core-group-is-layout-12243e0f wp-block-group-is-layout-constrained\" style=\"border-radius:7px\">\n<figure class=\"wp-block-image size-full is-resized wp-duotone-ffebb3-ffebb3-25\"><img decoding=\"async\" width=\"21\" height=\"21\" src=\"https:\/\/www.campingdes2plages.fr\/wp-content\/uploads\/2025\/11\/etoile-custom-beige.svg\" alt=\"custom beige star\" class=\"wp-image-223\" style=\"object-fit:contain;width:26px;height:26px\"\/><\/figure>\n<\/div>\n<\/div>\n\n\n\n<p class=\"has-text-align-center has-base-2-color has-text-color has-link-color has-sosro-font-family wp-elements-0aae1bdb27882cdd8352d398559f92ea\" style=\"font-size:clamp(2.089rem, 2.089rem + ((1vw - 0.2rem) * 2.768), 3.75rem);line-height:1\">Royan<\/p>\n<\/div><\/div>\n<\/a>\n<\/li><li data-wp-key=\"post-template-item-4389\" class=\"wp-block-post post-4389 page type-page status-publish has-post-thumbnail hentry\">\n<a href=\"https:\/\/www.campingdes2plages.fr\/en\/tourism-charente-maritime\/restaurants-royan\/\"    class=\"wp-block-tiptip-hyperlink-group-block\" >\n<div data-swiper=\"{&quot;speed&quot;:1000,&quot;autoplay&quot;:{&quot;delay&quot;:5000,&quot;disableOnInteraction&quot;:false},&quot;spaceBetween&quot;:0,&quot;slidesPerView&quot;:1,&quot;pagination&quot;:{&quot;el&quot;:&quot;.swiper-pagination&quot;,&quot;dynamicBullets&quot;:true,&quot;clickable&quot;:true,&quot;type&quot;:&quot;bullets&quot;},&quot;navigation&quot;:{&quot;nextEl&quot;:&quot;.swiper-button-next&quot;,&quot;prevEl&quot;:&quot;.swiper-button-prev&quot;},&quot;breakpoints&quot;:[{&quot;slidesPerView&quot;:1}]}\" class=\"wp-block-cover\" style=\"border-radius:15px\"><span aria-hidden=\"true\" class=\"wp-block-cover__background has-background-dim-60 has-background-dim has-background-gradient\" style=\"background:linear-gradient(0deg,rgb(0,0,0) 0%,rgba(255,255,255,0) 100%)\"><\/span><img decoding=\"async\" width=\"1920\" height=\"1280\" src=\"https:\/\/www.campingdes2plages.fr\/wp-content\/uploads\/2026\/01\/restaurant-royan.jpg\" class=\"wp-block-cover__image-background wp-post-image\" alt=\"restaurant royan\" data-object-fit=\"cover\" srcset=\"https:\/\/www.campingdes2plages.fr\/wp-content\/uploads\/2026\/01\/restaurant-royan.jpg 1920w, https:\/\/www.campingdes2plages.fr\/wp-content\/uploads\/2026\/01\/restaurant-royan-300x200.jpg 300w, https:\/\/www.campingdes2plages.fr\/wp-content\/uploads\/2026\/01\/restaurant-royan-1024x683.jpg 1024w, https:\/\/www.campingdes2plages.fr\/wp-content\/uploads\/2026\/01\/restaurant-royan-768x512.jpg 768w, https:\/\/www.campingdes2plages.fr\/wp-content\/uploads\/2026\/01\/restaurant-royan-1536x1024.jpg 1536w\" sizes=\"(max-width: 1920px) 100vw, 1920px\" \/><div class=\"wp-block-cover__inner-container has-global-padding is-layout-constrained wp-container-core-cover-is-layout-12243e0f wp-block-cover-is-layout-constrained\">\n<div class=\"wp-block-group has-global-padding is-layout-constrained wp-block-group-is-layout-constrained\">\n<div class=\"wp-block-group icon has-custom-color-4-background-color has-background has-global-padding is-layout-constrained wp-container-core-group-is-layout-12243e0f wp-block-group-is-layout-constrained\" style=\"border-radius:7px\">\n<figure class=\"wp-block-image size-full is-resized wp-duotone-ffebb3-ffebb3-27\"><img decoding=\"async\" width=\"21\" height=\"21\" src=\"https:\/\/www.campingdes2plages.fr\/wp-content\/uploads\/2025\/11\/etoile-custom-beige.svg\" alt=\"custom beige star\" class=\"wp-image-223\" style=\"object-fit:contain;width:26px;height:26px\"\/><\/figure>\n<\/div>\n<\/div>\n\n\n\n<p class=\"has-text-align-center has-base-2-color has-text-color has-link-color has-sosro-font-family wp-elements-0aae1bdb27882cdd8352d398559f92ea\" style=\"font-size:clamp(2.089rem, 2.089rem + ((1vw - 0.2rem) * 2.768), 3.75rem);line-height:1\">Restaurant Royan<\/p>\n<\/div><\/div>\n<\/a>\n<\/li><\/ul><\/div>\n<\/div>\n","protected":false},"excerpt":{"rendered":"<p>camping Royan Camping near Royan Situated just 600m from the beaches, our campsite near Royan offers a privileged setting: Close to the center Close to the beach Heated to 30\u00b0C Indoor swimming pool Enjoy a heated indoor swimming pool at a campsite near Royan To make the most of your vacation just a stone&#8217;s throw [&hellip;]<\/p>\n","protected":false},"author":1,"featured_media":3798,"parent":0,"menu_order":0,"comment_status":"closed","ping_status":"closed","template":"","meta":{"_acf_changed":false,"_seopress_robots_primary_cat":"","_seopress_titles_title":"Camping Royan : 5-star campsite near Royan in Charente-Maritime","_seopress_titles_desc":"Stay at our 5-star campsite near Royan: mobile homes, water park, family entertainment and beaches 600 m away.","_seopress_robots_index":"","inline_featured_image":false,"gt_fse_maillage_image":"https:\/\/www.campingdes2plages.fr\/wp-content\/uploads\/2026\/01\/qualite-tourisme-camping-des-2-plages.jpg","gt_fse_maillage_titre":"Camping Royan","gt_fse_maillage_alt":"qualite tourisme camping des 2 plages","gt_fse_maillage_resume":"","footnotes":""},"categories":[],"tags":[],"class_list":["post-6560","page","type-page","status-publish","has-post-thumbnail","hentry"],"acf":[],"_links":{"self":[{"href":"https:\/\/www.campingdes2plages.fr\/en\/wp-json\/wp\/v2\/pages\/6560","targetHints":{"allow":["GET"]}}],"collection":[{"href":"https:\/\/www.campingdes2plages.fr\/en\/wp-json\/wp\/v2\/pages"}],"about":[{"href":"https:\/\/www.campingdes2plages.fr\/en\/wp-json\/wp\/v2\/types\/page"}],"author":[{"embeddable":true,"href":"https:\/\/www.campingdes2plages.fr\/en\/wp-json\/wp\/v2\/users\/1"}],"replies":[{"embeddable":true,"href":"https:\/\/www.campingdes2plages.fr\/en\/wp-json\/wp\/v2\/comments?post=6560"}],"version-history":[{"count":9,"href":"https:\/\/www.campingdes2plages.fr\/en\/wp-json\/wp\/v2\/pages\/6560\/revisions"}],"predecessor-version":[{"id":6803,"href":"https:\/\/www.campingdes2plages.fr\/en\/wp-json\/wp\/v2\/pages\/6560\/revisions\/6803"}],"wp:featuredmedia":[{"embeddable":true,"href":"https:\/\/www.campingdes2plages.fr\/en\/wp-json\/wp\/v2\/media\/3798"}],"wp:attachment":[{"href":"https:\/\/www.campingdes2plages.fr\/en\/wp-json\/wp\/v2\/media?parent=6560"}],"wp:term":[{"taxonomy":"category","embeddable":true,"href":"https:\/\/www.campingdes2plages.fr\/en\/wp-json\/wp\/v2\/categories?post=6560"},{"taxonomy":"post_tag","embeddable":true,"href":"https:\/\/www.campingdes2plages.fr\/en\/wp-json\/wp\/v2\/tags?post=6560"}],"curies":[{"name":"wp","href":"https:\/\/api.w.org\/{rel}","templated":true}]}}