{"id":6513,"date":"2026-01-05T16:03:33","date_gmt":"2026-01-05T15:03:33","guid":{"rendered":"https:\/\/www.campingdes2plages.fr\/camping-royan\/"},"modified":"2026-03-17T11:01:56","modified_gmt":"2026-03-17T10:01:56","slug":"camping-royan","status":"publish","type":"page","link":"https:\/\/www.campingdes2plages.fr\/nl\/camping-royan\/","title":{"rendered":"Camping Le Ferme"},"content":{"rendered":"\n<div class=\"wp-block-group gt_1-cta-1photo_005 has-global-padding is-layout-constrained wp-container-core-group-is-layout-95847c2b wp-block-group-is-layout-constrained\" style=\"padding-top:4rem;padding-right:5rem;padding-bottom:6rem;padding-left:5rem\">\n<div class=\"wp-block-columns are-vertically-aligned-center is-layout-flex wp-container-core-columns-is-layout-2ce42527 wp-block-columns-is-layout-flex\">\n<div class=\"wp-block-column is-vertically-aligned-center left animated slideInLeft is-layout-flow wp-block-column-is-layout-flow\">\n<figure class=\"wp-block-image size-full has-custom-border img-1\"><img decoding=\"async\" width=\"1920\" height=\"1280\" src=\"https:\/\/www.campingdes2plages.fr\/wp-content\/uploads\/2026\/01\/plages-vacances-royan-famille.jpg\" alt=\"vakantiestranden familie royan\" class=\"wp-image-3150\" style=\"border-radius:15px\" srcset=\"https:\/\/www.campingdes2plages.fr\/wp-content\/uploads\/2026\/01\/plages-vacances-royan-famille.jpg 1920w, https:\/\/www.campingdes2plages.fr\/wp-content\/uploads\/2026\/01\/plages-vacances-royan-famille-300x200.jpg 300w, https:\/\/www.campingdes2plages.fr\/wp-content\/uploads\/2026\/01\/plages-vacances-royan-famille-1024x683.jpg 1024w, https:\/\/www.campingdes2plages.fr\/wp-content\/uploads\/2026\/01\/plages-vacances-royan-famille-768x512.jpg 768w, https:\/\/www.campingdes2plages.fr\/wp-content\/uploads\/2026\/01\/plages-vacances-royan-famille-1536x1024.jpg 1536w\" sizes=\"(max-width: 1920px) 100vw, 1920px\" \/><\/figure>\n\n\n\n<figure class=\"wp-block-image size-full has-custom-border img-2\" style=\"margin-top:0px;margin-bottom:0px\"><img decoding=\"async\" width=\"1920\" height=\"1280\" src=\"https:\/\/www.campingdes2plages.fr\/wp-content\/uploads\/2026\/01\/week-end-couple-camping-royan.jpg\" alt=\"weekend stel camping royan\" class=\"wp-image-3086\" style=\"border-radius:15px\" srcset=\"https:\/\/www.campingdes2plages.fr\/wp-content\/uploads\/2026\/01\/week-end-couple-camping-royan.jpg 1920w, https:\/\/www.campingdes2plages.fr\/wp-content\/uploads\/2026\/01\/week-end-couple-camping-royan-300x200.jpg 300w, https:\/\/www.campingdes2plages.fr\/wp-content\/uploads\/2026\/01\/week-end-couple-camping-royan-1024x683.jpg 1024w, https:\/\/www.campingdes2plages.fr\/wp-content\/uploads\/2026\/01\/week-end-couple-camping-royan-768x512.jpg 768w, https:\/\/www.campingdes2plages.fr\/wp-content\/uploads\/2026\/01\/week-end-couple-camping-royan-1536x1024.jpg 1536w\" sizes=\"(max-width: 1920px) 100vw, 1920px\" \/><\/figure>\n\n\n\n<figure class=\"wp-block-image size-full has-custom-border img-3\" style=\"margin-top:0px;margin-bottom:0px\"><img decoding=\"async\" width=\"1160\" height=\"1376\" src=\"https:\/\/www.campingdes2plages.fr\/wp-content\/uploads\/2026\/01\/fond-metallique.jpg\" alt=\"metalen bodem\" class=\"wp-image-3337\" style=\"border-radius:0px\" srcset=\"https:\/\/www.campingdes2plages.fr\/wp-content\/uploads\/2026\/01\/fond-metallique.jpg 1160w, https:\/\/www.campingdes2plages.fr\/wp-content\/uploads\/2026\/01\/fond-metallique-253x300.jpg 253w, https:\/\/www.campingdes2plages.fr\/wp-content\/uploads\/2026\/01\/fond-metallique-863x1024.jpg 863w, https:\/\/www.campingdes2plages.fr\/wp-content\/uploads\/2026\/01\/fond-metallique-768x911.jpg 768w\" sizes=\"(max-width: 1160px) 100vw, 1160px\" \/><\/figure>\n<\/div>\n\n\n\n<div class=\"wp-block-column is-vertically-aligned-center right animated slideInUp is-layout-flow wp-block-column-is-layout-flow\" style=\"padding-right:5rem\">\n<div class=\"wp-block-group is-nowrap is-layout-flex wp-container-core-group-is-layout-4b0a85f0 wp-block-group-is-layout-flex\">\n<figure class=\"wp-block-image size-full is-resized\"><img decoding=\"async\" width=\"21\" height=\"21\" src=\"https:\/\/www.campingdes2plages.fr\/wp-content\/uploads\/2025\/11\/etoile-custom-beige.svg\" alt=\"aangepaste beige ster\" class=\"wp-image-223\" style=\"object-fit:contain;width:21px;height:21px\"\/><\/figure>\n\n\n\n<p class=\"has-custom-color-4-color has-text-color has-link-color wp-elements-e575e006234e9ebcd0ea59ff1b254129\" style=\"font-size:clamp(0.875rem, 0.875rem + ((1vw - 0.2rem) * 0.525), 1.19rem);font-style:normal;font-weight:400;text-transform:uppercase\">camping Royan<\/p>\n<\/div>\n\n\n\n<h1 class=\"wp-block-heading has-calming-font-family\" style=\"font-size:clamp(2.178rem, 2.178rem + ((1vw - 0.2rem) * 2.953), 3.95rem);line-height:1;text-transform:uppercase\">Camping dichtbij Royan<\/h1>\n\n\n\n<div class=\"wp-block-group content has-global-padding is-layout-constrained wp-container-core-group-is-layout-bfec7e37 wp-block-group-is-layout-constrained\" style=\"margin-top:0px;margin-bottom:0px;padding-top:4rem;padding-right:5rem;padding-bottom:4rem\">\n<figure class=\"wp-block-image aligncenter size-large\"><img decoding=\"async\" width=\"264\" height=\"22\" src=\"https:\/\/www.campingdes2plages.fr\/wp-content\/uploads\/2025\/11\/ligne-horizontale-et-point-beige.svg\" alt=\"horizontale lijn en beige stip\" class=\"wp-image-377\"\/><\/figure>\n\n\n\n<p>Onze <strong>camping bij Royan<\/strong> ligt op 600m van de stranden en biedt een bevoorrechte omgeving:<\/p>\n\n\n\n<ul style=\"padding-left:var(--wp--preset--spacing--30)\" class=\"wp-block-list\">\n<li>Je hebt alle tijd om kennis te maken met <strong>de mooiste stranden van het departement Charente-Maritime<\/strong>, zoals de Grande Conche in Royan of het strand Pointe Espagnole in La Tremblade. De stranden van Nauzan en Bureau liggen op slechts 600 m van de <a href=\"\/\">5-sterrencamping in Saint-Palais-sur-Mer<\/a>, op een paar minuten lopen. <\/li>\n\n\n\n<li>Je vindt er tal van diensten, waaronder een zeilschool en een kinderclub, en een prachtig uitzicht op de vuurtoren van Cordouan.<\/li>\n\n\n\n<li>Geniet van de vele <strong>wandelingen langs de kust<\/strong> en de <strong>zonsondergangen<\/strong> aan het eind van de dag.<\/li>\n<\/ul>\n\n\n\n<div class=\"wp-block-group list-icon is-vertical is-content-justification-left is-nowrap is-layout-flex wp-container-core-group-is-layout-bab64386 wp-block-group-is-layout-flex\">\n<div class=\"wp-block-group is-vertical is-content-justification-center is-layout-flex wp-container-core-group-is-layout-ce155fab wp-block-group-is-layout-flex\">\n<div class=\"wp-block-group icon has-border-color has-custom-color-4-border-color has-global-padding is-layout-constrained wp-block-group-is-layout-constrained\" style=\"border-width:1px;border-radius:100px\">\n<figure class=\"wp-block-image size-full is-resized\"><img decoding=\"async\" width=\"44\" height=\"44\" src=\"https:\/\/www.campingdes2plages.fr\/wp-content\/uploads\/2025\/11\/icon-ensemble-beige.svg\" alt=\"icoon ensemble beige\" class=\"wp-image-267\" style=\"object-fit:contain;width:43px;height:43px\"\/><\/figure>\n<\/div>\n\n\n\n<p class=\"has-text-align-center has-custom-color-4-color has-text-color has-link-color has-sosro-font-family wp-elements-c708232d4a18d4fc0f44d5fde2cd1985\" style=\"font-size:clamp(0.89rem, 0.89rem + ((1vw - 0.2rem) * 0.733), 1.33rem);\">Dicht bij het centrum<\/p>\n<\/div>\n\n\n\n<figure class=\"wp-block-image size-full is-resized separator\"><img decoding=\"async\" width=\"43\" height=\"1\" src=\"https:\/\/www.campingdes2plages.fr\/wp-content\/uploads\/2025\/11\/ligne-beige.svg\" alt=\"beige lijn\" class=\"wp-image-289\" style=\"object-fit:cover;width:44px;height:1px\"\/><\/figure>\n\n\n\n<div class=\"wp-block-group is-vertical is-content-justification-center is-layout-flex wp-container-core-group-is-layout-ce155fab wp-block-group-is-layout-flex\">\n<div class=\"wp-block-group icon has-border-color has-custom-color-4-border-color has-global-padding is-layout-constrained wp-block-group-is-layout-constrained\" style=\"border-width:1px;border-radius:100px\">\n<figure class=\"wp-block-image size-full is-resized\"><img decoding=\"async\" width=\"49\" height=\"44\" src=\"https:\/\/www.campingdes2plages.fr\/wp-content\/uploads\/2025\/11\/icon-amour-plage-beige.svg\" alt=\"icoon amour plage beige\" class=\"wp-image-276\" style=\"object-fit:contain;width:43px;height:43px\"\/><\/figure>\n<\/div>\n\n\n\n<p class=\"has-text-align-center has-custom-color-4-color has-text-color has-link-color has-sosro-font-family wp-elements-a8b0a5d58f6c16f4b86f693f648bb042\" style=\"font-size:clamp(0.89rem, 0.89rem + ((1vw - 0.2rem) * 0.733), 1.33rem);\">Dichtbij het strand<\/p>\n<\/div>\n<\/div>\n\n\n\n<div class=\"wp-block-buttons animated slideInUp is-content-justification-center is-layout-flex wp-container-core-buttons-is-layout-d8c0be80 wp-block-buttons-is-layout-flex\" style=\"margin-top:var(--wp--preset--spacing--40)\">\n<div class=\"wp-block-button btn-1 is-style-outline light is-style-outline--1\"><a class=\"wp-block-button__link has-custom-color-1-color has-text-color has-link-color has-border-color has-text-align-center has-custom-font-size wp-element-button\" href=\"https:\/\/www.campingdes2plages.fr\/nl\/camping-aan-zee-saint-palais-sur-mer\/\" style=\"border-color:#cfa379;border-width:1px;border-radius:100px;padding-right:30px;padding-left:30px;font-size:clamp(0.875rem, 0.875rem + ((1vw - 0.2rem) * 0.492), 1.17rem);font-style:normal;font-weight:300;text-transform:uppercase\"><img decoding=\"async\" width=\"43\" height=\"1\" class=\"wp-image-289\" style=\"width: 43px\" src=\"https:\/\/www.campingdes2plages.fr\/wp-content\/uploads\/2025\/11\/ligne-beige.svg\" alt=\"beige lijn\"><img decoding=\"async\" width=\"21\" height=\"21\" class=\"wp-image-223\" style=\"width: 21px\" src=\"https:\/\/www.campingdes2plages.fr\/wp-content\/uploads\/2025\/11\/etoile-custom-beige.svg\" alt=\"aangepaste beige ster\">Geniet van de stranden van Royan<\/a><\/div>\n<\/div>\n<\/div>\n<\/div>\n<\/div>\n\n\n\n<figure class=\"wp-block-image size-full background-image\"><img decoding=\"async\" width=\"615\" height=\"622\" src=\"https:\/\/www.campingdes2plages.fr\/wp-content\/uploads\/2025\/11\/dessin-coquillages-fond.webp\" alt=\"schelp design achtergrond\" class=\"wp-image-297\" style=\"aspect-ratio:1;object-fit:contain\" srcset=\"https:\/\/www.campingdes2plages.fr\/wp-content\/uploads\/2025\/11\/dessin-coquillages-fond.webp 615w, https:\/\/www.campingdes2plages.fr\/wp-content\/uploads\/2025\/11\/dessin-coquillages-fond-297x300.webp 297w\" sizes=\"(max-width: 615px) 100vw, 615px\" \/><\/figure>\n<\/div>\n\n\n\n<div class=\"wp-block-group gt_2-cta_004 has-custom-color-1-background-color has-background has-global-padding is-layout-constrained wp-container-core-group-is-layout-4de09ffe wp-block-group-is-layout-constrained\" style=\"border-top-left-radius:10px;border-top-right-radius:10px;border-bottom-left-radius:10px;border-bottom-right-radius:10px;margin-top:3rem;margin-bottom:3rem;padding-top:4rem;padding-right:4rem;padding-bottom:4rem;padding-left:4rem\">\n<div class=\"wp-block-group ctas has-global-padding is-layout-constrained wp-container-core-group-is-layout-07b29094 wp-block-group-is-layout-constrained\" style=\"margin-top:0px;margin-bottom:0px;padding-right:0px;padding-left:0px\">\n<figure class=\"wp-block-image size-large arrow-slider-prev\"><img decoding=\"async\" width=\"87\" height=\"11\" src=\"https:\/\/www.campingdes2plages.fr\/wp-content\/uploads\/2025\/11\/fleche-longue-gauche-beige.svg\" alt=\"pijl lang links beige\" class=\"wp-image-351\"\/><\/figure>\n\n\n\n<figure class=\"wp-block-image size-large arrow-slider-next\"><img decoding=\"async\" width=\"87\" height=\"11\" src=\"https:\/\/www.campingdes2plages.fr\/wp-content\/uploads\/2025\/11\/fleche-longue-droite-beige.svg\" alt=\"beige lange rechte pijl\" class=\"wp-image-347\"\/><\/figure>\n\n\n\n<div data-swiper=\"{&quot;speed&quot;:400,&quot;spaceBetween&quot;:16,&quot;slidesPerView&quot;:2,&quot;createElements&quot;:true,&quot;loop&quot;:true,&quot;freemode&quot;:true,&quot;navigation&quot;:{&quot;nextEl&quot;:&quot;.gt_2-cta_004 .arrow-slider-next&quot;,&quot;prevEl&quot;:&quot;.gt_2-cta_004 .arrow-slider-prev&quot;},&quot;pagination&quot;:{&quot;el&quot;:&quot;.swiper-pagination&quot;,&quot;dynamicBullets&quot;:true},&quot;breakpoints&quot;:{&quot;0&quot;:{&quot;slidesPerView&quot;:1},&quot;1024&quot;:{&quot;slidesPerView&quot;:1},&quot;1025&quot;:{&quot;slidesPerView&quot;:2}},&quot;autoplay&quot;:{&quot;delay&quot;:3000}}\" class=\"wp-block-group gt-is-slider gt-is-slider-desktop is-nowrap is-layout-flex wp-container-core-group-is-layout-ee308172 wp-block-group-is-layout-flex\" style=\"margin-top:0px;margin-bottom:0px\">\n<div class=\"wp-block-group cta has-global-padding is-layout-constrained wp-container-core-group-is-layout-12243e0f wp-block-group-is-layout-constrained\"><a href=\"https:\/\/www.campingdes2plages.fr\/camping-royan-piscine-chauffee\/\"    class=\"wp-block-tiptip-hyperlink-group-block\" >\n<div data-swiper=\"{&quot;speed&quot;:1000,&quot;autoplay&quot;:{&quot;delay&quot;:5000,&quot;disableOnInteraction&quot;:false},&quot;spaceBetween&quot;:0,&quot;slidesPerView&quot;:1,&quot;pagination&quot;:{&quot;el&quot;:&quot;.swiper-pagination&quot;,&quot;dynamicBullets&quot;:true,&quot;clickable&quot;:true,&quot;type&quot;:&quot;bullets&quot;},&quot;navigation&quot;:{&quot;nextEl&quot;:&quot;.swiper-button-next&quot;,&quot;prevEl&quot;:&quot;.swiper-button-prev&quot;},&quot;breakpoints&quot;:[{&quot;slidesPerView&quot;:1}]}\" class=\"wp-block-cover\" style=\"border-radius:15px\"><img decoding=\"async\" width=\"1920\" height=\"1280\" class=\"wp-block-cover__image-background wp-image-2888 size-full\" alt=\"camping parc aquatique saint palais sur mer\" src=\"https:\/\/www.campingdes2plages.fr\/wp-content\/uploads\/2026\/01\/camping-parc-aquatique-saint-palais-sur-mer.jpg\" data-object-fit=\"cover\" srcset=\"https:\/\/www.campingdes2plages.fr\/wp-content\/uploads\/2026\/01\/camping-parc-aquatique-saint-palais-sur-mer.jpg 1920w, https:\/\/www.campingdes2plages.fr\/wp-content\/uploads\/2026\/01\/camping-parc-aquatique-saint-palais-sur-mer-300x200.jpg 300w, https:\/\/www.campingdes2plages.fr\/wp-content\/uploads\/2026\/01\/camping-parc-aquatique-saint-palais-sur-mer-1024x683.jpg 1024w, https:\/\/www.campingdes2plages.fr\/wp-content\/uploads\/2026\/01\/camping-parc-aquatique-saint-palais-sur-mer-768x512.jpg 768w, https:\/\/www.campingdes2plages.fr\/wp-content\/uploads\/2026\/01\/camping-parc-aquatique-saint-palais-sur-mer-1536x1024.jpg 1536w\" sizes=\"(max-width: 1920px) 100vw, 1920px\" \/><span aria-hidden=\"true\" class=\"wp-block-cover__background has-background-dim-60 has-background-dim wp-block-cover__gradient-background has-background-gradient\" style=\"background:linear-gradient(0deg,rgb(0,0,0) 0%,rgba(255,255,255,0) 100%)\"><\/span><div class=\"wp-block-cover__inner-container has-global-padding is-layout-constrained wp-block-cover-is-layout-constrained\">\n<div class=\"wp-block-group has-global-padding is-layout-constrained wp-block-group-is-layout-constrained\">\n<div class=\"wp-block-group icon has-custom-color-4-background-color has-background has-global-padding is-layout-constrained wp-container-core-group-is-layout-12243e0f wp-block-group-is-layout-constrained\" style=\"border-radius:7px\">\n<figure class=\"wp-block-image size-full is-resized wp-duotone-ffebb3-ffebb3-3\"><img decoding=\"async\" width=\"21\" height=\"21\" src=\"https:\/\/www.campingdes2plages.fr\/wp-content\/uploads\/2025\/11\/etoile-custom-beige.svg\" alt=\"aangepaste beige ster\" class=\"wp-image-223\" style=\"object-fit:contain;width:26px;height:26px\"\/><\/figure>\n<\/div>\n<\/div>\n<\/div><\/div>\n<\/a><\/div>\n\n\n\n<div class=\"wp-block-group cta has-global-padding is-layout-constrained wp-container-core-group-is-layout-12243e0f wp-block-group-is-layout-constrained\"><a href=\"https:\/\/www.campingdes2plages.fr\/camping-spa-saint-palais-sur-mer\/\"    class=\"wp-block-tiptip-hyperlink-group-block\" >\n<div data-swiper=\"{&quot;speed&quot;:1000,&quot;autoplay&quot;:{&quot;delay&quot;:5000,&quot;disableOnInteraction&quot;:false},&quot;spaceBetween&quot;:0,&quot;slidesPerView&quot;:1,&quot;pagination&quot;:{&quot;el&quot;:&quot;.swiper-pagination&quot;,&quot;dynamicBullets&quot;:true,&quot;clickable&quot;:true,&quot;type&quot;:&quot;bullets&quot;},&quot;navigation&quot;:{&quot;nextEl&quot;:&quot;.swiper-button-next&quot;,&quot;prevEl&quot;:&quot;.swiper-button-prev&quot;},&quot;breakpoints&quot;:[{&quot;slidesPerView&quot;:1}]}\" class=\"wp-block-cover\" style=\"border-radius:15px\"><img decoding=\"async\" width=\"1920\" height=\"1280\" class=\"wp-block-cover__image-background wp-image-2871 size-full\" alt=\"spa a saint palais sur mer\" src=\"https:\/\/www.campingdes2plages.fr\/wp-content\/uploads\/2026\/01\/spa-a-saint-palais-sur-mer.jpeg\" data-object-fit=\"cover\" srcset=\"https:\/\/www.campingdes2plages.fr\/wp-content\/uploads\/2026\/01\/spa-a-saint-palais-sur-mer.jpeg 1920w, https:\/\/www.campingdes2plages.fr\/wp-content\/uploads\/2026\/01\/spa-a-saint-palais-sur-mer-300x200.jpeg 300w, https:\/\/www.campingdes2plages.fr\/wp-content\/uploads\/2026\/01\/spa-a-saint-palais-sur-mer-1024x683.jpeg 1024w, https:\/\/www.campingdes2plages.fr\/wp-content\/uploads\/2026\/01\/spa-a-saint-palais-sur-mer-768x512.jpeg 768w, https:\/\/www.campingdes2plages.fr\/wp-content\/uploads\/2026\/01\/spa-a-saint-palais-sur-mer-1536x1024.jpeg 1536w\" sizes=\"(max-width: 1920px) 100vw, 1920px\" \/><span aria-hidden=\"true\" class=\"wp-block-cover__background has-background-dim-60 has-background-dim wp-block-cover__gradient-background has-background-gradient\" style=\"background:linear-gradient(0deg,rgb(0,0,0) 0%,rgba(255,255,255,0) 100%)\"><\/span><div class=\"wp-block-cover__inner-container has-global-padding is-layout-constrained wp-block-cover-is-layout-constrained\">\n<div class=\"wp-block-group has-global-padding is-layout-constrained wp-block-group-is-layout-constrained\">\n<div class=\"wp-block-group icon has-custom-color-4-background-color has-background has-global-padding is-layout-constrained wp-container-core-group-is-layout-12243e0f wp-block-group-is-layout-constrained\" style=\"border-radius:7px\">\n<figure class=\"wp-block-image size-full is-resized wp-duotone-ffebb3-ffebb3-5\"><img decoding=\"async\" width=\"21\" height=\"21\" src=\"https:\/\/www.campingdes2plages.fr\/wp-content\/uploads\/2025\/11\/etoile-custom-beige.svg\" alt=\"aangepaste beige ster\" class=\"wp-image-223\" style=\"object-fit:contain;width:26px;height:26px\"\/><\/figure>\n<\/div>\n<\/div>\n<\/div><\/div>\n<\/a><\/div>\n<\/div>\n<\/div>\n\n\n\n<div class=\"wp-block-columns content is-layout-flex wp-container-core-columns-is-layout-ab9fc780 wp-block-columns-is-layout-flex\" style=\"padding-top:5rem;padding-bottom:3rem\">\n<div class=\"wp-block-column is-layout-flow wp-block-column-is-layout-flow\" style=\"flex-basis:33.33%\">\n<div class=\"wp-block-group is-content-justification-left is-nowrap is-layout-flex wp-container-core-group-is-layout-d19eee88 wp-block-group-is-layout-flex\">\n<figure class=\"wp-block-image size-full is-resized\"><img decoding=\"async\" width=\"21\" height=\"21\" src=\"https:\/\/www.campingdes2plages.fr\/wp-content\/uploads\/2025\/11\/etoile-custom-beige.svg\" alt=\"aangepaste beige ster\" class=\"wp-image-223\" style=\"object-fit:contain;width:21px;height:21px\"\/><\/figure>\n\n\n\n<p class=\"has-custom-color-4-color has-text-color has-link-color wp-elements-e08de239ad0056ff9294d79a23dc248a\" style=\"font-size:clamp(0.875rem, 0.875rem + ((1vw - 0.2rem) * 0.525), 1.19rem);font-style:normal;font-weight:400;text-transform:uppercase\">Verwarmd tot 30\u00b0C<\/p>\n<\/div>\n\n\n\n<p class=\"has-text-align-left has-base-2-color has-text-color has-link-color has-calming-font-family wp-elements-94eac15196ff0e87c7733f4d0b1ea948\" style=\"font-size:clamp(2.439rem, 2.439rem + ((1vw - 0.2rem) * 3.518), 4.55rem);line-height:1;text-transform:uppercase\">Overdekt Zwembad <br><\/p>\n<\/div>\n\n\n\n<div class=\"wp-block-column is-vertically-aligned-center is-layout-flow wp-block-column-is-layout-flow\" style=\"flex-basis:66.66%\">\n<h2 class=\"wp-block-heading has-base-2-color has-text-color has-link-color wp-elements-8a132f28f3c8ff6b587ff458fec83e11\">Geniet van een overdekt en verwarmd Zwembad op een camping bij Royan<\/h2>\n\n\n\n<div class=\"wp-block-columns is-layout-flex wp-container-core-columns-is-layout-28f84493 wp-block-columns-is-layout-flex\">\n<div class=\"wp-block-column is-layout-flow wp-block-column-is-layout-flow\">\n<p class=\"has-base-2-color has-text-color has-link-color wp-elements-ffa839dee4555a9747687fd5aefa68f4\">Om optimaal te profiteren van uw vakantie op een steenworp afstand van Royan in Charente-Maritime, ontdekt u het<strong>watergebied<\/strong> van onze <strong>5-sterrencamping in Royan<\/strong>, bestaande uit :<\/p>\n\n\n\n<ul style=\"margin-top:0;padding-left:var(--wp--preset--spacing--30)\" class=\"wp-block-list has-base-2-color has-text-color has-link-color wp-elements-99cd3aa276c42f195a6132426cb5a90f\">\n<li>een <strong>groot overdekt zwembad<\/strong>, met water verwarmd tot 30\u00b0C<\/li>\n\n\n\n<li>een <strong>bubbelbad<\/strong> verwarmd tot 35\u00b0C<\/li>\n<\/ul>\n<\/div>\n\n\n\n<div class=\"wp-block-column is-layout-flow wp-block-column-is-layout-flow\">\n<ul style=\"margin-top:0px;padding-left:var(--wp--preset--spacing--30)\" class=\"wp-block-list has-base-2-color has-text-color has-link-color wp-elements-9339bed99be3614832ee54e834dab49e\">\n<li>een groot <strong>buitenzwembad<\/strong> om heerlijk te zwemmen<\/li>\n\n\n\n<li>een <strong>waterspeeltuin<\/strong> met <strong>glijbanen<\/strong><\/li>\n\n\n\n<li>en een <strong>veilig pierenbadje<\/strong> voor de kleintjes<\/li>\n<\/ul>\n<\/div>\n<\/div>\n<\/div>\n<\/div>\n<\/div>\n\n\n\n<div class=\"wp-block-group gt_mosaiquegrid_001 gt-no-margin-mobile has-global-padding is-layout-constrained wp-container-core-group-is-layout-93523baa wp-block-group-is-layout-constrained\" style=\"margin-top:16rem;margin-bottom:8rem;padding-right:0rem;padding-left:0rem\">\n<figure class=\"wp-block-image size-full map\"><img decoding=\"async\" width=\"691\" height=\"490\" src=\"https:\/\/www.campingdes2plages.fr\/wp-content\/uploads\/2025\/11\/carte-localisation-camping-des-2-plages-saint-palais-sur-mer.webp\" alt=\"ligging kaart camping des plages saint palais sur mer\" class=\"wp-image-382\" srcset=\"https:\/\/www.campingdes2plages.fr\/wp-content\/uploads\/2025\/11\/carte-localisation-camping-des-2-plages-saint-palais-sur-mer.webp 691w, https:\/\/www.campingdes2plages.fr\/wp-content\/uploads\/2025\/11\/carte-localisation-camping-des-2-plages-saint-palais-sur-mer-300x213.webp 300w\" sizes=\"(max-width: 691px) 100vw, 691px\" \/><\/figure>\n\n\n\n<div class=\"wp-block-group content has-global-padding is-layout-constrained wp-container-core-group-is-layout-6ebfde21 wp-block-group-is-layout-constrained\" style=\"margin-bottom:var(--wp--preset--spacing--20);padding-right:10rem;padding-left:10rem\">\n<div class=\"wp-block-group is-content-justification-center is-nowrap is-layout-flex wp-container-core-group-is-layout-60758a6d wp-block-group-is-layout-flex\">\n<figure class=\"wp-block-image size-full is-resized\"><img decoding=\"async\" width=\"21\" height=\"21\" src=\"https:\/\/www.campingdes2plages.fr\/wp-content\/uploads\/2025\/11\/etoile-custom-beige.svg\" alt=\"aangepaste beige ster\" class=\"wp-image-223\" style=\"object-fit:contain;width:21px;height:21px\"\/><\/figure>\n\n\n\n<p class=\"has-custom-color-4-color has-text-color has-link-color wp-elements-32789b869b3672c896c369ce85067661\" style=\"font-size:clamp(0.875rem, 0.875rem + ((1vw - 0.2rem) * 0.525), 1.19rem);font-style:normal;font-weight:400;text-transform:uppercase\">Accommodatie<\/p>\n<\/div>\n\n\n\n<p class=\"has-text-align-center has-calming-font-family\" style=\"font-size:clamp(2.422rem, 2.422rem + ((1vw - 0.2rem) * 3.48), 4.51rem);line-height:1;text-transform:uppercase\">Boek uw accommodatie<\/p>\n\n\n\n<figure class=\"wp-block-image aligncenter size-large\"><img decoding=\"async\" width=\"264\" height=\"22\" src=\"https:\/\/www.campingdes2plages.fr\/wp-content\/uploads\/2025\/11\/ligne-horizontale-et-point-beige.svg\" alt=\"horizontale lijn en beige stip\" class=\"wp-image-377\"\/><\/figure>\n\n\n\n<h2 class=\"wp-block-heading has-text-align-center\" style=\"margin-top:var(--wp--preset--spacing--30);margin-bottom:var(--wp--preset--spacing--30)\">Boek de Stacaravan die het beste bij je past<\/h2>\n\n\n\n<div class=\"wp-block-group alignwide section-list-hebergements gt-no-padding-mobile has-global-padding is-layout-constrained wp-container-core-group-is-layout-80e270e4 wp-block-group-is-layout-constrained\" style=\"padding-right:var(--wp--preset--spacing--50);padding-left:var(--wp--preset--spacing--50)\">\n<div class=\"wp-block-group alignwide is-layout-flow wp-block-group-is-layout-flow\" style=\"padding-right:var(--wp--preset--spacing--20);padding-left:var(--wp--preset--spacing--20)\">\n<div data-wp-context=\"{}\" data-wp-interactive=\"core\/query\" data-wp-key=\"0\" data-wp-router-region=\"query-0\" class=\"wp-block-query alignwide gt-fse-hebergements is-layout-flow wp-block-query-is-layout-flow\"><\/div>\n<\/div>\n<\/div>\n\n\n\n<h2 class=\"wp-block-heading has-text-align-center\" style=\"margin-top:var(--wp--preset--spacing--40)\">Ontdek de 5-sterrenaccommodatie op onze camping bij Royan<\/h2>\n\n\n\n<p class=\"has-text-align-center has-custom-color-1-color has-text-color has-link-color wp-elements-6142b9351efbff08a63e0e07c6ea0d50\">De <a href=\"https:\/\/www.campingdes2plages.fr\/nl\/camping-royan-piscine-chauffee\/\">camping met waterpark in de buurt van Royan<\/a> biedt twee soorten accommodatie, perfect geschikt voor gezinnen, stellen en groepen vrienden:<\/p>\n\n\n\n<p class=\"has-text-align-center has-custom-color-1-color has-text-color has-link-color wp-elements-74b14cd8fc262ffbffb1d59437d0c1b5\">- Wij bieden <a href=\"https:\/\/www.campingdes2plages.fr\/nl\/verhuur-stacaravan-saint-palais-sur-mer\/\">stacaravans met 5-sterrencomfort<\/a> en buitenruimtes die perfect zijn voor gezinnen. Als je de voorkeur geeft aan een meer comfortabele en luxueuze vakantie in Charente-Maritime, kun je kiezen voor een volledig uitgeruste stacaravan of een <a href=\"https:\/\/www.campingdes2plages.fr\/nl\/ongewone-verhuur-royan\/\">ongewone accommodatie in de buurt van Royan<\/a>, de Insolit&#8217;Coco, ideaal om glamping te ontdekken. <br>- We bieden ook <a href=\"https:\/\/www.campingdes2plages.fr\/nl\/verhuur-luxe-stacaravan-royan\/\">Stacaravans met priv\u00e9jacuzzi<\/a>. Deze zullen liefhebbers van kamperen en comfort zeker bevallen, voor een week of een <a href=\"https:\/\/www.campingdes2plages.fr\/nl\/camping-royan\/weekend-royan\/\">weekend in Royan<\/a>.  <\/p>\n\n\n\n<div class=\"wp-block-buttons animated slideInUp is-content-justification-center is-layout-flex wp-container-core-buttons-is-layout-a89b3969 wp-block-buttons-is-layout-flex\">\n<div class=\"wp-block-button btn-1 is-style-outline light is-style-outline--6\"><a class=\"wp-block-button__link has-custom-color-1-color has-text-color has-link-color has-border-color has-text-align-center has-custom-font-size wp-element-button\" href=\"https:\/\/www.campingdes2plages.fr\/nl\/camping-pas-cher-royan\/\" style=\"border-color:#cfa379;border-width:1px;border-radius:100px;padding-right:30px;padding-left:30px;font-size:clamp(0.875rem, 0.875rem + ((1vw - 0.2rem) * 0.492), 1.17rem);font-style:normal;font-weight:300;text-transform:uppercase\"><img decoding=\"async\" width=\"43\" height=\"1\" class=\"wp-image-289\" style=\"width: 43px\" src=\"https:\/\/www.campingdes2plages.fr\/wp-content\/uploads\/2025\/11\/ligne-beige.svg\" alt=\"beige lijn\"><img decoding=\"async\" width=\"21\" height=\"21\" class=\"wp-image-223\" style=\"width: 21px\" src=\"https:\/\/www.campingdes2plages.fr\/wp-content\/uploads\/2025\/11\/etoile-custom-beige.svg\" alt=\"aangepaste beige ster\">Profiteer van de beste aanbiedingen<\/a><\/div>\n<\/div>\n<\/div>\n\n\n\n<div class=\"wp-block-group alignwide section-maillage has-global-padding is-layout-constrained wp-container-core-group-is-layout-10723b62 wp-block-group-is-layout-constrained\" style=\"padding-top:0px;padding-right:var(--wp--preset--spacing--10);padding-bottom:0rem;padding-left:var(--wp--preset--spacing--10)\">\n<figure class=\"wp-block-image size-large arrow-slider-prev\"><img decoding=\"async\" width=\"87\" height=\"11\" src=\"https:\/\/www.campingdes2plages.fr\/wp-content\/uploads\/2025\/11\/fleche-longue-gauche-beige.svg\" alt=\"pijl lang links beige\" class=\"wp-image-351\"\/><\/figure>\n\n\n\n<figure class=\"wp-block-image size-large arrow-slider-next\"><img decoding=\"async\" width=\"87\" height=\"11\" src=\"https:\/\/www.campingdes2plages.fr\/wp-content\/uploads\/2025\/11\/fleche-longue-droite-beige.svg\" alt=\"beige lange rechte pijl\" class=\"wp-image-347\"\/><\/figure>\n\n\n\n<div data-swiper=\"{&quot;speed&quot;:400,&quot;spaceBetween&quot;:16,&quot;slidesPerView&quot;:3,&quot;createElements&quot;:true,&quot;loop&quot;:true,&quot;freemode&quot;:true,&quot;navigation&quot;:{&quot;nextEl&quot;:&quot;.section-maillage .arrow-slider-next&quot;,&quot;prevEl&quot;:&quot;.section-maillage .arrow-slider-prev&quot;},&quot;pagination&quot;:{&quot;el&quot;:&quot;.swiper-pagination&quot;,&quot;dynamicBullets&quot;:true},&quot;breakpoints&quot;:{&quot;0&quot;:{&quot;slidesPerView&quot;:1},&quot;768&quot;:{&quot;slidesPerView&quot;:2},&quot;1024&quot;:{&quot;slidesPerView&quot;:2},&quot;1025&quot;:{&quot;slidesPerView&quot;:3}},&quot;autoplay&quot;:{&quot;delay&quot;:3000}}\" data-wp-context=\"{}\" data-wp-interactive=\"core\/query\" data-wp-key=\"1\" data-wp-router-region=\"query-1\" class=\"wp-block-query alignwide gt-fse-maillage-query gt-is-slider gt-is-slider-desktop is-layout-flow wp-block-query-is-layout-flow\"><ul class=\"columns-3 wp-block-post-template is-layout-grid wp-container-core-post-template-is-layout-6d3fbd8f wp-block-post-template-is-layout-grid\"><li data-wp-key=\"post-template-item-6689\" class=\"wp-block-post post-6689 page type-page status-publish has-post-thumbnail hentry\">\n<a href=\"https:\/\/www.campingdes2plages.fr\/nl\/camping-royan\/camping-pas-cher-royan\/\"    class=\"wp-block-tiptip-hyperlink-group-block\" >\n<div data-swiper=\"{&quot;speed&quot;:1000,&quot;autoplay&quot;:{&quot;delay&quot;:5000,&quot;disableOnInteraction&quot;:false},&quot;spaceBetween&quot;:0,&quot;slidesPerView&quot;:1,&quot;pagination&quot;:{&quot;el&quot;:&quot;.swiper-pagination&quot;,&quot;dynamicBullets&quot;:true,&quot;clickable&quot;:true,&quot;type&quot;:&quot;bullets&quot;},&quot;navigation&quot;:{&quot;nextEl&quot;:&quot;.swiper-button-next&quot;,&quot;prevEl&quot;:&quot;.swiper-button-prev&quot;},&quot;breakpoints&quot;:[{&quot;slidesPerView&quot;:1}]}\" class=\"wp-block-cover\" style=\"border-radius:15px\"><span aria-hidden=\"true\" class=\"wp-block-cover__background has-background-dim-60 has-background-dim has-background-gradient\" style=\"background:linear-gradient(0deg,rgb(0,0,0) 0%,rgba(255,255,255,0) 100%)\"><\/span><img decoding=\"async\" width=\"1920\" height=\"1440\" src=\"https:\/\/www.campingdes2plages.fr\/wp-content\/uploads\/2026\/01\/location-mobil-home-saint-palais-sur-mer-camping-des-2-plages.jpg\" class=\"wp-block-cover__image-background wp-post-image\" alt=\"verhuur stacaravan Saint Palais sur Mer camping Les 2 Plages\" data-object-fit=\"cover\" srcset=\"https:\/\/www.campingdes2plages.fr\/wp-content\/uploads\/2026\/01\/location-mobil-home-saint-palais-sur-mer-camping-des-2-plages.jpg 1920w, https:\/\/www.campingdes2plages.fr\/wp-content\/uploads\/2026\/01\/location-mobil-home-saint-palais-sur-mer-camping-des-2-plages-300x225.jpg 300w, https:\/\/www.campingdes2plages.fr\/wp-content\/uploads\/2026\/01\/location-mobil-home-saint-palais-sur-mer-camping-des-2-plages-1024x768.jpg 1024w, https:\/\/www.campingdes2plages.fr\/wp-content\/uploads\/2026\/01\/location-mobil-home-saint-palais-sur-mer-camping-des-2-plages-768x576.jpg 768w, https:\/\/www.campingdes2plages.fr\/wp-content\/uploads\/2026\/01\/location-mobil-home-saint-palais-sur-mer-camping-des-2-plages-1536x1152.jpg 1536w\" sizes=\"(max-width: 1920px) 100vw, 1920px\" \/><div class=\"wp-block-cover__inner-container has-global-padding is-layout-constrained wp-container-core-cover-is-layout-12243e0f wp-block-cover-is-layout-constrained\">\n<div class=\"wp-block-group has-global-padding is-layout-constrained wp-block-group-is-layout-constrained\">\n<div class=\"wp-block-group icon has-custom-color-4-background-color has-background has-global-padding is-layout-constrained wp-container-core-group-is-layout-12243e0f wp-block-group-is-layout-constrained\" style=\"border-radius:7px\">\n<figure class=\"wp-block-image size-full is-resized wp-duotone-ffebb3-ffebb3-8\"><img decoding=\"async\" width=\"21\" height=\"21\" src=\"https:\/\/www.campingdes2plages.fr\/wp-content\/uploads\/2025\/11\/etoile-custom-beige.svg\" alt=\"aangepaste beige ster\" class=\"wp-image-223\" style=\"object-fit:contain;width:26px;height:26px\"\/><\/figure>\n<\/div>\n<\/div>\n\n\n\n<p class=\"has-text-align-center has-base-2-color has-text-color has-link-color has-sosro-font-family wp-elements-593a53d62fc65b81e1f9dd19e68ef6d2\" style=\"font-size:clamp(2.089rem, 2.089rem + ((1vw - 0.2rem) * 2.768), 3.75rem);line-height:1\">Camping Le Ferme<\/p>\n<\/div><\/div>\n<\/a>\n<\/li><li data-wp-key=\"post-template-item-4142\" class=\"wp-block-post post-4142 page type-page status-publish has-post-thumbnail hentry\">\n<a href=\"https:\/\/www.campingdes2plages.fr\/nl\/ongewone-verhuur-royan\/\"    class=\"wp-block-tiptip-hyperlink-group-block\" >\n<div data-swiper=\"{&quot;speed&quot;:1000,&quot;autoplay&quot;:{&quot;delay&quot;:5000,&quot;disableOnInteraction&quot;:false},&quot;spaceBetween&quot;:0,&quot;slidesPerView&quot;:1,&quot;pagination&quot;:{&quot;el&quot;:&quot;.swiper-pagination&quot;,&quot;dynamicBullets&quot;:true,&quot;clickable&quot;:true,&quot;type&quot;:&quot;bullets&quot;},&quot;navigation&quot;:{&quot;nextEl&quot;:&quot;.swiper-button-next&quot;,&quot;prevEl&quot;:&quot;.swiper-button-prev&quot;},&quot;breakpoints&quot;:[{&quot;slidesPerView&quot;:1}]}\" class=\"wp-block-cover\" style=\"border-radius:15px\"><span aria-hidden=\"true\" class=\"wp-block-cover__background has-background-dim-60 has-background-dim has-background-gradient\" style=\"background:linear-gradient(0deg,rgb(0,0,0) 0%,rgba(255,255,255,0) 100%)\"><\/span><img decoding=\"async\" width=\"1920\" height=\"1473\" src=\"https:\/\/www.campingdes2plages.fr\/wp-content\/uploads\/2026\/01\/location-insolite-royan-camping-des-2-plages.jpg\" class=\"wp-block-cover__image-background wp-post-image\" alt=\"ongewoon vakantieverblijf royan camping des 2 plages\" data-object-fit=\"cover\" srcset=\"https:\/\/www.campingdes2plages.fr\/wp-content\/uploads\/2026\/01\/location-insolite-royan-camping-des-2-plages.jpg 1920w, https:\/\/www.campingdes2plages.fr\/wp-content\/uploads\/2026\/01\/location-insolite-royan-camping-des-2-plages-300x230.jpg 300w, https:\/\/www.campingdes2plages.fr\/wp-content\/uploads\/2026\/01\/location-insolite-royan-camping-des-2-plages-1024x786.jpg 1024w, https:\/\/www.campingdes2plages.fr\/wp-content\/uploads\/2026\/01\/location-insolite-royan-camping-des-2-plages-768x589.jpg 768w, https:\/\/www.campingdes2plages.fr\/wp-content\/uploads\/2026\/01\/location-insolite-royan-camping-des-2-plages-1536x1178.jpg 1536w\" sizes=\"(max-width: 1920px) 100vw, 1920px\" \/><div class=\"wp-block-cover__inner-container has-global-padding is-layout-constrained wp-container-core-cover-is-layout-12243e0f wp-block-cover-is-layout-constrained\">\n<div class=\"wp-block-group has-global-padding is-layout-constrained wp-block-group-is-layout-constrained\">\n<div class=\"wp-block-group icon has-custom-color-4-background-color has-background has-global-padding is-layout-constrained wp-container-core-group-is-layout-12243e0f wp-block-group-is-layout-constrained\" style=\"border-radius:7px\">\n<figure class=\"wp-block-image size-full is-resized wp-duotone-ffebb3-ffebb3-10\"><img decoding=\"async\" width=\"21\" height=\"21\" src=\"https:\/\/www.campingdes2plages.fr\/wp-content\/uploads\/2025\/11\/etoile-custom-beige.svg\" alt=\"aangepaste beige ster\" class=\"wp-image-223\" style=\"object-fit:contain;width:26px;height:26px\"\/><\/figure>\n<\/div>\n<\/div>\n\n\n\n<p class=\"has-text-align-center has-base-2-color has-text-color has-link-color has-sosro-font-family wp-elements-593a53d62fc65b81e1f9dd19e68ef6d2\" style=\"font-size:clamp(2.089rem, 2.089rem + ((1vw - 0.2rem) * 2.768), 3.75rem);line-height:1\">Ongewoon<\/p>\n<\/div><\/div>\n<\/a>\n<\/li><li data-wp-key=\"post-template-item-4191\" class=\"wp-block-post post-4191 page type-page status-publish has-post-thumbnail hentry\">\n<a href=\"https:\/\/www.campingdes2plages.fr\/nl\/verhuur-luxe-stacaravan-royan\/\"    class=\"wp-block-tiptip-hyperlink-group-block\" >\n<div data-swiper=\"{&quot;speed&quot;:1000,&quot;autoplay&quot;:{&quot;delay&quot;:5000,&quot;disableOnInteraction&quot;:false},&quot;spaceBetween&quot;:0,&quot;slidesPerView&quot;:1,&quot;pagination&quot;:{&quot;el&quot;:&quot;.swiper-pagination&quot;,&quot;dynamicBullets&quot;:true,&quot;clickable&quot;:true,&quot;type&quot;:&quot;bullets&quot;},&quot;navigation&quot;:{&quot;nextEl&quot;:&quot;.swiper-button-next&quot;,&quot;prevEl&quot;:&quot;.swiper-button-prev&quot;},&quot;breakpoints&quot;:[{&quot;slidesPerView&quot;:1}]}\" class=\"wp-block-cover\" style=\"border-radius:15px\"><span aria-hidden=\"true\" class=\"wp-block-cover__background has-background-dim-60 has-background-dim has-background-gradient\" style=\"background:linear-gradient(0deg,rgb(0,0,0) 0%,rgba(255,255,255,0) 100%)\"><\/span><img decoding=\"async\" width=\"1920\" height=\"1280\" src=\"https:\/\/www.campingdes2plages.fr\/wp-content\/uploads\/2026\/01\/location-mobil-home-luxe-royan-camping-des-2-plages.jpg\" class=\"wp-block-cover__image-background wp-post-image\" alt=\"verhuur luxe stacaravan royan camping des 2 plages\" data-object-fit=\"cover\" srcset=\"https:\/\/www.campingdes2plages.fr\/wp-content\/uploads\/2026\/01\/location-mobil-home-luxe-royan-camping-des-2-plages.jpg 1920w, https:\/\/www.campingdes2plages.fr\/wp-content\/uploads\/2026\/01\/location-mobil-home-luxe-royan-camping-des-2-plages-300x200.jpg 300w, https:\/\/www.campingdes2plages.fr\/wp-content\/uploads\/2026\/01\/location-mobil-home-luxe-royan-camping-des-2-plages-1024x683.jpg 1024w, https:\/\/www.campingdes2plages.fr\/wp-content\/uploads\/2026\/01\/location-mobil-home-luxe-royan-camping-des-2-plages-768x512.jpg 768w, https:\/\/www.campingdes2plages.fr\/wp-content\/uploads\/2026\/01\/location-mobil-home-luxe-royan-camping-des-2-plages-1536x1024.jpg 1536w\" sizes=\"(max-width: 1920px) 100vw, 1920px\" \/><div class=\"wp-block-cover__inner-container has-global-padding is-layout-constrained wp-container-core-cover-is-layout-12243e0f wp-block-cover-is-layout-constrained\">\n<div class=\"wp-block-group has-global-padding is-layout-constrained wp-block-group-is-layout-constrained\">\n<div class=\"wp-block-group icon has-custom-color-4-background-color has-background has-global-padding is-layout-constrained wp-container-core-group-is-layout-12243e0f wp-block-group-is-layout-constrained\" style=\"border-radius:7px\">\n<figure class=\"wp-block-image size-full is-resized wp-duotone-ffebb3-ffebb3-12\"><img decoding=\"async\" width=\"21\" height=\"21\" src=\"https:\/\/www.campingdes2plages.fr\/wp-content\/uploads\/2025\/11\/etoile-custom-beige.svg\" alt=\"aangepaste beige ster\" class=\"wp-image-223\" style=\"object-fit:contain;width:26px;height:26px\"\/><\/figure>\n<\/div>\n<\/div>\n\n\n\n<p class=\"has-text-align-center has-base-2-color has-text-color has-link-color has-sosro-font-family wp-elements-593a53d62fc65b81e1f9dd19e68ef6d2\" style=\"font-size:clamp(2.089rem, 2.089rem + ((1vw - 0.2rem) * 2.768), 3.75rem);line-height:1\">Luxe Stacaravans<\/p>\n<\/div><\/div>\n<\/a>\n<\/li><\/ul><\/div>\n<\/div>\n<\/div>\n\n\n\n<div class=\"wp-block-group section-simple has-global-padding is-layout-constrained wp-container-core-group-is-layout-18d4e37a wp-block-group-is-layout-constrained\" style=\"margin-top:0px;margin-bottom:0px;padding-top:2rem;padding-right:10rem;padding-bottom:2rem;padding-left:10rem\">\n<div class=\"wp-block-columns are-vertically-aligned-center is-layout-flex wp-container-core-columns-is-layout-b23a18ed wp-block-columns-is-layout-flex\">\n<div class=\"wp-block-column is-vertically-aligned-center is-layout-flow wp-block-column-is-layout-flow\">\n<h2 class=\"wp-block-heading\" style=\"margin-bottom:var(--wp--preset--spacing--30)\">Uw vragen over accommodatie<\/h2>\n\n\n\n<div class=\"wp-block-wpseopress-faq-block-v2 is-layout-flow wp-block-wpseopress-faq-block-v2-is-layout-flow\">\n<details id=\"zijn-lakens-inbegrepen-in-de-huurprijs\" class=\"wp-block-details has-medium-font-size is-layout-flow wp-block-details-is-layout-flow\" style=\"border-top-color:var(--wp--preset--color--custom-color-4);border-top-width:1px;padding-top:var(--wp--preset--spacing--20);padding-bottom:0\"><summary><strong>Zijn lakens inbegrepen in de huurprijs?<\/strong><\/summary>\n<p>Beddengoed is aanwezig in alle Stacaravans. Bedden kunnen optioneel opgemaakt worden (\u20ac20). In onze prestige 2-slaapkamer stacaravans zijn de bedden opgemaakt bij aankomst.  <\/p>\n<\/details>\n\n\n\n<details id=\"zijn-de-stacaravans-recent\" class=\"wp-block-details has-medium-font-size is-layout-flow wp-block-details-is-layout-flow\" style=\"border-top-color:var(--wp--preset--color--custom-color-4);border-top-width:1px;padding-top:var(--wp--preset--spacing--20);padding-bottom:0\"><summary><strong>Zijn de Stacaravans recent?<\/strong><\/summary>\n<p>Voor jouw comfort vernieuwen we onze Stacaravans regelmatig. Op camping 2 plages ben je verzekerd van een Stacaravan van de nieuwste generatie. <\/p>\n<\/details>\n\n\n\n<details id=\"kunnen-we-de-belichting-van-onze-verhuur-kiezen\" class=\"wp-block-details has-medium-font-size is-layout-flow wp-block-details-is-layout-flow\" style=\"border-top-color:var(--wp--preset--color--custom-color-4);border-top-width:1px;padding-top:var(--wp--preset--spacing--20);padding-bottom:0\"><summary><strong>Kunnen we de belichting van onze verhuur kiezen?<\/strong><\/summary>\n<p>We hebben Stacaravans met verschillende graden zon. Je kunt je voorkeur aan ons doorgeven als je boekt. <\/p>\n<\/details>\n\n\n\n<details id=\"zijn-de-stacaravans-schoon\" class=\"wp-block-details has-medium-font-size is-layout-flow wp-block-details-is-layout-flow\" style=\"border-top-color:var(--wp--preset--color--custom-color-4);border-top-width:1px;padding-top:var(--wp--preset--spacing--20);padding-bottom:0\"><summary><strong>Zijn de Stacaravans schoon?<\/strong><\/summary>\n<p>We hebben een intern schoonmaakteam dat een strikt protocol toepast dat voldoet aan de nieuwste hygi\u00ebnenormen.<\/p>\n<\/details>\n\n\n\n<details id=\"is-er-televisie-in-de-huuraccommodaties\" class=\"wp-block-details has-medium-font-size is-layout-flow wp-block-details-is-layout-flow\" style=\"border-top-color:var(--wp--preset--color--custom-color-4);border-top-width:1px;border-bottom-color:var(--wp--preset--color--custom-color-4);border-bottom-width:1px;padding-top:var(--wp--preset--spacing--20);padding-bottom:var(--wp--preset--spacing--20)\"><summary><strong>Is er televisie in de huuraccommodaties?<\/strong><\/summary>\n<p>Alle Stacaravans op camping Royan zijn uitgerust met een televisie.<\/p>\n<\/details>\n<script type=\"application\/ld+json\">{\"@context\":\"https:\/\/schema.org\",\"@type\":\"FAQPage\",\"url\":\"https:\/\/www.campingdes2plages.fr\/nl\/camping-royan\/\",\"@id\":\"https:\/\/www.campingdes2plages.fr\/nl\/camping-royan\/\",\"mainEntity\":[{\"@type\":\"Question\",\"url\":\"https:\/\/www.campingdes2plages.fr\/nl\/camping-royan\/#zijn-lakens-inbegrepen-in-de-huurprijs\",\"name\":\"Zijn lakens inbegrepen in de huurprijs?\",\"answerCount\":1,\"acceptedAnswer\":{\"@type\":\"Answer\",\"text\":\"&lt;p>Beddengoed is aanwezig in alle Stacaravans. Bedden kunnen optioneel opgemaakt worden (\u20ac20). In onze prestige 2-slaapkamer stacaravans zijn de bedden opgemaakt bij aankomst.  &lt;\/p>\"}},{\"@type\":\"Question\",\"url\":\"https:\/\/www.campingdes2plages.fr\/nl\/camping-royan\/#zijn-de-stacaravans-recent\",\"name\":\"Zijn de Stacaravans recent?\",\"answerCount\":1,\"acceptedAnswer\":{\"@type\":\"Answer\",\"text\":\"&lt;p>Voor jouw comfort vernieuwen we onze Stacaravans regelmatig. Op camping 2 plages ben je verzekerd van een Stacaravan van de nieuwste generatie. &lt;\/p>\"}},{\"@type\":\"Question\",\"url\":\"https:\/\/www.campingdes2plages.fr\/nl\/camping-royan\/#kunnen-we-de-belichting-van-onze-verhuur-kiezen\",\"name\":\"Kunnen we de belichting van onze verhuur kiezen?\",\"answerCount\":1,\"acceptedAnswer\":{\"@type\":\"Answer\",\"text\":\"&lt;p>We hebben Stacaravans met verschillende graden zon. Je kunt je voorkeur aan ons doorgeven als je boekt. &lt;\/p>\"}},{\"@type\":\"Question\",\"url\":\"https:\/\/www.campingdes2plages.fr\/nl\/camping-royan\/#zijn-de-stacaravans-schoon\",\"name\":\"Zijn de Stacaravans schoon?\",\"answerCount\":1,\"acceptedAnswer\":{\"@type\":\"Answer\",\"text\":\"&lt;p>We hebben een intern schoonmaakteam dat een strikt protocol toepast dat voldoet aan de nieuwste hygi\u00ebnenormen.&lt;\/p>\"}},{\"@type\":\"Question\",\"url\":\"https:\/\/www.campingdes2plages.fr\/nl\/camping-royan\/#is-er-televisie-in-de-huuraccommodaties\",\"name\":\"Is er televisie in de huuraccommodaties?\",\"answerCount\":1,\"acceptedAnswer\":{\"@type\":\"Answer\",\"text\":\"&lt;p>Alle Stacaravans op camping Royan zijn uitgerust met een televisie.&lt;\/p>\"}}]}<\/script><\/div>\n<\/div>\n\n\n\n<div class=\"wp-block-column is-vertically-aligned-center is-layout-flow wp-block-column-is-layout-flow\">\n<figure class=\"wp-block-image size-full has-custom-border\"><img decoding=\"async\" width=\"1920\" height=\"1101\" src=\"https:\/\/www.campingdes2plages.fr\/wp-content\/uploads\/2026\/01\/location-cottage-aqua-suite-camping-des-2-plages.jpg\" alt=\"verhuur cottage aqua suite camping des 2 plages\" class=\"wp-image-3775\" style=\"border-radius:15px\" srcset=\"https:\/\/www.campingdes2plages.fr\/wp-content\/uploads\/2026\/01\/location-cottage-aqua-suite-camping-des-2-plages.jpg 1920w, https:\/\/www.campingdes2plages.fr\/wp-content\/uploads\/2026\/01\/location-cottage-aqua-suite-camping-des-2-plages-300x172.jpg 300w, https:\/\/www.campingdes2plages.fr\/wp-content\/uploads\/2026\/01\/location-cottage-aqua-suite-camping-des-2-plages-1024x587.jpg 1024w, https:\/\/www.campingdes2plages.fr\/wp-content\/uploads\/2026\/01\/location-cottage-aqua-suite-camping-des-2-plages-768x440.jpg 768w, https:\/\/www.campingdes2plages.fr\/wp-content\/uploads\/2026\/01\/location-cottage-aqua-suite-camping-des-2-plages-1536x881.jpg 1536w\" sizes=\"(max-width: 1920px) 100vw, 1920px\" \/><\/figure>\n<\/div>\n<\/div>\n<\/div>\n\n\n\n<div class=\"wp-block-group section-simple has-global-padding is-layout-constrained wp-container-core-group-is-layout-cd544c36 wp-block-group-is-layout-constrained\" style=\"margin-top:0px;margin-bottom:3rem;padding-top:4rem;padding-right:10rem;padding-bottom:2rem;padding-left:10rem\">\n<div class=\"wp-block-columns are-vertically-aligned-center is-layout-flex wp-container-core-columns-is-layout-b23a18ed wp-block-columns-is-layout-flex\">\n<div class=\"wp-block-column is-vertically-aligned-center is-layout-flow wp-block-column-is-layout-flow\">\n<figure class=\"wp-block-image size-full has-custom-border\"><img decoding=\"async\" width=\"1920\" height=\"1440\" src=\"https:\/\/www.campingdes2plages.fr\/wp-content\/uploads\/2026\/01\/prestations-haut-de-gamme-avec-votre-location-de-luxe-camping-des-2-plages.jpg\" alt=\"eersteklas services bij uw luxe huuraccommodatie op camping des 2 plages\" class=\"wp-image-3827\" style=\"border-radius:15px\" srcset=\"https:\/\/www.campingdes2plages.fr\/wp-content\/uploads\/2026\/01\/prestations-haut-de-gamme-avec-votre-location-de-luxe-camping-des-2-plages.jpg 1920w, https:\/\/www.campingdes2plages.fr\/wp-content\/uploads\/2026\/01\/prestations-haut-de-gamme-avec-votre-location-de-luxe-camping-des-2-plages-300x225.jpg 300w, https:\/\/www.campingdes2plages.fr\/wp-content\/uploads\/2026\/01\/prestations-haut-de-gamme-avec-votre-location-de-luxe-camping-des-2-plages-1024x768.jpg 1024w, https:\/\/www.campingdes2plages.fr\/wp-content\/uploads\/2026\/01\/prestations-haut-de-gamme-avec-votre-location-de-luxe-camping-des-2-plages-768x576.jpg 768w, https:\/\/www.campingdes2plages.fr\/wp-content\/uploads\/2026\/01\/prestations-haut-de-gamme-avec-votre-location-de-luxe-camping-des-2-plages-1536x1152.jpg 1536w\" sizes=\"(max-width: 1920px) 100vw, 1920px\" \/><\/figure>\n<\/div>\n\n\n\n<div class=\"wp-block-column is-vertically-aligned-center is-layout-flow wp-block-column-is-layout-flow\">\n<h2 class=\"wp-block-heading\">Geniet van een 5-sterrenverblijf in de regio Royannais<\/h2>\n\n\n\n<p>Les 2 Plages is een van de aantrekkelijkste <strong>campings in Royan<\/strong> voor gezinnen. Het vriendelijke en attente personeel van de camping garandeert gasten een <strong>comfortabel verblijf<\/strong> met de <strong>beste prijs-kwaliteitverhouding<\/strong> in Zuid-Frankrijk. <\/p>\n\n\n\n<p>Boek je een van onze accommodaties voor een of twee nachten, dan ben je verzekerd van een <strong>onvergetelijke 5-sterrenvakantie<\/strong>. Uit de beoordelingen van onze vakantiegangers blijkt dat het comfort van de stacaravans en hun slaapkamers, het waterpark en de bevoorrechte ligging van de camping tot de belangrijkste pluspunten van ons etablissement behoren. <\/p>\n\n\n\n<p>Annuleringsverzekering, veilige betaling en wifi zijn slechts enkele van de hoogtepunten die je niet mag missen!<\/p>\n<\/div>\n<\/div>\n<\/div>\n\n\n\n<div class=\"wp-block-group gt_contain-slider_003 has-custom-color-1-background-color has-background has-global-padding is-layout-constrained wp-container-core-group-is-layout-9d592914 wp-block-group-is-layout-constrained\" style=\"margin-top:0px;margin-bottom:0px;padding-top:0rem;padding-right:0px;padding-bottom:4rem;padding-left:0px\">\n<figure class=\"wp-block-image size-full background-image wp-duotone-ffffff-ffffff-13\"><img decoding=\"async\" width=\"615\" height=\"622\" src=\"https:\/\/www.campingdes2plages.fr\/wp-content\/uploads\/2025\/11\/dessin-coquillages-fond.webp\" alt=\"schelp design achtergrond\" class=\"wp-image-297\" style=\"aspect-ratio:1;object-fit:contain\" srcset=\"https:\/\/www.campingdes2plages.fr\/wp-content\/uploads\/2025\/11\/dessin-coquillages-fond.webp 615w, https:\/\/www.campingdes2plages.fr\/wp-content\/uploads\/2025\/11\/dessin-coquillages-fond-297x300.webp 297w\" sizes=\"(max-width: 615px) 100vw, 615px\" \/><\/figure>\n\n\n\n<figure class=\"wp-block-image aligncenter size-large\" style=\"margin-top:0px;margin-bottom:4rem\"><img decoding=\"async\" width=\"22\" height=\"122\" src=\"https:\/\/www.campingdes2plages.fr\/wp-content\/uploads\/2025\/11\/ligne-verticale-et-point-beige.svg\" alt=\"verticale lijn en beige stip\" class=\"wp-image-334\" style=\"object-fit:contain\"\/><\/figure>\n\n\n\n<div class=\"wp-block-group is-content-justification-center is-nowrap is-layout-flex wp-container-core-group-is-layout-06d12f70 wp-block-group-is-layout-flex\">\n<figure class=\"wp-block-image size-full is-resized\"><img decoding=\"async\" width=\"21\" height=\"21\" src=\"https:\/\/www.campingdes2plages.fr\/wp-content\/uploads\/2025\/11\/etoile-custom-beige.svg\" alt=\"aangepaste beige ster\" class=\"wp-image-223\" style=\"object-fit:contain;width:21px;height:21px\"\/><\/figure>\n\n\n\n<p class=\"has-custom-color-4-color has-text-color has-link-color wp-elements-6fd2cef344ae358f67c1a06f75668b55\" style=\"font-size:clamp(0.875rem, 0.875rem + ((1vw - 0.2rem) * 0.525), 1.19rem);font-style:normal;font-weight:400;text-transform:uppercase\">TOERISME<\/p>\n<\/div>\n\n\n\n<p class=\"has-text-align-center has-custom-color-3-color has-text-color has-link-color has-calming-font-family wp-elements-9dc4b10a63c9b61a269459852b0e6644\" style=\"font-size:clamp(2.423rem, 2.423rem + ((1vw - 0.2rem) * 3.483), 4.513rem);line-height:1;text-transform:uppercase\">Royan verkennen<\/p>\n\n\n\n<div class=\"wp-block-group content has-global-padding is-layout-constrained wp-container-core-group-is-layout-41a96ae6 wp-block-group-is-layout-constrained\" style=\"margin-top:0px;margin-bottom:0px;padding-top:4rem;padding-right:10rem;padding-left:10rem\">\n<h2 class=\"wp-block-heading has-text-align-center has-custom-color-3-color has-text-color has-link-color wp-elements-0e6cd806f81d8a56348db2f4dabfd2af\">Ontdek Royan en de omgeving<\/h2>\n\n\n\n<p class=\"has-text-align-center has-custom-color-3-color has-text-color has-link-color wp-elements-fe3757de83474cc7551f25ae42171bd3\" style=\"margin-bottom:var(--wp--preset--spacing--20)\">Of u nu op zoek bent naar een feestelijke vakantie, lange <strong>zonnige dagen<\/strong> op het strand of culturele bezoeken, u vindt wat u zoekt in de Charente-Maritime als u verblijft op onze <strong>camping bij Royan<\/strong>. Royan is een typische badplaats uit het begin van de 20e eeuw, gelegen op slechts een paar minuten fietsen van onze <strong>camping bij Royan<\/strong>. Hier kunt u de haven, de mooie centrale markt, Notre-Dame-de-Royan, het strand Grande Conche en de chique wijk Pontaillac ontdekken. Als je zin hebt, kun je ook een uitstapje maken naar het casino.   <\/p>\n\n\n\n<p class=\"has-text-align-center has-custom-color-3-color has-text-color has-link-color wp-elements-3e853958c6161677908ddcba577970c1\" style=\"margin-bottom:4rem\">Het museum van Royan vertelt het verhaal van de stad in een opmerkelijke nieuwe scenografie. Na een bezoek aan Royan kun je de regio Charente-Maritime verkennen: de eilanden R\u00e9 en Ol\u00e9ron, de grotten van Meschers-sur-Gironde, La Rochelle, het mooie dorpje Mornac-sur-Seudre, <strong>Fort Boyard<\/strong> en vele andere <strong>bezienswaardigheden aan de kust van de Charente.<br><\/strong>Organiseer je volgende gezinsvakantie op onze <a href=\"https:\/\/www.campingdes2plages.fr\/nl\/camping-la-palmyre\/\">camping op 11 km van La Palmyre<\/a>, of op de <a href=\"https:\/\/www.campingdes2plages.fr\/nl\/kamperen-vaux-sur-mer\/\">camping op 2 km van Vaux-sur-Mer<\/a> in Charente-Maritime. <\/p>\n<\/div>\n\n\n\n<div class=\"wp-block-group slider has-global-padding is-layout-constrained wp-container-core-group-is-layout-97dffa1e wp-block-group-is-layout-constrained\" style=\"margin-top:6rem;margin-bottom:0px\">\n<figure class=\"wp-block-image size-large arrow-slider-prev\"><img decoding=\"async\" width=\"87\" height=\"11\" src=\"https:\/\/www.campingdes2plages.fr\/wp-content\/uploads\/2025\/11\/fleche-longue-gauche-beige.svg\" alt=\"pijl lang links beige\" class=\"wp-image-351\"\/><\/figure>\n\n\n\n<figure class=\"wp-block-image size-large arrow-slider-next\"><img decoding=\"async\" width=\"87\" height=\"11\" src=\"https:\/\/www.campingdes2plages.fr\/wp-content\/uploads\/2025\/11\/fleche-longue-droite-beige.svg\" alt=\"beige lange rechte pijl\" class=\"wp-image-347\"\/><\/figure>\n\n\n\n<div data-swiper=\"{&quot;speed&quot;:400,&quot;spaceBetween&quot;:16,&quot;slidesPerView&quot;:3.5,&quot;createElements&quot;:true,&quot;loop&quot;:false,&quot;freemode&quot;:true,&quot;navigation&quot;:{&quot;nextEl&quot;:&quot;.gt_contain-slider_003 .arrow-slider-next&quot;,&quot;prevEl&quot;:&quot;.gt_contain-slider_003 .arrow-slider-prev&quot;},&quot;pagination&quot;:{&quot;el&quot;:&quot;.swiper-pagination&quot;,&quot;dynamicBullets&quot;:true},&quot;breakpoints&quot;:{&quot;0&quot;:{&quot;slidesPerView&quot;:1},&quot;768&quot;:{&quot;slidesPerView&quot;:2},&quot;1024&quot;:{&quot;slidesPerView&quot;:2.5},&quot;1025&quot;:{&quot;slidesPerView&quot;:3.5}},&quot;autoplay&quot;:{&quot;delay&quot;:3000}}\" class=\"wp-block-group gt-is-slider gt-is-slider-desktop has-global-padding is-layout-constrained wp-container-core-group-is-layout-d6554d75 wp-block-group-is-layout-constrained\" style=\"margin-top:0px;margin-bottom:0px\"><a href=\"https:\/\/www.campingdes2plages.fr\/tourisme-charente-maritime\/royan\/\"    class=\"wp-block-tiptip-hyperlink-group-block\" >\n<div data-swiper=\"{&quot;speed&quot;:1000,&quot;autoplay&quot;:{&quot;delay&quot;:5000,&quot;disableOnInteraction&quot;:false},&quot;spaceBetween&quot;:0,&quot;slidesPerView&quot;:1,&quot;pagination&quot;:{&quot;el&quot;:&quot;.swiper-pagination&quot;,&quot;dynamicBullets&quot;:true,&quot;clickable&quot;:true,&quot;type&quot;:&quot;bullets&quot;},&quot;navigation&quot;:{&quot;nextEl&quot;:&quot;.swiper-button-next&quot;,&quot;prevEl&quot;:&quot;.swiper-button-prev&quot;},&quot;breakpoints&quot;:[{&quot;slidesPerView&quot;:1}]}\" class=\"wp-block-cover\" style=\"border-radius:15px\"><img decoding=\"async\" width=\"1920\" height=\"1038\" class=\"wp-block-cover__image-background wp-image-2566 size-full\" alt=\"royan\" src=\"https:\/\/www.campingdes2plages.fr\/wp-content\/uploads\/2026\/01\/royan.jpg\" data-object-fit=\"cover\" srcset=\"https:\/\/www.campingdes2plages.fr\/wp-content\/uploads\/2026\/01\/royan.jpg 1920w, https:\/\/www.campingdes2plages.fr\/wp-content\/uploads\/2026\/01\/royan-300x162.jpg 300w, https:\/\/www.campingdes2plages.fr\/wp-content\/uploads\/2026\/01\/royan-1024x554.jpg 1024w, https:\/\/www.campingdes2plages.fr\/wp-content\/uploads\/2026\/01\/royan-768x415.jpg 768w, https:\/\/www.campingdes2plages.fr\/wp-content\/uploads\/2026\/01\/royan-1536x830.jpg 1536w\" sizes=\"(max-width: 1920px) 100vw, 1920px\" \/><span aria-hidden=\"true\" class=\"wp-block-cover__background has-background-dim-60 has-background-dim wp-block-cover__gradient-background has-background-gradient\" style=\"background:linear-gradient(0deg,rgb(0,0,0) 0%,rgba(255,255,255,0) 100%)\"><\/span><div class=\"wp-block-cover__inner-container has-global-padding is-layout-constrained wp-container-core-cover-is-layout-12243e0f wp-block-cover-is-layout-constrained\">\n<div class=\"wp-block-group has-global-padding is-layout-constrained wp-block-group-is-layout-constrained\">\n<div class=\"wp-block-group icon has-custom-color-4-background-color has-background has-global-padding is-layout-constrained wp-container-core-group-is-layout-12243e0f wp-block-group-is-layout-constrained\" style=\"border-radius:7px\">\n<figure class=\"wp-block-image size-full is-resized wp-duotone-ffebb3-ffebb3-15\"><img decoding=\"async\" width=\"21\" height=\"21\" src=\"https:\/\/www.campingdes2plages.fr\/wp-content\/uploads\/2025\/11\/etoile-custom-beige.svg\" alt=\"aangepaste beige ster\" class=\"wp-image-223\" style=\"object-fit:contain;width:26px;height:26px\"\/><\/figure>\n<\/div>\n<\/div>\n\n\n\n<p class=\"has-text-align-center has-base-2-color has-text-color has-link-color has-sosro-font-family wp-elements-496a088d8b11565a3eb7596cc752e594\" style=\"font-size:clamp(2.089rem, 2.089rem + ((1vw - 0.2rem) * 2.768), 3.75rem);line-height:1\">Royan<\/p>\n<\/div><\/div>\n<\/a>\n\n<a href=\"https:\/\/www.campingdes2plages.fr\/activites-charente-maritime\/zoo-de-la-palmyre\/\"    class=\"wp-block-tiptip-hyperlink-group-block\" >\n<div data-swiper=\"{&quot;speed&quot;:1000,&quot;autoplay&quot;:{&quot;delay&quot;:5000,&quot;disableOnInteraction&quot;:false},&quot;spaceBetween&quot;:0,&quot;slidesPerView&quot;:1,&quot;pagination&quot;:{&quot;el&quot;:&quot;.swiper-pagination&quot;,&quot;dynamicBullets&quot;:true,&quot;clickable&quot;:true,&quot;type&quot;:&quot;bullets&quot;},&quot;navigation&quot;:{&quot;nextEl&quot;:&quot;.swiper-button-next&quot;,&quot;prevEl&quot;:&quot;.swiper-button-prev&quot;},&quot;breakpoints&quot;:[{&quot;slidesPerView&quot;:1}]}\" class=\"wp-block-cover\" style=\"border-radius:15px\"><img decoding=\"async\" width=\"1920\" height=\"1280\" class=\"wp-block-cover__image-background wp-image-2143 size-full\" alt=\"visite zoo enfant palmyre\" src=\"https:\/\/www.campingdes2plages.fr\/wp-content\/uploads\/2026\/01\/visite-zoo-enfant-palmyre.jpg\" data-object-fit=\"cover\" srcset=\"https:\/\/www.campingdes2plages.fr\/wp-content\/uploads\/2026\/01\/visite-zoo-enfant-palmyre.jpg 1920w, https:\/\/www.campingdes2plages.fr\/wp-content\/uploads\/2026\/01\/visite-zoo-enfant-palmyre-300x200.jpg 300w, https:\/\/www.campingdes2plages.fr\/wp-content\/uploads\/2026\/01\/visite-zoo-enfant-palmyre-1024x683.jpg 1024w, https:\/\/www.campingdes2plages.fr\/wp-content\/uploads\/2026\/01\/visite-zoo-enfant-palmyre-768x512.jpg 768w, https:\/\/www.campingdes2plages.fr\/wp-content\/uploads\/2026\/01\/visite-zoo-enfant-palmyre-1536x1024.jpg 1536w\" sizes=\"(max-width: 1920px) 100vw, 1920px\" \/><span aria-hidden=\"true\" class=\"wp-block-cover__background has-background-dim-60 has-background-dim wp-block-cover__gradient-background has-background-gradient\" style=\"background:linear-gradient(0deg,rgb(0,0,0) 0%,rgba(255,255,255,0) 100%)\"><\/span><div class=\"wp-block-cover__inner-container has-global-padding is-layout-constrained wp-container-core-cover-is-layout-12243e0f wp-block-cover-is-layout-constrained\">\n<div class=\"wp-block-group has-global-padding is-layout-constrained wp-block-group-is-layout-constrained\">\n<div class=\"wp-block-group icon has-custom-color-4-background-color has-background has-global-padding is-layout-constrained wp-container-core-group-is-layout-12243e0f wp-block-group-is-layout-constrained\" style=\"border-radius:7px\">\n<figure class=\"wp-block-image size-full is-resized wp-duotone-ffebb3-ffebb3-17\"><img decoding=\"async\" width=\"21\" height=\"21\" src=\"https:\/\/www.campingdes2plages.fr\/wp-content\/uploads\/2025\/11\/etoile-custom-beige.svg\" alt=\"aangepaste beige ster\" class=\"wp-image-223\" style=\"object-fit:contain;width:26px;height:26px\"\/><\/figure>\n<\/div>\n<\/div>\n\n\n\n<p class=\"has-text-align-center has-base-2-color has-text-color has-link-color has-sosro-font-family wp-elements-bc0a57eb11fc24696b4848688846805f\" style=\"font-size:clamp(2.089rem, 2.089rem + ((1vw - 0.2rem) * 2.768), 3.75rem);line-height:1\">Dierentuin La Palmyre<\/p>\n<\/div><\/div>\n<\/a>\n\n<a href=\"https:\/\/www.campingdes2plages.fr\/camping-vaux-sur-mer\/\"    class=\"wp-block-tiptip-hyperlink-group-block\" >\n<div data-swiper=\"{&quot;speed&quot;:1000,&quot;autoplay&quot;:{&quot;delay&quot;:5000,&quot;disableOnInteraction&quot;:false},&quot;spaceBetween&quot;:0,&quot;slidesPerView&quot;:1,&quot;pagination&quot;:{&quot;el&quot;:&quot;.swiper-pagination&quot;,&quot;dynamicBullets&quot;:true,&quot;clickable&quot;:true,&quot;type&quot;:&quot;bullets&quot;},&quot;navigation&quot;:{&quot;nextEl&quot;:&quot;.swiper-button-next&quot;,&quot;prevEl&quot;:&quot;.swiper-button-prev&quot;},&quot;breakpoints&quot;:[{&quot;slidesPerView&quot;:1}]}\" class=\"wp-block-cover\" style=\"border-radius:15px\"><img decoding=\"async\" width=\"1920\" height=\"1317\" class=\"wp-block-cover__image-background wp-image-2521 size-full\" alt=\"camping vaux sur mer\" src=\"https:\/\/www.campingdes2plages.fr\/wp-content\/uploads\/2026\/01\/camping-vaux-sur-mer.jpg\" data-object-fit=\"cover\" srcset=\"https:\/\/www.campingdes2plages.fr\/wp-content\/uploads\/2026\/01\/camping-vaux-sur-mer.jpg 1920w, https:\/\/www.campingdes2plages.fr\/wp-content\/uploads\/2026\/01\/camping-vaux-sur-mer-300x206.jpg 300w, https:\/\/www.campingdes2plages.fr\/wp-content\/uploads\/2026\/01\/camping-vaux-sur-mer-1024x702.jpg 1024w, https:\/\/www.campingdes2plages.fr\/wp-content\/uploads\/2026\/01\/camping-vaux-sur-mer-768x527.jpg 768w, https:\/\/www.campingdes2plages.fr\/wp-content\/uploads\/2026\/01\/camping-vaux-sur-mer-1536x1054.jpg 1536w\" sizes=\"(max-width: 1920px) 100vw, 1920px\" \/><span aria-hidden=\"true\" class=\"wp-block-cover__background has-background-dim-60 has-background-dim wp-block-cover__gradient-background has-background-gradient\" style=\"background:linear-gradient(0deg,rgb(0,0,0) 0%,rgba(255,255,255,0) 100%)\"><\/span><div class=\"wp-block-cover__inner-container has-global-padding is-layout-constrained wp-container-core-cover-is-layout-12243e0f wp-block-cover-is-layout-constrained\">\n<div class=\"wp-block-group has-global-padding is-layout-constrained wp-block-group-is-layout-constrained\">\n<div class=\"wp-block-group icon has-custom-color-4-background-color has-background has-global-padding is-layout-constrained wp-container-core-group-is-layout-12243e0f wp-block-group-is-layout-constrained\" style=\"border-radius:7px\">\n<figure class=\"wp-block-image size-full is-resized wp-duotone-ffebb3-ffebb3-19\"><img decoding=\"async\" width=\"21\" height=\"21\" src=\"https:\/\/www.campingdes2plages.fr\/wp-content\/uploads\/2025\/11\/etoile-custom-beige.svg\" alt=\"aangepaste beige ster\" class=\"wp-image-223\" style=\"object-fit:contain;width:26px;height:26px\"\/><\/figure>\n<\/div>\n<\/div>\n\n\n\n<p class=\"has-text-align-center has-base-2-color has-text-color has-link-color has-sosro-font-family wp-elements-1cc996da03cd80b25a6c257e18c1a8a8\" style=\"font-size:clamp(2.089rem, 2.089rem + ((1vw - 0.2rem) * 2.768), 3.75rem);line-height:1\">Vaux-sur-Mer<\/p>\n<\/div><\/div>\n<\/a>\n\n<a href=\"https:\/\/www.campingdes2plages.fr\/tourisme-charente-maritime\/charente-maritime\/\"    class=\"wp-block-tiptip-hyperlink-group-block\" >\n<div data-swiper=\"{&quot;speed&quot;:1000,&quot;autoplay&quot;:{&quot;delay&quot;:5000,&quot;disableOnInteraction&quot;:false},&quot;spaceBetween&quot;:0,&quot;slidesPerView&quot;:1,&quot;pagination&quot;:{&quot;el&quot;:&quot;.swiper-pagination&quot;,&quot;dynamicBullets&quot;:true,&quot;clickable&quot;:true,&quot;type&quot;:&quot;bullets&quot;},&quot;navigation&quot;:{&quot;nextEl&quot;:&quot;.swiper-button-next&quot;,&quot;prevEl&quot;:&quot;.swiper-button-prev&quot;},&quot;breakpoints&quot;:[{&quot;slidesPerView&quot;:1}]}\" class=\"wp-block-cover\" style=\"border-radius:15px\"><img decoding=\"async\" width=\"1920\" height=\"1281\" class=\"wp-block-cover__image-background wp-image-2082 size-full\" alt=\"plus belles plages charente maritime vacances\" src=\"https:\/\/www.campingdes2plages.fr\/wp-content\/uploads\/2026\/01\/plus-belles-plages-charente-maritime-vacances.jpg\" data-object-fit=\"cover\" srcset=\"https:\/\/www.campingdes2plages.fr\/wp-content\/uploads\/2026\/01\/plus-belles-plages-charente-maritime-vacances.jpg 1920w, https:\/\/www.campingdes2plages.fr\/wp-content\/uploads\/2026\/01\/plus-belles-plages-charente-maritime-vacances-300x200.jpg 300w, https:\/\/www.campingdes2plages.fr\/wp-content\/uploads\/2026\/01\/plus-belles-plages-charente-maritime-vacances-1024x683.jpg 1024w, https:\/\/www.campingdes2plages.fr\/wp-content\/uploads\/2026\/01\/plus-belles-plages-charente-maritime-vacances-768x512.jpg 768w, https:\/\/www.campingdes2plages.fr\/wp-content\/uploads\/2026\/01\/plus-belles-plages-charente-maritime-vacances-1536x1025.jpg 1536w\" sizes=\"(max-width: 1920px) 100vw, 1920px\" \/><span aria-hidden=\"true\" class=\"wp-block-cover__background has-background-dim-60 has-background-dim wp-block-cover__gradient-background has-background-gradient\" style=\"background:linear-gradient(0deg,rgb(0,0,0) 0%,rgba(255,255,255,0) 100%)\"><\/span><div class=\"wp-block-cover__inner-container has-global-padding is-layout-constrained wp-container-core-cover-is-layout-12243e0f wp-block-cover-is-layout-constrained\">\n<div class=\"wp-block-group has-global-padding is-layout-constrained wp-block-group-is-layout-constrained\">\n<div class=\"wp-block-group icon has-custom-color-4-background-color has-background has-global-padding is-layout-constrained wp-container-core-group-is-layout-12243e0f wp-block-group-is-layout-constrained\" style=\"border-radius:7px\">\n<figure class=\"wp-block-image size-full is-resized wp-duotone-ffebb3-ffebb3-21\"><img decoding=\"async\" width=\"21\" height=\"21\" src=\"https:\/\/www.campingdes2plages.fr\/wp-content\/uploads\/2025\/11\/etoile-custom-beige.svg\" alt=\"aangepaste beige ster\" class=\"wp-image-223\" style=\"object-fit:contain;width:26px;height:26px\"\/><\/figure>\n<\/div>\n<\/div>\n\n\n\n<p class=\"has-text-align-center has-base-2-color has-text-color has-link-color has-sosro-font-family wp-elements-5d135c7837f650d06aef9afeff380bf4\" style=\"font-size:clamp(2.089rem, 2.089rem + ((1vw - 0.2rem) * 2.768), 3.75rem);line-height:1\">Charente-Maritime<\/p>\n<\/div><\/div>\n<\/a><\/div>\n<\/div>\n<\/div>\n\n\n\n<div class=\"wp-block-group gt_faq_007 has-global-padding is-layout-constrained wp-container-core-group-is-layout-3a93e7d2 wp-block-group-is-layout-constrained\" style=\"margin-top:0px;margin-bottom:0px;padding-top:8rem;padding-right:0px;padding-bottom:10rem;padding-left:0px\">\n<div class=\"wp-block-columns are-vertically-aligned-center is-layout-flex wp-container-core-columns-is-layout-b23a18ed wp-block-columns-is-layout-flex\">\n<div class=\"wp-block-column is-vertically-aligned-center left is-layout-flow wp-block-column-is-layout-flow\">\n<figure class=\"wp-block-image size-full background\"><img decoding=\"async\" width=\"1160\" height=\"1376\" src=\"https:\/\/www.campingdes2plages.fr\/wp-content\/uploads\/2026\/01\/fond-metallique.jpg\" alt=\"metalen bodem\" class=\"wp-image-3337\" srcset=\"https:\/\/www.campingdes2plages.fr\/wp-content\/uploads\/2026\/01\/fond-metallique.jpg 1160w, https:\/\/www.campingdes2plages.fr\/wp-content\/uploads\/2026\/01\/fond-metallique-253x300.jpg 253w, https:\/\/www.campingdes2plages.fr\/wp-content\/uploads\/2026\/01\/fond-metallique-863x1024.jpg 863w, https:\/\/www.campingdes2plages.fr\/wp-content\/uploads\/2026\/01\/fond-metallique-768x911.jpg 768w\" sizes=\"(max-width: 1160px) 100vw, 1160px\" \/><\/figure>\n\n\n\n<figure class=\"wp-block-image size-full accroche-porte\"><img decoding=\"async\" width=\"1919\" height=\"1473\" src=\"https:\/\/www.campingdes2plages.fr\/wp-content\/uploads\/2026\/01\/salle-de-bain-hebergements-camping-des-2-plages-royan.jpg\" alt=\"badkamer accommodatie camping des 2 plages royan\" class=\"wp-image-3806\" srcset=\"https:\/\/www.campingdes2plages.fr\/wp-content\/uploads\/2026\/01\/salle-de-bain-hebergements-camping-des-2-plages-royan.jpg 1919w, https:\/\/www.campingdes2plages.fr\/wp-content\/uploads\/2026\/01\/salle-de-bain-hebergements-camping-des-2-plages-royan-300x230.jpg 300w, https:\/\/www.campingdes2plages.fr\/wp-content\/uploads\/2026\/01\/salle-de-bain-hebergements-camping-des-2-plages-royan-1024x786.jpg 1024w, https:\/\/www.campingdes2plages.fr\/wp-content\/uploads\/2026\/01\/salle-de-bain-hebergements-camping-des-2-plages-royan-768x590.jpg 768w, https:\/\/www.campingdes2plages.fr\/wp-content\/uploads\/2026\/01\/salle-de-bain-hebergements-camping-des-2-plages-royan-1536x1179.jpg 1536w\" sizes=\"(max-width: 1919px) 100vw, 1919px\" \/><\/figure>\n\n\n\n<figure class=\"wp-block-image size-full dessin\"><img decoding=\"async\" width=\"423\" height=\"266\" src=\"https:\/\/www.campingdes2plages.fr\/wp-content\/uploads\/2025\/11\/dessin-femme-sur-la-plage.webp\" alt=\"tekening vrouw op het strand\" class=\"wp-image-673\" srcset=\"https:\/\/www.campingdes2plages.fr\/wp-content\/uploads\/2025\/11\/dessin-femme-sur-la-plage.webp 423w, https:\/\/www.campingdes2plages.fr\/wp-content\/uploads\/2025\/11\/dessin-femme-sur-la-plage-300x189.webp 300w\" sizes=\"(max-width: 423px) 100vw, 423px\" \/><\/figure>\n<\/div>\n\n\n\n<div class=\"wp-block-column is-vertically-aligned-center right is-layout-flow wp-block-column-is-layout-flow\" style=\"padding-right:10rem;padding-bottom:0\">\n<div class=\"wp-block-group is-content-justification-left is-nowrap is-layout-flex wp-container-core-group-is-layout-d19eee88 wp-block-group-is-layout-flex\">\n<figure class=\"wp-block-image size-full is-resized\"><img decoding=\"async\" width=\"21\" height=\"21\" src=\"https:\/\/www.campingdes2plages.fr\/wp-content\/uploads\/2025\/11\/etoile-custom-beige.svg\" alt=\"aangepaste beige ster\" class=\"wp-image-223\" style=\"object-fit:contain;width:21px;height:21px\"\/><\/figure>\n\n\n\n<p class=\"has-custom-color-4-color has-text-color has-link-color wp-elements-3bdcc4d6b860b18adc8c3b98739c2bf8\" style=\"font-size:clamp(0.875rem, 0.875rem + ((1vw - 0.2rem) * 0.525), 1.19rem);font-style:normal;font-weight:400;text-transform:uppercase\">Jouw vragen over Royan<\/p>\n<\/div>\n\n\n\n<p class=\"has-text-align-left has-custom-color-1-color has-text-color has-link-color has-calming-font-family wp-elements-2ec73345d75e81dfb53fcfd4f53b13cf\" style=\"font-size:clamp(2.766rem, 2.766rem + ((1vw - 0.2rem) * 4.273), 5.33rem);line-height:1;text-transform:uppercase\">zonder<br>schaduwen<\/p>\n\n\n\n<div class=\"wp-block-wpseopress-faq-block-v2 is-layout-flow wp-block-wpseopress-faq-block-v2-is-layout-flow\">\n<details id=\"is-royan-een-goede-plek-om-te-verblijven\" class=\"wp-block-details has-medium-font-size is-layout-flow wp-block-details-is-layout-flow\" style=\"border-top-color:var(--wp--preset--color--custom-color-4);border-top-width:1px;padding-top:var(--wp--preset--spacing--20);padding-bottom:0\"><summary><strong>Is Royan een goede plek om te verblijven?<\/strong><\/summary>\n<p>Het klimaat in Royan is mild en zonnig. De temperaturen vari\u00ebren van 16 tot 25\u00b0C in juli. <\/p>\n<\/details>\n\n\n\n<details id=\"waar-naartoe-in-royan\" class=\"wp-block-details has-medium-font-size is-layout-flow wp-block-details-is-layout-flow\" style=\"border-top-color:var(--wp--preset--color--custom-color-4);border-top-width:1px;padding-top:var(--wp--preset--spacing--20);padding-bottom:0\"><summary><strong>Waar naartoe in Royan?<\/strong><\/summary>\n<p>Als je de stad wilt verkennen, raden we je aan de wijken Pontaillac, Foncillon of M\u00e9tairie te bezoeken.<\/p>\n<\/details>\n\n\n\n<details id=\"wat-zijn-de-leukste-activiteiten-buitenshuis-in-royan\" class=\"wp-block-details has-medium-font-size is-layout-flow wp-block-details-is-layout-flow\" style=\"border-top-color:var(--wp--preset--color--custom-color-4);border-top-width:1px;padding-top:var(--wp--preset--spacing--20);padding-bottom:0\"><summary><strong>Wat zijn de leukste Activiteiten buitenshuis in Royan?<\/strong><\/summary>\n<p>Er is genoeg te doen in Royan. Een aanrader is de minigolfbaan van Pontaillac, uitstapjes op zee of watersporten. <\/p>\n<\/details>\n\n\n\n<details id=\"welke-toeristische-attracties-zijn-er-in-royan\" class=\"wp-block-details has-medium-font-size is-layout-flow wp-block-details-is-layout-flow\" style=\"border-top-color:var(--wp--preset--color--custom-color-4);border-top-width:1px;padding-top:var(--wp--preset--spacing--20);padding-bottom:0\"><summary><strong>Welke toeristische attracties zijn er in Royan?<\/strong><\/summary>\n<p>De centrale markt, Notre-Dame de Royan en de Pont du Diable mag je niet missen tijdens je verblijf in Royan.<\/p>\n<\/details>\n\n\n\n<details id=\"hoe-kom-ik-in-royan\" class=\"wp-block-details has-medium-font-size is-layout-flow wp-block-details-is-layout-flow\" style=\"border-top-color:var(--wp--preset--color--custom-color-4);border-top-width:1px;border-bottom-color:var(--wp--preset--color--custom-color-4);border-bottom-width:1px;padding-top:var(--wp--preset--spacing--20);padding-bottom:var(--wp--preset--spacing--20)\"><summary><strong>Hoe kom ik in Royan?<\/strong><\/summary>\n<p>Met het Carabus-busnetwerk kun je je de hele dag gemakkelijk verplaatsen. Je kunt ook een fiets huren. <\/p>\n<\/details>\n<script type=\"application\/ld+json\">{\"@context\":\"https:\/\/schema.org\",\"@type\":\"FAQPage\",\"url\":\"https:\/\/www.campingdes2plages.fr\/nl\/camping-royan\/\",\"@id\":\"https:\/\/www.campingdes2plages.fr\/nl\/camping-royan\/\",\"mainEntity\":[{\"@type\":\"Question\",\"url\":\"https:\/\/www.campingdes2plages.fr\/nl\/camping-royan\/#is-royan-een-goede-plek-om-te-verblijven\",\"name\":\"Is Royan een goede plek om te verblijven?\",\"answerCount\":1,\"acceptedAnswer\":{\"@type\":\"Answer\",\"text\":\"&lt;p>Het klimaat in Royan is mild en zonnig. De temperaturen vari\u00ebren van 16 tot 25\u00b0C in juli. &lt;\/p>\"}},{\"@type\":\"Question\",\"url\":\"https:\/\/www.campingdes2plages.fr\/nl\/camping-royan\/#waar-naartoe-in-royan\",\"name\":\"Waar naartoe in Royan?\",\"answerCount\":1,\"acceptedAnswer\":{\"@type\":\"Answer\",\"text\":\"&lt;p>Als je de stad wilt verkennen, raden we je aan de wijken Pontaillac, Foncillon of M\u00e9tairie te bezoeken.&lt;\/p>\"}},{\"@type\":\"Question\",\"url\":\"https:\/\/www.campingdes2plages.fr\/nl\/camping-royan\/#wat-zijn-de-leukste-activiteiten-buitenshuis-in-royan\",\"name\":\"Wat zijn de leukste Activiteiten buitenshuis in Royan?\",\"answerCount\":1,\"acceptedAnswer\":{\"@type\":\"Answer\",\"text\":\"&lt;p>Er is genoeg te doen in Royan. Een aanrader is de minigolfbaan van Pontaillac, uitstapjes op zee of watersporten. &lt;\/p>\"}},{\"@type\":\"Question\",\"url\":\"https:\/\/www.campingdes2plages.fr\/nl\/camping-royan\/#welke-toeristische-attracties-zijn-er-in-royan\",\"name\":\"Welke toeristische attracties zijn er in Royan?\",\"answerCount\":1,\"acceptedAnswer\":{\"@type\":\"Answer\",\"text\":\"&lt;p>De centrale markt, Notre-Dame de Royan en de Pont du Diable mag je niet missen tijdens je verblijf in Royan.&lt;\/p>\"}},{\"@type\":\"Question\",\"url\":\"https:\/\/www.campingdes2plages.fr\/nl\/camping-royan\/#hoe-kom-ik-in-royan\",\"name\":\"Hoe kom ik in Royan?\",\"answerCount\":1,\"acceptedAnswer\":{\"@type\":\"Answer\",\"text\":\"&lt;p>Met het Carabus-busnetwerk kun je je de hele dag gemakkelijk verplaatsen. Je kunt ook een fiets huren. &lt;\/p>\"}}]}<\/script><\/div>\n<\/div>\n<\/div>\n<\/div>\n\n\n\n<div class=\"wp-block-group section-simple has-custom-color-1-background-color has-background has-global-padding is-layout-constrained wp-container-core-group-is-layout-2b91c0ce wp-block-group-is-layout-constrained\" style=\"margin-top:0rem;margin-bottom:0px;padding-top:6rem;padding-right:10rem;padding-bottom:6rem;padding-left:10rem\">\n<div class=\"wp-block-columns are-vertically-aligned-center is-layout-flex wp-container-core-columns-is-layout-b23a18ed wp-block-columns-is-layout-flex\">\n<div class=\"wp-block-column is-vertically-aligned-center is-layout-flow wp-block-column-is-layout-flow\">\n<h2 class=\"wp-block-heading has-base-2-color has-text-color has-link-color wp-elements-64943a3efd765d1f2f121067074164c0\">Meer informatie voor jouw vakantie in de omgeving van Royan<\/h2>\n\n\n\n<p class=\"has-base-2-color has-text-color has-link-color wp-elements-270305e0089625d330741a1ad5b305c4\"><strong>Open:<\/strong> <br>Van 01\/04\/ tot 30\/09\/<\/p>\n\n\n\n<p class=\"has-base-2-color has-text-color has-link-color wp-elements-192d24a4aedb0323bbac448bb656436c\"><strong>Adres:<\/strong> <br>41 Avenue des acacias <br>17120 Saint-Palais-Sur-mer<\/p>\n\n\n\n<p class=\"has-base-2-color has-text-color has-link-color wp-elements-453a5a196369be10794f65747cac295f\"><strong>Contacten:<\/strong> <br>05 46 23 11 42 <br>contact@campingdes2plages.fr <br>via het formulier<\/p>\n<\/div>\n\n\n\n<div class=\"wp-block-column is-vertically-aligned-center is-layout-flow wp-block-column-is-layout-flow\">\n<h3 class=\"wp-block-heading has-base-2-color has-text-color has-link-color wp-elements-c5360bca241b9609ed909b42382121fd\" style=\"font-size:clamp(1.039rem, 1.039rem + ((1vw - 0.2rem) * 0.935), 1.6rem);\"><strong>Contact opnemen met de camping 2 Plages<\/strong><\/h3>\n\n\n<\/div>\n<\/div>\n<\/div>\n\n\n\n<div class=\"wp-block-group section-avis has-global-padding is-layout-constrained wp-container-core-group-is-layout-0c801377 wp-block-group-is-layout-constrained\" style=\"margin-top:0px;margin-bottom:0px;padding-top:var(--wp--preset--spacing--40);padding-right:10rem;padding-bottom:var(--wp--preset--spacing--40);padding-left:10rem\">\n<div class=\"wp-block-group has-global-padding is-layout-constrained wp-container-core-group-is-layout-994ea780 wp-block-group-is-layout-constrained\" style=\"margin-top:0px;margin-bottom:0px;padding-top:3rem;padding-right:3rem;padding-bottom:3rem;padding-left:3rem\">\n<div class=\"wp-block-group is-content-justification-center is-nowrap is-layout-flex wp-container-core-group-is-layout-06d12f70 wp-block-group-is-layout-flex\">\n<figure class=\"wp-block-image size-full is-resized\"><img decoding=\"async\" width=\"21\" height=\"21\" src=\"https:\/\/www.campingdes2plages.fr\/wp-content\/uploads\/2025\/11\/etoile-custom-beige.svg\" alt=\"aangepaste beige ster\" class=\"wp-image-223\" style=\"object-fit:contain;width:21px;height:21px\"\/><\/figure>\n\n\n\n<p class=\"has-custom-color-4-color has-text-color has-link-color wp-elements-4c689ac1543b452d93f8dd864c52fcce\" style=\"font-size:clamp(0.875rem, 0.875rem + ((1vw - 0.2rem) * 0.525), 1.19rem);font-style:normal;font-weight:400;text-transform:uppercase\">klantbeoordelingen<\/p>\n<\/div>\n\n\n\n<p class=\"has-text-align-center has-custom-color-1-color has-text-color has-link-color has-calming-font-family wp-elements-5616ada252fcb6a1f215b26c840e40f9\" style=\"font-size:clamp(2.766rem, 2.766rem + ((1vw - 0.2rem) * 4.273), 5.33rem);line-height:1;text-transform:uppercase\">Ze vonden de camping leuk<\/p>\n\n\n\n<figure class=\"wp-block-image aligncenter size-large\"><img decoding=\"async\" width=\"264\" height=\"22\" src=\"https:\/\/www.campingdes2plages.fr\/wp-content\/uploads\/2025\/11\/ligne-horizontale-et-point-beige.svg\" alt=\"horizontale lijn en beige stip\" class=\"wp-image-377\"\/><\/figure>\n\n\n<pre class=\"ti-widget\"><template id=\"trustindex-google-widget-html\"><div class=\" ti-widget  ti-goog ti-no-profile-img ti-review-text-mode-readmore ti-text-align-left\" data-no-translation=\"true\" data-time-locale=\"il y a %d %s|aujourd'hui|jour|jours|semaine|semaines|mois|mois|ann\u00e9e|ans\" data-plugin-version=\"13.2.7\" data-layout-id=\"4\" data-layout-category=\"slider\" data-set-id=\"soft\" data-pid=\"\" data-language=\"fr\" data-close-locale=\"Fermer\" data-review-target-width=\"300\" data-css-version=\"2\" data-reply-by-locale=\"R\u00e9ponse du propri\u00e9taire\" data-only-rating-locale=\"Cet utilisateur a uniquement laiss\u00e9 une \u00e9valuation.\" data-pager-autoplay-timeout=\"6\"> <div class=\"ti-widget-container ti-col-3\"> <div class=\"ti-reviews-container\"> <div class=\"ti-controls\"> <div class=\"ti-next\" aria-label=\"Avis suivante\" role=\"button\" tabindex=\"0\"><\/div> <div class=\"ti-prev\" aria-label=\"Avis pr\u00e9c\u00e9dent\" role=\"button\" tabindex=\"0\"><\/div> <\/div> <div class=\"ti-reviews-container-wrapper\">  <div data-empty=\"0\" data-time=\"1763856000\" class=\"ti-review-item source-Google ti-image-layout-thumbnail\" data-id=\"cfcd208495d565ef66e7dff9f98764da\"> <div class=\"ti-inner\"> <div class=\"ti-review-header\"> <div class=\"ti-platform-icon ti-with-tooltip\"> <span class=\"ti-tooltip\">Publi\u00e9 sur <\/span> <trustindex-image data-imgurl=\"https:\/\/cdn.trustindex.io\/assets\/platform\/Google\/icon.svg\" alt=\"\" width=\"20\" height=\"20\" loading=\"lazy\"><\/trustindex-image> <\/div>  <div class=\"ti-profile-details\"> <div class=\"ti-name\"> P Rulliere <\/div> <div class=\"ti-date\"><\/div> <\/div> <\/div> <span class=\"ti-stars\"><trustindex-image class=\"ti-star\" data-imgurl=\"https:\/\/cdn.trustindex.io\/assets\/platform\/Google\/star\/f.svg\" alt=\"Google\" width=\"17\" height=\"17\" loading=\"lazy\"><\/trustindex-image><trustindex-image class=\"ti-star\" data-imgurl=\"https:\/\/cdn.trustindex.io\/assets\/platform\/Google\/star\/f.svg\" alt=\"Google\" width=\"17\" height=\"17\" loading=\"lazy\"><\/trustindex-image><trustindex-image class=\"ti-star\" data-imgurl=\"https:\/\/cdn.trustindex.io\/assets\/platform\/Google\/star\/f.svg\" alt=\"Google\" width=\"17\" height=\"17\" loading=\"lazy\"><\/trustindex-image><trustindex-image class=\"ti-star\" data-imgurl=\"https:\/\/cdn.trustindex.io\/assets\/platform\/Google\/star\/f.svg\" alt=\"Google\" width=\"17\" height=\"17\" loading=\"lazy\"><\/trustindex-image><trustindex-image class=\"ti-star\" data-imgurl=\"https:\/\/cdn.trustindex.io\/assets\/platform\/Google\/star\/f.svg\" alt=\"Google\" width=\"17\" height=\"17\" loading=\"lazy\"><\/trustindex-image><span class=\"ti-verified-review ti-verified-platform\"><span class=\"ti-verified-tooltip\">Trustindex v\u00e9rifie que la source originale de l'avis est Google.<\/span><\/span><\/span> <div class=\"ti-review-text-container ti-review-content\"><!-- R-CONTENT -->tr\u00e8s agr\u00e9able s\u00e9jour fin septembre .endroit calme\net personnes agr\u00e9ables. nous reviendrons<!-- R-CONTENT --><\/div> <span class=\"ti-read-more\" data-container=\".ti-review-content\" data-collapse-text=\"Cacher\" data-open-text=\"Lire la suite\"><\/span> <\/div> <\/div>  <div data-empty=\"0\" data-time=\"1763510400\" class=\"ti-review-item source-Google ti-image-layout-thumbnail\" data-id=\"cfcd208495d565ef66e7dff9f98764da\"> <div class=\"ti-inner\"> <div class=\"ti-review-header\"> <div class=\"ti-platform-icon ti-with-tooltip\"> <span class=\"ti-tooltip\">Publi\u00e9 sur <\/span> <trustindex-image data-imgurl=\"https:\/\/cdn.trustindex.io\/assets\/platform\/Google\/icon.svg\" alt=\"\" width=\"20\" height=\"20\" loading=\"lazy\"><\/trustindex-image> <\/div>  <div class=\"ti-profile-details\"> <div class=\"ti-name\"> D Catherine <\/div> <div class=\"ti-date\"><\/div> <\/div> <\/div> <span class=\"ti-stars\"><trustindex-image class=\"ti-star\" data-imgurl=\"https:\/\/cdn.trustindex.io\/assets\/platform\/Google\/star\/f.svg\" alt=\"Google\" width=\"17\" height=\"17\" loading=\"lazy\"><\/trustindex-image><trustindex-image class=\"ti-star\" data-imgurl=\"https:\/\/cdn.trustindex.io\/assets\/platform\/Google\/star\/f.svg\" alt=\"Google\" width=\"17\" height=\"17\" loading=\"lazy\"><\/trustindex-image><trustindex-image class=\"ti-star\" data-imgurl=\"https:\/\/cdn.trustindex.io\/assets\/platform\/Google\/star\/f.svg\" alt=\"Google\" width=\"17\" height=\"17\" loading=\"lazy\"><\/trustindex-image><trustindex-image class=\"ti-star\" data-imgurl=\"https:\/\/cdn.trustindex.io\/assets\/platform\/Google\/star\/f.svg\" alt=\"Google\" width=\"17\" height=\"17\" loading=\"lazy\"><\/trustindex-image><trustindex-image class=\"ti-star\" data-imgurl=\"https:\/\/cdn.trustindex.io\/assets\/platform\/Google\/star\/f.svg\" alt=\"Google\" width=\"17\" height=\"17\" loading=\"lazy\"><\/trustindex-image><span class=\"ti-verified-review ti-verified-platform\"><span class=\"ti-verified-tooltip\">Trustindex v\u00e9rifie que la source originale de l'avis est Google.<\/span><\/span><\/span> <div class=\"ti-review-text-container ti-review-content\"><!-- R-CONTENT -->Plusieurs s\u00e9jours nous ont permis de d\u00e9couvrir et surtout d \u00eatre s\u00e9duits par ce superbe camping et surtout par toute l \u00c9quipe. La Direction familiale  et les employ\u00e9s nous ont apport\u00e9 r\u00e9activit\u00e9 efficacit\u00e9 et un service \u00e0 l \u00e9coute. Quel que soit votre probl\u00e8me ils trouveront une solution.\nLe camping est con\u00e7u pour le respect des parents des enfants et des seniors.\nL h\u00e9bergement est au top et surtout tr\u00e8s propre. Excellent rapport qualit\u00e9 prix. 5 \u00e9toiles pour la situation g\u00e9ographique et l espace aquatique et la propret\u00e9<!-- R-CONTENT --><\/div> <span class=\"ti-read-more\" data-container=\".ti-review-content\" data-collapse-text=\"Cacher\" data-open-text=\"Lire la suite\"><\/span> <\/div> <\/div>  <div data-empty=\"0\" data-time=\"1763510400\" class=\"ti-review-item source-Google ti-image-layout-thumbnail\" data-id=\"cfcd208495d565ef66e7dff9f98764da\"> <div class=\"ti-inner\"> <div class=\"ti-review-header\"> <div class=\"ti-platform-icon ti-with-tooltip\"> <span class=\"ti-tooltip\">Publi\u00e9 sur <\/span> <trustindex-image data-imgurl=\"https:\/\/cdn.trustindex.io\/assets\/platform\/Google\/icon.svg\" alt=\"\" width=\"20\" height=\"20\" loading=\"lazy\"><\/trustindex-image> <\/div>  <div class=\"ti-profile-details\"> <div class=\"ti-name\"> E FERNANDEZ <\/div> <div class=\"ti-date\"><\/div> <\/div> <\/div> <span class=\"ti-stars\"><trustindex-image class=\"ti-star\" data-imgurl=\"https:\/\/cdn.trustindex.io\/assets\/platform\/Google\/star\/f.svg\" alt=\"Google\" width=\"17\" height=\"17\" loading=\"lazy\"><\/trustindex-image><trustindex-image class=\"ti-star\" data-imgurl=\"https:\/\/cdn.trustindex.io\/assets\/platform\/Google\/star\/f.svg\" alt=\"Google\" width=\"17\" height=\"17\" loading=\"lazy\"><\/trustindex-image><trustindex-image class=\"ti-star\" data-imgurl=\"https:\/\/cdn.trustindex.io\/assets\/platform\/Google\/star\/f.svg\" alt=\"Google\" width=\"17\" height=\"17\" loading=\"lazy\"><\/trustindex-image><trustindex-image class=\"ti-star\" data-imgurl=\"https:\/\/cdn.trustindex.io\/assets\/platform\/Google\/star\/f.svg\" alt=\"Google\" width=\"17\" height=\"17\" loading=\"lazy\"><\/trustindex-image><trustindex-image class=\"ti-star\" data-imgurl=\"https:\/\/cdn.trustindex.io\/assets\/platform\/Google\/star\/f.svg\" alt=\"Google\" width=\"17\" height=\"17\" loading=\"lazy\"><\/trustindex-image><span class=\"ti-verified-review ti-verified-platform\"><span class=\"ti-verified-tooltip\">Trustindex v\u00e9rifie que la source originale de l'avis est Google.<\/span><\/span><\/span> <div class=\"ti-review-text-container ti-review-content\"><!-- R-CONTENT -->Cela fait plusieurs ann\u00e9es que je vais dans ce camping, je m'y sens bien a tout bien de vue. Que vous soyez en famille, entre amis ou seul, le camping des deux plages est juste parfait pour se ressourcer.<!-- R-CONTENT --><\/div> <span class=\"ti-read-more\" data-container=\".ti-review-content\" data-collapse-text=\"Cacher\" data-open-text=\"Lire la suite\"><\/span> <\/div> <\/div>  <div data-empty=\"0\" data-time=\"1757116800\" class=\"ti-review-item source-Google ti-image-layout-thumbnail\" data-id=\"cfcd208495d565ef66e7dff9f98764da\"> <div class=\"ti-inner\"> <div class=\"ti-review-header\"> <div class=\"ti-platform-icon ti-with-tooltip\"> <span class=\"ti-tooltip\">Publi\u00e9 sur <\/span> <trustindex-image data-imgurl=\"https:\/\/cdn.trustindex.io\/assets\/platform\/Google\/icon.svg\" alt=\"\" width=\"20\" height=\"20\" loading=\"lazy\"><\/trustindex-image> <\/div>  <div class=\"ti-profile-details\"> <div class=\"ti-name\"> T Stern <\/div> <div class=\"ti-date\"><\/div> <\/div> <\/div> <span class=\"ti-stars\"><trustindex-image class=\"ti-star\" data-imgurl=\"https:\/\/cdn.trustindex.io\/assets\/platform\/Google\/star\/f.svg\" alt=\"Google\" width=\"17\" height=\"17\" loading=\"lazy\"><\/trustindex-image><trustindex-image class=\"ti-star\" data-imgurl=\"https:\/\/cdn.trustindex.io\/assets\/platform\/Google\/star\/f.svg\" alt=\"Google\" width=\"17\" height=\"17\" loading=\"lazy\"><\/trustindex-image><trustindex-image class=\"ti-star\" data-imgurl=\"https:\/\/cdn.trustindex.io\/assets\/platform\/Google\/star\/f.svg\" alt=\"Google\" width=\"17\" height=\"17\" loading=\"lazy\"><\/trustindex-image><trustindex-image class=\"ti-star\" data-imgurl=\"https:\/\/cdn.trustindex.io\/assets\/platform\/Google\/star\/f.svg\" alt=\"Google\" width=\"17\" height=\"17\" loading=\"lazy\"><\/trustindex-image><trustindex-image class=\"ti-star\" data-imgurl=\"https:\/\/cdn.trustindex.io\/assets\/platform\/Google\/star\/f.svg\" alt=\"Google\" width=\"17\" height=\"17\" loading=\"lazy\"><\/trustindex-image><span class=\"ti-verified-review ti-verified-platform\"><span class=\"ti-verified-tooltip\">Trustindex v\u00e9rifie que la source originale de l'avis est Google.<\/span><\/span><\/span> <div class=\"ti-review-text-container ti-review-content\"><!-- R-CONTENT -->Un camping superbe calme  , animations au top. La brasserie est tr\u00e8s bonne . J'ai trouv\u00e9 mes vacances pour l'ann\u00e9e prochaine qui est au camping des 2 plages \ud83e\udd70\u263a\ufe0f<!-- R-CONTENT --><\/div> <span class=\"ti-read-more\" data-container=\".ti-review-content\" data-collapse-text=\"Cacher\" data-open-text=\"Lire la suite\"><\/span> <\/div> <\/div>  <\/div> <div class=\"ti-controls-line\"> <div class=\"dot\"><\/div> <\/div> <\/div>    <\/div> <\/div> <\/template><\/pre><div data-src=\"https:\/\/cdn.trustindex.io\/loader.js?wp-widget\" data-template-id=\"trustindex-google-widget-html\" data-css-url=\"https:\/\/www.campingdes2plages.fr\/wp-content\/uploads\/trustindex-google-widget.css?1768985821\"><\/div>\n\n\n\n<figure class=\"wp-block-image size-full background-image\"><img decoding=\"async\" width=\"615\" height=\"622\" src=\"https:\/\/www.campingdes2plages.fr\/wp-content\/uploads\/2025\/11\/dessin-coquillages-fond.webp\" alt=\"schelp design achtergrond\" class=\"wp-image-297\" srcset=\"https:\/\/www.campingdes2plages.fr\/wp-content\/uploads\/2025\/11\/dessin-coquillages-fond.webp 615w, https:\/\/www.campingdes2plages.fr\/wp-content\/uploads\/2025\/11\/dessin-coquillages-fond-297x300.webp 297w\" sizes=\"(max-width: 615px) 100vw, 615px\" \/><\/figure>\n<\/div>\n<\/div>\n\n\n\n<div class=\"wp-block-group section-maillage has-global-padding is-layout-constrained wp-container-core-group-is-layout-b07b1a8a wp-block-group-is-layout-constrained\" style=\"padding-top:0px;padding-right:1rem;padding-bottom:0rem;padding-left:1rem\">\n<div class=\"wp-block-group top has-custom-color-3-background-color has-background has-global-padding is-layout-constrained wp-container-core-group-is-layout-a3553d93 wp-block-group-is-layout-constrained\" style=\"margin-top:0px;margin-bottom:0px;padding-top:4rem;padding-right:4rem;padding-bottom:4rem;padding-left:4rem\">\n<div class=\"wp-block-group is-content-justification-center is-nowrap is-layout-flex wp-container-core-group-is-layout-06d12f70 wp-block-group-is-layout-flex\">\n<figure class=\"wp-block-image size-full is-resized\"><img decoding=\"async\" width=\"21\" height=\"21\" src=\"https:\/\/www.campingdes2plages.fr\/wp-content\/uploads\/2025\/11\/etoile-custom-beige.svg\" alt=\"aangepaste beige ster\" class=\"wp-image-223\" style=\"object-fit:contain;width:21px;height:21px\"\/><\/figure>\n\n\n\n<p class=\"has-custom-color-4-color has-text-color has-link-color wp-elements-90461c54378553d6ccf527e55965c161\" style=\"font-size:clamp(0.875rem, 0.875rem + ((1vw - 0.2rem) * 0.525), 1.19rem);font-style:normal;font-weight:400;text-transform:uppercase\">Lees meer<\/p>\n<\/div>\n\n\n\n<p class=\"has-text-align-center has-custom-color-1-color has-text-color has-link-color has-calming-font-family wp-elements-899d00bd6e524b14200062209fe8d1f6\" style=\"font-size:clamp(2.423rem, 2.423rem + ((1vw - 0.2rem) * 3.483), 4.513rem);line-height:1;text-transform:uppercase\">Ontdek Royan<\/p>\n\n\n\n<figure class=\"wp-block-image aligncenter size-large\"><img decoding=\"async\" width=\"264\" height=\"22\" src=\"https:\/\/www.campingdes2plages.fr\/wp-content\/uploads\/2025\/11\/ligne-horizontale-et-point-beige.svg\" alt=\"horizontale lijn en beige stip\" class=\"wp-image-377\"\/><\/figure>\n<\/div>\n\n\n\n<figure class=\"wp-block-image size-large arrow-slider-prev\"><img decoding=\"async\" width=\"87\" height=\"11\" src=\"https:\/\/www.campingdes2plages.fr\/wp-content\/uploads\/2025\/11\/fleche-longue-gauche-beige.svg\" alt=\"pijl lang links beige\" class=\"wp-image-351\"\/><\/figure>\n\n\n\n<figure class=\"wp-block-image size-large arrow-slider-next\"><img decoding=\"async\" width=\"87\" height=\"11\" src=\"https:\/\/www.campingdes2plages.fr\/wp-content\/uploads\/2025\/11\/fleche-longue-droite-beige.svg\" alt=\"beige lange rechte pijl\" class=\"wp-image-347\"\/><\/figure>\n\n\n\n<div data-swiper=\"{&quot;speed&quot;:400,&quot;spaceBetween&quot;:16,&quot;slidesPerView&quot;:3,&quot;createElements&quot;:true,&quot;loop&quot;:true,&quot;freemode&quot;:true,&quot;navigation&quot;:{&quot;nextEl&quot;:&quot;.section-maillage .arrow-slider-next&quot;,&quot;prevEl&quot;:&quot;.section-maillage .arrow-slider-prev&quot;},&quot;pagination&quot;:{&quot;el&quot;:&quot;.swiper-pagination&quot;,&quot;dynamicBullets&quot;:true},&quot;breakpoints&quot;:{&quot;0&quot;:{&quot;slidesPerView&quot;:1},&quot;768&quot;:{&quot;slidesPerView&quot;:2},&quot;1024&quot;:{&quot;slidesPerView&quot;:2},&quot;1025&quot;:{&quot;slidesPerView&quot;:3}},&quot;autoplay&quot;:{&quot;delay&quot;:3000}}\" data-wp-context=\"{}\" data-wp-interactive=\"core\/query\" data-wp-key=\"1\" data-wp-router-region=\"query-1\" class=\"wp-block-query alignwide gt-fse-maillage-query gt-is-slider gt-is-slider-desktop is-layout-flow wp-block-query-is-layout-flow\"><ul class=\"columns-3 wp-block-post-template is-layout-grid wp-container-core-post-template-is-layout-6d3fbd8f wp-block-post-template-is-layout-grid\"><li data-wp-key=\"post-template-item-6558\" class=\"wp-block-post post-6558 page type-page status-publish has-post-thumbnail hentry\">\n<a href=\"https:\/\/www.campingdes2plages.fr\/nl\/camping-royan\/weekend-royan\/\"    class=\"wp-block-tiptip-hyperlink-group-block\" >\n<div data-swiper=\"{&quot;speed&quot;:1000,&quot;autoplay&quot;:{&quot;delay&quot;:5000,&quot;disableOnInteraction&quot;:false},&quot;spaceBetween&quot;:0,&quot;slidesPerView&quot;:1,&quot;pagination&quot;:{&quot;el&quot;:&quot;.swiper-pagination&quot;,&quot;dynamicBullets&quot;:true,&quot;clickable&quot;:true,&quot;type&quot;:&quot;bullets&quot;},&quot;navigation&quot;:{&quot;nextEl&quot;:&quot;.swiper-button-next&quot;,&quot;prevEl&quot;:&quot;.swiper-button-prev&quot;},&quot;breakpoints&quot;:[{&quot;slidesPerView&quot;:1}]}\" class=\"wp-block-cover\" style=\"border-radius:15px\"><span aria-hidden=\"true\" class=\"wp-block-cover__background has-background-dim-60 has-background-dim has-background-gradient\" style=\"background:linear-gradient(0deg,rgb(0,0,0) 0%,rgba(255,255,255,0) 100%)\"><\/span><img decoding=\"async\" width=\"1920\" height=\"1233\" src=\"https:\/\/www.campingdes2plages.fr\/wp-content\/uploads\/2026\/01\/visite-royan-sejour-en-famille.jpg\" class=\"wp-block-cover__image-background wp-post-image\" alt=\"\" data-object-fit=\"cover\" srcset=\"https:\/\/www.campingdes2plages.fr\/wp-content\/uploads\/2026\/01\/visite-royan-sejour-en-famille.jpg 1920w, https:\/\/www.campingdes2plages.fr\/wp-content\/uploads\/2026\/01\/visite-royan-sejour-en-famille-300x193.jpg 300w, https:\/\/www.campingdes2plages.fr\/wp-content\/uploads\/2026\/01\/visite-royan-sejour-en-famille-1024x658.jpg 1024w, https:\/\/www.campingdes2plages.fr\/wp-content\/uploads\/2026\/01\/visite-royan-sejour-en-famille-768x493.jpg 768w, https:\/\/www.campingdes2plages.fr\/wp-content\/uploads\/2026\/01\/visite-royan-sejour-en-famille-1536x986.jpg 1536w\" sizes=\"(max-width: 1920px) 100vw, 1920px\" \/><div class=\"wp-block-cover__inner-container has-global-padding is-layout-constrained wp-container-core-cover-is-layout-12243e0f wp-block-cover-is-layout-constrained\">\n<div class=\"wp-block-group has-global-padding is-layout-constrained wp-block-group-is-layout-constrained\">\n<div class=\"wp-block-group icon has-custom-color-4-background-color has-background has-global-padding is-layout-constrained wp-container-core-group-is-layout-12243e0f wp-block-group-is-layout-constrained\" style=\"border-radius:7px\">\n<figure class=\"wp-block-image size-full is-resized wp-duotone-ffebb3-ffebb3-23\"><img decoding=\"async\" width=\"21\" height=\"21\" src=\"https:\/\/www.campingdes2plages.fr\/wp-content\/uploads\/2025\/11\/etoile-custom-beige.svg\" alt=\"aangepaste beige ster\" class=\"wp-image-223\" style=\"object-fit:contain;width:26px;height:26px\"\/><\/figure>\n<\/div>\n<\/div>\n\n\n\n<p class=\"has-text-align-center has-base-2-color has-text-color has-link-color has-sosro-font-family wp-elements-593a53d62fc65b81e1f9dd19e68ef6d2\" style=\"font-size:clamp(2.089rem, 2.089rem + ((1vw - 0.2rem) * 2.768), 3.75rem);line-height:1\">Weekendje Royan<\/p>\n<\/div><\/div>\n<\/a>\n<\/li><li data-wp-key=\"post-template-item-4151\" class=\"wp-block-post post-4151 page type-page status-publish has-post-thumbnail hentry\">\n<a href=\"https:\/\/www.campingdes2plages.fr\/nl\/toerisme-charente-maritime\/royan-ontdeken\/\"    class=\"wp-block-tiptip-hyperlink-group-block\" >\n<div data-swiper=\"{&quot;speed&quot;:1000,&quot;autoplay&quot;:{&quot;delay&quot;:5000,&quot;disableOnInteraction&quot;:false},&quot;spaceBetween&quot;:0,&quot;slidesPerView&quot;:1,&quot;pagination&quot;:{&quot;el&quot;:&quot;.swiper-pagination&quot;,&quot;dynamicBullets&quot;:true,&quot;clickable&quot;:true,&quot;type&quot;:&quot;bullets&quot;},&quot;navigation&quot;:{&quot;nextEl&quot;:&quot;.swiper-button-next&quot;,&quot;prevEl&quot;:&quot;.swiper-button-prev&quot;},&quot;breakpoints&quot;:[{&quot;slidesPerView&quot;:1}]}\" class=\"wp-block-cover\" style=\"border-radius:15px\"><span aria-hidden=\"true\" class=\"wp-block-cover__background has-background-dim-60 has-background-dim has-background-gradient\" style=\"background:linear-gradient(0deg,rgb(0,0,0) 0%,rgba(255,255,255,0) 100%)\"><\/span><img decoding=\"async\" width=\"1920\" height=\"1038\" src=\"https:\/\/www.campingdes2plages.fr\/wp-content\/uploads\/2026\/01\/royan.jpg\" class=\"wp-block-cover__image-background wp-post-image\" alt=\"royan\" data-object-fit=\"cover\" srcset=\"https:\/\/www.campingdes2plages.fr\/wp-content\/uploads\/2026\/01\/royan.jpg 1920w, https:\/\/www.campingdes2plages.fr\/wp-content\/uploads\/2026\/01\/royan-300x162.jpg 300w, https:\/\/www.campingdes2plages.fr\/wp-content\/uploads\/2026\/01\/royan-1024x554.jpg 1024w, https:\/\/www.campingdes2plages.fr\/wp-content\/uploads\/2026\/01\/royan-768x415.jpg 768w, https:\/\/www.campingdes2plages.fr\/wp-content\/uploads\/2026\/01\/royan-1536x830.jpg 1536w\" sizes=\"(max-width: 1920px) 100vw, 1920px\" \/><div class=\"wp-block-cover__inner-container has-global-padding is-layout-constrained wp-container-core-cover-is-layout-12243e0f wp-block-cover-is-layout-constrained\">\n<div class=\"wp-block-group has-global-padding is-layout-constrained wp-block-group-is-layout-constrained\">\n<div class=\"wp-block-group icon has-custom-color-4-background-color has-background has-global-padding is-layout-constrained wp-container-core-group-is-layout-12243e0f wp-block-group-is-layout-constrained\" style=\"border-radius:7px\">\n<figure class=\"wp-block-image size-full is-resized wp-duotone-ffebb3-ffebb3-25\"><img decoding=\"async\" width=\"21\" height=\"21\" src=\"https:\/\/www.campingdes2plages.fr\/wp-content\/uploads\/2025\/11\/etoile-custom-beige.svg\" alt=\"aangepaste beige ster\" class=\"wp-image-223\" style=\"object-fit:contain;width:26px;height:26px\"\/><\/figure>\n<\/div>\n<\/div>\n\n\n\n<p class=\"has-text-align-center has-base-2-color has-text-color has-link-color has-sosro-font-family wp-elements-593a53d62fc65b81e1f9dd19e68ef6d2\" style=\"font-size:clamp(2.089rem, 2.089rem + ((1vw - 0.2rem) * 2.768), 3.75rem);line-height:1\">Royan<\/p>\n<\/div><\/div>\n<\/a>\n<\/li><li data-wp-key=\"post-template-item-4391\" class=\"wp-block-post post-4391 page type-page status-publish has-post-thumbnail hentry\">\n<a href=\"https:\/\/www.campingdes2plages.fr\/nl\/toerisme-charente-maritime\/gasthuis-royan\/\"    class=\"wp-block-tiptip-hyperlink-group-block\" >\n<div data-swiper=\"{&quot;speed&quot;:1000,&quot;autoplay&quot;:{&quot;delay&quot;:5000,&quot;disableOnInteraction&quot;:false},&quot;spaceBetween&quot;:0,&quot;slidesPerView&quot;:1,&quot;pagination&quot;:{&quot;el&quot;:&quot;.swiper-pagination&quot;,&quot;dynamicBullets&quot;:true,&quot;clickable&quot;:true,&quot;type&quot;:&quot;bullets&quot;},&quot;navigation&quot;:{&quot;nextEl&quot;:&quot;.swiper-button-next&quot;,&quot;prevEl&quot;:&quot;.swiper-button-prev&quot;},&quot;breakpoints&quot;:[{&quot;slidesPerView&quot;:1}]}\" class=\"wp-block-cover\" style=\"border-radius:15px\"><span aria-hidden=\"true\" class=\"wp-block-cover__background has-background-dim-60 has-background-dim has-background-gradient\" style=\"background:linear-gradient(0deg,rgb(0,0,0) 0%,rgba(255,255,255,0) 100%)\"><\/span><img decoding=\"async\" width=\"1920\" height=\"1280\" src=\"https:\/\/www.campingdes2plages.fr\/wp-content\/uploads\/2026\/01\/restaurant-royan.jpg\" class=\"wp-block-cover__image-background wp-post-image\" alt=\"restaurant royan\" data-object-fit=\"cover\" srcset=\"https:\/\/www.campingdes2plages.fr\/wp-content\/uploads\/2026\/01\/restaurant-royan.jpg 1920w, https:\/\/www.campingdes2plages.fr\/wp-content\/uploads\/2026\/01\/restaurant-royan-300x200.jpg 300w, https:\/\/www.campingdes2plages.fr\/wp-content\/uploads\/2026\/01\/restaurant-royan-1024x683.jpg 1024w, https:\/\/www.campingdes2plages.fr\/wp-content\/uploads\/2026\/01\/restaurant-royan-768x512.jpg 768w, https:\/\/www.campingdes2plages.fr\/wp-content\/uploads\/2026\/01\/restaurant-royan-1536x1024.jpg 1536w\" sizes=\"(max-width: 1920px) 100vw, 1920px\" \/><div class=\"wp-block-cover__inner-container has-global-padding is-layout-constrained wp-container-core-cover-is-layout-12243e0f wp-block-cover-is-layout-constrained\">\n<div class=\"wp-block-group has-global-padding is-layout-constrained wp-block-group-is-layout-constrained\">\n<div class=\"wp-block-group icon has-custom-color-4-background-color has-background has-global-padding is-layout-constrained wp-container-core-group-is-layout-12243e0f wp-block-group-is-layout-constrained\" style=\"border-radius:7px\">\n<figure class=\"wp-block-image size-full is-resized wp-duotone-ffebb3-ffebb3-27\"><img decoding=\"async\" width=\"21\" height=\"21\" src=\"https:\/\/www.campingdes2plages.fr\/wp-content\/uploads\/2025\/11\/etoile-custom-beige.svg\" alt=\"aangepaste beige ster\" class=\"wp-image-223\" style=\"object-fit:contain;width:26px;height:26px\"\/><\/figure>\n<\/div>\n<\/div>\n\n\n\n<p class=\"has-text-align-center has-base-2-color has-text-color has-link-color has-sosro-font-family wp-elements-593a53d62fc65b81e1f9dd19e68ef6d2\" style=\"font-size:clamp(2.089rem, 2.089rem + ((1vw - 0.2rem) * 2.768), 3.75rem);line-height:1\">Restaurant Royan<\/p>\n<\/div><\/div>\n<\/a>\n<\/li><\/ul><\/div>\n<\/div>\n","protected":false},"excerpt":{"rendered":"<p>camping Royan Camping dichtbij Royan Onze camping bij Royan ligt op 600m van de stranden en biedt een bevoorrechte omgeving: Dicht bij het centrum Dichtbij het strand Verwarmd tot 30\u00b0C Overdekt Zwembad Geniet van een overdekt en verwarmd Zwembad op een camping bij Royan Om optimaal te profiteren van uw vakantie op een steenworp afstand [&hellip;]<\/p>\n","protected":false},"author":1,"featured_media":3797,"parent":0,"menu_order":0,"comment_status":"closed","ping_status":"closed","template":"","meta":{"_acf_changed":false,"_seopress_robots_primary_cat":"","_seopress_titles_title":"Camping Royan : 5-sterren camping bij Royan in Charente-Maritime","_seopress_titles_desc":"Verblijf op onze 5-sterrencamping in de buurt van Royan: Stacaravan, zwembad, gezinsanimatie en stranden op 600 m.","_seopress_robots_index":"","inline_featured_image":false,"gt_fse_maillage_image":"https:\/\/www.campingdes2plages.fr\/wp-content\/uploads\/2026\/01\/qualite-tourisme-camping-des-2-plages.jpg","gt_fse_maillage_titre":"Camping Le Ferme","gt_fse_maillage_alt":"kwaliteit toerisme camping des 2 plages","gt_fse_maillage_resume":"","footnotes":""},"categories":[],"tags":[],"class_list":["post-6513","page","type-page","status-publish","has-post-thumbnail","hentry"],"acf":[],"_links":{"self":[{"href":"https:\/\/www.campingdes2plages.fr\/nl\/wp-json\/wp\/v2\/pages\/6513","targetHints":{"allow":["GET"]}}],"collection":[{"href":"https:\/\/www.campingdes2plages.fr\/nl\/wp-json\/wp\/v2\/pages"}],"about":[{"href":"https:\/\/www.campingdes2plages.fr\/nl\/wp-json\/wp\/v2\/types\/page"}],"author":[{"embeddable":true,"href":"https:\/\/www.campingdes2plages.fr\/nl\/wp-json\/wp\/v2\/users\/1"}],"replies":[{"embeddable":true,"href":"https:\/\/www.campingdes2plages.fr\/nl\/wp-json\/wp\/v2\/comments?post=6513"}],"version-history":[{"count":10,"href":"https:\/\/www.campingdes2plages.fr\/nl\/wp-json\/wp\/v2\/pages\/6513\/revisions"}],"predecessor-version":[{"id":6799,"href":"https:\/\/www.campingdes2plages.fr\/nl\/wp-json\/wp\/v2\/pages\/6513\/revisions\/6799"}],"wp:featuredmedia":[{"embeddable":true,"href":"https:\/\/www.campingdes2plages.fr\/nl\/wp-json\/wp\/v2\/media\/3797"}],"wp:attachment":[{"href":"https:\/\/www.campingdes2plages.fr\/nl\/wp-json\/wp\/v2\/media?parent=6513"}],"wp:term":[{"taxonomy":"category","embeddable":true,"href":"https:\/\/www.campingdes2plages.fr\/nl\/wp-json\/wp\/v2\/categories?post=6513"},{"taxonomy":"post_tag","embeddable":true,"href":"https:\/\/www.campingdes2plages.fr\/nl\/wp-json\/wp\/v2\/tags?post=6513"}],"curies":[{"name":"wp","href":"https:\/\/api.w.org\/{rel}","templated":true}]}}