{"id":6612,"date":"2026-01-05T16:01:31","date_gmt":"2026-01-05T15:01:31","guid":{"rendered":"https:\/\/www.campingdes2plages.fr\/camping-royan-piscine-chauffee\/"},"modified":"2026-04-02T09:06:53","modified_gmt":"2026-04-02T07:06:53","slug":"camping-royan-piscine-chauffee","status":"publish","type":"page","link":"https:\/\/www.campingdes2plages.fr\/nl\/camping-royan\/camping-royan-piscine-chauffee\/","title":{"rendered":"Camping Royan met zwembad"},"content":{"rendered":"\n<div class=\"wp-block-group gt_1-cta-1photo_005 has-global-padding is-layout-constrained wp-container-core-group-is-layout-95847c2b wp-block-group-is-layout-constrained\" style=\"padding-top:4rem;padding-right:5rem;padding-bottom:6rem;padding-left:5rem\">\n<div class=\"wp-block-columns are-vertically-aligned-center is-layout-flex wp-container-core-columns-is-layout-2ce42527 wp-block-columns-is-layout-flex\">\n<div class=\"wp-block-column is-vertically-aligned-center left animated slideInLeft is-layout-flow wp-block-column-is-layout-flow\">\n<figure class=\"wp-block-image size-full has-custom-border img-1\"><img decoding=\"async\" width=\"1920\" height=\"1280\" src=\"https:\/\/www.campingdes2plages.fr\/wp-content\/uploads\/2026\/01\/camping-parc-aquatique-saint-palais-sur-mer.jpg\" alt=\"camping parc aquatique saint palais sur mer\" class=\"wp-image-2888\" style=\"border-radius:15px\" srcset=\"https:\/\/www.campingdes2plages.fr\/wp-content\/uploads\/2026\/01\/camping-parc-aquatique-saint-palais-sur-mer.jpg 1920w, https:\/\/www.campingdes2plages.fr\/wp-content\/uploads\/2026\/01\/camping-parc-aquatique-saint-palais-sur-mer-300x200.jpg 300w, https:\/\/www.campingdes2plages.fr\/wp-content\/uploads\/2026\/01\/camping-parc-aquatique-saint-palais-sur-mer-1024x683.jpg 1024w, https:\/\/www.campingdes2plages.fr\/wp-content\/uploads\/2026\/01\/camping-parc-aquatique-saint-palais-sur-mer-768x512.jpg 768w, https:\/\/www.campingdes2plages.fr\/wp-content\/uploads\/2026\/01\/camping-parc-aquatique-saint-palais-sur-mer-1536x1024.jpg 1536w\" sizes=\"(max-width: 1920px) 100vw, 1920px\" \/><\/figure>\n\n\n\n<figure class=\"wp-block-image size-full has-custom-border img-2\" style=\"margin-top:0px;margin-bottom:0px\"><img decoding=\"async\" width=\"1000\" height=\"664\" src=\"https:\/\/www.campingdes2plages.fr\/wp-content\/uploads\/2026\/01\/decouvrez-les-activites-aquatiques-du-camping.jpeg\" alt=\"ontdek de wateractiviteiten van de camping\" class=\"wp-image-2917\" style=\"border-radius:15px\" srcset=\"https:\/\/www.campingdes2plages.fr\/wp-content\/uploads\/2026\/01\/decouvrez-les-activites-aquatiques-du-camping.jpeg 1000w, https:\/\/www.campingdes2plages.fr\/wp-content\/uploads\/2026\/01\/decouvrez-les-activites-aquatiques-du-camping-300x199.jpeg 300w, https:\/\/www.campingdes2plages.fr\/wp-content\/uploads\/2026\/01\/decouvrez-les-activites-aquatiques-du-camping-768x510.jpeg 768w\" sizes=\"(max-width: 1000px) 100vw, 1000px\" \/><\/figure>\n\n\n\n<figure class=\"wp-block-image size-full has-custom-border img-3\" style=\"margin-top:0px;margin-bottom:0px\"><img decoding=\"async\" width=\"1160\" height=\"1376\" src=\"https:\/\/www.campingdes2plages.fr\/wp-content\/uploads\/2026\/01\/fond-metallique.jpg\" alt=\"metalen bodem\" class=\"wp-image-3337\" style=\"border-radius:0px\" srcset=\"https:\/\/www.campingdes2plages.fr\/wp-content\/uploads\/2026\/01\/fond-metallique.jpg 1160w, https:\/\/www.campingdes2plages.fr\/wp-content\/uploads\/2026\/01\/fond-metallique-253x300.jpg 253w, https:\/\/www.campingdes2plages.fr\/wp-content\/uploads\/2026\/01\/fond-metallique-863x1024.jpg 863w, https:\/\/www.campingdes2plages.fr\/wp-content\/uploads\/2026\/01\/fond-metallique-768x911.jpg 768w\" sizes=\"(max-width: 1160px) 100vw, 1160px\" \/><\/figure>\n<\/div>\n\n\n\n<div class=\"wp-block-column is-vertically-aligned-center right animated slideInUp is-layout-flow wp-block-column-is-layout-flow\" style=\"padding-right:5rem\">\n<div class=\"wp-block-group is-nowrap is-layout-flex wp-container-core-group-is-layout-4b0a85f0 wp-block-group-is-layout-flex\">\n<figure class=\"wp-block-image size-full is-resized\"><img decoding=\"async\" width=\"21\" height=\"21\" src=\"https:\/\/www.campingdes2plages.fr\/wp-content\/uploads\/2025\/11\/etoile-custom-beige.svg\" alt=\"aangepaste beige ster\" class=\"wp-image-223\" style=\"object-fit:contain;width:21px;height:21px\"\/><\/figure>\n\n\n\n<p class=\"has-custom-color-4-color has-text-color has-link-color wp-elements-95f73ae7dc843c608ea1089178f7b904\" style=\"font-size:clamp(0.875rem, 0.875rem + ((1vw - 0.2rem) * 0.525), 1.19rem);font-style:normal;font-weight:400;text-transform:uppercase\">zwembad<\/p>\n<\/div>\n\n\n\n<h1 class=\"wp-block-heading has-calming-font-family\" style=\"font-size:clamp(2.178rem, 2.178rem + ((1vw - 0.2rem) * 2.953), 3.95rem);line-height:1;text-transform:uppercase\">Camping Royan met zwembad<\/h1>\n\n\n\n<div class=\"wp-block-group content has-global-padding is-layout-constrained wp-container-core-group-is-layout-bfec7e37 wp-block-group-is-layout-constrained\" style=\"margin-top:0px;margin-bottom:0px;padding-top:4rem;padding-right:5rem;padding-bottom:4rem\">\n<p style=\"margin-bottom:var(--wp--preset--spacing--40)\">Bent u van plan uw vakantie in Royan optimaal te benutten om een streek met een rijk cultureel erfgoed te ontdekken en te ontspannen op een locatie die de grootste campings waardig is? Dan is een <strong>camping in de buurt van Royan met een zwembad<\/strong> precies wat u nodig hebt! Het zwemparadijs van uw <a href=\"\/\">5-sterrencamping in Saint-Palais-sur-Mer<\/a> is de perfecte plek om te genieten en te ontspannen. <strong>Verwarmd<\/strong> en <strong>overdekt<\/strong> <strong>zwembad<\/strong>, <strong>glijbanen<\/strong>, <strong>aqualudisch gedeelte<\/strong> en animatie wachten op u op Camping des 2 Plages.  <\/p>\n\n\n\n<h2 class=\"wp-block-heading\"><strong>Het waterpark en de glijbanen<\/strong><\/h2>\n\n\n\n<figure class=\"wp-block-image aligncenter size-large\"><img decoding=\"async\" width=\"264\" height=\"22\" src=\"https:\/\/www.campingdes2plages.fr\/wp-content\/uploads\/2025\/11\/ligne-horizontale-et-point-beige.svg\" alt=\"horizontale lijn en beige stip\" class=\"wp-image-377\"\/><\/figure>\n\n\n\n    <div id=\"gt-fse-lire-plus-1\"\n         class=\"gt-fse-lire-plus\"\n         data-min-height=\"130\"\n         style=\"background-color: #f9f9f9;\">\n\n        <input id=\"gt-fse-lire-plus-1-toggle\"\n               type=\"checkbox\"\n               class=\"gt-fse-lire-plus__toggle\" \/>\n\n        <label for=\"gt-fse-lire-plus-1-toggle\"\n               class=\"gt-fse-lire-plus__toggle-label\">\n            <span>Meer lezen<\/span>\n            <span>Meer lezen<\/span>\n        <\/label>\n\n        <div class=\"gt-fse-lire-plus__content\"\n             style=\"height: 130px;\">\n\n            \n\n<p>Een vakantie in de Charente Maritime is een gelegenheid om mooie herinneringen te cre\u00ebren voor jong en oud. Profiteer dus van je verblijf op <strong>camping Royan met zwembad<\/strong> om je te vermaken, ongeacht je leeftijd! In ons <strong>waterpark<\/strong> vind je een zone die speciaal voor kinderen is ingericht. Sinds 2021 vermaken <strong>waterstralen<\/strong>, <strong>glijbanen<\/strong>, <strong>emmers<\/strong> en <strong>waterpistolen<\/strong> de allerkleinsten in de<strong>veilige<\/strong> en kleurrijke<strong>waterspeeltuin<\/strong> die voor hen is gereserveerd.   <\/p>\n\n\n\n<p>Onder toezicht van hun ouders kunnen de kleintjes de <strong>geneugten van het water<\/strong> ontdekken! Er is ook een <strong>strand<\/strong> met ligstoelen en parasols aan de rand van het<strong>aqualudische gebied<\/strong>, zodat je kunt ontspannen en tegelijkertijd van de glijbanen van je kinderen kunt genieten.<\/p>\n\n\n\n<p>Tieners zullen waarschijnlijk liever rondspetteren in het <strong>zwembad<\/strong> voor volwassenen, waar ze verschillende <strong>waterspelletjes<\/strong> kunnen doen of hun <strong>kruipvaardigheden<\/strong> kunnen perfectioneren. Ze zullen zeker genieten van een duik in het <strong>verwarmde binnenzwembad<\/strong> of het buitenzwembad, terwijl ze gebruik maken van <strong>de glijbanen<\/strong> die voor iedereen beschikbaar zijn. Dit alles terwijl ze nieuwe vriendjes maken op onze <a href=\"https:\/\/www.campingdes2plages.fr\/nl\/camping-royan\/\">camping bij Royan<\/a>!  <\/p>\n\n\n            <div class=\"gt-fse-lire-plus__gradient\"\n                 style=\"background: linear-gradient(to bottom, rgba(249,249,249,0) 0%, rgba(249,249,249,1) 100%);\"><\/div>\n        <\/div>\n\n    <\/div>\n\n    <\/div>\n<\/div>\n<\/div>\n\n\n\n<figure class=\"wp-block-image size-full background-image\"><img decoding=\"async\" width=\"615\" height=\"622\" src=\"https:\/\/www.campingdes2plages.fr\/wp-content\/uploads\/2025\/11\/dessin-coquillages-fond.webp\" alt=\"schelp design achtergrond\" class=\"wp-image-297\" style=\"aspect-ratio:1;object-fit:contain\" srcset=\"https:\/\/www.campingdes2plages.fr\/wp-content\/uploads\/2025\/11\/dessin-coquillages-fond.webp 615w, https:\/\/www.campingdes2plages.fr\/wp-content\/uploads\/2025\/11\/dessin-coquillages-fond-297x300.webp 297w\" sizes=\"(max-width: 615px) 100vw, 615px\" \/><\/figure>\n<\/div>\n\n<div class=\"wp-block-group gt_1-cta-1photofull_001 has-global-padding is-layout-constrained wp-container-core-group-is-layout-f2b0cc95 wp-block-group-is-layout-constrained\" style=\"margin-top:0px;margin-bottom:0px;padding-right:2rem;padding-left:2rem\">\n<div class=\"wp-block-cover is-light gt-multiple-images-cover has-slider\" style=\"border-radius:25px;min-height:100vh;aspect-ratio:unset;\" data-image-ids=\"[2996]\"><div class=\"gt-is-slider swiper-container\" data-swiper=\"{&quot;speed&quot;:1000,&quot;autoplay&quot;:{&quot;delay&quot;:5000,&quot;disableOnInteraction&quot;:false},&quot;spaceBetween&quot;:0,&quot;slidesPerView&quot;:1,&quot;pagination&quot;:{&quot;el&quot;:&quot;.swiper-pagination&quot;,&quot;dynamicBullets&quot;:true,&quot;clickable&quot;:true,&quot;type&quot;:&quot;bullets&quot;},&quot;navigation&quot;:{&quot;nextEl&quot;:&quot;.gt_1-cta-1photofull_001 .arrow-slider-next&quot;,&quot;prevEl&quot;:&quot;.gt_1-cta-1photofull_001 .arrow-slider-prev&quot;},&quot;breakpoints&quot;:[{&quot;slidesPerView&quot;:1}],&quot;effect&quot;:&quot;fade&quot;}\"><div class=\"swiper-wrapper\"><div class=\"swiper-slide\"><img decoding=\"async\" src=\"https:\/\/www.campingdes2plages.fr\/wp-content\/uploads\/2026\/01\/services-camping-raoyan.jpg\" alt=\"services camping raoyan\" class=\"gt-cover-image\" \/><\/div><\/div><\/div><span aria-hidden=\"true\" class=\"wp-block-cover__background has-background-dim-0 has-background-dim\"><\/span><div class=\"wp-block-cover__inner-container has-global-padding is-layout-constrained wp-container-core-cover-is-layout-12243e0f wp-block-cover-is-layout-constrained\">\n<figure class=\"wp-block-image size-large arrow-slider-prev\"><img decoding=\"async\" width=\"87\" height=\"11\" src=\"https:\/\/www.campingdes2plages.fr\/wp-content\/uploads\/2025\/11\/fleche-longue-gauche-beige.svg\" alt=\"pijl lang links beige\" class=\"wp-image-351\"\/><\/figure>\n\n\n\n<figure class=\"wp-block-image size-large arrow-slider-next\"><img decoding=\"async\" width=\"87\" height=\"11\" src=\"https:\/\/www.campingdes2plages.fr\/wp-content\/uploads\/2025\/11\/fleche-longue-droite-beige.svg\" alt=\"beige lange rechte pijl\" class=\"wp-image-347\"\/><\/figure>\n\n\n\n<div class=\"wp-block-group content has-custom-color-1-background-color has-background has-global-padding is-layout-constrained wp-container-core-group-is-layout-3087699c wp-block-group-is-layout-constrained\" style=\"border-radius:25px;padding-top:0rem;padding-right:6rem;padding-bottom:4rem;padding-left:6rem\">\n<figure class=\"wp-block-image aligncenter size-large\"><img decoding=\"async\" width=\"22\" height=\"122\" src=\"https:\/\/www.campingdes2plages.fr\/wp-content\/uploads\/2025\/11\/ligne-verticale-et-point-beige.svg\" alt=\"verticale lijn en beige stip\" class=\"wp-image-334\"\/><\/figure>\n\n\n\n<p class=\"has-text-align-center animated slideInUp has-custom-color-3-color has-text-color has-link-color has-calming-font-family wp-elements-412f3d6ee7847356d9817299bd5b0c97\" style=\"font-size:clamp(2.178rem, 2.178rem + ((1vw - 0.2rem) * 2.953), 3.95rem);line-height:1;text-transform:uppercase\">Aquatisch<\/p>\n\n\n\n<h2 class=\"wp-block-heading has-text-align-center animated slideInUp has-custom-color-3-color has-text-color has-link-color wp-elements-faa7cc036f2415f8609a7fa20bb2c351\">Wateractiviteiten en spelletjes<\/h2>\n\n\n\n<p class=\"has-text-align-center animated slideInUp has-custom-color-3-color has-text-color has-link-color wp-elements-ad62920c9f520acd0a8c34bbfdc34632\">Waarom profiteer je niet van je verblijf op onze <a href=\"https:\/\/www.campingdes2plages.fr\/nl\/luxe-kamperen-royan\/\">5-sterrencamping bij Royan<\/a> om weer in vorm te komen? Elke ochtend bieden animatoren activiteiten aan rond het <strong>verwarmde zwembad van onze camping bij Royan<\/strong>. Degenen die graag bewegen in het water zullen genieten van de aquagymlessen, die alle spieren op een zachte manier in beweging brengen. Voor degenen die liever op het land blijven, zijn er ook gymlessen in de buurt van het zwembad.   <\/p>\n\n\n\n<p class=\"has-text-align-center animated slideInUp has-custom-color-3-color has-text-color has-link-color wp-elements-d988dbcb7c45062c0ec77f900ac83f2c\">Tot slot zullen hardloopliefhebbers blij zijn om te kunnen profiteren van de aanwezigheid van het <strong>strand op 600 m<\/strong> van het comfort van hun Stacaravan op <strong>een camping met een Zwembad in de buurt van Royan<\/strong>. Ze kunnen deelnemen aan de activiteiten die zijn gepland rond joggen en wandelen langs de zee. En om na het sporten te ontspannen, kunt u naar de <a href=\"https:\/\/www.campingdes2plages.fr\/nl\/camping-met-spa-saint-palais-sur-mer\/\">spa<\/a> van de camping gaan om al uw spieren te ontspannen en pijn te voorkomen. <\/p>\n<\/div>\n<\/div><\/div>\n<\/div>\n\n<div class=\"wp-block-group section-simple has-global-padding is-layout-constrained wp-container-core-group-is-layout-18d4e37a wp-block-group-is-layout-constrained\" style=\"margin-top:0px;margin-bottom:0px;padding-top:2rem;padding-right:10rem;padding-bottom:2rem;padding-left:10rem\">\n<div class=\"wp-block-columns are-vertically-aligned-center is-layout-flex wp-container-core-columns-is-layout-b23a18ed wp-block-columns-is-layout-flex\">\n<div class=\"wp-block-column is-vertically-aligned-center is-layout-flow wp-block-column-is-layout-flow\">\n<h2 class=\"wp-block-heading\">Alle voordelen van een Zwembad aan zee<\/h2>\n\n\n\n<p>Geloof ons, u zult de Charente Maritime verlaten met prachtige herinneringen aan uw verblijf op de <strong>camping Royan en het zwembad<\/strong>. Het hele gezin zal nog lang terugdenken aan de nabijheid van <strong>de oceaan<\/strong> en <strong>het zwemparadijs<\/strong>, waar ze konden genieten van uitstekende faciliteiten: <\/p>\n\n\n\n<ul style=\"padding-left:var(--wp--preset--spacing--30)\" class=\"wp-block-list\">\n<li>Verwarmd en overdekt Zwembad;<\/li>\n\n\n\n<li>Bubbelbad bij 35 \u00b0C ;<\/li>\n\n\n\n<li>Aqualudisch gebied voor jongere kinderen;<\/li>\n\n\n\n<li>Dia&#8217;s voor het hele gezin;<\/li>\n\n\n\n<li>Een restaurant aan het water;<\/li>\n\n\n\n<li>De nabijheid van de zee en het strand.<\/li>\n<\/ul>\n\n\n\n<p>Om ons huuraanbod te ontdekken en uw verblijf of <a href=\"https:\/\/www.campingdes2plages.fr\/nl\/camping-royan\/weekend-royan\/\">weekend in de buurt van Royan<\/a> te boeken op<strong>een van de beste campings met Zwembad in de regio<\/strong>, neem contact met ons op!<\/p>\n<\/div>\n\n\n\n<div class=\"wp-block-column is-vertically-aligned-center is-layout-flow wp-block-column-is-layout-flow\">\n<figure class=\"wp-block-image size-full has-custom-border\"><img decoding=\"async\" width=\"1920\" height=\"1280\" src=\"https:\/\/www.campingdes2plages.fr\/wp-content\/uploads\/2026\/01\/qualite-tourisme-camping-des-2-plages.jpg\" alt=\"kwaliteit toerisme camping des 2 plages\" class=\"wp-image-3796\" style=\"border-radius:15px\" srcset=\"https:\/\/www.campingdes2plages.fr\/wp-content\/uploads\/2026\/01\/qualite-tourisme-camping-des-2-plages.jpg 1920w, https:\/\/www.campingdes2plages.fr\/wp-content\/uploads\/2026\/01\/qualite-tourisme-camping-des-2-plages-300x200.jpg 300w, https:\/\/www.campingdes2plages.fr\/wp-content\/uploads\/2026\/01\/qualite-tourisme-camping-des-2-plages-1024x683.jpg 1024w, https:\/\/www.campingdes2plages.fr\/wp-content\/uploads\/2026\/01\/qualite-tourisme-camping-des-2-plages-768x512.jpg 768w, https:\/\/www.campingdes2plages.fr\/wp-content\/uploads\/2026\/01\/qualite-tourisme-camping-des-2-plages-1536x1024.jpg 1536w\" sizes=\"(max-width: 1920px) 100vw, 1920px\" \/><\/figure>\n<\/div>\n<\/div>\n<\/div>\n\n<div class=\"wp-block-group gt_mosaiquegrid_001 has-global-padding is-layout-constrained wp-container-core-group-is-layout-f0730bc7 wp-block-group-is-layout-constrained\" style=\"margin-top:0px;margin-bottom:13rem;padding-right:0rem;padding-left:0rem\">\n<div class=\"wp-block-columns galerie animated slideInUp is-layout-flex wp-container-core-columns-is-layout-8a6dcda2 wp-block-columns-is-layout-flex\" style=\"margin-top:3rem\">\n<div class=\"wp-block-column is-vertically-aligned-bottom col-1 is-layout-flow wp-block-column-is-layout-flow\">\n<figure class=\"wp-block-image size-full has-custom-border\"><img decoding=\"async\" width=\"716\" height=\"600\" src=\"https:\/\/www.campingdes2plages.fr\/wp-content\/uploads\/2026\/01\/transats-piscine.jpg\" alt=\"ligstoelen Zwembad\" class=\"wp-image-3508\" style=\"border-radius:15px\" srcset=\"https:\/\/www.campingdes2plages.fr\/wp-content\/uploads\/2026\/01\/transats-piscine.jpg 716w, https:\/\/www.campingdes2plages.fr\/wp-content\/uploads\/2026\/01\/transats-piscine-300x251.jpg 300w\" sizes=\"(max-width: 716px) 100vw, 716px\" \/><\/figure>\n\n\n\n<figure class=\"wp-block-image size-full has-custom-border\"><img decoding=\"async\" width=\"716\" height=\"600\" src=\"https:\/\/www.campingdes2plages.fr\/wp-content\/uploads\/2026\/01\/piscine-bouee-enfants.jpg\" alt=\"kinderzwembad\" class=\"wp-image-3520\" style=\"border-radius:15px\" srcset=\"https:\/\/www.campingdes2plages.fr\/wp-content\/uploads\/2026\/01\/piscine-bouee-enfants.jpg 716w, https:\/\/www.campingdes2plages.fr\/wp-content\/uploads\/2026\/01\/piscine-bouee-enfants-300x251.jpg 300w\" sizes=\"(max-width: 716px) 100vw, 716px\" \/><\/figure>\n<\/div>\n\n\n\n<div class=\"wp-block-column is-vertically-aligned-bottom col-2 is-layout-flow wp-block-column-is-layout-flow\">\n<figure class=\"wp-block-image size-full has-custom-border\"><img decoding=\"async\" width=\"716\" height=\"600\" src=\"https:\/\/www.campingdes2plages.fr\/wp-content\/uploads\/2026\/01\/enfant-nage-piscine.jpg\" alt=\"kinderzwembad\" class=\"wp-image-3512\" style=\"border-radius:15px\" srcset=\"https:\/\/www.campingdes2plages.fr\/wp-content\/uploads\/2026\/01\/enfant-nage-piscine.jpg 716w, https:\/\/www.campingdes2plages.fr\/wp-content\/uploads\/2026\/01\/enfant-nage-piscine-300x251.jpg 300w\" sizes=\"(max-width: 716px) 100vw, 716px\" \/><\/figure>\n\n\n\n<figure class=\"wp-block-image size-full has-custom-border\"><img decoding=\"async\" width=\"716\" height=\"600\" src=\"https:\/\/www.campingdes2plages.fr\/wp-content\/uploads\/2026\/01\/piscine-eau.jpg\" alt=\"zwembadwater\" class=\"wp-image-3524\" style=\"border-radius:15px\" srcset=\"https:\/\/www.campingdes2plages.fr\/wp-content\/uploads\/2026\/01\/piscine-eau.jpg 716w, https:\/\/www.campingdes2plages.fr\/wp-content\/uploads\/2026\/01\/piscine-eau-300x251.jpg 300w\" sizes=\"(max-width: 716px) 100vw, 716px\" \/><\/figure>\n<\/div>\n\n\n\n<div class=\"wp-block-column is-vertically-aligned-bottom col-3 is-layout-flow wp-block-column-is-layout-flow\">\n<figure class=\"wp-block-image size-full has-custom-border\"><img decoding=\"async\" width=\"716\" height=\"600\" src=\"https:\/\/www.campingdes2plages.fr\/wp-content\/uploads\/2026\/01\/femme-piscine.jpg\" alt=\"vrouwenzwembad\" class=\"wp-image-3516\" style=\"border-radius:15px\" srcset=\"https:\/\/www.campingdes2plages.fr\/wp-content\/uploads\/2026\/01\/femme-piscine.jpg 716w, https:\/\/www.campingdes2plages.fr\/wp-content\/uploads\/2026\/01\/femme-piscine-300x251.jpg 300w\" sizes=\"(max-width: 716px) 100vw, 716px\" \/><\/figure>\n\n\n\n<figure class=\"wp-block-image size-full has-custom-border\"><img decoding=\"async\" width=\"716\" height=\"600\" src=\"https:\/\/www.campingdes2plages.fr\/wp-content\/uploads\/2026\/01\/aquagym-piscine.jpg\" alt=\"aquagym zwembad\" class=\"wp-image-3528\" style=\"border-radius:15px\" srcset=\"https:\/\/www.campingdes2plages.fr\/wp-content\/uploads\/2026\/01\/aquagym-piscine.jpg 716w, https:\/\/www.campingdes2plages.fr\/wp-content\/uploads\/2026\/01\/aquagym-piscine-300x251.jpg 300w\" sizes=\"(max-width: 716px) 100vw, 716px\" \/><\/figure>\n<\/div>\n<\/div>\n<\/div>\n\n<div class=\"wp-block-group section-maillage has-global-padding is-layout-constrained wp-container-core-group-is-layout-b07b1a8a wp-block-group-is-layout-constrained\" style=\"padding-top:0px;padding-right:1rem;padding-bottom:0rem;padding-left:1rem\">\n<div class=\"wp-block-group top has-custom-color-3-background-color has-background has-global-padding is-layout-constrained wp-container-core-group-is-layout-a3553d93 wp-block-group-is-layout-constrained\" style=\"margin-top:0px;margin-bottom:0px;padding-top:4rem;padding-right:4rem;padding-bottom:4rem;padding-left:4rem\">\n<div class=\"wp-block-group is-content-justification-center is-nowrap is-layout-flex wp-container-core-group-is-layout-06d12f70 wp-block-group-is-layout-flex\">\n<figure class=\"wp-block-image size-full is-resized\"><img decoding=\"async\" width=\"21\" height=\"21\" src=\"https:\/\/www.campingdes2plages.fr\/wp-content\/uploads\/2025\/11\/etoile-custom-beige.svg\" alt=\"aangepaste beige ster\" class=\"wp-image-223\" style=\"object-fit:contain;width:21px;height:21px\"\/><\/figure>\n\n\n\n<p class=\"has-custom-color-4-color has-text-color has-link-color wp-elements-a560941a55ed9e2f81e2fa5351f60e64\" style=\"font-size:clamp(0.875rem, 0.875rem + ((1vw - 0.2rem) * 0.525), 1.19rem);font-style:normal;font-weight:400;text-transform:uppercase\">Lees meer<\/p>\n<\/div>\n\n\n\n<p class=\"has-text-align-center has-custom-color-1-color has-text-color has-link-color has-calming-font-family wp-elements-9b9a4d2fe716c1a5168decc501250a05\" style=\"font-size:clamp(2.423rem, 2.423rem + ((1vw - 0.2rem) * 3.483), 4.513rem);line-height:1;text-transform:uppercase\">Ontdek onze vakantiewoningen <br\/>&amp; Charente-maritime<\/p>\n\n\n\n<figure class=\"wp-block-image aligncenter size-large\"><img decoding=\"async\" width=\"264\" height=\"22\" src=\"https:\/\/www.campingdes2plages.fr\/wp-content\/uploads\/2025\/11\/ligne-horizontale-et-point-beige.svg\" alt=\"horizontale lijn en beige stip\" class=\"wp-image-377\"\/><\/figure>\n<\/div>\n\n\n\n<figure class=\"wp-block-image size-large arrow-slider-prev\"><img decoding=\"async\" width=\"87\" height=\"11\" src=\"https:\/\/www.campingdes2plages.fr\/wp-content\/uploads\/2025\/11\/fleche-longue-gauche-beige.svg\" alt=\"pijl lang links beige\" class=\"wp-image-351\"\/><\/figure>\n\n\n\n<figure class=\"wp-block-image size-large arrow-slider-next\"><img decoding=\"async\" width=\"87\" height=\"11\" src=\"https:\/\/www.campingdes2plages.fr\/wp-content\/uploads\/2025\/11\/fleche-longue-droite-beige.svg\" alt=\"beige lange rechte pijl\" class=\"wp-image-347\"\/><\/figure>\n\n\n\n<div data-swiper=\"{&quot;speed&quot;:400,&quot;spaceBetween&quot;:16,&quot;slidesPerView&quot;:3,&quot;createElements&quot;:true,&quot;loop&quot;:true,&quot;freemode&quot;:true,&quot;navigation&quot;:{&quot;nextEl&quot;:&quot;.section-maillage .arrow-slider-next&quot;,&quot;prevEl&quot;:&quot;.section-maillage .arrow-slider-prev&quot;},&quot;pagination&quot;:{&quot;el&quot;:&quot;.swiper-pagination&quot;,&quot;dynamicBullets&quot;:true},&quot;breakpoints&quot;:{&quot;0&quot;:{&quot;slidesPerView&quot;:1},&quot;768&quot;:{&quot;slidesPerView&quot;:2},&quot;1024&quot;:{&quot;slidesPerView&quot;:2},&quot;1025&quot;:{&quot;slidesPerView&quot;:3}},&quot;autoplay&quot;:{&quot;delay&quot;:3000}}\" data-wp-context=\"{}\" data-wp-interactive=\"core\/query\" data-wp-key=\"1\" data-wp-router-region=\"query-1\" class=\"wp-block-query alignwide gt-fse-maillage-query gt-is-slider gt-is-slider-desktop is-layout-flow wp-block-query-is-layout-flow\"><ul class=\"columns-3 wp-block-post-template is-layout-grid wp-container-core-post-template-is-layout-6d3fbd8f wp-block-post-template-is-layout-grid\"><li data-wp-key=\"post-template-item-6689\" class=\"wp-block-post post-6689 page type-page status-publish has-post-thumbnail hentry\">\n<a href=\"https:\/\/www.campingdes2plages.fr\/nl\/camping-royan\/camping-pas-cher-royan\/\"    class=\"wp-block-tiptip-hyperlink-group-block\" >\n<div data-swiper=\"{&quot;speed&quot;:1000,&quot;autoplay&quot;:{&quot;delay&quot;:5000,&quot;disableOnInteraction&quot;:false},&quot;spaceBetween&quot;:0,&quot;slidesPerView&quot;:1,&quot;pagination&quot;:{&quot;el&quot;:&quot;.swiper-pagination&quot;,&quot;dynamicBullets&quot;:true,&quot;clickable&quot;:true,&quot;type&quot;:&quot;bullets&quot;},&quot;navigation&quot;:{&quot;nextEl&quot;:&quot;.swiper-button-next&quot;,&quot;prevEl&quot;:&quot;.swiper-button-prev&quot;},&quot;breakpoints&quot;:[{&quot;slidesPerView&quot;:1}]}\" class=\"wp-block-cover\" style=\"border-radius:15px\"><span aria-hidden=\"true\" class=\"wp-block-cover__background has-background-dim-60 has-background-dim has-background-gradient\" style=\"background:linear-gradient(0deg,rgb(0,0,0) 0%,rgba(255,255,255,0) 100%)\"><\/span><img decoding=\"async\" width=\"1920\" height=\"1440\" src=\"https:\/\/www.campingdes2plages.fr\/wp-content\/uploads\/2026\/01\/location-mobil-home-saint-palais-sur-mer-camping-des-2-plages.jpg\" class=\"wp-block-cover__image-background wp-post-image\" alt=\"verhuur stacaravan Saint Palais sur Mer camping Les 2 Plages\" data-object-fit=\"cover\" srcset=\"https:\/\/www.campingdes2plages.fr\/wp-content\/uploads\/2026\/01\/location-mobil-home-saint-palais-sur-mer-camping-des-2-plages.jpg 1920w, https:\/\/www.campingdes2plages.fr\/wp-content\/uploads\/2026\/01\/location-mobil-home-saint-palais-sur-mer-camping-des-2-plages-300x225.jpg 300w, https:\/\/www.campingdes2plages.fr\/wp-content\/uploads\/2026\/01\/location-mobil-home-saint-palais-sur-mer-camping-des-2-plages-1024x768.jpg 1024w, https:\/\/www.campingdes2plages.fr\/wp-content\/uploads\/2026\/01\/location-mobil-home-saint-palais-sur-mer-camping-des-2-plages-768x576.jpg 768w, https:\/\/www.campingdes2plages.fr\/wp-content\/uploads\/2026\/01\/location-mobil-home-saint-palais-sur-mer-camping-des-2-plages-1536x1152.jpg 1536w\" sizes=\"(max-width: 1920px) 100vw, 1920px\" \/><div class=\"wp-block-cover__inner-container has-global-padding is-layout-constrained wp-container-core-cover-is-layout-12243e0f wp-block-cover-is-layout-constrained\">\n<div class=\"wp-block-group has-global-padding is-layout-constrained wp-block-group-is-layout-constrained\">\n<div class=\"wp-block-group icon has-custom-color-4-background-color has-background has-global-padding is-layout-constrained wp-container-core-group-is-layout-12243e0f wp-block-group-is-layout-constrained\" style=\"border-radius:7px\">\n<figure class=\"wp-block-image size-full is-resized wp-duotone-ffebb3-ffebb3-3\"><img decoding=\"async\" width=\"21\" height=\"21\" src=\"https:\/\/www.campingdes2plages.fr\/wp-content\/uploads\/2025\/11\/etoile-custom-beige.svg\" alt=\"aangepaste beige ster\" class=\"wp-image-223\" style=\"object-fit:contain;width:26px;height:26px\"\/><\/figure>\n<\/div>\n<\/div>\n\n\n\n<p class=\"has-text-align-center has-base-2-color has-text-color has-link-color has-sosro-font-family wp-elements-4511f38abe12fe9f6f8b9bd8e0203bdb\" style=\"font-size:clamp(2.089rem, 2.089rem + ((1vw - 0.2rem) * 2.768), 3.75rem);line-height:1\">Camping Le Ferme<\/p>\n<\/div><\/div>\n<\/a>\n<\/li><li data-wp-key=\"post-template-item-4139\" class=\"wp-block-post post-4139 page type-page status-publish has-post-thumbnail hentry\">\n<a href=\"https:\/\/www.campingdes2plages.fr\/nl\/toerisme-charente-maritime\/\"    class=\"wp-block-tiptip-hyperlink-group-block\" >\n<div data-swiper=\"{&quot;speed&quot;:1000,&quot;autoplay&quot;:{&quot;delay&quot;:5000,&quot;disableOnInteraction&quot;:false},&quot;spaceBetween&quot;:0,&quot;slidesPerView&quot;:1,&quot;pagination&quot;:{&quot;el&quot;:&quot;.swiper-pagination&quot;,&quot;dynamicBullets&quot;:true,&quot;clickable&quot;:true,&quot;type&quot;:&quot;bullets&quot;},&quot;navigation&quot;:{&quot;nextEl&quot;:&quot;.swiper-button-next&quot;,&quot;prevEl&quot;:&quot;.swiper-button-prev&quot;},&quot;breakpoints&quot;:[{&quot;slidesPerView&quot;:1}]}\" class=\"wp-block-cover\" style=\"border-radius:15px\"><span aria-hidden=\"true\" class=\"wp-block-cover__background has-background-dim-60 has-background-dim has-background-gradient\" style=\"background:linear-gradient(0deg,rgb(0,0,0) 0%,rgba(255,255,255,0) 100%)\"><\/span><img decoding=\"async\" width=\"1920\" height=\"640\" src=\"https:\/\/www.campingdes2plages.fr\/wp-content\/uploads\/2026\/01\/tourisme-charente-maritime.jpg\" class=\"wp-block-cover__image-background wp-post-image\" alt=\"toerisme charente maritime\" data-object-fit=\"cover\" srcset=\"https:\/\/www.campingdes2plages.fr\/wp-content\/uploads\/2026\/01\/tourisme-charente-maritime.jpg 1920w, https:\/\/www.campingdes2plages.fr\/wp-content\/uploads\/2026\/01\/tourisme-charente-maritime-300x100.jpg 300w, https:\/\/www.campingdes2plages.fr\/wp-content\/uploads\/2026\/01\/tourisme-charente-maritime-1024x341.jpg 1024w, https:\/\/www.campingdes2plages.fr\/wp-content\/uploads\/2026\/01\/tourisme-charente-maritime-768x256.jpg 768w, https:\/\/www.campingdes2plages.fr\/wp-content\/uploads\/2026\/01\/tourisme-charente-maritime-1536x512.jpg 1536w\" sizes=\"(max-width: 1920px) 100vw, 1920px\" \/><div class=\"wp-block-cover__inner-container has-global-padding is-layout-constrained wp-container-core-cover-is-layout-12243e0f wp-block-cover-is-layout-constrained\">\n<div class=\"wp-block-group has-global-padding is-layout-constrained wp-block-group-is-layout-constrained\">\n<div class=\"wp-block-group icon has-custom-color-4-background-color has-background has-global-padding is-layout-constrained wp-container-core-group-is-layout-12243e0f wp-block-group-is-layout-constrained\" style=\"border-radius:7px\">\n<figure class=\"wp-block-image size-full is-resized wp-duotone-ffebb3-ffebb3-5\"><img decoding=\"async\" width=\"21\" height=\"21\" src=\"https:\/\/www.campingdes2plages.fr\/wp-content\/uploads\/2025\/11\/etoile-custom-beige.svg\" alt=\"aangepaste beige ster\" class=\"wp-image-223\" style=\"object-fit:contain;width:26px;height:26px\"\/><\/figure>\n<\/div>\n<\/div>\n\n\n\n<p class=\"has-text-align-center has-base-2-color has-text-color has-link-color has-sosro-font-family wp-elements-4511f38abe12fe9f6f8b9bd8e0203bdb\" style=\"font-size:clamp(2.089rem, 2.089rem + ((1vw - 0.2rem) * 2.768), 3.75rem);line-height:1\">Charente-Maritime<\/p>\n<\/div><\/div>\n<\/a>\n<\/li><li data-wp-key=\"post-template-item-4191\" class=\"wp-block-post post-4191 page type-page status-publish has-post-thumbnail hentry\">\n<a href=\"https:\/\/www.campingdes2plages.fr\/nl\/verhuur-luxe-stacaravan-royan\/\"    class=\"wp-block-tiptip-hyperlink-group-block\" >\n<div data-swiper=\"{&quot;speed&quot;:1000,&quot;autoplay&quot;:{&quot;delay&quot;:5000,&quot;disableOnInteraction&quot;:false},&quot;spaceBetween&quot;:0,&quot;slidesPerView&quot;:1,&quot;pagination&quot;:{&quot;el&quot;:&quot;.swiper-pagination&quot;,&quot;dynamicBullets&quot;:true,&quot;clickable&quot;:true,&quot;type&quot;:&quot;bullets&quot;},&quot;navigation&quot;:{&quot;nextEl&quot;:&quot;.swiper-button-next&quot;,&quot;prevEl&quot;:&quot;.swiper-button-prev&quot;},&quot;breakpoints&quot;:[{&quot;slidesPerView&quot;:1}]}\" class=\"wp-block-cover\" style=\"border-radius:15px\"><span aria-hidden=\"true\" class=\"wp-block-cover__background has-background-dim-60 has-background-dim has-background-gradient\" style=\"background:linear-gradient(0deg,rgb(0,0,0) 0%,rgba(255,255,255,0) 100%)\"><\/span><img decoding=\"async\" width=\"1920\" height=\"1280\" src=\"https:\/\/www.campingdes2plages.fr\/wp-content\/uploads\/2026\/01\/location-mobil-home-luxe-royan-camping-des-2-plages.jpg\" class=\"wp-block-cover__image-background wp-post-image\" alt=\"verhuur luxe stacaravan royan camping des 2 plages\" data-object-fit=\"cover\" srcset=\"https:\/\/www.campingdes2plages.fr\/wp-content\/uploads\/2026\/01\/location-mobil-home-luxe-royan-camping-des-2-plages.jpg 1920w, https:\/\/www.campingdes2plages.fr\/wp-content\/uploads\/2026\/01\/location-mobil-home-luxe-royan-camping-des-2-plages-300x200.jpg 300w, https:\/\/www.campingdes2plages.fr\/wp-content\/uploads\/2026\/01\/location-mobil-home-luxe-royan-camping-des-2-plages-1024x683.jpg 1024w, https:\/\/www.campingdes2plages.fr\/wp-content\/uploads\/2026\/01\/location-mobil-home-luxe-royan-camping-des-2-plages-768x512.jpg 768w, https:\/\/www.campingdes2plages.fr\/wp-content\/uploads\/2026\/01\/location-mobil-home-luxe-royan-camping-des-2-plages-1536x1024.jpg 1536w\" sizes=\"(max-width: 1920px) 100vw, 1920px\" \/><div class=\"wp-block-cover__inner-container has-global-padding is-layout-constrained wp-container-core-cover-is-layout-12243e0f wp-block-cover-is-layout-constrained\">\n<div class=\"wp-block-group has-global-padding is-layout-constrained wp-block-group-is-layout-constrained\">\n<div class=\"wp-block-group icon has-custom-color-4-background-color has-background has-global-padding is-layout-constrained wp-container-core-group-is-layout-12243e0f wp-block-group-is-layout-constrained\" style=\"border-radius:7px\">\n<figure class=\"wp-block-image size-full is-resized wp-duotone-ffebb3-ffebb3-7\"><img decoding=\"async\" width=\"21\" height=\"21\" src=\"https:\/\/www.campingdes2plages.fr\/wp-content\/uploads\/2025\/11\/etoile-custom-beige.svg\" alt=\"aangepaste beige ster\" class=\"wp-image-223\" style=\"object-fit:contain;width:26px;height:26px\"\/><\/figure>\n<\/div>\n<\/div>\n\n\n\n<p class=\"has-text-align-center has-base-2-color has-text-color has-link-color has-sosro-font-family wp-elements-4511f38abe12fe9f6f8b9bd8e0203bdb\" style=\"font-size:clamp(2.089rem, 2.089rem + ((1vw - 0.2rem) * 2.768), 3.75rem);line-height:1\">Luxe Stacaravans<\/p>\n<\/div><\/div>\n<\/a>\n<\/li><\/ul><\/div>\n<\/div>\n","protected":false},"excerpt":{"rendered":"<p>zwembad Camping Royan met zwembad Bent u van plan uw vakantie in Royan optimaal te benutten om een streek met een rijk cultureel erfgoed te ontdekken en te ontspannen op een locatie die de grootste campings waardig is? Dan is een camping in de buurt van Royan met een zwembad precies wat u nodig hebt! [&hellip;]<\/p>\n","protected":false},"author":1,"featured_media":2944,"parent":6513,"menu_order":0,"comment_status":"closed","ping_status":"closed","template":"","meta":{"_acf_changed":false,"_seopress_robots_primary_cat":"","_seopress_titles_title":"Camping avec piscine Royan : Parc aquatique du camping pr\u00e8s de Royan","_seopress_titles_desc":"A deux pas de la plage, d\u00e9couvrez l'incroyable piscine chauff\u00e9e du camping pr\u00e8s de Royan : parc aquatique, toboggans, bain bouillonnant, cours d'aquagym, et bien d'autres !","_seopress_robots_index":"","inline_featured_image":false,"gt_fse_maillage_image":"https:\/\/www.campingdes2plages.fr\/wp-content\/uploads\/2026\/01\/le-parc-aquatique-de-notre-camping-5-etoiles-e1767796098424.jpg","gt_fse_maillage_titre":"Camping Royan met zwembad","gt_fse_maillage_alt":"Automatisch ontwerp","gt_fse_maillage_resume":"","footnotes":""},"categories":[],"tags":[],"class_list":["post-6612","page","type-page","status-publish","has-post-thumbnail","hentry"],"acf":[],"_links":{"self":[{"href":"https:\/\/www.campingdes2plages.fr\/nl\/wp-json\/wp\/v2\/pages\/6612","targetHints":{"allow":["GET"]}}],"collection":[{"href":"https:\/\/www.campingdes2plages.fr\/nl\/wp-json\/wp\/v2\/pages"}],"about":[{"href":"https:\/\/www.campingdes2plages.fr\/nl\/wp-json\/wp\/v2\/types\/page"}],"author":[{"embeddable":true,"href":"https:\/\/www.campingdes2plages.fr\/nl\/wp-json\/wp\/v2\/users\/1"}],"replies":[{"embeddable":true,"href":"https:\/\/www.campingdes2plages.fr\/nl\/wp-json\/wp\/v2\/comments?post=6612"}],"version-history":[{"count":4,"href":"https:\/\/www.campingdes2plages.fr\/nl\/wp-json\/wp\/v2\/pages\/6612\/revisions"}],"predecessor-version":[{"id":6621,"href":"https:\/\/www.campingdes2plages.fr\/nl\/wp-json\/wp\/v2\/pages\/6612\/revisions\/6621"}],"up":[{"embeddable":true,"href":"https:\/\/www.campingdes2plages.fr\/nl\/wp-json\/wp\/v2\/pages\/6513"}],"wp:featuredmedia":[{"embeddable":true,"href":"https:\/\/www.campingdes2plages.fr\/nl\/wp-json\/wp\/v2\/media\/2944"}],"wp:attachment":[{"href":"https:\/\/www.campingdes2plages.fr\/nl\/wp-json\/wp\/v2\/media?parent=6612"}],"wp:term":[{"taxonomy":"category","embeddable":true,"href":"https:\/\/www.campingdes2plages.fr\/nl\/wp-json\/wp\/v2\/categories?post=6612"},{"taxonomy":"post_tag","embeddable":true,"href":"https:\/\/www.campingdes2plages.fr\/nl\/wp-json\/wp\/v2\/tags?post=6612"}],"curies":[{"name":"wp","href":"https:\/\/api.w.org\/{rel}","templated":true}]}}